{"id":46,"date":"2012-10-25T07:24:55","date_gmt":"2012-10-25T07:24:55","guid":{"rendered":"http:\/\/xn--judo-lbben-feb.de\/?page_id=46"},"modified":"2023-03-12T10:23:04","modified_gmt":"2023-03-12T09:23:04","slug":"vereinsleben","status":"publish","type":"page","link":"https:\/\/xn--judo-lbben-feb.de\/?page_id=46","title":{"rendered":"Vereinsleben"},"content":{"rendered":"<p><!-- [if gte mso 9]><xml>\n<o:OfficeDocumentSettings>\n<o:AllowPNG\/>\n<o:TargetScreenSize>1024x768<\/o:TargetScreenSize>\n<\/o:OfficeDocumentSettings>\n<\/xml><![endif]--><\/p>\n<p><!-- [if gte mso 9]><xml>\n<w:WordDocument>\n<w:View>Normal<\/w:View>\n<w:Zoom>0<\/w:Zoom>\n<w:TrackMoves\/>\n<w:TrackFormatting\/>\n<w:HyphenationZone>21<\/w:HyphenationZone>\n<w:PunctuationKerning\/>\n<w:ValidateAgainstSchemas\/>\n<w:SaveIfXMLInvalid>false<\/w:SaveIfXMLInvalid>\n<w:IgnoreMixedContent>false<\/w:IgnoreMixedContent>\n<w:AlwaysShowPlaceholderText>false<\/w:AlwaysShowPlaceholderText>\n<w:DoNotPromoteQF\/>\n<w:LidThemeOther>DE<\/w:LidThemeOther>\n<w:LidThemeAsian>X-NONE<\/w:LidThemeAsian>\n<w:LidThemeComplexScript>X-NONE<\/w:LidThemeComplexScript>\n<w:Compatibility>\n<w:BreakWrappedTables\/>\n<w:SnapToGridInCell\/>\n<w:WrapTextWithPunct\/>\n<w:UseAsianBreakRules\/>\n<w:DontGrowAutofit\/>\n<w:SplitPgBreakAndParaMark\/>\n<w:DontVertAlignCellWithSp\/>\n<w:DontBreakConstrainedForcedTables\/>\n<w:DontVertAlignInTxbx\/>\n<w:Word11KerningPairs\/>\n<w:CachedColBalance\/>\n<\/w:Compatibility>\n<m:mathPr>\n<m:mathFont m:val=\"Cambria Math\"\/>\n<m:brkBin m:val=\"before\"\/>\n<m:brkBinSub m:val=\"&#45;-\"\/>\n<m:smallFrac m:val=\"off\"\/>\n<m:dispDef\/>\n<m:lMargin m:val=\"0\"\/>\n<m:rMargin m:val=\"0\"\/>\n<m:defJc m:val=\"centerGroup\"\/>\n<m:wrapIndent m:val=\"1440\"\/>\n<m:intLim m:val=\"subSup\"\/>\n<m:naryLim m:val=\"undOvr\"\/>\n<\/m:mathPr><\/w:WordDocument>\n<\/xml><![endif]--><!-- [if gte mso 9]><xml>\n<w:LatentStyles DefLockedState=\"false\" DefUnhideWhenUsed=\"true\" DefSemiHidden=\"true\" DefQFormat=\"false\" DefPriority=\"99\" LatentStyleCount=\"267\">\n<w:LsdException Locked=\"false\" Priority=\"0\" SemiHidden=\"false\" UnhideWhenUsed=\"false\" QFormat=\"true\" Name=\"Normal\"\/>\n<w:LsdException Locked=\"false\" Priority=\"9\" SemiHidden=\"false\" UnhideWhenUsed=\"false\" QFormat=\"true\" Name=\"heading 1\"\/>\n<w:LsdException Locked=\"false\" Priority=\"9\" QFormat=\"true\" Name=\"heading 2\"\/>\n<w:LsdException Locked=\"false\" Priority=\"9\" QFormat=\"true\" Name=\"heading 3\"\/>\n<w:LsdException Locked=\"false\" Priority=\"9\" QFormat=\"true\" Name=\"heading 4\"\/>\n<w:LsdException Locked=\"false\" Priority=\"9\" QFormat=\"true\" Name=\"heading 5\"\/>\n<w:LsdException Locked=\"false\" Priority=\"9\" QFormat=\"true\" Name=\"heading 6\"\/>\n<w:LsdException Locked=\"false\" Priority=\"9\" QFormat=\"true\" Name=\"heading 7\"\/>\n<w:LsdException Locked=\"false\" Priority=\"9\" QFormat=\"true\" Name=\"heading 8\"\/>\n<w:LsdException Locked=\"false\" Priority=\"9\" QFormat=\"true\" Name=\"heading 9\"\/>\n<w:LsdException Locked=\"false\" Priority=\"39\" Name=\"toc 1\"\/>\n<w:LsdException Locked=\"false\" Priority=\"39\" Name=\"toc 2\"\/>\n<w:LsdException Locked=\"false\" Priority=\"39\" Name=\"toc 3\"\/>\n<w:LsdException Locked=\"false\" Priority=\"39\" Name=\"toc 4\"\/>\n<w:LsdException Locked=\"false\" Priority=\"39\" Name=\"toc 5\"\/>\n<w:LsdException Locked=\"false\" Priority=\"39\" Name=\"toc 6\"\/>\n<w:LsdException Locked=\"false\" Priority=\"39\" Name=\"toc 7\"\/>\n<w:LsdException Locked=\"false\" Priority=\"39\" Name=\"toc 8\"\/>\n<w:LsdException Locked=\"false\" Priority=\"39\" Name=\"toc 9\"\/>\n<w:LsdException Locked=\"false\" Priority=\"35\" QFormat=\"true\" Name=\"caption\"\/>\n<w:LsdException Locked=\"false\" Priority=\"10\" SemiHidden=\"false\" UnhideWhenUsed=\"false\" QFormat=\"true\" Name=\"Title\"\/>\n<w:LsdException Locked=\"false\" Priority=\"1\" Name=\"Default Paragraph Font\"\/>\n<w:LsdException Locked=\"false\" Priority=\"11\" SemiHidden=\"false\" UnhideWhenUsed=\"false\" QFormat=\"true\" Name=\"Subtitle\"\/>\n<w:LsdException Locked=\"false\" Priority=\"22\" SemiHidden=\"false\" UnhideWhenUsed=\"false\" QFormat=\"true\" Name=\"Strong\"\/>\n<w:LsdException Locked=\"false\" Priority=\"20\" SemiHidden=\"false\" UnhideWhenUsed=\"false\" QFormat=\"true\" Name=\"Emphasis\"\/>\n<w:LsdException Locked=\"false\" Priority=\"59\" SemiHidden=\"false\" UnhideWhenUsed=\"false\" Name=\"Table Grid\"\/>\n<w:LsdException Locked=\"false\" UnhideWhenUsed=\"false\" Name=\"Placeholder Text\"\/>\n<w:LsdException Locked=\"false\" Priority=\"1\" SemiHidden=\"false\" UnhideWhenUsed=\"false\" QFormat=\"true\" Name=\"No Spacing\"\/>\n<w:LsdException Locked=\"false\" Priority=\"60\" SemiHidden=\"false\" UnhideWhenUsed=\"false\" Name=\"Light Shading\"\/>\n<w:LsdException Locked=\"false\" Priority=\"61\" SemiHidden=\"false\" UnhideWhenUsed=\"false\" Name=\"Light List\"\/>\n<w:LsdException Locked=\"false\" Priority=\"62\" SemiHidden=\"false\" UnhideWhenUsed=\"false\" Name=\"Light Grid\"\/>\n<w:LsdException Locked=\"false\" Priority=\"63\" SemiHidden=\"false\" UnhideWhenUsed=\"false\" Name=\"Medium Shading 1\"\/>\n<w:LsdException Locked=\"false\" Priority=\"64\" SemiHidden=\"false\" UnhideWhenUsed=\"false\" Name=\"Medium Shading 2\"\/>\n<w:LsdException Locked=\"false\" Priority=\"65\" SemiHidden=\"false\" UnhideWhenUsed=\"false\" Name=\"Medium List 1\"\/>\n<w:LsdException Locked=\"false\" Priority=\"66\" SemiHidden=\"false\" UnhideWhenUsed=\"false\" Name=\"Medium List 2\"\/>\n<w:LsdException Locked=\"false\" Priority=\"67\" SemiHidden=\"false\" UnhideWhenUsed=\"false\" Name=\"Medium Grid 1\"\/>\n<w:LsdException Locked=\"false\" Priority=\"68\" SemiHidden=\"false\" UnhideWhenUsed=\"false\" Name=\"Medium Grid 2\"\/>\n<w:LsdException Locked=\"false\" Priority=\"69\" SemiHidden=\"false\" UnhideWhenUsed=\"false\" Name=\"Medium Grid 3\"\/>\n<w:LsdException Locked=\"false\" Priority=\"70\" SemiHidden=\"false\" UnhideWhenUsed=\"false\" Name=\"Dark List\"\/>\n<w:LsdException Locked=\"false\" Priority=\"71\" SemiHidden=\"false\" UnhideWhenUsed=\"false\" Name=\"Colorful Shading\"\/>\n<w:LsdException Locked=\"false\" Priority=\"72\" SemiHidden=\"false\" UnhideWhenUsed=\"false\" Name=\"Colorful List\"\/>\n<w:LsdException Locked=\"false\" Priority=\"73\" SemiHidden=\"false\" UnhideWhenUsed=\"false\" Name=\"Colorful Grid\"\/>\n<w:LsdException Locked=\"false\" Priority=\"60\" SemiHidden=\"false\" UnhideWhenUsed=\"false\" Name=\"Light Shading Accent 1\"\/>\n<w:LsdException Locked=\"false\" Priority=\"61\" SemiHidden=\"false\" UnhideWhenUsed=\"false\" Name=\"Light List Accent 1\"\/>\n<w:LsdException Locked=\"false\" Priority=\"62\" SemiHidden=\"false\" UnhideWhenUsed=\"false\" Name=\"Light Grid Accent 1\"\/>\n<w:LsdException Locked=\"false\" Priority=\"63\" SemiHidden=\"false\" UnhideWhenUsed=\"false\" Name=\"Medium Shading 1 Accent 1\"\/>\n<w:LsdException Locked=\"false\" Priority=\"64\" SemiHidden=\"false\" UnhideWhenUsed=\"false\" Name=\"Medium Shading 2 Accent 1\"\/>\n<w:LsdException Locked=\"false\" Priority=\"65\" SemiHidden=\"false\" UnhideWhenUsed=\"false\" Name=\"Medium List 1 Accent 1\"\/>\n<w:LsdException Locked=\"false\" UnhideWhenUsed=\"false\" Name=\"Revision\"\/>\n<w:LsdException Locked=\"false\" Priority=\"34\" SemiHidden=\"false\" UnhideWhenUsed=\"false\" QFormat=\"true\" Name=\"List Paragraph\"\/>\n<w:LsdException Locked=\"false\" Priority=\"29\" SemiHidden=\"false\" UnhideWhenUsed=\"false\" QFormat=\"true\" Name=\"Quote\"\/>\n<w:LsdException Locked=\"false\" Priority=\"30\" SemiHidden=\"false\" UnhideWhenUsed=\"false\" QFormat=\"true\" Name=\"Intense Quote\"\/>\n<w:LsdException Locked=\"false\" Priority=\"66\" SemiHidden=\"false\" UnhideWhenUsed=\"false\" Name=\"Medium List 2 Accent 1\"\/>\n<w:LsdException Locked=\"false\" Priority=\"67\" SemiHidden=\"false\" UnhideWhenUsed=\"false\" Name=\"Medium Grid 1 Accent 1\"\/>\n<w:LsdException Locked=\"false\" Priority=\"68\" SemiHidden=\"false\" UnhideWhenUsed=\"false\" Name=\"Medium Grid 2 Accent 1\"\/>\n<w:LsdException Locked=\"false\" Priority=\"69\" SemiHidden=\"false\" UnhideWhenUsed=\"false\" Name=\"Medium Grid 3 Accent 1\"\/>\n<w:LsdException Locked=\"false\" Priority=\"70\" SemiHidden=\"false\" UnhideWhenUsed=\"false\" Name=\"Dark List Accent 1\"\/>\n<w:LsdException Locked=\"false\" Priority=\"71\" SemiHidden=\"false\" UnhideWhenUsed=\"false\" Name=\"Colorful Shading Accent 1\"\/>\n<w:LsdException Locked=\"false\" Priority=\"72\" SemiHidden=\"false\" UnhideWhenUsed=\"false\" Name=\"Colorful List Accent 1\"\/>\n<w:LsdException Locked=\"false\" Priority=\"73\" SemiHidden=\"false\" UnhideWhenUsed=\"false\" Name=\"Colorful Grid Accent 1\"\/>\n<w:LsdException Locked=\"false\" Priority=\"60\" SemiHidden=\"false\" UnhideWhenUsed=\"false\" Name=\"Light Shading Accent 2\"\/>\n<w:LsdException Locked=\"false\" Priority=\"61\" SemiHidden=\"false\" UnhideWhenUsed=\"false\" Name=\"Light List Accent 2\"\/>\n<w:LsdException Locked=\"false\" Priority=\"62\" SemiHidden=\"false\" UnhideWhenUsed=\"false\" Name=\"Light Grid Accent 2\"\/>\n<w:LsdException Locked=\"false\" Priority=\"63\" SemiHidden=\"false\" UnhideWhenUsed=\"false\" Name=\"Medium Shading 1 Accent 2\"\/>\n<w:LsdException Locked=\"false\" Priority=\"64\" SemiHidden=\"false\" UnhideWhenUsed=\"false\" Name=\"Medium Shading 2 Accent 2\"\/>\n<w:LsdException Locked=\"false\" Priority=\"65\" SemiHidden=\"false\" UnhideWhenUsed=\"false\" Name=\"Medium List 1 Accent 2\"\/>\n<w:LsdException Locked=\"false\" Priority=\"66\" SemiHidden=\"false\" UnhideWhenUsed=\"false\" Name=\"Medium List 2 Accent 2\"\/>\n<w:LsdException Locked=\"false\" Priority=\"67\" SemiHidden=\"false\" UnhideWhenUsed=\"false\" Name=\"Medium Grid 1 Accent 2\"\/>\n<w:LsdException Locked=\"false\" Priority=\"68\" SemiHidden=\"false\" UnhideWhenUsed=\"false\" Name=\"Medium Grid 2 Accent 2\"\/>\n<w:LsdException Locked=\"false\" Priority=\"69\" SemiHidden=\"false\" UnhideWhenUsed=\"false\" Name=\"Medium Grid 3 Accent 2\"\/>\n<w:LsdException Locked=\"false\" Priority=\"70\" SemiHidden=\"false\" UnhideWhenUsed=\"false\" Name=\"Dark List Accent 2\"\/>\n<w:LsdException Locked=\"false\" Priority=\"71\" SemiHidden=\"false\" UnhideWhenUsed=\"false\" Name=\"Colorful Shading Accent 2\"\/>\n<w:LsdException Locked=\"false\" Priority=\"72\" SemiHidden=\"false\" UnhideWhenUsed=\"false\" Name=\"Colorful List Accent 2\"\/>\n<w:LsdException Locked=\"false\" Priority=\"73\" SemiHidden=\"false\" UnhideWhenUsed=\"false\" Name=\"Colorful Grid Accent 2\"\/>\n<w:LsdException Locked=\"false\" Priority=\"60\" SemiHidden=\"false\" UnhideWhenUsed=\"false\" Name=\"Light Shading Accent 3\"\/>\n<w:LsdException Locked=\"false\" Priority=\"61\" SemiHidden=\"false\" UnhideWhenUsed=\"false\" Name=\"Light List Accent 3\"\/>\n<w:LsdException Locked=\"false\" Priority=\"62\" SemiHidden=\"false\" UnhideWhenUsed=\"false\" Name=\"Light Grid Accent 3\"\/>\n<w:LsdException Locked=\"false\" Priority=\"63\" SemiHidden=\"false\" UnhideWhenUsed=\"false\" Name=\"Medium Shading 1 Accent 3\"\/>\n<w:LsdException Locked=\"false\" Priority=\"64\" SemiHidden=\"false\" UnhideWhenUsed=\"false\" Name=\"Medium Shading 2 Accent 3\"\/>\n<w:LsdException Locked=\"false\" Priority=\"65\" SemiHidden=\"false\" UnhideWhenUsed=\"false\" Name=\"Medium List 1 Accent 3\"\/>\n<w:LsdException Locked=\"false\" Priority=\"66\" SemiHidden=\"false\" UnhideWhenUsed=\"false\" Name=\"Medium List 2 Accent 3\"\/>\n<w:LsdException Locked=\"false\" Priority=\"67\" SemiHidden=\"false\" UnhideWhenUsed=\"false\" Name=\"Medium Grid 1 Accent 3\"\/>\n<w:LsdException Locked=\"false\" Priority=\"68\" SemiHidden=\"false\" UnhideWhenUsed=\"false\" Name=\"Medium Grid 2 Accent 3\"\/>\n<w:LsdException Locked=\"false\" Priority=\"69\" SemiHidden=\"false\" UnhideWhenUsed=\"false\" Name=\"Medium Grid 3 Accent 3\"\/>\n<w:LsdException Locked=\"false\" Priority=\"70\" SemiHidden=\"false\" UnhideWhenUsed=\"false\" Name=\"Dark List Accent 3\"\/>\n<w:LsdException Locked=\"false\" Priority=\"71\" SemiHidden=\"false\" UnhideWhenUsed=\"false\" Name=\"Colorful Shading Accent 3\"\/>\n<w:LsdException Locked=\"false\" Priority=\"72\" SemiHidden=\"false\" UnhideWhenUsed=\"false\" Name=\"Colorful List Accent 3\"\/>\n<w:LsdException Locked=\"false\" Priority=\"73\" SemiHidden=\"false\" UnhideWhenUsed=\"false\" Name=\"Colorful Grid Accent 3\"\/>\n<w:LsdException Locked=\"false\" Priority=\"60\" SemiHidden=\"false\" UnhideWhenUsed=\"false\" Name=\"Light Shading Accent 4\"\/>\n<w:LsdException Locked=\"false\" Priority=\"61\" SemiHidden=\"false\" UnhideWhenUsed=\"false\" Name=\"Light List Accent 4\"\/>\n<w:LsdException Locked=\"false\" Priority=\"62\" SemiHidden=\"false\" UnhideWhenUsed=\"false\" Name=\"Light Grid Accent 4\"\/>\n<w:LsdException Locked=\"false\" Priority=\"63\" SemiHidden=\"false\" UnhideWhenUsed=\"false\" Name=\"Medium Shading 1 Accent 4\"\/>\n<w:LsdException Locked=\"false\" Priority=\"64\" SemiHidden=\"false\" UnhideWhenUsed=\"false\" Name=\"Medium Shading 2 Accent 4\"\/>\n<w:LsdException Locked=\"false\" Priority=\"65\" SemiHidden=\"false\" UnhideWhenUsed=\"false\" Name=\"Medium List 1 Accent 4\"\/>\n<w:LsdException Locked=\"false\" Priority=\"66\" SemiHidden=\"false\" UnhideWhenUsed=\"false\" Name=\"Medium List 2 Accent 4\"\/>\n<w:LsdException Locked=\"false\" Priority=\"67\" SemiHidden=\"false\" UnhideWhenUsed=\"false\" Name=\"Medium Grid 1 Accent 4\"\/>\n<w:LsdException Locked=\"false\" Priority=\"68\" SemiHidden=\"false\" UnhideWhenUsed=\"false\" Name=\"Medium Grid 2 Accent 4\"\/>\n<w:LsdException Locked=\"false\" Priority=\"69\" SemiHidden=\"false\" UnhideWhenUsed=\"false\" Name=\"Medium Grid 3 Accent 4\"\/>\n<w:LsdException Locked=\"false\" Priority=\"70\" SemiHidden=\"false\" UnhideWhenUsed=\"false\" Name=\"Dark List Accent 4\"\/>\n<w:LsdException Locked=\"false\" Priority=\"71\" SemiHidden=\"false\" UnhideWhenUsed=\"false\" Name=\"Colorful Shading Accent 4\"\/>\n<w:LsdException Locked=\"false\" Priority=\"72\" SemiHidden=\"false\" UnhideWhenUsed=\"false\" Name=\"Colorful List Accent 4\"\/>\n<w:LsdException Locked=\"false\" Priority=\"73\" SemiHidden=\"false\" UnhideWhenUsed=\"false\" Name=\"Colorful Grid Accent 4\"\/>\n<w:LsdException Locked=\"false\" Priority=\"60\" SemiHidden=\"false\" UnhideWhenUsed=\"false\" Name=\"Light Shading Accent 5\"\/>\n<w:LsdException Locked=\"false\" Priority=\"61\" SemiHidden=\"false\" UnhideWhenUsed=\"false\" Name=\"Light List Accent 5\"\/>\n<w:LsdException Locked=\"false\" Priority=\"62\" SemiHidden=\"false\" UnhideWhenUsed=\"false\" Name=\"Light Grid Accent 5\"\/>\n<w:LsdException Locked=\"false\" Priority=\"63\" SemiHidden=\"false\" UnhideWhenUsed=\"false\" Name=\"Medium Shading 1 Accent 5\"\/>\n<w:LsdException Locked=\"false\" Priority=\"64\" SemiHidden=\"false\" UnhideWhenUsed=\"false\" Name=\"Medium Shading 2 Accent 5\"\/>\n<w:LsdException Locked=\"false\" Priority=\"65\" SemiHidden=\"false\" UnhideWhenUsed=\"false\" Name=\"Medium List 1 Accent 5\"\/>\n<w:LsdException Locked=\"false\" Priority=\"66\" SemiHidden=\"false\" UnhideWhenUsed=\"false\" Name=\"Medium List 2 Accent 5\"\/>\n<w:LsdException Locked=\"false\" Priority=\"67\" SemiHidden=\"false\" UnhideWhenUsed=\"false\" Name=\"Medium Grid 1 Accent 5\"\/>\n<w:LsdException Locked=\"false\" Priority=\"68\" SemiHidden=\"false\" UnhideWhenUsed=\"false\" Name=\"Medium Grid 2 Accent 5\"\/>\n<w:LsdException Locked=\"false\" Priority=\"69\" SemiHidden=\"false\" UnhideWhenUsed=\"false\" Name=\"Medium Grid 3 Accent 5\"\/>\n<w:LsdException Locked=\"false\" Priority=\"70\" SemiHidden=\"false\" UnhideWhenUsed=\"false\" Name=\"Dark List Accent 5\"\/>\n<w:LsdException Locked=\"false\" Priority=\"71\" SemiHidden=\"false\" UnhideWhenUsed=\"false\" Name=\"Colorful Shading Accent 5\"\/>\n<w:LsdException Locked=\"false\" Priority=\"72\" SemiHidden=\"false\" UnhideWhenUsed=\"false\" Name=\"Colorful List Accent 5\"\/>\n<w:LsdException Locked=\"false\" Priority=\"73\" SemiHidden=\"false\" UnhideWhenUsed=\"false\" Name=\"Colorful Grid Accent 5\"\/>\n<w:LsdException Locked=\"false\" Priority=\"60\" SemiHidden=\"false\" UnhideWhenUsed=\"false\" Name=\"Light Shading Accent 6\"\/>\n<w:LsdException Locked=\"false\" Priority=\"61\" SemiHidden=\"false\" UnhideWhenUsed=\"false\" Name=\"Light List Accent 6\"\/>\n<w:LsdException Locked=\"false\" Priority=\"62\" SemiHidden=\"false\" UnhideWhenUsed=\"false\" Name=\"Light Grid Accent 6\"\/>\n<w:LsdException Locked=\"false\" Priority=\"63\" SemiHidden=\"false\" UnhideWhenUsed=\"false\" Name=\"Medium Shading 1 Accent 6\"\/>\n<w:LsdException Locked=\"false\" Priority=\"64\" SemiHidden=\"false\" UnhideWhenUsed=\"false\" Name=\"Medium Shading 2 Accent 6\"\/>\n<w:LsdException Locked=\"false\" Priority=\"65\" SemiHidden=\"false\" UnhideWhenUsed=\"false\" Name=\"Medium List 1 Accent 6\"\/>\n<w:LsdException Locked=\"false\" Priority=\"66\" SemiHidden=\"false\" UnhideWhenUsed=\"false\" Name=\"Medium List 2 Accent 6\"\/>\n<w:LsdException Locked=\"false\" Priority=\"67\" SemiHidden=\"false\" UnhideWhenUsed=\"false\" Name=\"Medium Grid 1 Accent 6\"\/>\n<w:LsdException Locked=\"false\" Priority=\"68\" SemiHidden=\"false\" UnhideWhenUsed=\"false\" Name=\"Medium Grid 2 Accent 6\"\/>\n<w:LsdException Locked=\"false\" Priority=\"69\" SemiHidden=\"false\" UnhideWhenUsed=\"false\" Name=\"Medium Grid 3 Accent 6\"\/>\n<w:LsdException Locked=\"false\" Priority=\"70\" SemiHidden=\"false\" UnhideWhenUsed=\"false\" Name=\"Dark List Accent 6\"\/>\n<w:LsdException Locked=\"false\" Priority=\"71\" SemiHidden=\"false\" UnhideWhenUsed=\"false\" Name=\"Colorful Shading Accent 6\"\/>\n<w:LsdException Locked=\"false\" Priority=\"72\" SemiHidden=\"false\" UnhideWhenUsed=\"false\" Name=\"Colorful List Accent 6\"\/>\n<w:LsdException Locked=\"false\" Priority=\"73\" SemiHidden=\"false\" UnhideWhenUsed=\"false\" Name=\"Colorful Grid Accent 6\"\/>\n<w:LsdException Locked=\"false\" Priority=\"19\" SemiHidden=\"false\" UnhideWhenUsed=\"false\" QFormat=\"true\" Name=\"Subtle Emphasis\"\/>\n<w:LsdException Locked=\"false\" Priority=\"21\" SemiHidden=\"false\" UnhideWhenUsed=\"false\" QFormat=\"true\" Name=\"Intense Emphasis\"\/>\n<w:LsdException Locked=\"false\" Priority=\"31\" SemiHidden=\"false\" UnhideWhenUsed=\"false\" QFormat=\"true\" Name=\"Subtle Reference\"\/>\n<w:LsdException Locked=\"false\" Priority=\"32\" SemiHidden=\"false\" UnhideWhenUsed=\"false\" QFormat=\"true\" Name=\"Intense Reference\"\/>\n<w:LsdException Locked=\"false\" Priority=\"33\" SemiHidden=\"false\" UnhideWhenUsed=\"false\" QFormat=\"true\" Name=\"Book Title\"\/>\n<w:LsdException Locked=\"false\" Priority=\"37\" Name=\"Bibliography\"\/>\n<w:LsdException Locked=\"false\" Priority=\"39\" QFormat=\"true\" Name=\"TOC Heading\"\/>\n<\/w:LatentStyles>\n<\/xml><![endif]--><!-- [if gte mso 10]>\n\n\n\n<style>\n \/* Style Definitions *\/<br \/>table.MsoNormalTable<br \/>{mso-style-name:\"Normale Tabelle\";<br \/>mso-tstyle-rowband-size:0;<br \/>mso-tstyle-colband-size:0;<br \/>mso-style-noshow:yes;<br \/>mso-style-priority:99;<br \/>mso-style-qformat:yes;<br \/>mso-style-parent:\"\";<br \/>mso-padding-alt:0cm 5.4pt 0cm 5.4pt;<br \/>mso-para-margin:0cm;<br \/>mso-para-margin-bottom:.0001pt;<br \/>mso-pagination:widow-orphan;<br \/>font-size:11.0pt;<br \/>font-family:\"Calibri\",\"sans-serif\";<br \/>mso-ascii-font-family:Calibri;<br \/>mso-ascii-theme-font:minor-latin;<br \/>mso-fareast-font-family:\"Times New Roman\";<br \/>mso-fareast-theme-font:minor-fareast;<br \/>mso-hansi-font-family:Calibri;<br \/>mso-hansi-theme-font:minor-latin;<br \/>mso-bidi-font-family:\"Times New Roman\";<br \/>mso-bidi-theme-font:minor-bidi;}<br \/><\/style>\n\n<![endif]--><\/p>\n<p style=\"text-align: center;\"><strong>Spreewaldpokal 2018<br \/>\n<\/strong><\/p>\n<p style=\"text-align: center;\"><a href=\"https:\/\/xn--judo-lbben-feb.de\/wp-content\/uploads\/2018\/03\/20180317_093335-.jpg\"><img loading=\"lazy\" decoding=\"async\" class=\"alignnone size-thumbnail wp-image-12984\" src=\"https:\/\/xn--judo-lbben-feb.de\/wp-content\/uploads\/2018\/03\/20180317_093335--150x150.jpg\" alt=\"\" width=\"150\" height=\"150\" srcset=\"https:\/\/xn--judo-lbben-feb.de\/wp-content\/uploads\/2018\/03\/20180317_093335--150x150.jpg 150w, https:\/\/xn--judo-lbben-feb.de\/wp-content\/uploads\/2018\/03\/20180317_093335--500x500.jpg 500w, https:\/\/xn--judo-lbben-feb.de\/wp-content\/uploads\/2018\/03\/20180317_093335--400x400.jpg 400w, https:\/\/xn--judo-lbben-feb.de\/wp-content\/uploads\/2018\/03\/20180317_093335--80x80.jpg 80w, https:\/\/xn--judo-lbben-feb.de\/wp-content\/uploads\/2018\/03\/20180317_093335--200x200.jpg 200w\" sizes=\"auto, (max-width: 150px) 100vw, 150px\" \/><\/a> <a href=\"https:\/\/xn--judo-lbben-feb.de\/wp-content\/uploads\/2018\/03\/20180317_100417-1-1.jpg\"><img loading=\"lazy\" decoding=\"async\" class=\"alignnone size-thumbnail wp-image-12985\" src=\"https:\/\/xn--judo-lbben-feb.de\/wp-content\/uploads\/2018\/03\/20180317_100417-1-1-150x150.jpg\" alt=\"\" width=\"150\" height=\"150\" srcset=\"https:\/\/xn--judo-lbben-feb.de\/wp-content\/uploads\/2018\/03\/20180317_100417-1-1-150x150.jpg 150w, https:\/\/xn--judo-lbben-feb.de\/wp-content\/uploads\/2018\/03\/20180317_100417-1-1-500x500.jpg 500w, https:\/\/xn--judo-lbben-feb.de\/wp-content\/uploads\/2018\/03\/20180317_100417-1-1-400x400.jpg 400w, https:\/\/xn--judo-lbben-feb.de\/wp-content\/uploads\/2018\/03\/20180317_100417-1-1-80x80.jpg 80w, https:\/\/xn--judo-lbben-feb.de\/wp-content\/uploads\/2018\/03\/20180317_100417-1-1-200x200.jpg 200w\" sizes=\"auto, (max-width: 150px) 100vw, 150px\" \/><\/a> <a href=\"https:\/\/xn--judo-lbben-feb.de\/wp-content\/uploads\/2018\/03\/20180317_100445-.jpg\"><img loading=\"lazy\" decoding=\"async\" class=\"alignnone size-thumbnail wp-image-12987\" src=\"https:\/\/xn--judo-lbben-feb.de\/wp-content\/uploads\/2018\/03\/20180317_100445--150x150.jpg\" alt=\"\" width=\"150\" height=\"150\" srcset=\"https:\/\/xn--judo-lbben-feb.de\/wp-content\/uploads\/2018\/03\/20180317_100445--150x150.jpg 150w, https:\/\/xn--judo-lbben-feb.de\/wp-content\/uploads\/2018\/03\/20180317_100445--500x500.jpg 500w, https:\/\/xn--judo-lbben-feb.de\/wp-content\/uploads\/2018\/03\/20180317_100445--400x400.jpg 400w, https:\/\/xn--judo-lbben-feb.de\/wp-content\/uploads\/2018\/03\/20180317_100445--80x80.jpg 80w, https:\/\/xn--judo-lbben-feb.de\/wp-content\/uploads\/2018\/03\/20180317_100445--200x200.jpg 200w\" sizes=\"auto, (max-width: 150px) 100vw, 150px\" \/><\/a> <a href=\"https:\/\/xn--judo-lbben-feb.de\/wp-content\/uploads\/2018\/03\/20180317_100600-.jpg\"><img loading=\"lazy\" decoding=\"async\" class=\"alignnone size-thumbnail wp-image-12988\" src=\"https:\/\/xn--judo-lbben-feb.de\/wp-content\/uploads\/2018\/03\/20180317_100600--150x150.jpg\" alt=\"\" width=\"150\" height=\"150\" srcset=\"https:\/\/xn--judo-lbben-feb.de\/wp-content\/uploads\/2018\/03\/20180317_100600--150x150.jpg 150w, https:\/\/xn--judo-lbben-feb.de\/wp-content\/uploads\/2018\/03\/20180317_100600--500x500.jpg 500w, https:\/\/xn--judo-lbben-feb.de\/wp-content\/uploads\/2018\/03\/20180317_100600--400x400.jpg 400w, https:\/\/xn--judo-lbben-feb.de\/wp-content\/uploads\/2018\/03\/20180317_100600--80x80.jpg 80w, https:\/\/xn--judo-lbben-feb.de\/wp-content\/uploads\/2018\/03\/20180317_100600--200x200.jpg 200w\" sizes=\"auto, (max-width: 150px) 100vw, 150px\" \/><\/a> <a href=\"https:\/\/xn--judo-lbben-feb.de\/wp-content\/uploads\/2018\/03\/20180318_095718-.jpg\"><img loading=\"lazy\" decoding=\"async\" class=\"alignnone size-thumbnail wp-image-12989\" src=\"https:\/\/xn--judo-lbben-feb.de\/wp-content\/uploads\/2018\/03\/20180318_095718--150x150.jpg\" alt=\"\" width=\"150\" height=\"150\" srcset=\"https:\/\/xn--judo-lbben-feb.de\/wp-content\/uploads\/2018\/03\/20180318_095718--150x150.jpg 150w, https:\/\/xn--judo-lbben-feb.de\/wp-content\/uploads\/2018\/03\/20180318_095718--500x500.jpg 500w, https:\/\/xn--judo-lbben-feb.de\/wp-content\/uploads\/2018\/03\/20180318_095718--400x400.jpg 400w, https:\/\/xn--judo-lbben-feb.de\/wp-content\/uploads\/2018\/03\/20180318_095718--80x80.jpg 80w, https:\/\/xn--judo-lbben-feb.de\/wp-content\/uploads\/2018\/03\/20180318_095718--200x200.jpg 200w\" sizes=\"auto, (max-width: 150px) 100vw, 150px\" \/><\/a> <a href=\"https:\/\/xn--judo-lbben-feb.de\/wp-content\/uploads\/2018\/03\/20180318_100144-.jpg\"><img loading=\"lazy\" decoding=\"async\" class=\"alignnone size-thumbnail wp-image-12990\" src=\"https:\/\/xn--judo-lbben-feb.de\/wp-content\/uploads\/2018\/03\/20180318_100144--150x150.jpg\" alt=\"\" width=\"150\" height=\"150\" srcset=\"https:\/\/xn--judo-lbben-feb.de\/wp-content\/uploads\/2018\/03\/20180318_100144--150x150.jpg 150w, https:\/\/xn--judo-lbben-feb.de\/wp-content\/uploads\/2018\/03\/20180318_100144--500x500.jpg 500w, https:\/\/xn--judo-lbben-feb.de\/wp-content\/uploads\/2018\/03\/20180318_100144--400x400.jpg 400w, https:\/\/xn--judo-lbben-feb.de\/wp-content\/uploads\/2018\/03\/20180318_100144--80x80.jpg 80w, https:\/\/xn--judo-lbben-feb.de\/wp-content\/uploads\/2018\/03\/20180318_100144--200x200.jpg 200w\" sizes=\"auto, (max-width: 150px) 100vw, 150px\" \/><\/a> <a href=\"https:\/\/xn--judo-lbben-feb.de\/wp-content\/uploads\/2018\/03\/FIM_0628-.jpg\"><img loading=\"lazy\" decoding=\"async\" class=\"alignnone size-thumbnail wp-image-12991\" src=\"https:\/\/xn--judo-lbben-feb.de\/wp-content\/uploads\/2018\/03\/FIM_0628--150x150.jpg\" alt=\"\" width=\"150\" height=\"150\" srcset=\"https:\/\/xn--judo-lbben-feb.de\/wp-content\/uploads\/2018\/03\/FIM_0628--150x150.jpg 150w, https:\/\/xn--judo-lbben-feb.de\/wp-content\/uploads\/2018\/03\/FIM_0628--500x500.jpg 500w, https:\/\/xn--judo-lbben-feb.de\/wp-content\/uploads\/2018\/03\/FIM_0628--400x400.jpg 400w, https:\/\/xn--judo-lbben-feb.de\/wp-content\/uploads\/2018\/03\/FIM_0628--80x80.jpg 80w, https:\/\/xn--judo-lbben-feb.de\/wp-content\/uploads\/2018\/03\/FIM_0628--200x200.jpg 200w\" sizes=\"auto, (max-width: 150px) 100vw, 150px\" \/>\u00a0<\/a><a href=\"https:\/\/xn--judo-lbben-feb.de\/wp-content\/uploads\/2018\/03\/IMG_0060-e1521390026628.jpg\"><img loading=\"lazy\" decoding=\"async\" class=\"alignnone size-thumbnail wp-image-13015\" src=\"https:\/\/xn--judo-lbben-feb.de\/wp-content\/uploads\/2018\/03\/IMG_0060-e1521390026628-150x150.jpg\" alt=\"\" width=\"150\" height=\"150\" srcset=\"https:\/\/xn--judo-lbben-feb.de\/wp-content\/uploads\/2018\/03\/IMG_0060-e1521390026628-150x150.jpg 150w, https:\/\/xn--judo-lbben-feb.de\/wp-content\/uploads\/2018\/03\/IMG_0060-e1521390026628-80x80.jpg 80w, https:\/\/xn--judo-lbben-feb.de\/wp-content\/uploads\/2018\/03\/IMG_0060-e1521390026628-200x200.jpg 200w\" sizes=\"auto, (max-width: 150px) 100vw, 150px\" \/><\/a> <a href=\"https:\/\/xn--judo-lbben-feb.de\/wp-content\/uploads\/2018\/03\/FIM_0629-.jpg\"><img loading=\"lazy\" decoding=\"async\" class=\"alignnone size-thumbnail wp-image-12992\" src=\"https:\/\/xn--judo-lbben-feb.de\/wp-content\/uploads\/2018\/03\/FIM_0629--150x150.jpg\" alt=\"\" width=\"150\" height=\"150\" srcset=\"https:\/\/xn--judo-lbben-feb.de\/wp-content\/uploads\/2018\/03\/FIM_0629--150x150.jpg 150w, https:\/\/xn--judo-lbben-feb.de\/wp-content\/uploads\/2018\/03\/FIM_0629--500x500.jpg 500w, https:\/\/xn--judo-lbben-feb.de\/wp-content\/uploads\/2018\/03\/FIM_0629--400x400.jpg 400w, https:\/\/xn--judo-lbben-feb.de\/wp-content\/uploads\/2018\/03\/FIM_0629--80x80.jpg 80w, https:\/\/xn--judo-lbben-feb.de\/wp-content\/uploads\/2018\/03\/FIM_0629--200x200.jpg 200w\" sizes=\"auto, (max-width: 150px) 100vw, 150px\" \/><\/a> <a href=\"https:\/\/xn--judo-lbben-feb.de\/wp-content\/uploads\/2018\/03\/FIM_0630-.jpg\"><img loading=\"lazy\" decoding=\"async\" class=\"alignnone size-thumbnail wp-image-12993\" src=\"https:\/\/xn--judo-lbben-feb.de\/wp-content\/uploads\/2018\/03\/FIM_0630--150x150.jpg\" alt=\"\" width=\"150\" height=\"150\" srcset=\"https:\/\/xn--judo-lbben-feb.de\/wp-content\/uploads\/2018\/03\/FIM_0630--150x150.jpg 150w, https:\/\/xn--judo-lbben-feb.de\/wp-content\/uploads\/2018\/03\/FIM_0630--500x500.jpg 500w, https:\/\/xn--judo-lbben-feb.de\/wp-content\/uploads\/2018\/03\/FIM_0630--400x400.jpg 400w, https:\/\/xn--judo-lbben-feb.de\/wp-content\/uploads\/2018\/03\/FIM_0630--80x80.jpg 80w, https:\/\/xn--judo-lbben-feb.de\/wp-content\/uploads\/2018\/03\/FIM_0630--200x200.jpg 200w\" sizes=\"auto, (max-width: 150px) 100vw, 150px\" \/><\/a> <a href=\"https:\/\/xn--judo-lbben-feb.de\/wp-content\/uploads\/2018\/03\/FIM_0631-.jpg\"><img loading=\"lazy\" decoding=\"async\" class=\"alignnone size-thumbnail wp-image-12994\" src=\"https:\/\/xn--judo-lbben-feb.de\/wp-content\/uploads\/2018\/03\/FIM_0631--150x150.jpg\" alt=\"\" width=\"150\" height=\"150\" srcset=\"https:\/\/xn--judo-lbben-feb.de\/wp-content\/uploads\/2018\/03\/FIM_0631--150x150.jpg 150w, https:\/\/xn--judo-lbben-feb.de\/wp-content\/uploads\/2018\/03\/FIM_0631--500x500.jpg 500w, https:\/\/xn--judo-lbben-feb.de\/wp-content\/uploads\/2018\/03\/FIM_0631--400x400.jpg 400w, https:\/\/xn--judo-lbben-feb.de\/wp-content\/uploads\/2018\/03\/FIM_0631--80x80.jpg 80w, https:\/\/xn--judo-lbben-feb.de\/wp-content\/uploads\/2018\/03\/FIM_0631--200x200.jpg 200w\" sizes=\"auto, (max-width: 150px) 100vw, 150px\" \/><\/a> <a href=\"https:\/\/xn--judo-lbben-feb.de\/wp-content\/uploads\/2018\/03\/FIM_0637-1-1.jpg\"><img loading=\"lazy\" decoding=\"async\" class=\"alignnone size-thumbnail wp-image-12995\" src=\"https:\/\/xn--judo-lbben-feb.de\/wp-content\/uploads\/2018\/03\/FIM_0637-1-1-150x150.jpg\" alt=\"\" width=\"150\" height=\"150\" srcset=\"https:\/\/xn--judo-lbben-feb.de\/wp-content\/uploads\/2018\/03\/FIM_0637-1-1-150x150.jpg 150w, https:\/\/xn--judo-lbben-feb.de\/wp-content\/uploads\/2018\/03\/FIM_0637-1-1-500x500.jpg 500w, https:\/\/xn--judo-lbben-feb.de\/wp-content\/uploads\/2018\/03\/FIM_0637-1-1-400x400.jpg 400w, https:\/\/xn--judo-lbben-feb.de\/wp-content\/uploads\/2018\/03\/FIM_0637-1-1-80x80.jpg 80w, https:\/\/xn--judo-lbben-feb.de\/wp-content\/uploads\/2018\/03\/FIM_0637-1-1-200x200.jpg 200w\" sizes=\"auto, (max-width: 150px) 100vw, 150px\" \/><\/a> <a href=\"https:\/\/xn--judo-lbben-feb.de\/wp-content\/uploads\/2018\/03\/FIM_0638-.jpg\"><img loading=\"lazy\" decoding=\"async\" class=\"alignnone size-thumbnail wp-image-12996\" src=\"https:\/\/xn--judo-lbben-feb.de\/wp-content\/uploads\/2018\/03\/FIM_0638--150x150.jpg\" alt=\"\" width=\"150\" height=\"150\" srcset=\"https:\/\/xn--judo-lbben-feb.de\/wp-content\/uploads\/2018\/03\/FIM_0638--150x150.jpg 150w, https:\/\/xn--judo-lbben-feb.de\/wp-content\/uploads\/2018\/03\/FIM_0638--500x500.jpg 500w, https:\/\/xn--judo-lbben-feb.de\/wp-content\/uploads\/2018\/03\/FIM_0638--400x400.jpg 400w, https:\/\/xn--judo-lbben-feb.de\/wp-content\/uploads\/2018\/03\/FIM_0638--80x80.jpg 80w, https:\/\/xn--judo-lbben-feb.de\/wp-content\/uploads\/2018\/03\/FIM_0638--200x200.jpg 200w\" sizes=\"auto, (max-width: 150px) 100vw, 150px\" \/><\/a> <a href=\"https:\/\/xn--judo-lbben-feb.de\/wp-content\/uploads\/2018\/03\/FIM_0641-.jpg\"><img loading=\"lazy\" decoding=\"async\" class=\"alignnone size-thumbnail wp-image-12997\" src=\"https:\/\/xn--judo-lbben-feb.de\/wp-content\/uploads\/2018\/03\/FIM_0641--150x150.jpg\" alt=\"\" width=\"150\" height=\"150\" srcset=\"https:\/\/xn--judo-lbben-feb.de\/wp-content\/uploads\/2018\/03\/FIM_0641--150x150.jpg 150w, https:\/\/xn--judo-lbben-feb.de\/wp-content\/uploads\/2018\/03\/FIM_0641--500x500.jpg 500w, https:\/\/xn--judo-lbben-feb.de\/wp-content\/uploads\/2018\/03\/FIM_0641--400x400.jpg 400w, https:\/\/xn--judo-lbben-feb.de\/wp-content\/uploads\/2018\/03\/FIM_0641--80x80.jpg 80w, https:\/\/xn--judo-lbben-feb.de\/wp-content\/uploads\/2018\/03\/FIM_0641--200x200.jpg 200w\" sizes=\"auto, (max-width: 150px) 100vw, 150px\" \/><\/a> <a href=\"https:\/\/xn--judo-lbben-feb.de\/wp-content\/uploads\/2018\/03\/FIM_0642-.jpg\"><img loading=\"lazy\" decoding=\"async\" class=\"alignnone size-thumbnail wp-image-12998\" src=\"https:\/\/xn--judo-lbben-feb.de\/wp-content\/uploads\/2018\/03\/FIM_0642--150x150.jpg\" alt=\"\" width=\"150\" height=\"150\" srcset=\"https:\/\/xn--judo-lbben-feb.de\/wp-content\/uploads\/2018\/03\/FIM_0642--150x150.jpg 150w, https:\/\/xn--judo-lbben-feb.de\/wp-content\/uploads\/2018\/03\/FIM_0642--500x500.jpg 500w, https:\/\/xn--judo-lbben-feb.de\/wp-content\/uploads\/2018\/03\/FIM_0642--400x400.jpg 400w, https:\/\/xn--judo-lbben-feb.de\/wp-content\/uploads\/2018\/03\/FIM_0642--80x80.jpg 80w, https:\/\/xn--judo-lbben-feb.de\/wp-content\/uploads\/2018\/03\/FIM_0642--200x200.jpg 200w\" sizes=\"auto, (max-width: 150px) 100vw, 150px\" \/><\/a> <a href=\"https:\/\/xn--judo-lbben-feb.de\/wp-content\/uploads\/2018\/03\/FIM_0643-.jpg\"><img loading=\"lazy\" decoding=\"async\" class=\"alignnone size-thumbnail wp-image-12999\" src=\"https:\/\/xn--judo-lbben-feb.de\/wp-content\/uploads\/2018\/03\/FIM_0643--150x150.jpg\" alt=\"\" width=\"150\" height=\"150\" srcset=\"https:\/\/xn--judo-lbben-feb.de\/wp-content\/uploads\/2018\/03\/FIM_0643--150x150.jpg 150w, https:\/\/xn--judo-lbben-feb.de\/wp-content\/uploads\/2018\/03\/FIM_0643--500x500.jpg 500w, https:\/\/xn--judo-lbben-feb.de\/wp-content\/uploads\/2018\/03\/FIM_0643--400x400.jpg 400w, https:\/\/xn--judo-lbben-feb.de\/wp-content\/uploads\/2018\/03\/FIM_0643--80x80.jpg 80w, https:\/\/xn--judo-lbben-feb.de\/wp-content\/uploads\/2018\/03\/FIM_0643--200x200.jpg 200w\" sizes=\"auto, (max-width: 150px) 100vw, 150px\" \/><\/a> <a href=\"https:\/\/xn--judo-lbben-feb.de\/wp-content\/uploads\/2018\/03\/FIM_0644-.jpg\"><img loading=\"lazy\" decoding=\"async\" class=\"alignnone size-thumbnail wp-image-13000\" src=\"https:\/\/xn--judo-lbben-feb.de\/wp-content\/uploads\/2018\/03\/FIM_0644--150x150.jpg\" alt=\"\" width=\"150\" height=\"150\" srcset=\"https:\/\/xn--judo-lbben-feb.de\/wp-content\/uploads\/2018\/03\/FIM_0644--150x150.jpg 150w, https:\/\/xn--judo-lbben-feb.de\/wp-content\/uploads\/2018\/03\/FIM_0644--500x500.jpg 500w, https:\/\/xn--judo-lbben-feb.de\/wp-content\/uploads\/2018\/03\/FIM_0644--400x400.jpg 400w, https:\/\/xn--judo-lbben-feb.de\/wp-content\/uploads\/2018\/03\/FIM_0644--80x80.jpg 80w, https:\/\/xn--judo-lbben-feb.de\/wp-content\/uploads\/2018\/03\/FIM_0644--200x200.jpg 200w\" sizes=\"auto, (max-width: 150px) 100vw, 150px\" \/><\/a> <a href=\"https:\/\/xn--judo-lbben-feb.de\/wp-content\/uploads\/2018\/03\/FIM_0645-.jpg\"><img loading=\"lazy\" decoding=\"async\" class=\"alignnone size-thumbnail wp-image-13001\" src=\"https:\/\/xn--judo-lbben-feb.de\/wp-content\/uploads\/2018\/03\/FIM_0645--150x150.jpg\" alt=\"\" width=\"150\" height=\"150\" srcset=\"https:\/\/xn--judo-lbben-feb.de\/wp-content\/uploads\/2018\/03\/FIM_0645--150x150.jpg 150w, https:\/\/xn--judo-lbben-feb.de\/wp-content\/uploads\/2018\/03\/FIM_0645--500x500.jpg 500w, https:\/\/xn--judo-lbben-feb.de\/wp-content\/uploads\/2018\/03\/FIM_0645--400x400.jpg 400w, https:\/\/xn--judo-lbben-feb.de\/wp-content\/uploads\/2018\/03\/FIM_0645--80x80.jpg 80w, https:\/\/xn--judo-lbben-feb.de\/wp-content\/uploads\/2018\/03\/FIM_0645--200x200.jpg 200w\" sizes=\"auto, (max-width: 150px) 100vw, 150px\" \/><\/a> <a href=\"https:\/\/xn--judo-lbben-feb.de\/wp-content\/uploads\/2018\/03\/FIM_0646-.jpg\"><img loading=\"lazy\" decoding=\"async\" class=\"alignnone size-thumbnail wp-image-13002\" src=\"https:\/\/xn--judo-lbben-feb.de\/wp-content\/uploads\/2018\/03\/FIM_0646--150x150.jpg\" alt=\"\" width=\"150\" height=\"150\" srcset=\"https:\/\/xn--judo-lbben-feb.de\/wp-content\/uploads\/2018\/03\/FIM_0646--150x150.jpg 150w, https:\/\/xn--judo-lbben-feb.de\/wp-content\/uploads\/2018\/03\/FIM_0646--500x500.jpg 500w, https:\/\/xn--judo-lbben-feb.de\/wp-content\/uploads\/2018\/03\/FIM_0646--400x400.jpg 400w, https:\/\/xn--judo-lbben-feb.de\/wp-content\/uploads\/2018\/03\/FIM_0646--80x80.jpg 80w, https:\/\/xn--judo-lbben-feb.de\/wp-content\/uploads\/2018\/03\/FIM_0646--200x200.jpg 200w\" sizes=\"auto, (max-width: 150px) 100vw, 150px\" \/><\/a> <a href=\"https:\/\/xn--judo-lbben-feb.de\/wp-content\/uploads\/2018\/03\/FIM_0647-.jpg\"><img loading=\"lazy\" decoding=\"async\" class=\"alignnone size-thumbnail wp-image-13003\" src=\"https:\/\/xn--judo-lbben-feb.de\/wp-content\/uploads\/2018\/03\/FIM_0647--150x150.jpg\" alt=\"\" width=\"150\" height=\"150\" srcset=\"https:\/\/xn--judo-lbben-feb.de\/wp-content\/uploads\/2018\/03\/FIM_0647--150x150.jpg 150w, https:\/\/xn--judo-lbben-feb.de\/wp-content\/uploads\/2018\/03\/FIM_0647--500x500.jpg 500w, https:\/\/xn--judo-lbben-feb.de\/wp-content\/uploads\/2018\/03\/FIM_0647--400x400.jpg 400w, https:\/\/xn--judo-lbben-feb.de\/wp-content\/uploads\/2018\/03\/FIM_0647--80x80.jpg 80w, https:\/\/xn--judo-lbben-feb.de\/wp-content\/uploads\/2018\/03\/FIM_0647--200x200.jpg 200w\" sizes=\"auto, (max-width: 150px) 100vw, 150px\" \/><\/a> <a href=\"https:\/\/xn--judo-lbben-feb.de\/wp-content\/uploads\/2018\/03\/FIM_0649-.jpg\"><img loading=\"lazy\" decoding=\"async\" class=\"alignnone size-thumbnail wp-image-13004\" src=\"https:\/\/xn--judo-lbben-feb.de\/wp-content\/uploads\/2018\/03\/FIM_0649--150x150.jpg\" alt=\"\" width=\"150\" height=\"150\" srcset=\"https:\/\/xn--judo-lbben-feb.de\/wp-content\/uploads\/2018\/03\/FIM_0649--150x150.jpg 150w, https:\/\/xn--judo-lbben-feb.de\/wp-content\/uploads\/2018\/03\/FIM_0649--500x500.jpg 500w, https:\/\/xn--judo-lbben-feb.de\/wp-content\/uploads\/2018\/03\/FIM_0649--400x400.jpg 400w, https:\/\/xn--judo-lbben-feb.de\/wp-content\/uploads\/2018\/03\/FIM_0649--80x80.jpg 80w, https:\/\/xn--judo-lbben-feb.de\/wp-content\/uploads\/2018\/03\/FIM_0649--200x200.jpg 200w\" sizes=\"auto, (max-width: 150px) 100vw, 150px\" \/><\/a> <a href=\"https:\/\/xn--judo-lbben-feb.de\/wp-content\/uploads\/2018\/03\/FIM_0650-.jpg\"><img loading=\"lazy\" decoding=\"async\" class=\"alignnone size-thumbnail wp-image-13005\" src=\"https:\/\/xn--judo-lbben-feb.de\/wp-content\/uploads\/2018\/03\/FIM_0650--150x150.jpg\" alt=\"\" width=\"150\" height=\"150\" srcset=\"https:\/\/xn--judo-lbben-feb.de\/wp-content\/uploads\/2018\/03\/FIM_0650--150x150.jpg 150w, https:\/\/xn--judo-lbben-feb.de\/wp-content\/uploads\/2018\/03\/FIM_0650--500x500.jpg 500w, https:\/\/xn--judo-lbben-feb.de\/wp-content\/uploads\/2018\/03\/FIM_0650--400x400.jpg 400w, https:\/\/xn--judo-lbben-feb.de\/wp-content\/uploads\/2018\/03\/FIM_0650--80x80.jpg 80w, https:\/\/xn--judo-lbben-feb.de\/wp-content\/uploads\/2018\/03\/FIM_0650--200x200.jpg 200w\" sizes=\"auto, (max-width: 150px) 100vw, 150px\" \/><\/a> <a href=\"https:\/\/xn--judo-lbben-feb.de\/wp-content\/uploads\/2018\/03\/FIM_0651-.jpg\"><img loading=\"lazy\" decoding=\"async\" class=\"alignnone size-thumbnail wp-image-13006\" src=\"https:\/\/xn--judo-lbben-feb.de\/wp-content\/uploads\/2018\/03\/FIM_0651--150x150.jpg\" alt=\"\" width=\"150\" height=\"150\" srcset=\"https:\/\/xn--judo-lbben-feb.de\/wp-content\/uploads\/2018\/03\/FIM_0651--150x150.jpg 150w, https:\/\/xn--judo-lbben-feb.de\/wp-content\/uploads\/2018\/03\/FIM_0651--500x500.jpg 500w, https:\/\/xn--judo-lbben-feb.de\/wp-content\/uploads\/2018\/03\/FIM_0651--400x400.jpg 400w, https:\/\/xn--judo-lbben-feb.de\/wp-content\/uploads\/2018\/03\/FIM_0651--80x80.jpg 80w, https:\/\/xn--judo-lbben-feb.de\/wp-content\/uploads\/2018\/03\/FIM_0651--200x200.jpg 200w\" sizes=\"auto, (max-width: 150px) 100vw, 150px\" \/><\/a> <a href=\"https:\/\/xn--judo-lbben-feb.de\/wp-content\/uploads\/2018\/03\/FIM_0652-.jpg\"><img loading=\"lazy\" decoding=\"async\" class=\"alignnone size-thumbnail wp-image-13007\" src=\"https:\/\/xn--judo-lbben-feb.de\/wp-content\/uploads\/2018\/03\/FIM_0652--150x150.jpg\" alt=\"\" width=\"150\" height=\"150\" srcset=\"https:\/\/xn--judo-lbben-feb.de\/wp-content\/uploads\/2018\/03\/FIM_0652--150x150.jpg 150w, https:\/\/xn--judo-lbben-feb.de\/wp-content\/uploads\/2018\/03\/FIM_0652--500x500.jpg 500w, https:\/\/xn--judo-lbben-feb.de\/wp-content\/uploads\/2018\/03\/FIM_0652--400x400.jpg 400w, https:\/\/xn--judo-lbben-feb.de\/wp-content\/uploads\/2018\/03\/FIM_0652--80x80.jpg 80w, https:\/\/xn--judo-lbben-feb.de\/wp-content\/uploads\/2018\/03\/FIM_0652--200x200.jpg 200w\" sizes=\"auto, (max-width: 150px) 100vw, 150px\" \/><\/a> <a href=\"https:\/\/xn--judo-lbben-feb.de\/wp-content\/uploads\/2018\/03\/FIM_0655-.jpg\"><img loading=\"lazy\" decoding=\"async\" class=\"alignnone size-thumbnail wp-image-13008\" src=\"https:\/\/xn--judo-lbben-feb.de\/wp-content\/uploads\/2018\/03\/FIM_0655--150x150.jpg\" alt=\"\" width=\"150\" height=\"150\" srcset=\"https:\/\/xn--judo-lbben-feb.de\/wp-content\/uploads\/2018\/03\/FIM_0655--150x150.jpg 150w, https:\/\/xn--judo-lbben-feb.de\/wp-content\/uploads\/2018\/03\/FIM_0655--500x500.jpg 500w, https:\/\/xn--judo-lbben-feb.de\/wp-content\/uploads\/2018\/03\/FIM_0655--400x400.jpg 400w, https:\/\/xn--judo-lbben-feb.de\/wp-content\/uploads\/2018\/03\/FIM_0655--80x80.jpg 80w, https:\/\/xn--judo-lbben-feb.de\/wp-content\/uploads\/2018\/03\/FIM_0655--200x200.jpg 200w\" sizes=\"auto, (max-width: 150px) 100vw, 150px\" \/><\/a> <a href=\"https:\/\/xn--judo-lbben-feb.de\/wp-content\/uploads\/2018\/03\/FIM_0657-1-1.jpg\"><img loading=\"lazy\" decoding=\"async\" class=\"alignnone size-thumbnail wp-image-13009\" src=\"https:\/\/xn--judo-lbben-feb.de\/wp-content\/uploads\/2018\/03\/FIM_0657-1-1-150x150.jpg\" alt=\"\" width=\"150\" height=\"150\" srcset=\"https:\/\/xn--judo-lbben-feb.de\/wp-content\/uploads\/2018\/03\/FIM_0657-1-1-150x150.jpg 150w, https:\/\/xn--judo-lbben-feb.de\/wp-content\/uploads\/2018\/03\/FIM_0657-1-1-500x500.jpg 500w, https:\/\/xn--judo-lbben-feb.de\/wp-content\/uploads\/2018\/03\/FIM_0657-1-1-400x400.jpg 400w, https:\/\/xn--judo-lbben-feb.de\/wp-content\/uploads\/2018\/03\/FIM_0657-1-1-80x80.jpg 80w, https:\/\/xn--judo-lbben-feb.de\/wp-content\/uploads\/2018\/03\/FIM_0657-1-1-200x200.jpg 200w\" sizes=\"auto, (max-width: 150px) 100vw, 150px\" \/>\u00a0<\/a><\/p>\n<p style=\"text-align: center;\"><strong>1. Trainingslager 6.\/7.01.2018<br \/>\n<\/strong><\/p>\n<p style=\"text-align: center;\"><a href=\"https:\/\/xn--judo-lbben-feb.de\/wp-content\/uploads\/2018\/01\/DSC08228-.jpg\"><img loading=\"lazy\" decoding=\"async\" class=\"alignnone size-thumbnail wp-image-12679\" src=\"https:\/\/xn--judo-lbben-feb.de\/wp-content\/uploads\/2018\/01\/DSC08228--150x150.jpg\" alt=\"\" width=\"150\" height=\"150\" srcset=\"https:\/\/xn--judo-lbben-feb.de\/wp-content\/uploads\/2018\/01\/DSC08228--150x150.jpg 150w, https:\/\/xn--judo-lbben-feb.de\/wp-content\/uploads\/2018\/01\/DSC08228--500x500.jpg 500w, https:\/\/xn--judo-lbben-feb.de\/wp-content\/uploads\/2018\/01\/DSC08228--400x400.jpg 400w, https:\/\/xn--judo-lbben-feb.de\/wp-content\/uploads\/2018\/01\/DSC08228--80x80.jpg 80w, https:\/\/xn--judo-lbben-feb.de\/wp-content\/uploads\/2018\/01\/DSC08228--200x200.jpg 200w\" sizes=\"auto, (max-width: 150px) 100vw, 150px\" \/><\/a> <a href=\"https:\/\/xn--judo-lbben-feb.de\/wp-content\/uploads\/2018\/01\/DSC08221-.jpg\"><img loading=\"lazy\" decoding=\"async\" class=\"alignnone size-thumbnail wp-image-12681\" src=\"https:\/\/xn--judo-lbben-feb.de\/wp-content\/uploads\/2018\/01\/DSC08221--150x150.jpg\" alt=\"\" width=\"150\" height=\"150\" srcset=\"https:\/\/xn--judo-lbben-feb.de\/wp-content\/uploads\/2018\/01\/DSC08221--150x150.jpg 150w, https:\/\/xn--judo-lbben-feb.de\/wp-content\/uploads\/2018\/01\/DSC08221--500x500.jpg 500w, https:\/\/xn--judo-lbben-feb.de\/wp-content\/uploads\/2018\/01\/DSC08221--400x400.jpg 400w, https:\/\/xn--judo-lbben-feb.de\/wp-content\/uploads\/2018\/01\/DSC08221--80x80.jpg 80w, https:\/\/xn--judo-lbben-feb.de\/wp-content\/uploads\/2018\/01\/DSC08221--200x200.jpg 200w\" sizes=\"auto, (max-width: 150px) 100vw, 150px\" \/><\/a> <a href=\"https:\/\/xn--judo-lbben-feb.de\/wp-content\/uploads\/2018\/01\/DSC08222-.jpg\"><img loading=\"lazy\" decoding=\"async\" class=\"alignnone size-thumbnail wp-image-12682\" src=\"https:\/\/xn--judo-lbben-feb.de\/wp-content\/uploads\/2018\/01\/DSC08222--150x150.jpg\" alt=\"\" width=\"150\" height=\"150\" srcset=\"https:\/\/xn--judo-lbben-feb.de\/wp-content\/uploads\/2018\/01\/DSC08222--150x150.jpg 150w, https:\/\/xn--judo-lbben-feb.de\/wp-content\/uploads\/2018\/01\/DSC08222--500x500.jpg 500w, https:\/\/xn--judo-lbben-feb.de\/wp-content\/uploads\/2018\/01\/DSC08222--400x400.jpg 400w, https:\/\/xn--judo-lbben-feb.de\/wp-content\/uploads\/2018\/01\/DSC08222--80x80.jpg 80w, https:\/\/xn--judo-lbben-feb.de\/wp-content\/uploads\/2018\/01\/DSC08222--200x200.jpg 200w\" sizes=\"auto, (max-width: 150px) 100vw, 150px\" \/><\/a> <a href=\"https:\/\/xn--judo-lbben-feb.de\/wp-content\/uploads\/2018\/01\/DSC08223-.jpg\"><img loading=\"lazy\" decoding=\"async\" class=\"alignnone size-thumbnail wp-image-12683\" src=\"https:\/\/xn--judo-lbben-feb.de\/wp-content\/uploads\/2018\/01\/DSC08223--150x150.jpg\" alt=\"\" width=\"150\" height=\"150\" srcset=\"https:\/\/xn--judo-lbben-feb.de\/wp-content\/uploads\/2018\/01\/DSC08223--150x150.jpg 150w, https:\/\/xn--judo-lbben-feb.de\/wp-content\/uploads\/2018\/01\/DSC08223--500x500.jpg 500w, https:\/\/xn--judo-lbben-feb.de\/wp-content\/uploads\/2018\/01\/DSC08223--400x400.jpg 400w, https:\/\/xn--judo-lbben-feb.de\/wp-content\/uploads\/2018\/01\/DSC08223--80x80.jpg 80w, https:\/\/xn--judo-lbben-feb.de\/wp-content\/uploads\/2018\/01\/DSC08223--200x200.jpg 200w\" sizes=\"auto, (max-width: 150px) 100vw, 150px\" \/><\/a> <a href=\"https:\/\/xn--judo-lbben-feb.de\/wp-content\/uploads\/2018\/01\/DSC08235-.jpg\"><img loading=\"lazy\" decoding=\"async\" class=\"alignnone size-thumbnail wp-image-12684\" src=\"https:\/\/xn--judo-lbben-feb.de\/wp-content\/uploads\/2018\/01\/DSC08235--150x150.jpg\" alt=\"\" width=\"150\" height=\"150\" srcset=\"https:\/\/xn--judo-lbben-feb.de\/wp-content\/uploads\/2018\/01\/DSC08235--150x150.jpg 150w, https:\/\/xn--judo-lbben-feb.de\/wp-content\/uploads\/2018\/01\/DSC08235--500x500.jpg 500w, https:\/\/xn--judo-lbben-feb.de\/wp-content\/uploads\/2018\/01\/DSC08235--400x400.jpg 400w, https:\/\/xn--judo-lbben-feb.de\/wp-content\/uploads\/2018\/01\/DSC08235--80x80.jpg 80w, https:\/\/xn--judo-lbben-feb.de\/wp-content\/uploads\/2018\/01\/DSC08235--200x200.jpg 200w\" sizes=\"auto, (max-width: 150px) 100vw, 150px\" \/><\/a> <a href=\"https:\/\/xn--judo-lbben-feb.de\/wp-content\/uploads\/2018\/01\/DSC08238-.jpg\"><img loading=\"lazy\" decoding=\"async\" class=\"alignnone size-thumbnail wp-image-12685\" src=\"https:\/\/xn--judo-lbben-feb.de\/wp-content\/uploads\/2018\/01\/DSC08238--150x150.jpg\" alt=\"\" width=\"150\" height=\"150\" srcset=\"https:\/\/xn--judo-lbben-feb.de\/wp-content\/uploads\/2018\/01\/DSC08238--150x150.jpg 150w, https:\/\/xn--judo-lbben-feb.de\/wp-content\/uploads\/2018\/01\/DSC08238--500x500.jpg 500w, https:\/\/xn--judo-lbben-feb.de\/wp-content\/uploads\/2018\/01\/DSC08238--400x400.jpg 400w, https:\/\/xn--judo-lbben-feb.de\/wp-content\/uploads\/2018\/01\/DSC08238--80x80.jpg 80w, https:\/\/xn--judo-lbben-feb.de\/wp-content\/uploads\/2018\/01\/DSC08238--200x200.jpg 200w\" sizes=\"auto, (max-width: 150px) 100vw, 150px\" \/><\/a> <a href=\"https:\/\/xn--judo-lbben-feb.de\/wp-content\/uploads\/2018\/01\/DSC08242-.jpg\"><img loading=\"lazy\" decoding=\"async\" class=\"alignnone size-thumbnail wp-image-12686\" src=\"https:\/\/xn--judo-lbben-feb.de\/wp-content\/uploads\/2018\/01\/DSC08242--150x150.jpg\" alt=\"\" width=\"150\" height=\"150\" srcset=\"https:\/\/xn--judo-lbben-feb.de\/wp-content\/uploads\/2018\/01\/DSC08242--150x150.jpg 150w, https:\/\/xn--judo-lbben-feb.de\/wp-content\/uploads\/2018\/01\/DSC08242--500x500.jpg 500w, https:\/\/xn--judo-lbben-feb.de\/wp-content\/uploads\/2018\/01\/DSC08242--400x400.jpg 400w, https:\/\/xn--judo-lbben-feb.de\/wp-content\/uploads\/2018\/01\/DSC08242--80x80.jpg 80w, https:\/\/xn--judo-lbben-feb.de\/wp-content\/uploads\/2018\/01\/DSC08242--200x200.jpg 200w\" sizes=\"auto, (max-width: 150px) 100vw, 150px\" \/><\/a> <a href=\"https:\/\/xn--judo-lbben-feb.de\/wp-content\/uploads\/2012\/10\/DSC08219-.jpg\"><img loading=\"lazy\" decoding=\"async\" class=\"alignnone size-thumbnail wp-image-12690\" src=\"https:\/\/xn--judo-lbben-feb.de\/wp-content\/uploads\/2012\/10\/DSC08219--150x150.jpg\" alt=\"\" width=\"150\" height=\"150\" srcset=\"https:\/\/xn--judo-lbben-feb.de\/wp-content\/uploads\/2012\/10\/DSC08219--150x150.jpg 150w, https:\/\/xn--judo-lbben-feb.de\/wp-content\/uploads\/2012\/10\/DSC08219--500x500.jpg 500w, https:\/\/xn--judo-lbben-feb.de\/wp-content\/uploads\/2012\/10\/DSC08219--400x400.jpg 400w, https:\/\/xn--judo-lbben-feb.de\/wp-content\/uploads\/2012\/10\/DSC08219--80x80.jpg 80w, https:\/\/xn--judo-lbben-feb.de\/wp-content\/uploads\/2012\/10\/DSC08219--200x200.jpg 200w\" sizes=\"auto, (max-width: 150px) 100vw, 150px\" \/><\/a> <a href=\"https:\/\/xn--judo-lbben-feb.de\/wp-content\/uploads\/2012\/10\/DSC08220-.jpg\"><img loading=\"lazy\" decoding=\"async\" class=\"alignnone size-thumbnail wp-image-12691\" src=\"https:\/\/xn--judo-lbben-feb.de\/wp-content\/uploads\/2012\/10\/DSC08220--150x150.jpg\" alt=\"\" width=\"150\" height=\"150\" srcset=\"https:\/\/xn--judo-lbben-feb.de\/wp-content\/uploads\/2012\/10\/DSC08220--150x150.jpg 150w, https:\/\/xn--judo-lbben-feb.de\/wp-content\/uploads\/2012\/10\/DSC08220--500x500.jpg 500w, https:\/\/xn--judo-lbben-feb.de\/wp-content\/uploads\/2012\/10\/DSC08220--400x400.jpg 400w, https:\/\/xn--judo-lbben-feb.de\/wp-content\/uploads\/2012\/10\/DSC08220--80x80.jpg 80w, https:\/\/xn--judo-lbben-feb.de\/wp-content\/uploads\/2012\/10\/DSC08220--200x200.jpg 200w\" sizes=\"auto, (max-width: 150px) 100vw, 150px\" \/><\/a> <a href=\"https:\/\/xn--judo-lbben-feb.de\/wp-content\/uploads\/2012\/10\/DSC08224-.jpg\"><img loading=\"lazy\" decoding=\"async\" class=\"alignnone size-thumbnail wp-image-12692\" src=\"https:\/\/xn--judo-lbben-feb.de\/wp-content\/uploads\/2012\/10\/DSC08224--150x150.jpg\" alt=\"\" width=\"150\" height=\"150\" srcset=\"https:\/\/xn--judo-lbben-feb.de\/wp-content\/uploads\/2012\/10\/DSC08224--150x150.jpg 150w, https:\/\/xn--judo-lbben-feb.de\/wp-content\/uploads\/2012\/10\/DSC08224--500x500.jpg 500w, https:\/\/xn--judo-lbben-feb.de\/wp-content\/uploads\/2012\/10\/DSC08224--400x400.jpg 400w, https:\/\/xn--judo-lbben-feb.de\/wp-content\/uploads\/2012\/10\/DSC08224--80x80.jpg 80w, https:\/\/xn--judo-lbben-feb.de\/wp-content\/uploads\/2012\/10\/DSC08224--200x200.jpg 200w\" sizes=\"auto, (max-width: 150px) 100vw, 150px\" \/><\/a> <a href=\"https:\/\/xn--judo-lbben-feb.de\/wp-content\/uploads\/2012\/10\/DSC08225-.jpg\"><img loading=\"lazy\" decoding=\"async\" class=\"alignnone size-thumbnail wp-image-12693\" src=\"https:\/\/xn--judo-lbben-feb.de\/wp-content\/uploads\/2012\/10\/DSC08225--150x150.jpg\" alt=\"\" width=\"150\" height=\"150\" srcset=\"https:\/\/xn--judo-lbben-feb.de\/wp-content\/uploads\/2012\/10\/DSC08225--150x150.jpg 150w, https:\/\/xn--judo-lbben-feb.de\/wp-content\/uploads\/2012\/10\/DSC08225--500x500.jpg 500w, https:\/\/xn--judo-lbben-feb.de\/wp-content\/uploads\/2012\/10\/DSC08225--400x400.jpg 400w, https:\/\/xn--judo-lbben-feb.de\/wp-content\/uploads\/2012\/10\/DSC08225--80x80.jpg 80w, https:\/\/xn--judo-lbben-feb.de\/wp-content\/uploads\/2012\/10\/DSC08225--200x200.jpg 200w\" sizes=\"auto, (max-width: 150px) 100vw, 150px\" \/><\/a> <a href=\"https:\/\/xn--judo-lbben-feb.de\/wp-content\/uploads\/2012\/10\/DSC08226-.jpg\"><img loading=\"lazy\" decoding=\"async\" class=\"alignnone size-thumbnail wp-image-12694\" src=\"https:\/\/xn--judo-lbben-feb.de\/wp-content\/uploads\/2012\/10\/DSC08226--150x150.jpg\" alt=\"\" width=\"150\" height=\"150\" srcset=\"https:\/\/xn--judo-lbben-feb.de\/wp-content\/uploads\/2012\/10\/DSC08226--150x150.jpg 150w, https:\/\/xn--judo-lbben-feb.de\/wp-content\/uploads\/2012\/10\/DSC08226--500x500.jpg 500w, https:\/\/xn--judo-lbben-feb.de\/wp-content\/uploads\/2012\/10\/DSC08226--400x400.jpg 400w, https:\/\/xn--judo-lbben-feb.de\/wp-content\/uploads\/2012\/10\/DSC08226--80x80.jpg 80w, https:\/\/xn--judo-lbben-feb.de\/wp-content\/uploads\/2012\/10\/DSC08226--200x200.jpg 200w\" sizes=\"auto, (max-width: 150px) 100vw, 150px\" \/><\/a> <a href=\"https:\/\/xn--judo-lbben-feb.de\/wp-content\/uploads\/2012\/10\/DSC08227-.jpg\"><img loading=\"lazy\" decoding=\"async\" class=\"alignnone size-thumbnail wp-image-12695\" src=\"https:\/\/xn--judo-lbben-feb.de\/wp-content\/uploads\/2012\/10\/DSC08227--150x150.jpg\" alt=\"\" width=\"150\" height=\"150\" srcset=\"https:\/\/xn--judo-lbben-feb.de\/wp-content\/uploads\/2012\/10\/DSC08227--150x150.jpg 150w, https:\/\/xn--judo-lbben-feb.de\/wp-content\/uploads\/2012\/10\/DSC08227--500x500.jpg 500w, https:\/\/xn--judo-lbben-feb.de\/wp-content\/uploads\/2012\/10\/DSC08227--400x400.jpg 400w, https:\/\/xn--judo-lbben-feb.de\/wp-content\/uploads\/2012\/10\/DSC08227--80x80.jpg 80w, https:\/\/xn--judo-lbben-feb.de\/wp-content\/uploads\/2012\/10\/DSC08227--200x200.jpg 200w\" sizes=\"auto, (max-width: 150px) 100vw, 150px\" \/><\/a> <a href=\"https:\/\/xn--judo-lbben-feb.de\/wp-content\/uploads\/2012\/10\/DSC08229-.jpg\"><img loading=\"lazy\" decoding=\"async\" class=\"alignnone size-thumbnail wp-image-12696\" src=\"https:\/\/xn--judo-lbben-feb.de\/wp-content\/uploads\/2012\/10\/DSC08229--150x150.jpg\" alt=\"\" width=\"150\" height=\"150\" srcset=\"https:\/\/xn--judo-lbben-feb.de\/wp-content\/uploads\/2012\/10\/DSC08229--150x150.jpg 150w, https:\/\/xn--judo-lbben-feb.de\/wp-content\/uploads\/2012\/10\/DSC08229--500x500.jpg 500w, https:\/\/xn--judo-lbben-feb.de\/wp-content\/uploads\/2012\/10\/DSC08229--400x400.jpg 400w, https:\/\/xn--judo-lbben-feb.de\/wp-content\/uploads\/2012\/10\/DSC08229--80x80.jpg 80w, https:\/\/xn--judo-lbben-feb.de\/wp-content\/uploads\/2012\/10\/DSC08229--200x200.jpg 200w\" sizes=\"auto, (max-width: 150px) 100vw, 150px\" \/><\/a> <a href=\"https:\/\/xn--judo-lbben-feb.de\/wp-content\/uploads\/2012\/10\/DSC08230-.jpg\"><img loading=\"lazy\" decoding=\"async\" class=\"alignnone size-thumbnail wp-image-12697\" src=\"https:\/\/xn--judo-lbben-feb.de\/wp-content\/uploads\/2012\/10\/DSC08230--150x150.jpg\" alt=\"\" width=\"150\" height=\"150\" srcset=\"https:\/\/xn--judo-lbben-feb.de\/wp-content\/uploads\/2012\/10\/DSC08230--150x150.jpg 150w, https:\/\/xn--judo-lbben-feb.de\/wp-content\/uploads\/2012\/10\/DSC08230--500x500.jpg 500w, https:\/\/xn--judo-lbben-feb.de\/wp-content\/uploads\/2012\/10\/DSC08230--400x400.jpg 400w, https:\/\/xn--judo-lbben-feb.de\/wp-content\/uploads\/2012\/10\/DSC08230--80x80.jpg 80w, https:\/\/xn--judo-lbben-feb.de\/wp-content\/uploads\/2012\/10\/DSC08230--200x200.jpg 200w\" sizes=\"auto, (max-width: 150px) 100vw, 150px\" \/><\/a> <a href=\"https:\/\/xn--judo-lbben-feb.de\/wp-content\/uploads\/2012\/10\/DSC08231-.jpg\"><img loading=\"lazy\" decoding=\"async\" class=\"alignnone size-thumbnail wp-image-12698\" src=\"https:\/\/xn--judo-lbben-feb.de\/wp-content\/uploads\/2012\/10\/DSC08231--150x150.jpg\" alt=\"\" width=\"150\" height=\"150\" srcset=\"https:\/\/xn--judo-lbben-feb.de\/wp-content\/uploads\/2012\/10\/DSC08231--150x150.jpg 150w, https:\/\/xn--judo-lbben-feb.de\/wp-content\/uploads\/2012\/10\/DSC08231--500x500.jpg 500w, https:\/\/xn--judo-lbben-feb.de\/wp-content\/uploads\/2012\/10\/DSC08231--400x400.jpg 400w, https:\/\/xn--judo-lbben-feb.de\/wp-content\/uploads\/2012\/10\/DSC08231--80x80.jpg 80w, https:\/\/xn--judo-lbben-feb.de\/wp-content\/uploads\/2012\/10\/DSC08231--200x200.jpg 200w\" sizes=\"auto, (max-width: 150px) 100vw, 150px\" \/><\/a> <a href=\"https:\/\/xn--judo-lbben-feb.de\/wp-content\/uploads\/2012\/10\/DSC08232-.jpg\"><img loading=\"lazy\" decoding=\"async\" class=\"alignnone size-thumbnail wp-image-12699\" src=\"https:\/\/xn--judo-lbben-feb.de\/wp-content\/uploads\/2012\/10\/DSC08232--150x150.jpg\" alt=\"\" width=\"150\" height=\"150\" srcset=\"https:\/\/xn--judo-lbben-feb.de\/wp-content\/uploads\/2012\/10\/DSC08232--150x150.jpg 150w, https:\/\/xn--judo-lbben-feb.de\/wp-content\/uploads\/2012\/10\/DSC08232--500x500.jpg 500w, https:\/\/xn--judo-lbben-feb.de\/wp-content\/uploads\/2012\/10\/DSC08232--400x400.jpg 400w, https:\/\/xn--judo-lbben-feb.de\/wp-content\/uploads\/2012\/10\/DSC08232--80x80.jpg 80w, https:\/\/xn--judo-lbben-feb.de\/wp-content\/uploads\/2012\/10\/DSC08232--200x200.jpg 200w\" sizes=\"auto, (max-width: 150px) 100vw, 150px\" \/><\/a> <a href=\"https:\/\/xn--judo-lbben-feb.de\/wp-content\/uploads\/2012\/10\/DSC08233-.jpg\"><img loading=\"lazy\" decoding=\"async\" class=\"alignnone size-thumbnail wp-image-12700\" src=\"https:\/\/xn--judo-lbben-feb.de\/wp-content\/uploads\/2012\/10\/DSC08233--150x150.jpg\" alt=\"\" width=\"150\" height=\"150\" srcset=\"https:\/\/xn--judo-lbben-feb.de\/wp-content\/uploads\/2012\/10\/DSC08233--150x150.jpg 150w, https:\/\/xn--judo-lbben-feb.de\/wp-content\/uploads\/2012\/10\/DSC08233--500x500.jpg 500w, https:\/\/xn--judo-lbben-feb.de\/wp-content\/uploads\/2012\/10\/DSC08233--400x400.jpg 400w, https:\/\/xn--judo-lbben-feb.de\/wp-content\/uploads\/2012\/10\/DSC08233--80x80.jpg 80w, https:\/\/xn--judo-lbben-feb.de\/wp-content\/uploads\/2012\/10\/DSC08233--200x200.jpg 200w\" sizes=\"auto, (max-width: 150px) 100vw, 150px\" \/><\/a> <a href=\"https:\/\/xn--judo-lbben-feb.de\/wp-content\/uploads\/2012\/10\/DSC08234-.jpg\"><img loading=\"lazy\" decoding=\"async\" class=\"alignnone size-thumbnail wp-image-12701\" src=\"https:\/\/xn--judo-lbben-feb.de\/wp-content\/uploads\/2012\/10\/DSC08234--150x150.jpg\" alt=\"\" width=\"150\" height=\"150\" srcset=\"https:\/\/xn--judo-lbben-feb.de\/wp-content\/uploads\/2012\/10\/DSC08234--150x150.jpg 150w, https:\/\/xn--judo-lbben-feb.de\/wp-content\/uploads\/2012\/10\/DSC08234--500x500.jpg 500w, https:\/\/xn--judo-lbben-feb.de\/wp-content\/uploads\/2012\/10\/DSC08234--400x400.jpg 400w, https:\/\/xn--judo-lbben-feb.de\/wp-content\/uploads\/2012\/10\/DSC08234--80x80.jpg 80w, https:\/\/xn--judo-lbben-feb.de\/wp-content\/uploads\/2012\/10\/DSC08234--200x200.jpg 200w\" sizes=\"auto, (max-width: 150px) 100vw, 150px\" \/><\/a> <a href=\"https:\/\/xn--judo-lbben-feb.de\/wp-content\/uploads\/2012\/10\/DSC08236-.jpg\"><img loading=\"lazy\" decoding=\"async\" class=\"alignnone size-thumbnail wp-image-12702\" src=\"https:\/\/xn--judo-lbben-feb.de\/wp-content\/uploads\/2012\/10\/DSC08236--150x150.jpg\" alt=\"\" width=\"150\" height=\"150\" srcset=\"https:\/\/xn--judo-lbben-feb.de\/wp-content\/uploads\/2012\/10\/DSC08236--150x150.jpg 150w, https:\/\/xn--judo-lbben-feb.de\/wp-content\/uploads\/2012\/10\/DSC08236--500x500.jpg 500w, https:\/\/xn--judo-lbben-feb.de\/wp-content\/uploads\/2012\/10\/DSC08236--400x400.jpg 400w, https:\/\/xn--judo-lbben-feb.de\/wp-content\/uploads\/2012\/10\/DSC08236--80x80.jpg 80w, https:\/\/xn--judo-lbben-feb.de\/wp-content\/uploads\/2012\/10\/DSC08236--200x200.jpg 200w\" sizes=\"auto, (max-width: 150px) 100vw, 150px\" \/><\/a> <a href=\"https:\/\/xn--judo-lbben-feb.de\/wp-content\/uploads\/2012\/10\/DSC08237-.jpg\"><img loading=\"lazy\" decoding=\"async\" class=\"alignnone size-thumbnail wp-image-12703\" src=\"https:\/\/xn--judo-lbben-feb.de\/wp-content\/uploads\/2012\/10\/DSC08237--150x150.jpg\" alt=\"\" width=\"150\" height=\"150\" srcset=\"https:\/\/xn--judo-lbben-feb.de\/wp-content\/uploads\/2012\/10\/DSC08237--150x150.jpg 150w, https:\/\/xn--judo-lbben-feb.de\/wp-content\/uploads\/2012\/10\/DSC08237--500x500.jpg 500w, https:\/\/xn--judo-lbben-feb.de\/wp-content\/uploads\/2012\/10\/DSC08237--400x400.jpg 400w, https:\/\/xn--judo-lbben-feb.de\/wp-content\/uploads\/2012\/10\/DSC08237--80x80.jpg 80w, https:\/\/xn--judo-lbben-feb.de\/wp-content\/uploads\/2012\/10\/DSC08237--200x200.jpg 200w\" sizes=\"auto, (max-width: 150px) 100vw, 150px\" \/><\/a> <a href=\"https:\/\/xn--judo-lbben-feb.de\/wp-content\/uploads\/2012\/10\/DSC08240-.jpg\"><img loading=\"lazy\" decoding=\"async\" class=\"alignnone size-thumbnail wp-image-12704\" src=\"https:\/\/xn--judo-lbben-feb.de\/wp-content\/uploads\/2012\/10\/DSC08240--150x150.jpg\" alt=\"\" width=\"150\" height=\"150\" srcset=\"https:\/\/xn--judo-lbben-feb.de\/wp-content\/uploads\/2012\/10\/DSC08240--150x150.jpg 150w, https:\/\/xn--judo-lbben-feb.de\/wp-content\/uploads\/2012\/10\/DSC08240--500x500.jpg 500w, https:\/\/xn--judo-lbben-feb.de\/wp-content\/uploads\/2012\/10\/DSC08240--400x400.jpg 400w, https:\/\/xn--judo-lbben-feb.de\/wp-content\/uploads\/2012\/10\/DSC08240--80x80.jpg 80w, https:\/\/xn--judo-lbben-feb.de\/wp-content\/uploads\/2012\/10\/DSC08240--200x200.jpg 200w\" sizes=\"auto, (max-width: 150px) 100vw, 150px\" \/><\/a> <a href=\"https:\/\/xn--judo-lbben-feb.de\/wp-content\/uploads\/2012\/10\/DSC08241-.jpg\"><img loading=\"lazy\" decoding=\"async\" class=\"alignnone size-thumbnail wp-image-12705\" src=\"https:\/\/xn--judo-lbben-feb.de\/wp-content\/uploads\/2012\/10\/DSC08241--150x150.jpg\" alt=\"\" width=\"150\" height=\"150\" srcset=\"https:\/\/xn--judo-lbben-feb.de\/wp-content\/uploads\/2012\/10\/DSC08241--150x150.jpg 150w, https:\/\/xn--judo-lbben-feb.de\/wp-content\/uploads\/2012\/10\/DSC08241--500x500.jpg 500w, https:\/\/xn--judo-lbben-feb.de\/wp-content\/uploads\/2012\/10\/DSC08241--400x400.jpg 400w, https:\/\/xn--judo-lbben-feb.de\/wp-content\/uploads\/2012\/10\/DSC08241--80x80.jpg 80w, https:\/\/xn--judo-lbben-feb.de\/wp-content\/uploads\/2012\/10\/DSC08241--200x200.jpg 200w\" sizes=\"auto, (max-width: 150px) 100vw, 150px\" \/><\/a> <a href=\"https:\/\/xn--judo-lbben-feb.de\/wp-content\/uploads\/2012\/10\/FIM_0393-.jpg\"><img loading=\"lazy\" decoding=\"async\" class=\"alignnone size-thumbnail wp-image-12712\" src=\"https:\/\/xn--judo-lbben-feb.de\/wp-content\/uploads\/2012\/10\/FIM_0393--150x150.jpg\" alt=\"\" width=\"150\" height=\"150\" srcset=\"https:\/\/xn--judo-lbben-feb.de\/wp-content\/uploads\/2012\/10\/FIM_0393--150x150.jpg 150w, https:\/\/xn--judo-lbben-feb.de\/wp-content\/uploads\/2012\/10\/FIM_0393--500x500.jpg 500w, https:\/\/xn--judo-lbben-feb.de\/wp-content\/uploads\/2012\/10\/FIM_0393--400x400.jpg 400w, https:\/\/xn--judo-lbben-feb.de\/wp-content\/uploads\/2012\/10\/FIM_0393--80x80.jpg 80w, https:\/\/xn--judo-lbben-feb.de\/wp-content\/uploads\/2012\/10\/FIM_0393--200x200.jpg 200w\" sizes=\"auto, (max-width: 150px) 100vw, 150px\" \/><\/a> <a href=\"https:\/\/xn--judo-lbben-feb.de\/wp-content\/uploads\/2012\/10\/FIM_0396-.jpg\"><img loading=\"lazy\" decoding=\"async\" class=\"alignnone size-thumbnail wp-image-12713\" src=\"https:\/\/xn--judo-lbben-feb.de\/wp-content\/uploads\/2012\/10\/FIM_0396--150x150.jpg\" alt=\"\" width=\"150\" height=\"150\" srcset=\"https:\/\/xn--judo-lbben-feb.de\/wp-content\/uploads\/2012\/10\/FIM_0396--150x150.jpg 150w, https:\/\/xn--judo-lbben-feb.de\/wp-content\/uploads\/2012\/10\/FIM_0396--500x500.jpg 500w, https:\/\/xn--judo-lbben-feb.de\/wp-content\/uploads\/2012\/10\/FIM_0396--400x400.jpg 400w, https:\/\/xn--judo-lbben-feb.de\/wp-content\/uploads\/2012\/10\/FIM_0396--80x80.jpg 80w, https:\/\/xn--judo-lbben-feb.de\/wp-content\/uploads\/2012\/10\/FIM_0396--200x200.jpg 200w\" sizes=\"auto, (max-width: 150px) 100vw, 150px\" \/><\/a> <a href=\"https:\/\/xn--judo-lbben-feb.de\/wp-content\/uploads\/2012\/10\/FIM_0400-.jpg\"><img loading=\"lazy\" decoding=\"async\" class=\"alignnone size-thumbnail wp-image-12714\" src=\"https:\/\/xn--judo-lbben-feb.de\/wp-content\/uploads\/2012\/10\/FIM_0400--150x150.jpg\" alt=\"\" width=\"150\" height=\"150\" srcset=\"https:\/\/xn--judo-lbben-feb.de\/wp-content\/uploads\/2012\/10\/FIM_0400--150x150.jpg 150w, https:\/\/xn--judo-lbben-feb.de\/wp-content\/uploads\/2012\/10\/FIM_0400--500x500.jpg 500w, https:\/\/xn--judo-lbben-feb.de\/wp-content\/uploads\/2012\/10\/FIM_0400--400x400.jpg 400w, https:\/\/xn--judo-lbben-feb.de\/wp-content\/uploads\/2012\/10\/FIM_0400--80x80.jpg 80w, https:\/\/xn--judo-lbben-feb.de\/wp-content\/uploads\/2012\/10\/FIM_0400--200x200.jpg 200w\" sizes=\"auto, (max-width: 150px) 100vw, 150px\" \/><\/a> <a href=\"https:\/\/xn--judo-lbben-feb.de\/wp-content\/uploads\/2012\/10\/FIM_0401-.jpg\"><img loading=\"lazy\" decoding=\"async\" class=\"alignnone size-thumbnail wp-image-12715\" src=\"https:\/\/xn--judo-lbben-feb.de\/wp-content\/uploads\/2012\/10\/FIM_0401--150x150.jpg\" alt=\"\" width=\"150\" height=\"150\" srcset=\"https:\/\/xn--judo-lbben-feb.de\/wp-content\/uploads\/2012\/10\/FIM_0401--150x150.jpg 150w, https:\/\/xn--judo-lbben-feb.de\/wp-content\/uploads\/2012\/10\/FIM_0401--500x500.jpg 500w, https:\/\/xn--judo-lbben-feb.de\/wp-content\/uploads\/2012\/10\/FIM_0401--400x400.jpg 400w, https:\/\/xn--judo-lbben-feb.de\/wp-content\/uploads\/2012\/10\/FIM_0401--80x80.jpg 80w, https:\/\/xn--judo-lbben-feb.de\/wp-content\/uploads\/2012\/10\/FIM_0401--200x200.jpg 200w\" sizes=\"auto, (max-width: 150px) 100vw, 150px\" \/><\/a> <a href=\"https:\/\/xn--judo-lbben-feb.de\/wp-content\/uploads\/2012\/10\/FIM_0402-.jpg\"><img loading=\"lazy\" decoding=\"async\" class=\"alignnone size-thumbnail wp-image-12716\" src=\"https:\/\/xn--judo-lbben-feb.de\/wp-content\/uploads\/2012\/10\/FIM_0402--150x150.jpg\" alt=\"\" width=\"150\" height=\"150\" srcset=\"https:\/\/xn--judo-lbben-feb.de\/wp-content\/uploads\/2012\/10\/FIM_0402--150x150.jpg 150w, https:\/\/xn--judo-lbben-feb.de\/wp-content\/uploads\/2012\/10\/FIM_0402--500x500.jpg 500w, https:\/\/xn--judo-lbben-feb.de\/wp-content\/uploads\/2012\/10\/FIM_0402--400x400.jpg 400w, https:\/\/xn--judo-lbben-feb.de\/wp-content\/uploads\/2012\/10\/FIM_0402--80x80.jpg 80w, https:\/\/xn--judo-lbben-feb.de\/wp-content\/uploads\/2012\/10\/FIM_0402--200x200.jpg 200w\" sizes=\"auto, (max-width: 150px) 100vw, 150px\" \/><\/a> <a href=\"https:\/\/xn--judo-lbben-feb.de\/wp-content\/uploads\/2012\/10\/FIM_0431-.jpg\"><img loading=\"lazy\" decoding=\"async\" class=\"alignnone size-thumbnail wp-image-12717\" src=\"https:\/\/xn--judo-lbben-feb.de\/wp-content\/uploads\/2012\/10\/FIM_0431--150x150.jpg\" alt=\"\" width=\"150\" height=\"150\" srcset=\"https:\/\/xn--judo-lbben-feb.de\/wp-content\/uploads\/2012\/10\/FIM_0431--150x150.jpg 150w, https:\/\/xn--judo-lbben-feb.de\/wp-content\/uploads\/2012\/10\/FIM_0431--500x500.jpg 500w, https:\/\/xn--judo-lbben-feb.de\/wp-content\/uploads\/2012\/10\/FIM_0431--400x400.jpg 400w, https:\/\/xn--judo-lbben-feb.de\/wp-content\/uploads\/2012\/10\/FIM_0431--80x80.jpg 80w, https:\/\/xn--judo-lbben-feb.de\/wp-content\/uploads\/2012\/10\/FIM_0431--200x200.jpg 200w\" sizes=\"auto, (max-width: 150px) 100vw, 150px\" \/><\/a> <a href=\"https:\/\/xn--judo-lbben-feb.de\/wp-content\/uploads\/2012\/10\/FIM_0439-.jpg\"><img loading=\"lazy\" decoding=\"async\" class=\"alignnone size-thumbnail wp-image-12718\" src=\"https:\/\/xn--judo-lbben-feb.de\/wp-content\/uploads\/2012\/10\/FIM_0439--150x150.jpg\" alt=\"\" width=\"150\" height=\"150\" srcset=\"https:\/\/xn--judo-lbben-feb.de\/wp-content\/uploads\/2012\/10\/FIM_0439--150x150.jpg 150w, https:\/\/xn--judo-lbben-feb.de\/wp-content\/uploads\/2012\/10\/FIM_0439--500x500.jpg 500w, https:\/\/xn--judo-lbben-feb.de\/wp-content\/uploads\/2012\/10\/FIM_0439--400x400.jpg 400w, https:\/\/xn--judo-lbben-feb.de\/wp-content\/uploads\/2012\/10\/FIM_0439--80x80.jpg 80w, https:\/\/xn--judo-lbben-feb.de\/wp-content\/uploads\/2012\/10\/FIM_0439--200x200.jpg 200w\" sizes=\"auto, (max-width: 150px) 100vw, 150px\" \/><\/a> <a href=\"https:\/\/xn--judo-lbben-feb.de\/wp-content\/uploads\/2012\/10\/FIM_0445-.jpg\"><img loading=\"lazy\" decoding=\"async\" class=\"alignnone size-thumbnail wp-image-12719\" src=\"https:\/\/xn--judo-lbben-feb.de\/wp-content\/uploads\/2012\/10\/FIM_0445--150x150.jpg\" alt=\"\" width=\"150\" height=\"150\" srcset=\"https:\/\/xn--judo-lbben-feb.de\/wp-content\/uploads\/2012\/10\/FIM_0445--150x150.jpg 150w, https:\/\/xn--judo-lbben-feb.de\/wp-content\/uploads\/2012\/10\/FIM_0445--500x500.jpg 500w, https:\/\/xn--judo-lbben-feb.de\/wp-content\/uploads\/2012\/10\/FIM_0445--400x400.jpg 400w, https:\/\/xn--judo-lbben-feb.de\/wp-content\/uploads\/2012\/10\/FIM_0445--80x80.jpg 80w, https:\/\/xn--judo-lbben-feb.de\/wp-content\/uploads\/2012\/10\/FIM_0445--200x200.jpg 200w\" sizes=\"auto, (max-width: 150px) 100vw, 150px\" \/><\/a> <a href=\"https:\/\/xn--judo-lbben-feb.de\/wp-content\/uploads\/2012\/10\/FIM_0456-.jpg\"><img loading=\"lazy\" decoding=\"async\" class=\"alignnone size-thumbnail wp-image-12720\" src=\"https:\/\/xn--judo-lbben-feb.de\/wp-content\/uploads\/2012\/10\/FIM_0456--150x150.jpg\" alt=\"\" width=\"150\" height=\"150\" srcset=\"https:\/\/xn--judo-lbben-feb.de\/wp-content\/uploads\/2012\/10\/FIM_0456--150x150.jpg 150w, https:\/\/xn--judo-lbben-feb.de\/wp-content\/uploads\/2012\/10\/FIM_0456--500x500.jpg 500w, https:\/\/xn--judo-lbben-feb.de\/wp-content\/uploads\/2012\/10\/FIM_0456--400x400.jpg 400w, https:\/\/xn--judo-lbben-feb.de\/wp-content\/uploads\/2012\/10\/FIM_0456--80x80.jpg 80w, https:\/\/xn--judo-lbben-feb.de\/wp-content\/uploads\/2012\/10\/FIM_0456--200x200.jpg 200w\" sizes=\"auto, (max-width: 150px) 100vw, 150px\" \/><\/a> <a href=\"https:\/\/xn--judo-lbben-feb.de\/wp-content\/uploads\/2012\/10\/FIM_0457-.jpg\"><img loading=\"lazy\" decoding=\"async\" class=\"alignnone size-thumbnail wp-image-12721\" src=\"https:\/\/xn--judo-lbben-feb.de\/wp-content\/uploads\/2012\/10\/FIM_0457--150x150.jpg\" alt=\"\" width=\"150\" height=\"150\" srcset=\"https:\/\/xn--judo-lbben-feb.de\/wp-content\/uploads\/2012\/10\/FIM_0457--150x150.jpg 150w, https:\/\/xn--judo-lbben-feb.de\/wp-content\/uploads\/2012\/10\/FIM_0457--500x500.jpg 500w, https:\/\/xn--judo-lbben-feb.de\/wp-content\/uploads\/2012\/10\/FIM_0457--400x400.jpg 400w, https:\/\/xn--judo-lbben-feb.de\/wp-content\/uploads\/2012\/10\/FIM_0457--80x80.jpg 80w, https:\/\/xn--judo-lbben-feb.de\/wp-content\/uploads\/2012\/10\/FIM_0457--200x200.jpg 200w\" sizes=\"auto, (max-width: 150px) 100vw, 150px\" \/><\/a> <a href=\"https:\/\/xn--judo-lbben-feb.de\/wp-content\/uploads\/2012\/10\/FIM_0458-.jpg\"><img loading=\"lazy\" decoding=\"async\" class=\"alignnone size-thumbnail wp-image-12722\" src=\"https:\/\/xn--judo-lbben-feb.de\/wp-content\/uploads\/2012\/10\/FIM_0458--150x150.jpg\" alt=\"\" width=\"150\" height=\"150\" srcset=\"https:\/\/xn--judo-lbben-feb.de\/wp-content\/uploads\/2012\/10\/FIM_0458--150x150.jpg 150w, https:\/\/xn--judo-lbben-feb.de\/wp-content\/uploads\/2012\/10\/FIM_0458--500x500.jpg 500w, https:\/\/xn--judo-lbben-feb.de\/wp-content\/uploads\/2012\/10\/FIM_0458--400x400.jpg 400w, https:\/\/xn--judo-lbben-feb.de\/wp-content\/uploads\/2012\/10\/FIM_0458--80x80.jpg 80w, https:\/\/xn--judo-lbben-feb.de\/wp-content\/uploads\/2012\/10\/FIM_0458--200x200.jpg 200w\" sizes=\"auto, (max-width: 150px) 100vw, 150px\" \/><\/a> <a href=\"https:\/\/xn--judo-lbben-feb.de\/wp-content\/uploads\/2012\/10\/FIM_0462-.jpg\"><img loading=\"lazy\" decoding=\"async\" class=\"alignnone size-thumbnail wp-image-12723\" src=\"https:\/\/xn--judo-lbben-feb.de\/wp-content\/uploads\/2012\/10\/FIM_0462--150x150.jpg\" alt=\"\" width=\"150\" height=\"150\" srcset=\"https:\/\/xn--judo-lbben-feb.de\/wp-content\/uploads\/2012\/10\/FIM_0462--150x150.jpg 150w, https:\/\/xn--judo-lbben-feb.de\/wp-content\/uploads\/2012\/10\/FIM_0462--500x500.jpg 500w, https:\/\/xn--judo-lbben-feb.de\/wp-content\/uploads\/2012\/10\/FIM_0462--400x400.jpg 400w, https:\/\/xn--judo-lbben-feb.de\/wp-content\/uploads\/2012\/10\/FIM_0462--80x80.jpg 80w, https:\/\/xn--judo-lbben-feb.de\/wp-content\/uploads\/2012\/10\/FIM_0462--200x200.jpg 200w\" sizes=\"auto, (max-width: 150px) 100vw, 150px\" \/><\/a><\/p>\n<p style=\"text-align: center;\"><strong>Weihnachtsfeier 2017<br \/>\n<\/strong><\/p>\n<p style=\"text-align: center;\"><a href=\"https:\/\/xn--judo-lbben-feb.de\/wp-content\/uploads\/2017\/12\/DSC08111-.jpg\"><img loading=\"lazy\" decoding=\"async\" class=\"alignnone size-thumbnail wp-image-12625\" src=\"https:\/\/xn--judo-lbben-feb.de\/wp-content\/uploads\/2017\/12\/DSC08111--150x150.jpg\" alt=\"\" width=\"150\" height=\"150\" srcset=\"https:\/\/xn--judo-lbben-feb.de\/wp-content\/uploads\/2017\/12\/DSC08111--150x150.jpg 150w, https:\/\/xn--judo-lbben-feb.de\/wp-content\/uploads\/2017\/12\/DSC08111--500x500.jpg 500w, https:\/\/xn--judo-lbben-feb.de\/wp-content\/uploads\/2017\/12\/DSC08111--400x400.jpg 400w, https:\/\/xn--judo-lbben-feb.de\/wp-content\/uploads\/2017\/12\/DSC08111--80x80.jpg 80w, https:\/\/xn--judo-lbben-feb.de\/wp-content\/uploads\/2017\/12\/DSC08111--200x200.jpg 200w\" sizes=\"auto, (max-width: 150px) 100vw, 150px\" \/><\/a> <a href=\"https:\/\/xn--judo-lbben-feb.de\/wp-content\/uploads\/2017\/12\/DSC08112-.jpg\"><img loading=\"lazy\" decoding=\"async\" class=\"alignnone size-thumbnail wp-image-12626\" src=\"https:\/\/xn--judo-lbben-feb.de\/wp-content\/uploads\/2017\/12\/DSC08112--150x150.jpg\" alt=\"\" width=\"150\" height=\"150\" srcset=\"https:\/\/xn--judo-lbben-feb.de\/wp-content\/uploads\/2017\/12\/DSC08112--150x150.jpg 150w, https:\/\/xn--judo-lbben-feb.de\/wp-content\/uploads\/2017\/12\/DSC08112--500x500.jpg 500w, https:\/\/xn--judo-lbben-feb.de\/wp-content\/uploads\/2017\/12\/DSC08112--400x400.jpg 400w, https:\/\/xn--judo-lbben-feb.de\/wp-content\/uploads\/2017\/12\/DSC08112--80x80.jpg 80w, https:\/\/xn--judo-lbben-feb.de\/wp-content\/uploads\/2017\/12\/DSC08112--200x200.jpg 200w\" sizes=\"auto, (max-width: 150px) 100vw, 150px\" \/><\/a> <a href=\"https:\/\/xn--judo-lbben-feb.de\/wp-content\/uploads\/2017\/12\/DSC08113-.jpg\"><img loading=\"lazy\" decoding=\"async\" class=\"alignnone size-thumbnail wp-image-12627\" src=\"https:\/\/xn--judo-lbben-feb.de\/wp-content\/uploads\/2017\/12\/DSC08113--150x150.jpg\" alt=\"\" width=\"150\" height=\"150\" srcset=\"https:\/\/xn--judo-lbben-feb.de\/wp-content\/uploads\/2017\/12\/DSC08113--150x150.jpg 150w, https:\/\/xn--judo-lbben-feb.de\/wp-content\/uploads\/2017\/12\/DSC08113--500x500.jpg 500w, https:\/\/xn--judo-lbben-feb.de\/wp-content\/uploads\/2017\/12\/DSC08113--400x400.jpg 400w, https:\/\/xn--judo-lbben-feb.de\/wp-content\/uploads\/2017\/12\/DSC08113--80x80.jpg 80w, https:\/\/xn--judo-lbben-feb.de\/wp-content\/uploads\/2017\/12\/DSC08113--200x200.jpg 200w\" sizes=\"auto, (max-width: 150px) 100vw, 150px\" \/><\/a> <a href=\"https:\/\/xn--judo-lbben-feb.de\/wp-content\/uploads\/2017\/12\/DSC08116-.jpg\"><img loading=\"lazy\" decoding=\"async\" class=\"alignnone size-thumbnail wp-image-12629\" src=\"https:\/\/xn--judo-lbben-feb.de\/wp-content\/uploads\/2017\/12\/DSC08116--150x150.jpg\" alt=\"\" width=\"150\" height=\"150\" srcset=\"https:\/\/xn--judo-lbben-feb.de\/wp-content\/uploads\/2017\/12\/DSC08116--150x150.jpg 150w, https:\/\/xn--judo-lbben-feb.de\/wp-content\/uploads\/2017\/12\/DSC08116--500x500.jpg 500w, https:\/\/xn--judo-lbben-feb.de\/wp-content\/uploads\/2017\/12\/DSC08116--400x400.jpg 400w, https:\/\/xn--judo-lbben-feb.de\/wp-content\/uploads\/2017\/12\/DSC08116--80x80.jpg 80w, https:\/\/xn--judo-lbben-feb.de\/wp-content\/uploads\/2017\/12\/DSC08116--200x200.jpg 200w\" sizes=\"auto, (max-width: 150px) 100vw, 150px\" \/><\/a> <a href=\"https:\/\/xn--judo-lbben-feb.de\/wp-content\/uploads\/2017\/12\/DSC08117-.jpg\"><img loading=\"lazy\" decoding=\"async\" class=\"alignnone size-thumbnail wp-image-12630\" src=\"https:\/\/xn--judo-lbben-feb.de\/wp-content\/uploads\/2017\/12\/DSC08117--150x150.jpg\" alt=\"\" width=\"150\" height=\"150\" srcset=\"https:\/\/xn--judo-lbben-feb.de\/wp-content\/uploads\/2017\/12\/DSC08117--150x150.jpg 150w, https:\/\/xn--judo-lbben-feb.de\/wp-content\/uploads\/2017\/12\/DSC08117--500x500.jpg 500w, https:\/\/xn--judo-lbben-feb.de\/wp-content\/uploads\/2017\/12\/DSC08117--400x400.jpg 400w, https:\/\/xn--judo-lbben-feb.de\/wp-content\/uploads\/2017\/12\/DSC08117--80x80.jpg 80w, https:\/\/xn--judo-lbben-feb.de\/wp-content\/uploads\/2017\/12\/DSC08117--200x200.jpg 200w\" sizes=\"auto, (max-width: 150px) 100vw, 150px\" \/><\/a> <a href=\"https:\/\/xn--judo-lbben-feb.de\/wp-content\/uploads\/2017\/12\/DSC08118-.jpg\"><img loading=\"lazy\" decoding=\"async\" class=\"alignnone size-thumbnail wp-image-12631\" src=\"https:\/\/xn--judo-lbben-feb.de\/wp-content\/uploads\/2017\/12\/DSC08118--150x150.jpg\" alt=\"\" width=\"150\" height=\"150\" srcset=\"https:\/\/xn--judo-lbben-feb.de\/wp-content\/uploads\/2017\/12\/DSC08118--150x150.jpg 150w, https:\/\/xn--judo-lbben-feb.de\/wp-content\/uploads\/2017\/12\/DSC08118--500x500.jpg 500w, https:\/\/xn--judo-lbben-feb.de\/wp-content\/uploads\/2017\/12\/DSC08118--400x400.jpg 400w, https:\/\/xn--judo-lbben-feb.de\/wp-content\/uploads\/2017\/12\/DSC08118--80x80.jpg 80w, https:\/\/xn--judo-lbben-feb.de\/wp-content\/uploads\/2017\/12\/DSC08118--200x200.jpg 200w\" sizes=\"auto, (max-width: 150px) 100vw, 150px\" \/><\/a> <a href=\"https:\/\/xn--judo-lbben-feb.de\/wp-content\/uploads\/2017\/12\/DSC08120-.jpg\"><img loading=\"lazy\" decoding=\"async\" class=\"alignnone size-thumbnail wp-image-12632\" src=\"https:\/\/xn--judo-lbben-feb.de\/wp-content\/uploads\/2017\/12\/DSC08120--150x150.jpg\" alt=\"\" width=\"150\" height=\"150\" srcset=\"https:\/\/xn--judo-lbben-feb.de\/wp-content\/uploads\/2017\/12\/DSC08120--150x150.jpg 150w, https:\/\/xn--judo-lbben-feb.de\/wp-content\/uploads\/2017\/12\/DSC08120--500x500.jpg 500w, https:\/\/xn--judo-lbben-feb.de\/wp-content\/uploads\/2017\/12\/DSC08120--400x400.jpg 400w, https:\/\/xn--judo-lbben-feb.de\/wp-content\/uploads\/2017\/12\/DSC08120--80x80.jpg 80w, https:\/\/xn--judo-lbben-feb.de\/wp-content\/uploads\/2017\/12\/DSC08120--200x200.jpg 200w\" sizes=\"auto, (max-width: 150px) 100vw, 150px\" \/><\/a> <a href=\"https:\/\/xn--judo-lbben-feb.de\/wp-content\/uploads\/2017\/12\/DSC08121-.jpg\"><img loading=\"lazy\" decoding=\"async\" class=\"alignnone size-thumbnail wp-image-12633\" src=\"https:\/\/xn--judo-lbben-feb.de\/wp-content\/uploads\/2017\/12\/DSC08121--150x150.jpg\" alt=\"\" width=\"150\" height=\"150\" srcset=\"https:\/\/xn--judo-lbben-feb.de\/wp-content\/uploads\/2017\/12\/DSC08121--150x150.jpg 150w, https:\/\/xn--judo-lbben-feb.de\/wp-content\/uploads\/2017\/12\/DSC08121--500x500.jpg 500w, https:\/\/xn--judo-lbben-feb.de\/wp-content\/uploads\/2017\/12\/DSC08121--400x400.jpg 400w, https:\/\/xn--judo-lbben-feb.de\/wp-content\/uploads\/2017\/12\/DSC08121--80x80.jpg 80w, https:\/\/xn--judo-lbben-feb.de\/wp-content\/uploads\/2017\/12\/DSC08121--200x200.jpg 200w\" sizes=\"auto, (max-width: 150px) 100vw, 150px\" \/><\/a> <a href=\"https:\/\/xn--judo-lbben-feb.de\/wp-content\/uploads\/2017\/12\/DSC08131-.jpg\"><img loading=\"lazy\" decoding=\"async\" class=\"alignnone size-thumbnail wp-image-12642\" src=\"https:\/\/xn--judo-lbben-feb.de\/wp-content\/uploads\/2017\/12\/DSC08131--150x150.jpg\" alt=\"\" width=\"150\" height=\"150\" srcset=\"https:\/\/xn--judo-lbben-feb.de\/wp-content\/uploads\/2017\/12\/DSC08131--150x150.jpg 150w, https:\/\/xn--judo-lbben-feb.de\/wp-content\/uploads\/2017\/12\/DSC08131--500x500.jpg 500w, https:\/\/xn--judo-lbben-feb.de\/wp-content\/uploads\/2017\/12\/DSC08131--400x400.jpg 400w, https:\/\/xn--judo-lbben-feb.de\/wp-content\/uploads\/2017\/12\/DSC08131--80x80.jpg 80w, https:\/\/xn--judo-lbben-feb.de\/wp-content\/uploads\/2017\/12\/DSC08131--200x200.jpg 200w\" sizes=\"auto, (max-width: 150px) 100vw, 150px\" \/><\/a> <a href=\"https:\/\/xn--judo-lbben-feb.de\/wp-content\/uploads\/2017\/12\/DSC08130-.jpg\"><img loading=\"lazy\" decoding=\"async\" class=\"alignnone size-thumbnail wp-image-12641\" src=\"https:\/\/xn--judo-lbben-feb.de\/wp-content\/uploads\/2017\/12\/DSC08130--150x150.jpg\" alt=\"\" width=\"150\" height=\"150\" srcset=\"https:\/\/xn--judo-lbben-feb.de\/wp-content\/uploads\/2017\/12\/DSC08130--150x150.jpg 150w, https:\/\/xn--judo-lbben-feb.de\/wp-content\/uploads\/2017\/12\/DSC08130--500x500.jpg 500w, https:\/\/xn--judo-lbben-feb.de\/wp-content\/uploads\/2017\/12\/DSC08130--400x400.jpg 400w, https:\/\/xn--judo-lbben-feb.de\/wp-content\/uploads\/2017\/12\/DSC08130--80x80.jpg 80w, https:\/\/xn--judo-lbben-feb.de\/wp-content\/uploads\/2017\/12\/DSC08130--200x200.jpg 200w\" sizes=\"auto, (max-width: 150px) 100vw, 150px\" \/><\/a> <a href=\"https:\/\/xn--judo-lbben-feb.de\/wp-content\/uploads\/2017\/12\/DSC08128-.jpg\"><img loading=\"lazy\" decoding=\"async\" class=\"alignnone size-thumbnail wp-image-12640\" src=\"https:\/\/xn--judo-lbben-feb.de\/wp-content\/uploads\/2017\/12\/DSC08128--150x150.jpg\" alt=\"\" width=\"150\" height=\"150\" srcset=\"https:\/\/xn--judo-lbben-feb.de\/wp-content\/uploads\/2017\/12\/DSC08128--150x150.jpg 150w, https:\/\/xn--judo-lbben-feb.de\/wp-content\/uploads\/2017\/12\/DSC08128--500x500.jpg 500w, https:\/\/xn--judo-lbben-feb.de\/wp-content\/uploads\/2017\/12\/DSC08128--400x400.jpg 400w, https:\/\/xn--judo-lbben-feb.de\/wp-content\/uploads\/2017\/12\/DSC08128--80x80.jpg 80w, https:\/\/xn--judo-lbben-feb.de\/wp-content\/uploads\/2017\/12\/DSC08128--200x200.jpg 200w\" sizes=\"auto, (max-width: 150px) 100vw, 150px\" \/><\/a> <a href=\"https:\/\/xn--judo-lbben-feb.de\/wp-content\/uploads\/2017\/12\/DSC08127-.jpg\"><img loading=\"lazy\" decoding=\"async\" class=\"alignnone size-thumbnail wp-image-12639\" src=\"https:\/\/xn--judo-lbben-feb.de\/wp-content\/uploads\/2017\/12\/DSC08127--150x150.jpg\" alt=\"\" width=\"150\" height=\"150\" srcset=\"https:\/\/xn--judo-lbben-feb.de\/wp-content\/uploads\/2017\/12\/DSC08127--150x150.jpg 150w, https:\/\/xn--judo-lbben-feb.de\/wp-content\/uploads\/2017\/12\/DSC08127--500x500.jpg 500w, https:\/\/xn--judo-lbben-feb.de\/wp-content\/uploads\/2017\/12\/DSC08127--400x400.jpg 400w, https:\/\/xn--judo-lbben-feb.de\/wp-content\/uploads\/2017\/12\/DSC08127--80x80.jpg 80w, https:\/\/xn--judo-lbben-feb.de\/wp-content\/uploads\/2017\/12\/DSC08127--200x200.jpg 200w\" sizes=\"auto, (max-width: 150px) 100vw, 150px\" \/><\/a> <a href=\"https:\/\/xn--judo-lbben-feb.de\/wp-content\/uploads\/2017\/12\/DSC08126-.jpg\"><img loading=\"lazy\" decoding=\"async\" class=\"alignnone size-thumbnail wp-image-12638\" src=\"https:\/\/xn--judo-lbben-feb.de\/wp-content\/uploads\/2017\/12\/DSC08126--150x150.jpg\" alt=\"\" width=\"150\" height=\"150\" srcset=\"https:\/\/xn--judo-lbben-feb.de\/wp-content\/uploads\/2017\/12\/DSC08126--150x150.jpg 150w, https:\/\/xn--judo-lbben-feb.de\/wp-content\/uploads\/2017\/12\/DSC08126--500x500.jpg 500w, https:\/\/xn--judo-lbben-feb.de\/wp-content\/uploads\/2017\/12\/DSC08126--400x400.jpg 400w, https:\/\/xn--judo-lbben-feb.de\/wp-content\/uploads\/2017\/12\/DSC08126--80x80.jpg 80w, https:\/\/xn--judo-lbben-feb.de\/wp-content\/uploads\/2017\/12\/DSC08126--200x200.jpg 200w\" sizes=\"auto, (max-width: 150px) 100vw, 150px\" \/><\/a> <a href=\"https:\/\/xn--judo-lbben-feb.de\/wp-content\/uploads\/2017\/12\/DSC08125-.jpg\"><img loading=\"lazy\" decoding=\"async\" class=\"alignnone size-thumbnail wp-image-12637\" src=\"https:\/\/xn--judo-lbben-feb.de\/wp-content\/uploads\/2017\/12\/DSC08125--150x150.jpg\" alt=\"\" width=\"150\" height=\"150\" srcset=\"https:\/\/xn--judo-lbben-feb.de\/wp-content\/uploads\/2017\/12\/DSC08125--150x150.jpg 150w, https:\/\/xn--judo-lbben-feb.de\/wp-content\/uploads\/2017\/12\/DSC08125--500x500.jpg 500w, https:\/\/xn--judo-lbben-feb.de\/wp-content\/uploads\/2017\/12\/DSC08125--400x400.jpg 400w, https:\/\/xn--judo-lbben-feb.de\/wp-content\/uploads\/2017\/12\/DSC08125--80x80.jpg 80w, https:\/\/xn--judo-lbben-feb.de\/wp-content\/uploads\/2017\/12\/DSC08125--200x200.jpg 200w\" sizes=\"auto, (max-width: 150px) 100vw, 150px\" \/><\/a> <a href=\"https:\/\/xn--judo-lbben-feb.de\/wp-content\/uploads\/2017\/12\/DSC08124-.jpg\"><img loading=\"lazy\" decoding=\"async\" class=\"alignnone size-thumbnail wp-image-12636\" src=\"https:\/\/xn--judo-lbben-feb.de\/wp-content\/uploads\/2017\/12\/DSC08124--150x150.jpg\" alt=\"\" width=\"150\" height=\"150\" srcset=\"https:\/\/xn--judo-lbben-feb.de\/wp-content\/uploads\/2017\/12\/DSC08124--150x150.jpg 150w, https:\/\/xn--judo-lbben-feb.de\/wp-content\/uploads\/2017\/12\/DSC08124--500x500.jpg 500w, https:\/\/xn--judo-lbben-feb.de\/wp-content\/uploads\/2017\/12\/DSC08124--400x400.jpg 400w, https:\/\/xn--judo-lbben-feb.de\/wp-content\/uploads\/2017\/12\/DSC08124--80x80.jpg 80w, https:\/\/xn--judo-lbben-feb.de\/wp-content\/uploads\/2017\/12\/DSC08124--200x200.jpg 200w\" sizes=\"auto, (max-width: 150px) 100vw, 150px\" \/><\/a> <a href=\"https:\/\/xn--judo-lbben-feb.de\/wp-content\/uploads\/2017\/12\/DSC08123-.jpg\"><img loading=\"lazy\" decoding=\"async\" class=\"alignnone size-thumbnail wp-image-12635\" src=\"https:\/\/xn--judo-lbben-feb.de\/wp-content\/uploads\/2017\/12\/DSC08123--150x150.jpg\" alt=\"\" width=\"150\" height=\"150\" srcset=\"https:\/\/xn--judo-lbben-feb.de\/wp-content\/uploads\/2017\/12\/DSC08123--150x150.jpg 150w, https:\/\/xn--judo-lbben-feb.de\/wp-content\/uploads\/2017\/12\/DSC08123--500x500.jpg 500w, https:\/\/xn--judo-lbben-feb.de\/wp-content\/uploads\/2017\/12\/DSC08123--400x400.jpg 400w, https:\/\/xn--judo-lbben-feb.de\/wp-content\/uploads\/2017\/12\/DSC08123--80x80.jpg 80w, https:\/\/xn--judo-lbben-feb.de\/wp-content\/uploads\/2017\/12\/DSC08123--200x200.jpg 200w\" sizes=\"auto, (max-width: 150px) 100vw, 150px\" \/><\/a> <a href=\"https:\/\/xn--judo-lbben-feb.de\/wp-content\/uploads\/2017\/12\/DSC08122-.jpg\"><img loading=\"lazy\" decoding=\"async\" class=\"alignnone size-thumbnail wp-image-12634\" src=\"https:\/\/xn--judo-lbben-feb.de\/wp-content\/uploads\/2017\/12\/DSC08122--150x150.jpg\" alt=\"\" width=\"150\" height=\"150\" srcset=\"https:\/\/xn--judo-lbben-feb.de\/wp-content\/uploads\/2017\/12\/DSC08122--150x150.jpg 150w, https:\/\/xn--judo-lbben-feb.de\/wp-content\/uploads\/2017\/12\/DSC08122--500x500.jpg 500w, https:\/\/xn--judo-lbben-feb.de\/wp-content\/uploads\/2017\/12\/DSC08122--400x400.jpg 400w, https:\/\/xn--judo-lbben-feb.de\/wp-content\/uploads\/2017\/12\/DSC08122--80x80.jpg 80w, https:\/\/xn--judo-lbben-feb.de\/wp-content\/uploads\/2017\/12\/DSC08122--200x200.jpg 200w\" sizes=\"auto, (max-width: 150px) 100vw, 150px\" \/><\/a> <a href=\"https:\/\/xn--judo-lbben-feb.de\/wp-content\/uploads\/2017\/12\/DSC08133-.jpg\"><img loading=\"lazy\" decoding=\"async\" class=\"alignnone size-thumbnail wp-image-12644\" src=\"https:\/\/xn--judo-lbben-feb.de\/wp-content\/uploads\/2017\/12\/DSC08133--150x150.jpg\" alt=\"\" width=\"150\" height=\"150\" srcset=\"https:\/\/xn--judo-lbben-feb.de\/wp-content\/uploads\/2017\/12\/DSC08133--150x150.jpg 150w, https:\/\/xn--judo-lbben-feb.de\/wp-content\/uploads\/2017\/12\/DSC08133--500x500.jpg 500w, https:\/\/xn--judo-lbben-feb.de\/wp-content\/uploads\/2017\/12\/DSC08133--400x400.jpg 400w, https:\/\/xn--judo-lbben-feb.de\/wp-content\/uploads\/2017\/12\/DSC08133--80x80.jpg 80w, https:\/\/xn--judo-lbben-feb.de\/wp-content\/uploads\/2017\/12\/DSC08133--200x200.jpg 200w\" sizes=\"auto, (max-width: 150px) 100vw, 150px\" \/><\/a> <a href=\"https:\/\/xn--judo-lbben-feb.de\/wp-content\/uploads\/2017\/12\/DSC08134-.jpg\"><img loading=\"lazy\" decoding=\"async\" class=\"alignnone size-thumbnail wp-image-12645\" src=\"https:\/\/xn--judo-lbben-feb.de\/wp-content\/uploads\/2017\/12\/DSC08134--150x150.jpg\" alt=\"\" width=\"150\" height=\"150\" srcset=\"https:\/\/xn--judo-lbben-feb.de\/wp-content\/uploads\/2017\/12\/DSC08134--150x150.jpg 150w, https:\/\/xn--judo-lbben-feb.de\/wp-content\/uploads\/2017\/12\/DSC08134--500x500.jpg 500w, https:\/\/xn--judo-lbben-feb.de\/wp-content\/uploads\/2017\/12\/DSC08134--400x400.jpg 400w, https:\/\/xn--judo-lbben-feb.de\/wp-content\/uploads\/2017\/12\/DSC08134--80x80.jpg 80w, https:\/\/xn--judo-lbben-feb.de\/wp-content\/uploads\/2017\/12\/DSC08134--200x200.jpg 200w\" sizes=\"auto, (max-width: 150px) 100vw, 150px\" \/><\/a> <a href=\"https:\/\/xn--judo-lbben-feb.de\/wp-content\/uploads\/2017\/12\/DSC08135-.jpg\"><img loading=\"lazy\" decoding=\"async\" class=\"alignnone size-thumbnail wp-image-12646\" src=\"https:\/\/xn--judo-lbben-feb.de\/wp-content\/uploads\/2017\/12\/DSC08135--150x150.jpg\" alt=\"\" width=\"150\" height=\"150\" srcset=\"https:\/\/xn--judo-lbben-feb.de\/wp-content\/uploads\/2017\/12\/DSC08135--150x150.jpg 150w, https:\/\/xn--judo-lbben-feb.de\/wp-content\/uploads\/2017\/12\/DSC08135--500x500.jpg 500w, https:\/\/xn--judo-lbben-feb.de\/wp-content\/uploads\/2017\/12\/DSC08135--400x400.jpg 400w, https:\/\/xn--judo-lbben-feb.de\/wp-content\/uploads\/2017\/12\/DSC08135--80x80.jpg 80w, https:\/\/xn--judo-lbben-feb.de\/wp-content\/uploads\/2017\/12\/DSC08135--200x200.jpg 200w\" sizes=\"auto, (max-width: 150px) 100vw, 150px\" \/><\/a> <a href=\"https:\/\/xn--judo-lbben-feb.de\/wp-content\/uploads\/2017\/12\/DSC08136-.jpg\"><img loading=\"lazy\" decoding=\"async\" class=\"alignnone size-thumbnail wp-image-12647\" src=\"https:\/\/xn--judo-lbben-feb.de\/wp-content\/uploads\/2017\/12\/DSC08136--150x150.jpg\" alt=\"\" width=\"150\" height=\"150\" srcset=\"https:\/\/xn--judo-lbben-feb.de\/wp-content\/uploads\/2017\/12\/DSC08136--150x150.jpg 150w, https:\/\/xn--judo-lbben-feb.de\/wp-content\/uploads\/2017\/12\/DSC08136--500x500.jpg 500w, https:\/\/xn--judo-lbben-feb.de\/wp-content\/uploads\/2017\/12\/DSC08136--400x400.jpg 400w, https:\/\/xn--judo-lbben-feb.de\/wp-content\/uploads\/2017\/12\/DSC08136--80x80.jpg 80w, https:\/\/xn--judo-lbben-feb.de\/wp-content\/uploads\/2017\/12\/DSC08136--200x200.jpg 200w\" sizes=\"auto, (max-width: 150px) 100vw, 150px\" \/><\/a> <a href=\"https:\/\/xn--judo-lbben-feb.de\/wp-content\/uploads\/2017\/12\/DSC08138-.jpg\"><img loading=\"lazy\" decoding=\"async\" class=\"alignnone size-thumbnail wp-image-12648\" src=\"https:\/\/xn--judo-lbben-feb.de\/wp-content\/uploads\/2017\/12\/DSC08138--150x150.jpg\" alt=\"\" width=\"150\" height=\"150\" srcset=\"https:\/\/xn--judo-lbben-feb.de\/wp-content\/uploads\/2017\/12\/DSC08138--150x150.jpg 150w, https:\/\/xn--judo-lbben-feb.de\/wp-content\/uploads\/2017\/12\/DSC08138--500x500.jpg 500w, https:\/\/xn--judo-lbben-feb.de\/wp-content\/uploads\/2017\/12\/DSC08138--400x400.jpg 400w, https:\/\/xn--judo-lbben-feb.de\/wp-content\/uploads\/2017\/12\/DSC08138--80x80.jpg 80w, https:\/\/xn--judo-lbben-feb.de\/wp-content\/uploads\/2017\/12\/DSC08138--200x200.jpg 200w\" sizes=\"auto, (max-width: 150px) 100vw, 150px\" \/><\/a> <a href=\"https:\/\/xn--judo-lbben-feb.de\/wp-content\/uploads\/2017\/12\/DSC08139-.jpg\"><img loading=\"lazy\" decoding=\"async\" class=\"alignnone size-thumbnail wp-image-12649\" src=\"https:\/\/xn--judo-lbben-feb.de\/wp-content\/uploads\/2017\/12\/DSC08139--150x150.jpg\" alt=\"\" width=\"150\" height=\"150\" srcset=\"https:\/\/xn--judo-lbben-feb.de\/wp-content\/uploads\/2017\/12\/DSC08139--150x150.jpg 150w, https:\/\/xn--judo-lbben-feb.de\/wp-content\/uploads\/2017\/12\/DSC08139--500x500.jpg 500w, https:\/\/xn--judo-lbben-feb.de\/wp-content\/uploads\/2017\/12\/DSC08139--400x400.jpg 400w, https:\/\/xn--judo-lbben-feb.de\/wp-content\/uploads\/2017\/12\/DSC08139--80x80.jpg 80w, https:\/\/xn--judo-lbben-feb.de\/wp-content\/uploads\/2017\/12\/DSC08139--200x200.jpg 200w\" sizes=\"auto, (max-width: 150px) 100vw, 150px\" \/><\/a> <a href=\"https:\/\/xn--judo-lbben-feb.de\/wp-content\/uploads\/2017\/12\/DSC08140-.jpg\"><img loading=\"lazy\" decoding=\"async\" class=\"alignnone size-thumbnail wp-image-12650\" src=\"https:\/\/xn--judo-lbben-feb.de\/wp-content\/uploads\/2017\/12\/DSC08140--150x150.jpg\" alt=\"\" width=\"150\" height=\"150\" srcset=\"https:\/\/xn--judo-lbben-feb.de\/wp-content\/uploads\/2017\/12\/DSC08140--150x150.jpg 150w, https:\/\/xn--judo-lbben-feb.de\/wp-content\/uploads\/2017\/12\/DSC08140--500x500.jpg 500w, https:\/\/xn--judo-lbben-feb.de\/wp-content\/uploads\/2017\/12\/DSC08140--400x400.jpg 400w, https:\/\/xn--judo-lbben-feb.de\/wp-content\/uploads\/2017\/12\/DSC08140--80x80.jpg 80w, https:\/\/xn--judo-lbben-feb.de\/wp-content\/uploads\/2017\/12\/DSC08140--200x200.jpg 200w\" sizes=\"auto, (max-width: 150px) 100vw, 150px\" \/><\/a> <a href=\"https:\/\/xn--judo-lbben-feb.de\/wp-content\/uploads\/2017\/12\/DSC08141-.jpg\"><img loading=\"lazy\" decoding=\"async\" class=\"alignnone size-thumbnail wp-image-12651\" src=\"https:\/\/xn--judo-lbben-feb.de\/wp-content\/uploads\/2017\/12\/DSC08141--150x150.jpg\" alt=\"\" width=\"150\" height=\"150\" srcset=\"https:\/\/xn--judo-lbben-feb.de\/wp-content\/uploads\/2017\/12\/DSC08141--150x150.jpg 150w, https:\/\/xn--judo-lbben-feb.de\/wp-content\/uploads\/2017\/12\/DSC08141--500x500.jpg 500w, https:\/\/xn--judo-lbben-feb.de\/wp-content\/uploads\/2017\/12\/DSC08141--400x400.jpg 400w, https:\/\/xn--judo-lbben-feb.de\/wp-content\/uploads\/2017\/12\/DSC08141--80x80.jpg 80w, https:\/\/xn--judo-lbben-feb.de\/wp-content\/uploads\/2017\/12\/DSC08141--200x200.jpg 200w\" sizes=\"auto, (max-width: 150px) 100vw, 150px\" \/><\/a> <a href=\"https:\/\/xn--judo-lbben-feb.de\/wp-content\/uploads\/2017\/12\/DSC08132-.jpg\"><img loading=\"lazy\" decoding=\"async\" class=\"alignnone size-thumbnail wp-image-12643\" src=\"https:\/\/xn--judo-lbben-feb.de\/wp-content\/uploads\/2017\/12\/DSC08132--150x150.jpg\" alt=\"\" width=\"150\" height=\"150\" srcset=\"https:\/\/xn--judo-lbben-feb.de\/wp-content\/uploads\/2017\/12\/DSC08132--150x150.jpg 150w, https:\/\/xn--judo-lbben-feb.de\/wp-content\/uploads\/2017\/12\/DSC08132--500x500.jpg 500w, https:\/\/xn--judo-lbben-feb.de\/wp-content\/uploads\/2017\/12\/DSC08132--400x400.jpg 400w, https:\/\/xn--judo-lbben-feb.de\/wp-content\/uploads\/2017\/12\/DSC08132--80x80.jpg 80w, https:\/\/xn--judo-lbben-feb.de\/wp-content\/uploads\/2017\/12\/DSC08132--200x200.jpg 200w\" sizes=\"auto, (max-width: 150px) 100vw, 150px\" \/><\/a> <a href=\"https:\/\/xn--judo-lbben-feb.de\/wp-content\/uploads\/2017\/12\/DSC08142-.jpg\"><img loading=\"lazy\" decoding=\"async\" class=\"alignnone size-thumbnail wp-image-12652\" src=\"https:\/\/xn--judo-lbben-feb.de\/wp-content\/uploads\/2017\/12\/DSC08142--150x150.jpg\" alt=\"\" width=\"150\" height=\"150\" srcset=\"https:\/\/xn--judo-lbben-feb.de\/wp-content\/uploads\/2017\/12\/DSC08142--150x150.jpg 150w, https:\/\/xn--judo-lbben-feb.de\/wp-content\/uploads\/2017\/12\/DSC08142--500x500.jpg 500w, https:\/\/xn--judo-lbben-feb.de\/wp-content\/uploads\/2017\/12\/DSC08142--400x400.jpg 400w, https:\/\/xn--judo-lbben-feb.de\/wp-content\/uploads\/2017\/12\/DSC08142--80x80.jpg 80w, https:\/\/xn--judo-lbben-feb.de\/wp-content\/uploads\/2017\/12\/DSC08142--200x200.jpg 200w\" sizes=\"auto, (max-width: 150px) 100vw, 150px\" \/><\/a> <a href=\"https:\/\/xn--judo-lbben-feb.de\/wp-content\/uploads\/2017\/12\/DSC08143-.jpg\"><img loading=\"lazy\" decoding=\"async\" class=\"alignnone size-thumbnail wp-image-12653\" src=\"https:\/\/xn--judo-lbben-feb.de\/wp-content\/uploads\/2017\/12\/DSC08143--150x150.jpg\" alt=\"\" width=\"150\" height=\"150\" srcset=\"https:\/\/xn--judo-lbben-feb.de\/wp-content\/uploads\/2017\/12\/DSC08143--150x150.jpg 150w, https:\/\/xn--judo-lbben-feb.de\/wp-content\/uploads\/2017\/12\/DSC08143--500x500.jpg 500w, https:\/\/xn--judo-lbben-feb.de\/wp-content\/uploads\/2017\/12\/DSC08143--400x400.jpg 400w, https:\/\/xn--judo-lbben-feb.de\/wp-content\/uploads\/2017\/12\/DSC08143--80x80.jpg 80w, https:\/\/xn--judo-lbben-feb.de\/wp-content\/uploads\/2017\/12\/DSC08143--200x200.jpg 200w\" sizes=\"auto, (max-width: 150px) 100vw, 150px\" \/><\/a> <a href=\"https:\/\/xn--judo-lbben-feb.de\/wp-content\/uploads\/2017\/12\/DSC08144-.jpg\"><img loading=\"lazy\" decoding=\"async\" class=\"alignnone size-thumbnail wp-image-12654\" src=\"https:\/\/xn--judo-lbben-feb.de\/wp-content\/uploads\/2017\/12\/DSC08144--150x150.jpg\" alt=\"\" width=\"150\" height=\"150\" srcset=\"https:\/\/xn--judo-lbben-feb.de\/wp-content\/uploads\/2017\/12\/DSC08144--150x150.jpg 150w, https:\/\/xn--judo-lbben-feb.de\/wp-content\/uploads\/2017\/12\/DSC08144--500x500.jpg 500w, https:\/\/xn--judo-lbben-feb.de\/wp-content\/uploads\/2017\/12\/DSC08144--400x400.jpg 400w, https:\/\/xn--judo-lbben-feb.de\/wp-content\/uploads\/2017\/12\/DSC08144--80x80.jpg 80w, https:\/\/xn--judo-lbben-feb.de\/wp-content\/uploads\/2017\/12\/DSC08144--200x200.jpg 200w\" sizes=\"auto, (max-width: 150px) 100vw, 150px\" \/><\/a> <a href=\"https:\/\/xn--judo-lbben-feb.de\/wp-content\/uploads\/2017\/12\/DSC08145-.jpg\"><img loading=\"lazy\" decoding=\"async\" class=\"alignnone size-thumbnail wp-image-12655\" src=\"https:\/\/xn--judo-lbben-feb.de\/wp-content\/uploads\/2017\/12\/DSC08145--150x150.jpg\" alt=\"\" width=\"150\" height=\"150\" srcset=\"https:\/\/xn--judo-lbben-feb.de\/wp-content\/uploads\/2017\/12\/DSC08145--150x150.jpg 150w, https:\/\/xn--judo-lbben-feb.de\/wp-content\/uploads\/2017\/12\/DSC08145--500x500.jpg 500w, https:\/\/xn--judo-lbben-feb.de\/wp-content\/uploads\/2017\/12\/DSC08145--400x400.jpg 400w, https:\/\/xn--judo-lbben-feb.de\/wp-content\/uploads\/2017\/12\/DSC08145--80x80.jpg 80w, https:\/\/xn--judo-lbben-feb.de\/wp-content\/uploads\/2017\/12\/DSC08145--200x200.jpg 200w\" sizes=\"auto, (max-width: 150px) 100vw, 150px\" \/><\/a> <a href=\"https:\/\/xn--judo-lbben-feb.de\/wp-content\/uploads\/2017\/12\/DSC08146-.jpg\"><img loading=\"lazy\" decoding=\"async\" class=\"alignnone size-thumbnail wp-image-12656\" src=\"https:\/\/xn--judo-lbben-feb.de\/wp-content\/uploads\/2017\/12\/DSC08146--150x150.jpg\" alt=\"\" width=\"150\" height=\"150\" srcset=\"https:\/\/xn--judo-lbben-feb.de\/wp-content\/uploads\/2017\/12\/DSC08146--150x150.jpg 150w, https:\/\/xn--judo-lbben-feb.de\/wp-content\/uploads\/2017\/12\/DSC08146--500x500.jpg 500w, https:\/\/xn--judo-lbben-feb.de\/wp-content\/uploads\/2017\/12\/DSC08146--400x400.jpg 400w, https:\/\/xn--judo-lbben-feb.de\/wp-content\/uploads\/2017\/12\/DSC08146--80x80.jpg 80w, https:\/\/xn--judo-lbben-feb.de\/wp-content\/uploads\/2017\/12\/DSC08146--200x200.jpg 200w\" sizes=\"auto, (max-width: 150px) 100vw, 150px\" \/><\/a> <a href=\"https:\/\/xn--judo-lbben-feb.de\/wp-content\/uploads\/2017\/12\/DSC08147-.jpg\"><img loading=\"lazy\" decoding=\"async\" class=\"alignnone size-thumbnail wp-image-12657\" src=\"https:\/\/xn--judo-lbben-feb.de\/wp-content\/uploads\/2017\/12\/DSC08147--150x150.jpg\" alt=\"\" width=\"150\" height=\"150\" srcset=\"https:\/\/xn--judo-lbben-feb.de\/wp-content\/uploads\/2017\/12\/DSC08147--150x150.jpg 150w, https:\/\/xn--judo-lbben-feb.de\/wp-content\/uploads\/2017\/12\/DSC08147--500x500.jpg 500w, https:\/\/xn--judo-lbben-feb.de\/wp-content\/uploads\/2017\/12\/DSC08147--400x400.jpg 400w, https:\/\/xn--judo-lbben-feb.de\/wp-content\/uploads\/2017\/12\/DSC08147--80x80.jpg 80w, https:\/\/xn--judo-lbben-feb.de\/wp-content\/uploads\/2017\/12\/DSC08147--200x200.jpg 200w\" sizes=\"auto, (max-width: 150px) 100vw, 150px\" \/><\/a> <a href=\"https:\/\/xn--judo-lbben-feb.de\/wp-content\/uploads\/2017\/12\/DSC08148-.jpg\"><img loading=\"lazy\" decoding=\"async\" class=\"alignnone size-thumbnail wp-image-12658\" src=\"https:\/\/xn--judo-lbben-feb.de\/wp-content\/uploads\/2017\/12\/DSC08148--150x150.jpg\" alt=\"\" width=\"150\" height=\"150\" srcset=\"https:\/\/xn--judo-lbben-feb.de\/wp-content\/uploads\/2017\/12\/DSC08148--150x150.jpg 150w, https:\/\/xn--judo-lbben-feb.de\/wp-content\/uploads\/2017\/12\/DSC08148--500x500.jpg 500w, https:\/\/xn--judo-lbben-feb.de\/wp-content\/uploads\/2017\/12\/DSC08148--400x400.jpg 400w, https:\/\/xn--judo-lbben-feb.de\/wp-content\/uploads\/2017\/12\/DSC08148--80x80.jpg 80w, https:\/\/xn--judo-lbben-feb.de\/wp-content\/uploads\/2017\/12\/DSC08148--200x200.jpg 200w\" sizes=\"auto, (max-width: 150px) 100vw, 150px\" \/><\/a> <a href=\"https:\/\/xn--judo-lbben-feb.de\/wp-content\/uploads\/2017\/12\/DSC08149-.jpg\"><img loading=\"lazy\" decoding=\"async\" class=\"alignnone size-thumbnail wp-image-12659\" src=\"https:\/\/xn--judo-lbben-feb.de\/wp-content\/uploads\/2017\/12\/DSC08149--150x150.jpg\" alt=\"\" width=\"150\" height=\"150\" srcset=\"https:\/\/xn--judo-lbben-feb.de\/wp-content\/uploads\/2017\/12\/DSC08149--150x150.jpg 150w, https:\/\/xn--judo-lbben-feb.de\/wp-content\/uploads\/2017\/12\/DSC08149--500x500.jpg 500w, https:\/\/xn--judo-lbben-feb.de\/wp-content\/uploads\/2017\/12\/DSC08149--400x400.jpg 400w, https:\/\/xn--judo-lbben-feb.de\/wp-content\/uploads\/2017\/12\/DSC08149--80x80.jpg 80w, https:\/\/xn--judo-lbben-feb.de\/wp-content\/uploads\/2017\/12\/DSC08149--200x200.jpg 200w\" sizes=\"auto, (max-width: 150px) 100vw, 150px\" \/><\/a> <a href=\"https:\/\/xn--judo-lbben-feb.de\/wp-content\/uploads\/2017\/12\/DSC08150-.jpg\"><img loading=\"lazy\" decoding=\"async\" class=\"alignnone wp-image-12660 size-thumbnail\" src=\"https:\/\/xn--judo-lbben-feb.de\/wp-content\/uploads\/2017\/12\/DSC08150--e1512895336390-150x150.jpg\" alt=\"\" width=\"150\" height=\"150\" srcset=\"https:\/\/xn--judo-lbben-feb.de\/wp-content\/uploads\/2017\/12\/DSC08150--e1512895336390-150x150.jpg 150w, https:\/\/xn--judo-lbben-feb.de\/wp-content\/uploads\/2017\/12\/DSC08150--e1512895336390-500x500.jpg 500w, https:\/\/xn--judo-lbben-feb.de\/wp-content\/uploads\/2017\/12\/DSC08150--e1512895336390-400x400.jpg 400w, https:\/\/xn--judo-lbben-feb.de\/wp-content\/uploads\/2017\/12\/DSC08150--e1512895336390-80x80.jpg 80w, https:\/\/xn--judo-lbben-feb.de\/wp-content\/uploads\/2017\/12\/DSC08150--e1512895336390-200x200.jpg 200w\" sizes=\"auto, (max-width: 150px) 100vw, 150px\" \/><\/a><\/p>\n<p style=\"text-align: center;\"><a href=\"https:\/\/xn--judo-lbben-feb.de\/wp-content\/uploads\/2012\/10\/DSC08151-.jpg\"><img loading=\"lazy\" decoding=\"async\" class=\"alignnone size-large wp-image-12662\" src=\"https:\/\/xn--judo-lbben-feb.de\/wp-content\/uploads\/2012\/10\/DSC08151--1024x768.jpg\" alt=\"\" width=\"598\" height=\"449\" srcset=\"https:\/\/xn--judo-lbben-feb.de\/wp-content\/uploads\/2012\/10\/DSC08151-.jpg 1024w, https:\/\/xn--judo-lbben-feb.de\/wp-content\/uploads\/2012\/10\/DSC08151--300x225.jpg 300w, https:\/\/xn--judo-lbben-feb.de\/wp-content\/uploads\/2012\/10\/DSC08151--768x576.jpg 768w\" sizes=\"auto, (max-width: 598px) 100vw, 598px\" \/><\/a><\/p>\n<p style=\"text-align: center;\"><strong>60 Jahre Judo in L\u00fcbben &#8211; 01. Juli 2017<br \/>\n<\/strong><\/p>\n<p style=\"text-align: center;\"><a href=\"https:\/\/xn--judo-lbben-feb.de\/wp-content\/uploads\/2012\/10\/FIM_0093-1-1.jpg\"><img loading=\"lazy\" decoding=\"async\" class=\"alignnone size-thumbnail wp-image-12084\" src=\"https:\/\/xn--judo-lbben-feb.de\/wp-content\/uploads\/2012\/10\/FIM_0093-1-1-150x150.jpg\" alt=\"\" width=\"150\" height=\"150\" srcset=\"https:\/\/xn--judo-lbben-feb.de\/wp-content\/uploads\/2012\/10\/FIM_0093-1-1-150x150.jpg 150w, https:\/\/xn--judo-lbben-feb.de\/wp-content\/uploads\/2012\/10\/FIM_0093-1-1-500x500.jpg 500w, https:\/\/xn--judo-lbben-feb.de\/wp-content\/uploads\/2012\/10\/FIM_0093-1-1-400x400.jpg 400w, https:\/\/xn--judo-lbben-feb.de\/wp-content\/uploads\/2012\/10\/FIM_0093-1-1-80x80.jpg 80w, https:\/\/xn--judo-lbben-feb.de\/wp-content\/uploads\/2012\/10\/FIM_0093-1-1-200x200.jpg 200w\" sizes=\"auto, (max-width: 150px) 100vw, 150px\" \/><\/a> <a href=\"https:\/\/xn--judo-lbben-feb.de\/wp-content\/uploads\/2012\/10\/FIM_0094-.jpg\"><img loading=\"lazy\" decoding=\"async\" class=\"alignnone size-thumbnail wp-image-12085\" src=\"https:\/\/xn--judo-lbben-feb.de\/wp-content\/uploads\/2012\/10\/FIM_0094--150x150.jpg\" alt=\"\" width=\"150\" height=\"150\" srcset=\"https:\/\/xn--judo-lbben-feb.de\/wp-content\/uploads\/2012\/10\/FIM_0094--150x150.jpg 150w, https:\/\/xn--judo-lbben-feb.de\/wp-content\/uploads\/2012\/10\/FIM_0094--500x500.jpg 500w, https:\/\/xn--judo-lbben-feb.de\/wp-content\/uploads\/2012\/10\/FIM_0094--400x400.jpg 400w, https:\/\/xn--judo-lbben-feb.de\/wp-content\/uploads\/2012\/10\/FIM_0094--80x80.jpg 80w, https:\/\/xn--judo-lbben-feb.de\/wp-content\/uploads\/2012\/10\/FIM_0094--200x200.jpg 200w\" sizes=\"auto, (max-width: 150px) 100vw, 150px\" \/><\/a> <a href=\"https:\/\/xn--judo-lbben-feb.de\/wp-content\/uploads\/2012\/10\/FIM_0095-.jpg\"><img loading=\"lazy\" decoding=\"async\" class=\"alignnone size-thumbnail wp-image-12086\" src=\"https:\/\/xn--judo-lbben-feb.de\/wp-content\/uploads\/2012\/10\/FIM_0095--150x150.jpg\" alt=\"\" width=\"150\" height=\"150\" srcset=\"https:\/\/xn--judo-lbben-feb.de\/wp-content\/uploads\/2012\/10\/FIM_0095--150x150.jpg 150w, https:\/\/xn--judo-lbben-feb.de\/wp-content\/uploads\/2012\/10\/FIM_0095--500x500.jpg 500w, https:\/\/xn--judo-lbben-feb.de\/wp-content\/uploads\/2012\/10\/FIM_0095--400x400.jpg 400w, https:\/\/xn--judo-lbben-feb.de\/wp-content\/uploads\/2012\/10\/FIM_0095--80x80.jpg 80w, https:\/\/xn--judo-lbben-feb.de\/wp-content\/uploads\/2012\/10\/FIM_0095--200x200.jpg 200w\" sizes=\"auto, (max-width: 150px) 100vw, 150px\" \/><\/a> <a href=\"https:\/\/xn--judo-lbben-feb.de\/wp-content\/uploads\/2012\/10\/FIM_0096-.jpg\"><img loading=\"lazy\" decoding=\"async\" class=\"alignnone size-thumbnail wp-image-12087\" src=\"https:\/\/xn--judo-lbben-feb.de\/wp-content\/uploads\/2012\/10\/FIM_0096--150x150.jpg\" alt=\"\" width=\"150\" height=\"150\" srcset=\"https:\/\/xn--judo-lbben-feb.de\/wp-content\/uploads\/2012\/10\/FIM_0096--150x150.jpg 150w, https:\/\/xn--judo-lbben-feb.de\/wp-content\/uploads\/2012\/10\/FIM_0096--500x500.jpg 500w, https:\/\/xn--judo-lbben-feb.de\/wp-content\/uploads\/2012\/10\/FIM_0096--400x400.jpg 400w, https:\/\/xn--judo-lbben-feb.de\/wp-content\/uploads\/2012\/10\/FIM_0096--80x80.jpg 80w, https:\/\/xn--judo-lbben-feb.de\/wp-content\/uploads\/2012\/10\/FIM_0096--200x200.jpg 200w\" sizes=\"auto, (max-width: 150px) 100vw, 150px\" \/><\/a> <a href=\"https:\/\/xn--judo-lbben-feb.de\/wp-content\/uploads\/2012\/10\/FIM_0097-.jpg\"><img loading=\"lazy\" decoding=\"async\" class=\"alignnone size-thumbnail wp-image-12088\" src=\"https:\/\/xn--judo-lbben-feb.de\/wp-content\/uploads\/2012\/10\/FIM_0097--150x150.jpg\" alt=\"\" width=\"150\" height=\"150\" srcset=\"https:\/\/xn--judo-lbben-feb.de\/wp-content\/uploads\/2012\/10\/FIM_0097--150x150.jpg 150w, https:\/\/xn--judo-lbben-feb.de\/wp-content\/uploads\/2012\/10\/FIM_0097--500x500.jpg 500w, https:\/\/xn--judo-lbben-feb.de\/wp-content\/uploads\/2012\/10\/FIM_0097--400x400.jpg 400w, https:\/\/xn--judo-lbben-feb.de\/wp-content\/uploads\/2012\/10\/FIM_0097--80x80.jpg 80w, https:\/\/xn--judo-lbben-feb.de\/wp-content\/uploads\/2012\/10\/FIM_0097--200x200.jpg 200w\" sizes=\"auto, (max-width: 150px) 100vw, 150px\" \/><\/a> <a href=\"https:\/\/xn--judo-lbben-feb.de\/wp-content\/uploads\/2012\/10\/FIM_0098-.jpg\"><img loading=\"lazy\" decoding=\"async\" class=\"alignnone size-thumbnail wp-image-12089\" src=\"https:\/\/xn--judo-lbben-feb.de\/wp-content\/uploads\/2012\/10\/FIM_0098--150x150.jpg\" alt=\"\" width=\"150\" height=\"150\" srcset=\"https:\/\/xn--judo-lbben-feb.de\/wp-content\/uploads\/2012\/10\/FIM_0098--150x150.jpg 150w, https:\/\/xn--judo-lbben-feb.de\/wp-content\/uploads\/2012\/10\/FIM_0098--500x500.jpg 500w, https:\/\/xn--judo-lbben-feb.de\/wp-content\/uploads\/2012\/10\/FIM_0098--400x400.jpg 400w, https:\/\/xn--judo-lbben-feb.de\/wp-content\/uploads\/2012\/10\/FIM_0098--80x80.jpg 80w, https:\/\/xn--judo-lbben-feb.de\/wp-content\/uploads\/2012\/10\/FIM_0098--200x200.jpg 200w\" sizes=\"auto, (max-width: 150px) 100vw, 150px\" \/><\/a> <a href=\"https:\/\/xn--judo-lbben-feb.de\/wp-content\/uploads\/2012\/10\/FIM_0099-.jpg\"><img loading=\"lazy\" decoding=\"async\" class=\"alignnone size-thumbnail wp-image-12090\" src=\"https:\/\/xn--judo-lbben-feb.de\/wp-content\/uploads\/2012\/10\/FIM_0099--150x150.jpg\" alt=\"\" width=\"150\" height=\"150\" srcset=\"https:\/\/xn--judo-lbben-feb.de\/wp-content\/uploads\/2012\/10\/FIM_0099--150x150.jpg 150w, https:\/\/xn--judo-lbben-feb.de\/wp-content\/uploads\/2012\/10\/FIM_0099--500x500.jpg 500w, https:\/\/xn--judo-lbben-feb.de\/wp-content\/uploads\/2012\/10\/FIM_0099--400x400.jpg 400w, https:\/\/xn--judo-lbben-feb.de\/wp-content\/uploads\/2012\/10\/FIM_0099--80x80.jpg 80w, https:\/\/xn--judo-lbben-feb.de\/wp-content\/uploads\/2012\/10\/FIM_0099--200x200.jpg 200w\" sizes=\"auto, (max-width: 150px) 100vw, 150px\" \/><\/a> <a href=\"https:\/\/xn--judo-lbben-feb.de\/wp-content\/uploads\/2012\/10\/FIM_0100-.jpg\"><img loading=\"lazy\" decoding=\"async\" class=\"alignnone size-thumbnail wp-image-12091\" src=\"https:\/\/xn--judo-lbben-feb.de\/wp-content\/uploads\/2012\/10\/FIM_0100--150x150.jpg\" alt=\"\" width=\"150\" height=\"150\" srcset=\"https:\/\/xn--judo-lbben-feb.de\/wp-content\/uploads\/2012\/10\/FIM_0100--150x150.jpg 150w, https:\/\/xn--judo-lbben-feb.de\/wp-content\/uploads\/2012\/10\/FIM_0100--500x500.jpg 500w, https:\/\/xn--judo-lbben-feb.de\/wp-content\/uploads\/2012\/10\/FIM_0100--400x400.jpg 400w, https:\/\/xn--judo-lbben-feb.de\/wp-content\/uploads\/2012\/10\/FIM_0100--80x80.jpg 80w, https:\/\/xn--judo-lbben-feb.de\/wp-content\/uploads\/2012\/10\/FIM_0100--200x200.jpg 200w\" sizes=\"auto, (max-width: 150px) 100vw, 150px\" \/><\/a> <a href=\"https:\/\/xn--judo-lbben-feb.de\/wp-content\/uploads\/2012\/10\/FIM_0101-.jpg\"><img loading=\"lazy\" decoding=\"async\" class=\"alignnone size-thumbnail wp-image-12092\" src=\"https:\/\/xn--judo-lbben-feb.de\/wp-content\/uploads\/2012\/10\/FIM_0101--150x150.jpg\" alt=\"\" width=\"150\" height=\"150\" srcset=\"https:\/\/xn--judo-lbben-feb.de\/wp-content\/uploads\/2012\/10\/FIM_0101--150x150.jpg 150w, https:\/\/xn--judo-lbben-feb.de\/wp-content\/uploads\/2012\/10\/FIM_0101--500x500.jpg 500w, https:\/\/xn--judo-lbben-feb.de\/wp-content\/uploads\/2012\/10\/FIM_0101--400x400.jpg 400w, https:\/\/xn--judo-lbben-feb.de\/wp-content\/uploads\/2012\/10\/FIM_0101--80x80.jpg 80w, https:\/\/xn--judo-lbben-feb.de\/wp-content\/uploads\/2012\/10\/FIM_0101--200x200.jpg 200w\" sizes=\"auto, (max-width: 150px) 100vw, 150px\" \/><\/a> <a href=\"https:\/\/xn--judo-lbben-feb.de\/wp-content\/uploads\/2012\/10\/FIM_0102-.jpg\"><img loading=\"lazy\" decoding=\"async\" class=\"alignnone size-thumbnail wp-image-12093\" src=\"https:\/\/xn--judo-lbben-feb.de\/wp-content\/uploads\/2012\/10\/FIM_0102--150x150.jpg\" alt=\"\" width=\"150\" height=\"150\" srcset=\"https:\/\/xn--judo-lbben-feb.de\/wp-content\/uploads\/2012\/10\/FIM_0102--150x150.jpg 150w, https:\/\/xn--judo-lbben-feb.de\/wp-content\/uploads\/2012\/10\/FIM_0102--500x500.jpg 500w, https:\/\/xn--judo-lbben-feb.de\/wp-content\/uploads\/2012\/10\/FIM_0102--400x400.jpg 400w, https:\/\/xn--judo-lbben-feb.de\/wp-content\/uploads\/2012\/10\/FIM_0102--80x80.jpg 80w, https:\/\/xn--judo-lbben-feb.de\/wp-content\/uploads\/2012\/10\/FIM_0102--200x200.jpg 200w\" sizes=\"auto, (max-width: 150px) 100vw, 150px\" \/><\/a> <a href=\"https:\/\/xn--judo-lbben-feb.de\/wp-content\/uploads\/2012\/10\/FIM_0103-.jpg\"><img loading=\"lazy\" decoding=\"async\" class=\"alignnone size-thumbnail wp-image-12094\" src=\"https:\/\/xn--judo-lbben-feb.de\/wp-content\/uploads\/2012\/10\/FIM_0103--150x150.jpg\" alt=\"\" width=\"150\" height=\"150\" srcset=\"https:\/\/xn--judo-lbben-feb.de\/wp-content\/uploads\/2012\/10\/FIM_0103--150x150.jpg 150w, https:\/\/xn--judo-lbben-feb.de\/wp-content\/uploads\/2012\/10\/FIM_0103--500x500.jpg 500w, https:\/\/xn--judo-lbben-feb.de\/wp-content\/uploads\/2012\/10\/FIM_0103--400x400.jpg 400w, https:\/\/xn--judo-lbben-feb.de\/wp-content\/uploads\/2012\/10\/FIM_0103--80x80.jpg 80w, https:\/\/xn--judo-lbben-feb.de\/wp-content\/uploads\/2012\/10\/FIM_0103--200x200.jpg 200w\" sizes=\"auto, (max-width: 150px) 100vw, 150px\" \/><\/a> <a href=\"https:\/\/xn--judo-lbben-feb.de\/wp-content\/uploads\/2012\/10\/FIM_0104-.jpg\"><img loading=\"lazy\" decoding=\"async\" class=\"alignnone size-thumbnail wp-image-12095\" src=\"https:\/\/xn--judo-lbben-feb.de\/wp-content\/uploads\/2012\/10\/FIM_0104--150x150.jpg\" alt=\"\" width=\"150\" height=\"150\" srcset=\"https:\/\/xn--judo-lbben-feb.de\/wp-content\/uploads\/2012\/10\/FIM_0104--150x150.jpg 150w, https:\/\/xn--judo-lbben-feb.de\/wp-content\/uploads\/2012\/10\/FIM_0104--500x500.jpg 500w, https:\/\/xn--judo-lbben-feb.de\/wp-content\/uploads\/2012\/10\/FIM_0104--400x400.jpg 400w, https:\/\/xn--judo-lbben-feb.de\/wp-content\/uploads\/2012\/10\/FIM_0104--80x80.jpg 80w, https:\/\/xn--judo-lbben-feb.de\/wp-content\/uploads\/2012\/10\/FIM_0104--200x200.jpg 200w\" sizes=\"auto, (max-width: 150px) 100vw, 150px\" \/><\/a> <a href=\"https:\/\/xn--judo-lbben-feb.de\/wp-content\/uploads\/2012\/10\/FIM_0105-.jpg\"><img loading=\"lazy\" decoding=\"async\" class=\"alignnone size-thumbnail wp-image-12096\" src=\"https:\/\/xn--judo-lbben-feb.de\/wp-content\/uploads\/2012\/10\/FIM_0105--150x150.jpg\" alt=\"\" width=\"150\" height=\"150\" srcset=\"https:\/\/xn--judo-lbben-feb.de\/wp-content\/uploads\/2012\/10\/FIM_0105--150x150.jpg 150w, https:\/\/xn--judo-lbben-feb.de\/wp-content\/uploads\/2012\/10\/FIM_0105--500x500.jpg 500w, https:\/\/xn--judo-lbben-feb.de\/wp-content\/uploads\/2012\/10\/FIM_0105--400x400.jpg 400w, https:\/\/xn--judo-lbben-feb.de\/wp-content\/uploads\/2012\/10\/FIM_0105--80x80.jpg 80w, https:\/\/xn--judo-lbben-feb.de\/wp-content\/uploads\/2012\/10\/FIM_0105--200x200.jpg 200w\" sizes=\"auto, (max-width: 150px) 100vw, 150px\" \/><\/a> <a href=\"https:\/\/xn--judo-lbben-feb.de\/wp-content\/uploads\/2012\/10\/FIM_0106-.jpg\"><img loading=\"lazy\" decoding=\"async\" class=\"alignnone size-thumbnail wp-image-12097\" src=\"https:\/\/xn--judo-lbben-feb.de\/wp-content\/uploads\/2012\/10\/FIM_0106--150x150.jpg\" alt=\"\" width=\"150\" height=\"150\" srcset=\"https:\/\/xn--judo-lbben-feb.de\/wp-content\/uploads\/2012\/10\/FIM_0106--150x150.jpg 150w, https:\/\/xn--judo-lbben-feb.de\/wp-content\/uploads\/2012\/10\/FIM_0106--500x500.jpg 500w, https:\/\/xn--judo-lbben-feb.de\/wp-content\/uploads\/2012\/10\/FIM_0106--400x400.jpg 400w, https:\/\/xn--judo-lbben-feb.de\/wp-content\/uploads\/2012\/10\/FIM_0106--80x80.jpg 80w, https:\/\/xn--judo-lbben-feb.de\/wp-content\/uploads\/2012\/10\/FIM_0106--200x200.jpg 200w\" sizes=\"auto, (max-width: 150px) 100vw, 150px\" \/><\/a> <a href=\"https:\/\/xn--judo-lbben-feb.de\/wp-content\/uploads\/2012\/10\/FIM_0107-.jpg\"><img loading=\"lazy\" decoding=\"async\" class=\"alignnone size-thumbnail wp-image-12098\" src=\"https:\/\/xn--judo-lbben-feb.de\/wp-content\/uploads\/2012\/10\/FIM_0107--150x150.jpg\" alt=\"\" width=\"150\" height=\"150\" srcset=\"https:\/\/xn--judo-lbben-feb.de\/wp-content\/uploads\/2012\/10\/FIM_0107--150x150.jpg 150w, https:\/\/xn--judo-lbben-feb.de\/wp-content\/uploads\/2012\/10\/FIM_0107--500x500.jpg 500w, https:\/\/xn--judo-lbben-feb.de\/wp-content\/uploads\/2012\/10\/FIM_0107--400x400.jpg 400w, https:\/\/xn--judo-lbben-feb.de\/wp-content\/uploads\/2012\/10\/FIM_0107--80x80.jpg 80w, https:\/\/xn--judo-lbben-feb.de\/wp-content\/uploads\/2012\/10\/FIM_0107--200x200.jpg 200w\" sizes=\"auto, (max-width: 150px) 100vw, 150px\" \/><\/a> <a href=\"https:\/\/xn--judo-lbben-feb.de\/wp-content\/uploads\/2012\/10\/FIM_0108-.jpg\"><img loading=\"lazy\" decoding=\"async\" class=\"alignnone size-thumbnail wp-image-12099\" src=\"https:\/\/xn--judo-lbben-feb.de\/wp-content\/uploads\/2012\/10\/FIM_0108--150x150.jpg\" alt=\"\" width=\"150\" height=\"150\" srcset=\"https:\/\/xn--judo-lbben-feb.de\/wp-content\/uploads\/2012\/10\/FIM_0108--150x150.jpg 150w, https:\/\/xn--judo-lbben-feb.de\/wp-content\/uploads\/2012\/10\/FIM_0108--500x500.jpg 500w, https:\/\/xn--judo-lbben-feb.de\/wp-content\/uploads\/2012\/10\/FIM_0108--400x400.jpg 400w, https:\/\/xn--judo-lbben-feb.de\/wp-content\/uploads\/2012\/10\/FIM_0108--80x80.jpg 80w, https:\/\/xn--judo-lbben-feb.de\/wp-content\/uploads\/2012\/10\/FIM_0108--200x200.jpg 200w\" sizes=\"auto, (max-width: 150px) 100vw, 150px\" \/><\/a> <a href=\"https:\/\/xn--judo-lbben-feb.de\/wp-content\/uploads\/2012\/10\/FIM_0109-.jpg\"><img loading=\"lazy\" decoding=\"async\" class=\"alignnone size-thumbnail wp-image-12100\" src=\"https:\/\/xn--judo-lbben-feb.de\/wp-content\/uploads\/2012\/10\/FIM_0109--150x150.jpg\" alt=\"\" width=\"150\" height=\"150\" srcset=\"https:\/\/xn--judo-lbben-feb.de\/wp-content\/uploads\/2012\/10\/FIM_0109--150x150.jpg 150w, https:\/\/xn--judo-lbben-feb.de\/wp-content\/uploads\/2012\/10\/FIM_0109--500x500.jpg 500w, https:\/\/xn--judo-lbben-feb.de\/wp-content\/uploads\/2012\/10\/FIM_0109--400x400.jpg 400w, https:\/\/xn--judo-lbben-feb.de\/wp-content\/uploads\/2012\/10\/FIM_0109--80x80.jpg 80w, https:\/\/xn--judo-lbben-feb.de\/wp-content\/uploads\/2012\/10\/FIM_0109--200x200.jpg 200w\" sizes=\"auto, (max-width: 150px) 100vw, 150px\" \/><\/a> <a href=\"https:\/\/xn--judo-lbben-feb.de\/wp-content\/uploads\/2012\/10\/FIM_0110-.jpg\"><img loading=\"lazy\" decoding=\"async\" class=\"alignnone size-thumbnail wp-image-12101\" src=\"https:\/\/xn--judo-lbben-feb.de\/wp-content\/uploads\/2012\/10\/FIM_0110--150x150.jpg\" alt=\"\" width=\"150\" height=\"150\" srcset=\"https:\/\/xn--judo-lbben-feb.de\/wp-content\/uploads\/2012\/10\/FIM_0110--150x150.jpg 150w, https:\/\/xn--judo-lbben-feb.de\/wp-content\/uploads\/2012\/10\/FIM_0110--500x500.jpg 500w, https:\/\/xn--judo-lbben-feb.de\/wp-content\/uploads\/2012\/10\/FIM_0110--400x400.jpg 400w, https:\/\/xn--judo-lbben-feb.de\/wp-content\/uploads\/2012\/10\/FIM_0110--80x80.jpg 80w, https:\/\/xn--judo-lbben-feb.de\/wp-content\/uploads\/2012\/10\/FIM_0110--200x200.jpg 200w\" sizes=\"auto, (max-width: 150px) 100vw, 150px\" \/><\/a> <a href=\"https:\/\/xn--judo-lbben-feb.de\/wp-content\/uploads\/2012\/10\/FIM_0111-.jpg\"><img loading=\"lazy\" decoding=\"async\" class=\"alignnone size-thumbnail wp-image-12102\" src=\"https:\/\/xn--judo-lbben-feb.de\/wp-content\/uploads\/2012\/10\/FIM_0111--150x150.jpg\" alt=\"\" width=\"150\" height=\"150\" srcset=\"https:\/\/xn--judo-lbben-feb.de\/wp-content\/uploads\/2012\/10\/FIM_0111--150x150.jpg 150w, https:\/\/xn--judo-lbben-feb.de\/wp-content\/uploads\/2012\/10\/FIM_0111--500x500.jpg 500w, https:\/\/xn--judo-lbben-feb.de\/wp-content\/uploads\/2012\/10\/FIM_0111--400x400.jpg 400w, https:\/\/xn--judo-lbben-feb.de\/wp-content\/uploads\/2012\/10\/FIM_0111--80x80.jpg 80w, https:\/\/xn--judo-lbben-feb.de\/wp-content\/uploads\/2012\/10\/FIM_0111--200x200.jpg 200w\" sizes=\"auto, (max-width: 150px) 100vw, 150px\" \/><\/a> <a href=\"https:\/\/xn--judo-lbben-feb.de\/wp-content\/uploads\/2012\/10\/FIM_0112-.jpg\"><img loading=\"lazy\" decoding=\"async\" class=\"alignnone size-thumbnail wp-image-12103\" src=\"https:\/\/xn--judo-lbben-feb.de\/wp-content\/uploads\/2012\/10\/FIM_0112--150x150.jpg\" alt=\"\" width=\"150\" height=\"150\" srcset=\"https:\/\/xn--judo-lbben-feb.de\/wp-content\/uploads\/2012\/10\/FIM_0112--150x150.jpg 150w, https:\/\/xn--judo-lbben-feb.de\/wp-content\/uploads\/2012\/10\/FIM_0112--500x500.jpg 500w, https:\/\/xn--judo-lbben-feb.de\/wp-content\/uploads\/2012\/10\/FIM_0112--400x400.jpg 400w, https:\/\/xn--judo-lbben-feb.de\/wp-content\/uploads\/2012\/10\/FIM_0112--80x80.jpg 80w, https:\/\/xn--judo-lbben-feb.de\/wp-content\/uploads\/2012\/10\/FIM_0112--200x200.jpg 200w\" sizes=\"auto, (max-width: 150px) 100vw, 150px\" \/><\/a> <a href=\"https:\/\/xn--judo-lbben-feb.de\/wp-content\/uploads\/2012\/10\/FIM_0113-.jpg\"><img loading=\"lazy\" decoding=\"async\" class=\"alignnone size-thumbnail wp-image-12104\" src=\"https:\/\/xn--judo-lbben-feb.de\/wp-content\/uploads\/2012\/10\/FIM_0113--150x150.jpg\" alt=\"\" width=\"150\" height=\"150\" srcset=\"https:\/\/xn--judo-lbben-feb.de\/wp-content\/uploads\/2012\/10\/FIM_0113--150x150.jpg 150w, https:\/\/xn--judo-lbben-feb.de\/wp-content\/uploads\/2012\/10\/FIM_0113--500x500.jpg 500w, https:\/\/xn--judo-lbben-feb.de\/wp-content\/uploads\/2012\/10\/FIM_0113--400x400.jpg 400w, https:\/\/xn--judo-lbben-feb.de\/wp-content\/uploads\/2012\/10\/FIM_0113--80x80.jpg 80w, https:\/\/xn--judo-lbben-feb.de\/wp-content\/uploads\/2012\/10\/FIM_0113--200x200.jpg 200w\" sizes=\"auto, (max-width: 150px) 100vw, 150px\" \/><\/a> <a href=\"https:\/\/xn--judo-lbben-feb.de\/wp-content\/uploads\/2012\/10\/FIM_0114-.jpg\"><img loading=\"lazy\" decoding=\"async\" class=\"alignnone size-thumbnail wp-image-12105\" src=\"https:\/\/xn--judo-lbben-feb.de\/wp-content\/uploads\/2012\/10\/FIM_0114--150x150.jpg\" alt=\"\" width=\"150\" height=\"150\" srcset=\"https:\/\/xn--judo-lbben-feb.de\/wp-content\/uploads\/2012\/10\/FIM_0114--150x150.jpg 150w, https:\/\/xn--judo-lbben-feb.de\/wp-content\/uploads\/2012\/10\/FIM_0114--500x500.jpg 500w, https:\/\/xn--judo-lbben-feb.de\/wp-content\/uploads\/2012\/10\/FIM_0114--400x400.jpg 400w, https:\/\/xn--judo-lbben-feb.de\/wp-content\/uploads\/2012\/10\/FIM_0114--80x80.jpg 80w, https:\/\/xn--judo-lbben-feb.de\/wp-content\/uploads\/2012\/10\/FIM_0114--200x200.jpg 200w\" sizes=\"auto, (max-width: 150px) 100vw, 150px\" \/><\/a> <a href=\"https:\/\/xn--judo-lbben-feb.de\/wp-content\/uploads\/2012\/10\/FIM_0115-.jpg\"><img loading=\"lazy\" decoding=\"async\" class=\"alignnone size-thumbnail wp-image-12106\" src=\"https:\/\/xn--judo-lbben-feb.de\/wp-content\/uploads\/2012\/10\/FIM_0115--150x150.jpg\" alt=\"\" width=\"150\" height=\"150\" srcset=\"https:\/\/xn--judo-lbben-feb.de\/wp-content\/uploads\/2012\/10\/FIM_0115--150x150.jpg 150w, https:\/\/xn--judo-lbben-feb.de\/wp-content\/uploads\/2012\/10\/FIM_0115--500x500.jpg 500w, https:\/\/xn--judo-lbben-feb.de\/wp-content\/uploads\/2012\/10\/FIM_0115--400x400.jpg 400w, https:\/\/xn--judo-lbben-feb.de\/wp-content\/uploads\/2012\/10\/FIM_0115--80x80.jpg 80w, https:\/\/xn--judo-lbben-feb.de\/wp-content\/uploads\/2012\/10\/FIM_0115--200x200.jpg 200w\" sizes=\"auto, (max-width: 150px) 100vw, 150px\" \/><\/a> <a href=\"https:\/\/xn--judo-lbben-feb.de\/wp-content\/uploads\/2012\/10\/FIM_0116-.jpg\"><img loading=\"lazy\" decoding=\"async\" class=\"alignnone size-thumbnail wp-image-12107\" src=\"https:\/\/xn--judo-lbben-feb.de\/wp-content\/uploads\/2012\/10\/FIM_0116--150x150.jpg\" alt=\"\" width=\"150\" height=\"150\" srcset=\"https:\/\/xn--judo-lbben-feb.de\/wp-content\/uploads\/2012\/10\/FIM_0116--150x150.jpg 150w, https:\/\/xn--judo-lbben-feb.de\/wp-content\/uploads\/2012\/10\/FIM_0116--500x500.jpg 500w, https:\/\/xn--judo-lbben-feb.de\/wp-content\/uploads\/2012\/10\/FIM_0116--400x400.jpg 400w, https:\/\/xn--judo-lbben-feb.de\/wp-content\/uploads\/2012\/10\/FIM_0116--80x80.jpg 80w, https:\/\/xn--judo-lbben-feb.de\/wp-content\/uploads\/2012\/10\/FIM_0116--200x200.jpg 200w\" sizes=\"auto, (max-width: 150px) 100vw, 150px\" \/><\/a> <a href=\"https:\/\/xn--judo-lbben-feb.de\/wp-content\/uploads\/2012\/10\/FIM_0117-.jpg\"><img loading=\"lazy\" decoding=\"async\" class=\"alignnone size-thumbnail wp-image-12108\" src=\"https:\/\/xn--judo-lbben-feb.de\/wp-content\/uploads\/2012\/10\/FIM_0117--150x150.jpg\" alt=\"\" width=\"150\" height=\"150\" srcset=\"https:\/\/xn--judo-lbben-feb.de\/wp-content\/uploads\/2012\/10\/FIM_0117--150x150.jpg 150w, https:\/\/xn--judo-lbben-feb.de\/wp-content\/uploads\/2012\/10\/FIM_0117--500x500.jpg 500w, https:\/\/xn--judo-lbben-feb.de\/wp-content\/uploads\/2012\/10\/FIM_0117--400x400.jpg 400w, https:\/\/xn--judo-lbben-feb.de\/wp-content\/uploads\/2012\/10\/FIM_0117--80x80.jpg 80w, https:\/\/xn--judo-lbben-feb.de\/wp-content\/uploads\/2012\/10\/FIM_0117--200x200.jpg 200w\" sizes=\"auto, (max-width: 150px) 100vw, 150px\" \/><\/a> <a href=\"https:\/\/xn--judo-lbben-feb.de\/wp-content\/uploads\/2012\/10\/FIM_0118-.jpg\"><img loading=\"lazy\" decoding=\"async\" class=\"alignnone size-thumbnail wp-image-12109\" src=\"https:\/\/xn--judo-lbben-feb.de\/wp-content\/uploads\/2012\/10\/FIM_0118--150x150.jpg\" alt=\"\" width=\"150\" height=\"150\" srcset=\"https:\/\/xn--judo-lbben-feb.de\/wp-content\/uploads\/2012\/10\/FIM_0118--150x150.jpg 150w, https:\/\/xn--judo-lbben-feb.de\/wp-content\/uploads\/2012\/10\/FIM_0118--500x500.jpg 500w, https:\/\/xn--judo-lbben-feb.de\/wp-content\/uploads\/2012\/10\/FIM_0118--400x400.jpg 400w, https:\/\/xn--judo-lbben-feb.de\/wp-content\/uploads\/2012\/10\/FIM_0118--80x80.jpg 80w, https:\/\/xn--judo-lbben-feb.de\/wp-content\/uploads\/2012\/10\/FIM_0118--200x200.jpg 200w\" sizes=\"auto, (max-width: 150px) 100vw, 150px\" \/><\/a> <a href=\"https:\/\/xn--judo-lbben-feb.de\/wp-content\/uploads\/2012\/10\/FIM_0119-.jpg\"><img loading=\"lazy\" decoding=\"async\" class=\"alignnone size-thumbnail wp-image-12110\" src=\"https:\/\/xn--judo-lbben-feb.de\/wp-content\/uploads\/2012\/10\/FIM_0119--150x150.jpg\" alt=\"\" width=\"150\" height=\"150\" srcset=\"https:\/\/xn--judo-lbben-feb.de\/wp-content\/uploads\/2012\/10\/FIM_0119--150x150.jpg 150w, https:\/\/xn--judo-lbben-feb.de\/wp-content\/uploads\/2012\/10\/FIM_0119--500x500.jpg 500w, https:\/\/xn--judo-lbben-feb.de\/wp-content\/uploads\/2012\/10\/FIM_0119--400x400.jpg 400w, https:\/\/xn--judo-lbben-feb.de\/wp-content\/uploads\/2012\/10\/FIM_0119--80x80.jpg 80w, https:\/\/xn--judo-lbben-feb.de\/wp-content\/uploads\/2012\/10\/FIM_0119--200x200.jpg 200w\" sizes=\"auto, (max-width: 150px) 100vw, 150px\" \/><\/a> <a href=\"https:\/\/xn--judo-lbben-feb.de\/wp-content\/uploads\/2012\/10\/FIM_0120-.jpg\"><img loading=\"lazy\" decoding=\"async\" class=\"alignnone size-thumbnail wp-image-12111\" src=\"https:\/\/xn--judo-lbben-feb.de\/wp-content\/uploads\/2012\/10\/FIM_0120--150x150.jpg\" alt=\"\" width=\"150\" height=\"150\" srcset=\"https:\/\/xn--judo-lbben-feb.de\/wp-content\/uploads\/2012\/10\/FIM_0120--150x150.jpg 150w, https:\/\/xn--judo-lbben-feb.de\/wp-content\/uploads\/2012\/10\/FIM_0120--500x500.jpg 500w, https:\/\/xn--judo-lbben-feb.de\/wp-content\/uploads\/2012\/10\/FIM_0120--400x400.jpg 400w, https:\/\/xn--judo-lbben-feb.de\/wp-content\/uploads\/2012\/10\/FIM_0120--80x80.jpg 80w, https:\/\/xn--judo-lbben-feb.de\/wp-content\/uploads\/2012\/10\/FIM_0120--200x200.jpg 200w\" sizes=\"auto, (max-width: 150px) 100vw, 150px\" \/><\/a> <a href=\"https:\/\/xn--judo-lbben-feb.de\/wp-content\/uploads\/2012\/10\/FIM_0121-.jpg\"><img loading=\"lazy\" decoding=\"async\" class=\"alignnone size-thumbnail wp-image-12112\" src=\"https:\/\/xn--judo-lbben-feb.de\/wp-content\/uploads\/2012\/10\/FIM_0121--150x150.jpg\" alt=\"\" width=\"150\" height=\"150\" srcset=\"https:\/\/xn--judo-lbben-feb.de\/wp-content\/uploads\/2012\/10\/FIM_0121--150x150.jpg 150w, https:\/\/xn--judo-lbben-feb.de\/wp-content\/uploads\/2012\/10\/FIM_0121--500x500.jpg 500w, https:\/\/xn--judo-lbben-feb.de\/wp-content\/uploads\/2012\/10\/FIM_0121--400x400.jpg 400w, https:\/\/xn--judo-lbben-feb.de\/wp-content\/uploads\/2012\/10\/FIM_0121--80x80.jpg 80w, https:\/\/xn--judo-lbben-feb.de\/wp-content\/uploads\/2012\/10\/FIM_0121--200x200.jpg 200w\" sizes=\"auto, (max-width: 150px) 100vw, 150px\" \/><\/a> <a href=\"https:\/\/xn--judo-lbben-feb.de\/wp-content\/uploads\/2012\/10\/FIM_0122-.jpg\"><img loading=\"lazy\" decoding=\"async\" class=\"alignnone size-thumbnail wp-image-12113\" src=\"https:\/\/xn--judo-lbben-feb.de\/wp-content\/uploads\/2012\/10\/FIM_0122--150x150.jpg\" alt=\"\" width=\"150\" height=\"150\" srcset=\"https:\/\/xn--judo-lbben-feb.de\/wp-content\/uploads\/2012\/10\/FIM_0122--150x150.jpg 150w, https:\/\/xn--judo-lbben-feb.de\/wp-content\/uploads\/2012\/10\/FIM_0122--500x500.jpg 500w, https:\/\/xn--judo-lbben-feb.de\/wp-content\/uploads\/2012\/10\/FIM_0122--400x400.jpg 400w, https:\/\/xn--judo-lbben-feb.de\/wp-content\/uploads\/2012\/10\/FIM_0122--80x80.jpg 80w, https:\/\/xn--judo-lbben-feb.de\/wp-content\/uploads\/2012\/10\/FIM_0122--200x200.jpg 200w\" sizes=\"auto, (max-width: 150px) 100vw, 150px\" \/><\/a> <a href=\"https:\/\/xn--judo-lbben-feb.de\/wp-content\/uploads\/2012\/10\/FIM_0123-.jpg\"><img loading=\"lazy\" decoding=\"async\" class=\"alignnone size-thumbnail wp-image-12114\" src=\"https:\/\/xn--judo-lbben-feb.de\/wp-content\/uploads\/2012\/10\/FIM_0123--150x150.jpg\" alt=\"\" width=\"150\" height=\"150\" srcset=\"https:\/\/xn--judo-lbben-feb.de\/wp-content\/uploads\/2012\/10\/FIM_0123--150x150.jpg 150w, https:\/\/xn--judo-lbben-feb.de\/wp-content\/uploads\/2012\/10\/FIM_0123--500x500.jpg 500w, https:\/\/xn--judo-lbben-feb.de\/wp-content\/uploads\/2012\/10\/FIM_0123--400x400.jpg 400w, https:\/\/xn--judo-lbben-feb.de\/wp-content\/uploads\/2012\/10\/FIM_0123--80x80.jpg 80w, https:\/\/xn--judo-lbben-feb.de\/wp-content\/uploads\/2012\/10\/FIM_0123--200x200.jpg 200w\" sizes=\"auto, (max-width: 150px) 100vw, 150px\" \/><\/a> <a href=\"https:\/\/xn--judo-lbben-feb.de\/wp-content\/uploads\/2012\/10\/FIM_0124-.jpg\"><img loading=\"lazy\" decoding=\"async\" class=\"alignnone size-thumbnail wp-image-12115\" src=\"https:\/\/xn--judo-lbben-feb.de\/wp-content\/uploads\/2012\/10\/FIM_0124--150x150.jpg\" alt=\"\" width=\"150\" height=\"150\" srcset=\"https:\/\/xn--judo-lbben-feb.de\/wp-content\/uploads\/2012\/10\/FIM_0124--150x150.jpg 150w, https:\/\/xn--judo-lbben-feb.de\/wp-content\/uploads\/2012\/10\/FIM_0124--500x500.jpg 500w, https:\/\/xn--judo-lbben-feb.de\/wp-content\/uploads\/2012\/10\/FIM_0124--400x400.jpg 400w, https:\/\/xn--judo-lbben-feb.de\/wp-content\/uploads\/2012\/10\/FIM_0124--80x80.jpg 80w, https:\/\/xn--judo-lbben-feb.de\/wp-content\/uploads\/2012\/10\/FIM_0124--200x200.jpg 200w\" sizes=\"auto, (max-width: 150px) 100vw, 150px\" \/><\/a> <a href=\"https:\/\/xn--judo-lbben-feb.de\/wp-content\/uploads\/2012\/10\/FIM_0125-.jpg\"><img loading=\"lazy\" decoding=\"async\" class=\"alignnone size-thumbnail wp-image-12116\" src=\"https:\/\/xn--judo-lbben-feb.de\/wp-content\/uploads\/2012\/10\/FIM_0125--150x150.jpg\" alt=\"\" width=\"150\" height=\"150\" srcset=\"https:\/\/xn--judo-lbben-feb.de\/wp-content\/uploads\/2012\/10\/FIM_0125--150x150.jpg 150w, https:\/\/xn--judo-lbben-feb.de\/wp-content\/uploads\/2012\/10\/FIM_0125--500x500.jpg 500w, https:\/\/xn--judo-lbben-feb.de\/wp-content\/uploads\/2012\/10\/FIM_0125--400x400.jpg 400w, https:\/\/xn--judo-lbben-feb.de\/wp-content\/uploads\/2012\/10\/FIM_0125--80x80.jpg 80w, https:\/\/xn--judo-lbben-feb.de\/wp-content\/uploads\/2012\/10\/FIM_0125--200x200.jpg 200w\" sizes=\"auto, (max-width: 150px) 100vw, 150px\" \/><\/a> <a href=\"https:\/\/xn--judo-lbben-feb.de\/wp-content\/uploads\/2012\/10\/FIM_0126-.jpg\"><img loading=\"lazy\" decoding=\"async\" class=\"alignnone size-thumbnail wp-image-12117\" src=\"https:\/\/xn--judo-lbben-feb.de\/wp-content\/uploads\/2012\/10\/FIM_0126--150x150.jpg\" alt=\"\" width=\"150\" height=\"150\" srcset=\"https:\/\/xn--judo-lbben-feb.de\/wp-content\/uploads\/2012\/10\/FIM_0126--150x150.jpg 150w, https:\/\/xn--judo-lbben-feb.de\/wp-content\/uploads\/2012\/10\/FIM_0126--500x500.jpg 500w, https:\/\/xn--judo-lbben-feb.de\/wp-content\/uploads\/2012\/10\/FIM_0126--400x400.jpg 400w, https:\/\/xn--judo-lbben-feb.de\/wp-content\/uploads\/2012\/10\/FIM_0126--80x80.jpg 80w, https:\/\/xn--judo-lbben-feb.de\/wp-content\/uploads\/2012\/10\/FIM_0126--200x200.jpg 200w\" sizes=\"auto, (max-width: 150px) 100vw, 150px\" \/><\/a> <a href=\"https:\/\/xn--judo-lbben-feb.de\/wp-content\/uploads\/2012\/10\/FIM_0127-.jpg\"><img loading=\"lazy\" decoding=\"async\" class=\"alignnone size-thumbnail wp-image-12118\" src=\"https:\/\/xn--judo-lbben-feb.de\/wp-content\/uploads\/2012\/10\/FIM_0127--150x150.jpg\" alt=\"\" width=\"150\" height=\"150\" srcset=\"https:\/\/xn--judo-lbben-feb.de\/wp-content\/uploads\/2012\/10\/FIM_0127--150x150.jpg 150w, https:\/\/xn--judo-lbben-feb.de\/wp-content\/uploads\/2012\/10\/FIM_0127--500x500.jpg 500w, https:\/\/xn--judo-lbben-feb.de\/wp-content\/uploads\/2012\/10\/FIM_0127--400x400.jpg 400w, https:\/\/xn--judo-lbben-feb.de\/wp-content\/uploads\/2012\/10\/FIM_0127--80x80.jpg 80w, https:\/\/xn--judo-lbben-feb.de\/wp-content\/uploads\/2012\/10\/FIM_0127--200x200.jpg 200w\" sizes=\"auto, (max-width: 150px) 100vw, 150px\" \/><\/a> <a href=\"https:\/\/xn--judo-lbben-feb.de\/wp-content\/uploads\/2012\/10\/FIM_0128-.jpg\"><img loading=\"lazy\" decoding=\"async\" class=\"alignnone size-thumbnail wp-image-12119\" src=\"https:\/\/xn--judo-lbben-feb.de\/wp-content\/uploads\/2012\/10\/FIM_0128--150x150.jpg\" alt=\"\" width=\"150\" height=\"150\" srcset=\"https:\/\/xn--judo-lbben-feb.de\/wp-content\/uploads\/2012\/10\/FIM_0128--150x150.jpg 150w, https:\/\/xn--judo-lbben-feb.de\/wp-content\/uploads\/2012\/10\/FIM_0128--500x500.jpg 500w, https:\/\/xn--judo-lbben-feb.de\/wp-content\/uploads\/2012\/10\/FIM_0128--400x400.jpg 400w, https:\/\/xn--judo-lbben-feb.de\/wp-content\/uploads\/2012\/10\/FIM_0128--80x80.jpg 80w, https:\/\/xn--judo-lbben-feb.de\/wp-content\/uploads\/2012\/10\/FIM_0128--200x200.jpg 200w\" sizes=\"auto, (max-width: 150px) 100vw, 150px\" \/><\/a> <a href=\"https:\/\/xn--judo-lbben-feb.de\/wp-content\/uploads\/2012\/10\/FIM_0129-.jpg\"><img loading=\"lazy\" decoding=\"async\" class=\"alignnone size-thumbnail wp-image-12120\" src=\"https:\/\/xn--judo-lbben-feb.de\/wp-content\/uploads\/2012\/10\/FIM_0129--150x150.jpg\" alt=\"\" width=\"150\" height=\"150\" srcset=\"https:\/\/xn--judo-lbben-feb.de\/wp-content\/uploads\/2012\/10\/FIM_0129--150x150.jpg 150w, https:\/\/xn--judo-lbben-feb.de\/wp-content\/uploads\/2012\/10\/FIM_0129--500x500.jpg 500w, https:\/\/xn--judo-lbben-feb.de\/wp-content\/uploads\/2012\/10\/FIM_0129--400x400.jpg 400w, https:\/\/xn--judo-lbben-feb.de\/wp-content\/uploads\/2012\/10\/FIM_0129--80x80.jpg 80w, https:\/\/xn--judo-lbben-feb.de\/wp-content\/uploads\/2012\/10\/FIM_0129--200x200.jpg 200w\" sizes=\"auto, (max-width: 150px) 100vw, 150px\" \/><\/a> <a href=\"https:\/\/xn--judo-lbben-feb.de\/wp-content\/uploads\/2012\/10\/FIM_0130-.jpg\"><img loading=\"lazy\" decoding=\"async\" class=\"alignnone size-thumbnail wp-image-12121\" src=\"https:\/\/xn--judo-lbben-feb.de\/wp-content\/uploads\/2012\/10\/FIM_0130--150x150.jpg\" alt=\"\" width=\"150\" height=\"150\" srcset=\"https:\/\/xn--judo-lbben-feb.de\/wp-content\/uploads\/2012\/10\/FIM_0130--150x150.jpg 150w, https:\/\/xn--judo-lbben-feb.de\/wp-content\/uploads\/2012\/10\/FIM_0130--500x500.jpg 500w, https:\/\/xn--judo-lbben-feb.de\/wp-content\/uploads\/2012\/10\/FIM_0130--400x400.jpg 400w, https:\/\/xn--judo-lbben-feb.de\/wp-content\/uploads\/2012\/10\/FIM_0130--80x80.jpg 80w, https:\/\/xn--judo-lbben-feb.de\/wp-content\/uploads\/2012\/10\/FIM_0130--200x200.jpg 200w\" sizes=\"auto, (max-width: 150px) 100vw, 150px\" \/><\/a> <a href=\"https:\/\/xn--judo-lbben-feb.de\/wp-content\/uploads\/2012\/10\/FIM_0131-.jpg\"><img loading=\"lazy\" decoding=\"async\" class=\"alignnone size-thumbnail wp-image-12122\" src=\"https:\/\/xn--judo-lbben-feb.de\/wp-content\/uploads\/2012\/10\/FIM_0131--150x150.jpg\" alt=\"\" width=\"150\" height=\"150\" srcset=\"https:\/\/xn--judo-lbben-feb.de\/wp-content\/uploads\/2012\/10\/FIM_0131--150x150.jpg 150w, https:\/\/xn--judo-lbben-feb.de\/wp-content\/uploads\/2012\/10\/FIM_0131--500x500.jpg 500w, https:\/\/xn--judo-lbben-feb.de\/wp-content\/uploads\/2012\/10\/FIM_0131--400x400.jpg 400w, https:\/\/xn--judo-lbben-feb.de\/wp-content\/uploads\/2012\/10\/FIM_0131--80x80.jpg 80w, https:\/\/xn--judo-lbben-feb.de\/wp-content\/uploads\/2012\/10\/FIM_0131--200x200.jpg 200w\" sizes=\"auto, (max-width: 150px) 100vw, 150px\" \/><\/a> <a href=\"https:\/\/xn--judo-lbben-feb.de\/wp-content\/uploads\/2012\/10\/FIM_0132-.jpg\"><img loading=\"lazy\" decoding=\"async\" class=\"alignnone size-thumbnail wp-image-12123\" src=\"https:\/\/xn--judo-lbben-feb.de\/wp-content\/uploads\/2012\/10\/FIM_0132--150x150.jpg\" alt=\"\" width=\"150\" height=\"150\" srcset=\"https:\/\/xn--judo-lbben-feb.de\/wp-content\/uploads\/2012\/10\/FIM_0132--150x150.jpg 150w, https:\/\/xn--judo-lbben-feb.de\/wp-content\/uploads\/2012\/10\/FIM_0132--500x500.jpg 500w, https:\/\/xn--judo-lbben-feb.de\/wp-content\/uploads\/2012\/10\/FIM_0132--400x400.jpg 400w, https:\/\/xn--judo-lbben-feb.de\/wp-content\/uploads\/2012\/10\/FIM_0132--80x80.jpg 80w, https:\/\/xn--judo-lbben-feb.de\/wp-content\/uploads\/2012\/10\/FIM_0132--200x200.jpg 200w\" sizes=\"auto, (max-width: 150px) 100vw, 150px\" \/><\/a> <a href=\"https:\/\/xn--judo-lbben-feb.de\/wp-content\/uploads\/2012\/10\/FIM_0133-.jpg\"><img loading=\"lazy\" decoding=\"async\" class=\"alignnone size-thumbnail wp-image-12124\" src=\"https:\/\/xn--judo-lbben-feb.de\/wp-content\/uploads\/2012\/10\/FIM_0133--150x150.jpg\" alt=\"\" width=\"150\" height=\"150\" srcset=\"https:\/\/xn--judo-lbben-feb.de\/wp-content\/uploads\/2012\/10\/FIM_0133--150x150.jpg 150w, https:\/\/xn--judo-lbben-feb.de\/wp-content\/uploads\/2012\/10\/FIM_0133--500x500.jpg 500w, https:\/\/xn--judo-lbben-feb.de\/wp-content\/uploads\/2012\/10\/FIM_0133--400x400.jpg 400w, https:\/\/xn--judo-lbben-feb.de\/wp-content\/uploads\/2012\/10\/FIM_0133--80x80.jpg 80w, https:\/\/xn--judo-lbben-feb.de\/wp-content\/uploads\/2012\/10\/FIM_0133--200x200.jpg 200w\" sizes=\"auto, (max-width: 150px) 100vw, 150px\" \/><\/a> <a href=\"https:\/\/xn--judo-lbben-feb.de\/wp-content\/uploads\/2012\/10\/FIM_0134-.jpg\"><img loading=\"lazy\" decoding=\"async\" class=\"alignnone size-thumbnail wp-image-12125\" src=\"https:\/\/xn--judo-lbben-feb.de\/wp-content\/uploads\/2012\/10\/FIM_0134--150x150.jpg\" alt=\"\" width=\"150\" height=\"150\" srcset=\"https:\/\/xn--judo-lbben-feb.de\/wp-content\/uploads\/2012\/10\/FIM_0134--150x150.jpg 150w, https:\/\/xn--judo-lbben-feb.de\/wp-content\/uploads\/2012\/10\/FIM_0134--500x500.jpg 500w, https:\/\/xn--judo-lbben-feb.de\/wp-content\/uploads\/2012\/10\/FIM_0134--400x400.jpg 400w, https:\/\/xn--judo-lbben-feb.de\/wp-content\/uploads\/2012\/10\/FIM_0134--80x80.jpg 80w, https:\/\/xn--judo-lbben-feb.de\/wp-content\/uploads\/2012\/10\/FIM_0134--200x200.jpg 200w\" sizes=\"auto, (max-width: 150px) 100vw, 150px\" \/><\/a> <a href=\"https:\/\/xn--judo-lbben-feb.de\/wp-content\/uploads\/2012\/10\/FIM_0135-.jpg\"><img loading=\"lazy\" decoding=\"async\" class=\"alignnone size-thumbnail wp-image-12126\" src=\"https:\/\/xn--judo-lbben-feb.de\/wp-content\/uploads\/2012\/10\/FIM_0135--150x150.jpg\" alt=\"\" width=\"150\" height=\"150\" srcset=\"https:\/\/xn--judo-lbben-feb.de\/wp-content\/uploads\/2012\/10\/FIM_0135--150x150.jpg 150w, https:\/\/xn--judo-lbben-feb.de\/wp-content\/uploads\/2012\/10\/FIM_0135--500x500.jpg 500w, https:\/\/xn--judo-lbben-feb.de\/wp-content\/uploads\/2012\/10\/FIM_0135--400x400.jpg 400w, https:\/\/xn--judo-lbben-feb.de\/wp-content\/uploads\/2012\/10\/FIM_0135--80x80.jpg 80w, https:\/\/xn--judo-lbben-feb.de\/wp-content\/uploads\/2012\/10\/FIM_0135--200x200.jpg 200w\" sizes=\"auto, (max-width: 150px) 100vw, 150px\" \/><\/a> <a href=\"https:\/\/xn--judo-lbben-feb.de\/wp-content\/uploads\/2012\/10\/FIM_0136-.jpg\"><img loading=\"lazy\" decoding=\"async\" class=\"alignnone size-thumbnail wp-image-12127\" src=\"https:\/\/xn--judo-lbben-feb.de\/wp-content\/uploads\/2012\/10\/FIM_0136--150x150.jpg\" alt=\"\" width=\"150\" height=\"150\" srcset=\"https:\/\/xn--judo-lbben-feb.de\/wp-content\/uploads\/2012\/10\/FIM_0136--150x150.jpg 150w, https:\/\/xn--judo-lbben-feb.de\/wp-content\/uploads\/2012\/10\/FIM_0136--500x500.jpg 500w, https:\/\/xn--judo-lbben-feb.de\/wp-content\/uploads\/2012\/10\/FIM_0136--400x400.jpg 400w, https:\/\/xn--judo-lbben-feb.de\/wp-content\/uploads\/2012\/10\/FIM_0136--80x80.jpg 80w, https:\/\/xn--judo-lbben-feb.de\/wp-content\/uploads\/2012\/10\/FIM_0136--200x200.jpg 200w\" sizes=\"auto, (max-width: 150px) 100vw, 150px\" \/><\/a> <a href=\"https:\/\/xn--judo-lbben-feb.de\/wp-content\/uploads\/2012\/10\/FIM_0137-.jpg\"><img loading=\"lazy\" decoding=\"async\" class=\"alignnone size-thumbnail wp-image-12128\" src=\"https:\/\/xn--judo-lbben-feb.de\/wp-content\/uploads\/2012\/10\/FIM_0137--150x150.jpg\" alt=\"\" width=\"150\" height=\"150\" srcset=\"https:\/\/xn--judo-lbben-feb.de\/wp-content\/uploads\/2012\/10\/FIM_0137--150x150.jpg 150w, https:\/\/xn--judo-lbben-feb.de\/wp-content\/uploads\/2012\/10\/FIM_0137--500x500.jpg 500w, https:\/\/xn--judo-lbben-feb.de\/wp-content\/uploads\/2012\/10\/FIM_0137--400x400.jpg 400w, https:\/\/xn--judo-lbben-feb.de\/wp-content\/uploads\/2012\/10\/FIM_0137--80x80.jpg 80w, https:\/\/xn--judo-lbben-feb.de\/wp-content\/uploads\/2012\/10\/FIM_0137--200x200.jpg 200w\" sizes=\"auto, (max-width: 150px) 100vw, 150px\" \/><\/a> <a href=\"https:\/\/xn--judo-lbben-feb.de\/wp-content\/uploads\/2012\/10\/FIM_0138-.jpg\"><img loading=\"lazy\" decoding=\"async\" class=\"alignnone size-thumbnail wp-image-12129\" src=\"https:\/\/xn--judo-lbben-feb.de\/wp-content\/uploads\/2012\/10\/FIM_0138--150x150.jpg\" alt=\"\" width=\"150\" height=\"150\" srcset=\"https:\/\/xn--judo-lbben-feb.de\/wp-content\/uploads\/2012\/10\/FIM_0138--150x150.jpg 150w, https:\/\/xn--judo-lbben-feb.de\/wp-content\/uploads\/2012\/10\/FIM_0138--500x500.jpg 500w, https:\/\/xn--judo-lbben-feb.de\/wp-content\/uploads\/2012\/10\/FIM_0138--400x400.jpg 400w, https:\/\/xn--judo-lbben-feb.de\/wp-content\/uploads\/2012\/10\/FIM_0138--80x80.jpg 80w, https:\/\/xn--judo-lbben-feb.de\/wp-content\/uploads\/2012\/10\/FIM_0138--200x200.jpg 200w\" sizes=\"auto, (max-width: 150px) 100vw, 150px\" \/><\/a> <a href=\"https:\/\/xn--judo-lbben-feb.de\/wp-content\/uploads\/2012\/10\/FIM_0139-.jpg\"><img loading=\"lazy\" decoding=\"async\" class=\"alignnone size-thumbnail wp-image-12130\" src=\"https:\/\/xn--judo-lbben-feb.de\/wp-content\/uploads\/2012\/10\/FIM_0139--150x150.jpg\" alt=\"\" width=\"150\" height=\"150\" srcset=\"https:\/\/xn--judo-lbben-feb.de\/wp-content\/uploads\/2012\/10\/FIM_0139--150x150.jpg 150w, https:\/\/xn--judo-lbben-feb.de\/wp-content\/uploads\/2012\/10\/FIM_0139--500x500.jpg 500w, https:\/\/xn--judo-lbben-feb.de\/wp-content\/uploads\/2012\/10\/FIM_0139--400x400.jpg 400w, https:\/\/xn--judo-lbben-feb.de\/wp-content\/uploads\/2012\/10\/FIM_0139--80x80.jpg 80w, https:\/\/xn--judo-lbben-feb.de\/wp-content\/uploads\/2012\/10\/FIM_0139--200x200.jpg 200w\" sizes=\"auto, (max-width: 150px) 100vw, 150px\" \/><\/a> <a href=\"https:\/\/xn--judo-lbben-feb.de\/wp-content\/uploads\/2012\/10\/FIM_0140-.jpg\"><img loading=\"lazy\" decoding=\"async\" class=\"alignnone size-thumbnail wp-image-12131\" src=\"https:\/\/xn--judo-lbben-feb.de\/wp-content\/uploads\/2012\/10\/FIM_0140--150x150.jpg\" alt=\"\" width=\"150\" height=\"150\" srcset=\"https:\/\/xn--judo-lbben-feb.de\/wp-content\/uploads\/2012\/10\/FIM_0140--150x150.jpg 150w, https:\/\/xn--judo-lbben-feb.de\/wp-content\/uploads\/2012\/10\/FIM_0140--500x500.jpg 500w, https:\/\/xn--judo-lbben-feb.de\/wp-content\/uploads\/2012\/10\/FIM_0140--400x400.jpg 400w, https:\/\/xn--judo-lbben-feb.de\/wp-content\/uploads\/2012\/10\/FIM_0140--80x80.jpg 80w, https:\/\/xn--judo-lbben-feb.de\/wp-content\/uploads\/2012\/10\/FIM_0140--200x200.jpg 200w\" sizes=\"auto, (max-width: 150px) 100vw, 150px\" \/><\/a> <a href=\"https:\/\/xn--judo-lbben-feb.de\/wp-content\/uploads\/2012\/10\/FIM_0141-.jpg\"><img loading=\"lazy\" decoding=\"async\" class=\"alignnone size-thumbnail wp-image-12132\" src=\"https:\/\/xn--judo-lbben-feb.de\/wp-content\/uploads\/2012\/10\/FIM_0141--150x150.jpg\" alt=\"\" width=\"150\" height=\"150\" srcset=\"https:\/\/xn--judo-lbben-feb.de\/wp-content\/uploads\/2012\/10\/FIM_0141--150x150.jpg 150w, https:\/\/xn--judo-lbben-feb.de\/wp-content\/uploads\/2012\/10\/FIM_0141--500x500.jpg 500w, https:\/\/xn--judo-lbben-feb.de\/wp-content\/uploads\/2012\/10\/FIM_0141--400x400.jpg 400w, https:\/\/xn--judo-lbben-feb.de\/wp-content\/uploads\/2012\/10\/FIM_0141--80x80.jpg 80w, https:\/\/xn--judo-lbben-feb.de\/wp-content\/uploads\/2012\/10\/FIM_0141--200x200.jpg 200w\" sizes=\"auto, (max-width: 150px) 100vw, 150px\" \/><\/a> <a href=\"https:\/\/xn--judo-lbben-feb.de\/wp-content\/uploads\/2012\/10\/FIM_0142-.jpg\"><img loading=\"lazy\" decoding=\"async\" class=\"alignnone size-thumbnail wp-image-12133\" src=\"https:\/\/xn--judo-lbben-feb.de\/wp-content\/uploads\/2012\/10\/FIM_0142--150x150.jpg\" alt=\"\" width=\"150\" height=\"150\" srcset=\"https:\/\/xn--judo-lbben-feb.de\/wp-content\/uploads\/2012\/10\/FIM_0142--150x150.jpg 150w, https:\/\/xn--judo-lbben-feb.de\/wp-content\/uploads\/2012\/10\/FIM_0142--500x500.jpg 500w, https:\/\/xn--judo-lbben-feb.de\/wp-content\/uploads\/2012\/10\/FIM_0142--400x400.jpg 400w, https:\/\/xn--judo-lbben-feb.de\/wp-content\/uploads\/2012\/10\/FIM_0142--80x80.jpg 80w, https:\/\/xn--judo-lbben-feb.de\/wp-content\/uploads\/2012\/10\/FIM_0142--200x200.jpg 200w\" sizes=\"auto, (max-width: 150px) 100vw, 150px\" \/><\/a> <a href=\"https:\/\/xn--judo-lbben-feb.de\/wp-content\/uploads\/2012\/10\/FIM_0143-.jpg\"><img loading=\"lazy\" decoding=\"async\" class=\"alignnone size-thumbnail wp-image-12134\" src=\"https:\/\/xn--judo-lbben-feb.de\/wp-content\/uploads\/2012\/10\/FIM_0143--150x150.jpg\" alt=\"\" width=\"150\" height=\"150\" srcset=\"https:\/\/xn--judo-lbben-feb.de\/wp-content\/uploads\/2012\/10\/FIM_0143--150x150.jpg 150w, https:\/\/xn--judo-lbben-feb.de\/wp-content\/uploads\/2012\/10\/FIM_0143--500x500.jpg 500w, https:\/\/xn--judo-lbben-feb.de\/wp-content\/uploads\/2012\/10\/FIM_0143--400x400.jpg 400w, https:\/\/xn--judo-lbben-feb.de\/wp-content\/uploads\/2012\/10\/FIM_0143--80x80.jpg 80w, https:\/\/xn--judo-lbben-feb.de\/wp-content\/uploads\/2012\/10\/FIM_0143--200x200.jpg 200w\" sizes=\"auto, (max-width: 150px) 100vw, 150px\" \/><\/a> <a href=\"https:\/\/xn--judo-lbben-feb.de\/wp-content\/uploads\/2012\/10\/FIM_0144-.jpg\"><img loading=\"lazy\" decoding=\"async\" class=\"alignnone size-thumbnail wp-image-12135\" src=\"https:\/\/xn--judo-lbben-feb.de\/wp-content\/uploads\/2012\/10\/FIM_0144--150x150.jpg\" alt=\"\" width=\"150\" height=\"150\" srcset=\"https:\/\/xn--judo-lbben-feb.de\/wp-content\/uploads\/2012\/10\/FIM_0144--150x150.jpg 150w, https:\/\/xn--judo-lbben-feb.de\/wp-content\/uploads\/2012\/10\/FIM_0144--500x500.jpg 500w, https:\/\/xn--judo-lbben-feb.de\/wp-content\/uploads\/2012\/10\/FIM_0144--400x400.jpg 400w, https:\/\/xn--judo-lbben-feb.de\/wp-content\/uploads\/2012\/10\/FIM_0144--80x80.jpg 80w, https:\/\/xn--judo-lbben-feb.de\/wp-content\/uploads\/2012\/10\/FIM_0144--200x200.jpg 200w\" sizes=\"auto, (max-width: 150px) 100vw, 150px\" \/><\/a> <a href=\"https:\/\/xn--judo-lbben-feb.de\/wp-content\/uploads\/2012\/10\/FIM_0145-.jpg\"><img loading=\"lazy\" decoding=\"async\" class=\"alignnone size-thumbnail wp-image-12136\" src=\"https:\/\/xn--judo-lbben-feb.de\/wp-content\/uploads\/2012\/10\/FIM_0145--150x150.jpg\" alt=\"\" width=\"150\" height=\"150\" srcset=\"https:\/\/xn--judo-lbben-feb.de\/wp-content\/uploads\/2012\/10\/FIM_0145--150x150.jpg 150w, https:\/\/xn--judo-lbben-feb.de\/wp-content\/uploads\/2012\/10\/FIM_0145--500x500.jpg 500w, https:\/\/xn--judo-lbben-feb.de\/wp-content\/uploads\/2012\/10\/FIM_0145--400x400.jpg 400w, https:\/\/xn--judo-lbben-feb.de\/wp-content\/uploads\/2012\/10\/FIM_0145--80x80.jpg 80w, https:\/\/xn--judo-lbben-feb.de\/wp-content\/uploads\/2012\/10\/FIM_0145--200x200.jpg 200w\" sizes=\"auto, (max-width: 150px) 100vw, 150px\" \/><\/a> <a href=\"https:\/\/xn--judo-lbben-feb.de\/wp-content\/uploads\/2012\/10\/FIM_0146-.jpg\"><img loading=\"lazy\" decoding=\"async\" class=\"alignnone size-thumbnail wp-image-12137\" src=\"https:\/\/xn--judo-lbben-feb.de\/wp-content\/uploads\/2012\/10\/FIM_0146--150x150.jpg\" alt=\"\" width=\"150\" height=\"150\" srcset=\"https:\/\/xn--judo-lbben-feb.de\/wp-content\/uploads\/2012\/10\/FIM_0146--150x150.jpg 150w, https:\/\/xn--judo-lbben-feb.de\/wp-content\/uploads\/2012\/10\/FIM_0146--500x500.jpg 500w, https:\/\/xn--judo-lbben-feb.de\/wp-content\/uploads\/2012\/10\/FIM_0146--400x400.jpg 400w, https:\/\/xn--judo-lbben-feb.de\/wp-content\/uploads\/2012\/10\/FIM_0146--80x80.jpg 80w, https:\/\/xn--judo-lbben-feb.de\/wp-content\/uploads\/2012\/10\/FIM_0146--200x200.jpg 200w\" sizes=\"auto, (max-width: 150px) 100vw, 150px\" \/><\/a> <a href=\"https:\/\/xn--judo-lbben-feb.de\/wp-content\/uploads\/2012\/10\/FIM_0147-.jpg\"><img loading=\"lazy\" decoding=\"async\" class=\"alignnone size-thumbnail wp-image-12138\" src=\"https:\/\/xn--judo-lbben-feb.de\/wp-content\/uploads\/2012\/10\/FIM_0147--150x150.jpg\" alt=\"\" width=\"150\" height=\"150\" srcset=\"https:\/\/xn--judo-lbben-feb.de\/wp-content\/uploads\/2012\/10\/FIM_0147--150x150.jpg 150w, https:\/\/xn--judo-lbben-feb.de\/wp-content\/uploads\/2012\/10\/FIM_0147--500x500.jpg 500w, https:\/\/xn--judo-lbben-feb.de\/wp-content\/uploads\/2012\/10\/FIM_0147--400x400.jpg 400w, https:\/\/xn--judo-lbben-feb.de\/wp-content\/uploads\/2012\/10\/FIM_0147--80x80.jpg 80w, https:\/\/xn--judo-lbben-feb.de\/wp-content\/uploads\/2012\/10\/FIM_0147--200x200.jpg 200w\" sizes=\"auto, (max-width: 150px) 100vw, 150px\" \/><\/a> <a href=\"https:\/\/xn--judo-lbben-feb.de\/wp-content\/uploads\/2012\/10\/FIM_0148-.jpg\"><img loading=\"lazy\" decoding=\"async\" class=\"alignnone size-thumbnail wp-image-12139\" src=\"https:\/\/xn--judo-lbben-feb.de\/wp-content\/uploads\/2012\/10\/FIM_0148--150x150.jpg\" alt=\"\" width=\"150\" height=\"150\" srcset=\"https:\/\/xn--judo-lbben-feb.de\/wp-content\/uploads\/2012\/10\/FIM_0148--150x150.jpg 150w, https:\/\/xn--judo-lbben-feb.de\/wp-content\/uploads\/2012\/10\/FIM_0148--500x500.jpg 500w, https:\/\/xn--judo-lbben-feb.de\/wp-content\/uploads\/2012\/10\/FIM_0148--400x400.jpg 400w, https:\/\/xn--judo-lbben-feb.de\/wp-content\/uploads\/2012\/10\/FIM_0148--80x80.jpg 80w, https:\/\/xn--judo-lbben-feb.de\/wp-content\/uploads\/2012\/10\/FIM_0148--200x200.jpg 200w\" sizes=\"auto, (max-width: 150px) 100vw, 150px\" \/><\/a> <a href=\"https:\/\/xn--judo-lbben-feb.de\/wp-content\/uploads\/2012\/10\/FIM_0149-.jpg\"><img loading=\"lazy\" decoding=\"async\" class=\"alignnone size-thumbnail wp-image-12140\" src=\"https:\/\/xn--judo-lbben-feb.de\/wp-content\/uploads\/2012\/10\/FIM_0149--150x150.jpg\" alt=\"\" width=\"150\" height=\"150\" srcset=\"https:\/\/xn--judo-lbben-feb.de\/wp-content\/uploads\/2012\/10\/FIM_0149--150x150.jpg 150w, https:\/\/xn--judo-lbben-feb.de\/wp-content\/uploads\/2012\/10\/FIM_0149--500x500.jpg 500w, https:\/\/xn--judo-lbben-feb.de\/wp-content\/uploads\/2012\/10\/FIM_0149--400x400.jpg 400w, https:\/\/xn--judo-lbben-feb.de\/wp-content\/uploads\/2012\/10\/FIM_0149--80x80.jpg 80w, https:\/\/xn--judo-lbben-feb.de\/wp-content\/uploads\/2012\/10\/FIM_0149--200x200.jpg 200w\" sizes=\"auto, (max-width: 150px) 100vw, 150px\" \/><\/a> <a href=\"https:\/\/xn--judo-lbben-feb.de\/wp-content\/uploads\/2012\/10\/FIM_0150-.jpg\"><img loading=\"lazy\" decoding=\"async\" class=\"alignnone size-thumbnail wp-image-12141\" src=\"https:\/\/xn--judo-lbben-feb.de\/wp-content\/uploads\/2012\/10\/FIM_0150--150x150.jpg\" alt=\"\" width=\"150\" height=\"150\" srcset=\"https:\/\/xn--judo-lbben-feb.de\/wp-content\/uploads\/2012\/10\/FIM_0150--150x150.jpg 150w, https:\/\/xn--judo-lbben-feb.de\/wp-content\/uploads\/2012\/10\/FIM_0150--500x500.jpg 500w, https:\/\/xn--judo-lbben-feb.de\/wp-content\/uploads\/2012\/10\/FIM_0150--400x400.jpg 400w, https:\/\/xn--judo-lbben-feb.de\/wp-content\/uploads\/2012\/10\/FIM_0150--80x80.jpg 80w, https:\/\/xn--judo-lbben-feb.de\/wp-content\/uploads\/2012\/10\/FIM_0150--200x200.jpg 200w\" sizes=\"auto, (max-width: 150px) 100vw, 150px\" \/><\/a> <a href=\"https:\/\/xn--judo-lbben-feb.de\/wp-content\/uploads\/2012\/10\/FIM_0151-.jpg\"><img loading=\"lazy\" decoding=\"async\" class=\"alignnone size-thumbnail wp-image-12142\" src=\"https:\/\/xn--judo-lbben-feb.de\/wp-content\/uploads\/2012\/10\/FIM_0151--150x150.jpg\" alt=\"\" width=\"150\" height=\"150\" srcset=\"https:\/\/xn--judo-lbben-feb.de\/wp-content\/uploads\/2012\/10\/FIM_0151--150x150.jpg 150w, https:\/\/xn--judo-lbben-feb.de\/wp-content\/uploads\/2012\/10\/FIM_0151--500x500.jpg 500w, https:\/\/xn--judo-lbben-feb.de\/wp-content\/uploads\/2012\/10\/FIM_0151--400x400.jpg 400w, https:\/\/xn--judo-lbben-feb.de\/wp-content\/uploads\/2012\/10\/FIM_0151--80x80.jpg 80w, https:\/\/xn--judo-lbben-feb.de\/wp-content\/uploads\/2012\/10\/FIM_0151--200x200.jpg 200w\" sizes=\"auto, (max-width: 150px) 100vw, 150px\" \/><\/a> <a href=\"https:\/\/xn--judo-lbben-feb.de\/wp-content\/uploads\/2012\/10\/FIM_0152-.jpg\"><img loading=\"lazy\" decoding=\"async\" class=\"alignnone size-thumbnail wp-image-12143\" src=\"https:\/\/xn--judo-lbben-feb.de\/wp-content\/uploads\/2012\/10\/FIM_0152--150x150.jpg\" alt=\"\" width=\"150\" height=\"150\" srcset=\"https:\/\/xn--judo-lbben-feb.de\/wp-content\/uploads\/2012\/10\/FIM_0152--150x150.jpg 150w, https:\/\/xn--judo-lbben-feb.de\/wp-content\/uploads\/2012\/10\/FIM_0152--500x500.jpg 500w, https:\/\/xn--judo-lbben-feb.de\/wp-content\/uploads\/2012\/10\/FIM_0152--400x400.jpg 400w, https:\/\/xn--judo-lbben-feb.de\/wp-content\/uploads\/2012\/10\/FIM_0152--80x80.jpg 80w, https:\/\/xn--judo-lbben-feb.de\/wp-content\/uploads\/2012\/10\/FIM_0152--200x200.jpg 200w\" sizes=\"auto, (max-width: 150px) 100vw, 150px\" \/><\/a> <a href=\"https:\/\/xn--judo-lbben-feb.de\/wp-content\/uploads\/2012\/10\/FIM_0153-.jpg\"><img loading=\"lazy\" decoding=\"async\" class=\"alignnone size-thumbnail wp-image-12144\" src=\"https:\/\/xn--judo-lbben-feb.de\/wp-content\/uploads\/2012\/10\/FIM_0153--150x150.jpg\" alt=\"\" width=\"150\" height=\"150\" srcset=\"https:\/\/xn--judo-lbben-feb.de\/wp-content\/uploads\/2012\/10\/FIM_0153--150x150.jpg 150w, https:\/\/xn--judo-lbben-feb.de\/wp-content\/uploads\/2012\/10\/FIM_0153--500x500.jpg 500w, https:\/\/xn--judo-lbben-feb.de\/wp-content\/uploads\/2012\/10\/FIM_0153--400x400.jpg 400w, https:\/\/xn--judo-lbben-feb.de\/wp-content\/uploads\/2012\/10\/FIM_0153--80x80.jpg 80w, https:\/\/xn--judo-lbben-feb.de\/wp-content\/uploads\/2012\/10\/FIM_0153--200x200.jpg 200w\" sizes=\"auto, (max-width: 150px) 100vw, 150px\" \/><\/a> <a href=\"https:\/\/xn--judo-lbben-feb.de\/wp-content\/uploads\/2012\/10\/FIM_0154-.jpg\"><img loading=\"lazy\" decoding=\"async\" class=\"alignnone size-thumbnail wp-image-12145\" src=\"https:\/\/xn--judo-lbben-feb.de\/wp-content\/uploads\/2012\/10\/FIM_0154--150x150.jpg\" alt=\"\" width=\"150\" height=\"150\" srcset=\"https:\/\/xn--judo-lbben-feb.de\/wp-content\/uploads\/2012\/10\/FIM_0154--150x150.jpg 150w, https:\/\/xn--judo-lbben-feb.de\/wp-content\/uploads\/2012\/10\/FIM_0154--500x500.jpg 500w, https:\/\/xn--judo-lbben-feb.de\/wp-content\/uploads\/2012\/10\/FIM_0154--400x400.jpg 400w, https:\/\/xn--judo-lbben-feb.de\/wp-content\/uploads\/2012\/10\/FIM_0154--80x80.jpg 80w, https:\/\/xn--judo-lbben-feb.de\/wp-content\/uploads\/2012\/10\/FIM_0154--200x200.jpg 200w\" sizes=\"auto, (max-width: 150px) 100vw, 150px\" \/><\/a> <a href=\"https:\/\/xn--judo-lbben-feb.de\/wp-content\/uploads\/2012\/10\/FIM_0155-.jpg\"><img loading=\"lazy\" decoding=\"async\" class=\"alignnone size-thumbnail wp-image-12146\" src=\"https:\/\/xn--judo-lbben-feb.de\/wp-content\/uploads\/2012\/10\/FIM_0155--150x150.jpg\" alt=\"\" width=\"150\" height=\"150\" srcset=\"https:\/\/xn--judo-lbben-feb.de\/wp-content\/uploads\/2012\/10\/FIM_0155--150x150.jpg 150w, https:\/\/xn--judo-lbben-feb.de\/wp-content\/uploads\/2012\/10\/FIM_0155--500x500.jpg 500w, https:\/\/xn--judo-lbben-feb.de\/wp-content\/uploads\/2012\/10\/FIM_0155--400x400.jpg 400w, https:\/\/xn--judo-lbben-feb.de\/wp-content\/uploads\/2012\/10\/FIM_0155--80x80.jpg 80w, https:\/\/xn--judo-lbben-feb.de\/wp-content\/uploads\/2012\/10\/FIM_0155--200x200.jpg 200w\" sizes=\"auto, (max-width: 150px) 100vw, 150px\" \/><\/a> <a href=\"https:\/\/xn--judo-lbben-feb.de\/wp-content\/uploads\/2012\/10\/FIM_0156-.jpg\"><img loading=\"lazy\" decoding=\"async\" class=\"alignnone size-thumbnail wp-image-12147\" src=\"https:\/\/xn--judo-lbben-feb.de\/wp-content\/uploads\/2012\/10\/FIM_0156--150x150.jpg\" alt=\"\" width=\"150\" height=\"150\" srcset=\"https:\/\/xn--judo-lbben-feb.de\/wp-content\/uploads\/2012\/10\/FIM_0156--150x150.jpg 150w, https:\/\/xn--judo-lbben-feb.de\/wp-content\/uploads\/2012\/10\/FIM_0156--500x500.jpg 500w, https:\/\/xn--judo-lbben-feb.de\/wp-content\/uploads\/2012\/10\/FIM_0156--400x400.jpg 400w, https:\/\/xn--judo-lbben-feb.de\/wp-content\/uploads\/2012\/10\/FIM_0156--80x80.jpg 80w, https:\/\/xn--judo-lbben-feb.de\/wp-content\/uploads\/2012\/10\/FIM_0156--200x200.jpg 200w\" sizes=\"auto, (max-width: 150px) 100vw, 150px\" \/><\/a> <a href=\"https:\/\/xn--judo-lbben-feb.de\/wp-content\/uploads\/2012\/10\/FIM_0157-.jpg\"><img loading=\"lazy\" decoding=\"async\" class=\"alignnone size-thumbnail wp-image-12148\" src=\"https:\/\/xn--judo-lbben-feb.de\/wp-content\/uploads\/2012\/10\/FIM_0157--150x150.jpg\" alt=\"\" width=\"150\" height=\"150\" srcset=\"https:\/\/xn--judo-lbben-feb.de\/wp-content\/uploads\/2012\/10\/FIM_0157--150x150.jpg 150w, https:\/\/xn--judo-lbben-feb.de\/wp-content\/uploads\/2012\/10\/FIM_0157--500x500.jpg 500w, https:\/\/xn--judo-lbben-feb.de\/wp-content\/uploads\/2012\/10\/FIM_0157--400x400.jpg 400w, https:\/\/xn--judo-lbben-feb.de\/wp-content\/uploads\/2012\/10\/FIM_0157--80x80.jpg 80w, https:\/\/xn--judo-lbben-feb.de\/wp-content\/uploads\/2012\/10\/FIM_0157--200x200.jpg 200w\" sizes=\"auto, (max-width: 150px) 100vw, 150px\" \/><\/a> <a href=\"https:\/\/xn--judo-lbben-feb.de\/wp-content\/uploads\/2012\/10\/FIM_0158-.jpg\"><img loading=\"lazy\" decoding=\"async\" class=\"alignnone size-thumbnail wp-image-12149\" src=\"https:\/\/xn--judo-lbben-feb.de\/wp-content\/uploads\/2012\/10\/FIM_0158--150x150.jpg\" alt=\"\" width=\"150\" height=\"150\" srcset=\"https:\/\/xn--judo-lbben-feb.de\/wp-content\/uploads\/2012\/10\/FIM_0158--150x150.jpg 150w, https:\/\/xn--judo-lbben-feb.de\/wp-content\/uploads\/2012\/10\/FIM_0158--500x500.jpg 500w, https:\/\/xn--judo-lbben-feb.de\/wp-content\/uploads\/2012\/10\/FIM_0158--400x400.jpg 400w, https:\/\/xn--judo-lbben-feb.de\/wp-content\/uploads\/2012\/10\/FIM_0158--80x80.jpg 80w, https:\/\/xn--judo-lbben-feb.de\/wp-content\/uploads\/2012\/10\/FIM_0158--200x200.jpg 200w\" sizes=\"auto, (max-width: 150px) 100vw, 150px\" \/><\/a> <a href=\"https:\/\/xn--judo-lbben-feb.de\/wp-content\/uploads\/2012\/10\/FIM_0159-.jpg\"><img loading=\"lazy\" decoding=\"async\" class=\"alignnone size-thumbnail wp-image-12150\" src=\"https:\/\/xn--judo-lbben-feb.de\/wp-content\/uploads\/2012\/10\/FIM_0159--150x150.jpg\" alt=\"\" width=\"150\" height=\"150\" srcset=\"https:\/\/xn--judo-lbben-feb.de\/wp-content\/uploads\/2012\/10\/FIM_0159--150x150.jpg 150w, https:\/\/xn--judo-lbben-feb.de\/wp-content\/uploads\/2012\/10\/FIM_0159--500x500.jpg 500w, https:\/\/xn--judo-lbben-feb.de\/wp-content\/uploads\/2012\/10\/FIM_0159--400x400.jpg 400w, https:\/\/xn--judo-lbben-feb.de\/wp-content\/uploads\/2012\/10\/FIM_0159--80x80.jpg 80w, https:\/\/xn--judo-lbben-feb.de\/wp-content\/uploads\/2012\/10\/FIM_0159--200x200.jpg 200w\" sizes=\"auto, (max-width: 150px) 100vw, 150px\" \/><\/a> <a href=\"https:\/\/xn--judo-lbben-feb.de\/wp-content\/uploads\/2012\/10\/FIM_0160-.jpg\"><img loading=\"lazy\" decoding=\"async\" class=\"alignnone size-thumbnail wp-image-12151\" src=\"https:\/\/xn--judo-lbben-feb.de\/wp-content\/uploads\/2012\/10\/FIM_0160--150x150.jpg\" alt=\"\" width=\"150\" height=\"150\" srcset=\"https:\/\/xn--judo-lbben-feb.de\/wp-content\/uploads\/2012\/10\/FIM_0160--150x150.jpg 150w, https:\/\/xn--judo-lbben-feb.de\/wp-content\/uploads\/2012\/10\/FIM_0160--500x500.jpg 500w, https:\/\/xn--judo-lbben-feb.de\/wp-content\/uploads\/2012\/10\/FIM_0160--400x400.jpg 400w, https:\/\/xn--judo-lbben-feb.de\/wp-content\/uploads\/2012\/10\/FIM_0160--80x80.jpg 80w, https:\/\/xn--judo-lbben-feb.de\/wp-content\/uploads\/2012\/10\/FIM_0160--200x200.jpg 200w\" sizes=\"auto, (max-width: 150px) 100vw, 150px\" \/><\/a> <a href=\"https:\/\/xn--judo-lbben-feb.de\/wp-content\/uploads\/2012\/10\/FIM_0161-.jpg\"><img loading=\"lazy\" decoding=\"async\" class=\"alignnone size-thumbnail wp-image-12152\" src=\"https:\/\/xn--judo-lbben-feb.de\/wp-content\/uploads\/2012\/10\/FIM_0161--150x150.jpg\" alt=\"\" width=\"150\" height=\"150\" srcset=\"https:\/\/xn--judo-lbben-feb.de\/wp-content\/uploads\/2012\/10\/FIM_0161--150x150.jpg 150w, https:\/\/xn--judo-lbben-feb.de\/wp-content\/uploads\/2012\/10\/FIM_0161--500x500.jpg 500w, https:\/\/xn--judo-lbben-feb.de\/wp-content\/uploads\/2012\/10\/FIM_0161--400x400.jpg 400w, https:\/\/xn--judo-lbben-feb.de\/wp-content\/uploads\/2012\/10\/FIM_0161--80x80.jpg 80w, https:\/\/xn--judo-lbben-feb.de\/wp-content\/uploads\/2012\/10\/FIM_0161--200x200.jpg 200w\" sizes=\"auto, (max-width: 150px) 100vw, 150px\" \/><\/a> <a href=\"https:\/\/xn--judo-lbben-feb.de\/wp-content\/uploads\/2012\/10\/FIM_0162-.jpg\"><img loading=\"lazy\" decoding=\"async\" class=\"alignnone size-thumbnail wp-image-12153\" src=\"https:\/\/xn--judo-lbben-feb.de\/wp-content\/uploads\/2012\/10\/FIM_0162--150x150.jpg\" alt=\"\" width=\"150\" height=\"150\" srcset=\"https:\/\/xn--judo-lbben-feb.de\/wp-content\/uploads\/2012\/10\/FIM_0162--150x150.jpg 150w, https:\/\/xn--judo-lbben-feb.de\/wp-content\/uploads\/2012\/10\/FIM_0162--500x500.jpg 500w, https:\/\/xn--judo-lbben-feb.de\/wp-content\/uploads\/2012\/10\/FIM_0162--400x400.jpg 400w, https:\/\/xn--judo-lbben-feb.de\/wp-content\/uploads\/2012\/10\/FIM_0162--80x80.jpg 80w, https:\/\/xn--judo-lbben-feb.de\/wp-content\/uploads\/2012\/10\/FIM_0162--200x200.jpg 200w\" sizes=\"auto, (max-width: 150px) 100vw, 150px\" \/><\/a> <a href=\"https:\/\/xn--judo-lbben-feb.de\/wp-content\/uploads\/2012\/10\/FIM_0163-.jpg\"><img loading=\"lazy\" decoding=\"async\" class=\"alignnone size-thumbnail wp-image-12154\" src=\"https:\/\/xn--judo-lbben-feb.de\/wp-content\/uploads\/2012\/10\/FIM_0163--150x150.jpg\" alt=\"\" width=\"150\" height=\"150\" srcset=\"https:\/\/xn--judo-lbben-feb.de\/wp-content\/uploads\/2012\/10\/FIM_0163--150x150.jpg 150w, https:\/\/xn--judo-lbben-feb.de\/wp-content\/uploads\/2012\/10\/FIM_0163--500x500.jpg 500w, https:\/\/xn--judo-lbben-feb.de\/wp-content\/uploads\/2012\/10\/FIM_0163--400x400.jpg 400w, https:\/\/xn--judo-lbben-feb.de\/wp-content\/uploads\/2012\/10\/FIM_0163--80x80.jpg 80w, https:\/\/xn--judo-lbben-feb.de\/wp-content\/uploads\/2012\/10\/FIM_0163--200x200.jpg 200w\" sizes=\"auto, (max-width: 150px) 100vw, 150px\" \/><\/a> <a href=\"https:\/\/xn--judo-lbben-feb.de\/wp-content\/uploads\/2012\/10\/FIM_0164-.jpg\"><img loading=\"lazy\" decoding=\"async\" class=\"alignnone size-thumbnail wp-image-12155\" src=\"https:\/\/xn--judo-lbben-feb.de\/wp-content\/uploads\/2012\/10\/FIM_0164--150x150.jpg\" alt=\"\" width=\"150\" height=\"150\" srcset=\"https:\/\/xn--judo-lbben-feb.de\/wp-content\/uploads\/2012\/10\/FIM_0164--150x150.jpg 150w, https:\/\/xn--judo-lbben-feb.de\/wp-content\/uploads\/2012\/10\/FIM_0164--500x500.jpg 500w, https:\/\/xn--judo-lbben-feb.de\/wp-content\/uploads\/2012\/10\/FIM_0164--400x400.jpg 400w, https:\/\/xn--judo-lbben-feb.de\/wp-content\/uploads\/2012\/10\/FIM_0164--80x80.jpg 80w, https:\/\/xn--judo-lbben-feb.de\/wp-content\/uploads\/2012\/10\/FIM_0164--200x200.jpg 200w\" sizes=\"auto, (max-width: 150px) 100vw, 150px\" \/><\/a> <a href=\"https:\/\/xn--judo-lbben-feb.de\/wp-content\/uploads\/2012\/10\/FIM_0165-.jpg\"><img loading=\"lazy\" decoding=\"async\" class=\"alignnone size-thumbnail wp-image-12156\" src=\"https:\/\/xn--judo-lbben-feb.de\/wp-content\/uploads\/2012\/10\/FIM_0165--150x150.jpg\" alt=\"\" width=\"150\" height=\"150\" srcset=\"https:\/\/xn--judo-lbben-feb.de\/wp-content\/uploads\/2012\/10\/FIM_0165--150x150.jpg 150w, https:\/\/xn--judo-lbben-feb.de\/wp-content\/uploads\/2012\/10\/FIM_0165--500x500.jpg 500w, https:\/\/xn--judo-lbben-feb.de\/wp-content\/uploads\/2012\/10\/FIM_0165--400x400.jpg 400w, https:\/\/xn--judo-lbben-feb.de\/wp-content\/uploads\/2012\/10\/FIM_0165--80x80.jpg 80w, https:\/\/xn--judo-lbben-feb.de\/wp-content\/uploads\/2012\/10\/FIM_0165--200x200.jpg 200w\" sizes=\"auto, (max-width: 150px) 100vw, 150px\" \/><\/a> <a href=\"https:\/\/xn--judo-lbben-feb.de\/wp-content\/uploads\/2012\/10\/FIM_0166-.jpg\"><img loading=\"lazy\" decoding=\"async\" class=\"alignnone size-thumbnail wp-image-12157\" src=\"https:\/\/xn--judo-lbben-feb.de\/wp-content\/uploads\/2012\/10\/FIM_0166--150x150.jpg\" alt=\"\" width=\"150\" height=\"150\" srcset=\"https:\/\/xn--judo-lbben-feb.de\/wp-content\/uploads\/2012\/10\/FIM_0166--150x150.jpg 150w, https:\/\/xn--judo-lbben-feb.de\/wp-content\/uploads\/2012\/10\/FIM_0166--500x500.jpg 500w, https:\/\/xn--judo-lbben-feb.de\/wp-content\/uploads\/2012\/10\/FIM_0166--400x400.jpg 400w, https:\/\/xn--judo-lbben-feb.de\/wp-content\/uploads\/2012\/10\/FIM_0166--80x80.jpg 80w, https:\/\/xn--judo-lbben-feb.de\/wp-content\/uploads\/2012\/10\/FIM_0166--200x200.jpg 200w\" sizes=\"auto, (max-width: 150px) 100vw, 150px\" \/><\/a> <a href=\"https:\/\/xn--judo-lbben-feb.de\/wp-content\/uploads\/2012\/10\/FIM_0167-.jpg\"><img loading=\"lazy\" decoding=\"async\" class=\"alignnone size-thumbnail wp-image-12158\" src=\"https:\/\/xn--judo-lbben-feb.de\/wp-content\/uploads\/2012\/10\/FIM_0167--150x150.jpg\" alt=\"\" width=\"150\" height=\"150\" srcset=\"https:\/\/xn--judo-lbben-feb.de\/wp-content\/uploads\/2012\/10\/FIM_0167--150x150.jpg 150w, https:\/\/xn--judo-lbben-feb.de\/wp-content\/uploads\/2012\/10\/FIM_0167--500x500.jpg 500w, https:\/\/xn--judo-lbben-feb.de\/wp-content\/uploads\/2012\/10\/FIM_0167--400x400.jpg 400w, https:\/\/xn--judo-lbben-feb.de\/wp-content\/uploads\/2012\/10\/FIM_0167--80x80.jpg 80w, https:\/\/xn--judo-lbben-feb.de\/wp-content\/uploads\/2012\/10\/FIM_0167--200x200.jpg 200w\" sizes=\"auto, (max-width: 150px) 100vw, 150px\" \/><\/a> <a href=\"https:\/\/xn--judo-lbben-feb.de\/wp-content\/uploads\/2012\/10\/FIM_0168-.jpg\"><img loading=\"lazy\" decoding=\"async\" class=\"alignnone size-thumbnail wp-image-12159\" src=\"https:\/\/xn--judo-lbben-feb.de\/wp-content\/uploads\/2012\/10\/FIM_0168--150x150.jpg\" alt=\"\" width=\"150\" height=\"150\" srcset=\"https:\/\/xn--judo-lbben-feb.de\/wp-content\/uploads\/2012\/10\/FIM_0168--150x150.jpg 150w, https:\/\/xn--judo-lbben-feb.de\/wp-content\/uploads\/2012\/10\/FIM_0168--500x500.jpg 500w, https:\/\/xn--judo-lbben-feb.de\/wp-content\/uploads\/2012\/10\/FIM_0168--400x400.jpg 400w, https:\/\/xn--judo-lbben-feb.de\/wp-content\/uploads\/2012\/10\/FIM_0168--80x80.jpg 80w, https:\/\/xn--judo-lbben-feb.de\/wp-content\/uploads\/2012\/10\/FIM_0168--200x200.jpg 200w\" sizes=\"auto, (max-width: 150px) 100vw, 150px\" \/><\/a> <a href=\"https:\/\/xn--judo-lbben-feb.de\/wp-content\/uploads\/2012\/10\/FIM_0169-.jpg\"><img loading=\"lazy\" decoding=\"async\" class=\"alignnone size-thumbnail wp-image-12160\" src=\"https:\/\/xn--judo-lbben-feb.de\/wp-content\/uploads\/2012\/10\/FIM_0169--150x150.jpg\" alt=\"\" width=\"150\" height=\"150\" srcset=\"https:\/\/xn--judo-lbben-feb.de\/wp-content\/uploads\/2012\/10\/FIM_0169--150x150.jpg 150w, https:\/\/xn--judo-lbben-feb.de\/wp-content\/uploads\/2012\/10\/FIM_0169--500x500.jpg 500w, https:\/\/xn--judo-lbben-feb.de\/wp-content\/uploads\/2012\/10\/FIM_0169--400x400.jpg 400w, https:\/\/xn--judo-lbben-feb.de\/wp-content\/uploads\/2012\/10\/FIM_0169--80x80.jpg 80w, https:\/\/xn--judo-lbben-feb.de\/wp-content\/uploads\/2012\/10\/FIM_0169--200x200.jpg 200w\" sizes=\"auto, (max-width: 150px) 100vw, 150px\" \/><\/a> <a href=\"https:\/\/xn--judo-lbben-feb.de\/wp-content\/uploads\/2012\/10\/FIM_0170-.jpg\"><img loading=\"lazy\" decoding=\"async\" class=\"alignnone size-thumbnail wp-image-12161\" src=\"https:\/\/xn--judo-lbben-feb.de\/wp-content\/uploads\/2012\/10\/FIM_0170--150x150.jpg\" alt=\"\" width=\"150\" height=\"150\" srcset=\"https:\/\/xn--judo-lbben-feb.de\/wp-content\/uploads\/2012\/10\/FIM_0170--150x150.jpg 150w, https:\/\/xn--judo-lbben-feb.de\/wp-content\/uploads\/2012\/10\/FIM_0170--500x500.jpg 500w, https:\/\/xn--judo-lbben-feb.de\/wp-content\/uploads\/2012\/10\/FIM_0170--400x400.jpg 400w, https:\/\/xn--judo-lbben-feb.de\/wp-content\/uploads\/2012\/10\/FIM_0170--80x80.jpg 80w, https:\/\/xn--judo-lbben-feb.de\/wp-content\/uploads\/2012\/10\/FIM_0170--200x200.jpg 200w\" sizes=\"auto, (max-width: 150px) 100vw, 150px\" \/><\/a> <a href=\"https:\/\/xn--judo-lbben-feb.de\/wp-content\/uploads\/2012\/10\/FIM_0171-.jpg\"><img loading=\"lazy\" decoding=\"async\" class=\"alignnone size-thumbnail wp-image-12162\" src=\"https:\/\/xn--judo-lbben-feb.de\/wp-content\/uploads\/2012\/10\/FIM_0171--150x150.jpg\" alt=\"\" width=\"150\" height=\"150\" srcset=\"https:\/\/xn--judo-lbben-feb.de\/wp-content\/uploads\/2012\/10\/FIM_0171--150x150.jpg 150w, https:\/\/xn--judo-lbben-feb.de\/wp-content\/uploads\/2012\/10\/FIM_0171--500x500.jpg 500w, https:\/\/xn--judo-lbben-feb.de\/wp-content\/uploads\/2012\/10\/FIM_0171--400x400.jpg 400w, https:\/\/xn--judo-lbben-feb.de\/wp-content\/uploads\/2012\/10\/FIM_0171--80x80.jpg 80w, https:\/\/xn--judo-lbben-feb.de\/wp-content\/uploads\/2012\/10\/FIM_0171--200x200.jpg 200w\" sizes=\"auto, (max-width: 150px) 100vw, 150px\" \/><\/a> <a href=\"https:\/\/xn--judo-lbben-feb.de\/wp-content\/uploads\/2012\/10\/FIM_0172-.jpg\"><img loading=\"lazy\" decoding=\"async\" class=\"alignnone size-thumbnail wp-image-12163\" src=\"https:\/\/xn--judo-lbben-feb.de\/wp-content\/uploads\/2012\/10\/FIM_0172--150x150.jpg\" alt=\"\" width=\"150\" height=\"150\" srcset=\"https:\/\/xn--judo-lbben-feb.de\/wp-content\/uploads\/2012\/10\/FIM_0172--150x150.jpg 150w, https:\/\/xn--judo-lbben-feb.de\/wp-content\/uploads\/2012\/10\/FIM_0172--500x500.jpg 500w, https:\/\/xn--judo-lbben-feb.de\/wp-content\/uploads\/2012\/10\/FIM_0172--400x400.jpg 400w, https:\/\/xn--judo-lbben-feb.de\/wp-content\/uploads\/2012\/10\/FIM_0172--80x80.jpg 80w, https:\/\/xn--judo-lbben-feb.de\/wp-content\/uploads\/2012\/10\/FIM_0172--200x200.jpg 200w\" sizes=\"auto, (max-width: 150px) 100vw, 150px\" \/><\/a> <a href=\"https:\/\/xn--judo-lbben-feb.de\/wp-content\/uploads\/2012\/10\/FIM_0173-.jpg\"><img loading=\"lazy\" decoding=\"async\" class=\"alignnone size-thumbnail wp-image-12164\" src=\"https:\/\/xn--judo-lbben-feb.de\/wp-content\/uploads\/2012\/10\/FIM_0173--150x150.jpg\" alt=\"\" width=\"150\" height=\"150\" srcset=\"https:\/\/xn--judo-lbben-feb.de\/wp-content\/uploads\/2012\/10\/FIM_0173--150x150.jpg 150w, https:\/\/xn--judo-lbben-feb.de\/wp-content\/uploads\/2012\/10\/FIM_0173--500x500.jpg 500w, https:\/\/xn--judo-lbben-feb.de\/wp-content\/uploads\/2012\/10\/FIM_0173--400x400.jpg 400w, https:\/\/xn--judo-lbben-feb.de\/wp-content\/uploads\/2012\/10\/FIM_0173--80x80.jpg 80w, https:\/\/xn--judo-lbben-feb.de\/wp-content\/uploads\/2012\/10\/FIM_0173--200x200.jpg 200w\" sizes=\"auto, (max-width: 150px) 100vw, 150px\" \/><\/a> <a href=\"https:\/\/xn--judo-lbben-feb.de\/wp-content\/uploads\/2012\/10\/FIM_0174-.jpg\"><img loading=\"lazy\" decoding=\"async\" class=\"alignnone size-thumbnail wp-image-12165\" src=\"https:\/\/xn--judo-lbben-feb.de\/wp-content\/uploads\/2012\/10\/FIM_0174--150x150.jpg\" alt=\"\" width=\"150\" height=\"150\" srcset=\"https:\/\/xn--judo-lbben-feb.de\/wp-content\/uploads\/2012\/10\/FIM_0174--150x150.jpg 150w, https:\/\/xn--judo-lbben-feb.de\/wp-content\/uploads\/2012\/10\/FIM_0174--500x500.jpg 500w, https:\/\/xn--judo-lbben-feb.de\/wp-content\/uploads\/2012\/10\/FIM_0174--400x400.jpg 400w, https:\/\/xn--judo-lbben-feb.de\/wp-content\/uploads\/2012\/10\/FIM_0174--80x80.jpg 80w, https:\/\/xn--judo-lbben-feb.de\/wp-content\/uploads\/2012\/10\/FIM_0174--200x200.jpg 200w\" sizes=\"auto, (max-width: 150px) 100vw, 150px\" \/><\/a> <a href=\"https:\/\/xn--judo-lbben-feb.de\/wp-content\/uploads\/2012\/10\/FIM_0175-.jpg\"><img loading=\"lazy\" decoding=\"async\" class=\"alignnone size-thumbnail wp-image-12166\" src=\"https:\/\/xn--judo-lbben-feb.de\/wp-content\/uploads\/2012\/10\/FIM_0175--150x150.jpg\" alt=\"\" width=\"150\" height=\"150\" srcset=\"https:\/\/xn--judo-lbben-feb.de\/wp-content\/uploads\/2012\/10\/FIM_0175--150x150.jpg 150w, https:\/\/xn--judo-lbben-feb.de\/wp-content\/uploads\/2012\/10\/FIM_0175--500x500.jpg 500w, https:\/\/xn--judo-lbben-feb.de\/wp-content\/uploads\/2012\/10\/FIM_0175--400x400.jpg 400w, https:\/\/xn--judo-lbben-feb.de\/wp-content\/uploads\/2012\/10\/FIM_0175--80x80.jpg 80w, https:\/\/xn--judo-lbben-feb.de\/wp-content\/uploads\/2012\/10\/FIM_0175--200x200.jpg 200w\" sizes=\"auto, (max-width: 150px) 100vw, 150px\" \/><\/a> <a href=\"https:\/\/xn--judo-lbben-feb.de\/wp-content\/uploads\/2012\/10\/FIM_0176-.jpg\"><img loading=\"lazy\" decoding=\"async\" class=\"alignnone size-thumbnail wp-image-12167\" src=\"https:\/\/xn--judo-lbben-feb.de\/wp-content\/uploads\/2012\/10\/FIM_0176--150x150.jpg\" alt=\"\" width=\"150\" height=\"150\" srcset=\"https:\/\/xn--judo-lbben-feb.de\/wp-content\/uploads\/2012\/10\/FIM_0176--150x150.jpg 150w, https:\/\/xn--judo-lbben-feb.de\/wp-content\/uploads\/2012\/10\/FIM_0176--500x500.jpg 500w, https:\/\/xn--judo-lbben-feb.de\/wp-content\/uploads\/2012\/10\/FIM_0176--400x400.jpg 400w, https:\/\/xn--judo-lbben-feb.de\/wp-content\/uploads\/2012\/10\/FIM_0176--80x80.jpg 80w, https:\/\/xn--judo-lbben-feb.de\/wp-content\/uploads\/2012\/10\/FIM_0176--200x200.jpg 200w\" sizes=\"auto, (max-width: 150px) 100vw, 150px\" \/><\/a> <a href=\"https:\/\/xn--judo-lbben-feb.de\/wp-content\/uploads\/2012\/10\/FIM_0177-.jpg\"><img loading=\"lazy\" decoding=\"async\" class=\"alignnone size-thumbnail wp-image-12168\" src=\"https:\/\/xn--judo-lbben-feb.de\/wp-content\/uploads\/2012\/10\/FIM_0177--150x150.jpg\" alt=\"\" width=\"150\" height=\"150\" srcset=\"https:\/\/xn--judo-lbben-feb.de\/wp-content\/uploads\/2012\/10\/FIM_0177--150x150.jpg 150w, https:\/\/xn--judo-lbben-feb.de\/wp-content\/uploads\/2012\/10\/FIM_0177--500x500.jpg 500w, https:\/\/xn--judo-lbben-feb.de\/wp-content\/uploads\/2012\/10\/FIM_0177--400x400.jpg 400w, https:\/\/xn--judo-lbben-feb.de\/wp-content\/uploads\/2012\/10\/FIM_0177--80x80.jpg 80w, https:\/\/xn--judo-lbben-feb.de\/wp-content\/uploads\/2012\/10\/FIM_0177--200x200.jpg 200w\" sizes=\"auto, (max-width: 150px) 100vw, 150px\" \/><\/a> <a href=\"https:\/\/xn--judo-lbben-feb.de\/wp-content\/uploads\/2012\/10\/FIM_0178-.jpg\"><img loading=\"lazy\" decoding=\"async\" class=\"alignnone size-thumbnail wp-image-12169\" src=\"https:\/\/xn--judo-lbben-feb.de\/wp-content\/uploads\/2012\/10\/FIM_0178--150x150.jpg\" alt=\"\" width=\"150\" height=\"150\" srcset=\"https:\/\/xn--judo-lbben-feb.de\/wp-content\/uploads\/2012\/10\/FIM_0178--150x150.jpg 150w, https:\/\/xn--judo-lbben-feb.de\/wp-content\/uploads\/2012\/10\/FIM_0178--500x500.jpg 500w, https:\/\/xn--judo-lbben-feb.de\/wp-content\/uploads\/2012\/10\/FIM_0178--400x400.jpg 400w, https:\/\/xn--judo-lbben-feb.de\/wp-content\/uploads\/2012\/10\/FIM_0178--80x80.jpg 80w, https:\/\/xn--judo-lbben-feb.de\/wp-content\/uploads\/2012\/10\/FIM_0178--200x200.jpg 200w\" sizes=\"auto, (max-width: 150px) 100vw, 150px\" \/><\/a> <a href=\"https:\/\/xn--judo-lbben-feb.de\/wp-content\/uploads\/2012\/10\/FIM_0179-.jpg\"><img loading=\"lazy\" decoding=\"async\" class=\"alignnone size-thumbnail wp-image-12170\" src=\"https:\/\/xn--judo-lbben-feb.de\/wp-content\/uploads\/2012\/10\/FIM_0179--150x150.jpg\" alt=\"\" width=\"150\" height=\"150\" srcset=\"https:\/\/xn--judo-lbben-feb.de\/wp-content\/uploads\/2012\/10\/FIM_0179--150x150.jpg 150w, https:\/\/xn--judo-lbben-feb.de\/wp-content\/uploads\/2012\/10\/FIM_0179--500x500.jpg 500w, https:\/\/xn--judo-lbben-feb.de\/wp-content\/uploads\/2012\/10\/FIM_0179--400x400.jpg 400w, https:\/\/xn--judo-lbben-feb.de\/wp-content\/uploads\/2012\/10\/FIM_0179--80x80.jpg 80w, https:\/\/xn--judo-lbben-feb.de\/wp-content\/uploads\/2012\/10\/FIM_0179--200x200.jpg 200w\" sizes=\"auto, (max-width: 150px) 100vw, 150px\" \/><\/a> <a href=\"https:\/\/xn--judo-lbben-feb.de\/wp-content\/uploads\/2012\/10\/FIM_0180-.jpg\"><img loading=\"lazy\" decoding=\"async\" class=\"alignnone size-thumbnail wp-image-12171\" src=\"https:\/\/xn--judo-lbben-feb.de\/wp-content\/uploads\/2012\/10\/FIM_0180--150x150.jpg\" alt=\"\" width=\"150\" height=\"150\" srcset=\"https:\/\/xn--judo-lbben-feb.de\/wp-content\/uploads\/2012\/10\/FIM_0180--150x150.jpg 150w, https:\/\/xn--judo-lbben-feb.de\/wp-content\/uploads\/2012\/10\/FIM_0180--500x500.jpg 500w, https:\/\/xn--judo-lbben-feb.de\/wp-content\/uploads\/2012\/10\/FIM_0180--400x400.jpg 400w, https:\/\/xn--judo-lbben-feb.de\/wp-content\/uploads\/2012\/10\/FIM_0180--80x80.jpg 80w, https:\/\/xn--judo-lbben-feb.de\/wp-content\/uploads\/2012\/10\/FIM_0180--200x200.jpg 200w\" sizes=\"auto, (max-width: 150px) 100vw, 150px\" \/><\/a> <a href=\"https:\/\/xn--judo-lbben-feb.de\/wp-content\/uploads\/2012\/10\/FIM_0181-.jpg\"><img loading=\"lazy\" decoding=\"async\" class=\"alignnone size-thumbnail wp-image-12172\" src=\"https:\/\/xn--judo-lbben-feb.de\/wp-content\/uploads\/2012\/10\/FIM_0181--150x150.jpg\" alt=\"\" width=\"150\" height=\"150\" srcset=\"https:\/\/xn--judo-lbben-feb.de\/wp-content\/uploads\/2012\/10\/FIM_0181--150x150.jpg 150w, https:\/\/xn--judo-lbben-feb.de\/wp-content\/uploads\/2012\/10\/FIM_0181--500x500.jpg 500w, https:\/\/xn--judo-lbben-feb.de\/wp-content\/uploads\/2012\/10\/FIM_0181--400x400.jpg 400w, https:\/\/xn--judo-lbben-feb.de\/wp-content\/uploads\/2012\/10\/FIM_0181--80x80.jpg 80w, https:\/\/xn--judo-lbben-feb.de\/wp-content\/uploads\/2012\/10\/FIM_0181--200x200.jpg 200w\" sizes=\"auto, (max-width: 150px) 100vw, 150px\" \/><\/a> <a href=\"https:\/\/xn--judo-lbben-feb.de\/wp-content\/uploads\/2012\/10\/FIM_0182-.jpg\"><img loading=\"lazy\" decoding=\"async\" class=\"alignnone size-thumbnail wp-image-12173\" src=\"https:\/\/xn--judo-lbben-feb.de\/wp-content\/uploads\/2012\/10\/FIM_0182--150x150.jpg\" alt=\"\" width=\"150\" height=\"150\" srcset=\"https:\/\/xn--judo-lbben-feb.de\/wp-content\/uploads\/2012\/10\/FIM_0182--150x150.jpg 150w, https:\/\/xn--judo-lbben-feb.de\/wp-content\/uploads\/2012\/10\/FIM_0182--500x500.jpg 500w, https:\/\/xn--judo-lbben-feb.de\/wp-content\/uploads\/2012\/10\/FIM_0182--400x400.jpg 400w, https:\/\/xn--judo-lbben-feb.de\/wp-content\/uploads\/2012\/10\/FIM_0182--80x80.jpg 80w, https:\/\/xn--judo-lbben-feb.de\/wp-content\/uploads\/2012\/10\/FIM_0182--200x200.jpg 200w\" sizes=\"auto, (max-width: 150px) 100vw, 150px\" \/><\/a> <a href=\"https:\/\/xn--judo-lbben-feb.de\/wp-content\/uploads\/2012\/10\/FIM_0183-.jpg\"><img loading=\"lazy\" decoding=\"async\" class=\"alignnone size-thumbnail wp-image-12174\" src=\"https:\/\/xn--judo-lbben-feb.de\/wp-content\/uploads\/2012\/10\/FIM_0183--150x150.jpg\" alt=\"\" width=\"150\" height=\"150\" srcset=\"https:\/\/xn--judo-lbben-feb.de\/wp-content\/uploads\/2012\/10\/FIM_0183--150x150.jpg 150w, https:\/\/xn--judo-lbben-feb.de\/wp-content\/uploads\/2012\/10\/FIM_0183--500x500.jpg 500w, https:\/\/xn--judo-lbben-feb.de\/wp-content\/uploads\/2012\/10\/FIM_0183--400x400.jpg 400w, https:\/\/xn--judo-lbben-feb.de\/wp-content\/uploads\/2012\/10\/FIM_0183--80x80.jpg 80w, https:\/\/xn--judo-lbben-feb.de\/wp-content\/uploads\/2012\/10\/FIM_0183--200x200.jpg 200w\" sizes=\"auto, (max-width: 150px) 100vw, 150px\" \/><\/a> <a href=\"https:\/\/xn--judo-lbben-feb.de\/wp-content\/uploads\/2012\/10\/FIM_0184-.jpg\"><img loading=\"lazy\" decoding=\"async\" class=\"alignnone size-thumbnail wp-image-12175\" src=\"https:\/\/xn--judo-lbben-feb.de\/wp-content\/uploads\/2012\/10\/FIM_0184--150x150.jpg\" alt=\"\" width=\"150\" height=\"150\" srcset=\"https:\/\/xn--judo-lbben-feb.de\/wp-content\/uploads\/2012\/10\/FIM_0184--150x150.jpg 150w, https:\/\/xn--judo-lbben-feb.de\/wp-content\/uploads\/2012\/10\/FIM_0184--500x500.jpg 500w, https:\/\/xn--judo-lbben-feb.de\/wp-content\/uploads\/2012\/10\/FIM_0184--400x400.jpg 400w, https:\/\/xn--judo-lbben-feb.de\/wp-content\/uploads\/2012\/10\/FIM_0184--80x80.jpg 80w, https:\/\/xn--judo-lbben-feb.de\/wp-content\/uploads\/2012\/10\/FIM_0184--200x200.jpg 200w\" sizes=\"auto, (max-width: 150px) 100vw, 150px\" \/><\/a> <a href=\"https:\/\/xn--judo-lbben-feb.de\/wp-content\/uploads\/2012\/10\/FIM_0185-.jpg\"><img loading=\"lazy\" decoding=\"async\" class=\"alignnone size-thumbnail wp-image-12176\" src=\"https:\/\/xn--judo-lbben-feb.de\/wp-content\/uploads\/2012\/10\/FIM_0185--150x150.jpg\" alt=\"\" width=\"150\" height=\"150\" srcset=\"https:\/\/xn--judo-lbben-feb.de\/wp-content\/uploads\/2012\/10\/FIM_0185--150x150.jpg 150w, https:\/\/xn--judo-lbben-feb.de\/wp-content\/uploads\/2012\/10\/FIM_0185--500x500.jpg 500w, https:\/\/xn--judo-lbben-feb.de\/wp-content\/uploads\/2012\/10\/FIM_0185--400x400.jpg 400w, https:\/\/xn--judo-lbben-feb.de\/wp-content\/uploads\/2012\/10\/FIM_0185--80x80.jpg 80w, https:\/\/xn--judo-lbben-feb.de\/wp-content\/uploads\/2012\/10\/FIM_0185--200x200.jpg 200w\" sizes=\"auto, (max-width: 150px) 100vw, 150px\" \/><\/a> <a href=\"https:\/\/xn--judo-lbben-feb.de\/wp-content\/uploads\/2012\/10\/FIM_0186-.jpg\"><img loading=\"lazy\" decoding=\"async\" class=\"alignnone size-thumbnail wp-image-12177\" src=\"https:\/\/xn--judo-lbben-feb.de\/wp-content\/uploads\/2012\/10\/FIM_0186--150x150.jpg\" alt=\"\" width=\"150\" height=\"150\" srcset=\"https:\/\/xn--judo-lbben-feb.de\/wp-content\/uploads\/2012\/10\/FIM_0186--150x150.jpg 150w, https:\/\/xn--judo-lbben-feb.de\/wp-content\/uploads\/2012\/10\/FIM_0186--500x500.jpg 500w, https:\/\/xn--judo-lbben-feb.de\/wp-content\/uploads\/2012\/10\/FIM_0186--400x400.jpg 400w, https:\/\/xn--judo-lbben-feb.de\/wp-content\/uploads\/2012\/10\/FIM_0186--80x80.jpg 80w, https:\/\/xn--judo-lbben-feb.de\/wp-content\/uploads\/2012\/10\/FIM_0186--200x200.jpg 200w\" sizes=\"auto, (max-width: 150px) 100vw, 150px\" \/><\/a> <a href=\"https:\/\/xn--judo-lbben-feb.de\/wp-content\/uploads\/2012\/10\/FIM_0187-.jpg\"><img loading=\"lazy\" decoding=\"async\" class=\"alignnone size-thumbnail wp-image-12178\" src=\"https:\/\/xn--judo-lbben-feb.de\/wp-content\/uploads\/2012\/10\/FIM_0187--150x150.jpg\" alt=\"\" width=\"150\" height=\"150\" srcset=\"https:\/\/xn--judo-lbben-feb.de\/wp-content\/uploads\/2012\/10\/FIM_0187--150x150.jpg 150w, https:\/\/xn--judo-lbben-feb.de\/wp-content\/uploads\/2012\/10\/FIM_0187--500x500.jpg 500w, https:\/\/xn--judo-lbben-feb.de\/wp-content\/uploads\/2012\/10\/FIM_0187--400x400.jpg 400w, https:\/\/xn--judo-lbben-feb.de\/wp-content\/uploads\/2012\/10\/FIM_0187--80x80.jpg 80w, https:\/\/xn--judo-lbben-feb.de\/wp-content\/uploads\/2012\/10\/FIM_0187--200x200.jpg 200w\" sizes=\"auto, (max-width: 150px) 100vw, 150px\" \/><\/a> <a href=\"https:\/\/xn--judo-lbben-feb.de\/wp-content\/uploads\/2012\/10\/FIM_0188-.jpg\"><img loading=\"lazy\" decoding=\"async\" class=\"alignnone size-thumbnail wp-image-12179\" src=\"https:\/\/xn--judo-lbben-feb.de\/wp-content\/uploads\/2012\/10\/FIM_0188--150x150.jpg\" alt=\"\" width=\"150\" height=\"150\" srcset=\"https:\/\/xn--judo-lbben-feb.de\/wp-content\/uploads\/2012\/10\/FIM_0188--150x150.jpg 150w, https:\/\/xn--judo-lbben-feb.de\/wp-content\/uploads\/2012\/10\/FIM_0188--500x500.jpg 500w, https:\/\/xn--judo-lbben-feb.de\/wp-content\/uploads\/2012\/10\/FIM_0188--400x400.jpg 400w, https:\/\/xn--judo-lbben-feb.de\/wp-content\/uploads\/2012\/10\/FIM_0188--80x80.jpg 80w, https:\/\/xn--judo-lbben-feb.de\/wp-content\/uploads\/2012\/10\/FIM_0188--200x200.jpg 200w\" sizes=\"auto, (max-width: 150px) 100vw, 150px\" \/><\/a> <a href=\"https:\/\/xn--judo-lbben-feb.de\/wp-content\/uploads\/2012\/10\/FIM_0189-.jpg\"><img loading=\"lazy\" decoding=\"async\" class=\"alignnone size-thumbnail wp-image-12180\" src=\"https:\/\/xn--judo-lbben-feb.de\/wp-content\/uploads\/2012\/10\/FIM_0189--150x150.jpg\" alt=\"\" width=\"150\" height=\"150\" srcset=\"https:\/\/xn--judo-lbben-feb.de\/wp-content\/uploads\/2012\/10\/FIM_0189--150x150.jpg 150w, https:\/\/xn--judo-lbben-feb.de\/wp-content\/uploads\/2012\/10\/FIM_0189--500x500.jpg 500w, https:\/\/xn--judo-lbben-feb.de\/wp-content\/uploads\/2012\/10\/FIM_0189--400x400.jpg 400w, https:\/\/xn--judo-lbben-feb.de\/wp-content\/uploads\/2012\/10\/FIM_0189--80x80.jpg 80w, https:\/\/xn--judo-lbben-feb.de\/wp-content\/uploads\/2012\/10\/FIM_0189--200x200.jpg 200w\" sizes=\"auto, (max-width: 150px) 100vw, 150px\" \/><\/a> <a href=\"https:\/\/xn--judo-lbben-feb.de\/wp-content\/uploads\/2012\/10\/FIM_0190-.jpg\"><img loading=\"lazy\" decoding=\"async\" class=\"alignnone size-thumbnail wp-image-12181\" src=\"https:\/\/xn--judo-lbben-feb.de\/wp-content\/uploads\/2012\/10\/FIM_0190--150x150.jpg\" alt=\"\" width=\"150\" height=\"150\" srcset=\"https:\/\/xn--judo-lbben-feb.de\/wp-content\/uploads\/2012\/10\/FIM_0190--150x150.jpg 150w, https:\/\/xn--judo-lbben-feb.de\/wp-content\/uploads\/2012\/10\/FIM_0190--500x500.jpg 500w, https:\/\/xn--judo-lbben-feb.de\/wp-content\/uploads\/2012\/10\/FIM_0190--400x400.jpg 400w, https:\/\/xn--judo-lbben-feb.de\/wp-content\/uploads\/2012\/10\/FIM_0190--80x80.jpg 80w, https:\/\/xn--judo-lbben-feb.de\/wp-content\/uploads\/2012\/10\/FIM_0190--200x200.jpg 200w\" sizes=\"auto, (max-width: 150px) 100vw, 150px\" \/><\/a> <a href=\"https:\/\/xn--judo-lbben-feb.de\/wp-content\/uploads\/2012\/10\/FIM_0191-.jpg\"><img loading=\"lazy\" decoding=\"async\" class=\"alignnone size-thumbnail wp-image-12182\" src=\"https:\/\/xn--judo-lbben-feb.de\/wp-content\/uploads\/2012\/10\/FIM_0191--150x150.jpg\" alt=\"\" width=\"150\" height=\"150\" srcset=\"https:\/\/xn--judo-lbben-feb.de\/wp-content\/uploads\/2012\/10\/FIM_0191--150x150.jpg 150w, https:\/\/xn--judo-lbben-feb.de\/wp-content\/uploads\/2012\/10\/FIM_0191--500x500.jpg 500w, https:\/\/xn--judo-lbben-feb.de\/wp-content\/uploads\/2012\/10\/FIM_0191--400x400.jpg 400w, https:\/\/xn--judo-lbben-feb.de\/wp-content\/uploads\/2012\/10\/FIM_0191--80x80.jpg 80w, https:\/\/xn--judo-lbben-feb.de\/wp-content\/uploads\/2012\/10\/FIM_0191--200x200.jpg 200w\" sizes=\"auto, (max-width: 150px) 100vw, 150px\" \/><\/a> <a href=\"https:\/\/xn--judo-lbben-feb.de\/wp-content\/uploads\/2012\/10\/FIM_0192-.jpg\"><img loading=\"lazy\" decoding=\"async\" class=\"alignnone size-thumbnail wp-image-12183\" src=\"https:\/\/xn--judo-lbben-feb.de\/wp-content\/uploads\/2012\/10\/FIM_0192--150x150.jpg\" alt=\"\" width=\"150\" height=\"150\" srcset=\"https:\/\/xn--judo-lbben-feb.de\/wp-content\/uploads\/2012\/10\/FIM_0192--150x150.jpg 150w, https:\/\/xn--judo-lbben-feb.de\/wp-content\/uploads\/2012\/10\/FIM_0192--500x500.jpg 500w, https:\/\/xn--judo-lbben-feb.de\/wp-content\/uploads\/2012\/10\/FIM_0192--400x400.jpg 400w, https:\/\/xn--judo-lbben-feb.de\/wp-content\/uploads\/2012\/10\/FIM_0192--80x80.jpg 80w, https:\/\/xn--judo-lbben-feb.de\/wp-content\/uploads\/2012\/10\/FIM_0192--200x200.jpg 200w\" sizes=\"auto, (max-width: 150px) 100vw, 150px\" \/><\/a> <a href=\"https:\/\/xn--judo-lbben-feb.de\/wp-content\/uploads\/2012\/10\/FIM_0193-.jpg\"><img loading=\"lazy\" decoding=\"async\" class=\"alignnone size-thumbnail wp-image-12184\" src=\"https:\/\/xn--judo-lbben-feb.de\/wp-content\/uploads\/2012\/10\/FIM_0193--150x150.jpg\" alt=\"\" width=\"150\" height=\"150\" srcset=\"https:\/\/xn--judo-lbben-feb.de\/wp-content\/uploads\/2012\/10\/FIM_0193--150x150.jpg 150w, https:\/\/xn--judo-lbben-feb.de\/wp-content\/uploads\/2012\/10\/FIM_0193--500x500.jpg 500w, https:\/\/xn--judo-lbben-feb.de\/wp-content\/uploads\/2012\/10\/FIM_0193--400x400.jpg 400w, https:\/\/xn--judo-lbben-feb.de\/wp-content\/uploads\/2012\/10\/FIM_0193--80x80.jpg 80w, https:\/\/xn--judo-lbben-feb.de\/wp-content\/uploads\/2012\/10\/FIM_0193--200x200.jpg 200w\" sizes=\"auto, (max-width: 150px) 100vw, 150px\" \/><\/a> <a href=\"https:\/\/xn--judo-lbben-feb.de\/wp-content\/uploads\/2012\/10\/FIM_0194-.jpg\"><img loading=\"lazy\" decoding=\"async\" class=\"alignnone size-thumbnail wp-image-12185\" src=\"https:\/\/xn--judo-lbben-feb.de\/wp-content\/uploads\/2012\/10\/FIM_0194--150x150.jpg\" alt=\"\" width=\"150\" height=\"150\" srcset=\"https:\/\/xn--judo-lbben-feb.de\/wp-content\/uploads\/2012\/10\/FIM_0194--150x150.jpg 150w, https:\/\/xn--judo-lbben-feb.de\/wp-content\/uploads\/2012\/10\/FIM_0194--500x500.jpg 500w, https:\/\/xn--judo-lbben-feb.de\/wp-content\/uploads\/2012\/10\/FIM_0194--400x400.jpg 400w, https:\/\/xn--judo-lbben-feb.de\/wp-content\/uploads\/2012\/10\/FIM_0194--80x80.jpg 80w, https:\/\/xn--judo-lbben-feb.de\/wp-content\/uploads\/2012\/10\/FIM_0194--200x200.jpg 200w\" sizes=\"auto, (max-width: 150px) 100vw, 150px\" \/><\/a> <a href=\"https:\/\/xn--judo-lbben-feb.de\/wp-content\/uploads\/2012\/10\/FIM_0195-.jpg\"><img loading=\"lazy\" decoding=\"async\" class=\"alignnone size-thumbnail wp-image-12186\" src=\"https:\/\/xn--judo-lbben-feb.de\/wp-content\/uploads\/2012\/10\/FIM_0195--150x150.jpg\" alt=\"\" width=\"150\" height=\"150\" srcset=\"https:\/\/xn--judo-lbben-feb.de\/wp-content\/uploads\/2012\/10\/FIM_0195--150x150.jpg 150w, https:\/\/xn--judo-lbben-feb.de\/wp-content\/uploads\/2012\/10\/FIM_0195--500x500.jpg 500w, https:\/\/xn--judo-lbben-feb.de\/wp-content\/uploads\/2012\/10\/FIM_0195--400x400.jpg 400w, https:\/\/xn--judo-lbben-feb.de\/wp-content\/uploads\/2012\/10\/FIM_0195--80x80.jpg 80w, https:\/\/xn--judo-lbben-feb.de\/wp-content\/uploads\/2012\/10\/FIM_0195--200x200.jpg 200w\" sizes=\"auto, (max-width: 150px) 100vw, 150px\" \/><\/a> <a href=\"https:\/\/xn--judo-lbben-feb.de\/wp-content\/uploads\/2012\/10\/FIM_0196-.jpg\"><img loading=\"lazy\" decoding=\"async\" class=\"alignnone size-thumbnail wp-image-12187\" src=\"https:\/\/xn--judo-lbben-feb.de\/wp-content\/uploads\/2012\/10\/FIM_0196--150x150.jpg\" alt=\"\" width=\"150\" height=\"150\" srcset=\"https:\/\/xn--judo-lbben-feb.de\/wp-content\/uploads\/2012\/10\/FIM_0196--150x150.jpg 150w, https:\/\/xn--judo-lbben-feb.de\/wp-content\/uploads\/2012\/10\/FIM_0196--500x500.jpg 500w, https:\/\/xn--judo-lbben-feb.de\/wp-content\/uploads\/2012\/10\/FIM_0196--400x400.jpg 400w, https:\/\/xn--judo-lbben-feb.de\/wp-content\/uploads\/2012\/10\/FIM_0196--80x80.jpg 80w, https:\/\/xn--judo-lbben-feb.de\/wp-content\/uploads\/2012\/10\/FIM_0196--200x200.jpg 200w\" sizes=\"auto, (max-width: 150px) 100vw, 150px\" \/><\/a> <a href=\"https:\/\/xn--judo-lbben-feb.de\/wp-content\/uploads\/2012\/10\/FIM_0197-.jpg\"><img loading=\"lazy\" decoding=\"async\" class=\"alignnone size-thumbnail wp-image-12188\" src=\"https:\/\/xn--judo-lbben-feb.de\/wp-content\/uploads\/2012\/10\/FIM_0197--150x150.jpg\" alt=\"\" width=\"150\" height=\"150\" srcset=\"https:\/\/xn--judo-lbben-feb.de\/wp-content\/uploads\/2012\/10\/FIM_0197--150x150.jpg 150w, https:\/\/xn--judo-lbben-feb.de\/wp-content\/uploads\/2012\/10\/FIM_0197--500x500.jpg 500w, https:\/\/xn--judo-lbben-feb.de\/wp-content\/uploads\/2012\/10\/FIM_0197--400x400.jpg 400w, https:\/\/xn--judo-lbben-feb.de\/wp-content\/uploads\/2012\/10\/FIM_0197--80x80.jpg 80w, https:\/\/xn--judo-lbben-feb.de\/wp-content\/uploads\/2012\/10\/FIM_0197--200x200.jpg 200w\" sizes=\"auto, (max-width: 150px) 100vw, 150px\" \/><\/a> <a href=\"https:\/\/xn--judo-lbben-feb.de\/wp-content\/uploads\/2012\/10\/FIM_0198-.jpg\"><img loading=\"lazy\" decoding=\"async\" class=\"alignnone size-thumbnail wp-image-12189\" src=\"https:\/\/xn--judo-lbben-feb.de\/wp-content\/uploads\/2012\/10\/FIM_0198--150x150.jpg\" alt=\"\" width=\"150\" height=\"150\" srcset=\"https:\/\/xn--judo-lbben-feb.de\/wp-content\/uploads\/2012\/10\/FIM_0198--150x150.jpg 150w, https:\/\/xn--judo-lbben-feb.de\/wp-content\/uploads\/2012\/10\/FIM_0198--500x500.jpg 500w, https:\/\/xn--judo-lbben-feb.de\/wp-content\/uploads\/2012\/10\/FIM_0198--400x400.jpg 400w, https:\/\/xn--judo-lbben-feb.de\/wp-content\/uploads\/2012\/10\/FIM_0198--80x80.jpg 80w, https:\/\/xn--judo-lbben-feb.de\/wp-content\/uploads\/2012\/10\/FIM_0198--200x200.jpg 200w\" sizes=\"auto, (max-width: 150px) 100vw, 150px\" \/><\/a> <a href=\"https:\/\/xn--judo-lbben-feb.de\/wp-content\/uploads\/2012\/10\/FIM_0199-.jpg\"><img loading=\"lazy\" decoding=\"async\" class=\"alignnone size-thumbnail wp-image-12190\" src=\"https:\/\/xn--judo-lbben-feb.de\/wp-content\/uploads\/2012\/10\/FIM_0199--150x150.jpg\" alt=\"\" width=\"150\" height=\"150\" srcset=\"https:\/\/xn--judo-lbben-feb.de\/wp-content\/uploads\/2012\/10\/FIM_0199--150x150.jpg 150w, https:\/\/xn--judo-lbben-feb.de\/wp-content\/uploads\/2012\/10\/FIM_0199--500x500.jpg 500w, https:\/\/xn--judo-lbben-feb.de\/wp-content\/uploads\/2012\/10\/FIM_0199--400x400.jpg 400w, https:\/\/xn--judo-lbben-feb.de\/wp-content\/uploads\/2012\/10\/FIM_0199--80x80.jpg 80w, https:\/\/xn--judo-lbben-feb.de\/wp-content\/uploads\/2012\/10\/FIM_0199--200x200.jpg 200w\" sizes=\"auto, (max-width: 150px) 100vw, 150px\" \/><\/a> <a href=\"https:\/\/xn--judo-lbben-feb.de\/wp-content\/uploads\/2012\/10\/FIM_0200-.jpg\"><img loading=\"lazy\" decoding=\"async\" class=\"alignnone size-thumbnail wp-image-12191\" src=\"https:\/\/xn--judo-lbben-feb.de\/wp-content\/uploads\/2012\/10\/FIM_0200--150x150.jpg\" alt=\"\" width=\"150\" height=\"150\" srcset=\"https:\/\/xn--judo-lbben-feb.de\/wp-content\/uploads\/2012\/10\/FIM_0200--150x150.jpg 150w, https:\/\/xn--judo-lbben-feb.de\/wp-content\/uploads\/2012\/10\/FIM_0200--500x500.jpg 500w, https:\/\/xn--judo-lbben-feb.de\/wp-content\/uploads\/2012\/10\/FIM_0200--400x400.jpg 400w, https:\/\/xn--judo-lbben-feb.de\/wp-content\/uploads\/2012\/10\/FIM_0200--80x80.jpg 80w, https:\/\/xn--judo-lbben-feb.de\/wp-content\/uploads\/2012\/10\/FIM_0200--200x200.jpg 200w\" sizes=\"auto, (max-width: 150px) 100vw, 150px\" \/><\/a> <a href=\"https:\/\/xn--judo-lbben-feb.de\/wp-content\/uploads\/2012\/10\/FIM_0201-.jpg\"><img loading=\"lazy\" decoding=\"async\" class=\"alignnone size-thumbnail wp-image-12192\" src=\"https:\/\/xn--judo-lbben-feb.de\/wp-content\/uploads\/2012\/10\/FIM_0201--150x150.jpg\" alt=\"\" width=\"150\" height=\"150\" srcset=\"https:\/\/xn--judo-lbben-feb.de\/wp-content\/uploads\/2012\/10\/FIM_0201--150x150.jpg 150w, https:\/\/xn--judo-lbben-feb.de\/wp-content\/uploads\/2012\/10\/FIM_0201--500x500.jpg 500w, https:\/\/xn--judo-lbben-feb.de\/wp-content\/uploads\/2012\/10\/FIM_0201--400x400.jpg 400w, https:\/\/xn--judo-lbben-feb.de\/wp-content\/uploads\/2012\/10\/FIM_0201--80x80.jpg 80w, https:\/\/xn--judo-lbben-feb.de\/wp-content\/uploads\/2012\/10\/FIM_0201--200x200.jpg 200w\" sizes=\"auto, (max-width: 150px) 100vw, 150px\" \/><\/a> <a href=\"https:\/\/xn--judo-lbben-feb.de\/wp-content\/uploads\/2012\/10\/FIM_0202-.jpg\"><img loading=\"lazy\" decoding=\"async\" class=\"alignnone size-thumbnail wp-image-12193\" src=\"https:\/\/xn--judo-lbben-feb.de\/wp-content\/uploads\/2012\/10\/FIM_0202--150x150.jpg\" alt=\"\" width=\"150\" height=\"150\" srcset=\"https:\/\/xn--judo-lbben-feb.de\/wp-content\/uploads\/2012\/10\/FIM_0202--150x150.jpg 150w, https:\/\/xn--judo-lbben-feb.de\/wp-content\/uploads\/2012\/10\/FIM_0202--500x500.jpg 500w, https:\/\/xn--judo-lbben-feb.de\/wp-content\/uploads\/2012\/10\/FIM_0202--400x400.jpg 400w, https:\/\/xn--judo-lbben-feb.de\/wp-content\/uploads\/2012\/10\/FIM_0202--80x80.jpg 80w, https:\/\/xn--judo-lbben-feb.de\/wp-content\/uploads\/2012\/10\/FIM_0202--200x200.jpg 200w\" sizes=\"auto, (max-width: 150px) 100vw, 150px\" \/><\/a> <a href=\"https:\/\/xn--judo-lbben-feb.de\/wp-content\/uploads\/2012\/10\/FIM_0203-.jpg\"><img loading=\"lazy\" decoding=\"async\" class=\"alignnone size-thumbnail wp-image-12194\" src=\"https:\/\/xn--judo-lbben-feb.de\/wp-content\/uploads\/2012\/10\/FIM_0203--150x150.jpg\" alt=\"\" width=\"150\" height=\"150\" srcset=\"https:\/\/xn--judo-lbben-feb.de\/wp-content\/uploads\/2012\/10\/FIM_0203--150x150.jpg 150w, https:\/\/xn--judo-lbben-feb.de\/wp-content\/uploads\/2012\/10\/FIM_0203--500x500.jpg 500w, https:\/\/xn--judo-lbben-feb.de\/wp-content\/uploads\/2012\/10\/FIM_0203--400x400.jpg 400w, https:\/\/xn--judo-lbben-feb.de\/wp-content\/uploads\/2012\/10\/FIM_0203--80x80.jpg 80w, https:\/\/xn--judo-lbben-feb.de\/wp-content\/uploads\/2012\/10\/FIM_0203--200x200.jpg 200w\" sizes=\"auto, (max-width: 150px) 100vw, 150px\" \/><\/a> <a href=\"https:\/\/xn--judo-lbben-feb.de\/wp-content\/uploads\/2012\/10\/FIM_0204-.jpg\"><img loading=\"lazy\" decoding=\"async\" class=\"alignnone size-thumbnail wp-image-12195\" src=\"https:\/\/xn--judo-lbben-feb.de\/wp-content\/uploads\/2012\/10\/FIM_0204--150x150.jpg\" alt=\"\" width=\"150\" height=\"150\" srcset=\"https:\/\/xn--judo-lbben-feb.de\/wp-content\/uploads\/2012\/10\/FIM_0204--150x150.jpg 150w, https:\/\/xn--judo-lbben-feb.de\/wp-content\/uploads\/2012\/10\/FIM_0204--500x500.jpg 500w, https:\/\/xn--judo-lbben-feb.de\/wp-content\/uploads\/2012\/10\/FIM_0204--400x400.jpg 400w, https:\/\/xn--judo-lbben-feb.de\/wp-content\/uploads\/2012\/10\/FIM_0204--80x80.jpg 80w, https:\/\/xn--judo-lbben-feb.de\/wp-content\/uploads\/2012\/10\/FIM_0204--200x200.jpg 200w\" sizes=\"auto, (max-width: 150px) 100vw, 150px\" \/><\/a> <a href=\"https:\/\/xn--judo-lbben-feb.de\/wp-content\/uploads\/2012\/10\/FIM_0205-.jpg\"><img loading=\"lazy\" decoding=\"async\" class=\"alignnone size-thumbnail wp-image-12196\" src=\"https:\/\/xn--judo-lbben-feb.de\/wp-content\/uploads\/2012\/10\/FIM_0205--150x150.jpg\" alt=\"\" width=\"150\" height=\"150\" srcset=\"https:\/\/xn--judo-lbben-feb.de\/wp-content\/uploads\/2012\/10\/FIM_0205--150x150.jpg 150w, https:\/\/xn--judo-lbben-feb.de\/wp-content\/uploads\/2012\/10\/FIM_0205--500x500.jpg 500w, https:\/\/xn--judo-lbben-feb.de\/wp-content\/uploads\/2012\/10\/FIM_0205--400x400.jpg 400w, https:\/\/xn--judo-lbben-feb.de\/wp-content\/uploads\/2012\/10\/FIM_0205--80x80.jpg 80w, https:\/\/xn--judo-lbben-feb.de\/wp-content\/uploads\/2012\/10\/FIM_0205--200x200.jpg 200w\" sizes=\"auto, (max-width: 150px) 100vw, 150px\" \/><\/a> <a href=\"https:\/\/xn--judo-lbben-feb.de\/wp-content\/uploads\/2012\/10\/FIM_0206-.jpg\"><img loading=\"lazy\" decoding=\"async\" class=\"alignnone size-thumbnail wp-image-12197\" src=\"https:\/\/xn--judo-lbben-feb.de\/wp-content\/uploads\/2012\/10\/FIM_0206--150x150.jpg\" alt=\"\" width=\"150\" height=\"150\" srcset=\"https:\/\/xn--judo-lbben-feb.de\/wp-content\/uploads\/2012\/10\/FIM_0206--150x150.jpg 150w, https:\/\/xn--judo-lbben-feb.de\/wp-content\/uploads\/2012\/10\/FIM_0206--500x500.jpg 500w, https:\/\/xn--judo-lbben-feb.de\/wp-content\/uploads\/2012\/10\/FIM_0206--400x400.jpg 400w, https:\/\/xn--judo-lbben-feb.de\/wp-content\/uploads\/2012\/10\/FIM_0206--80x80.jpg 80w, https:\/\/xn--judo-lbben-feb.de\/wp-content\/uploads\/2012\/10\/FIM_0206--200x200.jpg 200w\" sizes=\"auto, (max-width: 150px) 100vw, 150px\" \/><\/a> <a href=\"https:\/\/xn--judo-lbben-feb.de\/wp-content\/uploads\/2012\/10\/FIM_0207-.jpg\"><img loading=\"lazy\" decoding=\"async\" class=\"alignnone size-thumbnail wp-image-12198\" src=\"https:\/\/xn--judo-lbben-feb.de\/wp-content\/uploads\/2012\/10\/FIM_0207--150x150.jpg\" alt=\"\" width=\"150\" height=\"150\" srcset=\"https:\/\/xn--judo-lbben-feb.de\/wp-content\/uploads\/2012\/10\/FIM_0207--150x150.jpg 150w, https:\/\/xn--judo-lbben-feb.de\/wp-content\/uploads\/2012\/10\/FIM_0207--500x500.jpg 500w, https:\/\/xn--judo-lbben-feb.de\/wp-content\/uploads\/2012\/10\/FIM_0207--400x400.jpg 400w, https:\/\/xn--judo-lbben-feb.de\/wp-content\/uploads\/2012\/10\/FIM_0207--80x80.jpg 80w, https:\/\/xn--judo-lbben-feb.de\/wp-content\/uploads\/2012\/10\/FIM_0207--200x200.jpg 200w\" sizes=\"auto, (max-width: 150px) 100vw, 150px\" \/><\/a> <a href=\"https:\/\/xn--judo-lbben-feb.de\/wp-content\/uploads\/2012\/10\/FIM_0208-.jpg\"><img loading=\"lazy\" decoding=\"async\" class=\"alignnone size-thumbnail wp-image-12199\" src=\"https:\/\/xn--judo-lbben-feb.de\/wp-content\/uploads\/2012\/10\/FIM_0208--150x150.jpg\" alt=\"\" width=\"150\" height=\"150\" srcset=\"https:\/\/xn--judo-lbben-feb.de\/wp-content\/uploads\/2012\/10\/FIM_0208--150x150.jpg 150w, https:\/\/xn--judo-lbben-feb.de\/wp-content\/uploads\/2012\/10\/FIM_0208--500x500.jpg 500w, https:\/\/xn--judo-lbben-feb.de\/wp-content\/uploads\/2012\/10\/FIM_0208--400x400.jpg 400w, https:\/\/xn--judo-lbben-feb.de\/wp-content\/uploads\/2012\/10\/FIM_0208--80x80.jpg 80w, https:\/\/xn--judo-lbben-feb.de\/wp-content\/uploads\/2012\/10\/FIM_0208--200x200.jpg 200w\" sizes=\"auto, (max-width: 150px) 100vw, 150px\" \/><\/a> <a href=\"https:\/\/xn--judo-lbben-feb.de\/wp-content\/uploads\/2012\/10\/FIM_0209-.jpg\"><img loading=\"lazy\" decoding=\"async\" class=\"alignnone size-thumbnail wp-image-12200\" src=\"https:\/\/xn--judo-lbben-feb.de\/wp-content\/uploads\/2012\/10\/FIM_0209--150x150.jpg\" alt=\"\" width=\"150\" height=\"150\" srcset=\"https:\/\/xn--judo-lbben-feb.de\/wp-content\/uploads\/2012\/10\/FIM_0209--150x150.jpg 150w, https:\/\/xn--judo-lbben-feb.de\/wp-content\/uploads\/2012\/10\/FIM_0209--500x500.jpg 500w, https:\/\/xn--judo-lbben-feb.de\/wp-content\/uploads\/2012\/10\/FIM_0209--400x400.jpg 400w, https:\/\/xn--judo-lbben-feb.de\/wp-content\/uploads\/2012\/10\/FIM_0209--80x80.jpg 80w, https:\/\/xn--judo-lbben-feb.de\/wp-content\/uploads\/2012\/10\/FIM_0209--200x200.jpg 200w\" sizes=\"auto, (max-width: 150px) 100vw, 150px\" \/><\/a> <a href=\"https:\/\/xn--judo-lbben-feb.de\/wp-content\/uploads\/2012\/10\/FIM_0210-.jpg\"><img loading=\"lazy\" decoding=\"async\" class=\"alignnone size-thumbnail wp-image-12201\" src=\"https:\/\/xn--judo-lbben-feb.de\/wp-content\/uploads\/2012\/10\/FIM_0210--150x150.jpg\" alt=\"\" width=\"150\" height=\"150\" srcset=\"https:\/\/xn--judo-lbben-feb.de\/wp-content\/uploads\/2012\/10\/FIM_0210--150x150.jpg 150w, https:\/\/xn--judo-lbben-feb.de\/wp-content\/uploads\/2012\/10\/FIM_0210--500x500.jpg 500w, https:\/\/xn--judo-lbben-feb.de\/wp-content\/uploads\/2012\/10\/FIM_0210--400x400.jpg 400w, https:\/\/xn--judo-lbben-feb.de\/wp-content\/uploads\/2012\/10\/FIM_0210--80x80.jpg 80w, https:\/\/xn--judo-lbben-feb.de\/wp-content\/uploads\/2012\/10\/FIM_0210--200x200.jpg 200w\" sizes=\"auto, (max-width: 150px) 100vw, 150px\" \/><\/a> <a href=\"https:\/\/xn--judo-lbben-feb.de\/wp-content\/uploads\/2012\/10\/FIM_0211-.jpg\"><img loading=\"lazy\" decoding=\"async\" class=\"alignnone size-thumbnail wp-image-12202\" src=\"https:\/\/xn--judo-lbben-feb.de\/wp-content\/uploads\/2012\/10\/FIM_0211--150x150.jpg\" alt=\"\" width=\"150\" height=\"150\" srcset=\"https:\/\/xn--judo-lbben-feb.de\/wp-content\/uploads\/2012\/10\/FIM_0211--150x150.jpg 150w, https:\/\/xn--judo-lbben-feb.de\/wp-content\/uploads\/2012\/10\/FIM_0211--500x500.jpg 500w, https:\/\/xn--judo-lbben-feb.de\/wp-content\/uploads\/2012\/10\/FIM_0211--400x400.jpg 400w, https:\/\/xn--judo-lbben-feb.de\/wp-content\/uploads\/2012\/10\/FIM_0211--80x80.jpg 80w, https:\/\/xn--judo-lbben-feb.de\/wp-content\/uploads\/2012\/10\/FIM_0211--200x200.jpg 200w\" sizes=\"auto, (max-width: 150px) 100vw, 150px\" \/><\/a> <a href=\"https:\/\/xn--judo-lbben-feb.de\/wp-content\/uploads\/2012\/10\/FIM_0212-.jpg\"><img loading=\"lazy\" decoding=\"async\" class=\"alignnone size-thumbnail wp-image-12203\" src=\"https:\/\/xn--judo-lbben-feb.de\/wp-content\/uploads\/2012\/10\/FIM_0212--150x150.jpg\" alt=\"\" width=\"150\" height=\"150\" srcset=\"https:\/\/xn--judo-lbben-feb.de\/wp-content\/uploads\/2012\/10\/FIM_0212--150x150.jpg 150w, https:\/\/xn--judo-lbben-feb.de\/wp-content\/uploads\/2012\/10\/FIM_0212--500x500.jpg 500w, https:\/\/xn--judo-lbben-feb.de\/wp-content\/uploads\/2012\/10\/FIM_0212--400x400.jpg 400w, https:\/\/xn--judo-lbben-feb.de\/wp-content\/uploads\/2012\/10\/FIM_0212--80x80.jpg 80w, https:\/\/xn--judo-lbben-feb.de\/wp-content\/uploads\/2012\/10\/FIM_0212--200x200.jpg 200w\" sizes=\"auto, (max-width: 150px) 100vw, 150px\" \/><\/a> <a href=\"https:\/\/xn--judo-lbben-feb.de\/wp-content\/uploads\/2012\/10\/FIM_0213-.jpg\"><img loading=\"lazy\" decoding=\"async\" class=\"alignnone size-thumbnail wp-image-12204\" src=\"https:\/\/xn--judo-lbben-feb.de\/wp-content\/uploads\/2012\/10\/FIM_0213--150x150.jpg\" alt=\"\" width=\"150\" height=\"150\" srcset=\"https:\/\/xn--judo-lbben-feb.de\/wp-content\/uploads\/2012\/10\/FIM_0213--150x150.jpg 150w, https:\/\/xn--judo-lbben-feb.de\/wp-content\/uploads\/2012\/10\/FIM_0213--500x500.jpg 500w, https:\/\/xn--judo-lbben-feb.de\/wp-content\/uploads\/2012\/10\/FIM_0213--400x400.jpg 400w, https:\/\/xn--judo-lbben-feb.de\/wp-content\/uploads\/2012\/10\/FIM_0213--80x80.jpg 80w, https:\/\/xn--judo-lbben-feb.de\/wp-content\/uploads\/2012\/10\/FIM_0213--200x200.jpg 200w\" sizes=\"auto, (max-width: 150px) 100vw, 150px\" \/><\/a> <a href=\"https:\/\/xn--judo-lbben-feb.de\/wp-content\/uploads\/2012\/10\/FIM_0214-.jpg\"><img loading=\"lazy\" decoding=\"async\" class=\"alignnone size-thumbnail wp-image-12205\" src=\"https:\/\/xn--judo-lbben-feb.de\/wp-content\/uploads\/2012\/10\/FIM_0214--150x150.jpg\" alt=\"\" width=\"150\" height=\"150\" srcset=\"https:\/\/xn--judo-lbben-feb.de\/wp-content\/uploads\/2012\/10\/FIM_0214--150x150.jpg 150w, https:\/\/xn--judo-lbben-feb.de\/wp-content\/uploads\/2012\/10\/FIM_0214--500x500.jpg 500w, https:\/\/xn--judo-lbben-feb.de\/wp-content\/uploads\/2012\/10\/FIM_0214--400x400.jpg 400w, https:\/\/xn--judo-lbben-feb.de\/wp-content\/uploads\/2012\/10\/FIM_0214--80x80.jpg 80w, https:\/\/xn--judo-lbben-feb.de\/wp-content\/uploads\/2012\/10\/FIM_0214--200x200.jpg 200w\" sizes=\"auto, (max-width: 150px) 100vw, 150px\" \/><\/a> <a href=\"https:\/\/xn--judo-lbben-feb.de\/wp-content\/uploads\/2012\/10\/FIM_0215-.jpg\"><img loading=\"lazy\" decoding=\"async\" class=\"alignnone size-thumbnail wp-image-12206\" src=\"https:\/\/xn--judo-lbben-feb.de\/wp-content\/uploads\/2012\/10\/FIM_0215--150x150.jpg\" alt=\"\" width=\"150\" height=\"150\" srcset=\"https:\/\/xn--judo-lbben-feb.de\/wp-content\/uploads\/2012\/10\/FIM_0215--150x150.jpg 150w, https:\/\/xn--judo-lbben-feb.de\/wp-content\/uploads\/2012\/10\/FIM_0215--500x500.jpg 500w, https:\/\/xn--judo-lbben-feb.de\/wp-content\/uploads\/2012\/10\/FIM_0215--400x400.jpg 400w, https:\/\/xn--judo-lbben-feb.de\/wp-content\/uploads\/2012\/10\/FIM_0215--80x80.jpg 80w, https:\/\/xn--judo-lbben-feb.de\/wp-content\/uploads\/2012\/10\/FIM_0215--200x200.jpg 200w\" sizes=\"auto, (max-width: 150px) 100vw, 150px\" \/><\/a> <a href=\"https:\/\/xn--judo-lbben-feb.de\/wp-content\/uploads\/2012\/10\/FIM_0216-.jpg\"><img loading=\"lazy\" decoding=\"async\" class=\"alignnone size-thumbnail wp-image-12207\" src=\"https:\/\/xn--judo-lbben-feb.de\/wp-content\/uploads\/2012\/10\/FIM_0216--150x150.jpg\" alt=\"\" width=\"150\" height=\"150\" srcset=\"https:\/\/xn--judo-lbben-feb.de\/wp-content\/uploads\/2012\/10\/FIM_0216--150x150.jpg 150w, https:\/\/xn--judo-lbben-feb.de\/wp-content\/uploads\/2012\/10\/FIM_0216--500x500.jpg 500w, https:\/\/xn--judo-lbben-feb.de\/wp-content\/uploads\/2012\/10\/FIM_0216--400x400.jpg 400w, https:\/\/xn--judo-lbben-feb.de\/wp-content\/uploads\/2012\/10\/FIM_0216--80x80.jpg 80w, https:\/\/xn--judo-lbben-feb.de\/wp-content\/uploads\/2012\/10\/FIM_0216--200x200.jpg 200w\" sizes=\"auto, (max-width: 150px) 100vw, 150px\" \/><\/a> <a href=\"https:\/\/xn--judo-lbben-feb.de\/wp-content\/uploads\/2012\/10\/FIM_0217-.jpg\"><img loading=\"lazy\" decoding=\"async\" class=\"alignnone size-thumbnail wp-image-12208\" src=\"https:\/\/xn--judo-lbben-feb.de\/wp-content\/uploads\/2012\/10\/FIM_0217--150x150.jpg\" alt=\"\" width=\"150\" height=\"150\" srcset=\"https:\/\/xn--judo-lbben-feb.de\/wp-content\/uploads\/2012\/10\/FIM_0217--150x150.jpg 150w, https:\/\/xn--judo-lbben-feb.de\/wp-content\/uploads\/2012\/10\/FIM_0217--500x500.jpg 500w, https:\/\/xn--judo-lbben-feb.de\/wp-content\/uploads\/2012\/10\/FIM_0217--400x400.jpg 400w, https:\/\/xn--judo-lbben-feb.de\/wp-content\/uploads\/2012\/10\/FIM_0217--80x80.jpg 80w, https:\/\/xn--judo-lbben-feb.de\/wp-content\/uploads\/2012\/10\/FIM_0217--200x200.jpg 200w\" sizes=\"auto, (max-width: 150px) 100vw, 150px\" \/><\/a> <a href=\"https:\/\/xn--judo-lbben-feb.de\/wp-content\/uploads\/2012\/10\/FIM_0218-.jpg\"><img loading=\"lazy\" decoding=\"async\" class=\"alignnone size-thumbnail wp-image-12209\" src=\"https:\/\/xn--judo-lbben-feb.de\/wp-content\/uploads\/2012\/10\/FIM_0218--150x150.jpg\" alt=\"\" width=\"150\" height=\"150\" srcset=\"https:\/\/xn--judo-lbben-feb.de\/wp-content\/uploads\/2012\/10\/FIM_0218--150x150.jpg 150w, https:\/\/xn--judo-lbben-feb.de\/wp-content\/uploads\/2012\/10\/FIM_0218--500x500.jpg 500w, https:\/\/xn--judo-lbben-feb.de\/wp-content\/uploads\/2012\/10\/FIM_0218--400x400.jpg 400w, https:\/\/xn--judo-lbben-feb.de\/wp-content\/uploads\/2012\/10\/FIM_0218--80x80.jpg 80w, https:\/\/xn--judo-lbben-feb.de\/wp-content\/uploads\/2012\/10\/FIM_0218--200x200.jpg 200w\" sizes=\"auto, (max-width: 150px) 100vw, 150px\" \/><\/a> <a href=\"https:\/\/xn--judo-lbben-feb.de\/wp-content\/uploads\/2012\/10\/FIM_0219-.jpg\"><img loading=\"lazy\" decoding=\"async\" class=\"alignnone size-thumbnail wp-image-12210\" src=\"https:\/\/xn--judo-lbben-feb.de\/wp-content\/uploads\/2012\/10\/FIM_0219--150x150.jpg\" alt=\"\" width=\"150\" height=\"150\" srcset=\"https:\/\/xn--judo-lbben-feb.de\/wp-content\/uploads\/2012\/10\/FIM_0219--150x150.jpg 150w, https:\/\/xn--judo-lbben-feb.de\/wp-content\/uploads\/2012\/10\/FIM_0219--500x500.jpg 500w, https:\/\/xn--judo-lbben-feb.de\/wp-content\/uploads\/2012\/10\/FIM_0219--400x400.jpg 400w, https:\/\/xn--judo-lbben-feb.de\/wp-content\/uploads\/2012\/10\/FIM_0219--80x80.jpg 80w, https:\/\/xn--judo-lbben-feb.de\/wp-content\/uploads\/2012\/10\/FIM_0219--200x200.jpg 200w\" sizes=\"auto, (max-width: 150px) 100vw, 150px\" \/><\/a> <a href=\"https:\/\/xn--judo-lbben-feb.de\/wp-content\/uploads\/2012\/10\/FIM_0220-.jpg\"><img loading=\"lazy\" decoding=\"async\" class=\"alignnone size-thumbnail wp-image-12211\" src=\"https:\/\/xn--judo-lbben-feb.de\/wp-content\/uploads\/2012\/10\/FIM_0220--150x150.jpg\" alt=\"\" width=\"150\" height=\"150\" srcset=\"https:\/\/xn--judo-lbben-feb.de\/wp-content\/uploads\/2012\/10\/FIM_0220--150x150.jpg 150w, https:\/\/xn--judo-lbben-feb.de\/wp-content\/uploads\/2012\/10\/FIM_0220--500x500.jpg 500w, https:\/\/xn--judo-lbben-feb.de\/wp-content\/uploads\/2012\/10\/FIM_0220--400x400.jpg 400w, https:\/\/xn--judo-lbben-feb.de\/wp-content\/uploads\/2012\/10\/FIM_0220--80x80.jpg 80w, https:\/\/xn--judo-lbben-feb.de\/wp-content\/uploads\/2012\/10\/FIM_0220--200x200.jpg 200w\" sizes=\"auto, (max-width: 150px) 100vw, 150px\" \/><\/a> <a href=\"https:\/\/xn--judo-lbben-feb.de\/wp-content\/uploads\/2012\/10\/FIM_0221-.jpg\"><img loading=\"lazy\" decoding=\"async\" class=\"alignnone size-thumbnail wp-image-12212\" src=\"https:\/\/xn--judo-lbben-feb.de\/wp-content\/uploads\/2012\/10\/FIM_0221--150x150.jpg\" alt=\"\" width=\"150\" height=\"150\" srcset=\"https:\/\/xn--judo-lbben-feb.de\/wp-content\/uploads\/2012\/10\/FIM_0221--150x150.jpg 150w, https:\/\/xn--judo-lbben-feb.de\/wp-content\/uploads\/2012\/10\/FIM_0221--500x500.jpg 500w, https:\/\/xn--judo-lbben-feb.de\/wp-content\/uploads\/2012\/10\/FIM_0221--400x400.jpg 400w, https:\/\/xn--judo-lbben-feb.de\/wp-content\/uploads\/2012\/10\/FIM_0221--80x80.jpg 80w, https:\/\/xn--judo-lbben-feb.de\/wp-content\/uploads\/2012\/10\/FIM_0221--200x200.jpg 200w\" sizes=\"auto, (max-width: 150px) 100vw, 150px\" \/><\/a> <a href=\"https:\/\/xn--judo-lbben-feb.de\/wp-content\/uploads\/2012\/10\/FIM_0222-.jpg\"><img loading=\"lazy\" decoding=\"async\" class=\"alignnone size-thumbnail wp-image-12213\" src=\"https:\/\/xn--judo-lbben-feb.de\/wp-content\/uploads\/2012\/10\/FIM_0222--150x150.jpg\" alt=\"\" width=\"150\" height=\"150\" srcset=\"https:\/\/xn--judo-lbben-feb.de\/wp-content\/uploads\/2012\/10\/FIM_0222--150x150.jpg 150w, https:\/\/xn--judo-lbben-feb.de\/wp-content\/uploads\/2012\/10\/FIM_0222--500x500.jpg 500w, https:\/\/xn--judo-lbben-feb.de\/wp-content\/uploads\/2012\/10\/FIM_0222--400x400.jpg 400w, https:\/\/xn--judo-lbben-feb.de\/wp-content\/uploads\/2012\/10\/FIM_0222--80x80.jpg 80w, https:\/\/xn--judo-lbben-feb.de\/wp-content\/uploads\/2012\/10\/FIM_0222--200x200.jpg 200w\" sizes=\"auto, (max-width: 150px) 100vw, 150px\" \/><\/a> <a href=\"https:\/\/xn--judo-lbben-feb.de\/wp-content\/uploads\/2012\/10\/FIM_0223-.jpg\"><img loading=\"lazy\" decoding=\"async\" class=\"alignnone size-thumbnail wp-image-12214\" src=\"https:\/\/xn--judo-lbben-feb.de\/wp-content\/uploads\/2012\/10\/FIM_0223--150x150.jpg\" alt=\"\" width=\"150\" height=\"150\" srcset=\"https:\/\/xn--judo-lbben-feb.de\/wp-content\/uploads\/2012\/10\/FIM_0223--150x150.jpg 150w, https:\/\/xn--judo-lbben-feb.de\/wp-content\/uploads\/2012\/10\/FIM_0223--500x500.jpg 500w, https:\/\/xn--judo-lbben-feb.de\/wp-content\/uploads\/2012\/10\/FIM_0223--400x400.jpg 400w, https:\/\/xn--judo-lbben-feb.de\/wp-content\/uploads\/2012\/10\/FIM_0223--80x80.jpg 80w, https:\/\/xn--judo-lbben-feb.de\/wp-content\/uploads\/2012\/10\/FIM_0223--200x200.jpg 200w\" sizes=\"auto, (max-width: 150px) 100vw, 150px\" \/><\/a> <a href=\"https:\/\/xn--judo-lbben-feb.de\/wp-content\/uploads\/2012\/10\/FIM_0224-.jpg\"><img loading=\"lazy\" decoding=\"async\" class=\"alignnone size-thumbnail wp-image-12215\" src=\"https:\/\/xn--judo-lbben-feb.de\/wp-content\/uploads\/2012\/10\/FIM_0224--150x150.jpg\" alt=\"\" width=\"150\" height=\"150\" srcset=\"https:\/\/xn--judo-lbben-feb.de\/wp-content\/uploads\/2012\/10\/FIM_0224--150x150.jpg 150w, https:\/\/xn--judo-lbben-feb.de\/wp-content\/uploads\/2012\/10\/FIM_0224--500x500.jpg 500w, https:\/\/xn--judo-lbben-feb.de\/wp-content\/uploads\/2012\/10\/FIM_0224--400x400.jpg 400w, https:\/\/xn--judo-lbben-feb.de\/wp-content\/uploads\/2012\/10\/FIM_0224--80x80.jpg 80w, https:\/\/xn--judo-lbben-feb.de\/wp-content\/uploads\/2012\/10\/FIM_0224--200x200.jpg 200w\" sizes=\"auto, (max-width: 150px) 100vw, 150px\" \/><\/a> <a href=\"https:\/\/xn--judo-lbben-feb.de\/wp-content\/uploads\/2012\/10\/FIM_0225-.jpg\"><img loading=\"lazy\" decoding=\"async\" class=\"alignnone size-thumbnail wp-image-12216\" src=\"https:\/\/xn--judo-lbben-feb.de\/wp-content\/uploads\/2012\/10\/FIM_0225--150x150.jpg\" alt=\"\" width=\"150\" height=\"150\" srcset=\"https:\/\/xn--judo-lbben-feb.de\/wp-content\/uploads\/2012\/10\/FIM_0225--150x150.jpg 150w, https:\/\/xn--judo-lbben-feb.de\/wp-content\/uploads\/2012\/10\/FIM_0225--500x500.jpg 500w, https:\/\/xn--judo-lbben-feb.de\/wp-content\/uploads\/2012\/10\/FIM_0225--400x400.jpg 400w, https:\/\/xn--judo-lbben-feb.de\/wp-content\/uploads\/2012\/10\/FIM_0225--80x80.jpg 80w, https:\/\/xn--judo-lbben-feb.de\/wp-content\/uploads\/2012\/10\/FIM_0225--200x200.jpg 200w\" sizes=\"auto, (max-width: 150px) 100vw, 150px\" \/><\/a> <a href=\"https:\/\/xn--judo-lbben-feb.de\/wp-content\/uploads\/2012\/10\/FIM_0226-.jpg\"><img loading=\"lazy\" decoding=\"async\" class=\"alignnone size-thumbnail wp-image-12217\" src=\"https:\/\/xn--judo-lbben-feb.de\/wp-content\/uploads\/2012\/10\/FIM_0226--150x150.jpg\" alt=\"\" width=\"150\" height=\"150\" srcset=\"https:\/\/xn--judo-lbben-feb.de\/wp-content\/uploads\/2012\/10\/FIM_0226--150x150.jpg 150w, https:\/\/xn--judo-lbben-feb.de\/wp-content\/uploads\/2012\/10\/FIM_0226--500x500.jpg 500w, https:\/\/xn--judo-lbben-feb.de\/wp-content\/uploads\/2012\/10\/FIM_0226--400x400.jpg 400w, https:\/\/xn--judo-lbben-feb.de\/wp-content\/uploads\/2012\/10\/FIM_0226--80x80.jpg 80w, https:\/\/xn--judo-lbben-feb.de\/wp-content\/uploads\/2012\/10\/FIM_0226--200x200.jpg 200w\" sizes=\"auto, (max-width: 150px) 100vw, 150px\" \/><\/a> <a href=\"https:\/\/xn--judo-lbben-feb.de\/wp-content\/uploads\/2012\/10\/FIM_0227-.jpg\"><img loading=\"lazy\" decoding=\"async\" class=\"alignnone size-thumbnail wp-image-12218\" src=\"https:\/\/xn--judo-lbben-feb.de\/wp-content\/uploads\/2012\/10\/FIM_0227--150x150.jpg\" alt=\"\" width=\"150\" height=\"150\" srcset=\"https:\/\/xn--judo-lbben-feb.de\/wp-content\/uploads\/2012\/10\/FIM_0227--150x150.jpg 150w, https:\/\/xn--judo-lbben-feb.de\/wp-content\/uploads\/2012\/10\/FIM_0227--500x500.jpg 500w, https:\/\/xn--judo-lbben-feb.de\/wp-content\/uploads\/2012\/10\/FIM_0227--400x400.jpg 400w, https:\/\/xn--judo-lbben-feb.de\/wp-content\/uploads\/2012\/10\/FIM_0227--80x80.jpg 80w, https:\/\/xn--judo-lbben-feb.de\/wp-content\/uploads\/2012\/10\/FIM_0227--200x200.jpg 200w\" sizes=\"auto, (max-width: 150px) 100vw, 150px\" \/><\/a> <a href=\"https:\/\/xn--judo-lbben-feb.de\/wp-content\/uploads\/2012\/10\/FIM_0228-.jpg\"><img loading=\"lazy\" decoding=\"async\" class=\"alignnone size-thumbnail wp-image-12219\" src=\"https:\/\/xn--judo-lbben-feb.de\/wp-content\/uploads\/2012\/10\/FIM_0228--150x150.jpg\" alt=\"\" width=\"150\" height=\"150\" srcset=\"https:\/\/xn--judo-lbben-feb.de\/wp-content\/uploads\/2012\/10\/FIM_0228--150x150.jpg 150w, https:\/\/xn--judo-lbben-feb.de\/wp-content\/uploads\/2012\/10\/FIM_0228--500x500.jpg 500w, https:\/\/xn--judo-lbben-feb.de\/wp-content\/uploads\/2012\/10\/FIM_0228--400x400.jpg 400w, https:\/\/xn--judo-lbben-feb.de\/wp-content\/uploads\/2012\/10\/FIM_0228--80x80.jpg 80w, https:\/\/xn--judo-lbben-feb.de\/wp-content\/uploads\/2012\/10\/FIM_0228--200x200.jpg 200w\" sizes=\"auto, (max-width: 150px) 100vw, 150px\" \/><\/a> <a href=\"https:\/\/xn--judo-lbben-feb.de\/wp-content\/uploads\/2012\/10\/FIM_0229-.jpg\"><img loading=\"lazy\" decoding=\"async\" class=\"alignnone size-thumbnail wp-image-12220\" src=\"https:\/\/xn--judo-lbben-feb.de\/wp-content\/uploads\/2012\/10\/FIM_0229--150x150.jpg\" alt=\"\" width=\"150\" height=\"150\" srcset=\"https:\/\/xn--judo-lbben-feb.de\/wp-content\/uploads\/2012\/10\/FIM_0229--150x150.jpg 150w, https:\/\/xn--judo-lbben-feb.de\/wp-content\/uploads\/2012\/10\/FIM_0229--500x500.jpg 500w, https:\/\/xn--judo-lbben-feb.de\/wp-content\/uploads\/2012\/10\/FIM_0229--400x400.jpg 400w, https:\/\/xn--judo-lbben-feb.de\/wp-content\/uploads\/2012\/10\/FIM_0229--80x80.jpg 80w, https:\/\/xn--judo-lbben-feb.de\/wp-content\/uploads\/2012\/10\/FIM_0229--200x200.jpg 200w\" sizes=\"auto, (max-width: 150px) 100vw, 150px\" \/><\/a> <a href=\"https:\/\/xn--judo-lbben-feb.de\/wp-content\/uploads\/2012\/10\/FIM_0230-.jpg\"><img loading=\"lazy\" decoding=\"async\" class=\"alignnone size-thumbnail wp-image-12221\" src=\"https:\/\/xn--judo-lbben-feb.de\/wp-content\/uploads\/2012\/10\/FIM_0230--150x150.jpg\" alt=\"\" width=\"150\" height=\"150\" srcset=\"https:\/\/xn--judo-lbben-feb.de\/wp-content\/uploads\/2012\/10\/FIM_0230--150x150.jpg 150w, https:\/\/xn--judo-lbben-feb.de\/wp-content\/uploads\/2012\/10\/FIM_0230--500x500.jpg 500w, https:\/\/xn--judo-lbben-feb.de\/wp-content\/uploads\/2012\/10\/FIM_0230--400x400.jpg 400w, https:\/\/xn--judo-lbben-feb.de\/wp-content\/uploads\/2012\/10\/FIM_0230--80x80.jpg 80w, https:\/\/xn--judo-lbben-feb.de\/wp-content\/uploads\/2012\/10\/FIM_0230--200x200.jpg 200w\" sizes=\"auto, (max-width: 150px) 100vw, 150px\" \/><\/a> <a href=\"https:\/\/xn--judo-lbben-feb.de\/wp-content\/uploads\/2012\/10\/FIM_0231-.jpg\"><img loading=\"lazy\" decoding=\"async\" class=\"alignnone size-thumbnail wp-image-12222\" src=\"https:\/\/xn--judo-lbben-feb.de\/wp-content\/uploads\/2012\/10\/FIM_0231--150x150.jpg\" alt=\"\" width=\"150\" height=\"150\" srcset=\"https:\/\/xn--judo-lbben-feb.de\/wp-content\/uploads\/2012\/10\/FIM_0231--150x150.jpg 150w, https:\/\/xn--judo-lbben-feb.de\/wp-content\/uploads\/2012\/10\/FIM_0231--500x500.jpg 500w, https:\/\/xn--judo-lbben-feb.de\/wp-content\/uploads\/2012\/10\/FIM_0231--400x400.jpg 400w, https:\/\/xn--judo-lbben-feb.de\/wp-content\/uploads\/2012\/10\/FIM_0231--80x80.jpg 80w, https:\/\/xn--judo-lbben-feb.de\/wp-content\/uploads\/2012\/10\/FIM_0231--200x200.jpg 200w\" sizes=\"auto, (max-width: 150px) 100vw, 150px\" \/><\/a> <a href=\"https:\/\/xn--judo-lbben-feb.de\/wp-content\/uploads\/2012\/10\/FIM_0232-.jpg\"><img loading=\"lazy\" decoding=\"async\" class=\"alignnone size-thumbnail wp-image-12223\" src=\"https:\/\/xn--judo-lbben-feb.de\/wp-content\/uploads\/2012\/10\/FIM_0232--150x150.jpg\" alt=\"\" width=\"150\" height=\"150\" srcset=\"https:\/\/xn--judo-lbben-feb.de\/wp-content\/uploads\/2012\/10\/FIM_0232--150x150.jpg 150w, https:\/\/xn--judo-lbben-feb.de\/wp-content\/uploads\/2012\/10\/FIM_0232--500x500.jpg 500w, https:\/\/xn--judo-lbben-feb.de\/wp-content\/uploads\/2012\/10\/FIM_0232--400x400.jpg 400w, https:\/\/xn--judo-lbben-feb.de\/wp-content\/uploads\/2012\/10\/FIM_0232--80x80.jpg 80w, https:\/\/xn--judo-lbben-feb.de\/wp-content\/uploads\/2012\/10\/FIM_0232--200x200.jpg 200w\" sizes=\"auto, (max-width: 150px) 100vw, 150px\" \/><\/a> <a href=\"https:\/\/xn--judo-lbben-feb.de\/wp-content\/uploads\/2012\/10\/FIM_0233-.jpg\"><img loading=\"lazy\" decoding=\"async\" class=\"alignnone size-thumbnail wp-image-12224\" src=\"https:\/\/xn--judo-lbben-feb.de\/wp-content\/uploads\/2012\/10\/FIM_0233--150x150.jpg\" alt=\"\" width=\"150\" height=\"150\" srcset=\"https:\/\/xn--judo-lbben-feb.de\/wp-content\/uploads\/2012\/10\/FIM_0233--150x150.jpg 150w, https:\/\/xn--judo-lbben-feb.de\/wp-content\/uploads\/2012\/10\/FIM_0233--500x500.jpg 500w, https:\/\/xn--judo-lbben-feb.de\/wp-content\/uploads\/2012\/10\/FIM_0233--400x400.jpg 400w, https:\/\/xn--judo-lbben-feb.de\/wp-content\/uploads\/2012\/10\/FIM_0233--80x80.jpg 80w, https:\/\/xn--judo-lbben-feb.de\/wp-content\/uploads\/2012\/10\/FIM_0233--200x200.jpg 200w\" sizes=\"auto, (max-width: 150px) 100vw, 150px\" \/><\/a> <a href=\"https:\/\/xn--judo-lbben-feb.de\/wp-content\/uploads\/2012\/10\/FIM_0234-.jpg\"><img loading=\"lazy\" decoding=\"async\" class=\"alignnone size-thumbnail wp-image-12225\" src=\"https:\/\/xn--judo-lbben-feb.de\/wp-content\/uploads\/2012\/10\/FIM_0234--150x150.jpg\" alt=\"\" width=\"150\" height=\"150\" srcset=\"https:\/\/xn--judo-lbben-feb.de\/wp-content\/uploads\/2012\/10\/FIM_0234--150x150.jpg 150w, https:\/\/xn--judo-lbben-feb.de\/wp-content\/uploads\/2012\/10\/FIM_0234--500x500.jpg 500w, https:\/\/xn--judo-lbben-feb.de\/wp-content\/uploads\/2012\/10\/FIM_0234--400x400.jpg 400w, https:\/\/xn--judo-lbben-feb.de\/wp-content\/uploads\/2012\/10\/FIM_0234--80x80.jpg 80w, https:\/\/xn--judo-lbben-feb.de\/wp-content\/uploads\/2012\/10\/FIM_0234--200x200.jpg 200w\" sizes=\"auto, (max-width: 150px) 100vw, 150px\" \/><\/a> <a href=\"https:\/\/xn--judo-lbben-feb.de\/wp-content\/uploads\/2012\/10\/FIM_0235-.jpg\"><img loading=\"lazy\" decoding=\"async\" class=\"alignnone size-thumbnail wp-image-12226\" src=\"https:\/\/xn--judo-lbben-feb.de\/wp-content\/uploads\/2012\/10\/FIM_0235--150x150.jpg\" alt=\"\" width=\"150\" height=\"150\" srcset=\"https:\/\/xn--judo-lbben-feb.de\/wp-content\/uploads\/2012\/10\/FIM_0235--150x150.jpg 150w, https:\/\/xn--judo-lbben-feb.de\/wp-content\/uploads\/2012\/10\/FIM_0235--500x500.jpg 500w, https:\/\/xn--judo-lbben-feb.de\/wp-content\/uploads\/2012\/10\/FIM_0235--400x400.jpg 400w, https:\/\/xn--judo-lbben-feb.de\/wp-content\/uploads\/2012\/10\/FIM_0235--80x80.jpg 80w, https:\/\/xn--judo-lbben-feb.de\/wp-content\/uploads\/2012\/10\/FIM_0235--200x200.jpg 200w\" sizes=\"auto, (max-width: 150px) 100vw, 150px\" \/><\/a> <a href=\"https:\/\/xn--judo-lbben-feb.de\/wp-content\/uploads\/2012\/10\/FIM_0236-.jpg\"><img loading=\"lazy\" decoding=\"async\" class=\"alignnone size-thumbnail wp-image-12227\" src=\"https:\/\/xn--judo-lbben-feb.de\/wp-content\/uploads\/2012\/10\/FIM_0236--150x150.jpg\" alt=\"\" width=\"150\" height=\"150\" srcset=\"https:\/\/xn--judo-lbben-feb.de\/wp-content\/uploads\/2012\/10\/FIM_0236--150x150.jpg 150w, https:\/\/xn--judo-lbben-feb.de\/wp-content\/uploads\/2012\/10\/FIM_0236--500x500.jpg 500w, https:\/\/xn--judo-lbben-feb.de\/wp-content\/uploads\/2012\/10\/FIM_0236--400x400.jpg 400w, https:\/\/xn--judo-lbben-feb.de\/wp-content\/uploads\/2012\/10\/FIM_0236--80x80.jpg 80w, https:\/\/xn--judo-lbben-feb.de\/wp-content\/uploads\/2012\/10\/FIM_0236--200x200.jpg 200w\" sizes=\"auto, (max-width: 150px) 100vw, 150px\" \/><\/a> <a href=\"https:\/\/xn--judo-lbben-feb.de\/wp-content\/uploads\/2012\/10\/FIM_0237-.jpg\"><img loading=\"lazy\" decoding=\"async\" class=\"alignnone size-thumbnail wp-image-12228\" src=\"https:\/\/xn--judo-lbben-feb.de\/wp-content\/uploads\/2012\/10\/FIM_0237--150x150.jpg\" alt=\"\" width=\"150\" height=\"150\" srcset=\"https:\/\/xn--judo-lbben-feb.de\/wp-content\/uploads\/2012\/10\/FIM_0237--150x150.jpg 150w, https:\/\/xn--judo-lbben-feb.de\/wp-content\/uploads\/2012\/10\/FIM_0237--500x500.jpg 500w, https:\/\/xn--judo-lbben-feb.de\/wp-content\/uploads\/2012\/10\/FIM_0237--400x400.jpg 400w, https:\/\/xn--judo-lbben-feb.de\/wp-content\/uploads\/2012\/10\/FIM_0237--80x80.jpg 80w, https:\/\/xn--judo-lbben-feb.de\/wp-content\/uploads\/2012\/10\/FIM_0237--200x200.jpg 200w\" sizes=\"auto, (max-width: 150px) 100vw, 150px\" \/><\/a> <a href=\"https:\/\/xn--judo-lbben-feb.de\/wp-content\/uploads\/2012\/10\/FIM_0238-.jpg\"><img loading=\"lazy\" decoding=\"async\" class=\"alignnone size-thumbnail wp-image-12229\" src=\"https:\/\/xn--judo-lbben-feb.de\/wp-content\/uploads\/2012\/10\/FIM_0238--150x150.jpg\" alt=\"\" width=\"150\" height=\"150\" srcset=\"https:\/\/xn--judo-lbben-feb.de\/wp-content\/uploads\/2012\/10\/FIM_0238--150x150.jpg 150w, https:\/\/xn--judo-lbben-feb.de\/wp-content\/uploads\/2012\/10\/FIM_0238--500x500.jpg 500w, https:\/\/xn--judo-lbben-feb.de\/wp-content\/uploads\/2012\/10\/FIM_0238--400x400.jpg 400w, https:\/\/xn--judo-lbben-feb.de\/wp-content\/uploads\/2012\/10\/FIM_0238--80x80.jpg 80w, https:\/\/xn--judo-lbben-feb.de\/wp-content\/uploads\/2012\/10\/FIM_0238--200x200.jpg 200w\" sizes=\"auto, (max-width: 150px) 100vw, 150px\" \/><\/a> <a href=\"https:\/\/xn--judo-lbben-feb.de\/wp-content\/uploads\/2012\/10\/FIM_0239-.jpg\"><img loading=\"lazy\" decoding=\"async\" class=\"alignnone size-thumbnail wp-image-12230\" src=\"https:\/\/xn--judo-lbben-feb.de\/wp-content\/uploads\/2012\/10\/FIM_0239--150x150.jpg\" alt=\"\" width=\"150\" height=\"150\" srcset=\"https:\/\/xn--judo-lbben-feb.de\/wp-content\/uploads\/2012\/10\/FIM_0239--150x150.jpg 150w, https:\/\/xn--judo-lbben-feb.de\/wp-content\/uploads\/2012\/10\/FIM_0239--500x500.jpg 500w, https:\/\/xn--judo-lbben-feb.de\/wp-content\/uploads\/2012\/10\/FIM_0239--400x400.jpg 400w, https:\/\/xn--judo-lbben-feb.de\/wp-content\/uploads\/2012\/10\/FIM_0239--80x80.jpg 80w, https:\/\/xn--judo-lbben-feb.de\/wp-content\/uploads\/2012\/10\/FIM_0239--200x200.jpg 200w\" sizes=\"auto, (max-width: 150px) 100vw, 150px\" \/><\/a> <a href=\"https:\/\/xn--judo-lbben-feb.de\/wp-content\/uploads\/2012\/10\/FIM_0240-.jpg\"><img loading=\"lazy\" decoding=\"async\" class=\"alignnone size-thumbnail wp-image-12231\" src=\"https:\/\/xn--judo-lbben-feb.de\/wp-content\/uploads\/2012\/10\/FIM_0240--150x150.jpg\" alt=\"\" width=\"150\" height=\"150\" srcset=\"https:\/\/xn--judo-lbben-feb.de\/wp-content\/uploads\/2012\/10\/FIM_0240--150x150.jpg 150w, https:\/\/xn--judo-lbben-feb.de\/wp-content\/uploads\/2012\/10\/FIM_0240--500x500.jpg 500w, https:\/\/xn--judo-lbben-feb.de\/wp-content\/uploads\/2012\/10\/FIM_0240--400x400.jpg 400w, https:\/\/xn--judo-lbben-feb.de\/wp-content\/uploads\/2012\/10\/FIM_0240--80x80.jpg 80w, https:\/\/xn--judo-lbben-feb.de\/wp-content\/uploads\/2012\/10\/FIM_0240--200x200.jpg 200w\" sizes=\"auto, (max-width: 150px) 100vw, 150px\" \/><\/a> <a href=\"https:\/\/xn--judo-lbben-feb.de\/wp-content\/uploads\/2012\/10\/FIM_0241-.jpg\"><img loading=\"lazy\" decoding=\"async\" class=\"alignnone size-thumbnail wp-image-12232\" src=\"https:\/\/xn--judo-lbben-feb.de\/wp-content\/uploads\/2012\/10\/FIM_0241--150x150.jpg\" alt=\"\" width=\"150\" height=\"150\" srcset=\"https:\/\/xn--judo-lbben-feb.de\/wp-content\/uploads\/2012\/10\/FIM_0241--150x150.jpg 150w, https:\/\/xn--judo-lbben-feb.de\/wp-content\/uploads\/2012\/10\/FIM_0241--500x500.jpg 500w, https:\/\/xn--judo-lbben-feb.de\/wp-content\/uploads\/2012\/10\/FIM_0241--400x400.jpg 400w, https:\/\/xn--judo-lbben-feb.de\/wp-content\/uploads\/2012\/10\/FIM_0241--80x80.jpg 80w, https:\/\/xn--judo-lbben-feb.de\/wp-content\/uploads\/2012\/10\/FIM_0241--200x200.jpg 200w\" sizes=\"auto, (max-width: 150px) 100vw, 150px\" \/><\/a> <a href=\"https:\/\/xn--judo-lbben-feb.de\/wp-content\/uploads\/2012\/10\/FIM_0242-.jpg\"><img loading=\"lazy\" decoding=\"async\" class=\"alignnone size-thumbnail wp-image-12233\" src=\"https:\/\/xn--judo-lbben-feb.de\/wp-content\/uploads\/2012\/10\/FIM_0242--150x150.jpg\" alt=\"\" width=\"150\" height=\"150\" srcset=\"https:\/\/xn--judo-lbben-feb.de\/wp-content\/uploads\/2012\/10\/FIM_0242--150x150.jpg 150w, https:\/\/xn--judo-lbben-feb.de\/wp-content\/uploads\/2012\/10\/FIM_0242--500x500.jpg 500w, https:\/\/xn--judo-lbben-feb.de\/wp-content\/uploads\/2012\/10\/FIM_0242--400x400.jpg 400w, https:\/\/xn--judo-lbben-feb.de\/wp-content\/uploads\/2012\/10\/FIM_0242--80x80.jpg 80w, https:\/\/xn--judo-lbben-feb.de\/wp-content\/uploads\/2012\/10\/FIM_0242--200x200.jpg 200w\" sizes=\"auto, (max-width: 150px) 100vw, 150px\" \/><\/a> <a href=\"https:\/\/xn--judo-lbben-feb.de\/wp-content\/uploads\/2012\/10\/FIM_0243-.jpg\"><img loading=\"lazy\" decoding=\"async\" class=\"alignnone size-thumbnail wp-image-12234\" src=\"https:\/\/xn--judo-lbben-feb.de\/wp-content\/uploads\/2012\/10\/FIM_0243--150x150.jpg\" alt=\"\" width=\"150\" height=\"150\" srcset=\"https:\/\/xn--judo-lbben-feb.de\/wp-content\/uploads\/2012\/10\/FIM_0243--150x150.jpg 150w, https:\/\/xn--judo-lbben-feb.de\/wp-content\/uploads\/2012\/10\/FIM_0243--500x500.jpg 500w, https:\/\/xn--judo-lbben-feb.de\/wp-content\/uploads\/2012\/10\/FIM_0243--400x400.jpg 400w, https:\/\/xn--judo-lbben-feb.de\/wp-content\/uploads\/2012\/10\/FIM_0243--80x80.jpg 80w, https:\/\/xn--judo-lbben-feb.de\/wp-content\/uploads\/2012\/10\/FIM_0243--200x200.jpg 200w\" sizes=\"auto, (max-width: 150px) 100vw, 150px\" \/><\/a> <a href=\"https:\/\/xn--judo-lbben-feb.de\/wp-content\/uploads\/2012\/10\/FIM_0244-.jpg\"><img loading=\"lazy\" decoding=\"async\" class=\"alignnone size-thumbnail wp-image-12235\" src=\"https:\/\/xn--judo-lbben-feb.de\/wp-content\/uploads\/2012\/10\/FIM_0244--150x150.jpg\" alt=\"\" width=\"150\" height=\"150\" srcset=\"https:\/\/xn--judo-lbben-feb.de\/wp-content\/uploads\/2012\/10\/FIM_0244--150x150.jpg 150w, https:\/\/xn--judo-lbben-feb.de\/wp-content\/uploads\/2012\/10\/FIM_0244--500x500.jpg 500w, https:\/\/xn--judo-lbben-feb.de\/wp-content\/uploads\/2012\/10\/FIM_0244--400x400.jpg 400w, https:\/\/xn--judo-lbben-feb.de\/wp-content\/uploads\/2012\/10\/FIM_0244--80x80.jpg 80w, https:\/\/xn--judo-lbben-feb.de\/wp-content\/uploads\/2012\/10\/FIM_0244--200x200.jpg 200w\" sizes=\"auto, (max-width: 150px) 100vw, 150px\" \/><\/a> <a href=\"https:\/\/xn--judo-lbben-feb.de\/wp-content\/uploads\/2012\/10\/FIM_0245-.jpg\"><img loading=\"lazy\" decoding=\"async\" class=\"alignnone size-thumbnail wp-image-12236\" src=\"https:\/\/xn--judo-lbben-feb.de\/wp-content\/uploads\/2012\/10\/FIM_0245--150x150.jpg\" alt=\"\" width=\"150\" height=\"150\" srcset=\"https:\/\/xn--judo-lbben-feb.de\/wp-content\/uploads\/2012\/10\/FIM_0245--150x150.jpg 150w, https:\/\/xn--judo-lbben-feb.de\/wp-content\/uploads\/2012\/10\/FIM_0245--500x500.jpg 500w, https:\/\/xn--judo-lbben-feb.de\/wp-content\/uploads\/2012\/10\/FIM_0245--400x400.jpg 400w, https:\/\/xn--judo-lbben-feb.de\/wp-content\/uploads\/2012\/10\/FIM_0245--80x80.jpg 80w, https:\/\/xn--judo-lbben-feb.de\/wp-content\/uploads\/2012\/10\/FIM_0245--200x200.jpg 200w\" sizes=\"auto, (max-width: 150px) 100vw, 150px\" \/><\/a> <a href=\"https:\/\/xn--judo-lbben-feb.de\/wp-content\/uploads\/2012\/10\/FIM_0246-.jpg\"><img loading=\"lazy\" decoding=\"async\" class=\"alignnone size-thumbnail wp-image-12237\" src=\"https:\/\/xn--judo-lbben-feb.de\/wp-content\/uploads\/2012\/10\/FIM_0246--150x150.jpg\" alt=\"\" width=\"150\" height=\"150\" srcset=\"https:\/\/xn--judo-lbben-feb.de\/wp-content\/uploads\/2012\/10\/FIM_0246--150x150.jpg 150w, https:\/\/xn--judo-lbben-feb.de\/wp-content\/uploads\/2012\/10\/FIM_0246--500x500.jpg 500w, https:\/\/xn--judo-lbben-feb.de\/wp-content\/uploads\/2012\/10\/FIM_0246--400x400.jpg 400w, https:\/\/xn--judo-lbben-feb.de\/wp-content\/uploads\/2012\/10\/FIM_0246--80x80.jpg 80w, https:\/\/xn--judo-lbben-feb.de\/wp-content\/uploads\/2012\/10\/FIM_0246--200x200.jpg 200w\" sizes=\"auto, (max-width: 150px) 100vw, 150px\" \/><\/a> <a href=\"https:\/\/xn--judo-lbben-feb.de\/wp-content\/uploads\/2012\/10\/FIM_0247-.jpg\"><img loading=\"lazy\" decoding=\"async\" class=\"alignnone size-thumbnail wp-image-12238\" src=\"https:\/\/xn--judo-lbben-feb.de\/wp-content\/uploads\/2012\/10\/FIM_0247--150x150.jpg\" alt=\"\" width=\"150\" height=\"150\" srcset=\"https:\/\/xn--judo-lbben-feb.de\/wp-content\/uploads\/2012\/10\/FIM_0247--150x150.jpg 150w, https:\/\/xn--judo-lbben-feb.de\/wp-content\/uploads\/2012\/10\/FIM_0247--500x500.jpg 500w, https:\/\/xn--judo-lbben-feb.de\/wp-content\/uploads\/2012\/10\/FIM_0247--400x400.jpg 400w, https:\/\/xn--judo-lbben-feb.de\/wp-content\/uploads\/2012\/10\/FIM_0247--80x80.jpg 80w, https:\/\/xn--judo-lbben-feb.de\/wp-content\/uploads\/2012\/10\/FIM_0247--200x200.jpg 200w\" sizes=\"auto, (max-width: 150px) 100vw, 150px\" \/><\/a> <a href=\"https:\/\/xn--judo-lbben-feb.de\/wp-content\/uploads\/2012\/10\/FIM_0249-.jpg\"><img loading=\"lazy\" decoding=\"async\" class=\"alignnone size-thumbnail wp-image-12239\" src=\"https:\/\/xn--judo-lbben-feb.de\/wp-content\/uploads\/2012\/10\/FIM_0249--150x150.jpg\" alt=\"\" width=\"150\" height=\"150\" srcset=\"https:\/\/xn--judo-lbben-feb.de\/wp-content\/uploads\/2012\/10\/FIM_0249--150x150.jpg 150w, https:\/\/xn--judo-lbben-feb.de\/wp-content\/uploads\/2012\/10\/FIM_0249--500x500.jpg 500w, https:\/\/xn--judo-lbben-feb.de\/wp-content\/uploads\/2012\/10\/FIM_0249--400x400.jpg 400w, https:\/\/xn--judo-lbben-feb.de\/wp-content\/uploads\/2012\/10\/FIM_0249--80x80.jpg 80w, https:\/\/xn--judo-lbben-feb.de\/wp-content\/uploads\/2012\/10\/FIM_0249--200x200.jpg 200w\" sizes=\"auto, (max-width: 150px) 100vw, 150px\" \/><\/a> <a href=\"https:\/\/xn--judo-lbben-feb.de\/wp-content\/uploads\/2012\/10\/FIM_0250-.jpg\"><img loading=\"lazy\" decoding=\"async\" class=\"alignnone size-thumbnail wp-image-12240\" src=\"https:\/\/xn--judo-lbben-feb.de\/wp-content\/uploads\/2012\/10\/FIM_0250--150x150.jpg\" alt=\"\" width=\"150\" height=\"150\" srcset=\"https:\/\/xn--judo-lbben-feb.de\/wp-content\/uploads\/2012\/10\/FIM_0250--150x150.jpg 150w, https:\/\/xn--judo-lbben-feb.de\/wp-content\/uploads\/2012\/10\/FIM_0250--500x500.jpg 500w, https:\/\/xn--judo-lbben-feb.de\/wp-content\/uploads\/2012\/10\/FIM_0250--400x400.jpg 400w, https:\/\/xn--judo-lbben-feb.de\/wp-content\/uploads\/2012\/10\/FIM_0250--80x80.jpg 80w, https:\/\/xn--judo-lbben-feb.de\/wp-content\/uploads\/2012\/10\/FIM_0250--200x200.jpg 200w\" sizes=\"auto, (max-width: 150px) 100vw, 150px\" \/><\/a> <a href=\"https:\/\/xn--judo-lbben-feb.de\/wp-content\/uploads\/2012\/10\/FIM_0251-.jpg\"><img loading=\"lazy\" decoding=\"async\" class=\"alignnone size-thumbnail wp-image-12241\" src=\"https:\/\/xn--judo-lbben-feb.de\/wp-content\/uploads\/2012\/10\/FIM_0251--150x150.jpg\" alt=\"\" width=\"150\" height=\"150\" srcset=\"https:\/\/xn--judo-lbben-feb.de\/wp-content\/uploads\/2012\/10\/FIM_0251--150x150.jpg 150w, https:\/\/xn--judo-lbben-feb.de\/wp-content\/uploads\/2012\/10\/FIM_0251--500x500.jpg 500w, https:\/\/xn--judo-lbben-feb.de\/wp-content\/uploads\/2012\/10\/FIM_0251--400x400.jpg 400w, https:\/\/xn--judo-lbben-feb.de\/wp-content\/uploads\/2012\/10\/FIM_0251--80x80.jpg 80w, https:\/\/xn--judo-lbben-feb.de\/wp-content\/uploads\/2012\/10\/FIM_0251--200x200.jpg 200w\" sizes=\"auto, (max-width: 150px) 100vw, 150px\" \/><\/a> <a href=\"https:\/\/xn--judo-lbben-feb.de\/wp-content\/uploads\/2012\/10\/FIM_0252-.jpg\"><img loading=\"lazy\" decoding=\"async\" class=\"alignnone size-thumbnail wp-image-12242\" src=\"https:\/\/xn--judo-lbben-feb.de\/wp-content\/uploads\/2012\/10\/FIM_0252--150x150.jpg\" alt=\"\" width=\"150\" height=\"150\" srcset=\"https:\/\/xn--judo-lbben-feb.de\/wp-content\/uploads\/2012\/10\/FIM_0252--150x150.jpg 150w, https:\/\/xn--judo-lbben-feb.de\/wp-content\/uploads\/2012\/10\/FIM_0252--500x500.jpg 500w, https:\/\/xn--judo-lbben-feb.de\/wp-content\/uploads\/2012\/10\/FIM_0252--400x400.jpg 400w, https:\/\/xn--judo-lbben-feb.de\/wp-content\/uploads\/2012\/10\/FIM_0252--80x80.jpg 80w, https:\/\/xn--judo-lbben-feb.de\/wp-content\/uploads\/2012\/10\/FIM_0252--200x200.jpg 200w\" sizes=\"auto, (max-width: 150px) 100vw, 150px\" \/><\/a> <a href=\"https:\/\/xn--judo-lbben-feb.de\/wp-content\/uploads\/2012\/10\/FIM_0253-.jpg\"><img loading=\"lazy\" decoding=\"async\" class=\"alignnone size-thumbnail wp-image-12243\" src=\"https:\/\/xn--judo-lbben-feb.de\/wp-content\/uploads\/2012\/10\/FIM_0253--150x150.jpg\" alt=\"\" width=\"150\" height=\"150\" srcset=\"https:\/\/xn--judo-lbben-feb.de\/wp-content\/uploads\/2012\/10\/FIM_0253--150x150.jpg 150w, https:\/\/xn--judo-lbben-feb.de\/wp-content\/uploads\/2012\/10\/FIM_0253--500x500.jpg 500w, https:\/\/xn--judo-lbben-feb.de\/wp-content\/uploads\/2012\/10\/FIM_0253--400x400.jpg 400w, https:\/\/xn--judo-lbben-feb.de\/wp-content\/uploads\/2012\/10\/FIM_0253--80x80.jpg 80w, https:\/\/xn--judo-lbben-feb.de\/wp-content\/uploads\/2012\/10\/FIM_0253--200x200.jpg 200w\" sizes=\"auto, (max-width: 150px) 100vw, 150px\" \/><\/a> <a href=\"https:\/\/xn--judo-lbben-feb.de\/wp-content\/uploads\/2012\/10\/FIM_0254-.jpg\"><img loading=\"lazy\" decoding=\"async\" class=\"alignnone size-thumbnail wp-image-12244\" src=\"https:\/\/xn--judo-lbben-feb.de\/wp-content\/uploads\/2012\/10\/FIM_0254--150x150.jpg\" alt=\"\" width=\"150\" height=\"150\" srcset=\"https:\/\/xn--judo-lbben-feb.de\/wp-content\/uploads\/2012\/10\/FIM_0254--150x150.jpg 150w, https:\/\/xn--judo-lbben-feb.de\/wp-content\/uploads\/2012\/10\/FIM_0254--500x500.jpg 500w, https:\/\/xn--judo-lbben-feb.de\/wp-content\/uploads\/2012\/10\/FIM_0254--400x400.jpg 400w, https:\/\/xn--judo-lbben-feb.de\/wp-content\/uploads\/2012\/10\/FIM_0254--80x80.jpg 80w, https:\/\/xn--judo-lbben-feb.de\/wp-content\/uploads\/2012\/10\/FIM_0254--200x200.jpg 200w\" sizes=\"auto, (max-width: 150px) 100vw, 150px\" \/><\/a> <a href=\"https:\/\/xn--judo-lbben-feb.de\/wp-content\/uploads\/2012\/10\/FIM_0255-.jpg\"><img loading=\"lazy\" decoding=\"async\" class=\"alignnone size-thumbnail wp-image-12245\" src=\"https:\/\/xn--judo-lbben-feb.de\/wp-content\/uploads\/2012\/10\/FIM_0255--150x150.jpg\" alt=\"\" width=\"150\" height=\"150\" srcset=\"https:\/\/xn--judo-lbben-feb.de\/wp-content\/uploads\/2012\/10\/FIM_0255--150x150.jpg 150w, https:\/\/xn--judo-lbben-feb.de\/wp-content\/uploads\/2012\/10\/FIM_0255--500x500.jpg 500w, https:\/\/xn--judo-lbben-feb.de\/wp-content\/uploads\/2012\/10\/FIM_0255--400x400.jpg 400w, https:\/\/xn--judo-lbben-feb.de\/wp-content\/uploads\/2012\/10\/FIM_0255--80x80.jpg 80w, https:\/\/xn--judo-lbben-feb.de\/wp-content\/uploads\/2012\/10\/FIM_0255--200x200.jpg 200w\" sizes=\"auto, (max-width: 150px) 100vw, 150px\" \/><\/a> <a href=\"https:\/\/xn--judo-lbben-feb.de\/wp-content\/uploads\/2012\/10\/FIM_0257-.jpg\"><img loading=\"lazy\" decoding=\"async\" class=\"alignnone size-thumbnail wp-image-12246\" src=\"https:\/\/xn--judo-lbben-feb.de\/wp-content\/uploads\/2012\/10\/FIM_0257--150x150.jpg\" alt=\"\" width=\"150\" height=\"150\" srcset=\"https:\/\/xn--judo-lbben-feb.de\/wp-content\/uploads\/2012\/10\/FIM_0257--150x150.jpg 150w, https:\/\/xn--judo-lbben-feb.de\/wp-content\/uploads\/2012\/10\/FIM_0257--500x500.jpg 500w, https:\/\/xn--judo-lbben-feb.de\/wp-content\/uploads\/2012\/10\/FIM_0257--400x400.jpg 400w, https:\/\/xn--judo-lbben-feb.de\/wp-content\/uploads\/2012\/10\/FIM_0257--80x80.jpg 80w, https:\/\/xn--judo-lbben-feb.de\/wp-content\/uploads\/2012\/10\/FIM_0257--200x200.jpg 200w\" sizes=\"auto, (max-width: 150px) 100vw, 150px\" \/><\/a> <a href=\"https:\/\/xn--judo-lbben-feb.de\/wp-content\/uploads\/2012\/10\/FIM_0258-.jpg\"><img loading=\"lazy\" decoding=\"async\" class=\"alignnone size-thumbnail wp-image-12247\" src=\"https:\/\/xn--judo-lbben-feb.de\/wp-content\/uploads\/2012\/10\/FIM_0258--150x150.jpg\" alt=\"\" width=\"150\" height=\"150\" srcset=\"https:\/\/xn--judo-lbben-feb.de\/wp-content\/uploads\/2012\/10\/FIM_0258--150x150.jpg 150w, https:\/\/xn--judo-lbben-feb.de\/wp-content\/uploads\/2012\/10\/FIM_0258--500x500.jpg 500w, https:\/\/xn--judo-lbben-feb.de\/wp-content\/uploads\/2012\/10\/FIM_0258--400x400.jpg 400w, https:\/\/xn--judo-lbben-feb.de\/wp-content\/uploads\/2012\/10\/FIM_0258--80x80.jpg 80w, https:\/\/xn--judo-lbben-feb.de\/wp-content\/uploads\/2012\/10\/FIM_0258--200x200.jpg 200w\" sizes=\"auto, (max-width: 150px) 100vw, 150px\" \/><\/a> <a href=\"https:\/\/xn--judo-lbben-feb.de\/wp-content\/uploads\/2012\/10\/FIM_0259-.jpg\"><img loading=\"lazy\" decoding=\"async\" class=\"alignnone size-thumbnail wp-image-12248\" src=\"https:\/\/xn--judo-lbben-feb.de\/wp-content\/uploads\/2012\/10\/FIM_0259--150x150.jpg\" alt=\"\" width=\"150\" height=\"150\" srcset=\"https:\/\/xn--judo-lbben-feb.de\/wp-content\/uploads\/2012\/10\/FIM_0259--150x150.jpg 150w, https:\/\/xn--judo-lbben-feb.de\/wp-content\/uploads\/2012\/10\/FIM_0259--500x500.jpg 500w, https:\/\/xn--judo-lbben-feb.de\/wp-content\/uploads\/2012\/10\/FIM_0259--400x400.jpg 400w, https:\/\/xn--judo-lbben-feb.de\/wp-content\/uploads\/2012\/10\/FIM_0259--80x80.jpg 80w, https:\/\/xn--judo-lbben-feb.de\/wp-content\/uploads\/2012\/10\/FIM_0259--200x200.jpg 200w\" sizes=\"auto, (max-width: 150px) 100vw, 150px\" \/><\/a> <a href=\"https:\/\/xn--judo-lbben-feb.de\/wp-content\/uploads\/2012\/10\/FIM_0260-.jpg\"><img loading=\"lazy\" decoding=\"async\" class=\"alignnone size-thumbnail wp-image-12249\" src=\"https:\/\/xn--judo-lbben-feb.de\/wp-content\/uploads\/2012\/10\/FIM_0260--150x150.jpg\" alt=\"\" width=\"150\" height=\"150\" srcset=\"https:\/\/xn--judo-lbben-feb.de\/wp-content\/uploads\/2012\/10\/FIM_0260--150x150.jpg 150w, https:\/\/xn--judo-lbben-feb.de\/wp-content\/uploads\/2012\/10\/FIM_0260--500x500.jpg 500w, https:\/\/xn--judo-lbben-feb.de\/wp-content\/uploads\/2012\/10\/FIM_0260--400x400.jpg 400w, https:\/\/xn--judo-lbben-feb.de\/wp-content\/uploads\/2012\/10\/FIM_0260--80x80.jpg 80w, https:\/\/xn--judo-lbben-feb.de\/wp-content\/uploads\/2012\/10\/FIM_0260--200x200.jpg 200w\" sizes=\"auto, (max-width: 150px) 100vw, 150px\" \/><\/a> <a href=\"https:\/\/xn--judo-lbben-feb.de\/wp-content\/uploads\/2012\/10\/FIM_0261-.jpg\"><img loading=\"lazy\" decoding=\"async\" class=\"alignnone size-thumbnail wp-image-12250\" src=\"https:\/\/xn--judo-lbben-feb.de\/wp-content\/uploads\/2012\/10\/FIM_0261--150x150.jpg\" alt=\"\" width=\"150\" height=\"150\" srcset=\"https:\/\/xn--judo-lbben-feb.de\/wp-content\/uploads\/2012\/10\/FIM_0261--150x150.jpg 150w, https:\/\/xn--judo-lbben-feb.de\/wp-content\/uploads\/2012\/10\/FIM_0261--500x500.jpg 500w, https:\/\/xn--judo-lbben-feb.de\/wp-content\/uploads\/2012\/10\/FIM_0261--400x400.jpg 400w, https:\/\/xn--judo-lbben-feb.de\/wp-content\/uploads\/2012\/10\/FIM_0261--80x80.jpg 80w, https:\/\/xn--judo-lbben-feb.de\/wp-content\/uploads\/2012\/10\/FIM_0261--200x200.jpg 200w\" sizes=\"auto, (max-width: 150px) 100vw, 150px\" \/><\/a> <a href=\"https:\/\/xn--judo-lbben-feb.de\/wp-content\/uploads\/2012\/10\/FIM_0262-.jpg\"><img loading=\"lazy\" decoding=\"async\" class=\"alignnone size-thumbnail wp-image-12251\" src=\"https:\/\/xn--judo-lbben-feb.de\/wp-content\/uploads\/2012\/10\/FIM_0262--150x150.jpg\" alt=\"\" width=\"150\" height=\"150\" srcset=\"https:\/\/xn--judo-lbben-feb.de\/wp-content\/uploads\/2012\/10\/FIM_0262--150x150.jpg 150w, https:\/\/xn--judo-lbben-feb.de\/wp-content\/uploads\/2012\/10\/FIM_0262--500x500.jpg 500w, https:\/\/xn--judo-lbben-feb.de\/wp-content\/uploads\/2012\/10\/FIM_0262--400x400.jpg 400w, https:\/\/xn--judo-lbben-feb.de\/wp-content\/uploads\/2012\/10\/FIM_0262--80x80.jpg 80w, https:\/\/xn--judo-lbben-feb.de\/wp-content\/uploads\/2012\/10\/FIM_0262--200x200.jpg 200w\" sizes=\"auto, (max-width: 150px) 100vw, 150px\" \/><\/a> <a href=\"https:\/\/xn--judo-lbben-feb.de\/wp-content\/uploads\/2012\/10\/FIM_0263-.jpg\"><img loading=\"lazy\" decoding=\"async\" class=\"alignnone size-thumbnail wp-image-12252\" src=\"https:\/\/xn--judo-lbben-feb.de\/wp-content\/uploads\/2012\/10\/FIM_0263--150x150.jpg\" alt=\"\" width=\"150\" height=\"150\" srcset=\"https:\/\/xn--judo-lbben-feb.de\/wp-content\/uploads\/2012\/10\/FIM_0263--150x150.jpg 150w, https:\/\/xn--judo-lbben-feb.de\/wp-content\/uploads\/2012\/10\/FIM_0263--500x500.jpg 500w, https:\/\/xn--judo-lbben-feb.de\/wp-content\/uploads\/2012\/10\/FIM_0263--400x400.jpg 400w, https:\/\/xn--judo-lbben-feb.de\/wp-content\/uploads\/2012\/10\/FIM_0263--80x80.jpg 80w, https:\/\/xn--judo-lbben-feb.de\/wp-content\/uploads\/2012\/10\/FIM_0263--200x200.jpg 200w\" sizes=\"auto, (max-width: 150px) 100vw, 150px\" \/><\/a> <a href=\"https:\/\/xn--judo-lbben-feb.de\/wp-content\/uploads\/2012\/10\/FIM_0264-.jpg\"><img loading=\"lazy\" decoding=\"async\" class=\"alignnone size-thumbnail wp-image-12253\" src=\"https:\/\/xn--judo-lbben-feb.de\/wp-content\/uploads\/2012\/10\/FIM_0264--150x150.jpg\" alt=\"\" width=\"150\" height=\"150\" srcset=\"https:\/\/xn--judo-lbben-feb.de\/wp-content\/uploads\/2012\/10\/FIM_0264--150x150.jpg 150w, https:\/\/xn--judo-lbben-feb.de\/wp-content\/uploads\/2012\/10\/FIM_0264--500x500.jpg 500w, https:\/\/xn--judo-lbben-feb.de\/wp-content\/uploads\/2012\/10\/FIM_0264--400x400.jpg 400w, https:\/\/xn--judo-lbben-feb.de\/wp-content\/uploads\/2012\/10\/FIM_0264--80x80.jpg 80w, https:\/\/xn--judo-lbben-feb.de\/wp-content\/uploads\/2012\/10\/FIM_0264--200x200.jpg 200w\" sizes=\"auto, (max-width: 150px) 100vw, 150px\" \/><\/a> <a href=\"https:\/\/xn--judo-lbben-feb.de\/wp-content\/uploads\/2012\/10\/FIM_0265-.jpg\"><img loading=\"lazy\" decoding=\"async\" class=\"alignnone size-thumbnail wp-image-12254\" src=\"https:\/\/xn--judo-lbben-feb.de\/wp-content\/uploads\/2012\/10\/FIM_0265--150x150.jpg\" alt=\"\" width=\"150\" height=\"150\" srcset=\"https:\/\/xn--judo-lbben-feb.de\/wp-content\/uploads\/2012\/10\/FIM_0265--150x150.jpg 150w, https:\/\/xn--judo-lbben-feb.de\/wp-content\/uploads\/2012\/10\/FIM_0265--500x500.jpg 500w, https:\/\/xn--judo-lbben-feb.de\/wp-content\/uploads\/2012\/10\/FIM_0265--400x400.jpg 400w, https:\/\/xn--judo-lbben-feb.de\/wp-content\/uploads\/2012\/10\/FIM_0265--80x80.jpg 80w, https:\/\/xn--judo-lbben-feb.de\/wp-content\/uploads\/2012\/10\/FIM_0265--200x200.jpg 200w\" sizes=\"auto, (max-width: 150px) 100vw, 150px\" \/><\/a> <a href=\"https:\/\/xn--judo-lbben-feb.de\/wp-content\/uploads\/2012\/10\/FIM_0266-.jpg\"><img loading=\"lazy\" decoding=\"async\" class=\"alignnone size-thumbnail wp-image-12255\" src=\"https:\/\/xn--judo-lbben-feb.de\/wp-content\/uploads\/2012\/10\/FIM_0266--150x150.jpg\" alt=\"\" width=\"150\" height=\"150\" srcset=\"https:\/\/xn--judo-lbben-feb.de\/wp-content\/uploads\/2012\/10\/FIM_0266--150x150.jpg 150w, https:\/\/xn--judo-lbben-feb.de\/wp-content\/uploads\/2012\/10\/FIM_0266--500x500.jpg 500w, https:\/\/xn--judo-lbben-feb.de\/wp-content\/uploads\/2012\/10\/FIM_0266--400x400.jpg 400w, https:\/\/xn--judo-lbben-feb.de\/wp-content\/uploads\/2012\/10\/FIM_0266--80x80.jpg 80w, https:\/\/xn--judo-lbben-feb.de\/wp-content\/uploads\/2012\/10\/FIM_0266--200x200.jpg 200w\" sizes=\"auto, (max-width: 150px) 100vw, 150px\" \/><\/a> <a href=\"https:\/\/xn--judo-lbben-feb.de\/wp-content\/uploads\/2012\/10\/FIM_0267-.jpg\"><img loading=\"lazy\" decoding=\"async\" class=\"alignnone size-thumbnail wp-image-12256\" src=\"https:\/\/xn--judo-lbben-feb.de\/wp-content\/uploads\/2012\/10\/FIM_0267--150x150.jpg\" alt=\"\" width=\"150\" height=\"150\" srcset=\"https:\/\/xn--judo-lbben-feb.de\/wp-content\/uploads\/2012\/10\/FIM_0267--150x150.jpg 150w, https:\/\/xn--judo-lbben-feb.de\/wp-content\/uploads\/2012\/10\/FIM_0267--500x500.jpg 500w, https:\/\/xn--judo-lbben-feb.de\/wp-content\/uploads\/2012\/10\/FIM_0267--400x400.jpg 400w, https:\/\/xn--judo-lbben-feb.de\/wp-content\/uploads\/2012\/10\/FIM_0267--80x80.jpg 80w, https:\/\/xn--judo-lbben-feb.de\/wp-content\/uploads\/2012\/10\/FIM_0267--200x200.jpg 200w\" sizes=\"auto, (max-width: 150px) 100vw, 150px\" \/><\/a> <a href=\"https:\/\/xn--judo-lbben-feb.de\/wp-content\/uploads\/2012\/10\/FIM_0268-.jpg\"><img loading=\"lazy\" decoding=\"async\" class=\"alignnone size-thumbnail wp-image-12257\" src=\"https:\/\/xn--judo-lbben-feb.de\/wp-content\/uploads\/2012\/10\/FIM_0268--150x150.jpg\" alt=\"\" width=\"150\" height=\"150\" srcset=\"https:\/\/xn--judo-lbben-feb.de\/wp-content\/uploads\/2012\/10\/FIM_0268--150x150.jpg 150w, https:\/\/xn--judo-lbben-feb.de\/wp-content\/uploads\/2012\/10\/FIM_0268--500x500.jpg 500w, https:\/\/xn--judo-lbben-feb.de\/wp-content\/uploads\/2012\/10\/FIM_0268--400x400.jpg 400w, https:\/\/xn--judo-lbben-feb.de\/wp-content\/uploads\/2012\/10\/FIM_0268--80x80.jpg 80w, https:\/\/xn--judo-lbben-feb.de\/wp-content\/uploads\/2012\/10\/FIM_0268--200x200.jpg 200w\" sizes=\"auto, (max-width: 150px) 100vw, 150px\" \/><\/a> <a href=\"https:\/\/xn--judo-lbben-feb.de\/wp-content\/uploads\/2012\/10\/FIM_0269-.jpg\"><img loading=\"lazy\" decoding=\"async\" class=\"alignnone size-thumbnail wp-image-12258\" src=\"https:\/\/xn--judo-lbben-feb.de\/wp-content\/uploads\/2012\/10\/FIM_0269--150x150.jpg\" alt=\"\" width=\"150\" height=\"150\" srcset=\"https:\/\/xn--judo-lbben-feb.de\/wp-content\/uploads\/2012\/10\/FIM_0269--150x150.jpg 150w, https:\/\/xn--judo-lbben-feb.de\/wp-content\/uploads\/2012\/10\/FIM_0269--500x500.jpg 500w, https:\/\/xn--judo-lbben-feb.de\/wp-content\/uploads\/2012\/10\/FIM_0269--400x400.jpg 400w, https:\/\/xn--judo-lbben-feb.de\/wp-content\/uploads\/2012\/10\/FIM_0269--80x80.jpg 80w, https:\/\/xn--judo-lbben-feb.de\/wp-content\/uploads\/2012\/10\/FIM_0269--200x200.jpg 200w\" sizes=\"auto, (max-width: 150px) 100vw, 150px\" \/><\/a> <a href=\"https:\/\/xn--judo-lbben-feb.de\/wp-content\/uploads\/2012\/10\/FIM_0270-.jpg\"><img loading=\"lazy\" decoding=\"async\" class=\"alignnone size-thumbnail wp-image-12259\" src=\"https:\/\/xn--judo-lbben-feb.de\/wp-content\/uploads\/2012\/10\/FIM_0270--150x150.jpg\" alt=\"\" width=\"150\" height=\"150\" srcset=\"https:\/\/xn--judo-lbben-feb.de\/wp-content\/uploads\/2012\/10\/FIM_0270--150x150.jpg 150w, https:\/\/xn--judo-lbben-feb.de\/wp-content\/uploads\/2012\/10\/FIM_0270--500x500.jpg 500w, https:\/\/xn--judo-lbben-feb.de\/wp-content\/uploads\/2012\/10\/FIM_0270--400x400.jpg 400w, https:\/\/xn--judo-lbben-feb.de\/wp-content\/uploads\/2012\/10\/FIM_0270--80x80.jpg 80w, https:\/\/xn--judo-lbben-feb.de\/wp-content\/uploads\/2012\/10\/FIM_0270--200x200.jpg 200w\" sizes=\"auto, (max-width: 150px) 100vw, 150px\" \/><\/a> <a href=\"https:\/\/xn--judo-lbben-feb.de\/wp-content\/uploads\/2012\/10\/FIM_0271-.jpg\"><img loading=\"lazy\" decoding=\"async\" class=\"alignnone size-thumbnail wp-image-12260\" src=\"https:\/\/xn--judo-lbben-feb.de\/wp-content\/uploads\/2012\/10\/FIM_0271--150x150.jpg\" alt=\"\" width=\"150\" height=\"150\" srcset=\"https:\/\/xn--judo-lbben-feb.de\/wp-content\/uploads\/2012\/10\/FIM_0271--150x150.jpg 150w, https:\/\/xn--judo-lbben-feb.de\/wp-content\/uploads\/2012\/10\/FIM_0271--500x500.jpg 500w, https:\/\/xn--judo-lbben-feb.de\/wp-content\/uploads\/2012\/10\/FIM_0271--400x400.jpg 400w, https:\/\/xn--judo-lbben-feb.de\/wp-content\/uploads\/2012\/10\/FIM_0271--80x80.jpg 80w, https:\/\/xn--judo-lbben-feb.de\/wp-content\/uploads\/2012\/10\/FIM_0271--200x200.jpg 200w\" sizes=\"auto, (max-width: 150px) 100vw, 150px\" \/><\/a> <a href=\"https:\/\/xn--judo-lbben-feb.de\/wp-content\/uploads\/2012\/10\/FIM_0272-.jpg\"><img loading=\"lazy\" decoding=\"async\" class=\"alignnone size-thumbnail wp-image-12261\" src=\"https:\/\/xn--judo-lbben-feb.de\/wp-content\/uploads\/2012\/10\/FIM_0272--150x150.jpg\" alt=\"\" width=\"150\" height=\"150\" srcset=\"https:\/\/xn--judo-lbben-feb.de\/wp-content\/uploads\/2012\/10\/FIM_0272--150x150.jpg 150w, https:\/\/xn--judo-lbben-feb.de\/wp-content\/uploads\/2012\/10\/FIM_0272--500x500.jpg 500w, https:\/\/xn--judo-lbben-feb.de\/wp-content\/uploads\/2012\/10\/FIM_0272--400x400.jpg 400w, https:\/\/xn--judo-lbben-feb.de\/wp-content\/uploads\/2012\/10\/FIM_0272--80x80.jpg 80w, https:\/\/xn--judo-lbben-feb.de\/wp-content\/uploads\/2012\/10\/FIM_0272--200x200.jpg 200w\" sizes=\"auto, (max-width: 150px) 100vw, 150px\" \/><\/a> <a href=\"https:\/\/xn--judo-lbben-feb.de\/wp-content\/uploads\/2012\/10\/FIM_0273-.jpg\"><img loading=\"lazy\" decoding=\"async\" class=\"alignnone size-thumbnail wp-image-12262\" src=\"https:\/\/xn--judo-lbben-feb.de\/wp-content\/uploads\/2012\/10\/FIM_0273--150x150.jpg\" alt=\"\" width=\"150\" height=\"150\" srcset=\"https:\/\/xn--judo-lbben-feb.de\/wp-content\/uploads\/2012\/10\/FIM_0273--150x150.jpg 150w, https:\/\/xn--judo-lbben-feb.de\/wp-content\/uploads\/2012\/10\/FIM_0273--500x500.jpg 500w, https:\/\/xn--judo-lbben-feb.de\/wp-content\/uploads\/2012\/10\/FIM_0273--400x400.jpg 400w, https:\/\/xn--judo-lbben-feb.de\/wp-content\/uploads\/2012\/10\/FIM_0273--80x80.jpg 80w, https:\/\/xn--judo-lbben-feb.de\/wp-content\/uploads\/2012\/10\/FIM_0273--200x200.jpg 200w\" sizes=\"auto, (max-width: 150px) 100vw, 150px\" \/><\/a> <a href=\"https:\/\/xn--judo-lbben-feb.de\/wp-content\/uploads\/2012\/10\/FIM_0274-.jpg\"><img loading=\"lazy\" decoding=\"async\" class=\"alignnone size-thumbnail wp-image-12263\" src=\"https:\/\/xn--judo-lbben-feb.de\/wp-content\/uploads\/2012\/10\/FIM_0274--150x150.jpg\" alt=\"\" width=\"150\" height=\"150\" srcset=\"https:\/\/xn--judo-lbben-feb.de\/wp-content\/uploads\/2012\/10\/FIM_0274--150x150.jpg 150w, https:\/\/xn--judo-lbben-feb.de\/wp-content\/uploads\/2012\/10\/FIM_0274--500x500.jpg 500w, https:\/\/xn--judo-lbben-feb.de\/wp-content\/uploads\/2012\/10\/FIM_0274--400x400.jpg 400w, https:\/\/xn--judo-lbben-feb.de\/wp-content\/uploads\/2012\/10\/FIM_0274--80x80.jpg 80w, https:\/\/xn--judo-lbben-feb.de\/wp-content\/uploads\/2012\/10\/FIM_0274--200x200.jpg 200w\" sizes=\"auto, (max-width: 150px) 100vw, 150px\" \/><\/a> <a href=\"https:\/\/xn--judo-lbben-feb.de\/wp-content\/uploads\/2012\/10\/FIM_0275-.jpg\"><img loading=\"lazy\" decoding=\"async\" class=\"alignnone size-thumbnail wp-image-12264\" src=\"https:\/\/xn--judo-lbben-feb.de\/wp-content\/uploads\/2012\/10\/FIM_0275--150x150.jpg\" alt=\"\" width=\"150\" height=\"150\" srcset=\"https:\/\/xn--judo-lbben-feb.de\/wp-content\/uploads\/2012\/10\/FIM_0275--150x150.jpg 150w, https:\/\/xn--judo-lbben-feb.de\/wp-content\/uploads\/2012\/10\/FIM_0275--500x500.jpg 500w, https:\/\/xn--judo-lbben-feb.de\/wp-content\/uploads\/2012\/10\/FIM_0275--400x400.jpg 400w, https:\/\/xn--judo-lbben-feb.de\/wp-content\/uploads\/2012\/10\/FIM_0275--80x80.jpg 80w, https:\/\/xn--judo-lbben-feb.de\/wp-content\/uploads\/2012\/10\/FIM_0275--200x200.jpg 200w\" sizes=\"auto, (max-width: 150px) 100vw, 150px\" \/><\/a> <a href=\"https:\/\/xn--judo-lbben-feb.de\/wp-content\/uploads\/2012\/10\/FIM_0276-.jpg\"><img loading=\"lazy\" decoding=\"async\" class=\"alignnone size-thumbnail wp-image-12265\" src=\"https:\/\/xn--judo-lbben-feb.de\/wp-content\/uploads\/2012\/10\/FIM_0276--150x150.jpg\" alt=\"\" width=\"150\" height=\"150\" srcset=\"https:\/\/xn--judo-lbben-feb.de\/wp-content\/uploads\/2012\/10\/FIM_0276--150x150.jpg 150w, https:\/\/xn--judo-lbben-feb.de\/wp-content\/uploads\/2012\/10\/FIM_0276--500x500.jpg 500w, https:\/\/xn--judo-lbben-feb.de\/wp-content\/uploads\/2012\/10\/FIM_0276--400x400.jpg 400w, https:\/\/xn--judo-lbben-feb.de\/wp-content\/uploads\/2012\/10\/FIM_0276--80x80.jpg 80w, https:\/\/xn--judo-lbben-feb.de\/wp-content\/uploads\/2012\/10\/FIM_0276--200x200.jpg 200w\" sizes=\"auto, (max-width: 150px) 100vw, 150px\" \/><\/a> <a href=\"https:\/\/xn--judo-lbben-feb.de\/wp-content\/uploads\/2012\/10\/FIM_0277-.jpg\"><img loading=\"lazy\" decoding=\"async\" class=\"alignnone size-thumbnail wp-image-12266\" src=\"https:\/\/xn--judo-lbben-feb.de\/wp-content\/uploads\/2012\/10\/FIM_0277--150x150.jpg\" alt=\"\" width=\"150\" height=\"150\" srcset=\"https:\/\/xn--judo-lbben-feb.de\/wp-content\/uploads\/2012\/10\/FIM_0277--150x150.jpg 150w, https:\/\/xn--judo-lbben-feb.de\/wp-content\/uploads\/2012\/10\/FIM_0277--500x500.jpg 500w, https:\/\/xn--judo-lbben-feb.de\/wp-content\/uploads\/2012\/10\/FIM_0277--400x400.jpg 400w, https:\/\/xn--judo-lbben-feb.de\/wp-content\/uploads\/2012\/10\/FIM_0277--80x80.jpg 80w, https:\/\/xn--judo-lbben-feb.de\/wp-content\/uploads\/2012\/10\/FIM_0277--200x200.jpg 200w\" sizes=\"auto, (max-width: 150px) 100vw, 150px\" \/><\/a> <a href=\"https:\/\/xn--judo-lbben-feb.de\/wp-content\/uploads\/2012\/10\/FIM_0278-.jpg\"><img loading=\"lazy\" decoding=\"async\" class=\"alignnone size-thumbnail wp-image-12267\" src=\"https:\/\/xn--judo-lbben-feb.de\/wp-content\/uploads\/2012\/10\/FIM_0278--150x150.jpg\" alt=\"\" width=\"150\" height=\"150\" srcset=\"https:\/\/xn--judo-lbben-feb.de\/wp-content\/uploads\/2012\/10\/FIM_0278--150x150.jpg 150w, https:\/\/xn--judo-lbben-feb.de\/wp-content\/uploads\/2012\/10\/FIM_0278--500x500.jpg 500w, https:\/\/xn--judo-lbben-feb.de\/wp-content\/uploads\/2012\/10\/FIM_0278--400x400.jpg 400w, https:\/\/xn--judo-lbben-feb.de\/wp-content\/uploads\/2012\/10\/FIM_0278--80x80.jpg 80w, https:\/\/xn--judo-lbben-feb.de\/wp-content\/uploads\/2012\/10\/FIM_0278--200x200.jpg 200w\" sizes=\"auto, (max-width: 150px) 100vw, 150px\" \/><\/a><\/p>\n<p style=\"text-align: center;\"><strong>Wanderwochenende Bad Schandau 5.-7. Mai 2017<\/strong><\/p>\n<p style=\"text-align: center;\"><a href=\"https:\/\/xn--judo-lbben-feb.de\/wp-content\/uploads\/2012\/10\/IMG_20170506_165955--e1494338633352.jpg\"><img loading=\"lazy\" decoding=\"async\" class=\"alignnone size-full wp-image-11830\" src=\"https:\/\/xn--judo-lbben-feb.de\/wp-content\/uploads\/2012\/10\/IMG_20170506_165955--e1494338633352.jpg\" alt=\"\" width=\"5993\" height=\"1024\" srcset=\"https:\/\/xn--judo-lbben-feb.de\/wp-content\/uploads\/2012\/10\/IMG_20170506_165955--e1494338633352.jpg 5993w, https:\/\/xn--judo-lbben-feb.de\/wp-content\/uploads\/2012\/10\/IMG_20170506_165955--e1494338633352-300x51.jpg 300w, https:\/\/xn--judo-lbben-feb.de\/wp-content\/uploads\/2012\/10\/IMG_20170506_165955--e1494338633352-768x131.jpg 768w, https:\/\/xn--judo-lbben-feb.de\/wp-content\/uploads\/2012\/10\/IMG_20170506_165955--e1494338633352-1024x175.jpg 1024w\" sizes=\"auto, (max-width: 5993px) 100vw, 5993px\" \/><\/a><\/p>\n<p style=\"text-align: center;\"><a href=\"https:\/\/xn--judo-lbben-feb.de\/wp-content\/uploads\/2012\/10\/IMG_20170506_085454-.jpg\"><img loading=\"lazy\" decoding=\"async\" class=\"alignnone size-thumbnail wp-image-11834\" src=\"https:\/\/xn--judo-lbben-feb.de\/wp-content\/uploads\/2012\/10\/IMG_20170506_085454--150x150.jpg\" alt=\"\" width=\"150\" height=\"150\" srcset=\"https:\/\/xn--judo-lbben-feb.de\/wp-content\/uploads\/2012\/10\/IMG_20170506_085454--150x150.jpg 150w, https:\/\/xn--judo-lbben-feb.de\/wp-content\/uploads\/2012\/10\/IMG_20170506_085454--80x80.jpg 80w, https:\/\/xn--judo-lbben-feb.de\/wp-content\/uploads\/2012\/10\/IMG_20170506_085454--200x200.jpg 200w\" sizes=\"auto, (max-width: 150px) 100vw, 150px\" \/><\/a> <a href=\"https:\/\/xn--judo-lbben-feb.de\/wp-content\/uploads\/2012\/10\/IMG_20170506_112900-.jpg\"><img loading=\"lazy\" decoding=\"async\" class=\"alignnone size-thumbnail wp-image-11835\" src=\"https:\/\/xn--judo-lbben-feb.de\/wp-content\/uploads\/2012\/10\/IMG_20170506_112900--150x150.jpg\" alt=\"\" width=\"150\" height=\"150\" srcset=\"https:\/\/xn--judo-lbben-feb.de\/wp-content\/uploads\/2012\/10\/IMG_20170506_112900--150x150.jpg 150w, https:\/\/xn--judo-lbben-feb.de\/wp-content\/uploads\/2012\/10\/IMG_20170506_112900--80x80.jpg 80w, https:\/\/xn--judo-lbben-feb.de\/wp-content\/uploads\/2012\/10\/IMG_20170506_112900--200x200.jpg 200w\" sizes=\"auto, (max-width: 150px) 100vw, 150px\" \/><\/a> <a href=\"https:\/\/xn--judo-lbben-feb.de\/wp-content\/uploads\/2012\/10\/IMG_20170506_135327-.jpg\"><img loading=\"lazy\" decoding=\"async\" class=\"alignnone size-thumbnail wp-image-11837\" src=\"https:\/\/xn--judo-lbben-feb.de\/wp-content\/uploads\/2012\/10\/IMG_20170506_135327--150x150.jpg\" alt=\"\" width=\"150\" height=\"150\" srcset=\"https:\/\/xn--judo-lbben-feb.de\/wp-content\/uploads\/2012\/10\/IMG_20170506_135327--150x150.jpg 150w, https:\/\/xn--judo-lbben-feb.de\/wp-content\/uploads\/2012\/10\/IMG_20170506_135327--80x80.jpg 80w, https:\/\/xn--judo-lbben-feb.de\/wp-content\/uploads\/2012\/10\/IMG_20170506_135327--200x200.jpg 200w\" sizes=\"auto, (max-width: 150px) 100vw, 150px\" \/> <\/a><a href=\"https:\/\/xn--judo-lbben-feb.de\/wp-content\/uploads\/2012\/10\/IMG_20170506_113018-.jpg\"><img loading=\"lazy\" decoding=\"async\" class=\"alignnone size-thumbnail wp-image-11839\" src=\"https:\/\/xn--judo-lbben-feb.de\/wp-content\/uploads\/2012\/10\/IMG_20170506_113018--150x150.jpg\" alt=\"\" width=\"150\" height=\"150\" srcset=\"https:\/\/xn--judo-lbben-feb.de\/wp-content\/uploads\/2012\/10\/IMG_20170506_113018--150x150.jpg 150w, https:\/\/xn--judo-lbben-feb.de\/wp-content\/uploads\/2012\/10\/IMG_20170506_113018--80x80.jpg 80w, https:\/\/xn--judo-lbben-feb.de\/wp-content\/uploads\/2012\/10\/IMG_20170506_113018--200x200.jpg 200w\" sizes=\"auto, (max-width: 150px) 100vw, 150px\" \/><\/a><\/p>\n<p style=\"text-align: left;\"><strong>Anreisetag:<\/strong><\/p>\n<p><a href=\"https:\/\/xn--judo-lbben-feb.de\/wp-content\/uploads\/2012\/10\/20170505_155609-.jpg\"><img loading=\"lazy\" decoding=\"async\" class=\"alignnone size-thumbnail wp-image-11860\" src=\"https:\/\/xn--judo-lbben-feb.de\/wp-content\/uploads\/2012\/10\/20170505_155609--150x150.jpg\" alt=\"\" width=\"150\" height=\"150\" srcset=\"https:\/\/xn--judo-lbben-feb.de\/wp-content\/uploads\/2012\/10\/20170505_155609--150x150.jpg 150w, https:\/\/xn--judo-lbben-feb.de\/wp-content\/uploads\/2012\/10\/20170505_155609--80x80.jpg 80w, https:\/\/xn--judo-lbben-feb.de\/wp-content\/uploads\/2012\/10\/20170505_155609--200x200.jpg 200w\" sizes=\"auto, (max-width: 150px) 100vw, 150px\" \/><\/a> <a href=\"https:\/\/xn--judo-lbben-feb.de\/wp-content\/uploads\/2012\/10\/20170505_155903-.jpg\"><img loading=\"lazy\" decoding=\"async\" class=\"alignnone size-thumbnail wp-image-11861\" src=\"https:\/\/xn--judo-lbben-feb.de\/wp-content\/uploads\/2012\/10\/20170505_155903--150x150.jpg\" alt=\"\" width=\"150\" height=\"150\" srcset=\"https:\/\/xn--judo-lbben-feb.de\/wp-content\/uploads\/2012\/10\/20170505_155903--150x150.jpg 150w, https:\/\/xn--judo-lbben-feb.de\/wp-content\/uploads\/2012\/10\/20170505_155903--80x80.jpg 80w, https:\/\/xn--judo-lbben-feb.de\/wp-content\/uploads\/2012\/10\/20170505_155903--200x200.jpg 200w\" sizes=\"auto, (max-width: 150px) 100vw, 150px\" \/><\/a> <a href=\"https:\/\/xn--judo-lbben-feb.de\/wp-content\/uploads\/2012\/10\/20170505_155929-.jpg\"><img loading=\"lazy\" decoding=\"async\" class=\"alignnone size-thumbnail wp-image-11862\" src=\"https:\/\/xn--judo-lbben-feb.de\/wp-content\/uploads\/2012\/10\/20170505_155929--150x150.jpg\" alt=\"\" width=\"150\" height=\"150\" srcset=\"https:\/\/xn--judo-lbben-feb.de\/wp-content\/uploads\/2012\/10\/20170505_155929--150x150.jpg 150w, https:\/\/xn--judo-lbben-feb.de\/wp-content\/uploads\/2012\/10\/20170505_155929--80x80.jpg 80w, https:\/\/xn--judo-lbben-feb.de\/wp-content\/uploads\/2012\/10\/20170505_155929--200x200.jpg 200w\" sizes=\"auto, (max-width: 150px) 100vw, 150px\" \/><\/a> <a href=\"https:\/\/xn--judo-lbben-feb.de\/wp-content\/uploads\/2012\/10\/20170505_160546-.jpg\"><img loading=\"lazy\" decoding=\"async\" class=\"alignnone size-thumbnail wp-image-11864\" src=\"https:\/\/xn--judo-lbben-feb.de\/wp-content\/uploads\/2012\/10\/20170505_160546--150x150.jpg\" alt=\"\" width=\"150\" height=\"150\" srcset=\"https:\/\/xn--judo-lbben-feb.de\/wp-content\/uploads\/2012\/10\/20170505_160546--150x150.jpg 150w, https:\/\/xn--judo-lbben-feb.de\/wp-content\/uploads\/2012\/10\/20170505_160546--80x80.jpg 80w, https:\/\/xn--judo-lbben-feb.de\/wp-content\/uploads\/2012\/10\/20170505_160546--200x200.jpg 200w\" sizes=\"auto, (max-width: 150px) 100vw, 150px\" \/><\/a> <a href=\"https:\/\/xn--judo-lbben-feb.de\/wp-content\/uploads\/2012\/10\/20170505_162102-.jpg\"><img loading=\"lazy\" decoding=\"async\" class=\"alignnone size-thumbnail wp-image-11865\" src=\"https:\/\/xn--judo-lbben-feb.de\/wp-content\/uploads\/2012\/10\/20170505_162102--150x150.jpg\" alt=\"\" width=\"150\" height=\"150\" srcset=\"https:\/\/xn--judo-lbben-feb.de\/wp-content\/uploads\/2012\/10\/20170505_162102--150x150.jpg 150w, https:\/\/xn--judo-lbben-feb.de\/wp-content\/uploads\/2012\/10\/20170505_162102--80x80.jpg 80w, https:\/\/xn--judo-lbben-feb.de\/wp-content\/uploads\/2012\/10\/20170505_162102--200x200.jpg 200w\" sizes=\"auto, (max-width: 150px) 100vw, 150px\" \/><\/a> <a href=\"https:\/\/xn--judo-lbben-feb.de\/wp-content\/uploads\/2012\/10\/20170505_162707-.jpg\"><img loading=\"lazy\" decoding=\"async\" class=\"alignnone size-thumbnail wp-image-11866\" src=\"https:\/\/xn--judo-lbben-feb.de\/wp-content\/uploads\/2012\/10\/20170505_162707--150x150.jpg\" alt=\"\" width=\"150\" height=\"150\" srcset=\"https:\/\/xn--judo-lbben-feb.de\/wp-content\/uploads\/2012\/10\/20170505_162707--150x150.jpg 150w, https:\/\/xn--judo-lbben-feb.de\/wp-content\/uploads\/2012\/10\/20170505_162707--80x80.jpg 80w, https:\/\/xn--judo-lbben-feb.de\/wp-content\/uploads\/2012\/10\/20170505_162707--200x200.jpg 200w\" sizes=\"auto, (max-width: 150px) 100vw, 150px\" \/><\/a> <a href=\"https:\/\/xn--judo-lbben-feb.de\/wp-content\/uploads\/2012\/10\/20170505_162928-.jpg\"><img loading=\"lazy\" decoding=\"async\" class=\"alignnone size-thumbnail wp-image-11867\" src=\"https:\/\/xn--judo-lbben-feb.de\/wp-content\/uploads\/2012\/10\/20170505_162928--150x150.jpg\" alt=\"\" width=\"150\" height=\"150\" srcset=\"https:\/\/xn--judo-lbben-feb.de\/wp-content\/uploads\/2012\/10\/20170505_162928--150x150.jpg 150w, https:\/\/xn--judo-lbben-feb.de\/wp-content\/uploads\/2012\/10\/20170505_162928--80x80.jpg 80w, https:\/\/xn--judo-lbben-feb.de\/wp-content\/uploads\/2012\/10\/20170505_162928--200x200.jpg 200w\" sizes=\"auto, (max-width: 150px) 100vw, 150px\" \/><\/a> <a href=\"https:\/\/xn--judo-lbben-feb.de\/wp-content\/uploads\/2012\/10\/20170505_163206-.jpg\"><img loading=\"lazy\" decoding=\"async\" class=\"alignnone size-thumbnail wp-image-11868\" src=\"https:\/\/xn--judo-lbben-feb.de\/wp-content\/uploads\/2012\/10\/20170505_163206--150x150.jpg\" alt=\"\" width=\"150\" height=\"150\" srcset=\"https:\/\/xn--judo-lbben-feb.de\/wp-content\/uploads\/2012\/10\/20170505_163206--150x150.jpg 150w, https:\/\/xn--judo-lbben-feb.de\/wp-content\/uploads\/2012\/10\/20170505_163206--80x80.jpg 80w, https:\/\/xn--judo-lbben-feb.de\/wp-content\/uploads\/2012\/10\/20170505_163206--200x200.jpg 200w\" sizes=\"auto, (max-width: 150px) 100vw, 150px\" \/><\/a> <a href=\"https:\/\/xn--judo-lbben-feb.de\/wp-content\/uploads\/2012\/10\/20170505_170023-.jpg\"><img loading=\"lazy\" decoding=\"async\" class=\"alignnone size-thumbnail wp-image-11869\" src=\"https:\/\/xn--judo-lbben-feb.de\/wp-content\/uploads\/2012\/10\/20170505_170023--150x150.jpg\" alt=\"\" width=\"150\" height=\"150\" srcset=\"https:\/\/xn--judo-lbben-feb.de\/wp-content\/uploads\/2012\/10\/20170505_170023--150x150.jpg 150w, https:\/\/xn--judo-lbben-feb.de\/wp-content\/uploads\/2012\/10\/20170505_170023--80x80.jpg 80w, https:\/\/xn--judo-lbben-feb.de\/wp-content\/uploads\/2012\/10\/20170505_170023--200x200.jpg 200w\" sizes=\"auto, (max-width: 150px) 100vw, 150px\" \/><\/a> <a href=\"https:\/\/xn--judo-lbben-feb.de\/wp-content\/uploads\/2012\/10\/20170505_183208-.jpg\"><img loading=\"lazy\" decoding=\"async\" class=\"alignnone size-thumbnail wp-image-11870\" src=\"https:\/\/xn--judo-lbben-feb.de\/wp-content\/uploads\/2012\/10\/20170505_183208--150x150.jpg\" alt=\"\" width=\"150\" height=\"150\" srcset=\"https:\/\/xn--judo-lbben-feb.de\/wp-content\/uploads\/2012\/10\/20170505_183208--150x150.jpg 150w, https:\/\/xn--judo-lbben-feb.de\/wp-content\/uploads\/2012\/10\/20170505_183208--80x80.jpg 80w, https:\/\/xn--judo-lbben-feb.de\/wp-content\/uploads\/2012\/10\/20170505_183208--200x200.jpg 200w\" sizes=\"auto, (max-width: 150px) 100vw, 150px\" \/> <\/a><a href=\"https:\/\/xn--judo-lbben-feb.de\/wp-content\/uploads\/2012\/10\/P1110088-.jpg\"><img loading=\"lazy\" decoding=\"async\" class=\"alignnone size-thumbnail wp-image-11872\" src=\"https:\/\/xn--judo-lbben-feb.de\/wp-content\/uploads\/2012\/10\/P1110088--150x150.jpg\" alt=\"\" width=\"150\" height=\"150\" srcset=\"https:\/\/xn--judo-lbben-feb.de\/wp-content\/uploads\/2012\/10\/P1110088--150x150.jpg 150w, https:\/\/xn--judo-lbben-feb.de\/wp-content\/uploads\/2012\/10\/P1110088--80x80.jpg 80w, https:\/\/xn--judo-lbben-feb.de\/wp-content\/uploads\/2012\/10\/P1110088--200x200.jpg 200w\" sizes=\"auto, (max-width: 150px) 100vw, 150px\" \/><\/a><a href=\"https:\/\/xn--judo-lbben-feb.de\/wp-content\/uploads\/2012\/10\/P1110091-.jpg\"><img loading=\"lazy\" decoding=\"async\" class=\"alignnone size-thumbnail wp-image-11873\" src=\"https:\/\/xn--judo-lbben-feb.de\/wp-content\/uploads\/2012\/10\/P1110091--150x150.jpg\" alt=\"\" width=\"150\" height=\"150\" srcset=\"https:\/\/xn--judo-lbben-feb.de\/wp-content\/uploads\/2012\/10\/P1110091--150x150.jpg 150w, https:\/\/xn--judo-lbben-feb.de\/wp-content\/uploads\/2012\/10\/P1110091--80x80.jpg 80w, https:\/\/xn--judo-lbben-feb.de\/wp-content\/uploads\/2012\/10\/P1110091--200x200.jpg 200w\" sizes=\"auto, (max-width: 150px) 100vw, 150px\" \/><\/a><\/p>\n<p><strong>Wandertag:<\/strong><\/p>\n<p style=\"text-align: center;\"><a href=\"https:\/\/xn--judo-lbben-feb.de\/wp-content\/uploads\/2012\/10\/20170506_091617-.jpg\"><img loading=\"lazy\" decoding=\"async\" class=\"alignnone size-thumbnail wp-image-11876\" src=\"https:\/\/xn--judo-lbben-feb.de\/wp-content\/uploads\/2012\/10\/20170506_091617--150x150.jpg\" alt=\"\" width=\"150\" height=\"150\" srcset=\"https:\/\/xn--judo-lbben-feb.de\/wp-content\/uploads\/2012\/10\/20170506_091617--150x150.jpg 150w, https:\/\/xn--judo-lbben-feb.de\/wp-content\/uploads\/2012\/10\/20170506_091617--80x80.jpg 80w, https:\/\/xn--judo-lbben-feb.de\/wp-content\/uploads\/2012\/10\/20170506_091617--200x200.jpg 200w\" sizes=\"auto, (max-width: 150px) 100vw, 150px\" \/><\/a> <a href=\"https:\/\/xn--judo-lbben-feb.de\/wp-content\/uploads\/2012\/10\/20170506_093412-.jpg\"><img loading=\"lazy\" decoding=\"async\" class=\"alignnone size-thumbnail wp-image-11877\" src=\"https:\/\/xn--judo-lbben-feb.de\/wp-content\/uploads\/2012\/10\/20170506_093412--150x150.jpg\" alt=\"\" width=\"150\" height=\"150\" srcset=\"https:\/\/xn--judo-lbben-feb.de\/wp-content\/uploads\/2012\/10\/20170506_093412--150x150.jpg 150w, https:\/\/xn--judo-lbben-feb.de\/wp-content\/uploads\/2012\/10\/20170506_093412--80x80.jpg 80w, https:\/\/xn--judo-lbben-feb.de\/wp-content\/uploads\/2012\/10\/20170506_093412--200x200.jpg 200w\" sizes=\"auto, (max-width: 150px) 100vw, 150px\" \/><\/a> <a href=\"https:\/\/xn--judo-lbben-feb.de\/wp-content\/uploads\/2012\/10\/20170506_095802-.jpg\"><img loading=\"lazy\" decoding=\"async\" class=\"alignnone size-thumbnail wp-image-11878\" src=\"https:\/\/xn--judo-lbben-feb.de\/wp-content\/uploads\/2012\/10\/20170506_095802--150x150.jpg\" alt=\"\" width=\"150\" height=\"150\" srcset=\"https:\/\/xn--judo-lbben-feb.de\/wp-content\/uploads\/2012\/10\/20170506_095802--150x150.jpg 150w, https:\/\/xn--judo-lbben-feb.de\/wp-content\/uploads\/2012\/10\/20170506_095802--80x80.jpg 80w, https:\/\/xn--judo-lbben-feb.de\/wp-content\/uploads\/2012\/10\/20170506_095802--200x200.jpg 200w\" sizes=\"auto, (max-width: 150px) 100vw, 150px\" \/><\/a> <a href=\"https:\/\/xn--judo-lbben-feb.de\/wp-content\/uploads\/2012\/10\/20170506_100250-.jpg\"><img loading=\"lazy\" decoding=\"async\" class=\"alignnone size-thumbnail wp-image-11879\" src=\"https:\/\/xn--judo-lbben-feb.de\/wp-content\/uploads\/2012\/10\/20170506_100250--150x150.jpg\" alt=\"\" width=\"150\" height=\"150\" srcset=\"https:\/\/xn--judo-lbben-feb.de\/wp-content\/uploads\/2012\/10\/20170506_100250--150x150.jpg 150w, https:\/\/xn--judo-lbben-feb.de\/wp-content\/uploads\/2012\/10\/20170506_100250--80x80.jpg 80w, https:\/\/xn--judo-lbben-feb.de\/wp-content\/uploads\/2012\/10\/20170506_100250--200x200.jpg 200w\" sizes=\"auto, (max-width: 150px) 100vw, 150px\" \/><\/a> <a href=\"https:\/\/xn--judo-lbben-feb.de\/wp-content\/uploads\/2012\/10\/20170506_101138-.jpg\"><img loading=\"lazy\" decoding=\"async\" class=\"alignnone size-thumbnail wp-image-11880\" src=\"https:\/\/xn--judo-lbben-feb.de\/wp-content\/uploads\/2012\/10\/20170506_101138--150x150.jpg\" alt=\"\" width=\"150\" height=\"150\" srcset=\"https:\/\/xn--judo-lbben-feb.de\/wp-content\/uploads\/2012\/10\/20170506_101138--150x150.jpg 150w, https:\/\/xn--judo-lbben-feb.de\/wp-content\/uploads\/2012\/10\/20170506_101138--80x80.jpg 80w, https:\/\/xn--judo-lbben-feb.de\/wp-content\/uploads\/2012\/10\/20170506_101138--200x200.jpg 200w\" sizes=\"auto, (max-width: 150px) 100vw, 150px\" \/><\/a> <a href=\"https:\/\/xn--judo-lbben-feb.de\/wp-content\/uploads\/2012\/10\/20170506_101140-.jpg\"><img loading=\"lazy\" decoding=\"async\" class=\"alignnone size-thumbnail wp-image-11881\" src=\"https:\/\/xn--judo-lbben-feb.de\/wp-content\/uploads\/2012\/10\/20170506_101140--150x150.jpg\" alt=\"\" width=\"150\" height=\"150\" srcset=\"https:\/\/xn--judo-lbben-feb.de\/wp-content\/uploads\/2012\/10\/20170506_101140--150x150.jpg 150w, https:\/\/xn--judo-lbben-feb.de\/wp-content\/uploads\/2012\/10\/20170506_101140--80x80.jpg 80w, https:\/\/xn--judo-lbben-feb.de\/wp-content\/uploads\/2012\/10\/20170506_101140--200x200.jpg 200w\" sizes=\"auto, (max-width: 150px) 100vw, 150px\" \/><\/a> <a href=\"https:\/\/xn--judo-lbben-feb.de\/wp-content\/uploads\/2012\/10\/20170506_101153-.jpg\"><img loading=\"lazy\" decoding=\"async\" class=\"alignnone size-thumbnail wp-image-11882\" src=\"https:\/\/xn--judo-lbben-feb.de\/wp-content\/uploads\/2012\/10\/20170506_101153--150x150.jpg\" alt=\"\" width=\"150\" height=\"150\" srcset=\"https:\/\/xn--judo-lbben-feb.de\/wp-content\/uploads\/2012\/10\/20170506_101153--150x150.jpg 150w, https:\/\/xn--judo-lbben-feb.de\/wp-content\/uploads\/2012\/10\/20170506_101153--80x80.jpg 80w, https:\/\/xn--judo-lbben-feb.de\/wp-content\/uploads\/2012\/10\/20170506_101153--200x200.jpg 200w\" sizes=\"auto, (max-width: 150px) 100vw, 150px\" \/><\/a> <a href=\"https:\/\/xn--judo-lbben-feb.de\/wp-content\/uploads\/2012\/10\/20170506_102130-.jpg\"><img loading=\"lazy\" decoding=\"async\" class=\"alignnone size-thumbnail wp-image-11883\" src=\"https:\/\/xn--judo-lbben-feb.de\/wp-content\/uploads\/2012\/10\/20170506_102130--150x150.jpg\" alt=\"\" width=\"150\" height=\"150\" srcset=\"https:\/\/xn--judo-lbben-feb.de\/wp-content\/uploads\/2012\/10\/20170506_102130--150x150.jpg 150w, https:\/\/xn--judo-lbben-feb.de\/wp-content\/uploads\/2012\/10\/20170506_102130--80x80.jpg 80w, https:\/\/xn--judo-lbben-feb.de\/wp-content\/uploads\/2012\/10\/20170506_102130--200x200.jpg 200w\" sizes=\"auto, (max-width: 150px) 100vw, 150px\" \/><\/a> <a href=\"https:\/\/xn--judo-lbben-feb.de\/wp-content\/uploads\/2012\/10\/20170506_103317_001-.jpg\"><img loading=\"lazy\" decoding=\"async\" class=\"alignnone size-thumbnail wp-image-11884\" src=\"https:\/\/xn--judo-lbben-feb.de\/wp-content\/uploads\/2012\/10\/20170506_103317_001--150x150.jpg\" alt=\"\" width=\"150\" height=\"150\" srcset=\"https:\/\/xn--judo-lbben-feb.de\/wp-content\/uploads\/2012\/10\/20170506_103317_001--150x150.jpg 150w, https:\/\/xn--judo-lbben-feb.de\/wp-content\/uploads\/2012\/10\/20170506_103317_001--80x80.jpg 80w, https:\/\/xn--judo-lbben-feb.de\/wp-content\/uploads\/2012\/10\/20170506_103317_001--200x200.jpg 200w\" sizes=\"auto, (max-width: 150px) 100vw, 150px\" \/><\/a> <a href=\"https:\/\/xn--judo-lbben-feb.de\/wp-content\/uploads\/2012\/10\/20170506_103745-.jpg\"><img loading=\"lazy\" decoding=\"async\" class=\"alignnone size-thumbnail wp-image-11885\" src=\"https:\/\/xn--judo-lbben-feb.de\/wp-content\/uploads\/2012\/10\/20170506_103745--150x150.jpg\" alt=\"\" width=\"150\" height=\"150\" srcset=\"https:\/\/xn--judo-lbben-feb.de\/wp-content\/uploads\/2012\/10\/20170506_103745--150x150.jpg 150w, https:\/\/xn--judo-lbben-feb.de\/wp-content\/uploads\/2012\/10\/20170506_103745--80x80.jpg 80w, https:\/\/xn--judo-lbben-feb.de\/wp-content\/uploads\/2012\/10\/20170506_103745--200x200.jpg 200w\" sizes=\"auto, (max-width: 150px) 100vw, 150px\" \/><\/a> <a href=\"https:\/\/xn--judo-lbben-feb.de\/wp-content\/uploads\/2012\/10\/20170506_104106-.jpg\"><img loading=\"lazy\" decoding=\"async\" class=\"alignnone size-thumbnail wp-image-11886\" src=\"https:\/\/xn--judo-lbben-feb.de\/wp-content\/uploads\/2012\/10\/20170506_104106--150x150.jpg\" alt=\"\" width=\"150\" height=\"150\" srcset=\"https:\/\/xn--judo-lbben-feb.de\/wp-content\/uploads\/2012\/10\/20170506_104106--150x150.jpg 150w, https:\/\/xn--judo-lbben-feb.de\/wp-content\/uploads\/2012\/10\/20170506_104106--80x80.jpg 80w, https:\/\/xn--judo-lbben-feb.de\/wp-content\/uploads\/2012\/10\/20170506_104106--200x200.jpg 200w\" sizes=\"auto, (max-width: 150px) 100vw, 150px\" \/><\/a> <a href=\"https:\/\/xn--judo-lbben-feb.de\/wp-content\/uploads\/2012\/10\/20170506_105912-.jpg\"><img loading=\"lazy\" decoding=\"async\" class=\"alignnone size-thumbnail wp-image-11887\" src=\"https:\/\/xn--judo-lbben-feb.de\/wp-content\/uploads\/2012\/10\/20170506_105912--150x150.jpg\" alt=\"\" width=\"150\" height=\"150\" srcset=\"https:\/\/xn--judo-lbben-feb.de\/wp-content\/uploads\/2012\/10\/20170506_105912--150x150.jpg 150w, https:\/\/xn--judo-lbben-feb.de\/wp-content\/uploads\/2012\/10\/20170506_105912--80x80.jpg 80w, https:\/\/xn--judo-lbben-feb.de\/wp-content\/uploads\/2012\/10\/20170506_105912--200x200.jpg 200w\" sizes=\"auto, (max-width: 150px) 100vw, 150px\" \/><\/a> <a href=\"https:\/\/xn--judo-lbben-feb.de\/wp-content\/uploads\/2012\/10\/20170506_110602-.jpg\"><img loading=\"lazy\" decoding=\"async\" class=\"alignnone size-thumbnail wp-image-11888\" src=\"https:\/\/xn--judo-lbben-feb.de\/wp-content\/uploads\/2012\/10\/20170506_110602--150x150.jpg\" alt=\"\" width=\"150\" height=\"150\" srcset=\"https:\/\/xn--judo-lbben-feb.de\/wp-content\/uploads\/2012\/10\/20170506_110602--150x150.jpg 150w, https:\/\/xn--judo-lbben-feb.de\/wp-content\/uploads\/2012\/10\/20170506_110602--80x80.jpg 80w, https:\/\/xn--judo-lbben-feb.de\/wp-content\/uploads\/2012\/10\/20170506_110602--200x200.jpg 200w\" sizes=\"auto, (max-width: 150px) 100vw, 150px\" \/><\/a> <a href=\"https:\/\/xn--judo-lbben-feb.de\/wp-content\/uploads\/2012\/10\/20170506_110742-.jpg\"><img loading=\"lazy\" decoding=\"async\" class=\"alignnone size-thumbnail wp-image-11889\" src=\"https:\/\/xn--judo-lbben-feb.de\/wp-content\/uploads\/2012\/10\/20170506_110742--150x150.jpg\" alt=\"\" width=\"150\" height=\"150\" srcset=\"https:\/\/xn--judo-lbben-feb.de\/wp-content\/uploads\/2012\/10\/20170506_110742--150x150.jpg 150w, https:\/\/xn--judo-lbben-feb.de\/wp-content\/uploads\/2012\/10\/20170506_110742--80x80.jpg 80w, https:\/\/xn--judo-lbben-feb.de\/wp-content\/uploads\/2012\/10\/20170506_110742--200x200.jpg 200w\" sizes=\"auto, (max-width: 150px) 100vw, 150px\" \/><\/a> <a href=\"https:\/\/xn--judo-lbben-feb.de\/wp-content\/uploads\/2012\/10\/20170506_110923-.jpg\"><img loading=\"lazy\" decoding=\"async\" class=\"alignnone size-thumbnail wp-image-11890\" src=\"https:\/\/xn--judo-lbben-feb.de\/wp-content\/uploads\/2012\/10\/20170506_110923--150x150.jpg\" alt=\"\" width=\"150\" height=\"150\" srcset=\"https:\/\/xn--judo-lbben-feb.de\/wp-content\/uploads\/2012\/10\/20170506_110923--150x150.jpg 150w, https:\/\/xn--judo-lbben-feb.de\/wp-content\/uploads\/2012\/10\/20170506_110923--80x80.jpg 80w, https:\/\/xn--judo-lbben-feb.de\/wp-content\/uploads\/2012\/10\/20170506_110923--200x200.jpg 200w\" sizes=\"auto, (max-width: 150px) 100vw, 150px\" \/><\/a> <a href=\"https:\/\/xn--judo-lbben-feb.de\/wp-content\/uploads\/2012\/10\/20170506_112646_001-.jpg\"><img loading=\"lazy\" decoding=\"async\" class=\"alignnone size-thumbnail wp-image-11891\" src=\"https:\/\/xn--judo-lbben-feb.de\/wp-content\/uploads\/2012\/10\/20170506_112646_001--150x150.jpg\" alt=\"\" width=\"150\" height=\"150\" srcset=\"https:\/\/xn--judo-lbben-feb.de\/wp-content\/uploads\/2012\/10\/20170506_112646_001--150x150.jpg 150w, https:\/\/xn--judo-lbben-feb.de\/wp-content\/uploads\/2012\/10\/20170506_112646_001--80x80.jpg 80w, https:\/\/xn--judo-lbben-feb.de\/wp-content\/uploads\/2012\/10\/20170506_112646_001--200x200.jpg 200w\" sizes=\"auto, (max-width: 150px) 100vw, 150px\" \/><\/a> <a href=\"https:\/\/xn--judo-lbben-feb.de\/wp-content\/uploads\/2012\/10\/20170506_113132-.jpg\"><img loading=\"lazy\" decoding=\"async\" class=\"alignnone size-thumbnail wp-image-11892\" src=\"https:\/\/xn--judo-lbben-feb.de\/wp-content\/uploads\/2012\/10\/20170506_113132--150x150.jpg\" alt=\"\" width=\"150\" height=\"150\" srcset=\"https:\/\/xn--judo-lbben-feb.de\/wp-content\/uploads\/2012\/10\/20170506_113132--150x150.jpg 150w, https:\/\/xn--judo-lbben-feb.de\/wp-content\/uploads\/2012\/10\/20170506_113132--80x80.jpg 80w, https:\/\/xn--judo-lbben-feb.de\/wp-content\/uploads\/2012\/10\/20170506_113132--200x200.jpg 200w\" sizes=\"auto, (max-width: 150px) 100vw, 150px\" \/><\/a> <a href=\"https:\/\/xn--judo-lbben-feb.de\/wp-content\/uploads\/2012\/10\/20170506_113718-.jpg\"><img loading=\"lazy\" decoding=\"async\" class=\"alignnone size-thumbnail wp-image-11893\" src=\"https:\/\/xn--judo-lbben-feb.de\/wp-content\/uploads\/2012\/10\/20170506_113718--150x150.jpg\" alt=\"\" width=\"150\" height=\"150\" srcset=\"https:\/\/xn--judo-lbben-feb.de\/wp-content\/uploads\/2012\/10\/20170506_113718--150x150.jpg 150w, https:\/\/xn--judo-lbben-feb.de\/wp-content\/uploads\/2012\/10\/20170506_113718--80x80.jpg 80w, https:\/\/xn--judo-lbben-feb.de\/wp-content\/uploads\/2012\/10\/20170506_113718--200x200.jpg 200w\" sizes=\"auto, (max-width: 150px) 100vw, 150px\" \/><\/a> <a href=\"https:\/\/xn--judo-lbben-feb.de\/wp-content\/uploads\/2012\/10\/20170506_113754-.jpg\"><img loading=\"lazy\" decoding=\"async\" class=\"alignnone size-thumbnail wp-image-11894\" src=\"https:\/\/xn--judo-lbben-feb.de\/wp-content\/uploads\/2012\/10\/20170506_113754--150x150.jpg\" alt=\"\" width=\"150\" height=\"150\" srcset=\"https:\/\/xn--judo-lbben-feb.de\/wp-content\/uploads\/2012\/10\/20170506_113754--150x150.jpg 150w, https:\/\/xn--judo-lbben-feb.de\/wp-content\/uploads\/2012\/10\/20170506_113754--80x80.jpg 80w, https:\/\/xn--judo-lbben-feb.de\/wp-content\/uploads\/2012\/10\/20170506_113754--200x200.jpg 200w\" sizes=\"auto, (max-width: 150px) 100vw, 150px\" \/><\/a> <a href=\"https:\/\/xn--judo-lbben-feb.de\/wp-content\/uploads\/2012\/10\/20170506_115133-.jpg\"><img loading=\"lazy\" decoding=\"async\" class=\"alignnone size-thumbnail wp-image-11895\" src=\"https:\/\/xn--judo-lbben-feb.de\/wp-content\/uploads\/2012\/10\/20170506_115133--150x150.jpg\" alt=\"\" width=\"150\" height=\"150\" srcset=\"https:\/\/xn--judo-lbben-feb.de\/wp-content\/uploads\/2012\/10\/20170506_115133--150x150.jpg 150w, https:\/\/xn--judo-lbben-feb.de\/wp-content\/uploads\/2012\/10\/20170506_115133--80x80.jpg 80w, https:\/\/xn--judo-lbben-feb.de\/wp-content\/uploads\/2012\/10\/20170506_115133--200x200.jpg 200w\" sizes=\"auto, (max-width: 150px) 100vw, 150px\" \/><\/a> <a href=\"https:\/\/xn--judo-lbben-feb.de\/wp-content\/uploads\/2012\/10\/20170506_115843-.jpg\"><img loading=\"lazy\" decoding=\"async\" class=\"alignnone size-thumbnail wp-image-11896\" src=\"https:\/\/xn--judo-lbben-feb.de\/wp-content\/uploads\/2012\/10\/20170506_115843--150x150.jpg\" alt=\"\" width=\"150\" height=\"150\" srcset=\"https:\/\/xn--judo-lbben-feb.de\/wp-content\/uploads\/2012\/10\/20170506_115843--150x150.jpg 150w, https:\/\/xn--judo-lbben-feb.de\/wp-content\/uploads\/2012\/10\/20170506_115843--80x80.jpg 80w, https:\/\/xn--judo-lbben-feb.de\/wp-content\/uploads\/2012\/10\/20170506_115843--200x200.jpg 200w\" sizes=\"auto, (max-width: 150px) 100vw, 150px\" \/><\/a> <a href=\"https:\/\/xn--judo-lbben-feb.de\/wp-content\/uploads\/2012\/10\/20170506_120000-.jpg\"><img loading=\"lazy\" decoding=\"async\" class=\"alignnone size-thumbnail wp-image-11897\" src=\"https:\/\/xn--judo-lbben-feb.de\/wp-content\/uploads\/2012\/10\/20170506_120000--150x150.jpg\" alt=\"\" width=\"150\" height=\"150\" srcset=\"https:\/\/xn--judo-lbben-feb.de\/wp-content\/uploads\/2012\/10\/20170506_120000--150x150.jpg 150w, https:\/\/xn--judo-lbben-feb.de\/wp-content\/uploads\/2012\/10\/20170506_120000--80x80.jpg 80w, https:\/\/xn--judo-lbben-feb.de\/wp-content\/uploads\/2012\/10\/20170506_120000--200x200.jpg 200w\" sizes=\"auto, (max-width: 150px) 100vw, 150px\" \/><\/a> <a href=\"https:\/\/xn--judo-lbben-feb.de\/wp-content\/uploads\/2012\/10\/20170506_120058-.jpg\"><img loading=\"lazy\" decoding=\"async\" class=\"alignnone size-thumbnail wp-image-11898\" src=\"https:\/\/xn--judo-lbben-feb.de\/wp-content\/uploads\/2012\/10\/20170506_120058--150x150.jpg\" alt=\"\" width=\"150\" height=\"150\" srcset=\"https:\/\/xn--judo-lbben-feb.de\/wp-content\/uploads\/2012\/10\/20170506_120058--150x150.jpg 150w, https:\/\/xn--judo-lbben-feb.de\/wp-content\/uploads\/2012\/10\/20170506_120058--80x80.jpg 80w, https:\/\/xn--judo-lbben-feb.de\/wp-content\/uploads\/2012\/10\/20170506_120058--200x200.jpg 200w\" sizes=\"auto, (max-width: 150px) 100vw, 150px\" \/><\/a> <a href=\"https:\/\/xn--judo-lbben-feb.de\/wp-content\/uploads\/2012\/10\/20170506_122238-.jpg\"><img loading=\"lazy\" decoding=\"async\" class=\"alignnone size-thumbnail wp-image-11899\" src=\"https:\/\/xn--judo-lbben-feb.de\/wp-content\/uploads\/2012\/10\/20170506_122238--150x150.jpg\" alt=\"\" width=\"150\" height=\"150\" srcset=\"https:\/\/xn--judo-lbben-feb.de\/wp-content\/uploads\/2012\/10\/20170506_122238--150x150.jpg 150w, https:\/\/xn--judo-lbben-feb.de\/wp-content\/uploads\/2012\/10\/20170506_122238--80x80.jpg 80w, https:\/\/xn--judo-lbben-feb.de\/wp-content\/uploads\/2012\/10\/20170506_122238--200x200.jpg 200w\" sizes=\"auto, (max-width: 150px) 100vw, 150px\" \/><\/a> <a href=\"https:\/\/xn--judo-lbben-feb.de\/wp-content\/uploads\/2012\/10\/20170506_123049-.jpg\"><img loading=\"lazy\" decoding=\"async\" class=\"alignnone size-thumbnail wp-image-11900\" src=\"https:\/\/xn--judo-lbben-feb.de\/wp-content\/uploads\/2012\/10\/20170506_123049--150x150.jpg\" alt=\"\" width=\"150\" height=\"150\" srcset=\"https:\/\/xn--judo-lbben-feb.de\/wp-content\/uploads\/2012\/10\/20170506_123049--150x150.jpg 150w, https:\/\/xn--judo-lbben-feb.de\/wp-content\/uploads\/2012\/10\/20170506_123049--80x80.jpg 80w, https:\/\/xn--judo-lbben-feb.de\/wp-content\/uploads\/2012\/10\/20170506_123049--200x200.jpg 200w\" sizes=\"auto, (max-width: 150px) 100vw, 150px\" \/><\/a> <a href=\"https:\/\/xn--judo-lbben-feb.de\/wp-content\/uploads\/2012\/10\/20170506_124240-.jpg\"><img loading=\"lazy\" decoding=\"async\" class=\"alignnone size-thumbnail wp-image-11901\" src=\"https:\/\/xn--judo-lbben-feb.de\/wp-content\/uploads\/2012\/10\/20170506_124240--150x150.jpg\" alt=\"\" width=\"150\" height=\"150\" srcset=\"https:\/\/xn--judo-lbben-feb.de\/wp-content\/uploads\/2012\/10\/20170506_124240--150x150.jpg 150w, https:\/\/xn--judo-lbben-feb.de\/wp-content\/uploads\/2012\/10\/20170506_124240--80x80.jpg 80w, https:\/\/xn--judo-lbben-feb.de\/wp-content\/uploads\/2012\/10\/20170506_124240--200x200.jpg 200w\" sizes=\"auto, (max-width: 150px) 100vw, 150px\" \/><\/a> <a href=\"https:\/\/xn--judo-lbben-feb.de\/wp-content\/uploads\/2012\/10\/20170506_125809-.jpg\"><img loading=\"lazy\" decoding=\"async\" class=\"alignnone size-thumbnail wp-image-11902\" src=\"https:\/\/xn--judo-lbben-feb.de\/wp-content\/uploads\/2012\/10\/20170506_125809--150x150.jpg\" alt=\"\" width=\"150\" height=\"150\" srcset=\"https:\/\/xn--judo-lbben-feb.de\/wp-content\/uploads\/2012\/10\/20170506_125809--150x150.jpg 150w, https:\/\/xn--judo-lbben-feb.de\/wp-content\/uploads\/2012\/10\/20170506_125809--80x80.jpg 80w, https:\/\/xn--judo-lbben-feb.de\/wp-content\/uploads\/2012\/10\/20170506_125809--200x200.jpg 200w\" sizes=\"auto, (max-width: 150px) 100vw, 150px\" \/><\/a> <a href=\"https:\/\/xn--judo-lbben-feb.de\/wp-content\/uploads\/2012\/10\/20170506_133245-.jpg\"><img loading=\"lazy\" decoding=\"async\" class=\"alignnone size-thumbnail wp-image-11903\" src=\"https:\/\/xn--judo-lbben-feb.de\/wp-content\/uploads\/2012\/10\/20170506_133245--150x150.jpg\" alt=\"\" width=\"150\" height=\"150\" srcset=\"https:\/\/xn--judo-lbben-feb.de\/wp-content\/uploads\/2012\/10\/20170506_133245--150x150.jpg 150w, https:\/\/xn--judo-lbben-feb.de\/wp-content\/uploads\/2012\/10\/20170506_133245--80x80.jpg 80w, https:\/\/xn--judo-lbben-feb.de\/wp-content\/uploads\/2012\/10\/20170506_133245--200x200.jpg 200w\" sizes=\"auto, (max-width: 150px) 100vw, 150px\" \/><\/a> <a href=\"https:\/\/xn--judo-lbben-feb.de\/wp-content\/uploads\/2012\/10\/20170506_133829-.jpg\"><img loading=\"lazy\" decoding=\"async\" class=\"alignnone size-thumbnail wp-image-11904\" src=\"https:\/\/xn--judo-lbben-feb.de\/wp-content\/uploads\/2012\/10\/20170506_133829--150x150.jpg\" alt=\"\" width=\"150\" height=\"150\" srcset=\"https:\/\/xn--judo-lbben-feb.de\/wp-content\/uploads\/2012\/10\/20170506_133829--150x150.jpg 150w, https:\/\/xn--judo-lbben-feb.de\/wp-content\/uploads\/2012\/10\/20170506_133829--80x80.jpg 80w, https:\/\/xn--judo-lbben-feb.de\/wp-content\/uploads\/2012\/10\/20170506_133829--200x200.jpg 200w\" sizes=\"auto, (max-width: 150px) 100vw, 150px\" \/><\/a> <a href=\"https:\/\/xn--judo-lbben-feb.de\/wp-content\/uploads\/2012\/10\/20170506_134708-.jpg\"><img loading=\"lazy\" decoding=\"async\" class=\"alignnone size-thumbnail wp-image-11905\" src=\"https:\/\/xn--judo-lbben-feb.de\/wp-content\/uploads\/2012\/10\/20170506_134708--150x150.jpg\" alt=\"\" width=\"150\" height=\"150\" srcset=\"https:\/\/xn--judo-lbben-feb.de\/wp-content\/uploads\/2012\/10\/20170506_134708--150x150.jpg 150w, https:\/\/xn--judo-lbben-feb.de\/wp-content\/uploads\/2012\/10\/20170506_134708--80x80.jpg 80w, https:\/\/xn--judo-lbben-feb.de\/wp-content\/uploads\/2012\/10\/20170506_134708--200x200.jpg 200w\" sizes=\"auto, (max-width: 150px) 100vw, 150px\" \/><\/a> <a href=\"https:\/\/xn--judo-lbben-feb.de\/wp-content\/uploads\/2012\/10\/20170506_135036-.jpg\"><img loading=\"lazy\" decoding=\"async\" class=\"alignnone size-thumbnail wp-image-11906\" src=\"https:\/\/xn--judo-lbben-feb.de\/wp-content\/uploads\/2012\/10\/20170506_135036--150x150.jpg\" alt=\"\" width=\"150\" height=\"150\" srcset=\"https:\/\/xn--judo-lbben-feb.de\/wp-content\/uploads\/2012\/10\/20170506_135036--150x150.jpg 150w, https:\/\/xn--judo-lbben-feb.de\/wp-content\/uploads\/2012\/10\/20170506_135036--80x80.jpg 80w, https:\/\/xn--judo-lbben-feb.de\/wp-content\/uploads\/2012\/10\/20170506_135036--200x200.jpg 200w\" sizes=\"auto, (max-width: 150px) 100vw, 150px\" \/><\/a> <a href=\"https:\/\/xn--judo-lbben-feb.de\/wp-content\/uploads\/2012\/10\/20170506_135514-.jpg\"><img loading=\"lazy\" decoding=\"async\" class=\"alignnone size-thumbnail wp-image-11907\" src=\"https:\/\/xn--judo-lbben-feb.de\/wp-content\/uploads\/2012\/10\/20170506_135514--150x150.jpg\" alt=\"\" width=\"150\" height=\"150\" srcset=\"https:\/\/xn--judo-lbben-feb.de\/wp-content\/uploads\/2012\/10\/20170506_135514--150x150.jpg 150w, https:\/\/xn--judo-lbben-feb.de\/wp-content\/uploads\/2012\/10\/20170506_135514--80x80.jpg 80w, https:\/\/xn--judo-lbben-feb.de\/wp-content\/uploads\/2012\/10\/20170506_135514--200x200.jpg 200w\" sizes=\"auto, (max-width: 150px) 100vw, 150px\" \/><\/a> <a href=\"https:\/\/xn--judo-lbben-feb.de\/wp-content\/uploads\/2012\/10\/20170506_140204-.jpg\"><img loading=\"lazy\" decoding=\"async\" class=\"alignnone size-thumbnail wp-image-11908\" src=\"https:\/\/xn--judo-lbben-feb.de\/wp-content\/uploads\/2012\/10\/20170506_140204--150x150.jpg\" alt=\"\" width=\"150\" height=\"150\" srcset=\"https:\/\/xn--judo-lbben-feb.de\/wp-content\/uploads\/2012\/10\/20170506_140204--150x150.jpg 150w, https:\/\/xn--judo-lbben-feb.de\/wp-content\/uploads\/2012\/10\/20170506_140204--80x80.jpg 80w, https:\/\/xn--judo-lbben-feb.de\/wp-content\/uploads\/2012\/10\/20170506_140204--200x200.jpg 200w\" sizes=\"auto, (max-width: 150px) 100vw, 150px\" \/><\/a> <a href=\"https:\/\/xn--judo-lbben-feb.de\/wp-content\/uploads\/2012\/10\/20170506_141649-.jpg\"><img loading=\"lazy\" decoding=\"async\" class=\"alignnone size-thumbnail wp-image-11909\" src=\"https:\/\/xn--judo-lbben-feb.de\/wp-content\/uploads\/2012\/10\/20170506_141649--150x150.jpg\" alt=\"\" width=\"150\" height=\"150\" srcset=\"https:\/\/xn--judo-lbben-feb.de\/wp-content\/uploads\/2012\/10\/20170506_141649--150x150.jpg 150w, https:\/\/xn--judo-lbben-feb.de\/wp-content\/uploads\/2012\/10\/20170506_141649--80x80.jpg 80w, https:\/\/xn--judo-lbben-feb.de\/wp-content\/uploads\/2012\/10\/20170506_141649--200x200.jpg 200w\" sizes=\"auto, (max-width: 150px) 100vw, 150px\" \/><\/a> <a href=\"https:\/\/xn--judo-lbben-feb.de\/wp-content\/uploads\/2012\/10\/20170506_142246-.jpg\"><img loading=\"lazy\" decoding=\"async\" class=\"alignnone size-thumbnail wp-image-11910\" src=\"https:\/\/xn--judo-lbben-feb.de\/wp-content\/uploads\/2012\/10\/20170506_142246--150x150.jpg\" alt=\"\" width=\"150\" height=\"150\" srcset=\"https:\/\/xn--judo-lbben-feb.de\/wp-content\/uploads\/2012\/10\/20170506_142246--150x150.jpg 150w, https:\/\/xn--judo-lbben-feb.de\/wp-content\/uploads\/2012\/10\/20170506_142246--80x80.jpg 80w, https:\/\/xn--judo-lbben-feb.de\/wp-content\/uploads\/2012\/10\/20170506_142246--200x200.jpg 200w\" sizes=\"auto, (max-width: 150px) 100vw, 150px\" \/><\/a> <a href=\"https:\/\/xn--judo-lbben-feb.de\/wp-content\/uploads\/2012\/10\/20170506_150257-.jpg\"><img loading=\"lazy\" decoding=\"async\" class=\"alignnone size-thumbnail wp-image-11911\" src=\"https:\/\/xn--judo-lbben-feb.de\/wp-content\/uploads\/2012\/10\/20170506_150257--150x150.jpg\" alt=\"\" width=\"150\" height=\"150\" srcset=\"https:\/\/xn--judo-lbben-feb.de\/wp-content\/uploads\/2012\/10\/20170506_150257--150x150.jpg 150w, https:\/\/xn--judo-lbben-feb.de\/wp-content\/uploads\/2012\/10\/20170506_150257--80x80.jpg 80w, https:\/\/xn--judo-lbben-feb.de\/wp-content\/uploads\/2012\/10\/20170506_150257--200x200.jpg 200w\" sizes=\"auto, (max-width: 150px) 100vw, 150px\" \/><\/a> <a href=\"https:\/\/xn--judo-lbben-feb.de\/wp-content\/uploads\/2012\/10\/20170506_150547-.jpg\"><img loading=\"lazy\" decoding=\"async\" class=\"alignnone size-thumbnail wp-image-11912\" src=\"https:\/\/xn--judo-lbben-feb.de\/wp-content\/uploads\/2012\/10\/20170506_150547--150x150.jpg\" alt=\"\" width=\"150\" height=\"150\" srcset=\"https:\/\/xn--judo-lbben-feb.de\/wp-content\/uploads\/2012\/10\/20170506_150547--150x150.jpg 150w, https:\/\/xn--judo-lbben-feb.de\/wp-content\/uploads\/2012\/10\/20170506_150547--80x80.jpg 80w, https:\/\/xn--judo-lbben-feb.de\/wp-content\/uploads\/2012\/10\/20170506_150547--200x200.jpg 200w\" sizes=\"auto, (max-width: 150px) 100vw, 150px\" \/><\/a> <a href=\"https:\/\/xn--judo-lbben-feb.de\/wp-content\/uploads\/2012\/10\/20170506_162124-.jpg\"><img loading=\"lazy\" decoding=\"async\" class=\"alignnone size-thumbnail wp-image-11913\" src=\"https:\/\/xn--judo-lbben-feb.de\/wp-content\/uploads\/2012\/10\/20170506_162124--150x150.jpg\" alt=\"\" width=\"150\" height=\"150\" srcset=\"https:\/\/xn--judo-lbben-feb.de\/wp-content\/uploads\/2012\/10\/20170506_162124--150x150.jpg 150w, https:\/\/xn--judo-lbben-feb.de\/wp-content\/uploads\/2012\/10\/20170506_162124--80x80.jpg 80w, https:\/\/xn--judo-lbben-feb.de\/wp-content\/uploads\/2012\/10\/20170506_162124--200x200.jpg 200w\" sizes=\"auto, (max-width: 150px) 100vw, 150px\" \/> <\/a><a href=\"https:\/\/xn--judo-lbben-feb.de\/wp-content\/uploads\/2012\/10\/P1110101-.jpg\"><img loading=\"lazy\" decoding=\"async\" class=\"alignnone size-thumbnail wp-image-11915\" src=\"https:\/\/xn--judo-lbben-feb.de\/wp-content\/uploads\/2012\/10\/P1110101--150x150.jpg\" alt=\"\" width=\"150\" height=\"150\" srcset=\"https:\/\/xn--judo-lbben-feb.de\/wp-content\/uploads\/2012\/10\/P1110101--150x150.jpg 150w, https:\/\/xn--judo-lbben-feb.de\/wp-content\/uploads\/2012\/10\/P1110101--80x80.jpg 80w, https:\/\/xn--judo-lbben-feb.de\/wp-content\/uploads\/2012\/10\/P1110101--200x200.jpg 200w\" sizes=\"auto, (max-width: 150px) 100vw, 150px\" \/><\/a><a href=\"https:\/\/xn--judo-lbben-feb.de\/wp-content\/uploads\/2012\/10\/P1110105-.jpg\"> <img loading=\"lazy\" decoding=\"async\" class=\"alignnone size-thumbnail wp-image-11916\" src=\"https:\/\/xn--judo-lbben-feb.de\/wp-content\/uploads\/2012\/10\/P1110105--150x150.jpg\" alt=\"\" width=\"150\" height=\"150\" srcset=\"https:\/\/xn--judo-lbben-feb.de\/wp-content\/uploads\/2012\/10\/P1110105--150x150.jpg 150w, https:\/\/xn--judo-lbben-feb.de\/wp-content\/uploads\/2012\/10\/P1110105--80x80.jpg 80w, https:\/\/xn--judo-lbben-feb.de\/wp-content\/uploads\/2012\/10\/P1110105--200x200.jpg 200w\" sizes=\"auto, (max-width: 150px) 100vw, 150px\" \/><\/a><a href=\"https:\/\/xn--judo-lbben-feb.de\/wp-content\/uploads\/2012\/10\/P1110109-.jpg\"> <img loading=\"lazy\" decoding=\"async\" class=\"alignnone size-thumbnail wp-image-11917\" src=\"https:\/\/xn--judo-lbben-feb.de\/wp-content\/uploads\/2012\/10\/P1110109--150x150.jpg\" alt=\"\" width=\"150\" height=\"150\" srcset=\"https:\/\/xn--judo-lbben-feb.de\/wp-content\/uploads\/2012\/10\/P1110109--150x150.jpg 150w, https:\/\/xn--judo-lbben-feb.de\/wp-content\/uploads\/2012\/10\/P1110109--80x80.jpg 80w, https:\/\/xn--judo-lbben-feb.de\/wp-content\/uploads\/2012\/10\/P1110109--200x200.jpg 200w\" sizes=\"auto, (max-width: 150px) 100vw, 150px\" \/><\/a><a href=\"https:\/\/xn--judo-lbben-feb.de\/wp-content\/uploads\/2012\/10\/P1110117-.jpg\"> <img loading=\"lazy\" decoding=\"async\" class=\"alignnone size-thumbnail wp-image-11918\" src=\"https:\/\/xn--judo-lbben-feb.de\/wp-content\/uploads\/2012\/10\/P1110117--150x150.jpg\" alt=\"\" width=\"150\" height=\"150\" srcset=\"https:\/\/xn--judo-lbben-feb.de\/wp-content\/uploads\/2012\/10\/P1110117--150x150.jpg 150w, https:\/\/xn--judo-lbben-feb.de\/wp-content\/uploads\/2012\/10\/P1110117--80x80.jpg 80w, https:\/\/xn--judo-lbben-feb.de\/wp-content\/uploads\/2012\/10\/P1110117--200x200.jpg 200w\" sizes=\"auto, (max-width: 150px) 100vw, 150px\" \/><\/a><a href=\"https:\/\/xn--judo-lbben-feb.de\/wp-content\/uploads\/2012\/10\/P1110125-.jpg\"><img loading=\"lazy\" decoding=\"async\" class=\"alignnone size-thumbnail wp-image-11919\" src=\"https:\/\/xn--judo-lbben-feb.de\/wp-content\/uploads\/2012\/10\/P1110125--150x150.jpg\" alt=\"\" width=\"150\" height=\"150\" srcset=\"https:\/\/xn--judo-lbben-feb.de\/wp-content\/uploads\/2012\/10\/P1110125--150x150.jpg 150w, https:\/\/xn--judo-lbben-feb.de\/wp-content\/uploads\/2012\/10\/P1110125--80x80.jpg 80w, https:\/\/xn--judo-lbben-feb.de\/wp-content\/uploads\/2012\/10\/P1110125--200x200.jpg 200w\" sizes=\"auto, (max-width: 150px) 100vw, 150px\" \/><\/a><a href=\"https:\/\/xn--judo-lbben-feb.de\/wp-content\/uploads\/2012\/10\/P1110128-.jpg\"> <img loading=\"lazy\" decoding=\"async\" class=\"alignnone size-thumbnail wp-image-11920\" src=\"https:\/\/xn--judo-lbben-feb.de\/wp-content\/uploads\/2012\/10\/P1110128--150x150.jpg\" alt=\"\" width=\"150\" height=\"150\" srcset=\"https:\/\/xn--judo-lbben-feb.de\/wp-content\/uploads\/2012\/10\/P1110128--150x150.jpg 150w, https:\/\/xn--judo-lbben-feb.de\/wp-content\/uploads\/2012\/10\/P1110128--80x80.jpg 80w, https:\/\/xn--judo-lbben-feb.de\/wp-content\/uploads\/2012\/10\/P1110128--200x200.jpg 200w\" sizes=\"auto, (max-width: 150px) 100vw, 150px\" \/><\/a><a href=\"https:\/\/xn--judo-lbben-feb.de\/wp-content\/uploads\/2012\/10\/P1110139-.jpg\"> <img loading=\"lazy\" decoding=\"async\" class=\"alignnone size-thumbnail wp-image-11921\" src=\"https:\/\/xn--judo-lbben-feb.de\/wp-content\/uploads\/2012\/10\/P1110139--150x150.jpg\" alt=\"\" width=\"150\" height=\"150\" srcset=\"https:\/\/xn--judo-lbben-feb.de\/wp-content\/uploads\/2012\/10\/P1110139--150x150.jpg 150w, https:\/\/xn--judo-lbben-feb.de\/wp-content\/uploads\/2012\/10\/P1110139--80x80.jpg 80w, https:\/\/xn--judo-lbben-feb.de\/wp-content\/uploads\/2012\/10\/P1110139--200x200.jpg 200w\" sizes=\"auto, (max-width: 150px) 100vw, 150px\" \/><\/a> <a href=\"https:\/\/xn--judo-lbben-feb.de\/wp-content\/uploads\/2012\/10\/P1110143-.jpg\"><img loading=\"lazy\" decoding=\"async\" class=\"alignnone wp-image-11922 size-thumbnail\" src=\"https:\/\/xn--judo-lbben-feb.de\/wp-content\/uploads\/2012\/10\/P1110143--e1494751093725-150x150.jpg\" alt=\"\" width=\"150\" height=\"150\" srcset=\"https:\/\/xn--judo-lbben-feb.de\/wp-content\/uploads\/2012\/10\/P1110143--e1494751093725-150x150.jpg 150w, https:\/\/xn--judo-lbben-feb.de\/wp-content\/uploads\/2012\/10\/P1110143--e1494751093725-80x80.jpg 80w, https:\/\/xn--judo-lbben-feb.de\/wp-content\/uploads\/2012\/10\/P1110143--e1494751093725-200x200.jpg 200w\" sizes=\"auto, (max-width: 150px) 100vw, 150px\" \/><\/a><a href=\"https:\/\/xn--judo-lbben-feb.de\/wp-content\/uploads\/2012\/10\/P1110145-.jpg\"> <img loading=\"lazy\" decoding=\"async\" class=\"alignnone size-thumbnail wp-image-11923\" src=\"https:\/\/xn--judo-lbben-feb.de\/wp-content\/uploads\/2012\/10\/P1110145--150x150.jpg\" alt=\"\" width=\"150\" height=\"150\" srcset=\"https:\/\/xn--judo-lbben-feb.de\/wp-content\/uploads\/2012\/10\/P1110145--150x150.jpg 150w, https:\/\/xn--judo-lbben-feb.de\/wp-content\/uploads\/2012\/10\/P1110145--80x80.jpg 80w, https:\/\/xn--judo-lbben-feb.de\/wp-content\/uploads\/2012\/10\/P1110145--200x200.jpg 200w\" sizes=\"auto, (max-width: 150px) 100vw, 150px\" \/><\/a><a href=\"https:\/\/xn--judo-lbben-feb.de\/wp-content\/uploads\/2012\/10\/P1110151-.jpg\"> <img loading=\"lazy\" decoding=\"async\" class=\"alignnone size-thumbnail wp-image-11924\" src=\"https:\/\/xn--judo-lbben-feb.de\/wp-content\/uploads\/2012\/10\/P1110151--150x150.jpg\" alt=\"\" width=\"150\" height=\"150\" srcset=\"https:\/\/xn--judo-lbben-feb.de\/wp-content\/uploads\/2012\/10\/P1110151--150x150.jpg 150w, https:\/\/xn--judo-lbben-feb.de\/wp-content\/uploads\/2012\/10\/P1110151--80x80.jpg 80w, https:\/\/xn--judo-lbben-feb.de\/wp-content\/uploads\/2012\/10\/P1110151--200x200.jpg 200w\" sizes=\"auto, (max-width: 150px) 100vw, 150px\" \/><\/a><a href=\"https:\/\/xn--judo-lbben-feb.de\/wp-content\/uploads\/2012\/10\/P1110161-.jpg\"><img loading=\"lazy\" decoding=\"async\" class=\"alignnone size-thumbnail wp-image-11925\" src=\"https:\/\/xn--judo-lbben-feb.de\/wp-content\/uploads\/2012\/10\/P1110161--150x150.jpg\" alt=\"\" width=\"150\" height=\"150\" srcset=\"https:\/\/xn--judo-lbben-feb.de\/wp-content\/uploads\/2012\/10\/P1110161--150x150.jpg 150w, https:\/\/xn--judo-lbben-feb.de\/wp-content\/uploads\/2012\/10\/P1110161--80x80.jpg 80w, https:\/\/xn--judo-lbben-feb.de\/wp-content\/uploads\/2012\/10\/P1110161--200x200.jpg 200w\" sizes=\"auto, (max-width: 150px) 100vw, 150px\" \/><\/a><a href=\"https:\/\/xn--judo-lbben-feb.de\/wp-content\/uploads\/2012\/10\/P1110163-.jpg\"> <img loading=\"lazy\" decoding=\"async\" class=\"alignnone size-thumbnail wp-image-11926\" src=\"https:\/\/xn--judo-lbben-feb.de\/wp-content\/uploads\/2012\/10\/P1110163--150x150.jpg\" alt=\"\" width=\"150\" height=\"150\" srcset=\"https:\/\/xn--judo-lbben-feb.de\/wp-content\/uploads\/2012\/10\/P1110163--150x150.jpg 150w, https:\/\/xn--judo-lbben-feb.de\/wp-content\/uploads\/2012\/10\/P1110163--80x80.jpg 80w, https:\/\/xn--judo-lbben-feb.de\/wp-content\/uploads\/2012\/10\/P1110163--200x200.jpg 200w\" sizes=\"auto, (max-width: 150px) 100vw, 150px\" \/><\/a><a href=\"https:\/\/xn--judo-lbben-feb.de\/wp-content\/uploads\/2012\/10\/P1110165-.jpg\"> <img loading=\"lazy\" decoding=\"async\" class=\"alignnone size-thumbnail wp-image-11927\" src=\"https:\/\/xn--judo-lbben-feb.de\/wp-content\/uploads\/2012\/10\/P1110165--150x150.jpg\" alt=\"\" width=\"150\" height=\"150\" srcset=\"https:\/\/xn--judo-lbben-feb.de\/wp-content\/uploads\/2012\/10\/P1110165--150x150.jpg 150w, https:\/\/xn--judo-lbben-feb.de\/wp-content\/uploads\/2012\/10\/P1110165--80x80.jpg 80w, https:\/\/xn--judo-lbben-feb.de\/wp-content\/uploads\/2012\/10\/P1110165--200x200.jpg 200w\" sizes=\"auto, (max-width: 150px) 100vw, 150px\" \/><\/a><\/p>\n<p style=\"text-align: left;\"><strong>Abreisetag:<\/strong><\/p>\n<p style=\"text-align: center;\"><a href=\"https:\/\/xn--judo-lbben-feb.de\/wp-content\/uploads\/2012\/10\/P1110167-.jpg\"><img loading=\"lazy\" decoding=\"async\" class=\"alignnone wp-image-11929 size-thumbnail\" src=\"https:\/\/xn--judo-lbben-feb.de\/wp-content\/uploads\/2012\/10\/P1110167--e1494751320857-150x150.jpg\" alt=\"\" width=\"150\" height=\"150\" srcset=\"https:\/\/xn--judo-lbben-feb.de\/wp-content\/uploads\/2012\/10\/P1110167--e1494751320857-150x150.jpg 150w, https:\/\/xn--judo-lbben-feb.de\/wp-content\/uploads\/2012\/10\/P1110167--e1494751320857-80x80.jpg 80w, https:\/\/xn--judo-lbben-feb.de\/wp-content\/uploads\/2012\/10\/P1110167--e1494751320857-200x200.jpg 200w\" sizes=\"auto, (max-width: 150px) 100vw, 150px\" \/><\/a> <a href=\"https:\/\/xn--judo-lbben-feb.de\/wp-content\/uploads\/2012\/10\/P1110168-.jpg\"><img loading=\"lazy\" decoding=\"async\" class=\"alignnone wp-image-11930 size-thumbnail\" src=\"https:\/\/xn--judo-lbben-feb.de\/wp-content\/uploads\/2012\/10\/P1110168--e1494751341369-150x150.jpg\" alt=\"\" width=\"150\" height=\"150\" srcset=\"https:\/\/xn--judo-lbben-feb.de\/wp-content\/uploads\/2012\/10\/P1110168--e1494751341369-150x150.jpg 150w, https:\/\/xn--judo-lbben-feb.de\/wp-content\/uploads\/2012\/10\/P1110168--e1494751341369-80x80.jpg 80w, https:\/\/xn--judo-lbben-feb.de\/wp-content\/uploads\/2012\/10\/P1110168--e1494751341369-200x200.jpg 200w\" sizes=\"auto, (max-width: 150px) 100vw, 150px\" \/><\/a> <a href=\"https:\/\/xn--judo-lbben-feb.de\/wp-content\/uploads\/2012\/10\/P1110169-.jpg\"><img loading=\"lazy\" decoding=\"async\" class=\"alignnone size-thumbnail wp-image-11931\" src=\"https:\/\/xn--judo-lbben-feb.de\/wp-content\/uploads\/2012\/10\/P1110169--150x150.jpg\" alt=\"\" width=\"150\" height=\"150\" srcset=\"https:\/\/xn--judo-lbben-feb.de\/wp-content\/uploads\/2012\/10\/P1110169--150x150.jpg 150w, https:\/\/xn--judo-lbben-feb.de\/wp-content\/uploads\/2012\/10\/P1110169--80x80.jpg 80w, https:\/\/xn--judo-lbben-feb.de\/wp-content\/uploads\/2012\/10\/P1110169--200x200.jpg 200w\" sizes=\"auto, (max-width: 150px) 100vw, 150px\" \/><\/a> <a href=\"https:\/\/xn--judo-lbben-feb.de\/wp-content\/uploads\/2012\/10\/P1110170-.jpg\"><img loading=\"lazy\" decoding=\"async\" class=\"alignnone size-thumbnail wp-image-11932\" src=\"https:\/\/xn--judo-lbben-feb.de\/wp-content\/uploads\/2012\/10\/P1110170--150x150.jpg\" alt=\"\" width=\"150\" height=\"150\" srcset=\"https:\/\/xn--judo-lbben-feb.de\/wp-content\/uploads\/2012\/10\/P1110170--150x150.jpg 150w, https:\/\/xn--judo-lbben-feb.de\/wp-content\/uploads\/2012\/10\/P1110170--80x80.jpg 80w, https:\/\/xn--judo-lbben-feb.de\/wp-content\/uploads\/2012\/10\/P1110170--200x200.jpg 200w\" sizes=\"auto, (max-width: 150px) 100vw, 150px\" \/><\/a> <a href=\"https:\/\/xn--judo-lbben-feb.de\/wp-content\/uploads\/2012\/10\/P1110171-.jpg\"><img loading=\"lazy\" decoding=\"async\" class=\"alignnone wp-image-11933 size-thumbnail\" src=\"https:\/\/xn--judo-lbben-feb.de\/wp-content\/uploads\/2012\/10\/P1110171--e1494751360153-150x150.jpg\" alt=\"\" width=\"150\" height=\"150\" srcset=\"https:\/\/xn--judo-lbben-feb.de\/wp-content\/uploads\/2012\/10\/P1110171--e1494751360153-150x150.jpg 150w, https:\/\/xn--judo-lbben-feb.de\/wp-content\/uploads\/2012\/10\/P1110171--e1494751360153-80x80.jpg 80w, https:\/\/xn--judo-lbben-feb.de\/wp-content\/uploads\/2012\/10\/P1110171--e1494751360153-200x200.jpg 200w\" sizes=\"auto, (max-width: 150px) 100vw, 150px\" \/><\/a> <a href=\"https:\/\/xn--judo-lbben-feb.de\/wp-content\/uploads\/2012\/10\/P1110172-.jpg\"><img loading=\"lazy\" decoding=\"async\" class=\"alignnone size-thumbnail wp-image-11934\" src=\"https:\/\/xn--judo-lbben-feb.de\/wp-content\/uploads\/2012\/10\/P1110172--150x150.jpg\" alt=\"\" width=\"150\" height=\"150\" srcset=\"https:\/\/xn--judo-lbben-feb.de\/wp-content\/uploads\/2012\/10\/P1110172--150x150.jpg 150w, https:\/\/xn--judo-lbben-feb.de\/wp-content\/uploads\/2012\/10\/P1110172--80x80.jpg 80w, https:\/\/xn--judo-lbben-feb.de\/wp-content\/uploads\/2012\/10\/P1110172--200x200.jpg 200w\" sizes=\"auto, (max-width: 150px) 100vw, 150px\" \/><\/a> <a href=\"https:\/\/xn--judo-lbben-feb.de\/wp-content\/uploads\/2012\/10\/P1110173-.jpg\"><img loading=\"lazy\" decoding=\"async\" class=\"alignnone size-thumbnail wp-image-11935\" src=\"https:\/\/xn--judo-lbben-feb.de\/wp-content\/uploads\/2012\/10\/P1110173--150x150.jpg\" alt=\"\" width=\"150\" height=\"150\" srcset=\"https:\/\/xn--judo-lbben-feb.de\/wp-content\/uploads\/2012\/10\/P1110173--150x150.jpg 150w, https:\/\/xn--judo-lbben-feb.de\/wp-content\/uploads\/2012\/10\/P1110173--80x80.jpg 80w, https:\/\/xn--judo-lbben-feb.de\/wp-content\/uploads\/2012\/10\/P1110173--200x200.jpg 200w\" sizes=\"auto, (max-width: 150px) 100vw, 150px\" \/><\/a> <a href=\"https:\/\/xn--judo-lbben-feb.de\/wp-content\/uploads\/2012\/10\/P1110176-.jpg\"><img loading=\"lazy\" decoding=\"async\" class=\"alignnone size-thumbnail wp-image-11938\" src=\"https:\/\/xn--judo-lbben-feb.de\/wp-content\/uploads\/2012\/10\/P1110176--150x150.jpg\" alt=\"\" width=\"150\" height=\"150\" srcset=\"https:\/\/xn--judo-lbben-feb.de\/wp-content\/uploads\/2012\/10\/P1110176--150x150.jpg 150w, https:\/\/xn--judo-lbben-feb.de\/wp-content\/uploads\/2012\/10\/P1110176--80x80.jpg 80w, https:\/\/xn--judo-lbben-feb.de\/wp-content\/uploads\/2012\/10\/P1110176--200x200.jpg 200w\" sizes=\"auto, (max-width: 150px) 100vw, 150px\" \/><\/a> <a href=\"https:\/\/xn--judo-lbben-feb.de\/wp-content\/uploads\/2012\/10\/P1110177-.jpg\"><img loading=\"lazy\" decoding=\"async\" class=\"alignnone size-thumbnail wp-image-11939\" src=\"https:\/\/xn--judo-lbben-feb.de\/wp-content\/uploads\/2012\/10\/P1110177--150x150.jpg\" alt=\"\" width=\"150\" height=\"150\" srcset=\"https:\/\/xn--judo-lbben-feb.de\/wp-content\/uploads\/2012\/10\/P1110177--150x150.jpg 150w, https:\/\/xn--judo-lbben-feb.de\/wp-content\/uploads\/2012\/10\/P1110177--80x80.jpg 80w, https:\/\/xn--judo-lbben-feb.de\/wp-content\/uploads\/2012\/10\/P1110177--200x200.jpg 200w\" sizes=\"auto, (max-width: 150px) 100vw, 150px\" \/><\/a> <a href=\"https:\/\/xn--judo-lbben-feb.de\/wp-content\/uploads\/2012\/10\/P1110178-.jpg\"><img loading=\"lazy\" decoding=\"async\" class=\"alignnone size-thumbnail wp-image-11940\" src=\"https:\/\/xn--judo-lbben-feb.de\/wp-content\/uploads\/2012\/10\/P1110178--150x150.jpg\" alt=\"\" width=\"150\" height=\"150\" srcset=\"https:\/\/xn--judo-lbben-feb.de\/wp-content\/uploads\/2012\/10\/P1110178--150x150.jpg 150w, https:\/\/xn--judo-lbben-feb.de\/wp-content\/uploads\/2012\/10\/P1110178--80x80.jpg 80w, https:\/\/xn--judo-lbben-feb.de\/wp-content\/uploads\/2012\/10\/P1110178--200x200.jpg 200w\" sizes=\"auto, (max-width: 150px) 100vw, 150px\" \/><\/a> <a href=\"https:\/\/xn--judo-lbben-feb.de\/wp-content\/uploads\/2012\/10\/P1110180-.jpg\"><img loading=\"lazy\" decoding=\"async\" class=\"alignnone size-thumbnail wp-image-11942\" src=\"https:\/\/xn--judo-lbben-feb.de\/wp-content\/uploads\/2012\/10\/P1110180--150x150.jpg\" alt=\"\" width=\"150\" height=\"150\" srcset=\"https:\/\/xn--judo-lbben-feb.de\/wp-content\/uploads\/2012\/10\/P1110180--150x150.jpg 150w, https:\/\/xn--judo-lbben-feb.de\/wp-content\/uploads\/2012\/10\/P1110180--80x80.jpg 80w, https:\/\/xn--judo-lbben-feb.de\/wp-content\/uploads\/2012\/10\/P1110180--200x200.jpg 200w\" sizes=\"auto, (max-width: 150px) 100vw, 150px\" \/><\/a> <a href=\"https:\/\/xn--judo-lbben-feb.de\/wp-content\/uploads\/2012\/10\/P1110181-.jpg\"><img loading=\"lazy\" decoding=\"async\" class=\"alignnone size-thumbnail wp-image-11943\" src=\"https:\/\/xn--judo-lbben-feb.de\/wp-content\/uploads\/2012\/10\/P1110181--150x150.jpg\" alt=\"\" width=\"150\" height=\"150\" srcset=\"https:\/\/xn--judo-lbben-feb.de\/wp-content\/uploads\/2012\/10\/P1110181--150x150.jpg 150w, https:\/\/xn--judo-lbben-feb.de\/wp-content\/uploads\/2012\/10\/P1110181--80x80.jpg 80w, https:\/\/xn--judo-lbben-feb.de\/wp-content\/uploads\/2012\/10\/P1110181--200x200.jpg 200w\" sizes=\"auto, (max-width: 150px) 100vw, 150px\" \/><\/a> <a href=\"https:\/\/xn--judo-lbben-feb.de\/wp-content\/uploads\/2012\/10\/P1110182-.jpg\"><img loading=\"lazy\" decoding=\"async\" class=\"alignnone size-thumbnail wp-image-11944\" src=\"https:\/\/xn--judo-lbben-feb.de\/wp-content\/uploads\/2012\/10\/P1110182--150x150.jpg\" alt=\"\" width=\"150\" height=\"150\" srcset=\"https:\/\/xn--judo-lbben-feb.de\/wp-content\/uploads\/2012\/10\/P1110182--150x150.jpg 150w, https:\/\/xn--judo-lbben-feb.de\/wp-content\/uploads\/2012\/10\/P1110182--80x80.jpg 80w, https:\/\/xn--judo-lbben-feb.de\/wp-content\/uploads\/2012\/10\/P1110182--200x200.jpg 200w\" sizes=\"auto, (max-width: 150px) 100vw, 150px\" \/><\/a> <a href=\"https:\/\/xn--judo-lbben-feb.de\/wp-content\/uploads\/2012\/10\/P1110183-.jpg\"><img loading=\"lazy\" decoding=\"async\" class=\"alignnone size-thumbnail wp-image-11945\" src=\"https:\/\/xn--judo-lbben-feb.de\/wp-content\/uploads\/2012\/10\/P1110183--150x150.jpg\" alt=\"\" width=\"150\" height=\"150\" srcset=\"https:\/\/xn--judo-lbben-feb.de\/wp-content\/uploads\/2012\/10\/P1110183--150x150.jpg 150w, https:\/\/xn--judo-lbben-feb.de\/wp-content\/uploads\/2012\/10\/P1110183--80x80.jpg 80w, https:\/\/xn--judo-lbben-feb.de\/wp-content\/uploads\/2012\/10\/P1110183--200x200.jpg 200w\" sizes=\"auto, (max-width: 150px) 100vw, 150px\" \/><\/a> <a href=\"https:\/\/xn--judo-lbben-feb.de\/wp-content\/uploads\/2012\/10\/P1110184-.jpg\"><img loading=\"lazy\" decoding=\"async\" class=\"alignnone size-thumbnail wp-image-11946\" src=\"https:\/\/xn--judo-lbben-feb.de\/wp-content\/uploads\/2012\/10\/P1110184--150x150.jpg\" alt=\"\" width=\"150\" height=\"150\" srcset=\"https:\/\/xn--judo-lbben-feb.de\/wp-content\/uploads\/2012\/10\/P1110184--150x150.jpg 150w, https:\/\/xn--judo-lbben-feb.de\/wp-content\/uploads\/2012\/10\/P1110184--80x80.jpg 80w, https:\/\/xn--judo-lbben-feb.de\/wp-content\/uploads\/2012\/10\/P1110184--200x200.jpg 200w\" sizes=\"auto, (max-width: 150px) 100vw, 150px\" \/><\/a> <a href=\"https:\/\/xn--judo-lbben-feb.de\/wp-content\/uploads\/2012\/10\/P1110185-.jpg\"><img loading=\"lazy\" decoding=\"async\" class=\"alignnone wp-image-11947 size-thumbnail\" src=\"https:\/\/xn--judo-lbben-feb.de\/wp-content\/uploads\/2012\/10\/P1110185--e1494751410643-150x150.jpg\" alt=\"\" width=\"150\" height=\"150\" srcset=\"https:\/\/xn--judo-lbben-feb.de\/wp-content\/uploads\/2012\/10\/P1110185--e1494751410643-150x150.jpg 150w, https:\/\/xn--judo-lbben-feb.de\/wp-content\/uploads\/2012\/10\/P1110185--e1494751410643-80x80.jpg 80w, https:\/\/xn--judo-lbben-feb.de\/wp-content\/uploads\/2012\/10\/P1110185--e1494751410643-200x200.jpg 200w\" sizes=\"auto, (max-width: 150px) 100vw, 150px\" \/><\/a> <a href=\"https:\/\/xn--judo-lbben-feb.de\/wp-content\/uploads\/2012\/10\/P1110186-.jpg\"><img loading=\"lazy\" decoding=\"async\" class=\"alignnone size-thumbnail wp-image-11948\" src=\"https:\/\/xn--judo-lbben-feb.de\/wp-content\/uploads\/2012\/10\/P1110186--150x150.jpg\" alt=\"\" width=\"150\" height=\"150\" srcset=\"https:\/\/xn--judo-lbben-feb.de\/wp-content\/uploads\/2012\/10\/P1110186--150x150.jpg 150w, https:\/\/xn--judo-lbben-feb.de\/wp-content\/uploads\/2012\/10\/P1110186--80x80.jpg 80w, https:\/\/xn--judo-lbben-feb.de\/wp-content\/uploads\/2012\/10\/P1110186--200x200.jpg 200w\" sizes=\"auto, (max-width: 150px) 100vw, 150px\" \/><\/a> <a href=\"https:\/\/xn--judo-lbben-feb.de\/wp-content\/uploads\/2012\/10\/P1110187-.jpg\"><img loading=\"lazy\" decoding=\"async\" class=\"alignnone wp-image-11949 size-thumbnail\" src=\"https:\/\/xn--judo-lbben-feb.de\/wp-content\/uploads\/2012\/10\/P1110187--e1494751428251-150x150.jpg\" alt=\"\" width=\"150\" height=\"150\" srcset=\"https:\/\/xn--judo-lbben-feb.de\/wp-content\/uploads\/2012\/10\/P1110187--e1494751428251-150x150.jpg 150w, https:\/\/xn--judo-lbben-feb.de\/wp-content\/uploads\/2012\/10\/P1110187--e1494751428251-80x80.jpg 80w, https:\/\/xn--judo-lbben-feb.de\/wp-content\/uploads\/2012\/10\/P1110187--e1494751428251-200x200.jpg 200w\" sizes=\"auto, (max-width: 150px) 100vw, 150px\" \/><\/a> <a href=\"https:\/\/xn--judo-lbben-feb.de\/wp-content\/uploads\/2012\/10\/P1110190-.jpg\"><img loading=\"lazy\" decoding=\"async\" class=\"alignnone size-thumbnail wp-image-11952\" src=\"https:\/\/xn--judo-lbben-feb.de\/wp-content\/uploads\/2012\/10\/P1110190--150x150.jpg\" alt=\"\" width=\"150\" height=\"150\" srcset=\"https:\/\/xn--judo-lbben-feb.de\/wp-content\/uploads\/2012\/10\/P1110190--150x150.jpg 150w, https:\/\/xn--judo-lbben-feb.de\/wp-content\/uploads\/2012\/10\/P1110190--80x80.jpg 80w, https:\/\/xn--judo-lbben-feb.de\/wp-content\/uploads\/2012\/10\/P1110190--200x200.jpg 200w\" sizes=\"auto, (max-width: 150px) 100vw, 150px\" \/><\/a> <a href=\"https:\/\/xn--judo-lbben-feb.de\/wp-content\/uploads\/2012\/10\/P1110195-.jpg\"><img loading=\"lazy\" decoding=\"async\" class=\"alignnone wp-image-11957 size-thumbnail\" src=\"https:\/\/xn--judo-lbben-feb.de\/wp-content\/uploads\/2012\/10\/P1110195--e1494751483283-150x150.jpg\" alt=\"\" width=\"150\" height=\"150\" srcset=\"https:\/\/xn--judo-lbben-feb.de\/wp-content\/uploads\/2012\/10\/P1110195--e1494751483283-150x150.jpg 150w, https:\/\/xn--judo-lbben-feb.de\/wp-content\/uploads\/2012\/10\/P1110195--e1494751483283-80x80.jpg 80w, https:\/\/xn--judo-lbben-feb.de\/wp-content\/uploads\/2012\/10\/P1110195--e1494751483283-200x200.jpg 200w\" sizes=\"auto, (max-width: 150px) 100vw, 150px\" \/><\/a> <a href=\"https:\/\/xn--judo-lbben-feb.de\/wp-content\/uploads\/2012\/10\/P1110196-.jpg\"><img loading=\"lazy\" decoding=\"async\" class=\"alignnone wp-image-11958 size-thumbnail\" src=\"https:\/\/xn--judo-lbben-feb.de\/wp-content\/uploads\/2012\/10\/P1110196--e1494751500852-150x150.jpg\" alt=\"\" width=\"150\" height=\"150\" srcset=\"https:\/\/xn--judo-lbben-feb.de\/wp-content\/uploads\/2012\/10\/P1110196--e1494751500852-150x150.jpg 150w, https:\/\/xn--judo-lbben-feb.de\/wp-content\/uploads\/2012\/10\/P1110196--e1494751500852-80x80.jpg 80w, https:\/\/xn--judo-lbben-feb.de\/wp-content\/uploads\/2012\/10\/P1110196--e1494751500852-200x200.jpg 200w\" sizes=\"auto, (max-width: 150px) 100vw, 150px\" \/><\/a> <a href=\"https:\/\/xn--judo-lbben-feb.de\/wp-content\/uploads\/2012\/10\/P1110197-.jpg\"><img loading=\"lazy\" decoding=\"async\" class=\"alignnone wp-image-11959 size-thumbnail\" src=\"https:\/\/xn--judo-lbben-feb.de\/wp-content\/uploads\/2012\/10\/P1110197--e1494751522536-150x150.jpg\" alt=\"\" width=\"150\" height=\"150\" srcset=\"https:\/\/xn--judo-lbben-feb.de\/wp-content\/uploads\/2012\/10\/P1110197--e1494751522536-150x150.jpg 150w, https:\/\/xn--judo-lbben-feb.de\/wp-content\/uploads\/2012\/10\/P1110197--e1494751522536-80x80.jpg 80w, https:\/\/xn--judo-lbben-feb.de\/wp-content\/uploads\/2012\/10\/P1110197--e1494751522536-200x200.jpg 200w\" sizes=\"auto, (max-width: 150px) 100vw, 150px\" \/><\/a> <a href=\"https:\/\/xn--judo-lbben-feb.de\/wp-content\/uploads\/2012\/10\/P1110198-.jpg\"><img loading=\"lazy\" decoding=\"async\" class=\"alignnone size-thumbnail wp-image-11960\" src=\"https:\/\/xn--judo-lbben-feb.de\/wp-content\/uploads\/2012\/10\/P1110198--150x150.jpg\" alt=\"\" width=\"150\" height=\"150\" srcset=\"https:\/\/xn--judo-lbben-feb.de\/wp-content\/uploads\/2012\/10\/P1110198--150x150.jpg 150w, https:\/\/xn--judo-lbben-feb.de\/wp-content\/uploads\/2012\/10\/P1110198--80x80.jpg 80w, https:\/\/xn--judo-lbben-feb.de\/wp-content\/uploads\/2012\/10\/P1110198--200x200.jpg 200w\" sizes=\"auto, (max-width: 150px) 100vw, 150px\" \/><\/a><\/p>\n<p style=\"text-align: center;\"><strong>Weihnachtsfeier 2016<br \/>\n<\/strong><\/p>\n<p style=\"text-align: center;\"><a href=\"https:\/\/xn--judo-lbben-feb.de\/wp-content\/uploads\/2016\/12\/DSC07287-.jpg\"><img loading=\"lazy\" decoding=\"async\" class=\"alignnone size-full wp-image-10628\" src=\"https:\/\/xn--judo-lbben-feb.de\/wp-content\/uploads\/2016\/12\/DSC07287-.jpg\" alt=\"\" width=\"3492\" height=\"768\" srcset=\"https:\/\/xn--judo-lbben-feb.de\/wp-content\/uploads\/2016\/12\/DSC07287-.jpg 3492w, https:\/\/xn--judo-lbben-feb.de\/wp-content\/uploads\/2016\/12\/DSC07287--300x66.jpg 300w, https:\/\/xn--judo-lbben-feb.de\/wp-content\/uploads\/2016\/12\/DSC07287--768x169.jpg 768w, https:\/\/xn--judo-lbben-feb.de\/wp-content\/uploads\/2016\/12\/DSC07287--1024x225.jpg 1024w\" sizes=\"auto, (max-width: 3492px) 100vw, 3492px\" \/><\/a><\/p>\n<p style=\"text-align: center;\"><a href=\"https:\/\/xn--judo-lbben-feb.de\/wp-content\/uploads\/2012\/10\/DSC07286-.jpg\"><img loading=\"lazy\" decoding=\"async\" class=\"alignnone size-medium wp-image-10650\" src=\"https:\/\/xn--judo-lbben-feb.de\/wp-content\/uploads\/2012\/10\/DSC07286--300x225.jpg\" alt=\"\" width=\"300\" height=\"225\" srcset=\"https:\/\/xn--judo-lbben-feb.de\/wp-content\/uploads\/2012\/10\/DSC07286--300x225.jpg 300w, https:\/\/xn--judo-lbben-feb.de\/wp-content\/uploads\/2012\/10\/DSC07286--768x576.jpg 768w, https:\/\/xn--judo-lbben-feb.de\/wp-content\/uploads\/2012\/10\/DSC07286-.jpg 1024w\" sizes=\"auto, (max-width: 300px) 100vw, 300px\" \/><\/a> <a href=\"https:\/\/xn--judo-lbben-feb.de\/wp-content\/uploads\/2012\/10\/DSC07288-.jpg\"><img loading=\"lazy\" decoding=\"async\" class=\"alignnone size-medium wp-image-10652\" src=\"https:\/\/xn--judo-lbben-feb.de\/wp-content\/uploads\/2012\/10\/DSC07288--300x225.jpg\" alt=\"\" width=\"300\" height=\"225\" srcset=\"https:\/\/xn--judo-lbben-feb.de\/wp-content\/uploads\/2012\/10\/DSC07288--300x225.jpg 300w, https:\/\/xn--judo-lbben-feb.de\/wp-content\/uploads\/2012\/10\/DSC07288--768x576.jpg 768w, https:\/\/xn--judo-lbben-feb.de\/wp-content\/uploads\/2012\/10\/DSC07288-.jpg 1024w\" sizes=\"auto, (max-width: 300px) 100vw, 300px\" \/><\/a> <a href=\"https:\/\/xn--judo-lbben-feb.de\/wp-content\/uploads\/2012\/10\/DSC07289-.jpg\"><img loading=\"lazy\" decoding=\"async\" class=\"alignnone size-medium wp-image-10653\" src=\"https:\/\/xn--judo-lbben-feb.de\/wp-content\/uploads\/2012\/10\/DSC07289--300x225.jpg\" alt=\"\" width=\"300\" height=\"225\" srcset=\"https:\/\/xn--judo-lbben-feb.de\/wp-content\/uploads\/2012\/10\/DSC07289--300x225.jpg 300w, https:\/\/xn--judo-lbben-feb.de\/wp-content\/uploads\/2012\/10\/DSC07289--768x576.jpg 768w, https:\/\/xn--judo-lbben-feb.de\/wp-content\/uploads\/2012\/10\/DSC07289-.jpg 1024w\" sizes=\"auto, (max-width: 300px) 100vw, 300px\" \/><\/a> <a href=\"https:\/\/xn--judo-lbben-feb.de\/wp-content\/uploads\/2012\/10\/DSC07290-.jpg\"><img loading=\"lazy\" decoding=\"async\" class=\"alignnone size-medium wp-image-10654\" src=\"https:\/\/xn--judo-lbben-feb.de\/wp-content\/uploads\/2012\/10\/DSC07290--300x225.jpg\" alt=\"\" width=\"300\" height=\"225\" srcset=\"https:\/\/xn--judo-lbben-feb.de\/wp-content\/uploads\/2012\/10\/DSC07290--300x225.jpg 300w, https:\/\/xn--judo-lbben-feb.de\/wp-content\/uploads\/2012\/10\/DSC07290--768x576.jpg 768w, https:\/\/xn--judo-lbben-feb.de\/wp-content\/uploads\/2012\/10\/DSC07290-.jpg 1024w\" sizes=\"auto, (max-width: 300px) 100vw, 300px\" \/><\/a> <a href=\"https:\/\/xn--judo-lbben-feb.de\/wp-content\/uploads\/2012\/10\/DSC07291-.jpg\"><img loading=\"lazy\" decoding=\"async\" class=\"alignnone size-medium wp-image-10655\" src=\"https:\/\/xn--judo-lbben-feb.de\/wp-content\/uploads\/2012\/10\/DSC07291--300x225.jpg\" alt=\"\" width=\"300\" height=\"225\" srcset=\"https:\/\/xn--judo-lbben-feb.de\/wp-content\/uploads\/2012\/10\/DSC07291--300x225.jpg 300w, https:\/\/xn--judo-lbben-feb.de\/wp-content\/uploads\/2012\/10\/DSC07291--768x576.jpg 768w, https:\/\/xn--judo-lbben-feb.de\/wp-content\/uploads\/2012\/10\/DSC07291-.jpg 1024w\" sizes=\"auto, (max-width: 300px) 100vw, 300px\" \/><\/a> <a href=\"https:\/\/xn--judo-lbben-feb.de\/wp-content\/uploads\/2012\/10\/DSC07292-.jpg\"><img loading=\"lazy\" decoding=\"async\" class=\"alignnone size-medium wp-image-10656\" src=\"https:\/\/xn--judo-lbben-feb.de\/wp-content\/uploads\/2012\/10\/DSC07292--300x225.jpg\" alt=\"\" width=\"300\" height=\"225\" srcset=\"https:\/\/xn--judo-lbben-feb.de\/wp-content\/uploads\/2012\/10\/DSC07292--300x225.jpg 300w, https:\/\/xn--judo-lbben-feb.de\/wp-content\/uploads\/2012\/10\/DSC07292--768x576.jpg 768w, https:\/\/xn--judo-lbben-feb.de\/wp-content\/uploads\/2012\/10\/DSC07292-.jpg 1024w\" sizes=\"auto, (max-width: 300px) 100vw, 300px\" \/><\/a> <a href=\"https:\/\/xn--judo-lbben-feb.de\/wp-content\/uploads\/2012\/10\/DSC07294-.jpg\"><img loading=\"lazy\" decoding=\"async\" class=\"alignnone size-medium wp-image-10657\" src=\"https:\/\/xn--judo-lbben-feb.de\/wp-content\/uploads\/2012\/10\/DSC07294--300x225.jpg\" alt=\"\" width=\"300\" height=\"225\" srcset=\"https:\/\/xn--judo-lbben-feb.de\/wp-content\/uploads\/2012\/10\/DSC07294--300x225.jpg 300w, https:\/\/xn--judo-lbben-feb.de\/wp-content\/uploads\/2012\/10\/DSC07294--768x576.jpg 768w, https:\/\/xn--judo-lbben-feb.de\/wp-content\/uploads\/2012\/10\/DSC07294-.jpg 1024w\" sizes=\"auto, (max-width: 300px) 100vw, 300px\" \/><\/a> <a href=\"https:\/\/xn--judo-lbben-feb.de\/wp-content\/uploads\/2012\/10\/DSC07295-.jpg\"><img loading=\"lazy\" decoding=\"async\" class=\"alignnone size-medium wp-image-10658\" src=\"https:\/\/xn--judo-lbben-feb.de\/wp-content\/uploads\/2012\/10\/DSC07295--300x225.jpg\" alt=\"\" width=\"300\" height=\"225\" srcset=\"https:\/\/xn--judo-lbben-feb.de\/wp-content\/uploads\/2012\/10\/DSC07295--300x225.jpg 300w, https:\/\/xn--judo-lbben-feb.de\/wp-content\/uploads\/2012\/10\/DSC07295--768x576.jpg 768w, https:\/\/xn--judo-lbben-feb.de\/wp-content\/uploads\/2012\/10\/DSC07295-.jpg 1024w\" sizes=\"auto, (max-width: 300px) 100vw, 300px\" \/><\/a> <a href=\"https:\/\/xn--judo-lbben-feb.de\/wp-content\/uploads\/2012\/10\/DSC07296-.jpg\"><img loading=\"lazy\" decoding=\"async\" class=\"alignnone size-medium wp-image-10659\" src=\"https:\/\/xn--judo-lbben-feb.de\/wp-content\/uploads\/2012\/10\/DSC07296--300x225.jpg\" alt=\"\" width=\"300\" height=\"225\" srcset=\"https:\/\/xn--judo-lbben-feb.de\/wp-content\/uploads\/2012\/10\/DSC07296--300x225.jpg 300w, https:\/\/xn--judo-lbben-feb.de\/wp-content\/uploads\/2012\/10\/DSC07296--768x576.jpg 768w, https:\/\/xn--judo-lbben-feb.de\/wp-content\/uploads\/2012\/10\/DSC07296-.jpg 1024w\" sizes=\"auto, (max-width: 300px) 100vw, 300px\" \/><\/a> <a href=\"https:\/\/xn--judo-lbben-feb.de\/wp-content\/uploads\/2012\/10\/DSC07297-.jpg\"><img loading=\"lazy\" decoding=\"async\" class=\"alignnone size-medium wp-image-10660\" src=\"https:\/\/xn--judo-lbben-feb.de\/wp-content\/uploads\/2012\/10\/DSC07297--300x225.jpg\" alt=\"\" width=\"300\" height=\"225\" srcset=\"https:\/\/xn--judo-lbben-feb.de\/wp-content\/uploads\/2012\/10\/DSC07297--300x225.jpg 300w, https:\/\/xn--judo-lbben-feb.de\/wp-content\/uploads\/2012\/10\/DSC07297--768x576.jpg 768w, https:\/\/xn--judo-lbben-feb.de\/wp-content\/uploads\/2012\/10\/DSC07297-.jpg 1024w\" sizes=\"auto, (max-width: 300px) 100vw, 300px\" \/><\/a> <a href=\"https:\/\/xn--judo-lbben-feb.de\/wp-content\/uploads\/2012\/10\/DSC07298-.jpg\"><img loading=\"lazy\" decoding=\"async\" class=\"alignnone size-medium wp-image-10661\" src=\"https:\/\/xn--judo-lbben-feb.de\/wp-content\/uploads\/2012\/10\/DSC07298--300x225.jpg\" alt=\"\" width=\"300\" height=\"225\" srcset=\"https:\/\/xn--judo-lbben-feb.de\/wp-content\/uploads\/2012\/10\/DSC07298--300x225.jpg 300w, https:\/\/xn--judo-lbben-feb.de\/wp-content\/uploads\/2012\/10\/DSC07298--768x576.jpg 768w, https:\/\/xn--judo-lbben-feb.de\/wp-content\/uploads\/2012\/10\/DSC07298-.jpg 1024w\" sizes=\"auto, (max-width: 300px) 100vw, 300px\" \/><\/a> <a href=\"https:\/\/xn--judo-lbben-feb.de\/wp-content\/uploads\/2012\/10\/DSC07299-.jpg\"><img loading=\"lazy\" decoding=\"async\" class=\"alignnone size-medium wp-image-10662\" src=\"https:\/\/xn--judo-lbben-feb.de\/wp-content\/uploads\/2012\/10\/DSC07299--300x225.jpg\" alt=\"\" width=\"300\" height=\"225\" srcset=\"https:\/\/xn--judo-lbben-feb.de\/wp-content\/uploads\/2012\/10\/DSC07299--300x225.jpg 300w, https:\/\/xn--judo-lbben-feb.de\/wp-content\/uploads\/2012\/10\/DSC07299--768x576.jpg 768w, https:\/\/xn--judo-lbben-feb.de\/wp-content\/uploads\/2012\/10\/DSC07299-.jpg 1024w\" sizes=\"auto, (max-width: 300px) 100vw, 300px\" \/><\/a> <a href=\"https:\/\/xn--judo-lbben-feb.de\/wp-content\/uploads\/2012\/10\/DSC07300-.jpg\"><img loading=\"lazy\" decoding=\"async\" class=\"alignnone size-medium wp-image-10663\" src=\"https:\/\/xn--judo-lbben-feb.de\/wp-content\/uploads\/2012\/10\/DSC07300--300x225.jpg\" alt=\"\" width=\"300\" height=\"225\" srcset=\"https:\/\/xn--judo-lbben-feb.de\/wp-content\/uploads\/2012\/10\/DSC07300--300x225.jpg 300w, https:\/\/xn--judo-lbben-feb.de\/wp-content\/uploads\/2012\/10\/DSC07300--768x576.jpg 768w, https:\/\/xn--judo-lbben-feb.de\/wp-content\/uploads\/2012\/10\/DSC07300-.jpg 1024w\" sizes=\"auto, (max-width: 300px) 100vw, 300px\" \/><\/a> <a href=\"https:\/\/xn--judo-lbben-feb.de\/wp-content\/uploads\/2012\/10\/DSC07301-.jpg\"><img loading=\"lazy\" decoding=\"async\" class=\"alignnone size-medium wp-image-10664\" src=\"https:\/\/xn--judo-lbben-feb.de\/wp-content\/uploads\/2012\/10\/DSC07301--300x225.jpg\" alt=\"\" width=\"300\" height=\"225\" srcset=\"https:\/\/xn--judo-lbben-feb.de\/wp-content\/uploads\/2012\/10\/DSC07301--300x225.jpg 300w, https:\/\/xn--judo-lbben-feb.de\/wp-content\/uploads\/2012\/10\/DSC07301--768x576.jpg 768w, https:\/\/xn--judo-lbben-feb.de\/wp-content\/uploads\/2012\/10\/DSC07301-.jpg 1024w\" sizes=\"auto, (max-width: 300px) 100vw, 300px\" \/><\/a> <a href=\"https:\/\/xn--judo-lbben-feb.de\/wp-content\/uploads\/2012\/10\/DSC07302-.jpg\"><img loading=\"lazy\" decoding=\"async\" class=\"alignnone size-medium wp-image-10665\" src=\"https:\/\/xn--judo-lbben-feb.de\/wp-content\/uploads\/2012\/10\/DSC07302--300x225.jpg\" alt=\"\" width=\"300\" height=\"225\" srcset=\"https:\/\/xn--judo-lbben-feb.de\/wp-content\/uploads\/2012\/10\/DSC07302--300x225.jpg 300w, https:\/\/xn--judo-lbben-feb.de\/wp-content\/uploads\/2012\/10\/DSC07302--768x576.jpg 768w, https:\/\/xn--judo-lbben-feb.de\/wp-content\/uploads\/2012\/10\/DSC07302-.jpg 1024w\" sizes=\"auto, (max-width: 300px) 100vw, 300px\" \/><\/a> <a href=\"https:\/\/xn--judo-lbben-feb.de\/wp-content\/uploads\/2012\/10\/DSC07303-.jpg\"><img loading=\"lazy\" decoding=\"async\" class=\"alignnone size-medium wp-image-10666\" src=\"https:\/\/xn--judo-lbben-feb.de\/wp-content\/uploads\/2012\/10\/DSC07303--300x225.jpg\" alt=\"\" width=\"300\" height=\"225\" srcset=\"https:\/\/xn--judo-lbben-feb.de\/wp-content\/uploads\/2012\/10\/DSC07303--300x225.jpg 300w, https:\/\/xn--judo-lbben-feb.de\/wp-content\/uploads\/2012\/10\/DSC07303--768x576.jpg 768w, https:\/\/xn--judo-lbben-feb.de\/wp-content\/uploads\/2012\/10\/DSC07303-.jpg 1024w\" sizes=\"auto, (max-width: 300px) 100vw, 300px\" \/><\/a> <a href=\"https:\/\/xn--judo-lbben-feb.de\/wp-content\/uploads\/2012\/10\/DSC07304-.jpg\"><img loading=\"lazy\" decoding=\"async\" class=\"alignnone size-medium wp-image-10667\" src=\"https:\/\/xn--judo-lbben-feb.de\/wp-content\/uploads\/2012\/10\/DSC07304--300x225.jpg\" alt=\"\" width=\"300\" height=\"225\" srcset=\"https:\/\/xn--judo-lbben-feb.de\/wp-content\/uploads\/2012\/10\/DSC07304--300x225.jpg 300w, https:\/\/xn--judo-lbben-feb.de\/wp-content\/uploads\/2012\/10\/DSC07304--768x576.jpg 768w, https:\/\/xn--judo-lbben-feb.de\/wp-content\/uploads\/2012\/10\/DSC07304-.jpg 1024w\" sizes=\"auto, (max-width: 300px) 100vw, 300px\" \/><\/a> <a href=\"https:\/\/xn--judo-lbben-feb.de\/wp-content\/uploads\/2012\/10\/DSC07305-.jpg\"><img loading=\"lazy\" decoding=\"async\" class=\"alignnone size-medium wp-image-10668\" src=\"https:\/\/xn--judo-lbben-feb.de\/wp-content\/uploads\/2012\/10\/DSC07305--300x225.jpg\" alt=\"\" width=\"300\" height=\"225\" srcset=\"https:\/\/xn--judo-lbben-feb.de\/wp-content\/uploads\/2012\/10\/DSC07305--300x225.jpg 300w, https:\/\/xn--judo-lbben-feb.de\/wp-content\/uploads\/2012\/10\/DSC07305--768x576.jpg 768w, https:\/\/xn--judo-lbben-feb.de\/wp-content\/uploads\/2012\/10\/DSC07305-.jpg 1024w\" sizes=\"auto, (max-width: 300px) 100vw, 300px\" \/><\/a> <a href=\"https:\/\/xn--judo-lbben-feb.de\/wp-content\/uploads\/2012\/10\/DSC07306-.jpg\"><img loading=\"lazy\" decoding=\"async\" class=\"alignnone size-medium wp-image-10669\" src=\"https:\/\/xn--judo-lbben-feb.de\/wp-content\/uploads\/2012\/10\/DSC07306--300x225.jpg\" alt=\"\" width=\"300\" height=\"225\" srcset=\"https:\/\/xn--judo-lbben-feb.de\/wp-content\/uploads\/2012\/10\/DSC07306--300x225.jpg 300w, https:\/\/xn--judo-lbben-feb.de\/wp-content\/uploads\/2012\/10\/DSC07306--768x576.jpg 768w, https:\/\/xn--judo-lbben-feb.de\/wp-content\/uploads\/2012\/10\/DSC07306-.jpg 1024w\" sizes=\"auto, (max-width: 300px) 100vw, 300px\" \/><\/a> <a href=\"https:\/\/xn--judo-lbben-feb.de\/wp-content\/uploads\/2012\/10\/DSC07307-.jpg\"><img loading=\"lazy\" decoding=\"async\" class=\"alignnone size-medium wp-image-10670\" src=\"https:\/\/xn--judo-lbben-feb.de\/wp-content\/uploads\/2012\/10\/DSC07307--300x225.jpg\" alt=\"\" width=\"300\" height=\"225\" srcset=\"https:\/\/xn--judo-lbben-feb.de\/wp-content\/uploads\/2012\/10\/DSC07307--300x225.jpg 300w, https:\/\/xn--judo-lbben-feb.de\/wp-content\/uploads\/2012\/10\/DSC07307--768x576.jpg 768w, https:\/\/xn--judo-lbben-feb.de\/wp-content\/uploads\/2012\/10\/DSC07307-.jpg 1024w\" sizes=\"auto, (max-width: 300px) 100vw, 300px\" \/><\/a> <a href=\"https:\/\/xn--judo-lbben-feb.de\/wp-content\/uploads\/2012\/10\/DSC07308-.jpg\"><img loading=\"lazy\" decoding=\"async\" class=\"alignnone size-medium wp-image-10671\" src=\"https:\/\/xn--judo-lbben-feb.de\/wp-content\/uploads\/2012\/10\/DSC07308--300x225.jpg\" alt=\"\" width=\"300\" height=\"225\" srcset=\"https:\/\/xn--judo-lbben-feb.de\/wp-content\/uploads\/2012\/10\/DSC07308--300x225.jpg 300w, https:\/\/xn--judo-lbben-feb.de\/wp-content\/uploads\/2012\/10\/DSC07308--768x576.jpg 768w, https:\/\/xn--judo-lbben-feb.de\/wp-content\/uploads\/2012\/10\/DSC07308-.jpg 1024w\" sizes=\"auto, (max-width: 300px) 100vw, 300px\" \/><\/a> <a href=\"https:\/\/xn--judo-lbben-feb.de\/wp-content\/uploads\/2012\/10\/DSC07309-.jpg\"><img loading=\"lazy\" decoding=\"async\" class=\"alignnone size-medium wp-image-10672\" src=\"https:\/\/xn--judo-lbben-feb.de\/wp-content\/uploads\/2012\/10\/DSC07309--300x225.jpg\" alt=\"\" width=\"300\" height=\"225\" srcset=\"https:\/\/xn--judo-lbben-feb.de\/wp-content\/uploads\/2012\/10\/DSC07309--300x225.jpg 300w, https:\/\/xn--judo-lbben-feb.de\/wp-content\/uploads\/2012\/10\/DSC07309--768x576.jpg 768w, https:\/\/xn--judo-lbben-feb.de\/wp-content\/uploads\/2012\/10\/DSC07309-.jpg 1024w\" sizes=\"auto, (max-width: 300px) 100vw, 300px\" \/><\/a> <a href=\"https:\/\/xn--judo-lbben-feb.de\/wp-content\/uploads\/2012\/10\/DSC07310-.jpg\"><img loading=\"lazy\" decoding=\"async\" class=\"alignnone size-medium wp-image-10673\" src=\"https:\/\/xn--judo-lbben-feb.de\/wp-content\/uploads\/2012\/10\/DSC07310--300x225.jpg\" alt=\"\" width=\"300\" height=\"225\" srcset=\"https:\/\/xn--judo-lbben-feb.de\/wp-content\/uploads\/2012\/10\/DSC07310--300x225.jpg 300w, https:\/\/xn--judo-lbben-feb.de\/wp-content\/uploads\/2012\/10\/DSC07310--768x576.jpg 768w, https:\/\/xn--judo-lbben-feb.de\/wp-content\/uploads\/2012\/10\/DSC07310-.jpg 1024w\" sizes=\"auto, (max-width: 300px) 100vw, 300px\" \/><\/a> <a href=\"https:\/\/xn--judo-lbben-feb.de\/wp-content\/uploads\/2012\/10\/DSC07311-.jpg\"><img loading=\"lazy\" decoding=\"async\" class=\"alignnone size-medium wp-image-10674\" src=\"https:\/\/xn--judo-lbben-feb.de\/wp-content\/uploads\/2012\/10\/DSC07311--300x225.jpg\" alt=\"\" width=\"300\" height=\"225\" srcset=\"https:\/\/xn--judo-lbben-feb.de\/wp-content\/uploads\/2012\/10\/DSC07311--300x225.jpg 300w, https:\/\/xn--judo-lbben-feb.de\/wp-content\/uploads\/2012\/10\/DSC07311--768x576.jpg 768w, https:\/\/xn--judo-lbben-feb.de\/wp-content\/uploads\/2012\/10\/DSC07311-.jpg 1024w\" sizes=\"auto, (max-width: 300px) 100vw, 300px\" \/><\/a> <a href=\"https:\/\/xn--judo-lbben-feb.de\/wp-content\/uploads\/2012\/10\/DSC07312-.jpg\"><img loading=\"lazy\" decoding=\"async\" class=\"alignnone size-medium wp-image-10675\" src=\"https:\/\/xn--judo-lbben-feb.de\/wp-content\/uploads\/2012\/10\/DSC07312--300x225.jpg\" alt=\"\" width=\"300\" height=\"225\" srcset=\"https:\/\/xn--judo-lbben-feb.de\/wp-content\/uploads\/2012\/10\/DSC07312--300x225.jpg 300w, https:\/\/xn--judo-lbben-feb.de\/wp-content\/uploads\/2012\/10\/DSC07312--768x576.jpg 768w, https:\/\/xn--judo-lbben-feb.de\/wp-content\/uploads\/2012\/10\/DSC07312-.jpg 1024w\" sizes=\"auto, (max-width: 300px) 100vw, 300px\" \/><\/a> <a href=\"https:\/\/xn--judo-lbben-feb.de\/wp-content\/uploads\/2012\/10\/DSC07313-.jpg\"><img loading=\"lazy\" decoding=\"async\" class=\"alignnone size-medium wp-image-10676\" src=\"https:\/\/xn--judo-lbben-feb.de\/wp-content\/uploads\/2012\/10\/DSC07313--300x225.jpg\" alt=\"\" width=\"300\" height=\"225\" srcset=\"https:\/\/xn--judo-lbben-feb.de\/wp-content\/uploads\/2012\/10\/DSC07313--300x225.jpg 300w, https:\/\/xn--judo-lbben-feb.de\/wp-content\/uploads\/2012\/10\/DSC07313--768x576.jpg 768w, https:\/\/xn--judo-lbben-feb.de\/wp-content\/uploads\/2012\/10\/DSC07313-.jpg 1024w\" sizes=\"auto, (max-width: 300px) 100vw, 300px\" \/><\/a> <a href=\"https:\/\/xn--judo-lbben-feb.de\/wp-content\/uploads\/2012\/10\/DSC07314-.jpg\"><img loading=\"lazy\" decoding=\"async\" class=\"alignnone size-medium wp-image-10677\" src=\"https:\/\/xn--judo-lbben-feb.de\/wp-content\/uploads\/2012\/10\/DSC07314--300x225.jpg\" alt=\"\" width=\"300\" height=\"225\" srcset=\"https:\/\/xn--judo-lbben-feb.de\/wp-content\/uploads\/2012\/10\/DSC07314--300x225.jpg 300w, https:\/\/xn--judo-lbben-feb.de\/wp-content\/uploads\/2012\/10\/DSC07314--768x576.jpg 768w, https:\/\/xn--judo-lbben-feb.de\/wp-content\/uploads\/2012\/10\/DSC07314-.jpg 1024w\" sizes=\"auto, (max-width: 300px) 100vw, 300px\" \/><\/a> <a href=\"https:\/\/xn--judo-lbben-feb.de\/wp-content\/uploads\/2012\/10\/DSC07315-.jpg\"><img loading=\"lazy\" decoding=\"async\" class=\"alignnone size-medium wp-image-10678\" src=\"https:\/\/xn--judo-lbben-feb.de\/wp-content\/uploads\/2012\/10\/DSC07315--300x225.jpg\" alt=\"\" width=\"300\" height=\"225\" srcset=\"https:\/\/xn--judo-lbben-feb.de\/wp-content\/uploads\/2012\/10\/DSC07315--300x225.jpg 300w, https:\/\/xn--judo-lbben-feb.de\/wp-content\/uploads\/2012\/10\/DSC07315--768x576.jpg 768w, https:\/\/xn--judo-lbben-feb.de\/wp-content\/uploads\/2012\/10\/DSC07315-.jpg 1024w\" sizes=\"auto, (max-width: 300px) 100vw, 300px\" \/><\/a> <a href=\"https:\/\/xn--judo-lbben-feb.de\/wp-content\/uploads\/2012\/10\/DSC07316-.jpg\"><img loading=\"lazy\" decoding=\"async\" class=\"alignnone size-medium wp-image-10679\" src=\"https:\/\/xn--judo-lbben-feb.de\/wp-content\/uploads\/2012\/10\/DSC07316--300x225.jpg\" alt=\"\" width=\"300\" height=\"225\" srcset=\"https:\/\/xn--judo-lbben-feb.de\/wp-content\/uploads\/2012\/10\/DSC07316--300x225.jpg 300w, https:\/\/xn--judo-lbben-feb.de\/wp-content\/uploads\/2012\/10\/DSC07316--768x576.jpg 768w, https:\/\/xn--judo-lbben-feb.de\/wp-content\/uploads\/2012\/10\/DSC07316-.jpg 1024w\" sizes=\"auto, (max-width: 300px) 100vw, 300px\" \/><\/a> <a href=\"https:\/\/xn--judo-lbben-feb.de\/wp-content\/uploads\/2012\/10\/DSC07317-.jpg\"><img loading=\"lazy\" decoding=\"async\" class=\"alignnone size-medium wp-image-10680\" src=\"https:\/\/xn--judo-lbben-feb.de\/wp-content\/uploads\/2012\/10\/DSC07317--300x225.jpg\" alt=\"\" width=\"300\" height=\"225\" srcset=\"https:\/\/xn--judo-lbben-feb.de\/wp-content\/uploads\/2012\/10\/DSC07317--300x225.jpg 300w, https:\/\/xn--judo-lbben-feb.de\/wp-content\/uploads\/2012\/10\/DSC07317--768x576.jpg 768w, https:\/\/xn--judo-lbben-feb.de\/wp-content\/uploads\/2012\/10\/DSC07317-.jpg 1024w\" sizes=\"auto, (max-width: 300px) 100vw, 300px\" \/><\/a> <a href=\"https:\/\/xn--judo-lbben-feb.de\/wp-content\/uploads\/2012\/10\/DSC07318-.jpg\"><img loading=\"lazy\" decoding=\"async\" class=\"alignnone size-medium wp-image-10681\" src=\"https:\/\/xn--judo-lbben-feb.de\/wp-content\/uploads\/2012\/10\/DSC07318--300x225.jpg\" alt=\"\" width=\"300\" height=\"225\" srcset=\"https:\/\/xn--judo-lbben-feb.de\/wp-content\/uploads\/2012\/10\/DSC07318--300x225.jpg 300w, https:\/\/xn--judo-lbben-feb.de\/wp-content\/uploads\/2012\/10\/DSC07318--768x576.jpg 768w, https:\/\/xn--judo-lbben-feb.de\/wp-content\/uploads\/2012\/10\/DSC07318-.jpg 1024w\" sizes=\"auto, (max-width: 300px) 100vw, 300px\" \/><\/a> <a href=\"https:\/\/xn--judo-lbben-feb.de\/wp-content\/uploads\/2012\/10\/DSC07319-.jpg\"><img loading=\"lazy\" decoding=\"async\" class=\"alignnone size-medium wp-image-10682\" src=\"https:\/\/xn--judo-lbben-feb.de\/wp-content\/uploads\/2012\/10\/DSC07319--300x225.jpg\" alt=\"\" width=\"300\" height=\"225\" srcset=\"https:\/\/xn--judo-lbben-feb.de\/wp-content\/uploads\/2012\/10\/DSC07319--300x225.jpg 300w, https:\/\/xn--judo-lbben-feb.de\/wp-content\/uploads\/2012\/10\/DSC07319--768x576.jpg 768w, https:\/\/xn--judo-lbben-feb.de\/wp-content\/uploads\/2012\/10\/DSC07319-.jpg 1024w\" sizes=\"auto, (max-width: 300px) 100vw, 300px\" \/><\/a> <a href=\"https:\/\/xn--judo-lbben-feb.de\/wp-content\/uploads\/2012\/10\/DSC07320-.jpg\"><img loading=\"lazy\" decoding=\"async\" class=\"alignnone size-medium wp-image-10683\" src=\"https:\/\/xn--judo-lbben-feb.de\/wp-content\/uploads\/2012\/10\/DSC07320--300x225.jpg\" alt=\"\" width=\"300\" height=\"225\" srcset=\"https:\/\/xn--judo-lbben-feb.de\/wp-content\/uploads\/2012\/10\/DSC07320--300x225.jpg 300w, https:\/\/xn--judo-lbben-feb.de\/wp-content\/uploads\/2012\/10\/DSC07320--768x576.jpg 768w, https:\/\/xn--judo-lbben-feb.de\/wp-content\/uploads\/2012\/10\/DSC07320-.jpg 1024w\" sizes=\"auto, (max-width: 300px) 100vw, 300px\" \/><\/a> <a href=\"https:\/\/xn--judo-lbben-feb.de\/wp-content\/uploads\/2012\/10\/DSC07321-.jpg\"><img loading=\"lazy\" decoding=\"async\" class=\"alignnone size-medium wp-image-10684\" src=\"https:\/\/xn--judo-lbben-feb.de\/wp-content\/uploads\/2012\/10\/DSC07321--300x225.jpg\" alt=\"\" width=\"300\" height=\"225\" srcset=\"https:\/\/xn--judo-lbben-feb.de\/wp-content\/uploads\/2012\/10\/DSC07321--300x225.jpg 300w, https:\/\/xn--judo-lbben-feb.de\/wp-content\/uploads\/2012\/10\/DSC07321--768x576.jpg 768w, https:\/\/xn--judo-lbben-feb.de\/wp-content\/uploads\/2012\/10\/DSC07321-.jpg 1024w\" sizes=\"auto, (max-width: 300px) 100vw, 300px\" \/><\/a> <a href=\"https:\/\/xn--judo-lbben-feb.de\/wp-content\/uploads\/2012\/10\/DSC07323-.jpg\"><img loading=\"lazy\" decoding=\"async\" class=\"alignnone size-medium wp-image-10685\" src=\"https:\/\/xn--judo-lbben-feb.de\/wp-content\/uploads\/2012\/10\/DSC07323--300x225.jpg\" alt=\"\" width=\"300\" height=\"225\" srcset=\"https:\/\/xn--judo-lbben-feb.de\/wp-content\/uploads\/2012\/10\/DSC07323--300x225.jpg 300w, https:\/\/xn--judo-lbben-feb.de\/wp-content\/uploads\/2012\/10\/DSC07323--768x576.jpg 768w, https:\/\/xn--judo-lbben-feb.de\/wp-content\/uploads\/2012\/10\/DSC07323-.jpg 1024w\" sizes=\"auto, (max-width: 300px) 100vw, 300px\" \/><\/a> <a href=\"https:\/\/xn--judo-lbben-feb.de\/wp-content\/uploads\/2012\/10\/DSC07324-.jpg\"><img loading=\"lazy\" decoding=\"async\" class=\"alignnone size-medium wp-image-10686\" src=\"https:\/\/xn--judo-lbben-feb.de\/wp-content\/uploads\/2012\/10\/DSC07324--300x225.jpg\" alt=\"\" width=\"300\" height=\"225\" srcset=\"https:\/\/xn--judo-lbben-feb.de\/wp-content\/uploads\/2012\/10\/DSC07324--300x225.jpg 300w, https:\/\/xn--judo-lbben-feb.de\/wp-content\/uploads\/2012\/10\/DSC07324--768x576.jpg 768w, https:\/\/xn--judo-lbben-feb.de\/wp-content\/uploads\/2012\/10\/DSC07324-.jpg 1024w\" sizes=\"auto, (max-width: 300px) 100vw, 300px\" \/><\/a> <a href=\"https:\/\/xn--judo-lbben-feb.de\/wp-content\/uploads\/2012\/10\/DSC07326-.jpg\"><img loading=\"lazy\" decoding=\"async\" class=\"alignnone size-medium wp-image-10687\" src=\"https:\/\/xn--judo-lbben-feb.de\/wp-content\/uploads\/2012\/10\/DSC07326--300x225.jpg\" alt=\"\" width=\"300\" height=\"225\" srcset=\"https:\/\/xn--judo-lbben-feb.de\/wp-content\/uploads\/2012\/10\/DSC07326--300x225.jpg 300w, https:\/\/xn--judo-lbben-feb.de\/wp-content\/uploads\/2012\/10\/DSC07326--768x576.jpg 768w, https:\/\/xn--judo-lbben-feb.de\/wp-content\/uploads\/2012\/10\/DSC07326-.jpg 1024w\" sizes=\"auto, (max-width: 300px) 100vw, 300px\" \/><\/a> <a href=\"https:\/\/xn--judo-lbben-feb.de\/wp-content\/uploads\/2012\/10\/DSC07327-.jpg\"><img loading=\"lazy\" decoding=\"async\" class=\"alignnone size-medium wp-image-10688\" src=\"https:\/\/xn--judo-lbben-feb.de\/wp-content\/uploads\/2012\/10\/DSC07327--300x225.jpg\" alt=\"\" width=\"300\" height=\"225\" srcset=\"https:\/\/xn--judo-lbben-feb.de\/wp-content\/uploads\/2012\/10\/DSC07327--300x225.jpg 300w, https:\/\/xn--judo-lbben-feb.de\/wp-content\/uploads\/2012\/10\/DSC07327--768x576.jpg 768w, https:\/\/xn--judo-lbben-feb.de\/wp-content\/uploads\/2012\/10\/DSC07327-.jpg 1024w\" sizes=\"auto, (max-width: 300px) 100vw, 300px\" \/><\/a> <a href=\"https:\/\/xn--judo-lbben-feb.de\/wp-content\/uploads\/2012\/10\/DSC07328-.jpg\"><img loading=\"lazy\" decoding=\"async\" class=\"alignnone size-medium wp-image-10689\" src=\"https:\/\/xn--judo-lbben-feb.de\/wp-content\/uploads\/2012\/10\/DSC07328--300x225.jpg\" alt=\"\" width=\"300\" height=\"225\" srcset=\"https:\/\/xn--judo-lbben-feb.de\/wp-content\/uploads\/2012\/10\/DSC07328--300x225.jpg 300w, https:\/\/xn--judo-lbben-feb.de\/wp-content\/uploads\/2012\/10\/DSC07328--768x576.jpg 768w, https:\/\/xn--judo-lbben-feb.de\/wp-content\/uploads\/2012\/10\/DSC07328-.jpg 1024w\" sizes=\"auto, (max-width: 300px) 100vw, 300px\" \/><\/a> <a href=\"https:\/\/xn--judo-lbben-feb.de\/wp-content\/uploads\/2012\/10\/DSC07329-.jpg\"><img loading=\"lazy\" decoding=\"async\" class=\"alignnone size-medium wp-image-10690\" src=\"https:\/\/xn--judo-lbben-feb.de\/wp-content\/uploads\/2012\/10\/DSC07329--300x225.jpg\" alt=\"\" width=\"300\" height=\"225\" srcset=\"https:\/\/xn--judo-lbben-feb.de\/wp-content\/uploads\/2012\/10\/DSC07329--300x225.jpg 300w, https:\/\/xn--judo-lbben-feb.de\/wp-content\/uploads\/2012\/10\/DSC07329--768x576.jpg 768w, https:\/\/xn--judo-lbben-feb.de\/wp-content\/uploads\/2012\/10\/DSC07329-.jpg 1024w\" sizes=\"auto, (max-width: 300px) 100vw, 300px\" \/><\/a> <a href=\"https:\/\/xn--judo-lbben-feb.de\/wp-content\/uploads\/2012\/10\/DSC07330-.jpg\"><img loading=\"lazy\" decoding=\"async\" class=\"alignnone size-medium wp-image-10691\" src=\"https:\/\/xn--judo-lbben-feb.de\/wp-content\/uploads\/2012\/10\/DSC07330--300x225.jpg\" alt=\"\" width=\"300\" height=\"225\" srcset=\"https:\/\/xn--judo-lbben-feb.de\/wp-content\/uploads\/2012\/10\/DSC07330--300x225.jpg 300w, https:\/\/xn--judo-lbben-feb.de\/wp-content\/uploads\/2012\/10\/DSC07330--768x576.jpg 768w, https:\/\/xn--judo-lbben-feb.de\/wp-content\/uploads\/2012\/10\/DSC07330-.jpg 1024w\" sizes=\"auto, (max-width: 300px) 100vw, 300px\" \/><\/a> <a href=\"https:\/\/xn--judo-lbben-feb.de\/wp-content\/uploads\/2012\/10\/DSC07331-.jpg\"><img loading=\"lazy\" decoding=\"async\" class=\"alignnone size-medium wp-image-10692\" src=\"https:\/\/xn--judo-lbben-feb.de\/wp-content\/uploads\/2012\/10\/DSC07331--300x225.jpg\" alt=\"\" width=\"300\" height=\"225\" srcset=\"https:\/\/xn--judo-lbben-feb.de\/wp-content\/uploads\/2012\/10\/DSC07331--300x225.jpg 300w, https:\/\/xn--judo-lbben-feb.de\/wp-content\/uploads\/2012\/10\/DSC07331--768x576.jpg 768w, https:\/\/xn--judo-lbben-feb.de\/wp-content\/uploads\/2012\/10\/DSC07331-.jpg 1024w\" sizes=\"auto, (max-width: 300px) 100vw, 300px\" \/><\/a> <a href=\"https:\/\/xn--judo-lbben-feb.de\/wp-content\/uploads\/2012\/10\/DSC07332-.jpg\"><img loading=\"lazy\" decoding=\"async\" class=\"alignnone size-medium wp-image-10693\" src=\"https:\/\/xn--judo-lbben-feb.de\/wp-content\/uploads\/2012\/10\/DSC07332--300x225.jpg\" alt=\"\" width=\"300\" height=\"225\" srcset=\"https:\/\/xn--judo-lbben-feb.de\/wp-content\/uploads\/2012\/10\/DSC07332--300x225.jpg 300w, https:\/\/xn--judo-lbben-feb.de\/wp-content\/uploads\/2012\/10\/DSC07332--768x576.jpg 768w, https:\/\/xn--judo-lbben-feb.de\/wp-content\/uploads\/2012\/10\/DSC07332-.jpg 1024w\" sizes=\"auto, (max-width: 300px) 100vw, 300px\" \/><\/a> <a href=\"https:\/\/xn--judo-lbben-feb.de\/wp-content\/uploads\/2012\/10\/DSC07333-.jpg\"><img loading=\"lazy\" decoding=\"async\" class=\"alignnone size-medium wp-image-10694\" src=\"https:\/\/xn--judo-lbben-feb.de\/wp-content\/uploads\/2012\/10\/DSC07333--300x225.jpg\" alt=\"\" width=\"300\" height=\"225\" srcset=\"https:\/\/xn--judo-lbben-feb.de\/wp-content\/uploads\/2012\/10\/DSC07333--300x225.jpg 300w, https:\/\/xn--judo-lbben-feb.de\/wp-content\/uploads\/2012\/10\/DSC07333--768x576.jpg 768w, https:\/\/xn--judo-lbben-feb.de\/wp-content\/uploads\/2012\/10\/DSC07333-.jpg 1024w\" sizes=\"auto, (max-width: 300px) 100vw, 300px\" \/><\/a> <a href=\"https:\/\/xn--judo-lbben-feb.de\/wp-content\/uploads\/2012\/10\/DSC07334-.jpg\"><img loading=\"lazy\" decoding=\"async\" class=\"alignnone size-medium wp-image-10695\" src=\"https:\/\/xn--judo-lbben-feb.de\/wp-content\/uploads\/2012\/10\/DSC07334--300x225.jpg\" alt=\"\" width=\"300\" height=\"225\" srcset=\"https:\/\/xn--judo-lbben-feb.de\/wp-content\/uploads\/2012\/10\/DSC07334--300x225.jpg 300w, https:\/\/xn--judo-lbben-feb.de\/wp-content\/uploads\/2012\/10\/DSC07334--768x576.jpg 768w, https:\/\/xn--judo-lbben-feb.de\/wp-content\/uploads\/2012\/10\/DSC07334-.jpg 1024w\" sizes=\"auto, (max-width: 300px) 100vw, 300px\" \/><\/a> <a href=\"https:\/\/xn--judo-lbben-feb.de\/wp-content\/uploads\/2012\/10\/DSC07335-.jpg\"><img loading=\"lazy\" decoding=\"async\" class=\"alignnone size-medium wp-image-10696\" src=\"https:\/\/xn--judo-lbben-feb.de\/wp-content\/uploads\/2012\/10\/DSC07335--300x225.jpg\" alt=\"\" width=\"300\" height=\"225\" srcset=\"https:\/\/xn--judo-lbben-feb.de\/wp-content\/uploads\/2012\/10\/DSC07335--300x225.jpg 300w, https:\/\/xn--judo-lbben-feb.de\/wp-content\/uploads\/2012\/10\/DSC07335--768x576.jpg 768w, https:\/\/xn--judo-lbben-feb.de\/wp-content\/uploads\/2012\/10\/DSC07335-.jpg 1024w\" sizes=\"auto, (max-width: 300px) 100vw, 300px\" \/><\/a> <a href=\"https:\/\/xn--judo-lbben-feb.de\/wp-content\/uploads\/2012\/10\/DSC07336-.jpg\"><img loading=\"lazy\" decoding=\"async\" class=\"alignnone size-medium wp-image-10697\" src=\"https:\/\/xn--judo-lbben-feb.de\/wp-content\/uploads\/2012\/10\/DSC07336--300x225.jpg\" alt=\"\" width=\"300\" height=\"225\" srcset=\"https:\/\/xn--judo-lbben-feb.de\/wp-content\/uploads\/2012\/10\/DSC07336--300x225.jpg 300w, https:\/\/xn--judo-lbben-feb.de\/wp-content\/uploads\/2012\/10\/DSC07336--768x576.jpg 768w, https:\/\/xn--judo-lbben-feb.de\/wp-content\/uploads\/2012\/10\/DSC07336-.jpg 1024w\" sizes=\"auto, (max-width: 300px) 100vw, 300px\" \/><\/a> <a href=\"https:\/\/xn--judo-lbben-feb.de\/wp-content\/uploads\/2012\/10\/DSC07337-.jpg\"><img loading=\"lazy\" decoding=\"async\" class=\"alignnone size-medium wp-image-10698\" src=\"https:\/\/xn--judo-lbben-feb.de\/wp-content\/uploads\/2012\/10\/DSC07337--300x225.jpg\" alt=\"\" width=\"300\" height=\"225\" srcset=\"https:\/\/xn--judo-lbben-feb.de\/wp-content\/uploads\/2012\/10\/DSC07337--300x225.jpg 300w, https:\/\/xn--judo-lbben-feb.de\/wp-content\/uploads\/2012\/10\/DSC07337--768x576.jpg 768w, https:\/\/xn--judo-lbben-feb.de\/wp-content\/uploads\/2012\/10\/DSC07337-.jpg 1024w\" sizes=\"auto, (max-width: 300px) 100vw, 300px\" \/><\/a> <a href=\"https:\/\/xn--judo-lbben-feb.de\/wp-content\/uploads\/2012\/10\/DSC07338-.jpg\"><img loading=\"lazy\" decoding=\"async\" class=\"alignnone size-medium wp-image-10699\" src=\"https:\/\/xn--judo-lbben-feb.de\/wp-content\/uploads\/2012\/10\/DSC07338--300x225.jpg\" alt=\"\" width=\"300\" height=\"225\" srcset=\"https:\/\/xn--judo-lbben-feb.de\/wp-content\/uploads\/2012\/10\/DSC07338--300x225.jpg 300w, https:\/\/xn--judo-lbben-feb.de\/wp-content\/uploads\/2012\/10\/DSC07338--768x576.jpg 768w, https:\/\/xn--judo-lbben-feb.de\/wp-content\/uploads\/2012\/10\/DSC07338-.jpg 1024w\" sizes=\"auto, (max-width: 300px) 100vw, 300px\" \/><\/a> <a href=\"https:\/\/xn--judo-lbben-feb.de\/wp-content\/uploads\/2012\/10\/DSC07342-.jpg\"><img loading=\"lazy\" decoding=\"async\" class=\"alignnone size-medium wp-image-10700\" src=\"https:\/\/xn--judo-lbben-feb.de\/wp-content\/uploads\/2012\/10\/DSC07342--300x225.jpg\" alt=\"\" width=\"300\" height=\"225\" srcset=\"https:\/\/xn--judo-lbben-feb.de\/wp-content\/uploads\/2012\/10\/DSC07342--300x225.jpg 300w, https:\/\/xn--judo-lbben-feb.de\/wp-content\/uploads\/2012\/10\/DSC07342--768x576.jpg 768w, https:\/\/xn--judo-lbben-feb.de\/wp-content\/uploads\/2012\/10\/DSC07342-.jpg 1024w\" sizes=\"auto, (max-width: 300px) 100vw, 300px\" \/><\/a> <a href=\"https:\/\/xn--judo-lbben-feb.de\/wp-content\/uploads\/2012\/10\/DSC07344-.jpg\"><img loading=\"lazy\" decoding=\"async\" class=\"alignnone size-medium wp-image-10701\" src=\"https:\/\/xn--judo-lbben-feb.de\/wp-content\/uploads\/2012\/10\/DSC07344--300x225.jpg\" alt=\"\" width=\"300\" height=\"225\" srcset=\"https:\/\/xn--judo-lbben-feb.de\/wp-content\/uploads\/2012\/10\/DSC07344--300x225.jpg 300w, https:\/\/xn--judo-lbben-feb.de\/wp-content\/uploads\/2012\/10\/DSC07344--768x576.jpg 768w, https:\/\/xn--judo-lbben-feb.de\/wp-content\/uploads\/2012\/10\/DSC07344-.jpg 1024w\" sizes=\"auto, (max-width: 300px) 100vw, 300px\" \/><\/a> <a href=\"https:\/\/xn--judo-lbben-feb.de\/wp-content\/uploads\/2012\/10\/DSC07347-.jpg\"><img loading=\"lazy\" decoding=\"async\" class=\"alignnone size-medium wp-image-10702\" src=\"https:\/\/xn--judo-lbben-feb.de\/wp-content\/uploads\/2012\/10\/DSC07347--300x225.jpg\" alt=\"\" width=\"300\" height=\"225\" srcset=\"https:\/\/xn--judo-lbben-feb.de\/wp-content\/uploads\/2012\/10\/DSC07347--300x225.jpg 300w, https:\/\/xn--judo-lbben-feb.de\/wp-content\/uploads\/2012\/10\/DSC07347--768x576.jpg 768w, https:\/\/xn--judo-lbben-feb.de\/wp-content\/uploads\/2012\/10\/DSC07347-.jpg 1024w\" sizes=\"auto, (max-width: 300px) 100vw, 300px\" \/><\/a> <a href=\"https:\/\/xn--judo-lbben-feb.de\/wp-content\/uploads\/2012\/10\/DSC07348-.jpg\"><img loading=\"lazy\" decoding=\"async\" class=\"alignnone size-medium wp-image-10703\" src=\"https:\/\/xn--judo-lbben-feb.de\/wp-content\/uploads\/2012\/10\/DSC07348--300x225.jpg\" alt=\"\" width=\"300\" height=\"225\" srcset=\"https:\/\/xn--judo-lbben-feb.de\/wp-content\/uploads\/2012\/10\/DSC07348--300x225.jpg 300w, https:\/\/xn--judo-lbben-feb.de\/wp-content\/uploads\/2012\/10\/DSC07348--768x576.jpg 768w, https:\/\/xn--judo-lbben-feb.de\/wp-content\/uploads\/2012\/10\/DSC07348-.jpg 1024w\" sizes=\"auto, (max-width: 300px) 100vw, 300px\" \/><\/a> <a href=\"https:\/\/xn--judo-lbben-feb.de\/wp-content\/uploads\/2012\/10\/DSC07349-.jpg\"><img loading=\"lazy\" decoding=\"async\" class=\"alignnone size-medium wp-image-10704\" src=\"https:\/\/xn--judo-lbben-feb.de\/wp-content\/uploads\/2012\/10\/DSC07349--300x225.jpg\" alt=\"\" width=\"300\" height=\"225\" srcset=\"https:\/\/xn--judo-lbben-feb.de\/wp-content\/uploads\/2012\/10\/DSC07349--300x225.jpg 300w, https:\/\/xn--judo-lbben-feb.de\/wp-content\/uploads\/2012\/10\/DSC07349--768x576.jpg 768w, https:\/\/xn--judo-lbben-feb.de\/wp-content\/uploads\/2012\/10\/DSC07349-.jpg 1024w\" sizes=\"auto, (max-width: 300px) 100vw, 300px\" \/><\/a> <a href=\"https:\/\/xn--judo-lbben-feb.de\/wp-content\/uploads\/2012\/10\/DSC07350-.jpg\"><img loading=\"lazy\" decoding=\"async\" class=\"alignnone size-medium wp-image-10705\" src=\"https:\/\/xn--judo-lbben-feb.de\/wp-content\/uploads\/2012\/10\/DSC07350--300x225.jpg\" alt=\"\" width=\"300\" height=\"225\" srcset=\"https:\/\/xn--judo-lbben-feb.de\/wp-content\/uploads\/2012\/10\/DSC07350--300x225.jpg 300w, https:\/\/xn--judo-lbben-feb.de\/wp-content\/uploads\/2012\/10\/DSC07350--768x576.jpg 768w, https:\/\/xn--judo-lbben-feb.de\/wp-content\/uploads\/2012\/10\/DSC07350-.jpg 1024w\" sizes=\"auto, (max-width: 300px) 100vw, 300px\" \/><\/a> <a href=\"https:\/\/xn--judo-lbben-feb.de\/wp-content\/uploads\/2012\/10\/DSC07351-.jpg\"><img loading=\"lazy\" decoding=\"async\" class=\"alignnone size-medium wp-image-10706\" src=\"https:\/\/xn--judo-lbben-feb.de\/wp-content\/uploads\/2012\/10\/DSC07351--300x225.jpg\" alt=\"\" width=\"300\" height=\"225\" srcset=\"https:\/\/xn--judo-lbben-feb.de\/wp-content\/uploads\/2012\/10\/DSC07351--300x225.jpg 300w, https:\/\/xn--judo-lbben-feb.de\/wp-content\/uploads\/2012\/10\/DSC07351--768x576.jpg 768w, https:\/\/xn--judo-lbben-feb.de\/wp-content\/uploads\/2012\/10\/DSC07351-.jpg 1024w\" sizes=\"auto, (max-width: 300px) 100vw, 300px\" \/><\/a> <a href=\"https:\/\/xn--judo-lbben-feb.de\/wp-content\/uploads\/2012\/10\/DSC07353-.jpg\"><img loading=\"lazy\" decoding=\"async\" class=\"alignnone size-medium wp-image-10707\" src=\"https:\/\/xn--judo-lbben-feb.de\/wp-content\/uploads\/2012\/10\/DSC07353--300x225.jpg\" alt=\"\" width=\"300\" height=\"225\" srcset=\"https:\/\/xn--judo-lbben-feb.de\/wp-content\/uploads\/2012\/10\/DSC07353--300x225.jpg 300w, https:\/\/xn--judo-lbben-feb.de\/wp-content\/uploads\/2012\/10\/DSC07353--768x576.jpg 768w, https:\/\/xn--judo-lbben-feb.de\/wp-content\/uploads\/2012\/10\/DSC07353-.jpg 1024w\" sizes=\"auto, (max-width: 300px) 100vw, 300px\" \/><\/a> <a href=\"https:\/\/xn--judo-lbben-feb.de\/wp-content\/uploads\/2012\/10\/DSC07354-.jpg\"><img loading=\"lazy\" decoding=\"async\" class=\"alignnone size-medium wp-image-10708\" src=\"https:\/\/xn--judo-lbben-feb.de\/wp-content\/uploads\/2012\/10\/DSC07354--300x225.jpg\" alt=\"\" width=\"300\" height=\"225\" srcset=\"https:\/\/xn--judo-lbben-feb.de\/wp-content\/uploads\/2012\/10\/DSC07354--300x225.jpg 300w, https:\/\/xn--judo-lbben-feb.de\/wp-content\/uploads\/2012\/10\/DSC07354--768x576.jpg 768w, https:\/\/xn--judo-lbben-feb.de\/wp-content\/uploads\/2012\/10\/DSC07354-.jpg 1024w\" sizes=\"auto, (max-width: 300px) 100vw, 300px\" \/><\/a> <a href=\"https:\/\/xn--judo-lbben-feb.de\/wp-content\/uploads\/2012\/10\/DSC07355-.jpg\"><img loading=\"lazy\" decoding=\"async\" class=\"alignnone size-medium wp-image-10709\" src=\"https:\/\/xn--judo-lbben-feb.de\/wp-content\/uploads\/2012\/10\/DSC07355--300x225.jpg\" alt=\"\" width=\"300\" height=\"225\" srcset=\"https:\/\/xn--judo-lbben-feb.de\/wp-content\/uploads\/2012\/10\/DSC07355--300x225.jpg 300w, https:\/\/xn--judo-lbben-feb.de\/wp-content\/uploads\/2012\/10\/DSC07355--768x576.jpg 768w, https:\/\/xn--judo-lbben-feb.de\/wp-content\/uploads\/2012\/10\/DSC07355-.jpg 1024w\" sizes=\"auto, (max-width: 300px) 100vw, 300px\" \/><\/a> <a href=\"https:\/\/xn--judo-lbben-feb.de\/wp-content\/uploads\/2012\/10\/DSC07356-.jpg\"><img loading=\"lazy\" decoding=\"async\" class=\"alignnone size-medium wp-image-10710\" src=\"https:\/\/xn--judo-lbben-feb.de\/wp-content\/uploads\/2012\/10\/DSC07356--300x225.jpg\" alt=\"\" width=\"300\" height=\"225\" srcset=\"https:\/\/xn--judo-lbben-feb.de\/wp-content\/uploads\/2012\/10\/DSC07356--300x225.jpg 300w, https:\/\/xn--judo-lbben-feb.de\/wp-content\/uploads\/2012\/10\/DSC07356--768x576.jpg 768w, https:\/\/xn--judo-lbben-feb.de\/wp-content\/uploads\/2012\/10\/DSC07356-.jpg 1024w\" sizes=\"auto, (max-width: 300px) 100vw, 300px\" \/><\/a> <a href=\"https:\/\/xn--judo-lbben-feb.de\/wp-content\/uploads\/2012\/10\/DSC07357-.jpg\"><img loading=\"lazy\" decoding=\"async\" class=\"alignnone size-medium wp-image-10711\" src=\"https:\/\/xn--judo-lbben-feb.de\/wp-content\/uploads\/2012\/10\/DSC07357--300x225.jpg\" alt=\"\" width=\"300\" height=\"225\" srcset=\"https:\/\/xn--judo-lbben-feb.de\/wp-content\/uploads\/2012\/10\/DSC07357--300x225.jpg 300w, https:\/\/xn--judo-lbben-feb.de\/wp-content\/uploads\/2012\/10\/DSC07357--768x576.jpg 768w, https:\/\/xn--judo-lbben-feb.de\/wp-content\/uploads\/2012\/10\/DSC07357-.jpg 1024w\" sizes=\"auto, (max-width: 300px) 100vw, 300px\" \/><\/a> <a href=\"https:\/\/xn--judo-lbben-feb.de\/wp-content\/uploads\/2012\/10\/DSC07358-.jpg\"><img loading=\"lazy\" decoding=\"async\" class=\"alignnone size-medium wp-image-10712\" src=\"https:\/\/xn--judo-lbben-feb.de\/wp-content\/uploads\/2012\/10\/DSC07358--300x225.jpg\" alt=\"\" width=\"300\" height=\"225\" srcset=\"https:\/\/xn--judo-lbben-feb.de\/wp-content\/uploads\/2012\/10\/DSC07358--300x225.jpg 300w, https:\/\/xn--judo-lbben-feb.de\/wp-content\/uploads\/2012\/10\/DSC07358--768x576.jpg 768w, https:\/\/xn--judo-lbben-feb.de\/wp-content\/uploads\/2012\/10\/DSC07358-.jpg 1024w\" sizes=\"auto, (max-width: 300px) 100vw, 300px\" \/><\/a> <a href=\"https:\/\/xn--judo-lbben-feb.de\/wp-content\/uploads\/2012\/10\/DSC07359-.jpg\"><img loading=\"lazy\" decoding=\"async\" class=\"alignnone size-medium wp-image-10713\" src=\"https:\/\/xn--judo-lbben-feb.de\/wp-content\/uploads\/2012\/10\/DSC07359--300x225.jpg\" alt=\"\" width=\"300\" height=\"225\" srcset=\"https:\/\/xn--judo-lbben-feb.de\/wp-content\/uploads\/2012\/10\/DSC07359--300x225.jpg 300w, https:\/\/xn--judo-lbben-feb.de\/wp-content\/uploads\/2012\/10\/DSC07359--768x576.jpg 768w, https:\/\/xn--judo-lbben-feb.de\/wp-content\/uploads\/2012\/10\/DSC07359-.jpg 1024w\" sizes=\"auto, (max-width: 300px) 100vw, 300px\" \/><\/a> <a href=\"https:\/\/xn--judo-lbben-feb.de\/wp-content\/uploads\/2012\/10\/DSC07360-.jpg\"><img loading=\"lazy\" decoding=\"async\" class=\"alignnone size-medium wp-image-10714\" src=\"https:\/\/xn--judo-lbben-feb.de\/wp-content\/uploads\/2012\/10\/DSC07360--300x225.jpg\" alt=\"\" width=\"300\" height=\"225\" srcset=\"https:\/\/xn--judo-lbben-feb.de\/wp-content\/uploads\/2012\/10\/DSC07360--300x225.jpg 300w, https:\/\/xn--judo-lbben-feb.de\/wp-content\/uploads\/2012\/10\/DSC07360--768x576.jpg 768w, https:\/\/xn--judo-lbben-feb.de\/wp-content\/uploads\/2012\/10\/DSC07360-.jpg 1024w\" sizes=\"auto, (max-width: 300px) 100vw, 300px\" \/><\/a> <a href=\"https:\/\/xn--judo-lbben-feb.de\/wp-content\/uploads\/2012\/10\/DSC07361-.jpg\"><img loading=\"lazy\" decoding=\"async\" class=\"alignnone size-medium wp-image-10715\" src=\"https:\/\/xn--judo-lbben-feb.de\/wp-content\/uploads\/2012\/10\/DSC07361--300x225.jpg\" alt=\"\" width=\"300\" height=\"225\" srcset=\"https:\/\/xn--judo-lbben-feb.de\/wp-content\/uploads\/2012\/10\/DSC07361--300x225.jpg 300w, https:\/\/xn--judo-lbben-feb.de\/wp-content\/uploads\/2012\/10\/DSC07361--768x576.jpg 768w, https:\/\/xn--judo-lbben-feb.de\/wp-content\/uploads\/2012\/10\/DSC07361-.jpg 1024w\" sizes=\"auto, (max-width: 300px) 100vw, 300px\" \/><\/a> <a href=\"https:\/\/xn--judo-lbben-feb.de\/wp-content\/uploads\/2012\/10\/DSC07362-.jpg\"><img loading=\"lazy\" decoding=\"async\" class=\"alignnone size-medium wp-image-10716\" src=\"https:\/\/xn--judo-lbben-feb.de\/wp-content\/uploads\/2012\/10\/DSC07362--300x225.jpg\" alt=\"\" width=\"300\" height=\"225\" srcset=\"https:\/\/xn--judo-lbben-feb.de\/wp-content\/uploads\/2012\/10\/DSC07362--300x225.jpg 300w, https:\/\/xn--judo-lbben-feb.de\/wp-content\/uploads\/2012\/10\/DSC07362--768x576.jpg 768w, https:\/\/xn--judo-lbben-feb.de\/wp-content\/uploads\/2012\/10\/DSC07362-.jpg 1024w\" sizes=\"auto, (max-width: 300px) 100vw, 300px\" \/><\/a>\u00a0 <a href=\"https:\/\/xn--judo-lbben-feb.de\/wp-content\/uploads\/2012\/10\/DSC07364-.jpg\"><img loading=\"lazy\" decoding=\"async\" class=\"alignnone size-medium wp-image-10718\" src=\"https:\/\/xn--judo-lbben-feb.de\/wp-content\/uploads\/2012\/10\/DSC07364--300x225.jpg\" alt=\"\" width=\"300\" height=\"225\" srcset=\"https:\/\/xn--judo-lbben-feb.de\/wp-content\/uploads\/2012\/10\/DSC07364--300x225.jpg 300w, https:\/\/xn--judo-lbben-feb.de\/wp-content\/uploads\/2012\/10\/DSC07364--768x576.jpg 768w, https:\/\/xn--judo-lbben-feb.de\/wp-content\/uploads\/2012\/10\/DSC07364-.jpg 1024w\" sizes=\"auto, (max-width: 300px) 100vw, 300px\" \/><\/a> <a href=\"https:\/\/xn--judo-lbben-feb.de\/wp-content\/uploads\/2012\/10\/DSC07365-.jpg\"><img loading=\"lazy\" decoding=\"async\" class=\"alignnone size-medium wp-image-10719\" src=\"https:\/\/xn--judo-lbben-feb.de\/wp-content\/uploads\/2012\/10\/DSC07365--300x225.jpg\" alt=\"\" width=\"300\" height=\"225\" srcset=\"https:\/\/xn--judo-lbben-feb.de\/wp-content\/uploads\/2012\/10\/DSC07365--300x225.jpg 300w, https:\/\/xn--judo-lbben-feb.de\/wp-content\/uploads\/2012\/10\/DSC07365--768x576.jpg 768w, https:\/\/xn--judo-lbben-feb.de\/wp-content\/uploads\/2012\/10\/DSC07365-.jpg 1024w\" sizes=\"auto, (max-width: 300px) 100vw, 300px\" \/><\/a> <a href=\"https:\/\/xn--judo-lbben-feb.de\/wp-content\/uploads\/2012\/10\/DSC07366-.jpg\"><img loading=\"lazy\" decoding=\"async\" class=\"alignnone size-medium wp-image-10720\" src=\"https:\/\/xn--judo-lbben-feb.de\/wp-content\/uploads\/2012\/10\/DSC07366--300x225.jpg\" alt=\"\" width=\"300\" height=\"225\" srcset=\"https:\/\/xn--judo-lbben-feb.de\/wp-content\/uploads\/2012\/10\/DSC07366--300x225.jpg 300w, https:\/\/xn--judo-lbben-feb.de\/wp-content\/uploads\/2012\/10\/DSC07366--768x576.jpg 768w, https:\/\/xn--judo-lbben-feb.de\/wp-content\/uploads\/2012\/10\/DSC07366-.jpg 1024w\" sizes=\"auto, (max-width: 300px) 100vw, 300px\" \/><\/a> <a href=\"https:\/\/xn--judo-lbben-feb.de\/wp-content\/uploads\/2012\/10\/DSC07367-.jpg\"><img loading=\"lazy\" decoding=\"async\" class=\"alignnone size-medium wp-image-10721\" src=\"https:\/\/xn--judo-lbben-feb.de\/wp-content\/uploads\/2012\/10\/DSC07367--300x225.jpg\" alt=\"\" width=\"300\" height=\"225\" srcset=\"https:\/\/xn--judo-lbben-feb.de\/wp-content\/uploads\/2012\/10\/DSC07367--300x225.jpg 300w, https:\/\/xn--judo-lbben-feb.de\/wp-content\/uploads\/2012\/10\/DSC07367--768x576.jpg 768w, https:\/\/xn--judo-lbben-feb.de\/wp-content\/uploads\/2012\/10\/DSC07367-.jpg 1024w\" sizes=\"auto, (max-width: 300px) 100vw, 300px\" \/><\/a> <a href=\"https:\/\/xn--judo-lbben-feb.de\/wp-content\/uploads\/2012\/10\/DSC07368-.jpg\"><img loading=\"lazy\" decoding=\"async\" class=\"alignnone size-medium wp-image-10722\" src=\"https:\/\/xn--judo-lbben-feb.de\/wp-content\/uploads\/2012\/10\/DSC07368--300x225.jpg\" alt=\"\" width=\"300\" height=\"225\" srcset=\"https:\/\/xn--judo-lbben-feb.de\/wp-content\/uploads\/2012\/10\/DSC07368--300x225.jpg 300w, https:\/\/xn--judo-lbben-feb.de\/wp-content\/uploads\/2012\/10\/DSC07368--768x576.jpg 768w, https:\/\/xn--judo-lbben-feb.de\/wp-content\/uploads\/2012\/10\/DSC07368-.jpg 1024w\" sizes=\"auto, (max-width: 300px) 100vw, 300px\" \/><\/a> <a href=\"https:\/\/xn--judo-lbben-feb.de\/wp-content\/uploads\/2012\/10\/DSC07369-.jpg\"><img loading=\"lazy\" decoding=\"async\" class=\"alignnone size-medium wp-image-10723\" src=\"https:\/\/xn--judo-lbben-feb.de\/wp-content\/uploads\/2012\/10\/DSC07369--300x225.jpg\" alt=\"\" width=\"300\" height=\"225\" srcset=\"https:\/\/xn--judo-lbben-feb.de\/wp-content\/uploads\/2012\/10\/DSC07369--300x225.jpg 300w, https:\/\/xn--judo-lbben-feb.de\/wp-content\/uploads\/2012\/10\/DSC07369--768x576.jpg 768w, https:\/\/xn--judo-lbben-feb.de\/wp-content\/uploads\/2012\/10\/DSC07369-.jpg 1024w\" sizes=\"auto, (max-width: 300px) 100vw, 300px\" \/><\/a> <a href=\"https:\/\/xn--judo-lbben-feb.de\/wp-content\/uploads\/2012\/10\/DSC07370-.jpg\"><img loading=\"lazy\" decoding=\"async\" class=\"alignnone size-medium wp-image-10724\" src=\"https:\/\/xn--judo-lbben-feb.de\/wp-content\/uploads\/2012\/10\/DSC07370--300x225.jpg\" alt=\"\" width=\"300\" height=\"225\" srcset=\"https:\/\/xn--judo-lbben-feb.de\/wp-content\/uploads\/2012\/10\/DSC07370--300x225.jpg 300w, https:\/\/xn--judo-lbben-feb.de\/wp-content\/uploads\/2012\/10\/DSC07370--768x576.jpg 768w, https:\/\/xn--judo-lbben-feb.de\/wp-content\/uploads\/2012\/10\/DSC07370-.jpg 1024w\" sizes=\"auto, (max-width: 300px) 100vw, 300px\" \/><\/a> <a href=\"https:\/\/xn--judo-lbben-feb.de\/wp-content\/uploads\/2012\/10\/DSC07371-.jpg\"><img loading=\"lazy\" decoding=\"async\" class=\"alignnone size-medium wp-image-10725\" src=\"https:\/\/xn--judo-lbben-feb.de\/wp-content\/uploads\/2012\/10\/DSC07371--300x225.jpg\" alt=\"\" width=\"300\" height=\"225\" srcset=\"https:\/\/xn--judo-lbben-feb.de\/wp-content\/uploads\/2012\/10\/DSC07371--300x225.jpg 300w, https:\/\/xn--judo-lbben-feb.de\/wp-content\/uploads\/2012\/10\/DSC07371--768x576.jpg 768w, https:\/\/xn--judo-lbben-feb.de\/wp-content\/uploads\/2012\/10\/DSC07371-.jpg 1024w\" sizes=\"auto, (max-width: 300px) 100vw, 300px\" \/><\/a> <a href=\"https:\/\/xn--judo-lbben-feb.de\/wp-content\/uploads\/2012\/10\/DSC07372-.jpg\"><img loading=\"lazy\" decoding=\"async\" class=\"alignnone size-medium wp-image-10726\" src=\"https:\/\/xn--judo-lbben-feb.de\/wp-content\/uploads\/2012\/10\/DSC07372--300x225.jpg\" alt=\"\" width=\"300\" height=\"225\" srcset=\"https:\/\/xn--judo-lbben-feb.de\/wp-content\/uploads\/2012\/10\/DSC07372--300x225.jpg 300w, https:\/\/xn--judo-lbben-feb.de\/wp-content\/uploads\/2012\/10\/DSC07372--768x576.jpg 768w, https:\/\/xn--judo-lbben-feb.de\/wp-content\/uploads\/2012\/10\/DSC07372-.jpg 1024w\" sizes=\"auto, (max-width: 300px) 100vw, 300px\" \/><\/a> <a href=\"https:\/\/xn--judo-lbben-feb.de\/wp-content\/uploads\/2012\/10\/DSC07373-.jpg\"><img loading=\"lazy\" decoding=\"async\" class=\"alignnone size-medium wp-image-10727\" src=\"https:\/\/xn--judo-lbben-feb.de\/wp-content\/uploads\/2012\/10\/DSC07373--300x225.jpg\" alt=\"\" width=\"300\" height=\"225\" srcset=\"https:\/\/xn--judo-lbben-feb.de\/wp-content\/uploads\/2012\/10\/DSC07373--300x225.jpg 300w, https:\/\/xn--judo-lbben-feb.de\/wp-content\/uploads\/2012\/10\/DSC07373--768x576.jpg 768w, https:\/\/xn--judo-lbben-feb.de\/wp-content\/uploads\/2012\/10\/DSC07373-.jpg 1024w\" sizes=\"auto, (max-width: 300px) 100vw, 300px\" \/><\/a> <a href=\"https:\/\/xn--judo-lbben-feb.de\/wp-content\/uploads\/2012\/10\/DSC07374-.jpg\"><img loading=\"lazy\" decoding=\"async\" class=\"alignnone size-medium wp-image-10728\" src=\"https:\/\/xn--judo-lbben-feb.de\/wp-content\/uploads\/2012\/10\/DSC07374--300x225.jpg\" alt=\"\" width=\"300\" height=\"225\" srcset=\"https:\/\/xn--judo-lbben-feb.de\/wp-content\/uploads\/2012\/10\/DSC07374--300x225.jpg 300w, https:\/\/xn--judo-lbben-feb.de\/wp-content\/uploads\/2012\/10\/DSC07374--768x576.jpg 768w, https:\/\/xn--judo-lbben-feb.de\/wp-content\/uploads\/2012\/10\/DSC07374-.jpg 1024w\" sizes=\"auto, (max-width: 300px) 100vw, 300px\" \/><\/a> <a href=\"https:\/\/xn--judo-lbben-feb.de\/wp-content\/uploads\/2012\/10\/DSC07375-.jpg\"><img loading=\"lazy\" decoding=\"async\" class=\"alignnone size-medium wp-image-10729\" src=\"https:\/\/xn--judo-lbben-feb.de\/wp-content\/uploads\/2012\/10\/DSC07375--300x225.jpg\" alt=\"\" width=\"300\" height=\"225\" srcset=\"https:\/\/xn--judo-lbben-feb.de\/wp-content\/uploads\/2012\/10\/DSC07375--300x225.jpg 300w, https:\/\/xn--judo-lbben-feb.de\/wp-content\/uploads\/2012\/10\/DSC07375--768x576.jpg 768w, https:\/\/xn--judo-lbben-feb.de\/wp-content\/uploads\/2012\/10\/DSC07375-.jpg 1024w\" sizes=\"auto, (max-width: 300px) 100vw, 300px\" \/><\/a> <a href=\"https:\/\/xn--judo-lbben-feb.de\/wp-content\/uploads\/2012\/10\/DSC07376-.jpg\"><img loading=\"lazy\" decoding=\"async\" class=\"alignnone size-medium wp-image-10730\" src=\"https:\/\/xn--judo-lbben-feb.de\/wp-content\/uploads\/2012\/10\/DSC07376--300x225.jpg\" alt=\"\" width=\"300\" height=\"225\" srcset=\"https:\/\/xn--judo-lbben-feb.de\/wp-content\/uploads\/2012\/10\/DSC07376--300x225.jpg 300w, https:\/\/xn--judo-lbben-feb.de\/wp-content\/uploads\/2012\/10\/DSC07376--768x576.jpg 768w, https:\/\/xn--judo-lbben-feb.de\/wp-content\/uploads\/2012\/10\/DSC07376-.jpg 1024w\" sizes=\"auto, (max-width: 300px) 100vw, 300px\" \/><\/a> <a href=\"https:\/\/xn--judo-lbben-feb.de\/wp-content\/uploads\/2012\/10\/DSC07377-.jpg\"><img loading=\"lazy\" decoding=\"async\" class=\"alignnone size-medium wp-image-10731\" src=\"https:\/\/xn--judo-lbben-feb.de\/wp-content\/uploads\/2012\/10\/DSC07377--300x225.jpg\" alt=\"\" width=\"300\" height=\"225\" srcset=\"https:\/\/xn--judo-lbben-feb.de\/wp-content\/uploads\/2012\/10\/DSC07377--300x225.jpg 300w, https:\/\/xn--judo-lbben-feb.de\/wp-content\/uploads\/2012\/10\/DSC07377--768x576.jpg 768w, https:\/\/xn--judo-lbben-feb.de\/wp-content\/uploads\/2012\/10\/DSC07377-.jpg 1024w\" sizes=\"auto, (max-width: 300px) 100vw, 300px\" \/><\/a> <a href=\"https:\/\/xn--judo-lbben-feb.de\/wp-content\/uploads\/2012\/10\/DSC07378-.jpg\"><img loading=\"lazy\" decoding=\"async\" class=\"alignnone size-medium wp-image-10732\" src=\"https:\/\/xn--judo-lbben-feb.de\/wp-content\/uploads\/2012\/10\/DSC07378--300x225.jpg\" alt=\"\" width=\"300\" height=\"225\" srcset=\"https:\/\/xn--judo-lbben-feb.de\/wp-content\/uploads\/2012\/10\/DSC07378--300x225.jpg 300w, https:\/\/xn--judo-lbben-feb.de\/wp-content\/uploads\/2012\/10\/DSC07378--768x576.jpg 768w, https:\/\/xn--judo-lbben-feb.de\/wp-content\/uploads\/2012\/10\/DSC07378-.jpg 1024w\" sizes=\"auto, (max-width: 300px) 100vw, 300px\" \/><\/a> <a href=\"https:\/\/xn--judo-lbben-feb.de\/wp-content\/uploads\/2012\/10\/DSC07379-.jpg\"><img loading=\"lazy\" decoding=\"async\" class=\"alignnone size-medium wp-image-10733\" src=\"https:\/\/xn--judo-lbben-feb.de\/wp-content\/uploads\/2012\/10\/DSC07379--300x225.jpg\" alt=\"\" width=\"300\" height=\"225\" srcset=\"https:\/\/xn--judo-lbben-feb.de\/wp-content\/uploads\/2012\/10\/DSC07379--300x225.jpg 300w, https:\/\/xn--judo-lbben-feb.de\/wp-content\/uploads\/2012\/10\/DSC07379--768x576.jpg 768w, https:\/\/xn--judo-lbben-feb.de\/wp-content\/uploads\/2012\/10\/DSC07379-.jpg 1024w\" sizes=\"auto, (max-width: 300px) 100vw, 300px\" \/><\/a> <a href=\"https:\/\/xn--judo-lbben-feb.de\/wp-content\/uploads\/2012\/10\/DSC07380-.jpg\"><img loading=\"lazy\" decoding=\"async\" class=\"alignnone size-medium wp-image-10734\" src=\"https:\/\/xn--judo-lbben-feb.de\/wp-content\/uploads\/2012\/10\/DSC07380--300x225.jpg\" alt=\"\" width=\"300\" height=\"225\" srcset=\"https:\/\/xn--judo-lbben-feb.de\/wp-content\/uploads\/2012\/10\/DSC07380--300x225.jpg 300w, https:\/\/xn--judo-lbben-feb.de\/wp-content\/uploads\/2012\/10\/DSC07380--768x576.jpg 768w, https:\/\/xn--judo-lbben-feb.de\/wp-content\/uploads\/2012\/10\/DSC07380-.jpg 1024w\" sizes=\"auto, (max-width: 300px) 100vw, 300px\" \/><\/a> <a href=\"https:\/\/xn--judo-lbben-feb.de\/wp-content\/uploads\/2012\/10\/DSC07381-.jpg\"><img loading=\"lazy\" decoding=\"async\" class=\"alignnone size-medium wp-image-10735\" src=\"https:\/\/xn--judo-lbben-feb.de\/wp-content\/uploads\/2012\/10\/DSC07381--300x225.jpg\" alt=\"\" width=\"300\" height=\"225\" srcset=\"https:\/\/xn--judo-lbben-feb.de\/wp-content\/uploads\/2012\/10\/DSC07381--300x225.jpg 300w, https:\/\/xn--judo-lbben-feb.de\/wp-content\/uploads\/2012\/10\/DSC07381--768x576.jpg 768w, https:\/\/xn--judo-lbben-feb.de\/wp-content\/uploads\/2012\/10\/DSC07381-.jpg 1024w\" sizes=\"auto, (max-width: 300px) 100vw, 300px\" \/><\/a><\/p>\n<p style=\"text-align: center;\"><a href=\"https:\/\/xn--judo-lbben-feb.de\/wp-content\/uploads\/2012\/10\/DSC07363-.jpg\"><img loading=\"lazy\" decoding=\"async\" class=\"alignnone size-full wp-image-10717\" src=\"https:\/\/xn--judo-lbben-feb.de\/wp-content\/uploads\/2012\/10\/DSC07363-.jpg\" alt=\"\" width=\"3492\" height=\"768\" srcset=\"https:\/\/xn--judo-lbben-feb.de\/wp-content\/uploads\/2012\/10\/DSC07363-.jpg 3492w, https:\/\/xn--judo-lbben-feb.de\/wp-content\/uploads\/2012\/10\/DSC07363--300x66.jpg 300w, https:\/\/xn--judo-lbben-feb.de\/wp-content\/uploads\/2012\/10\/DSC07363--768x169.jpg 768w, https:\/\/xn--judo-lbben-feb.de\/wp-content\/uploads\/2012\/10\/DSC07363--1024x225.jpg 1024w\" sizes=\"auto, (max-width: 3492px) 100vw, 3492px\" \/><\/a><\/p>\n<p style=\"text-align: center;\"><strong>Ferienfahrt nach Ueckerm\u00fcnde<\/strong><\/p>\n<p style=\"text-align: center;\"><span style=\"text-decoration: underline;\">Tag 1<\/span><\/p>\n<p style=\"text-align: center;\">Heute ging es nun endlich los, die Ferienfahrt nach Ueckerm\u00fcnde startete wie vereinbart p\u00fcnktlich um 09:30 Uhr ab unserer Turnhalle. Nach einer kurzen Fahrt machten wir den geplanten Stop am Schiffshebewerk Niederfinow. Es waren doch alle sehr begeistert von diesem Bauwerk. Eine 2-st\u00fcndige Bootsfahrt sollte folgen, dabei wurden wir jeweils einmal hoch und wieder runter gehoben. Nach der Fahrt kamen wir bei den sommerlichen Temperaturen nat\u00fcrlich nicht am Eisstand vorbei.<\/p>\n<p style=\"text-align: center;\"><a href=\"https:\/\/xn--judo-lbben-feb.de\/wp-content\/uploads\/2012\/10\/DSC06443-.jpg\"><img loading=\"lazy\" decoding=\"async\" class=\"alignnone size-full wp-image-10080\" src=\"https:\/\/xn--judo-lbben-feb.de\/wp-content\/uploads\/2012\/10\/DSC06443-.jpg\" alt=\"DSC06443\" width=\"3492\" height=\"768\" srcset=\"https:\/\/xn--judo-lbben-feb.de\/wp-content\/uploads\/2012\/10\/DSC06443-.jpg 3492w, https:\/\/xn--judo-lbben-feb.de\/wp-content\/uploads\/2012\/10\/DSC06443--300x66.jpg 300w, https:\/\/xn--judo-lbben-feb.de\/wp-content\/uploads\/2012\/10\/DSC06443--768x169.jpg 768w, https:\/\/xn--judo-lbben-feb.de\/wp-content\/uploads\/2012\/10\/DSC06443--1024x225.jpg 1024w\" sizes=\"auto, (max-width: 3492px) 100vw, 3492px\" \/><\/a><\/p>\n<p style=\"text-align: center;\"><a href=\"https:\/\/xn--judo-lbben-feb.de\/wp-content\/uploads\/2016\/07\/DSC06433-.jpg\"><img loading=\"lazy\" decoding=\"async\" class=\"alignnone size-medium wp-image-10092\" src=\"https:\/\/xn--judo-lbben-feb.de\/wp-content\/uploads\/2016\/07\/DSC06433--300x225.jpg\" alt=\"DSC06433\" width=\"300\" height=\"225\" srcset=\"https:\/\/xn--judo-lbben-feb.de\/wp-content\/uploads\/2016\/07\/DSC06433--300x225.jpg 300w, https:\/\/xn--judo-lbben-feb.de\/wp-content\/uploads\/2016\/07\/DSC06433--768x576.jpg 768w, https:\/\/xn--judo-lbben-feb.de\/wp-content\/uploads\/2016\/07\/DSC06433-.jpg 1024w\" sizes=\"auto, (max-width: 300px) 100vw, 300px\" \/><\/a> <a href=\"https:\/\/xn--judo-lbben-feb.de\/wp-content\/uploads\/2016\/07\/DSC06446-.jpg\"><img loading=\"lazy\" decoding=\"async\" class=\"alignnone size-medium wp-image-10091\" src=\"https:\/\/xn--judo-lbben-feb.de\/wp-content\/uploads\/2016\/07\/DSC06446--300x225.jpg\" alt=\"DSC06446\" width=\"300\" height=\"225\" srcset=\"https:\/\/xn--judo-lbben-feb.de\/wp-content\/uploads\/2016\/07\/DSC06446--300x225.jpg 300w, https:\/\/xn--judo-lbben-feb.de\/wp-content\/uploads\/2016\/07\/DSC06446--768x576.jpg 768w, https:\/\/xn--judo-lbben-feb.de\/wp-content\/uploads\/2016\/07\/DSC06446-.jpg 1024w\" sizes=\"auto, (max-width: 300px) 100vw, 300px\" \/><\/a> <a href=\"https:\/\/xn--judo-lbben-feb.de\/wp-content\/uploads\/2016\/07\/DSC06431-.jpg\"><img loading=\"lazy\" decoding=\"async\" class=\"alignnone size-medium wp-image-10090\" src=\"https:\/\/xn--judo-lbben-feb.de\/wp-content\/uploads\/2016\/07\/DSC06431--300x225.jpg\" alt=\"DSC06431\" width=\"300\" height=\"225\" srcset=\"https:\/\/xn--judo-lbben-feb.de\/wp-content\/uploads\/2016\/07\/DSC06431--300x225.jpg 300w, https:\/\/xn--judo-lbben-feb.de\/wp-content\/uploads\/2016\/07\/DSC06431--768x576.jpg 768w, https:\/\/xn--judo-lbben-feb.de\/wp-content\/uploads\/2016\/07\/DSC06431-.jpg 1024w\" sizes=\"auto, (max-width: 300px) 100vw, 300px\" \/><\/a> <a href=\"https:\/\/xn--judo-lbben-feb.de\/wp-content\/uploads\/2016\/07\/DSC06430-.jpg\"><img loading=\"lazy\" decoding=\"async\" class=\"alignnone size-medium wp-image-10089\" src=\"https:\/\/xn--judo-lbben-feb.de\/wp-content\/uploads\/2016\/07\/DSC06430--300x225.jpg\" alt=\"DSC06430\" width=\"300\" height=\"225\" srcset=\"https:\/\/xn--judo-lbben-feb.de\/wp-content\/uploads\/2016\/07\/DSC06430--300x225.jpg 300w, https:\/\/xn--judo-lbben-feb.de\/wp-content\/uploads\/2016\/07\/DSC06430--768x576.jpg 768w, https:\/\/xn--judo-lbben-feb.de\/wp-content\/uploads\/2016\/07\/DSC06430-.jpg 1024w\" sizes=\"auto, (max-width: 300px) 100vw, 300px\" \/><\/a> <a href=\"https:\/\/xn--judo-lbben-feb.de\/wp-content\/uploads\/2016\/07\/DSC06429-.jpg\"><img loading=\"lazy\" decoding=\"async\" class=\"alignnone size-medium wp-image-10088\" src=\"https:\/\/xn--judo-lbben-feb.de\/wp-content\/uploads\/2016\/07\/DSC06429--300x225.jpg\" alt=\"DSC06429\" width=\"300\" height=\"225\" srcset=\"https:\/\/xn--judo-lbben-feb.de\/wp-content\/uploads\/2016\/07\/DSC06429--300x225.jpg 300w, https:\/\/xn--judo-lbben-feb.de\/wp-content\/uploads\/2016\/07\/DSC06429--768x576.jpg 768w, https:\/\/xn--judo-lbben-feb.de\/wp-content\/uploads\/2016\/07\/DSC06429-.jpg 1024w\" sizes=\"auto, (max-width: 300px) 100vw, 300px\" \/><\/a> <a href=\"https:\/\/xn--judo-lbben-feb.de\/wp-content\/uploads\/2016\/07\/DSC06425-1-1.jpg\"><img loading=\"lazy\" decoding=\"async\" class=\"alignnone size-medium wp-image-10084\" src=\"https:\/\/xn--judo-lbben-feb.de\/wp-content\/uploads\/2016\/07\/DSC06425-1-1-300x225.jpg\" alt=\"DSC06425\" width=\"300\" height=\"225\" srcset=\"https:\/\/xn--judo-lbben-feb.de\/wp-content\/uploads\/2016\/07\/DSC06425-1-1-300x225.jpg 300w, https:\/\/xn--judo-lbben-feb.de\/wp-content\/uploads\/2016\/07\/DSC06425-1-1-768x576.jpg 768w, https:\/\/xn--judo-lbben-feb.de\/wp-content\/uploads\/2016\/07\/DSC06425-1-1.jpg 1024w\" sizes=\"auto, (max-width: 300px) 100vw, 300px\" \/><\/a> <a href=\"https:\/\/xn--judo-lbben-feb.de\/wp-content\/uploads\/2016\/07\/DSC06426-.jpg\"><img loading=\"lazy\" decoding=\"async\" class=\"alignnone size-medium wp-image-10085\" src=\"https:\/\/xn--judo-lbben-feb.de\/wp-content\/uploads\/2016\/07\/DSC06426--300x225.jpg\" alt=\"DSC06426\" width=\"300\" height=\"225\" srcset=\"https:\/\/xn--judo-lbben-feb.de\/wp-content\/uploads\/2016\/07\/DSC06426--300x225.jpg 300w, https:\/\/xn--judo-lbben-feb.de\/wp-content\/uploads\/2016\/07\/DSC06426--768x576.jpg 768w, https:\/\/xn--judo-lbben-feb.de\/wp-content\/uploads\/2016\/07\/DSC06426-.jpg 1024w\" sizes=\"auto, (max-width: 300px) 100vw, 300px\" \/><\/a> <a href=\"https:\/\/xn--judo-lbben-feb.de\/wp-content\/uploads\/2016\/07\/DSC06427-.jpg\"><img loading=\"lazy\" decoding=\"async\" class=\"alignnone size-medium wp-image-10086\" src=\"https:\/\/xn--judo-lbben-feb.de\/wp-content\/uploads\/2016\/07\/DSC06427--300x225.jpg\" alt=\"DSC06427\" width=\"300\" height=\"225\" srcset=\"https:\/\/xn--judo-lbben-feb.de\/wp-content\/uploads\/2016\/07\/DSC06427--300x225.jpg 300w, https:\/\/xn--judo-lbben-feb.de\/wp-content\/uploads\/2016\/07\/DSC06427--768x576.jpg 768w, https:\/\/xn--judo-lbben-feb.de\/wp-content\/uploads\/2016\/07\/DSC06427-.jpg 1024w\" sizes=\"auto, (max-width: 300px) 100vw, 300px\" \/><\/a> <a href=\"https:\/\/xn--judo-lbben-feb.de\/wp-content\/uploads\/2016\/07\/DSC06428-.jpg\"><img loading=\"lazy\" decoding=\"async\" class=\"alignnone size-medium wp-image-10087\" src=\"https:\/\/xn--judo-lbben-feb.de\/wp-content\/uploads\/2016\/07\/DSC06428--300x225.jpg\" alt=\"DSC06428\" width=\"300\" height=\"225\" srcset=\"https:\/\/xn--judo-lbben-feb.de\/wp-content\/uploads\/2016\/07\/DSC06428--300x225.jpg 300w, https:\/\/xn--judo-lbben-feb.de\/wp-content\/uploads\/2016\/07\/DSC06428--768x576.jpg 768w, https:\/\/xn--judo-lbben-feb.de\/wp-content\/uploads\/2016\/07\/DSC06428-.jpg 1024w\" sizes=\"auto, (max-width: 300px) 100vw, 300px\" \/><\/a><\/p>\n<p style=\"text-align: center;\">Gegen 17:00 Uhr bezogen wir unsere Zimmer in der JH Ueckerm\u00fcnde, nach dem Abendbrot ging es auf Wunsch der Kinder erstmals an den Strand.<\/p>\n<p style=\"text-align: center;\"><a href=\"https:\/\/xn--judo-lbben-feb.de\/wp-content\/uploads\/2012\/10\/IMG-20160723-WA0000-.jpg\"><img loading=\"lazy\" decoding=\"async\" class=\"alignnone size-medium wp-image-10095\" src=\"https:\/\/xn--judo-lbben-feb.de\/wp-content\/uploads\/2012\/10\/IMG-20160723-WA0000--300x300.jpg\" alt=\"IMG-20160723-WA0000\" width=\"300\" height=\"300\" srcset=\"https:\/\/xn--judo-lbben-feb.de\/wp-content\/uploads\/2012\/10\/IMG-20160723-WA0000--300x300.jpg 300w, https:\/\/xn--judo-lbben-feb.de\/wp-content\/uploads\/2012\/10\/IMG-20160723-WA0000--150x150.jpg 150w, https:\/\/xn--judo-lbben-feb.de\/wp-content\/uploads\/2012\/10\/IMG-20160723-WA0000--768x767.jpg 768w, https:\/\/xn--judo-lbben-feb.de\/wp-content\/uploads\/2012\/10\/IMG-20160723-WA0000-.jpg 1024w, https:\/\/xn--judo-lbben-feb.de\/wp-content\/uploads\/2012\/10\/IMG-20160723-WA0000--80x80.jpg 80w, https:\/\/xn--judo-lbben-feb.de\/wp-content\/uploads\/2012\/10\/IMG-20160723-WA0000--200x200.jpg 200w\" sizes=\"auto, (max-width: 300px) 100vw, 300px\" \/><\/a> <a href=\"https:\/\/xn--judo-lbben-feb.de\/wp-content\/uploads\/2012\/10\/IMG-20160723-WA0001-.jpg\"><img loading=\"lazy\" decoding=\"async\" class=\"alignnone size-medium wp-image-10096\" src=\"https:\/\/xn--judo-lbben-feb.de\/wp-content\/uploads\/2012\/10\/IMG-20160723-WA0001--300x300.jpg\" alt=\"IMG-20160723-WA0001\" width=\"300\" height=\"300\" srcset=\"https:\/\/xn--judo-lbben-feb.de\/wp-content\/uploads\/2012\/10\/IMG-20160723-WA0001--300x300.jpg 300w, https:\/\/xn--judo-lbben-feb.de\/wp-content\/uploads\/2012\/10\/IMG-20160723-WA0001--150x150.jpg 150w, https:\/\/xn--judo-lbben-feb.de\/wp-content\/uploads\/2012\/10\/IMG-20160723-WA0001--768x767.jpg 768w, https:\/\/xn--judo-lbben-feb.de\/wp-content\/uploads\/2012\/10\/IMG-20160723-WA0001-.jpg 1024w, https:\/\/xn--judo-lbben-feb.de\/wp-content\/uploads\/2012\/10\/IMG-20160723-WA0001--80x80.jpg 80w, https:\/\/xn--judo-lbben-feb.de\/wp-content\/uploads\/2012\/10\/IMG-20160723-WA0001--200x200.jpg 200w\" sizes=\"auto, (max-width: 300px) 100vw, 300px\" \/><\/a> <a href=\"https:\/\/xn--judo-lbben-feb.de\/wp-content\/uploads\/2012\/10\/IMG-20160723-WA0002-.jpg\"><img loading=\"lazy\" decoding=\"async\" class=\"alignnone size-medium wp-image-10097\" src=\"https:\/\/xn--judo-lbben-feb.de\/wp-content\/uploads\/2012\/10\/IMG-20160723-WA0002--300x300.jpg\" alt=\"IMG-20160723-WA0002\" width=\"300\" height=\"300\" srcset=\"https:\/\/xn--judo-lbben-feb.de\/wp-content\/uploads\/2012\/10\/IMG-20160723-WA0002--300x300.jpg 300w, https:\/\/xn--judo-lbben-feb.de\/wp-content\/uploads\/2012\/10\/IMG-20160723-WA0002--150x150.jpg 150w, https:\/\/xn--judo-lbben-feb.de\/wp-content\/uploads\/2012\/10\/IMG-20160723-WA0002--768x767.jpg 768w, https:\/\/xn--judo-lbben-feb.de\/wp-content\/uploads\/2012\/10\/IMG-20160723-WA0002-.jpg 1024w, https:\/\/xn--judo-lbben-feb.de\/wp-content\/uploads\/2012\/10\/IMG-20160723-WA0002--80x80.jpg 80w, https:\/\/xn--judo-lbben-feb.de\/wp-content\/uploads\/2012\/10\/IMG-20160723-WA0002--200x200.jpg 200w\" sizes=\"auto, (max-width: 300px) 100vw, 300px\" \/><\/a><\/p>\n<p style=\"text-align: center;\"><span style=\"text-decoration: underline;\">Tag 2<\/span><\/p>\n<p style=\"text-align: center;\">Am heutigen 2. Tag starteten wir um 08:00 Uhr mit dem gemeinsamen Fr\u00fchst\u00fcck. Ab 10:00 Uhr ging es dann los, Ziel war das Zentrum von Ueckerm\u00fcnde. Laut Auskunft sollte der Fu\u00dfmarsch ca. 45 min dauern, wer uns kennt ahnt aber das es wieder etwas l\u00e4nger dauern w\u00fcrde, so sind wir nach knapp 2. Std angekommen.<\/p>\n<p style=\"text-align: center;\"><a href=\"https:\/\/xn--judo-lbben-feb.de\/wp-content\/uploads\/2012\/10\/DSC06450-.jpg\"><img loading=\"lazy\" decoding=\"async\" class=\"alignnone size-medium wp-image-10100\" src=\"https:\/\/xn--judo-lbben-feb.de\/wp-content\/uploads\/2012\/10\/DSC06450--300x225.jpg\" alt=\"DSC06450\" width=\"300\" height=\"225\" srcset=\"https:\/\/xn--judo-lbben-feb.de\/wp-content\/uploads\/2012\/10\/DSC06450--300x225.jpg 300w, https:\/\/xn--judo-lbben-feb.de\/wp-content\/uploads\/2012\/10\/DSC06450--768x576.jpg 768w, https:\/\/xn--judo-lbben-feb.de\/wp-content\/uploads\/2012\/10\/DSC06450-.jpg 1024w\" sizes=\"auto, (max-width: 300px) 100vw, 300px\" \/><\/a> <a href=\"https:\/\/xn--judo-lbben-feb.de\/wp-content\/uploads\/2012\/10\/DSC06454-.jpg\"><img loading=\"lazy\" decoding=\"async\" class=\"alignnone size-medium wp-image-10102\" src=\"https:\/\/xn--judo-lbben-feb.de\/wp-content\/uploads\/2012\/10\/DSC06454--300x225.jpg\" alt=\"DSC06454\" width=\"300\" height=\"225\" srcset=\"https:\/\/xn--judo-lbben-feb.de\/wp-content\/uploads\/2012\/10\/DSC06454--300x225.jpg 300w, https:\/\/xn--judo-lbben-feb.de\/wp-content\/uploads\/2012\/10\/DSC06454--768x576.jpg 768w, https:\/\/xn--judo-lbben-feb.de\/wp-content\/uploads\/2012\/10\/DSC06454-.jpg 1024w\" sizes=\"auto, (max-width: 300px) 100vw, 300px\" \/> <\/a><a href=\"https:\/\/xn--judo-lbben-feb.de\/wp-content\/uploads\/2012\/10\/DSC06453-.jpg\"><img loading=\"lazy\" decoding=\"async\" class=\"alignnone size-medium wp-image-10101\" src=\"https:\/\/xn--judo-lbben-feb.de\/wp-content\/uploads\/2012\/10\/DSC06453--300x225.jpg\" alt=\"DSC06453\" width=\"300\" height=\"225\" srcset=\"https:\/\/xn--judo-lbben-feb.de\/wp-content\/uploads\/2012\/10\/DSC06453--300x225.jpg 300w, https:\/\/xn--judo-lbben-feb.de\/wp-content\/uploads\/2012\/10\/DSC06453--768x576.jpg 768w, https:\/\/xn--judo-lbben-feb.de\/wp-content\/uploads\/2012\/10\/DSC06453-.jpg 1024w\" sizes=\"auto, (max-width: 300px) 100vw, 300px\" \/><\/a><\/p>\n<p style=\"text-align: center;\">Zu gro\u00dfer Freude fast aller entdeckten wir umgehnd einen Fischkutter, so machten wir erstmal eine Stunde Mittagspause bei leckeren Fischbr\u00f6tchen.<\/p>\n<p style=\"text-align: center;\"><a href=\"https:\/\/xn--judo-lbben-feb.de\/wp-content\/uploads\/2012\/10\/DSC06456-.jpg\"><img loading=\"lazy\" decoding=\"async\" class=\"alignnone size-large wp-image-10103\" src=\"https:\/\/xn--judo-lbben-feb.de\/wp-content\/uploads\/2012\/10\/DSC06456--1024x768.jpg\" alt=\"DSC06456\" width=\"598\" height=\"449\" srcset=\"https:\/\/xn--judo-lbben-feb.de\/wp-content\/uploads\/2012\/10\/DSC06456-.jpg 1024w, https:\/\/xn--judo-lbben-feb.de\/wp-content\/uploads\/2012\/10\/DSC06456--300x225.jpg 300w, https:\/\/xn--judo-lbben-feb.de\/wp-content\/uploads\/2012\/10\/DSC06456--768x576.jpg 768w\" sizes=\"auto, (max-width: 598px) 100vw, 598px\" \/><\/a><\/p>\n<p style=\"text-align: center;\">Nach der Pause hatten alle etwas Freizeit, bevor es \u00fcber eine alte Br\u00fccke und weiter auf dem M\u00e4rchenpfad zum Strand ging.<\/p>\n<p style=\"text-align: center;\"><a href=\"https:\/\/xn--judo-lbben-feb.de\/wp-content\/uploads\/2012\/10\/DSC06458-.jpg\"><img loading=\"lazy\" decoding=\"async\" class=\"alignnone size-medium wp-image-10104\" src=\"https:\/\/xn--judo-lbben-feb.de\/wp-content\/uploads\/2012\/10\/DSC06458--300x225.jpg\" alt=\"DSC06458\" width=\"300\" height=\"225\" srcset=\"https:\/\/xn--judo-lbben-feb.de\/wp-content\/uploads\/2012\/10\/DSC06458--300x225.jpg 300w, https:\/\/xn--judo-lbben-feb.de\/wp-content\/uploads\/2012\/10\/DSC06458--768x576.jpg 768w, https:\/\/xn--judo-lbben-feb.de\/wp-content\/uploads\/2012\/10\/DSC06458-.jpg 1024w\" sizes=\"auto, (max-width: 300px) 100vw, 300px\" \/><\/a> <a href=\"https:\/\/xn--judo-lbben-feb.de\/wp-content\/uploads\/2012\/10\/DSC06459-.jpg\"><img loading=\"lazy\" decoding=\"async\" class=\"alignnone size-medium wp-image-10105\" src=\"https:\/\/xn--judo-lbben-feb.de\/wp-content\/uploads\/2012\/10\/DSC06459--300x225.jpg\" alt=\"DSC06459\" width=\"300\" height=\"225\" srcset=\"https:\/\/xn--judo-lbben-feb.de\/wp-content\/uploads\/2012\/10\/DSC06459--300x225.jpg 300w, https:\/\/xn--judo-lbben-feb.de\/wp-content\/uploads\/2012\/10\/DSC06459--768x576.jpg 768w, https:\/\/xn--judo-lbben-feb.de\/wp-content\/uploads\/2012\/10\/DSC06459-.jpg 1024w\" sizes=\"auto, (max-width: 300px) 100vw, 300px\" \/><\/a> <a href=\"https:\/\/xn--judo-lbben-feb.de\/wp-content\/uploads\/2012\/10\/DSC06460-.jpg\"><img loading=\"lazy\" decoding=\"async\" class=\"alignnone size-medium wp-image-10106\" src=\"https:\/\/xn--judo-lbben-feb.de\/wp-content\/uploads\/2012\/10\/DSC06460--300x225.jpg\" alt=\"DSC06460\" width=\"300\" height=\"225\" srcset=\"https:\/\/xn--judo-lbben-feb.de\/wp-content\/uploads\/2012\/10\/DSC06460--300x225.jpg 300w, https:\/\/xn--judo-lbben-feb.de\/wp-content\/uploads\/2012\/10\/DSC06460--768x576.jpg 768w, https:\/\/xn--judo-lbben-feb.de\/wp-content\/uploads\/2012\/10\/DSC06460-.jpg 1024w\" sizes=\"auto, (max-width: 300px) 100vw, 300px\" \/><\/a> <a href=\"https:\/\/xn--judo-lbben-feb.de\/wp-content\/uploads\/2012\/10\/DSC06462-.jpg\"><img loading=\"lazy\" decoding=\"async\" class=\"alignnone size-medium wp-image-10107\" src=\"https:\/\/xn--judo-lbben-feb.de\/wp-content\/uploads\/2012\/10\/DSC06462--300x225.jpg\" alt=\"DSC06462\" width=\"300\" height=\"225\" srcset=\"https:\/\/xn--judo-lbben-feb.de\/wp-content\/uploads\/2012\/10\/DSC06462--300x225.jpg 300w, https:\/\/xn--judo-lbben-feb.de\/wp-content\/uploads\/2012\/10\/DSC06462--768x576.jpg 768w, https:\/\/xn--judo-lbben-feb.de\/wp-content\/uploads\/2012\/10\/DSC06462-.jpg 1024w\" sizes=\"auto, (max-width: 300px) 100vw, 300px\" \/><\/a> <a href=\"https:\/\/xn--judo-lbben-feb.de\/wp-content\/uploads\/2012\/10\/DSC06463-.jpg\"><img loading=\"lazy\" decoding=\"async\" class=\"alignnone size-medium wp-image-10108\" src=\"https:\/\/xn--judo-lbben-feb.de\/wp-content\/uploads\/2012\/10\/DSC06463--300x225.jpg\" alt=\"DSC06463\" width=\"300\" height=\"225\" srcset=\"https:\/\/xn--judo-lbben-feb.de\/wp-content\/uploads\/2012\/10\/DSC06463--300x225.jpg 300w, https:\/\/xn--judo-lbben-feb.de\/wp-content\/uploads\/2012\/10\/DSC06463--768x576.jpg 768w, https:\/\/xn--judo-lbben-feb.de\/wp-content\/uploads\/2012\/10\/DSC06463-.jpg 1024w\" sizes=\"auto, (max-width: 300px) 100vw, 300px\" \/><\/a> <a href=\"https:\/\/xn--judo-lbben-feb.de\/wp-content\/uploads\/2012\/10\/DSC06465-.jpg\"><img loading=\"lazy\" decoding=\"async\" class=\"alignnone size-medium wp-image-10109\" src=\"https:\/\/xn--judo-lbben-feb.de\/wp-content\/uploads\/2012\/10\/DSC06465--300x225.jpg\" alt=\"DSC06465\" width=\"300\" height=\"225\" srcset=\"https:\/\/xn--judo-lbben-feb.de\/wp-content\/uploads\/2012\/10\/DSC06465--300x225.jpg 300w, https:\/\/xn--judo-lbben-feb.de\/wp-content\/uploads\/2012\/10\/DSC06465--768x576.jpg 768w, https:\/\/xn--judo-lbben-feb.de\/wp-content\/uploads\/2012\/10\/DSC06465-.jpg 1024w\" sizes=\"auto, (max-width: 300px) 100vw, 300px\" \/><\/a><\/p>\n<p style=\"text-align: center;\">Nat\u00fcrlich st\u00fcrzten sich alle erstmal in die Fluten, bevor Carina auf die Idee kam, mit der Banane zu fahren. Kaum war die Idee geboren, waren zwei Fahrten gebucht.<\/p>\n<p style=\"text-align: center;\"><a href=\"https:\/\/xn--judo-lbben-feb.de\/wp-content\/uploads\/2012\/10\/DSC06472-.jpg\"><img loading=\"lazy\" decoding=\"async\" class=\"alignnone size-medium wp-image-10110\" src=\"https:\/\/xn--judo-lbben-feb.de\/wp-content\/uploads\/2012\/10\/DSC06472--300x225.jpg\" alt=\"DSC06472\" width=\"300\" height=\"225\" srcset=\"https:\/\/xn--judo-lbben-feb.de\/wp-content\/uploads\/2012\/10\/DSC06472--300x225.jpg 300w, https:\/\/xn--judo-lbben-feb.de\/wp-content\/uploads\/2012\/10\/DSC06472--768x576.jpg 768w, https:\/\/xn--judo-lbben-feb.de\/wp-content\/uploads\/2012\/10\/DSC06472-.jpg 1024w\" sizes=\"auto, (max-width: 300px) 100vw, 300px\" \/><\/a> <a href=\"https:\/\/xn--judo-lbben-feb.de\/wp-content\/uploads\/2012\/10\/DSC06501-.jpg\"><img loading=\"lazy\" decoding=\"async\" class=\"alignnone size-medium wp-image-10111\" src=\"https:\/\/xn--judo-lbben-feb.de\/wp-content\/uploads\/2012\/10\/DSC06501--300x225.jpg\" alt=\"DSC06501\" width=\"300\" height=\"225\" srcset=\"https:\/\/xn--judo-lbben-feb.de\/wp-content\/uploads\/2012\/10\/DSC06501--300x225.jpg 300w, https:\/\/xn--judo-lbben-feb.de\/wp-content\/uploads\/2012\/10\/DSC06501--768x576.jpg 768w, https:\/\/xn--judo-lbben-feb.de\/wp-content\/uploads\/2012\/10\/DSC06501-.jpg 1024w\" sizes=\"auto, (max-width: 300px) 100vw, 300px\" \/><\/a> <a href=\"https:\/\/xn--judo-lbben-feb.de\/wp-content\/uploads\/2012\/10\/DSC06509-.jpg\"><img loading=\"lazy\" decoding=\"async\" class=\"alignnone size-medium wp-image-10112\" src=\"https:\/\/xn--judo-lbben-feb.de\/wp-content\/uploads\/2012\/10\/DSC06509--300x225.jpg\" alt=\"DSC06509\" width=\"300\" height=\"225\" srcset=\"https:\/\/xn--judo-lbben-feb.de\/wp-content\/uploads\/2012\/10\/DSC06509--300x225.jpg 300w, https:\/\/xn--judo-lbben-feb.de\/wp-content\/uploads\/2012\/10\/DSC06509--768x576.jpg 768w, https:\/\/xn--judo-lbben-feb.de\/wp-content\/uploads\/2012\/10\/DSC06509-.jpg 1024w\" sizes=\"auto, (max-width: 300px) 100vw, 300px\" \/><\/a><\/p>\n<p style=\"text-align: center;\">Nur eine konnte sich auf der Banane halten, Svenja war nicht ins Wasser zu bekommen.<\/p>\n<p style=\"text-align: center;\"><a href=\"https:\/\/xn--judo-lbben-feb.de\/wp-content\/uploads\/2012\/10\/DSC06481-.jpg\"><img loading=\"lazy\" decoding=\"async\" class=\"alignnone size-full wp-image-10113\" src=\"https:\/\/xn--judo-lbben-feb.de\/wp-content\/uploads\/2012\/10\/DSC06481-.jpg\" alt=\"DSC06481\" width=\"1024\" height=\"768\" srcset=\"https:\/\/xn--judo-lbben-feb.de\/wp-content\/uploads\/2012\/10\/DSC06481-.jpg 1024w, https:\/\/xn--judo-lbben-feb.de\/wp-content\/uploads\/2012\/10\/DSC06481--300x225.jpg 300w, https:\/\/xn--judo-lbben-feb.de\/wp-content\/uploads\/2012\/10\/DSC06481--768x576.jpg 768w\" sizes=\"auto, (max-width: 1024px) 100vw, 1024px\" \/><\/a><\/p>\n<p style=\"text-align: center;\">Anschlie\u00dfend wurde Miriam zu Wasser getragen, sie hat wohl &#8222;drum gebettelt&#8220;.<\/p>\n<p style=\"text-align: center;\"><a href=\"https:\/\/xn--judo-lbben-feb.de\/wp-content\/uploads\/2012\/10\/DSC06513-.jpg\"><img loading=\"lazy\" decoding=\"async\" class=\"alignnone size-medium wp-image-10115\" src=\"https:\/\/xn--judo-lbben-feb.de\/wp-content\/uploads\/2012\/10\/DSC06513--300x225.jpg\" alt=\"DSC06513\" width=\"300\" height=\"225\" srcset=\"https:\/\/xn--judo-lbben-feb.de\/wp-content\/uploads\/2012\/10\/DSC06513--300x225.jpg 300w, https:\/\/xn--judo-lbben-feb.de\/wp-content\/uploads\/2012\/10\/DSC06513--768x576.jpg 768w, https:\/\/xn--judo-lbben-feb.de\/wp-content\/uploads\/2012\/10\/DSC06513-.jpg 1024w\" sizes=\"auto, (max-width: 300px) 100vw, 300px\" \/><\/a> <a href=\"https:\/\/xn--judo-lbben-feb.de\/wp-content\/uploads\/2012\/10\/DSC06514-.jpg\"><img loading=\"lazy\" decoding=\"async\" class=\"alignnone size-medium wp-image-10116\" src=\"https:\/\/xn--judo-lbben-feb.de\/wp-content\/uploads\/2012\/10\/DSC06514--300x225.jpg\" alt=\"DSC06514\" width=\"300\" height=\"225\" srcset=\"https:\/\/xn--judo-lbben-feb.de\/wp-content\/uploads\/2012\/10\/DSC06514--300x225.jpg 300w, https:\/\/xn--judo-lbben-feb.de\/wp-content\/uploads\/2012\/10\/DSC06514--768x576.jpg 768w, https:\/\/xn--judo-lbben-feb.de\/wp-content\/uploads\/2012\/10\/DSC06514-.jpg 1024w\" sizes=\"auto, (max-width: 300px) 100vw, 300px\" \/><\/a><\/p>\n<p style=\"text-align: center;\">Auf das obligatorische Volleyballspiel wurde nat\u00fcrlich nicht verzichtet.<\/p>\n<p style=\"text-align: center;\"><a href=\"https:\/\/xn--judo-lbben-feb.de\/wp-content\/uploads\/2012\/10\/DSC06518-.jpg\"><img loading=\"lazy\" decoding=\"async\" class=\"alignnone size-medium wp-image-10119\" src=\"https:\/\/xn--judo-lbben-feb.de\/wp-content\/uploads\/2012\/10\/DSC06518--300x225.jpg\" alt=\"DSC06518\" width=\"300\" height=\"225\" srcset=\"https:\/\/xn--judo-lbben-feb.de\/wp-content\/uploads\/2012\/10\/DSC06518--300x225.jpg 300w, https:\/\/xn--judo-lbben-feb.de\/wp-content\/uploads\/2012\/10\/DSC06518--768x576.jpg 768w, https:\/\/xn--judo-lbben-feb.de\/wp-content\/uploads\/2012\/10\/DSC06518-.jpg 1024w\" sizes=\"auto, (max-width: 300px) 100vw, 300px\" \/><\/a> <a href=\"https:\/\/xn--judo-lbben-feb.de\/wp-content\/uploads\/2012\/10\/DSC06517-.jpg\"><img loading=\"lazy\" decoding=\"async\" class=\"alignnone size-medium wp-image-10118\" src=\"https:\/\/xn--judo-lbben-feb.de\/wp-content\/uploads\/2012\/10\/DSC06517--300x225.jpg\" alt=\"DSC06517\" width=\"300\" height=\"225\" srcset=\"https:\/\/xn--judo-lbben-feb.de\/wp-content\/uploads\/2012\/10\/DSC06517--300x225.jpg 300w, https:\/\/xn--judo-lbben-feb.de\/wp-content\/uploads\/2012\/10\/DSC06517--768x576.jpg 768w, https:\/\/xn--judo-lbben-feb.de\/wp-content\/uploads\/2012\/10\/DSC06517-.jpg 1024w\" sizes=\"auto, (max-width: 300px) 100vw, 300px\" \/><\/a> <a href=\"https:\/\/xn--judo-lbben-feb.de\/wp-content\/uploads\/2012\/10\/DSC06515-.jpg\"><img loading=\"lazy\" decoding=\"async\" class=\"alignnone size-medium wp-image-10117\" src=\"https:\/\/xn--judo-lbben-feb.de\/wp-content\/uploads\/2012\/10\/DSC06515--300x225.jpg\" alt=\"DSC06515\" width=\"300\" height=\"225\" srcset=\"https:\/\/xn--judo-lbben-feb.de\/wp-content\/uploads\/2012\/10\/DSC06515--300x225.jpg 300w, https:\/\/xn--judo-lbben-feb.de\/wp-content\/uploads\/2012\/10\/DSC06515--768x576.jpg 768w, https:\/\/xn--judo-lbben-feb.de\/wp-content\/uploads\/2012\/10\/DSC06515-.jpg 1024w\" sizes=\"auto, (max-width: 300px) 100vw, 300px\" \/><\/a><\/p>\n<p style=\"text-align: center;\"><span style=\"text-decoration: underline;\">Tag 3<\/span><\/p>\n<p style=\"text-align: center;\">Das Wetter lockte uns heute bei strahlendem Sonnenschein an den Strand, der Spa\u00df war wieder allen anzusehen.<\/p>\n<p style=\"text-align: center;\"><a href=\"https:\/\/xn--judo-lbben-feb.de\/wp-content\/uploads\/2012\/10\/IMG-20160725-WA0005-.jpg\"><img loading=\"lazy\" decoding=\"async\" class=\"alignnone size-medium wp-image-10122\" src=\"https:\/\/xn--judo-lbben-feb.de\/wp-content\/uploads\/2012\/10\/IMG-20160725-WA0005--300x300.jpg\" alt=\"IMG-20160725-WA0005\" width=\"300\" height=\"300\" srcset=\"https:\/\/xn--judo-lbben-feb.de\/wp-content\/uploads\/2012\/10\/IMG-20160725-WA0005--300x300.jpg 300w, https:\/\/xn--judo-lbben-feb.de\/wp-content\/uploads\/2012\/10\/IMG-20160725-WA0005--150x150.jpg 150w, https:\/\/xn--judo-lbben-feb.de\/wp-content\/uploads\/2012\/10\/IMG-20160725-WA0005--768x767.jpg 768w, https:\/\/xn--judo-lbben-feb.de\/wp-content\/uploads\/2012\/10\/IMG-20160725-WA0005-.jpg 1024w, https:\/\/xn--judo-lbben-feb.de\/wp-content\/uploads\/2012\/10\/IMG-20160725-WA0005--80x80.jpg 80w, https:\/\/xn--judo-lbben-feb.de\/wp-content\/uploads\/2012\/10\/IMG-20160725-WA0005--200x200.jpg 200w\" sizes=\"auto, (max-width: 300px) 100vw, 300px\" \/><\/a> <a href=\"https:\/\/xn--judo-lbben-feb.de\/wp-content\/uploads\/2012\/10\/IMG-20160725-WA0006-.jpg\"><img loading=\"lazy\" decoding=\"async\" class=\"alignnone size-medium wp-image-10123\" src=\"https:\/\/xn--judo-lbben-feb.de\/wp-content\/uploads\/2012\/10\/IMG-20160725-WA0006--300x300.jpg\" alt=\"IMG-20160725-WA0006\" width=\"300\" height=\"300\" srcset=\"https:\/\/xn--judo-lbben-feb.de\/wp-content\/uploads\/2012\/10\/IMG-20160725-WA0006--300x300.jpg 300w, https:\/\/xn--judo-lbben-feb.de\/wp-content\/uploads\/2012\/10\/IMG-20160725-WA0006--150x150.jpg 150w, https:\/\/xn--judo-lbben-feb.de\/wp-content\/uploads\/2012\/10\/IMG-20160725-WA0006--768x767.jpg 768w, https:\/\/xn--judo-lbben-feb.de\/wp-content\/uploads\/2012\/10\/IMG-20160725-WA0006-.jpg 1024w, https:\/\/xn--judo-lbben-feb.de\/wp-content\/uploads\/2012\/10\/IMG-20160725-WA0006--80x80.jpg 80w, https:\/\/xn--judo-lbben-feb.de\/wp-content\/uploads\/2012\/10\/IMG-20160725-WA0006--200x200.jpg 200w\" sizes=\"auto, (max-width: 300px) 100vw, 300px\" \/><\/a> <a href=\"https:\/\/xn--judo-lbben-feb.de\/wp-content\/uploads\/2012\/10\/IMG-20160725-WA0008-.jpg\"><img loading=\"lazy\" decoding=\"async\" class=\"alignnone size-medium wp-image-10124\" src=\"https:\/\/xn--judo-lbben-feb.de\/wp-content\/uploads\/2012\/10\/IMG-20160725-WA0008--300x300.jpg\" alt=\"IMG-20160725-WA0008\" width=\"300\" height=\"300\" srcset=\"https:\/\/xn--judo-lbben-feb.de\/wp-content\/uploads\/2012\/10\/IMG-20160725-WA0008--300x300.jpg 300w, https:\/\/xn--judo-lbben-feb.de\/wp-content\/uploads\/2012\/10\/IMG-20160725-WA0008--150x150.jpg 150w, https:\/\/xn--judo-lbben-feb.de\/wp-content\/uploads\/2012\/10\/IMG-20160725-WA0008--768x767.jpg 768w, https:\/\/xn--judo-lbben-feb.de\/wp-content\/uploads\/2012\/10\/IMG-20160725-WA0008-.jpg 1024w, https:\/\/xn--judo-lbben-feb.de\/wp-content\/uploads\/2012\/10\/IMG-20160725-WA0008--80x80.jpg 80w, https:\/\/xn--judo-lbben-feb.de\/wp-content\/uploads\/2012\/10\/IMG-20160725-WA0008--200x200.jpg 200w\" sizes=\"auto, (max-width: 300px) 100vw, 300px\" \/><\/a><\/p>\n<p style=\"text-align: center;\">Abends kurz nach 18:00 Uhr startete unser Tross nach Usedom, das Musical Linie 1 stand auf dem Plan. Es wurde ein wundersch\u00f6ner Abend, an dem die Erwartungen voll \u00fcbertroffen wurden.<\/p>\n<p style=\"text-align: center;\"><a href=\"https:\/\/xn--judo-lbben-feb.de\/wp-content\/uploads\/2012\/10\/DSC06522-.jpg\"><img loading=\"lazy\" decoding=\"async\" class=\"alignnone size-medium wp-image-10125\" src=\"https:\/\/xn--judo-lbben-feb.de\/wp-content\/uploads\/2012\/10\/DSC06522--300x225.jpg\" alt=\"DSC06522\" width=\"300\" height=\"225\" srcset=\"https:\/\/xn--judo-lbben-feb.de\/wp-content\/uploads\/2012\/10\/DSC06522--300x225.jpg 300w, https:\/\/xn--judo-lbben-feb.de\/wp-content\/uploads\/2012\/10\/DSC06522--768x576.jpg 768w, https:\/\/xn--judo-lbben-feb.de\/wp-content\/uploads\/2012\/10\/DSC06522-.jpg 1024w\" sizes=\"auto, (max-width: 300px) 100vw, 300px\" \/><\/a> <a href=\"https:\/\/xn--judo-lbben-feb.de\/wp-content\/uploads\/2012\/10\/DSC06527-.jpg\"><img loading=\"lazy\" decoding=\"async\" class=\"alignnone size-medium wp-image-10126\" src=\"https:\/\/xn--judo-lbben-feb.de\/wp-content\/uploads\/2012\/10\/DSC06527--300x225.jpg\" alt=\"DSC06527\" width=\"300\" height=\"225\" srcset=\"https:\/\/xn--judo-lbben-feb.de\/wp-content\/uploads\/2012\/10\/DSC06527--300x225.jpg 300w, https:\/\/xn--judo-lbben-feb.de\/wp-content\/uploads\/2012\/10\/DSC06527--768x576.jpg 768w, https:\/\/xn--judo-lbben-feb.de\/wp-content\/uploads\/2012\/10\/DSC06527-.jpg 1024w\" sizes=\"auto, (max-width: 300px) 100vw, 300px\" \/><\/a> <a href=\"https:\/\/xn--judo-lbben-feb.de\/wp-content\/uploads\/2012\/10\/DSC06532-.jpg\"><img loading=\"lazy\" decoding=\"async\" class=\"alignnone size-medium wp-image-10127\" src=\"https:\/\/xn--judo-lbben-feb.de\/wp-content\/uploads\/2012\/10\/DSC06532--300x225.jpg\" alt=\"DSC06532\" width=\"300\" height=\"225\" srcset=\"https:\/\/xn--judo-lbben-feb.de\/wp-content\/uploads\/2012\/10\/DSC06532--300x225.jpg 300w, https:\/\/xn--judo-lbben-feb.de\/wp-content\/uploads\/2012\/10\/DSC06532--768x576.jpg 768w, https:\/\/xn--judo-lbben-feb.de\/wp-content\/uploads\/2012\/10\/DSC06532-.jpg 1024w\" sizes=\"auto, (max-width: 300px) 100vw, 300px\" \/><\/a><\/p>\n<p style=\"text-align: center;\"><span style=\"text-decoration: underline;\">Tag 4<\/span><\/p>\n<p style=\"text-align: center;\">Heute f\u00fchrte uns der Weg nach Eggesin, eine Flo\u00dffahrt stand im Programm. Ein bischen erinnerte uns die Landschaft an den heimischen Spreewald.<\/p>\n<p style=\"text-align: center;\"><a href=\"https:\/\/xn--judo-lbben-feb.de\/wp-content\/uploads\/2012\/10\/DSC06539-.jpg\"><img loading=\"lazy\" decoding=\"async\" class=\"alignnone size-medium wp-image-10129\" src=\"https:\/\/xn--judo-lbben-feb.de\/wp-content\/uploads\/2012\/10\/DSC06539--300x225.jpg\" alt=\"DSC06539\" width=\"300\" height=\"225\" srcset=\"https:\/\/xn--judo-lbben-feb.de\/wp-content\/uploads\/2012\/10\/DSC06539--300x225.jpg 300w, https:\/\/xn--judo-lbben-feb.de\/wp-content\/uploads\/2012\/10\/DSC06539--768x576.jpg 768w, https:\/\/xn--judo-lbben-feb.de\/wp-content\/uploads\/2012\/10\/DSC06539-.jpg 1024w\" sizes=\"auto, (max-width: 300px) 100vw, 300px\" \/><\/a> <a href=\"https:\/\/xn--judo-lbben-feb.de\/wp-content\/uploads\/2012\/10\/DSC06540-.jpg\"><img loading=\"lazy\" decoding=\"async\" class=\"alignnone size-medium wp-image-10130\" src=\"https:\/\/xn--judo-lbben-feb.de\/wp-content\/uploads\/2012\/10\/DSC06540--300x225.jpg\" alt=\"DSC06540\" width=\"300\" height=\"225\" srcset=\"https:\/\/xn--judo-lbben-feb.de\/wp-content\/uploads\/2012\/10\/DSC06540--300x225.jpg 300w, https:\/\/xn--judo-lbben-feb.de\/wp-content\/uploads\/2012\/10\/DSC06540--768x576.jpg 768w, https:\/\/xn--judo-lbben-feb.de\/wp-content\/uploads\/2012\/10\/DSC06540-.jpg 1024w\" sizes=\"auto, (max-width: 300px) 100vw, 300px\" \/><\/a> <a href=\"https:\/\/xn--judo-lbben-feb.de\/wp-content\/uploads\/2012\/10\/DSC06547-.jpg\"><img loading=\"lazy\" decoding=\"async\" class=\"alignnone size-medium wp-image-10131\" src=\"https:\/\/xn--judo-lbben-feb.de\/wp-content\/uploads\/2012\/10\/DSC06547--300x225.jpg\" alt=\"DSC06547\" width=\"300\" height=\"225\" srcset=\"https:\/\/xn--judo-lbben-feb.de\/wp-content\/uploads\/2012\/10\/DSC06547--300x225.jpg 300w, https:\/\/xn--judo-lbben-feb.de\/wp-content\/uploads\/2012\/10\/DSC06547--768x576.jpg 768w, https:\/\/xn--judo-lbben-feb.de\/wp-content\/uploads\/2012\/10\/DSC06547-.jpg 1024w\" sizes=\"auto, (max-width: 300px) 100vw, 300px\" \/><\/a><\/p>\n<p style=\"text-align: center;\">Nach der 3-st\u00fcndigen Fahrt besuchten wir das Milit\u00e4rmuseum in Eggesin.<\/p>\n<p style=\"text-align: center;\"><a href=\"https:\/\/xn--judo-lbben-feb.de\/wp-content\/uploads\/2012\/10\/DSC06554-.jpg\"><img loading=\"lazy\" decoding=\"async\" class=\"alignnone size-medium wp-image-10132\" src=\"https:\/\/xn--judo-lbben-feb.de\/wp-content\/uploads\/2012\/10\/DSC06554--300x225.jpg\" alt=\"DSC06554\" width=\"300\" height=\"225\" srcset=\"https:\/\/xn--judo-lbben-feb.de\/wp-content\/uploads\/2012\/10\/DSC06554--300x225.jpg 300w, https:\/\/xn--judo-lbben-feb.de\/wp-content\/uploads\/2012\/10\/DSC06554--768x576.jpg 768w, https:\/\/xn--judo-lbben-feb.de\/wp-content\/uploads\/2012\/10\/DSC06554-.jpg 1024w\" sizes=\"auto, (max-width: 300px) 100vw, 300px\" \/><\/a> <a href=\"https:\/\/xn--judo-lbben-feb.de\/wp-content\/uploads\/2012\/10\/DSC06555-.jpg\"><img loading=\"lazy\" decoding=\"async\" class=\"alignnone size-medium wp-image-10133\" src=\"https:\/\/xn--judo-lbben-feb.de\/wp-content\/uploads\/2012\/10\/DSC06555--300x225.jpg\" alt=\"DSC06555\" width=\"300\" height=\"225\" srcset=\"https:\/\/xn--judo-lbben-feb.de\/wp-content\/uploads\/2012\/10\/DSC06555--300x225.jpg 300w, https:\/\/xn--judo-lbben-feb.de\/wp-content\/uploads\/2012\/10\/DSC06555--768x576.jpg 768w, https:\/\/xn--judo-lbben-feb.de\/wp-content\/uploads\/2012\/10\/DSC06555-.jpg 1024w\" sizes=\"auto, (max-width: 300px) 100vw, 300px\" \/><\/a><\/p>\n<p style=\"text-align: center;\">Um die Zeit bis zum Abendessen zu \u00fcberbr\u00fccken wurde wieder gegen den Ball &#8222;geschlagen&#8220; bzw. getreten.<\/p>\n<p style=\"text-align: center;\"><a href=\"https:\/\/xn--judo-lbben-feb.de\/wp-content\/uploads\/2012\/10\/DSC06556-.jpg\"><img loading=\"lazy\" decoding=\"async\" class=\"alignnone size-medium wp-image-10134\" src=\"https:\/\/xn--judo-lbben-feb.de\/wp-content\/uploads\/2012\/10\/DSC06556--300x225.jpg\" alt=\"DSC06556\" width=\"300\" height=\"225\" srcset=\"https:\/\/xn--judo-lbben-feb.de\/wp-content\/uploads\/2012\/10\/DSC06556--300x225.jpg 300w, https:\/\/xn--judo-lbben-feb.de\/wp-content\/uploads\/2012\/10\/DSC06556--768x576.jpg 768w, https:\/\/xn--judo-lbben-feb.de\/wp-content\/uploads\/2012\/10\/DSC06556-.jpg 1024w\" sizes=\"auto, (max-width: 300px) 100vw, 300px\" \/><\/a> <a href=\"https:\/\/xn--judo-lbben-feb.de\/wp-content\/uploads\/2012\/10\/DSC06557-.jpg\"><img loading=\"lazy\" decoding=\"async\" class=\"alignnone size-medium wp-image-10135\" src=\"https:\/\/xn--judo-lbben-feb.de\/wp-content\/uploads\/2012\/10\/DSC06557--300x225.jpg\" alt=\"DSC06557\" width=\"300\" height=\"225\" srcset=\"https:\/\/xn--judo-lbben-feb.de\/wp-content\/uploads\/2012\/10\/DSC06557--300x225.jpg 300w, https:\/\/xn--judo-lbben-feb.de\/wp-content\/uploads\/2012\/10\/DSC06557--768x576.jpg 768w, https:\/\/xn--judo-lbben-feb.de\/wp-content\/uploads\/2012\/10\/DSC06557-.jpg 1024w\" sizes=\"auto, (max-width: 300px) 100vw, 300px\" \/><\/a> <a href=\"https:\/\/xn--judo-lbben-feb.de\/wp-content\/uploads\/2012\/10\/DSC06558-.jpg\"><img loading=\"lazy\" decoding=\"async\" class=\"alignnone size-medium wp-image-10136\" src=\"https:\/\/xn--judo-lbben-feb.de\/wp-content\/uploads\/2012\/10\/DSC06558--300x225.jpg\" alt=\"DSC06558\" width=\"300\" height=\"225\" srcset=\"https:\/\/xn--judo-lbben-feb.de\/wp-content\/uploads\/2012\/10\/DSC06558--300x225.jpg 300w, https:\/\/xn--judo-lbben-feb.de\/wp-content\/uploads\/2012\/10\/DSC06558--768x576.jpg 768w, https:\/\/xn--judo-lbben-feb.de\/wp-content\/uploads\/2012\/10\/DSC06558-.jpg 1024w\" sizes=\"auto, (max-width: 300px) 100vw, 300px\" \/><\/a><\/p>\n<p style=\"text-align: center;\"><span style=\"text-decoration: underline;\">Tag 5<\/span><\/p>\n<p style=\"text-align: center;\">Unser heutiger Tag (ist es echt schon der 5.?) fing mit vielen Gratulanten an, Sarah hat heute Geburtstag und ist 14 Jahre jung geworden. Viel Zeit war heute beim Fr\u00fchst\u00fcck nicht, bereits um 09:15 Uhr ging es f\u00fcr den gro\u00dfen Teil unserer Gruppe in Richtung Ueckerm\u00fcnde zum Hafen, der Tagesausflug nach Swinem\u00fcnde mit dem Schiff stand auf dem Plan, eine kleinere Truppe fuhr zu Karls Erdbeerhof.<\/p>\n<p style=\"text-align: center;\"><a href=\"https:\/\/xn--judo-lbben-feb.de\/wp-content\/uploads\/2012\/10\/IMG-20160727-WA0001-.jpg\"><img loading=\"lazy\" decoding=\"async\" class=\"alignnone size-large wp-image-10149\" src=\"https:\/\/xn--judo-lbben-feb.de\/wp-content\/uploads\/2012\/10\/IMG-20160727-WA0001--1024x1023.jpg\" alt=\"IMG-20160727-WA0001\" width=\"598\" height=\"597\" srcset=\"https:\/\/xn--judo-lbben-feb.de\/wp-content\/uploads\/2012\/10\/IMG-20160727-WA0001-.jpg 1024w, https:\/\/xn--judo-lbben-feb.de\/wp-content\/uploads\/2012\/10\/IMG-20160727-WA0001--150x150.jpg 150w, https:\/\/xn--judo-lbben-feb.de\/wp-content\/uploads\/2012\/10\/IMG-20160727-WA0001--300x300.jpg 300w, https:\/\/xn--judo-lbben-feb.de\/wp-content\/uploads\/2012\/10\/IMG-20160727-WA0001--768x767.jpg 768w, https:\/\/xn--judo-lbben-feb.de\/wp-content\/uploads\/2012\/10\/IMG-20160727-WA0001--80x80.jpg 80w, https:\/\/xn--judo-lbben-feb.de\/wp-content\/uploads\/2012\/10\/IMG-20160727-WA0001--200x200.jpg 200w\" sizes=\"auto, (max-width: 598px) 100vw, 598px\" \/><\/a><\/p>\n<p style=\"text-align: center;\">Nach fast 3 Std. legte das Schiff in Polen an, die Besichtigung einer wundersch\u00f6nen Kirche war schnell erledigt,<\/p>\n<p style=\"text-align: center;\"><a href=\"https:\/\/xn--judo-lbben-feb.de\/wp-content\/uploads\/2012\/10\/DSC06567-.jpg\"><img loading=\"lazy\" decoding=\"async\" class=\"alignnone size-large wp-image-10138\" src=\"https:\/\/xn--judo-lbben-feb.de\/wp-content\/uploads\/2012\/10\/DSC06567--1024x768.jpg\" alt=\"DSC06567\" width=\"598\" height=\"449\" srcset=\"https:\/\/xn--judo-lbben-feb.de\/wp-content\/uploads\/2012\/10\/DSC06567-.jpg 1024w, https:\/\/xn--judo-lbben-feb.de\/wp-content\/uploads\/2012\/10\/DSC06567--300x225.jpg 300w, https:\/\/xn--judo-lbben-feb.de\/wp-content\/uploads\/2012\/10\/DSC06567--768x576.jpg 768w\" sizes=\"auto, (max-width: 598px) 100vw, 598px\" \/><\/a><\/p>\n<p style=\"text-align: center;\">fortan wurde Swinem\u00fcnde auf unterschiedliche Art erkundet. Nach 3 Stunden Aufenthalt ging es bereits wieder zur\u00fcck.\u00a0 Um die Zeit etwas zu \u00fcberbr\u00fccken wurde auf\u00a0 allen Tischen kr\u00e4ftig gespielt.<\/p>\n<p style=\"text-align: center;\"><a href=\"https:\/\/xn--judo-lbben-feb.de\/wp-content\/uploads\/2012\/10\/DSC06562-.jpg\"><img loading=\"lazy\" decoding=\"async\" class=\"alignnone size-medium wp-image-10139\" src=\"https:\/\/xn--judo-lbben-feb.de\/wp-content\/uploads\/2012\/10\/DSC06562--300x225.jpg\" alt=\"DSC06562\" width=\"300\" height=\"225\" srcset=\"https:\/\/xn--judo-lbben-feb.de\/wp-content\/uploads\/2012\/10\/DSC06562--300x225.jpg 300w, https:\/\/xn--judo-lbben-feb.de\/wp-content\/uploads\/2012\/10\/DSC06562--768x576.jpg 768w, https:\/\/xn--judo-lbben-feb.de\/wp-content\/uploads\/2012\/10\/DSC06562-.jpg 1024w\" sizes=\"auto, (max-width: 300px) 100vw, 300px\" \/><\/a> <a href=\"https:\/\/xn--judo-lbben-feb.de\/wp-content\/uploads\/2012\/10\/DSC06568-.jpg\"><img loading=\"lazy\" decoding=\"async\" class=\"alignnone size-medium wp-image-10140\" src=\"https:\/\/xn--judo-lbben-feb.de\/wp-content\/uploads\/2012\/10\/DSC06568--300x225.jpg\" alt=\"DSC06568\" width=\"300\" height=\"225\" srcset=\"https:\/\/xn--judo-lbben-feb.de\/wp-content\/uploads\/2012\/10\/DSC06568--300x225.jpg 300w, https:\/\/xn--judo-lbben-feb.de\/wp-content\/uploads\/2012\/10\/DSC06568--768x576.jpg 768w, https:\/\/xn--judo-lbben-feb.de\/wp-content\/uploads\/2012\/10\/DSC06568-.jpg 1024w\" sizes=\"auto, (max-width: 300px) 100vw, 300px\" \/><\/a> <a href=\"https:\/\/xn--judo-lbben-feb.de\/wp-content\/uploads\/2012\/10\/DSC06570-.jpg\"><img loading=\"lazy\" decoding=\"async\" class=\"alignnone size-medium wp-image-10141\" src=\"https:\/\/xn--judo-lbben-feb.de\/wp-content\/uploads\/2012\/10\/DSC06570--300x225.jpg\" alt=\"DSC06570\" width=\"300\" height=\"225\" srcset=\"https:\/\/xn--judo-lbben-feb.de\/wp-content\/uploads\/2012\/10\/DSC06570--300x225.jpg 300w, https:\/\/xn--judo-lbben-feb.de\/wp-content\/uploads\/2012\/10\/DSC06570--768x576.jpg 768w, https:\/\/xn--judo-lbben-feb.de\/wp-content\/uploads\/2012\/10\/DSC06570-.jpg 1024w\" sizes=\"auto, (max-width: 300px) 100vw, 300px\" \/><\/a><\/p>\n<p style=\"text-align: center;\">Gegen 18:00 Uhr legten wir wieder in Ueckerm\u00fcnde an, ein sch\u00f6ner Ausflug geht zu Ende.<\/p>\n<p style=\"text-align: center;\"><a href=\"https:\/\/xn--judo-lbben-feb.de\/wp-content\/uploads\/2012\/10\/DSC06574-.jpg\"><img loading=\"lazy\" decoding=\"async\" class=\"alignnone size-full wp-image-10142\" src=\"https:\/\/xn--judo-lbben-feb.de\/wp-content\/uploads\/2012\/10\/DSC06574-.jpg\" alt=\"DSC06574\" width=\"1024\" height=\"768\" srcset=\"https:\/\/xn--judo-lbben-feb.de\/wp-content\/uploads\/2012\/10\/DSC06574-.jpg 1024w, https:\/\/xn--judo-lbben-feb.de\/wp-content\/uploads\/2012\/10\/DSC06574--300x225.jpg 300w, https:\/\/xn--judo-lbben-feb.de\/wp-content\/uploads\/2012\/10\/DSC06574--768x576.jpg 768w\" sizes=\"auto, (max-width: 1024px) 100vw, 1024px\" \/><\/a><\/p>\n<p style=\"text-align: center;\">Der Abend wird zu Ehren von Sarah am Lagerfeuer bei Stockbrot stattfinden, hier noch ein paar Bilder:<\/p>\n<p style=\"text-align: center;\"><a href=\"https:\/\/xn--judo-lbben-feb.de\/wp-content\/uploads\/2012\/10\/DSC06576-.jpg\"><img loading=\"lazy\" decoding=\"async\" class=\"alignnone size-medium wp-image-10152\" src=\"https:\/\/xn--judo-lbben-feb.de\/wp-content\/uploads\/2012\/10\/DSC06576--300x225.jpg\" alt=\"DSC06576\" width=\"300\" height=\"225\" srcset=\"https:\/\/xn--judo-lbben-feb.de\/wp-content\/uploads\/2012\/10\/DSC06576--300x225.jpg 300w, https:\/\/xn--judo-lbben-feb.de\/wp-content\/uploads\/2012\/10\/DSC06576--768x576.jpg 768w, https:\/\/xn--judo-lbben-feb.de\/wp-content\/uploads\/2012\/10\/DSC06576-.jpg 1024w\" sizes=\"auto, (max-width: 300px) 100vw, 300px\" \/><\/a> <a href=\"https:\/\/xn--judo-lbben-feb.de\/wp-content\/uploads\/2012\/10\/DSC06580-.jpg\"><img loading=\"lazy\" decoding=\"async\" class=\"alignnone size-medium wp-image-10153\" src=\"https:\/\/xn--judo-lbben-feb.de\/wp-content\/uploads\/2012\/10\/DSC06580--300x225.jpg\" alt=\"DSC06580\" width=\"300\" height=\"225\" srcset=\"https:\/\/xn--judo-lbben-feb.de\/wp-content\/uploads\/2012\/10\/DSC06580--300x225.jpg 300w, https:\/\/xn--judo-lbben-feb.de\/wp-content\/uploads\/2012\/10\/DSC06580--768x576.jpg 768w, https:\/\/xn--judo-lbben-feb.de\/wp-content\/uploads\/2012\/10\/DSC06580-.jpg 1024w\" sizes=\"auto, (max-width: 300px) 100vw, 300px\" \/><\/a> <a href=\"https:\/\/xn--judo-lbben-feb.de\/wp-content\/uploads\/2012\/10\/DSC06584-.jpg\"><img loading=\"lazy\" decoding=\"async\" class=\"alignnone size-medium wp-image-10154\" src=\"https:\/\/xn--judo-lbben-feb.de\/wp-content\/uploads\/2012\/10\/DSC06584--300x225.jpg\" alt=\"DSC06584\" width=\"300\" height=\"225\" srcset=\"https:\/\/xn--judo-lbben-feb.de\/wp-content\/uploads\/2012\/10\/DSC06584--300x225.jpg 300w, https:\/\/xn--judo-lbben-feb.de\/wp-content\/uploads\/2012\/10\/DSC06584--768x576.jpg 768w, https:\/\/xn--judo-lbben-feb.de\/wp-content\/uploads\/2012\/10\/DSC06584-.jpg 1024w\" sizes=\"auto, (max-width: 300px) 100vw, 300px\" \/><\/a> <a href=\"https:\/\/xn--judo-lbben-feb.de\/wp-content\/uploads\/2012\/10\/DSC06590-.jpg\"><img loading=\"lazy\" decoding=\"async\" class=\"alignnone size-medium wp-image-10155\" src=\"https:\/\/xn--judo-lbben-feb.de\/wp-content\/uploads\/2012\/10\/DSC06590--300x225.jpg\" alt=\"DSC06590\" width=\"300\" height=\"225\" srcset=\"https:\/\/xn--judo-lbben-feb.de\/wp-content\/uploads\/2012\/10\/DSC06590--300x225.jpg 300w, https:\/\/xn--judo-lbben-feb.de\/wp-content\/uploads\/2012\/10\/DSC06590--768x576.jpg 768w, https:\/\/xn--judo-lbben-feb.de\/wp-content\/uploads\/2012\/10\/DSC06590-.jpg 1024w\" sizes=\"auto, (max-width: 300px) 100vw, 300px\" \/><\/a> <a href=\"https:\/\/xn--judo-lbben-feb.de\/wp-content\/uploads\/2012\/10\/DSC06593-.jpg\"><img loading=\"lazy\" decoding=\"async\" class=\"alignnone size-medium wp-image-10156\" src=\"https:\/\/xn--judo-lbben-feb.de\/wp-content\/uploads\/2012\/10\/DSC06593--300x225.jpg\" alt=\"DSC06593\" width=\"300\" height=\"225\" srcset=\"https:\/\/xn--judo-lbben-feb.de\/wp-content\/uploads\/2012\/10\/DSC06593--300x225.jpg 300w, https:\/\/xn--judo-lbben-feb.de\/wp-content\/uploads\/2012\/10\/DSC06593--768x576.jpg 768w, https:\/\/xn--judo-lbben-feb.de\/wp-content\/uploads\/2012\/10\/DSC06593-.jpg 1024w\" sizes=\"auto, (max-width: 300px) 100vw, 300px\" \/><\/a> <a href=\"https:\/\/xn--judo-lbben-feb.de\/wp-content\/uploads\/2012\/10\/DSC06595-.jpg\"><img loading=\"lazy\" decoding=\"async\" class=\"alignnone size-medium wp-image-10157\" src=\"https:\/\/xn--judo-lbben-feb.de\/wp-content\/uploads\/2012\/10\/DSC06595--300x225.jpg\" alt=\"DSC06595\" width=\"300\" height=\"225\" srcset=\"https:\/\/xn--judo-lbben-feb.de\/wp-content\/uploads\/2012\/10\/DSC06595--300x225.jpg 300w, https:\/\/xn--judo-lbben-feb.de\/wp-content\/uploads\/2012\/10\/DSC06595--768x576.jpg 768w, https:\/\/xn--judo-lbben-feb.de\/wp-content\/uploads\/2012\/10\/DSC06595-.jpg 1024w\" sizes=\"auto, (max-width: 300px) 100vw, 300px\" \/><\/a><\/p>\n<p style=\"text-align: center;\"><a href=\"https:\/\/xn--judo-lbben-feb.de\/wp-content\/uploads\/2012\/10\/DSC06578-.jpg\"><img loading=\"lazy\" decoding=\"async\" class=\"alignnone size-large wp-image-10158\" src=\"https:\/\/xn--judo-lbben-feb.de\/wp-content\/uploads\/2012\/10\/DSC06578--1024x225.jpg\" alt=\"DSC06578\" width=\"598\" height=\"131\" srcset=\"https:\/\/xn--judo-lbben-feb.de\/wp-content\/uploads\/2012\/10\/DSC06578--1024x225.jpg 1024w, https:\/\/xn--judo-lbben-feb.de\/wp-content\/uploads\/2012\/10\/DSC06578--300x66.jpg 300w, https:\/\/xn--judo-lbben-feb.de\/wp-content\/uploads\/2012\/10\/DSC06578--768x169.jpg 768w\" sizes=\"auto, (max-width: 598px) 100vw, 598px\" \/><\/a><\/p>\n<p style=\"text-align: center;\"><span style=\"text-decoration: underline;\">Tag 6<\/span><\/p>\n<p style=\"text-align: center;\">Am heutigen Tag stand ein historischer Stadtrundgang durch Ueckerm\u00fcnde auf dem Programm. P\u00fcnktlich um 10:00 Uhr trafen wir auf dem Marktplatz unsere Reisef\u00fchrerin.<\/p>\n<p style=\"text-align: center;\"><a href=\"https:\/\/xn--judo-lbben-feb.de\/wp-content\/uploads\/2012\/10\/DSC06598-.jpg\"><img loading=\"lazy\" decoding=\"async\" class=\"alignnone size-large wp-image-10159\" src=\"https:\/\/xn--judo-lbben-feb.de\/wp-content\/uploads\/2012\/10\/DSC06598--1024x225.jpg\" alt=\"DSC06598\" width=\"598\" height=\"131\" srcset=\"https:\/\/xn--judo-lbben-feb.de\/wp-content\/uploads\/2012\/10\/DSC06598--1024x225.jpg 1024w, https:\/\/xn--judo-lbben-feb.de\/wp-content\/uploads\/2012\/10\/DSC06598--300x66.jpg 300w, https:\/\/xn--judo-lbben-feb.de\/wp-content\/uploads\/2012\/10\/DSC06598--768x169.jpg 768w\" sizes=\"auto, (max-width: 598px) 100vw, 598px\" \/><\/a><\/p>\n<p style=\"text-align: center;\">Aus einer 1 Stunde wurden dann doch schnell 2, da unsere F\u00fchererin einen interessanten Ablauf geplant hat.<\/p>\n<p style=\"text-align: center;\"><a href=\"https:\/\/xn--judo-lbben-feb.de\/wp-content\/uploads\/2012\/10\/DSC06600-.jpg\"><img loading=\"lazy\" decoding=\"async\" class=\"alignnone size-medium wp-image-10160\" src=\"https:\/\/xn--judo-lbben-feb.de\/wp-content\/uploads\/2012\/10\/DSC06600--300x225.jpg\" alt=\"DSC06600\" width=\"300\" height=\"225\" srcset=\"https:\/\/xn--judo-lbben-feb.de\/wp-content\/uploads\/2012\/10\/DSC06600--300x225.jpg 300w, https:\/\/xn--judo-lbben-feb.de\/wp-content\/uploads\/2012\/10\/DSC06600--768x576.jpg 768w, https:\/\/xn--judo-lbben-feb.de\/wp-content\/uploads\/2012\/10\/DSC06600-.jpg 1024w\" sizes=\"auto, (max-width: 300px) 100vw, 300px\" \/><\/a> <a href=\"https:\/\/xn--judo-lbben-feb.de\/wp-content\/uploads\/2012\/10\/DSC06607-.jpg\"><img loading=\"lazy\" decoding=\"async\" class=\"alignnone size-medium wp-image-10161\" src=\"https:\/\/xn--judo-lbben-feb.de\/wp-content\/uploads\/2012\/10\/DSC06607--300x225.jpg\" alt=\"DSC06607\" width=\"300\" height=\"225\" srcset=\"https:\/\/xn--judo-lbben-feb.de\/wp-content\/uploads\/2012\/10\/DSC06607--300x225.jpg 300w, https:\/\/xn--judo-lbben-feb.de\/wp-content\/uploads\/2012\/10\/DSC06607--768x576.jpg 768w, https:\/\/xn--judo-lbben-feb.de\/wp-content\/uploads\/2012\/10\/DSC06607-.jpg 1024w\" sizes=\"auto, (max-width: 300px) 100vw, 300px\" \/><\/a> <a href=\"https:\/\/xn--judo-lbben-feb.de\/wp-content\/uploads\/2012\/10\/DSC06613-.jpg\"><img loading=\"lazy\" decoding=\"async\" class=\"alignnone size-medium wp-image-10162\" src=\"https:\/\/xn--judo-lbben-feb.de\/wp-content\/uploads\/2012\/10\/DSC06613--300x225.jpg\" alt=\"DSC06613\" width=\"300\" height=\"225\" srcset=\"https:\/\/xn--judo-lbben-feb.de\/wp-content\/uploads\/2012\/10\/DSC06613--300x225.jpg 300w, https:\/\/xn--judo-lbben-feb.de\/wp-content\/uploads\/2012\/10\/DSC06613--768x576.jpg 768w, https:\/\/xn--judo-lbben-feb.de\/wp-content\/uploads\/2012\/10\/DSC06613-.jpg 1024w\" sizes=\"auto, (max-width: 300px) 100vw, 300px\" \/><\/a><\/p>\n<p style=\"text-align: center;\"><a href=\"https:\/\/xn--judo-lbben-feb.de\/wp-content\/uploads\/2012\/10\/DSC06601-.jpg\"><img loading=\"lazy\" decoding=\"async\" class=\"alignnone size-full wp-image-10163\" src=\"https:\/\/xn--judo-lbben-feb.de\/wp-content\/uploads\/2012\/10\/DSC06601-.jpg\" alt=\"DSC06601\" width=\"1024\" height=\"768\" srcset=\"https:\/\/xn--judo-lbben-feb.de\/wp-content\/uploads\/2012\/10\/DSC06601-.jpg 1024w, https:\/\/xn--judo-lbben-feb.de\/wp-content\/uploads\/2012\/10\/DSC06601--300x225.jpg 300w, https:\/\/xn--judo-lbben-feb.de\/wp-content\/uploads\/2012\/10\/DSC06601--768x576.jpg 768w\" sizes=\"auto, (max-width: 1024px) 100vw, 1024px\" \/><\/a><\/p>\n<p style=\"text-align: center;\">Der Rundgang endete beim Haffmuseum, welches wir nat\u00fcrlich auch gleich &#8222;unsicher&#8220; gemacht haben. Anschlie\u00dfend hatten alle knappe 2 Std. zur freien Verf\u00fcgung. Wieder in der Jugendherberge angekommen, schien sich das Wetter dann doch noch f\u00fcr die bessere Seite zu entscheiden, ab und zu kam die Sonne durch, somit stand einem weiteren Strandaufenthalt nichts mehr im Wege. Die gro\u00dfen M\u00e4dels entschieden sich am Nachmittag f\u00fcr einen Kinobesuch. Abends wurde dann noch gegrillt, im weiteren Verlauf werden wir wohl noch Activity spielen.<\/p>\n<p style=\"text-align: center;\"><span style=\"text-decoration: underline;\">Tag 7<\/span><\/p>\n<p style=\"text-align: center;\">Oh was ist denn heute los, es regnet. Naja die Aussichten auf den zahlreichen Wetterapps sagen das es im Laufe des Tages sch\u00f6ner wird. Und was haben wir gemacht, richtig Activity gespielt. Nach dem Mittagessen zog es uns dann aber doch an den Strand, wir haben das gute Wetter erzwungen. Der Nachmittag war wieder toll, die Kinder konnten sich nach Herzenslust austoben.<\/p>\n<p style=\"text-align: center;\"><a href=\"https:\/\/xn--judo-lbben-feb.de\/wp-content\/uploads\/2012\/10\/IMG-20160730-WA0003-.jpg\"><img loading=\"lazy\" decoding=\"async\" class=\"alignnone size-medium wp-image-10166\" src=\"https:\/\/xn--judo-lbben-feb.de\/wp-content\/uploads\/2012\/10\/IMG-20160730-WA0003--300x300.jpg\" alt=\"IMG-20160730-WA0003\" width=\"300\" height=\"300\" srcset=\"https:\/\/xn--judo-lbben-feb.de\/wp-content\/uploads\/2012\/10\/IMG-20160730-WA0003--300x300.jpg 300w, https:\/\/xn--judo-lbben-feb.de\/wp-content\/uploads\/2012\/10\/IMG-20160730-WA0003--150x150.jpg 150w, https:\/\/xn--judo-lbben-feb.de\/wp-content\/uploads\/2012\/10\/IMG-20160730-WA0003--768x767.jpg 768w, https:\/\/xn--judo-lbben-feb.de\/wp-content\/uploads\/2012\/10\/IMG-20160730-WA0003-.jpg 1024w, https:\/\/xn--judo-lbben-feb.de\/wp-content\/uploads\/2012\/10\/IMG-20160730-WA0003--80x80.jpg 80w, https:\/\/xn--judo-lbben-feb.de\/wp-content\/uploads\/2012\/10\/IMG-20160730-WA0003--200x200.jpg 200w\" sizes=\"auto, (max-width: 300px) 100vw, 300px\" \/><\/a> <a href=\"https:\/\/xn--judo-lbben-feb.de\/wp-content\/uploads\/2012\/10\/IMG-20160730-WA0009-.jpg\"><img loading=\"lazy\" decoding=\"async\" class=\"alignnone size-medium wp-image-10167\" src=\"https:\/\/xn--judo-lbben-feb.de\/wp-content\/uploads\/2012\/10\/IMG-20160730-WA0009--300x300.jpg\" alt=\"IMG-20160730-WA0009\" width=\"300\" height=\"300\" srcset=\"https:\/\/xn--judo-lbben-feb.de\/wp-content\/uploads\/2012\/10\/IMG-20160730-WA0009--300x300.jpg 300w, https:\/\/xn--judo-lbben-feb.de\/wp-content\/uploads\/2012\/10\/IMG-20160730-WA0009--150x150.jpg 150w, https:\/\/xn--judo-lbben-feb.de\/wp-content\/uploads\/2012\/10\/IMG-20160730-WA0009--768x767.jpg 768w, https:\/\/xn--judo-lbben-feb.de\/wp-content\/uploads\/2012\/10\/IMG-20160730-WA0009-.jpg 1024w, https:\/\/xn--judo-lbben-feb.de\/wp-content\/uploads\/2012\/10\/IMG-20160730-WA0009--80x80.jpg 80w, https:\/\/xn--judo-lbben-feb.de\/wp-content\/uploads\/2012\/10\/IMG-20160730-WA0009--200x200.jpg 200w\" sizes=\"auto, (max-width: 300px) 100vw, 300px\" \/><\/a> <a href=\"https:\/\/xn--judo-lbben-feb.de\/wp-content\/uploads\/2012\/10\/IMG-20160730-WA0011-.jpg\"><img loading=\"lazy\" decoding=\"async\" class=\"alignnone size-medium wp-image-10168\" src=\"https:\/\/xn--judo-lbben-feb.de\/wp-content\/uploads\/2012\/10\/IMG-20160730-WA0011--300x300.jpg\" alt=\"IMG-20160730-WA0011\" width=\"300\" height=\"300\" srcset=\"https:\/\/xn--judo-lbben-feb.de\/wp-content\/uploads\/2012\/10\/IMG-20160730-WA0011--300x300.jpg 300w, https:\/\/xn--judo-lbben-feb.de\/wp-content\/uploads\/2012\/10\/IMG-20160730-WA0011--150x150.jpg 150w, https:\/\/xn--judo-lbben-feb.de\/wp-content\/uploads\/2012\/10\/IMG-20160730-WA0011--768x767.jpg 768w, https:\/\/xn--judo-lbben-feb.de\/wp-content\/uploads\/2012\/10\/IMG-20160730-WA0011-.jpg 1024w, https:\/\/xn--judo-lbben-feb.de\/wp-content\/uploads\/2012\/10\/IMG-20160730-WA0011--80x80.jpg 80w, https:\/\/xn--judo-lbben-feb.de\/wp-content\/uploads\/2012\/10\/IMG-20160730-WA0011--200x200.jpg 200w\" sizes=\"auto, (max-width: 300px) 100vw, 300px\" \/><\/a><\/p>\n<p style=\"text-align: center;\"><span style=\"text-decoration: underline;\">Abreisetag<\/span><\/p>\n<p style=\"text-align: center;\">Es ist Zeit Tsch\u00fc\u00df zu sagen, ein Woche voller spannender Tage liegt hinter uns, es hat vielen Spa\u00df gemacht. Danke an Kathrin f\u00fcr die Organisation der sch\u00f6nen Ausfl\u00fcge. Wir w\u00fcnschen allen sch\u00f6ne Ferien bei hoffentlich sommerlichen Wetter. Wir sehen uns sp\u00e4testens im September wieder.<\/p>\n<p style=\"text-align: right;\"><em>Ende<\/em><\/p>\n<p style=\"text-align: center;\"><strong>Landesmeisterschaft Brandenburg 2016<\/strong><\/p>\n<p style=\"text-align: center;\"><a href=\"https:\/\/xn--judo-lbben-feb.de\/wp-content\/uploads\/2012\/10\/DSC06157-.jpg\"><img loading=\"lazy\" decoding=\"async\" class=\"alignnone size-thumbnail wp-image-9834\" src=\"https:\/\/xn--judo-lbben-feb.de\/wp-content\/uploads\/2012\/10\/DSC06157--150x150.jpg\" alt=\"DSC06157\" width=\"150\" height=\"150\" srcset=\"https:\/\/xn--judo-lbben-feb.de\/wp-content\/uploads\/2012\/10\/DSC06157--150x150.jpg 150w, https:\/\/xn--judo-lbben-feb.de\/wp-content\/uploads\/2012\/10\/DSC06157--80x80.jpg 80w, https:\/\/xn--judo-lbben-feb.de\/wp-content\/uploads\/2012\/10\/DSC06157--200x200.jpg 200w\" sizes=\"auto, (max-width: 150px) 100vw, 150px\" \/><\/a> <a href=\"https:\/\/xn--judo-lbben-feb.de\/wp-content\/uploads\/2012\/10\/DSC06158-.jpg\"><img loading=\"lazy\" decoding=\"async\" class=\"alignnone size-thumbnail wp-image-9835\" src=\"https:\/\/xn--judo-lbben-feb.de\/wp-content\/uploads\/2012\/10\/DSC06158--150x150.jpg\" alt=\"DSC06158\" width=\"150\" height=\"150\" srcset=\"https:\/\/xn--judo-lbben-feb.de\/wp-content\/uploads\/2012\/10\/DSC06158--150x150.jpg 150w, https:\/\/xn--judo-lbben-feb.de\/wp-content\/uploads\/2012\/10\/DSC06158--80x80.jpg 80w, https:\/\/xn--judo-lbben-feb.de\/wp-content\/uploads\/2012\/10\/DSC06158--200x200.jpg 200w\" sizes=\"auto, (max-width: 150px) 100vw, 150px\" \/><\/a> <a href=\"https:\/\/xn--judo-lbben-feb.de\/wp-content\/uploads\/2012\/10\/DSC06159-.jpg\"><img loading=\"lazy\" decoding=\"async\" class=\"alignnone size-thumbnail wp-image-9836\" src=\"https:\/\/xn--judo-lbben-feb.de\/wp-content\/uploads\/2012\/10\/DSC06159--150x150.jpg\" alt=\"DSC06159\" width=\"150\" height=\"150\" srcset=\"https:\/\/xn--judo-lbben-feb.de\/wp-content\/uploads\/2012\/10\/DSC06159--150x150.jpg 150w, https:\/\/xn--judo-lbben-feb.de\/wp-content\/uploads\/2012\/10\/DSC06159--80x80.jpg 80w, https:\/\/xn--judo-lbben-feb.de\/wp-content\/uploads\/2012\/10\/DSC06159--200x200.jpg 200w\" sizes=\"auto, (max-width: 150px) 100vw, 150px\" \/><\/a> <a href=\"https:\/\/xn--judo-lbben-feb.de\/wp-content\/uploads\/2012\/10\/DSC06160-.jpg\"><img loading=\"lazy\" decoding=\"async\" class=\"alignnone size-thumbnail wp-image-9837\" src=\"https:\/\/xn--judo-lbben-feb.de\/wp-content\/uploads\/2012\/10\/DSC06160--150x150.jpg\" alt=\"DSC06160\" width=\"150\" height=\"150\" srcset=\"https:\/\/xn--judo-lbben-feb.de\/wp-content\/uploads\/2012\/10\/DSC06160--150x150.jpg 150w, https:\/\/xn--judo-lbben-feb.de\/wp-content\/uploads\/2012\/10\/DSC06160--80x80.jpg 80w, https:\/\/xn--judo-lbben-feb.de\/wp-content\/uploads\/2012\/10\/DSC06160--200x200.jpg 200w\" sizes=\"auto, (max-width: 150px) 100vw, 150px\" \/><\/a> <a href=\"https:\/\/xn--judo-lbben-feb.de\/wp-content\/uploads\/2012\/10\/DSC06161-.jpg\"><img loading=\"lazy\" decoding=\"async\" class=\"alignnone size-thumbnail wp-image-9838\" src=\"https:\/\/xn--judo-lbben-feb.de\/wp-content\/uploads\/2012\/10\/DSC06161--150x150.jpg\" alt=\"DSC06161\" width=\"150\" height=\"150\" srcset=\"https:\/\/xn--judo-lbben-feb.de\/wp-content\/uploads\/2012\/10\/DSC06161--150x150.jpg 150w, https:\/\/xn--judo-lbben-feb.de\/wp-content\/uploads\/2012\/10\/DSC06161--80x80.jpg 80w, https:\/\/xn--judo-lbben-feb.de\/wp-content\/uploads\/2012\/10\/DSC06161--200x200.jpg 200w\" sizes=\"auto, (max-width: 150px) 100vw, 150px\" \/><\/a> <a href=\"https:\/\/xn--judo-lbben-feb.de\/wp-content\/uploads\/2012\/10\/DSC06162-.jpg\"><img loading=\"lazy\" decoding=\"async\" class=\"alignnone size-thumbnail wp-image-9839\" src=\"https:\/\/xn--judo-lbben-feb.de\/wp-content\/uploads\/2012\/10\/DSC06162--150x150.jpg\" alt=\"DSC06162\" width=\"150\" height=\"150\" srcset=\"https:\/\/xn--judo-lbben-feb.de\/wp-content\/uploads\/2012\/10\/DSC06162--150x150.jpg 150w, https:\/\/xn--judo-lbben-feb.de\/wp-content\/uploads\/2012\/10\/DSC06162--80x80.jpg 80w, https:\/\/xn--judo-lbben-feb.de\/wp-content\/uploads\/2012\/10\/DSC06162--200x200.jpg 200w\" sizes=\"auto, (max-width: 150px) 100vw, 150px\" \/><\/a> <a href=\"https:\/\/xn--judo-lbben-feb.de\/wp-content\/uploads\/2012\/10\/DSC06163-.jpg\"><img loading=\"lazy\" decoding=\"async\" class=\"alignnone size-thumbnail wp-image-9840\" src=\"https:\/\/xn--judo-lbben-feb.de\/wp-content\/uploads\/2012\/10\/DSC06163--150x150.jpg\" alt=\"DSC06163\" width=\"150\" height=\"150\" srcset=\"https:\/\/xn--judo-lbben-feb.de\/wp-content\/uploads\/2012\/10\/DSC06163--150x150.jpg 150w, https:\/\/xn--judo-lbben-feb.de\/wp-content\/uploads\/2012\/10\/DSC06163--80x80.jpg 80w, https:\/\/xn--judo-lbben-feb.de\/wp-content\/uploads\/2012\/10\/DSC06163--200x200.jpg 200w\" sizes=\"auto, (max-width: 150px) 100vw, 150px\" \/><\/a> <a href=\"https:\/\/xn--judo-lbben-feb.de\/wp-content\/uploads\/2012\/10\/DSC06164-.jpg\"><img loading=\"lazy\" decoding=\"async\" class=\"alignnone size-thumbnail wp-image-9841\" src=\"https:\/\/xn--judo-lbben-feb.de\/wp-content\/uploads\/2012\/10\/DSC06164--150x150.jpg\" alt=\"DSC06164\" width=\"150\" height=\"150\" srcset=\"https:\/\/xn--judo-lbben-feb.de\/wp-content\/uploads\/2012\/10\/DSC06164--150x150.jpg 150w, https:\/\/xn--judo-lbben-feb.de\/wp-content\/uploads\/2012\/10\/DSC06164--80x80.jpg 80w, https:\/\/xn--judo-lbben-feb.de\/wp-content\/uploads\/2012\/10\/DSC06164--200x200.jpg 200w\" sizes=\"auto, (max-width: 150px) 100vw, 150px\" \/><\/a> <a href=\"https:\/\/xn--judo-lbben-feb.de\/wp-content\/uploads\/2012\/10\/DSC06165-.jpg\"><img loading=\"lazy\" decoding=\"async\" class=\"alignnone size-thumbnail wp-image-9842\" src=\"https:\/\/xn--judo-lbben-feb.de\/wp-content\/uploads\/2012\/10\/DSC06165--150x150.jpg\" alt=\"DSC06165\" width=\"150\" height=\"150\" srcset=\"https:\/\/xn--judo-lbben-feb.de\/wp-content\/uploads\/2012\/10\/DSC06165--150x150.jpg 150w, https:\/\/xn--judo-lbben-feb.de\/wp-content\/uploads\/2012\/10\/DSC06165--80x80.jpg 80w, https:\/\/xn--judo-lbben-feb.de\/wp-content\/uploads\/2012\/10\/DSC06165--200x200.jpg 200w\" sizes=\"auto, (max-width: 150px) 100vw, 150px\" \/><\/a> <a href=\"https:\/\/xn--judo-lbben-feb.de\/wp-content\/uploads\/2012\/10\/DSC06166-.jpg\"><img loading=\"lazy\" decoding=\"async\" class=\"alignnone size-thumbnail wp-image-9843\" src=\"https:\/\/xn--judo-lbben-feb.de\/wp-content\/uploads\/2012\/10\/DSC06166--150x150.jpg\" alt=\"DSC06166\" width=\"150\" height=\"150\" srcset=\"https:\/\/xn--judo-lbben-feb.de\/wp-content\/uploads\/2012\/10\/DSC06166--150x150.jpg 150w, https:\/\/xn--judo-lbben-feb.de\/wp-content\/uploads\/2012\/10\/DSC06166--80x80.jpg 80w, https:\/\/xn--judo-lbben-feb.de\/wp-content\/uploads\/2012\/10\/DSC06166--200x200.jpg 200w\" sizes=\"auto, (max-width: 150px) 100vw, 150px\" \/><\/a> <a href=\"https:\/\/xn--judo-lbben-feb.de\/wp-content\/uploads\/2012\/10\/DSC06167-.jpg\"><img loading=\"lazy\" decoding=\"async\" class=\"alignnone size-thumbnail wp-image-9844\" src=\"https:\/\/xn--judo-lbben-feb.de\/wp-content\/uploads\/2012\/10\/DSC06167--150x150.jpg\" alt=\"DSC06167\" width=\"150\" height=\"150\" srcset=\"https:\/\/xn--judo-lbben-feb.de\/wp-content\/uploads\/2012\/10\/DSC06167--150x150.jpg 150w, https:\/\/xn--judo-lbben-feb.de\/wp-content\/uploads\/2012\/10\/DSC06167--80x80.jpg 80w, https:\/\/xn--judo-lbben-feb.de\/wp-content\/uploads\/2012\/10\/DSC06167--200x200.jpg 200w\" sizes=\"auto, (max-width: 150px) 100vw, 150px\" \/><\/a> <a href=\"https:\/\/xn--judo-lbben-feb.de\/wp-content\/uploads\/2012\/10\/DSC06168-.jpg\"><img loading=\"lazy\" decoding=\"async\" class=\"alignnone size-thumbnail wp-image-9845\" src=\"https:\/\/xn--judo-lbben-feb.de\/wp-content\/uploads\/2012\/10\/DSC06168--150x150.jpg\" alt=\"DSC06168\" width=\"150\" height=\"150\" srcset=\"https:\/\/xn--judo-lbben-feb.de\/wp-content\/uploads\/2012\/10\/DSC06168--150x150.jpg 150w, https:\/\/xn--judo-lbben-feb.de\/wp-content\/uploads\/2012\/10\/DSC06168--80x80.jpg 80w, https:\/\/xn--judo-lbben-feb.de\/wp-content\/uploads\/2012\/10\/DSC06168--200x200.jpg 200w\" sizes=\"auto, (max-width: 150px) 100vw, 150px\" \/><\/a> <a href=\"https:\/\/xn--judo-lbben-feb.de\/wp-content\/uploads\/2012\/10\/DSC06169-.jpg\"><img loading=\"lazy\" decoding=\"async\" class=\"alignnone size-thumbnail wp-image-9846\" src=\"https:\/\/xn--judo-lbben-feb.de\/wp-content\/uploads\/2012\/10\/DSC06169--150x150.jpg\" alt=\"DSC06169\" width=\"150\" height=\"150\" srcset=\"https:\/\/xn--judo-lbben-feb.de\/wp-content\/uploads\/2012\/10\/DSC06169--150x150.jpg 150w, https:\/\/xn--judo-lbben-feb.de\/wp-content\/uploads\/2012\/10\/DSC06169--80x80.jpg 80w, https:\/\/xn--judo-lbben-feb.de\/wp-content\/uploads\/2012\/10\/DSC06169--200x200.jpg 200w\" sizes=\"auto, (max-width: 150px) 100vw, 150px\" \/><\/a> <a href=\"https:\/\/xn--judo-lbben-feb.de\/wp-content\/uploads\/2012\/10\/DSC06170-.jpg\"><img loading=\"lazy\" decoding=\"async\" class=\"alignnone size-thumbnail wp-image-9847\" src=\"https:\/\/xn--judo-lbben-feb.de\/wp-content\/uploads\/2012\/10\/DSC06170--150x150.jpg\" alt=\"DSC06170\" width=\"150\" height=\"150\" srcset=\"https:\/\/xn--judo-lbben-feb.de\/wp-content\/uploads\/2012\/10\/DSC06170--150x150.jpg 150w, https:\/\/xn--judo-lbben-feb.de\/wp-content\/uploads\/2012\/10\/DSC06170--80x80.jpg 80w, https:\/\/xn--judo-lbben-feb.de\/wp-content\/uploads\/2012\/10\/DSC06170--200x200.jpg 200w\" sizes=\"auto, (max-width: 150px) 100vw, 150px\" \/><\/a> <a href=\"https:\/\/xn--judo-lbben-feb.de\/wp-content\/uploads\/2012\/10\/DSC06171-.jpg\"><img loading=\"lazy\" decoding=\"async\" class=\"alignnone size-thumbnail wp-image-9848\" src=\"https:\/\/xn--judo-lbben-feb.de\/wp-content\/uploads\/2012\/10\/DSC06171--150x150.jpg\" alt=\"DSC06171\" width=\"150\" height=\"150\" srcset=\"https:\/\/xn--judo-lbben-feb.de\/wp-content\/uploads\/2012\/10\/DSC06171--150x150.jpg 150w, https:\/\/xn--judo-lbben-feb.de\/wp-content\/uploads\/2012\/10\/DSC06171--80x80.jpg 80w, https:\/\/xn--judo-lbben-feb.de\/wp-content\/uploads\/2012\/10\/DSC06171--200x200.jpg 200w\" sizes=\"auto, (max-width: 150px) 100vw, 150px\" \/><\/a> <a href=\"https:\/\/xn--judo-lbben-feb.de\/wp-content\/uploads\/2012\/10\/DSC06172-.jpg\"><img loading=\"lazy\" decoding=\"async\" class=\"alignnone size-thumbnail wp-image-9849\" src=\"https:\/\/xn--judo-lbben-feb.de\/wp-content\/uploads\/2012\/10\/DSC06172--150x150.jpg\" alt=\"DSC06172\" width=\"150\" height=\"150\" srcset=\"https:\/\/xn--judo-lbben-feb.de\/wp-content\/uploads\/2012\/10\/DSC06172--150x150.jpg 150w, https:\/\/xn--judo-lbben-feb.de\/wp-content\/uploads\/2012\/10\/DSC06172--80x80.jpg 80w, https:\/\/xn--judo-lbben-feb.de\/wp-content\/uploads\/2012\/10\/DSC06172--200x200.jpg 200w\" sizes=\"auto, (max-width: 150px) 100vw, 150px\" \/><\/a> <a href=\"https:\/\/xn--judo-lbben-feb.de\/wp-content\/uploads\/2012\/10\/DSC06173-.jpg\"><img loading=\"lazy\" decoding=\"async\" class=\"alignnone size-thumbnail wp-image-9850\" src=\"https:\/\/xn--judo-lbben-feb.de\/wp-content\/uploads\/2012\/10\/DSC06173--150x150.jpg\" alt=\"DSC06173\" width=\"150\" height=\"150\" srcset=\"https:\/\/xn--judo-lbben-feb.de\/wp-content\/uploads\/2012\/10\/DSC06173--150x150.jpg 150w, https:\/\/xn--judo-lbben-feb.de\/wp-content\/uploads\/2012\/10\/DSC06173--80x80.jpg 80w, https:\/\/xn--judo-lbben-feb.de\/wp-content\/uploads\/2012\/10\/DSC06173--200x200.jpg 200w\" sizes=\"auto, (max-width: 150px) 100vw, 150px\" \/><\/a> <a href=\"https:\/\/xn--judo-lbben-feb.de\/wp-content\/uploads\/2012\/10\/DSC06174-.jpg\"><img loading=\"lazy\" decoding=\"async\" class=\"alignnone size-thumbnail wp-image-9851\" src=\"https:\/\/xn--judo-lbben-feb.de\/wp-content\/uploads\/2012\/10\/DSC06174--150x150.jpg\" alt=\"DSC06174\" width=\"150\" height=\"150\" srcset=\"https:\/\/xn--judo-lbben-feb.de\/wp-content\/uploads\/2012\/10\/DSC06174--150x150.jpg 150w, https:\/\/xn--judo-lbben-feb.de\/wp-content\/uploads\/2012\/10\/DSC06174--80x80.jpg 80w, https:\/\/xn--judo-lbben-feb.de\/wp-content\/uploads\/2012\/10\/DSC06174--200x200.jpg 200w\" sizes=\"auto, (max-width: 150px) 100vw, 150px\" \/><\/a> <a href=\"https:\/\/xn--judo-lbben-feb.de\/wp-content\/uploads\/2012\/10\/DSC06175-.jpg\"><img loading=\"lazy\" decoding=\"async\" class=\"alignnone size-thumbnail wp-image-9852\" src=\"https:\/\/xn--judo-lbben-feb.de\/wp-content\/uploads\/2012\/10\/DSC06175--150x150.jpg\" alt=\"DSC06175\" width=\"150\" height=\"150\" srcset=\"https:\/\/xn--judo-lbben-feb.de\/wp-content\/uploads\/2012\/10\/DSC06175--150x150.jpg 150w, https:\/\/xn--judo-lbben-feb.de\/wp-content\/uploads\/2012\/10\/DSC06175--80x80.jpg 80w, https:\/\/xn--judo-lbben-feb.de\/wp-content\/uploads\/2012\/10\/DSC06175--200x200.jpg 200w\" sizes=\"auto, (max-width: 150px) 100vw, 150px\" \/><\/a> <a href=\"https:\/\/xn--judo-lbben-feb.de\/wp-content\/uploads\/2012\/10\/DSC06176-.jpg\"><img loading=\"lazy\" decoding=\"async\" class=\"alignnone size-thumbnail wp-image-9853\" src=\"https:\/\/xn--judo-lbben-feb.de\/wp-content\/uploads\/2012\/10\/DSC06176--150x150.jpg\" alt=\"DSC06176\" width=\"150\" height=\"150\" srcset=\"https:\/\/xn--judo-lbben-feb.de\/wp-content\/uploads\/2012\/10\/DSC06176--150x150.jpg 150w, https:\/\/xn--judo-lbben-feb.de\/wp-content\/uploads\/2012\/10\/DSC06176--80x80.jpg 80w, https:\/\/xn--judo-lbben-feb.de\/wp-content\/uploads\/2012\/10\/DSC06176--200x200.jpg 200w\" sizes=\"auto, (max-width: 150px) 100vw, 150px\" \/><\/a> <a href=\"https:\/\/xn--judo-lbben-feb.de\/wp-content\/uploads\/2012\/10\/DSC06177-.jpg\"><img loading=\"lazy\" decoding=\"async\" class=\"alignnone size-thumbnail wp-image-9854\" src=\"https:\/\/xn--judo-lbben-feb.de\/wp-content\/uploads\/2012\/10\/DSC06177--150x150.jpg\" alt=\"DSC06177\" width=\"150\" height=\"150\" srcset=\"https:\/\/xn--judo-lbben-feb.de\/wp-content\/uploads\/2012\/10\/DSC06177--150x150.jpg 150w, https:\/\/xn--judo-lbben-feb.de\/wp-content\/uploads\/2012\/10\/DSC06177--80x80.jpg 80w, https:\/\/xn--judo-lbben-feb.de\/wp-content\/uploads\/2012\/10\/DSC06177--200x200.jpg 200w\" sizes=\"auto, (max-width: 150px) 100vw, 150px\" \/><\/a> <a href=\"https:\/\/xn--judo-lbben-feb.de\/wp-content\/uploads\/2012\/10\/DSC06178-.jpg\"><img loading=\"lazy\" decoding=\"async\" class=\"alignnone size-thumbnail wp-image-9855\" src=\"https:\/\/xn--judo-lbben-feb.de\/wp-content\/uploads\/2012\/10\/DSC06178--150x150.jpg\" alt=\"DSC06178\" width=\"150\" height=\"150\" srcset=\"https:\/\/xn--judo-lbben-feb.de\/wp-content\/uploads\/2012\/10\/DSC06178--150x150.jpg 150w, https:\/\/xn--judo-lbben-feb.de\/wp-content\/uploads\/2012\/10\/DSC06178--80x80.jpg 80w, https:\/\/xn--judo-lbben-feb.de\/wp-content\/uploads\/2012\/10\/DSC06178--200x200.jpg 200w\" sizes=\"auto, (max-width: 150px) 100vw, 150px\" \/><\/a> <a href=\"https:\/\/xn--judo-lbben-feb.de\/wp-content\/uploads\/2012\/10\/DSC06179-.jpg\"><img loading=\"lazy\" decoding=\"async\" class=\"alignnone size-thumbnail wp-image-9856\" src=\"https:\/\/xn--judo-lbben-feb.de\/wp-content\/uploads\/2012\/10\/DSC06179--150x150.jpg\" alt=\"DSC06179\" width=\"150\" height=\"150\" srcset=\"https:\/\/xn--judo-lbben-feb.de\/wp-content\/uploads\/2012\/10\/DSC06179--150x150.jpg 150w, https:\/\/xn--judo-lbben-feb.de\/wp-content\/uploads\/2012\/10\/DSC06179--80x80.jpg 80w, https:\/\/xn--judo-lbben-feb.de\/wp-content\/uploads\/2012\/10\/DSC06179--200x200.jpg 200w\" sizes=\"auto, (max-width: 150px) 100vw, 150px\" \/><\/a> <a href=\"https:\/\/xn--judo-lbben-feb.de\/wp-content\/uploads\/2012\/10\/DSC06180-.jpg\"><img loading=\"lazy\" decoding=\"async\" class=\"alignnone size-thumbnail wp-image-9857\" src=\"https:\/\/xn--judo-lbben-feb.de\/wp-content\/uploads\/2012\/10\/DSC06180--150x150.jpg\" alt=\"DSC06180\" width=\"150\" height=\"150\" srcset=\"https:\/\/xn--judo-lbben-feb.de\/wp-content\/uploads\/2012\/10\/DSC06180--150x150.jpg 150w, https:\/\/xn--judo-lbben-feb.de\/wp-content\/uploads\/2012\/10\/DSC06180--80x80.jpg 80w, https:\/\/xn--judo-lbben-feb.de\/wp-content\/uploads\/2012\/10\/DSC06180--200x200.jpg 200w\" sizes=\"auto, (max-width: 150px) 100vw, 150px\" \/><\/a> <a href=\"https:\/\/xn--judo-lbben-feb.de\/wp-content\/uploads\/2012\/10\/DSC06181-.jpg\"><img loading=\"lazy\" decoding=\"async\" class=\"alignnone size-thumbnail wp-image-9858\" src=\"https:\/\/xn--judo-lbben-feb.de\/wp-content\/uploads\/2012\/10\/DSC06181--150x150.jpg\" alt=\"DSC06181\" width=\"150\" height=\"150\" srcset=\"https:\/\/xn--judo-lbben-feb.de\/wp-content\/uploads\/2012\/10\/DSC06181--150x150.jpg 150w, https:\/\/xn--judo-lbben-feb.de\/wp-content\/uploads\/2012\/10\/DSC06181--80x80.jpg 80w, https:\/\/xn--judo-lbben-feb.de\/wp-content\/uploads\/2012\/10\/DSC06181--200x200.jpg 200w\" sizes=\"auto, (max-width: 150px) 100vw, 150px\" \/><\/a> <a href=\"https:\/\/xn--judo-lbben-feb.de\/wp-content\/uploads\/2012\/10\/DSC06182-.jpg\"><img loading=\"lazy\" decoding=\"async\" class=\"alignnone size-thumbnail wp-image-9859\" src=\"https:\/\/xn--judo-lbben-feb.de\/wp-content\/uploads\/2012\/10\/DSC06182--150x150.jpg\" alt=\"DSC06182\" width=\"150\" height=\"150\" srcset=\"https:\/\/xn--judo-lbben-feb.de\/wp-content\/uploads\/2012\/10\/DSC06182--150x150.jpg 150w, https:\/\/xn--judo-lbben-feb.de\/wp-content\/uploads\/2012\/10\/DSC06182--80x80.jpg 80w, https:\/\/xn--judo-lbben-feb.de\/wp-content\/uploads\/2012\/10\/DSC06182--200x200.jpg 200w\" sizes=\"auto, (max-width: 150px) 100vw, 150px\" \/><\/a> <a href=\"https:\/\/xn--judo-lbben-feb.de\/wp-content\/uploads\/2012\/10\/DSC06183-.jpg\"><img loading=\"lazy\" decoding=\"async\" class=\"alignnone size-thumbnail wp-image-9860\" src=\"https:\/\/xn--judo-lbben-feb.de\/wp-content\/uploads\/2012\/10\/DSC06183--150x150.jpg\" alt=\"DSC06183\" width=\"150\" height=\"150\" srcset=\"https:\/\/xn--judo-lbben-feb.de\/wp-content\/uploads\/2012\/10\/DSC06183--150x150.jpg 150w, https:\/\/xn--judo-lbben-feb.de\/wp-content\/uploads\/2012\/10\/DSC06183--80x80.jpg 80w, https:\/\/xn--judo-lbben-feb.de\/wp-content\/uploads\/2012\/10\/DSC06183--200x200.jpg 200w\" sizes=\"auto, (max-width: 150px) 100vw, 150px\" \/><\/a> <a href=\"https:\/\/xn--judo-lbben-feb.de\/wp-content\/uploads\/2012\/10\/DSC06184-.jpg\"><img loading=\"lazy\" decoding=\"async\" class=\"alignnone size-thumbnail wp-image-9861\" src=\"https:\/\/xn--judo-lbben-feb.de\/wp-content\/uploads\/2012\/10\/DSC06184--150x150.jpg\" alt=\"DSC06184\" width=\"150\" height=\"150\" srcset=\"https:\/\/xn--judo-lbben-feb.de\/wp-content\/uploads\/2012\/10\/DSC06184--150x150.jpg 150w, https:\/\/xn--judo-lbben-feb.de\/wp-content\/uploads\/2012\/10\/DSC06184--80x80.jpg 80w, https:\/\/xn--judo-lbben-feb.de\/wp-content\/uploads\/2012\/10\/DSC06184--200x200.jpg 200w\" sizes=\"auto, (max-width: 150px) 100vw, 150px\" \/><\/a> <a href=\"https:\/\/xn--judo-lbben-feb.de\/wp-content\/uploads\/2012\/10\/DSC06185-.jpg\"><img loading=\"lazy\" decoding=\"async\" class=\"alignnone size-thumbnail wp-image-9862\" src=\"https:\/\/xn--judo-lbben-feb.de\/wp-content\/uploads\/2012\/10\/DSC06185--150x150.jpg\" alt=\"DSC06185\" width=\"150\" height=\"150\" srcset=\"https:\/\/xn--judo-lbben-feb.de\/wp-content\/uploads\/2012\/10\/DSC06185--150x150.jpg 150w, https:\/\/xn--judo-lbben-feb.de\/wp-content\/uploads\/2012\/10\/DSC06185--80x80.jpg 80w, https:\/\/xn--judo-lbben-feb.de\/wp-content\/uploads\/2012\/10\/DSC06185--200x200.jpg 200w\" sizes=\"auto, (max-width: 150px) 100vw, 150px\" \/><\/a> <a href=\"https:\/\/xn--judo-lbben-feb.de\/wp-content\/uploads\/2012\/10\/DSC06186-.jpg\"><img loading=\"lazy\" decoding=\"async\" class=\"alignnone size-thumbnail wp-image-9863\" src=\"https:\/\/xn--judo-lbben-feb.de\/wp-content\/uploads\/2012\/10\/DSC06186--150x150.jpg\" alt=\"DSC06186\" width=\"150\" height=\"150\" srcset=\"https:\/\/xn--judo-lbben-feb.de\/wp-content\/uploads\/2012\/10\/DSC06186--150x150.jpg 150w, https:\/\/xn--judo-lbben-feb.de\/wp-content\/uploads\/2012\/10\/DSC06186--80x80.jpg 80w, https:\/\/xn--judo-lbben-feb.de\/wp-content\/uploads\/2012\/10\/DSC06186--200x200.jpg 200w\" sizes=\"auto, (max-width: 150px) 100vw, 150px\" \/><\/a> <a href=\"https:\/\/xn--judo-lbben-feb.de\/wp-content\/uploads\/2012\/10\/DSC06187-.jpg\"><img loading=\"lazy\" decoding=\"async\" class=\"alignnone size-thumbnail wp-image-9864\" src=\"https:\/\/xn--judo-lbben-feb.de\/wp-content\/uploads\/2012\/10\/DSC06187--150x150.jpg\" alt=\"DSC06187\" width=\"150\" height=\"150\" srcset=\"https:\/\/xn--judo-lbben-feb.de\/wp-content\/uploads\/2012\/10\/DSC06187--150x150.jpg 150w, https:\/\/xn--judo-lbben-feb.de\/wp-content\/uploads\/2012\/10\/DSC06187--80x80.jpg 80w, https:\/\/xn--judo-lbben-feb.de\/wp-content\/uploads\/2012\/10\/DSC06187--200x200.jpg 200w\" sizes=\"auto, (max-width: 150px) 100vw, 150px\" \/><\/a> <a href=\"https:\/\/xn--judo-lbben-feb.de\/wp-content\/uploads\/2012\/10\/DSC06188-.jpg\"><img loading=\"lazy\" decoding=\"async\" class=\"alignnone size-thumbnail wp-image-9865\" src=\"https:\/\/xn--judo-lbben-feb.de\/wp-content\/uploads\/2012\/10\/DSC06188--150x150.jpg\" alt=\"DSC06188\" width=\"150\" height=\"150\" srcset=\"https:\/\/xn--judo-lbben-feb.de\/wp-content\/uploads\/2012\/10\/DSC06188--150x150.jpg 150w, https:\/\/xn--judo-lbben-feb.de\/wp-content\/uploads\/2012\/10\/DSC06188--80x80.jpg 80w, https:\/\/xn--judo-lbben-feb.de\/wp-content\/uploads\/2012\/10\/DSC06188--200x200.jpg 200w\" sizes=\"auto, (max-width: 150px) 100vw, 150px\" \/><\/a> <a href=\"https:\/\/xn--judo-lbben-feb.de\/wp-content\/uploads\/2012\/10\/DSC06189-.jpg\"><img loading=\"lazy\" decoding=\"async\" class=\"alignnone size-thumbnail wp-image-9866\" src=\"https:\/\/xn--judo-lbben-feb.de\/wp-content\/uploads\/2012\/10\/DSC06189--150x150.jpg\" alt=\"DSC06189\" width=\"150\" height=\"150\" srcset=\"https:\/\/xn--judo-lbben-feb.de\/wp-content\/uploads\/2012\/10\/DSC06189--150x150.jpg 150w, https:\/\/xn--judo-lbben-feb.de\/wp-content\/uploads\/2012\/10\/DSC06189--80x80.jpg 80w, https:\/\/xn--judo-lbben-feb.de\/wp-content\/uploads\/2012\/10\/DSC06189--200x200.jpg 200w\" sizes=\"auto, (max-width: 150px) 100vw, 150px\" \/><\/a> <a href=\"https:\/\/xn--judo-lbben-feb.de\/wp-content\/uploads\/2012\/10\/DSC06190-.jpg\"><img loading=\"lazy\" decoding=\"async\" class=\"alignnone size-thumbnail wp-image-9867\" src=\"https:\/\/xn--judo-lbben-feb.de\/wp-content\/uploads\/2012\/10\/DSC06190--150x150.jpg\" alt=\"DSC06190\" width=\"150\" height=\"150\" srcset=\"https:\/\/xn--judo-lbben-feb.de\/wp-content\/uploads\/2012\/10\/DSC06190--150x150.jpg 150w, https:\/\/xn--judo-lbben-feb.de\/wp-content\/uploads\/2012\/10\/DSC06190--80x80.jpg 80w, https:\/\/xn--judo-lbben-feb.de\/wp-content\/uploads\/2012\/10\/DSC06190--200x200.jpg 200w\" sizes=\"auto, (max-width: 150px) 100vw, 150px\" \/><\/a> <a href=\"https:\/\/xn--judo-lbben-feb.de\/wp-content\/uploads\/2012\/10\/DSC06191-.jpg\"><img loading=\"lazy\" decoding=\"async\" class=\"alignnone size-thumbnail wp-image-9868\" src=\"https:\/\/xn--judo-lbben-feb.de\/wp-content\/uploads\/2012\/10\/DSC06191--150x150.jpg\" alt=\"DSC06191\" width=\"150\" height=\"150\" srcset=\"https:\/\/xn--judo-lbben-feb.de\/wp-content\/uploads\/2012\/10\/DSC06191--150x150.jpg 150w, https:\/\/xn--judo-lbben-feb.de\/wp-content\/uploads\/2012\/10\/DSC06191--80x80.jpg 80w, https:\/\/xn--judo-lbben-feb.de\/wp-content\/uploads\/2012\/10\/DSC06191--200x200.jpg 200w\" sizes=\"auto, (max-width: 150px) 100vw, 150px\" \/><\/a> <a href=\"https:\/\/xn--judo-lbben-feb.de\/wp-content\/uploads\/2012\/10\/DSC06193-.jpg\"><img loading=\"lazy\" decoding=\"async\" class=\"alignnone size-thumbnail wp-image-9869\" src=\"https:\/\/xn--judo-lbben-feb.de\/wp-content\/uploads\/2012\/10\/DSC06193--150x150.jpg\" alt=\"DSC06193\" width=\"150\" height=\"150\" srcset=\"https:\/\/xn--judo-lbben-feb.de\/wp-content\/uploads\/2012\/10\/DSC06193--150x150.jpg 150w, https:\/\/xn--judo-lbben-feb.de\/wp-content\/uploads\/2012\/10\/DSC06193--80x80.jpg 80w, https:\/\/xn--judo-lbben-feb.de\/wp-content\/uploads\/2012\/10\/DSC06193--200x200.jpg 200w\" sizes=\"auto, (max-width: 150px) 100vw, 150px\" \/><\/a> <a href=\"https:\/\/xn--judo-lbben-feb.de\/wp-content\/uploads\/2012\/10\/DSC06194-.jpg\"><img loading=\"lazy\" decoding=\"async\" class=\"alignnone size-thumbnail wp-image-9870\" src=\"https:\/\/xn--judo-lbben-feb.de\/wp-content\/uploads\/2012\/10\/DSC06194--150x150.jpg\" alt=\"DSC06194\" width=\"150\" height=\"150\" srcset=\"https:\/\/xn--judo-lbben-feb.de\/wp-content\/uploads\/2012\/10\/DSC06194--150x150.jpg 150w, https:\/\/xn--judo-lbben-feb.de\/wp-content\/uploads\/2012\/10\/DSC06194--80x80.jpg 80w, https:\/\/xn--judo-lbben-feb.de\/wp-content\/uploads\/2012\/10\/DSC06194--200x200.jpg 200w\" sizes=\"auto, (max-width: 150px) 100vw, 150px\" \/><\/a> <a href=\"https:\/\/xn--judo-lbben-feb.de\/wp-content\/uploads\/2012\/10\/DSC06195-.jpg\"><img loading=\"lazy\" decoding=\"async\" class=\"alignnone size-thumbnail wp-image-9871\" src=\"https:\/\/xn--judo-lbben-feb.de\/wp-content\/uploads\/2012\/10\/DSC06195--150x150.jpg\" alt=\"DSC06195\" width=\"150\" height=\"150\" srcset=\"https:\/\/xn--judo-lbben-feb.de\/wp-content\/uploads\/2012\/10\/DSC06195--150x150.jpg 150w, https:\/\/xn--judo-lbben-feb.de\/wp-content\/uploads\/2012\/10\/DSC06195--80x80.jpg 80w, https:\/\/xn--judo-lbben-feb.de\/wp-content\/uploads\/2012\/10\/DSC06195--200x200.jpg 200w\" sizes=\"auto, (max-width: 150px) 100vw, 150px\" \/><\/a> <a href=\"https:\/\/xn--judo-lbben-feb.de\/wp-content\/uploads\/2012\/10\/DSC06196-.jpg\"><img loading=\"lazy\" decoding=\"async\" class=\"alignnone size-thumbnail wp-image-9872\" src=\"https:\/\/xn--judo-lbben-feb.de\/wp-content\/uploads\/2012\/10\/DSC06196--150x150.jpg\" alt=\"DSC06196\" width=\"150\" height=\"150\" srcset=\"https:\/\/xn--judo-lbben-feb.de\/wp-content\/uploads\/2012\/10\/DSC06196--150x150.jpg 150w, https:\/\/xn--judo-lbben-feb.de\/wp-content\/uploads\/2012\/10\/DSC06196--80x80.jpg 80w, https:\/\/xn--judo-lbben-feb.de\/wp-content\/uploads\/2012\/10\/DSC06196--200x200.jpg 200w\" sizes=\"auto, (max-width: 150px) 100vw, 150px\" \/><\/a> <a href=\"https:\/\/xn--judo-lbben-feb.de\/wp-content\/uploads\/2012\/10\/DSC06197-.jpg\"><img loading=\"lazy\" decoding=\"async\" class=\"alignnone size-thumbnail wp-image-9873\" src=\"https:\/\/xn--judo-lbben-feb.de\/wp-content\/uploads\/2012\/10\/DSC06197--150x150.jpg\" alt=\"DSC06197\" width=\"150\" height=\"150\" srcset=\"https:\/\/xn--judo-lbben-feb.de\/wp-content\/uploads\/2012\/10\/DSC06197--150x150.jpg 150w, https:\/\/xn--judo-lbben-feb.de\/wp-content\/uploads\/2012\/10\/DSC06197--80x80.jpg 80w, https:\/\/xn--judo-lbben-feb.de\/wp-content\/uploads\/2012\/10\/DSC06197--200x200.jpg 200w\" sizes=\"auto, (max-width: 150px) 100vw, 150px\" \/><\/a> <a href=\"https:\/\/xn--judo-lbben-feb.de\/wp-content\/uploads\/2012\/10\/DSC06198-.jpg\"><img loading=\"lazy\" decoding=\"async\" class=\"alignnone size-thumbnail wp-image-9874\" src=\"https:\/\/xn--judo-lbben-feb.de\/wp-content\/uploads\/2012\/10\/DSC06198--150x150.jpg\" alt=\"DSC06198\" width=\"150\" height=\"150\" srcset=\"https:\/\/xn--judo-lbben-feb.de\/wp-content\/uploads\/2012\/10\/DSC06198--150x150.jpg 150w, https:\/\/xn--judo-lbben-feb.de\/wp-content\/uploads\/2012\/10\/DSC06198--80x80.jpg 80w, https:\/\/xn--judo-lbben-feb.de\/wp-content\/uploads\/2012\/10\/DSC06198--200x200.jpg 200w\" sizes=\"auto, (max-width: 150px) 100vw, 150px\" \/><\/a> <a href=\"https:\/\/xn--judo-lbben-feb.de\/wp-content\/uploads\/2012\/10\/DSC06199-.jpg\"><img loading=\"lazy\" decoding=\"async\" class=\"alignnone size-thumbnail wp-image-9875\" src=\"https:\/\/xn--judo-lbben-feb.de\/wp-content\/uploads\/2012\/10\/DSC06199--150x150.jpg\" alt=\"DSC06199\" width=\"150\" height=\"150\" srcset=\"https:\/\/xn--judo-lbben-feb.de\/wp-content\/uploads\/2012\/10\/DSC06199--150x150.jpg 150w, https:\/\/xn--judo-lbben-feb.de\/wp-content\/uploads\/2012\/10\/DSC06199--80x80.jpg 80w, https:\/\/xn--judo-lbben-feb.de\/wp-content\/uploads\/2012\/10\/DSC06199--200x200.jpg 200w\" sizes=\"auto, (max-width: 150px) 100vw, 150px\" \/><\/a> <a href=\"https:\/\/xn--judo-lbben-feb.de\/wp-content\/uploads\/2012\/10\/DSC06200-.jpg\"><img loading=\"lazy\" decoding=\"async\" class=\"alignnone size-thumbnail wp-image-9876\" src=\"https:\/\/xn--judo-lbben-feb.de\/wp-content\/uploads\/2012\/10\/DSC06200--150x150.jpg\" alt=\"DSC06200\" width=\"150\" height=\"150\" srcset=\"https:\/\/xn--judo-lbben-feb.de\/wp-content\/uploads\/2012\/10\/DSC06200--150x150.jpg 150w, https:\/\/xn--judo-lbben-feb.de\/wp-content\/uploads\/2012\/10\/DSC06200--80x80.jpg 80w, https:\/\/xn--judo-lbben-feb.de\/wp-content\/uploads\/2012\/10\/DSC06200--200x200.jpg 200w\" sizes=\"auto, (max-width: 150px) 100vw, 150px\" \/><\/a> <a href=\"https:\/\/xn--judo-lbben-feb.de\/wp-content\/uploads\/2012\/10\/DSC06201-.jpg\"><img loading=\"lazy\" decoding=\"async\" class=\"alignnone size-thumbnail wp-image-9877\" src=\"https:\/\/xn--judo-lbben-feb.de\/wp-content\/uploads\/2012\/10\/DSC06201--150x150.jpg\" alt=\"DSC06201\" width=\"150\" height=\"150\" srcset=\"https:\/\/xn--judo-lbben-feb.de\/wp-content\/uploads\/2012\/10\/DSC06201--150x150.jpg 150w, https:\/\/xn--judo-lbben-feb.de\/wp-content\/uploads\/2012\/10\/DSC06201--80x80.jpg 80w, https:\/\/xn--judo-lbben-feb.de\/wp-content\/uploads\/2012\/10\/DSC06201--200x200.jpg 200w\" sizes=\"auto, (max-width: 150px) 100vw, 150px\" \/><\/a> <a href=\"https:\/\/xn--judo-lbben-feb.de\/wp-content\/uploads\/2012\/10\/DSC06202-.jpg\"><img loading=\"lazy\" decoding=\"async\" class=\"alignnone size-thumbnail wp-image-9878\" src=\"https:\/\/xn--judo-lbben-feb.de\/wp-content\/uploads\/2012\/10\/DSC06202--150x150.jpg\" alt=\"DSC06202\" width=\"150\" height=\"150\" srcset=\"https:\/\/xn--judo-lbben-feb.de\/wp-content\/uploads\/2012\/10\/DSC06202--150x150.jpg 150w, https:\/\/xn--judo-lbben-feb.de\/wp-content\/uploads\/2012\/10\/DSC06202--80x80.jpg 80w, https:\/\/xn--judo-lbben-feb.de\/wp-content\/uploads\/2012\/10\/DSC06202--200x200.jpg 200w\" sizes=\"auto, (max-width: 150px) 100vw, 150px\" \/><\/a> <a href=\"https:\/\/xn--judo-lbben-feb.de\/wp-content\/uploads\/2012\/10\/DSC06203-.jpg\"><img loading=\"lazy\" decoding=\"async\" class=\"alignnone size-thumbnail wp-image-9879\" src=\"https:\/\/xn--judo-lbben-feb.de\/wp-content\/uploads\/2012\/10\/DSC06203--150x150.jpg\" alt=\"DSC06203\" width=\"150\" height=\"150\" srcset=\"https:\/\/xn--judo-lbben-feb.de\/wp-content\/uploads\/2012\/10\/DSC06203--150x150.jpg 150w, https:\/\/xn--judo-lbben-feb.de\/wp-content\/uploads\/2012\/10\/DSC06203--80x80.jpg 80w, https:\/\/xn--judo-lbben-feb.de\/wp-content\/uploads\/2012\/10\/DSC06203--200x200.jpg 200w\" sizes=\"auto, (max-width: 150px) 100vw, 150px\" \/><\/a> <a href=\"https:\/\/xn--judo-lbben-feb.de\/wp-content\/uploads\/2012\/10\/DSC06204-.jpg\"><img loading=\"lazy\" decoding=\"async\" class=\"alignnone size-thumbnail wp-image-9880\" src=\"https:\/\/xn--judo-lbben-feb.de\/wp-content\/uploads\/2012\/10\/DSC06204--150x150.jpg\" alt=\"DSC06204\" width=\"150\" height=\"150\" srcset=\"https:\/\/xn--judo-lbben-feb.de\/wp-content\/uploads\/2012\/10\/DSC06204--150x150.jpg 150w, https:\/\/xn--judo-lbben-feb.de\/wp-content\/uploads\/2012\/10\/DSC06204--80x80.jpg 80w, https:\/\/xn--judo-lbben-feb.de\/wp-content\/uploads\/2012\/10\/DSC06204--200x200.jpg 200w\" sizes=\"auto, (max-width: 150px) 100vw, 150px\" \/><\/a> <a href=\"https:\/\/xn--judo-lbben-feb.de\/wp-content\/uploads\/2012\/10\/DSC06205-.jpg\"><img loading=\"lazy\" decoding=\"async\" class=\"alignnone size-thumbnail wp-image-9881\" src=\"https:\/\/xn--judo-lbben-feb.de\/wp-content\/uploads\/2012\/10\/DSC06205--150x150.jpg\" alt=\"DSC06205\" width=\"150\" height=\"150\" srcset=\"https:\/\/xn--judo-lbben-feb.de\/wp-content\/uploads\/2012\/10\/DSC06205--150x150.jpg 150w, https:\/\/xn--judo-lbben-feb.de\/wp-content\/uploads\/2012\/10\/DSC06205--80x80.jpg 80w, https:\/\/xn--judo-lbben-feb.de\/wp-content\/uploads\/2012\/10\/DSC06205--200x200.jpg 200w\" sizes=\"auto, (max-width: 150px) 100vw, 150px\" \/><\/a> <a href=\"https:\/\/xn--judo-lbben-feb.de\/wp-content\/uploads\/2012\/10\/DSC06206-.jpg\"><img loading=\"lazy\" decoding=\"async\" class=\"alignnone size-thumbnail wp-image-9882\" src=\"https:\/\/xn--judo-lbben-feb.de\/wp-content\/uploads\/2012\/10\/DSC06206--150x150.jpg\" alt=\"DSC06206\" width=\"150\" height=\"150\" srcset=\"https:\/\/xn--judo-lbben-feb.de\/wp-content\/uploads\/2012\/10\/DSC06206--150x150.jpg 150w, https:\/\/xn--judo-lbben-feb.de\/wp-content\/uploads\/2012\/10\/DSC06206--80x80.jpg 80w, https:\/\/xn--judo-lbben-feb.de\/wp-content\/uploads\/2012\/10\/DSC06206--200x200.jpg 200w\" sizes=\"auto, (max-width: 150px) 100vw, 150px\" \/><\/a> <a href=\"https:\/\/xn--judo-lbben-feb.de\/wp-content\/uploads\/2012\/10\/DSC06207-.jpg\"><img loading=\"lazy\" decoding=\"async\" class=\"alignnone size-thumbnail wp-image-9883\" src=\"https:\/\/xn--judo-lbben-feb.de\/wp-content\/uploads\/2012\/10\/DSC06207--150x150.jpg\" alt=\"DSC06207\" width=\"150\" height=\"150\" srcset=\"https:\/\/xn--judo-lbben-feb.de\/wp-content\/uploads\/2012\/10\/DSC06207--150x150.jpg 150w, https:\/\/xn--judo-lbben-feb.de\/wp-content\/uploads\/2012\/10\/DSC06207--80x80.jpg 80w, https:\/\/xn--judo-lbben-feb.de\/wp-content\/uploads\/2012\/10\/DSC06207--200x200.jpg 200w\" sizes=\"auto, (max-width: 150px) 100vw, 150px\" \/><\/a> <a href=\"https:\/\/xn--judo-lbben-feb.de\/wp-content\/uploads\/2012\/10\/DSC06208-.jpg\"><img loading=\"lazy\" decoding=\"async\" class=\"alignnone size-thumbnail wp-image-9884\" src=\"https:\/\/xn--judo-lbben-feb.de\/wp-content\/uploads\/2012\/10\/DSC06208--150x150.jpg\" alt=\"DSC06208\" width=\"150\" height=\"150\" srcset=\"https:\/\/xn--judo-lbben-feb.de\/wp-content\/uploads\/2012\/10\/DSC06208--150x150.jpg 150w, https:\/\/xn--judo-lbben-feb.de\/wp-content\/uploads\/2012\/10\/DSC06208--80x80.jpg 80w, https:\/\/xn--judo-lbben-feb.de\/wp-content\/uploads\/2012\/10\/DSC06208--200x200.jpg 200w\" sizes=\"auto, (max-width: 150px) 100vw, 150px\" \/><\/a> <a href=\"https:\/\/xn--judo-lbben-feb.de\/wp-content\/uploads\/2012\/10\/DSC06209-.jpg\"><img loading=\"lazy\" decoding=\"async\" class=\"alignnone size-thumbnail wp-image-9885\" src=\"https:\/\/xn--judo-lbben-feb.de\/wp-content\/uploads\/2012\/10\/DSC06209--150x150.jpg\" alt=\"DSC06209\" width=\"150\" height=\"150\" srcset=\"https:\/\/xn--judo-lbben-feb.de\/wp-content\/uploads\/2012\/10\/DSC06209--150x150.jpg 150w, https:\/\/xn--judo-lbben-feb.de\/wp-content\/uploads\/2012\/10\/DSC06209--80x80.jpg 80w, https:\/\/xn--judo-lbben-feb.de\/wp-content\/uploads\/2012\/10\/DSC06209--200x200.jpg 200w\" sizes=\"auto, (max-width: 150px) 100vw, 150px\" \/><\/a> <a href=\"https:\/\/xn--judo-lbben-feb.de\/wp-content\/uploads\/2012\/10\/DSC06210-.jpg\"><img loading=\"lazy\" decoding=\"async\" class=\"alignnone size-thumbnail wp-image-9886\" src=\"https:\/\/xn--judo-lbben-feb.de\/wp-content\/uploads\/2012\/10\/DSC06210--150x150.jpg\" alt=\"DSC06210\" width=\"150\" height=\"150\" srcset=\"https:\/\/xn--judo-lbben-feb.de\/wp-content\/uploads\/2012\/10\/DSC06210--150x150.jpg 150w, https:\/\/xn--judo-lbben-feb.de\/wp-content\/uploads\/2012\/10\/DSC06210--80x80.jpg 80w, https:\/\/xn--judo-lbben-feb.de\/wp-content\/uploads\/2012\/10\/DSC06210--200x200.jpg 200w\" sizes=\"auto, (max-width: 150px) 100vw, 150px\" \/><\/a> <a href=\"https:\/\/xn--judo-lbben-feb.de\/wp-content\/uploads\/2012\/10\/DSC06211-.jpg\"><img loading=\"lazy\" decoding=\"async\" class=\"alignnone size-thumbnail wp-image-9887\" src=\"https:\/\/xn--judo-lbben-feb.de\/wp-content\/uploads\/2012\/10\/DSC06211--150x150.jpg\" alt=\"DSC06211\" width=\"150\" height=\"150\" srcset=\"https:\/\/xn--judo-lbben-feb.de\/wp-content\/uploads\/2012\/10\/DSC06211--150x150.jpg 150w, https:\/\/xn--judo-lbben-feb.de\/wp-content\/uploads\/2012\/10\/DSC06211--80x80.jpg 80w, https:\/\/xn--judo-lbben-feb.de\/wp-content\/uploads\/2012\/10\/DSC06211--200x200.jpg 200w\" sizes=\"auto, (max-width: 150px) 100vw, 150px\" \/><\/a> <a href=\"https:\/\/xn--judo-lbben-feb.de\/wp-content\/uploads\/2012\/10\/DSC06212-.jpg\"><img loading=\"lazy\" decoding=\"async\" class=\"alignnone size-thumbnail wp-image-9888\" src=\"https:\/\/xn--judo-lbben-feb.de\/wp-content\/uploads\/2012\/10\/DSC06212--150x150.jpg\" alt=\"DSC06212\" width=\"150\" height=\"150\" srcset=\"https:\/\/xn--judo-lbben-feb.de\/wp-content\/uploads\/2012\/10\/DSC06212--150x150.jpg 150w, https:\/\/xn--judo-lbben-feb.de\/wp-content\/uploads\/2012\/10\/DSC06212--80x80.jpg 80w, https:\/\/xn--judo-lbben-feb.de\/wp-content\/uploads\/2012\/10\/DSC06212--200x200.jpg 200w\" sizes=\"auto, (max-width: 150px) 100vw, 150px\" \/><\/a> <a href=\"https:\/\/xn--judo-lbben-feb.de\/wp-content\/uploads\/2012\/10\/DSC06213-.jpg\"><img loading=\"lazy\" decoding=\"async\" class=\"alignnone size-thumbnail wp-image-9889\" src=\"https:\/\/xn--judo-lbben-feb.de\/wp-content\/uploads\/2012\/10\/DSC06213--150x150.jpg\" alt=\"DSC06213\" width=\"150\" height=\"150\" srcset=\"https:\/\/xn--judo-lbben-feb.de\/wp-content\/uploads\/2012\/10\/DSC06213--150x150.jpg 150w, https:\/\/xn--judo-lbben-feb.de\/wp-content\/uploads\/2012\/10\/DSC06213--80x80.jpg 80w, https:\/\/xn--judo-lbben-feb.de\/wp-content\/uploads\/2012\/10\/DSC06213--200x200.jpg 200w\" sizes=\"auto, (max-width: 150px) 100vw, 150px\" \/><\/a> <a href=\"https:\/\/xn--judo-lbben-feb.de\/wp-content\/uploads\/2012\/10\/DSC06214-.jpg\"><img loading=\"lazy\" decoding=\"async\" class=\"alignnone size-thumbnail wp-image-9890\" src=\"https:\/\/xn--judo-lbben-feb.de\/wp-content\/uploads\/2012\/10\/DSC06214--150x150.jpg\" alt=\"DSC06214\" width=\"150\" height=\"150\" srcset=\"https:\/\/xn--judo-lbben-feb.de\/wp-content\/uploads\/2012\/10\/DSC06214--150x150.jpg 150w, https:\/\/xn--judo-lbben-feb.de\/wp-content\/uploads\/2012\/10\/DSC06214--80x80.jpg 80w, https:\/\/xn--judo-lbben-feb.de\/wp-content\/uploads\/2012\/10\/DSC06214--200x200.jpg 200w\" sizes=\"auto, (max-width: 150px) 100vw, 150px\" \/><\/a> <a href=\"https:\/\/xn--judo-lbben-feb.de\/wp-content\/uploads\/2012\/10\/DSC06215-.jpg\"><img loading=\"lazy\" decoding=\"async\" class=\"alignnone size-thumbnail wp-image-9891\" src=\"https:\/\/xn--judo-lbben-feb.de\/wp-content\/uploads\/2012\/10\/DSC06215--150x150.jpg\" alt=\"DSC06215\" width=\"150\" height=\"150\" srcset=\"https:\/\/xn--judo-lbben-feb.de\/wp-content\/uploads\/2012\/10\/DSC06215--150x150.jpg 150w, https:\/\/xn--judo-lbben-feb.de\/wp-content\/uploads\/2012\/10\/DSC06215--80x80.jpg 80w, https:\/\/xn--judo-lbben-feb.de\/wp-content\/uploads\/2012\/10\/DSC06215--200x200.jpg 200w\" sizes=\"auto, (max-width: 150px) 100vw, 150px\" \/><\/a> <a href=\"https:\/\/xn--judo-lbben-feb.de\/wp-content\/uploads\/2012\/10\/DSC06217-.jpg\"><img loading=\"lazy\" decoding=\"async\" class=\"alignnone size-thumbnail wp-image-9892\" src=\"https:\/\/xn--judo-lbben-feb.de\/wp-content\/uploads\/2012\/10\/DSC06217--150x150.jpg\" alt=\"DSC06217\" width=\"150\" height=\"150\" srcset=\"https:\/\/xn--judo-lbben-feb.de\/wp-content\/uploads\/2012\/10\/DSC06217--150x150.jpg 150w, https:\/\/xn--judo-lbben-feb.de\/wp-content\/uploads\/2012\/10\/DSC06217--80x80.jpg 80w, https:\/\/xn--judo-lbben-feb.de\/wp-content\/uploads\/2012\/10\/DSC06217--200x200.jpg 200w\" sizes=\"auto, (max-width: 150px) 100vw, 150px\" \/><\/a> <a href=\"https:\/\/xn--judo-lbben-feb.de\/wp-content\/uploads\/2012\/10\/DSC06218-.jpg\"><img loading=\"lazy\" decoding=\"async\" class=\"alignnone size-thumbnail wp-image-9893\" src=\"https:\/\/xn--judo-lbben-feb.de\/wp-content\/uploads\/2012\/10\/DSC06218--150x150.jpg\" alt=\"DSC06218\" width=\"150\" height=\"150\" srcset=\"https:\/\/xn--judo-lbben-feb.de\/wp-content\/uploads\/2012\/10\/DSC06218--150x150.jpg 150w, https:\/\/xn--judo-lbben-feb.de\/wp-content\/uploads\/2012\/10\/DSC06218--80x80.jpg 80w, https:\/\/xn--judo-lbben-feb.de\/wp-content\/uploads\/2012\/10\/DSC06218--200x200.jpg 200w\" sizes=\"auto, (max-width: 150px) 100vw, 150px\" \/><\/a> <a href=\"https:\/\/xn--judo-lbben-feb.de\/wp-content\/uploads\/2012\/10\/DSC06219-.jpg\"><img loading=\"lazy\" decoding=\"async\" class=\"alignnone size-thumbnail wp-image-9894\" src=\"https:\/\/xn--judo-lbben-feb.de\/wp-content\/uploads\/2012\/10\/DSC06219--150x150.jpg\" alt=\"DSC06219\" width=\"150\" height=\"150\" srcset=\"https:\/\/xn--judo-lbben-feb.de\/wp-content\/uploads\/2012\/10\/DSC06219--150x150.jpg 150w, https:\/\/xn--judo-lbben-feb.de\/wp-content\/uploads\/2012\/10\/DSC06219--80x80.jpg 80w, https:\/\/xn--judo-lbben-feb.de\/wp-content\/uploads\/2012\/10\/DSC06219--200x200.jpg 200w\" sizes=\"auto, (max-width: 150px) 100vw, 150px\" \/><\/a> <a href=\"https:\/\/xn--judo-lbben-feb.de\/wp-content\/uploads\/2012\/10\/DSC06220-.jpg\"><img loading=\"lazy\" decoding=\"async\" class=\"alignnone size-thumbnail wp-image-9895\" src=\"https:\/\/xn--judo-lbben-feb.de\/wp-content\/uploads\/2012\/10\/DSC06220--150x150.jpg\" alt=\"DSC06220\" width=\"150\" height=\"150\" srcset=\"https:\/\/xn--judo-lbben-feb.de\/wp-content\/uploads\/2012\/10\/DSC06220--150x150.jpg 150w, https:\/\/xn--judo-lbben-feb.de\/wp-content\/uploads\/2012\/10\/DSC06220--80x80.jpg 80w, https:\/\/xn--judo-lbben-feb.de\/wp-content\/uploads\/2012\/10\/DSC06220--200x200.jpg 200w\" sizes=\"auto, (max-width: 150px) 100vw, 150px\" \/><\/a> <a href=\"https:\/\/xn--judo-lbben-feb.de\/wp-content\/uploads\/2012\/10\/DSC06221-.jpg\"><img loading=\"lazy\" decoding=\"async\" class=\"alignnone size-thumbnail wp-image-9896\" src=\"https:\/\/xn--judo-lbben-feb.de\/wp-content\/uploads\/2012\/10\/DSC06221--150x150.jpg\" alt=\"DSC06221\" width=\"150\" height=\"150\" srcset=\"https:\/\/xn--judo-lbben-feb.de\/wp-content\/uploads\/2012\/10\/DSC06221--150x150.jpg 150w, https:\/\/xn--judo-lbben-feb.de\/wp-content\/uploads\/2012\/10\/DSC06221--80x80.jpg 80w, https:\/\/xn--judo-lbben-feb.de\/wp-content\/uploads\/2012\/10\/DSC06221--200x200.jpg 200w\" sizes=\"auto, (max-width: 150px) 100vw, 150px\" \/><\/a> <a href=\"https:\/\/xn--judo-lbben-feb.de\/wp-content\/uploads\/2012\/10\/DSC06222-.jpg\"><img loading=\"lazy\" decoding=\"async\" class=\"alignnone size-thumbnail wp-image-9897\" src=\"https:\/\/xn--judo-lbben-feb.de\/wp-content\/uploads\/2012\/10\/DSC06222--150x150.jpg\" alt=\"DSC06222\" width=\"150\" height=\"150\" srcset=\"https:\/\/xn--judo-lbben-feb.de\/wp-content\/uploads\/2012\/10\/DSC06222--150x150.jpg 150w, https:\/\/xn--judo-lbben-feb.de\/wp-content\/uploads\/2012\/10\/DSC06222--80x80.jpg 80w, https:\/\/xn--judo-lbben-feb.de\/wp-content\/uploads\/2012\/10\/DSC06222--200x200.jpg 200w\" sizes=\"auto, (max-width: 150px) 100vw, 150px\" \/><\/a> <a href=\"https:\/\/xn--judo-lbben-feb.de\/wp-content\/uploads\/2012\/10\/DSC06223-.jpg\"><img loading=\"lazy\" decoding=\"async\" class=\"alignnone size-thumbnail wp-image-9898\" src=\"https:\/\/xn--judo-lbben-feb.de\/wp-content\/uploads\/2012\/10\/DSC06223--150x150.jpg\" alt=\"DSC06223\" width=\"150\" height=\"150\" srcset=\"https:\/\/xn--judo-lbben-feb.de\/wp-content\/uploads\/2012\/10\/DSC06223--150x150.jpg 150w, https:\/\/xn--judo-lbben-feb.de\/wp-content\/uploads\/2012\/10\/DSC06223--80x80.jpg 80w, https:\/\/xn--judo-lbben-feb.de\/wp-content\/uploads\/2012\/10\/DSC06223--200x200.jpg 200w\" sizes=\"auto, (max-width: 150px) 100vw, 150px\" \/><\/a> <a href=\"https:\/\/xn--judo-lbben-feb.de\/wp-content\/uploads\/2012\/10\/DSC06224-.jpg\"><img loading=\"lazy\" decoding=\"async\" class=\"alignnone size-thumbnail wp-image-9899\" src=\"https:\/\/xn--judo-lbben-feb.de\/wp-content\/uploads\/2012\/10\/DSC06224--150x150.jpg\" alt=\"DSC06224\" width=\"150\" height=\"150\" srcset=\"https:\/\/xn--judo-lbben-feb.de\/wp-content\/uploads\/2012\/10\/DSC06224--150x150.jpg 150w, https:\/\/xn--judo-lbben-feb.de\/wp-content\/uploads\/2012\/10\/DSC06224--80x80.jpg 80w, https:\/\/xn--judo-lbben-feb.de\/wp-content\/uploads\/2012\/10\/DSC06224--200x200.jpg 200w\" sizes=\"auto, (max-width: 150px) 100vw, 150px\" \/><\/a> <a href=\"https:\/\/xn--judo-lbben-feb.de\/wp-content\/uploads\/2012\/10\/DSC06225-.jpg\"><img loading=\"lazy\" decoding=\"async\" class=\"alignnone size-thumbnail wp-image-9900\" src=\"https:\/\/xn--judo-lbben-feb.de\/wp-content\/uploads\/2012\/10\/DSC06225--150x150.jpg\" alt=\"DSC06225\" width=\"150\" height=\"150\" srcset=\"https:\/\/xn--judo-lbben-feb.de\/wp-content\/uploads\/2012\/10\/DSC06225--150x150.jpg 150w, https:\/\/xn--judo-lbben-feb.de\/wp-content\/uploads\/2012\/10\/DSC06225--80x80.jpg 80w, https:\/\/xn--judo-lbben-feb.de\/wp-content\/uploads\/2012\/10\/DSC06225--200x200.jpg 200w\" sizes=\"auto, (max-width: 150px) 100vw, 150px\" \/><\/a> <a href=\"https:\/\/xn--judo-lbben-feb.de\/wp-content\/uploads\/2012\/10\/DSC06226-.jpg\"><img loading=\"lazy\" decoding=\"async\" class=\"alignnone size-thumbnail wp-image-9901\" src=\"https:\/\/xn--judo-lbben-feb.de\/wp-content\/uploads\/2012\/10\/DSC06226--150x150.jpg\" alt=\"DSC06226\" width=\"150\" height=\"150\" srcset=\"https:\/\/xn--judo-lbben-feb.de\/wp-content\/uploads\/2012\/10\/DSC06226--150x150.jpg 150w, https:\/\/xn--judo-lbben-feb.de\/wp-content\/uploads\/2012\/10\/DSC06226--80x80.jpg 80w, https:\/\/xn--judo-lbben-feb.de\/wp-content\/uploads\/2012\/10\/DSC06226--200x200.jpg 200w\" sizes=\"auto, (max-width: 150px) 100vw, 150px\" \/><\/a> <a href=\"https:\/\/xn--judo-lbben-feb.de\/wp-content\/uploads\/2012\/10\/DSC06227-.jpg\"><img loading=\"lazy\" decoding=\"async\" class=\"alignnone size-thumbnail wp-image-9902\" src=\"https:\/\/xn--judo-lbben-feb.de\/wp-content\/uploads\/2012\/10\/DSC06227--150x150.jpg\" alt=\"DSC06227\" width=\"150\" height=\"150\" srcset=\"https:\/\/xn--judo-lbben-feb.de\/wp-content\/uploads\/2012\/10\/DSC06227--150x150.jpg 150w, https:\/\/xn--judo-lbben-feb.de\/wp-content\/uploads\/2012\/10\/DSC06227--80x80.jpg 80w, https:\/\/xn--judo-lbben-feb.de\/wp-content\/uploads\/2012\/10\/DSC06227--200x200.jpg 200w\" sizes=\"auto, (max-width: 150px) 100vw, 150px\" \/><\/a> <a href=\"https:\/\/xn--judo-lbben-feb.de\/wp-content\/uploads\/2012\/10\/DSC06228-.jpg\"><img loading=\"lazy\" decoding=\"async\" class=\"alignnone size-thumbnail wp-image-9903\" src=\"https:\/\/xn--judo-lbben-feb.de\/wp-content\/uploads\/2012\/10\/DSC06228--150x150.jpg\" alt=\"DSC06228\" width=\"150\" height=\"150\" srcset=\"https:\/\/xn--judo-lbben-feb.de\/wp-content\/uploads\/2012\/10\/DSC06228--150x150.jpg 150w, https:\/\/xn--judo-lbben-feb.de\/wp-content\/uploads\/2012\/10\/DSC06228--80x80.jpg 80w, https:\/\/xn--judo-lbben-feb.de\/wp-content\/uploads\/2012\/10\/DSC06228--200x200.jpg 200w\" sizes=\"auto, (max-width: 150px) 100vw, 150px\" \/><\/a> <a href=\"https:\/\/xn--judo-lbben-feb.de\/wp-content\/uploads\/2012\/10\/DSC06229-.jpg\"><img loading=\"lazy\" decoding=\"async\" class=\"alignnone size-thumbnail wp-image-9904\" src=\"https:\/\/xn--judo-lbben-feb.de\/wp-content\/uploads\/2012\/10\/DSC06229--150x150.jpg\" alt=\"DSC06229\" width=\"150\" height=\"150\" srcset=\"https:\/\/xn--judo-lbben-feb.de\/wp-content\/uploads\/2012\/10\/DSC06229--150x150.jpg 150w, https:\/\/xn--judo-lbben-feb.de\/wp-content\/uploads\/2012\/10\/DSC06229--80x80.jpg 80w, https:\/\/xn--judo-lbben-feb.de\/wp-content\/uploads\/2012\/10\/DSC06229--200x200.jpg 200w\" sizes=\"auto, (max-width: 150px) 100vw, 150px\" \/><\/a> <a href=\"https:\/\/xn--judo-lbben-feb.de\/wp-content\/uploads\/2012\/10\/DSC06230-.jpg\"><img loading=\"lazy\" decoding=\"async\" class=\"alignnone size-thumbnail wp-image-9905\" src=\"https:\/\/xn--judo-lbben-feb.de\/wp-content\/uploads\/2012\/10\/DSC06230--150x150.jpg\" alt=\"DSC06230\" width=\"150\" height=\"150\" srcset=\"https:\/\/xn--judo-lbben-feb.de\/wp-content\/uploads\/2012\/10\/DSC06230--150x150.jpg 150w, https:\/\/xn--judo-lbben-feb.de\/wp-content\/uploads\/2012\/10\/DSC06230--80x80.jpg 80w, https:\/\/xn--judo-lbben-feb.de\/wp-content\/uploads\/2012\/10\/DSC06230--200x200.jpg 200w\" sizes=\"auto, (max-width: 150px) 100vw, 150px\" \/><\/a> <a href=\"https:\/\/xn--judo-lbben-feb.de\/wp-content\/uploads\/2012\/10\/DSC06231-.jpg\"><img loading=\"lazy\" decoding=\"async\" class=\"alignnone size-thumbnail wp-image-9906\" src=\"https:\/\/xn--judo-lbben-feb.de\/wp-content\/uploads\/2012\/10\/DSC06231--150x150.jpg\" alt=\"DSC06231\" width=\"150\" height=\"150\" srcset=\"https:\/\/xn--judo-lbben-feb.de\/wp-content\/uploads\/2012\/10\/DSC06231--150x150.jpg 150w, https:\/\/xn--judo-lbben-feb.de\/wp-content\/uploads\/2012\/10\/DSC06231--80x80.jpg 80w, https:\/\/xn--judo-lbben-feb.de\/wp-content\/uploads\/2012\/10\/DSC06231--200x200.jpg 200w\" sizes=\"auto, (max-width: 150px) 100vw, 150px\" \/><\/a> <a href=\"https:\/\/xn--judo-lbben-feb.de\/wp-content\/uploads\/2012\/10\/DSC06232-.jpg\"><img loading=\"lazy\" decoding=\"async\" class=\"alignnone size-thumbnail wp-image-9907\" src=\"https:\/\/xn--judo-lbben-feb.de\/wp-content\/uploads\/2012\/10\/DSC06232--150x150.jpg\" alt=\"DSC06232\" width=\"150\" height=\"150\" srcset=\"https:\/\/xn--judo-lbben-feb.de\/wp-content\/uploads\/2012\/10\/DSC06232--150x150.jpg 150w, https:\/\/xn--judo-lbben-feb.de\/wp-content\/uploads\/2012\/10\/DSC06232--80x80.jpg 80w, https:\/\/xn--judo-lbben-feb.de\/wp-content\/uploads\/2012\/10\/DSC06232--200x200.jpg 200w\" sizes=\"auto, (max-width: 150px) 100vw, 150px\" \/><\/a> <a href=\"https:\/\/xn--judo-lbben-feb.de\/wp-content\/uploads\/2012\/10\/DSC06233-.jpg\"><img loading=\"lazy\" decoding=\"async\" class=\"alignnone size-thumbnail wp-image-9908\" src=\"https:\/\/xn--judo-lbben-feb.de\/wp-content\/uploads\/2012\/10\/DSC06233--150x150.jpg\" alt=\"DSC06233\" width=\"150\" height=\"150\" srcset=\"https:\/\/xn--judo-lbben-feb.de\/wp-content\/uploads\/2012\/10\/DSC06233--150x150.jpg 150w, https:\/\/xn--judo-lbben-feb.de\/wp-content\/uploads\/2012\/10\/DSC06233--80x80.jpg 80w, https:\/\/xn--judo-lbben-feb.de\/wp-content\/uploads\/2012\/10\/DSC06233--200x200.jpg 200w\" sizes=\"auto, (max-width: 150px) 100vw, 150px\" \/><\/a> <a href=\"https:\/\/xn--judo-lbben-feb.de\/wp-content\/uploads\/2012\/10\/DSC06234-.jpg\"><img loading=\"lazy\" decoding=\"async\" class=\"alignnone size-thumbnail wp-image-9909\" src=\"https:\/\/xn--judo-lbben-feb.de\/wp-content\/uploads\/2012\/10\/DSC06234--150x150.jpg\" alt=\"DSC06234\" width=\"150\" height=\"150\" srcset=\"https:\/\/xn--judo-lbben-feb.de\/wp-content\/uploads\/2012\/10\/DSC06234--150x150.jpg 150w, https:\/\/xn--judo-lbben-feb.de\/wp-content\/uploads\/2012\/10\/DSC06234--80x80.jpg 80w, https:\/\/xn--judo-lbben-feb.de\/wp-content\/uploads\/2012\/10\/DSC06234--200x200.jpg 200w\" sizes=\"auto, (max-width: 150px) 100vw, 150px\" \/><\/a> <a href=\"https:\/\/xn--judo-lbben-feb.de\/wp-content\/uploads\/2012\/10\/DSC06235-.jpg\"><img loading=\"lazy\" decoding=\"async\" class=\"alignnone size-thumbnail wp-image-9910\" src=\"https:\/\/xn--judo-lbben-feb.de\/wp-content\/uploads\/2012\/10\/DSC06235--150x150.jpg\" alt=\"DSC06235\" width=\"150\" height=\"150\" srcset=\"https:\/\/xn--judo-lbben-feb.de\/wp-content\/uploads\/2012\/10\/DSC06235--150x150.jpg 150w, https:\/\/xn--judo-lbben-feb.de\/wp-content\/uploads\/2012\/10\/DSC06235--80x80.jpg 80w, https:\/\/xn--judo-lbben-feb.de\/wp-content\/uploads\/2012\/10\/DSC06235--200x200.jpg 200w\" sizes=\"auto, (max-width: 150px) 100vw, 150px\" \/><\/a> <a href=\"https:\/\/xn--judo-lbben-feb.de\/wp-content\/uploads\/2012\/10\/DSC06236-.jpg\"><img loading=\"lazy\" decoding=\"async\" class=\"alignnone size-thumbnail wp-image-9911\" src=\"https:\/\/xn--judo-lbben-feb.de\/wp-content\/uploads\/2012\/10\/DSC06236--150x150.jpg\" alt=\"DSC06236\" width=\"150\" height=\"150\" srcset=\"https:\/\/xn--judo-lbben-feb.de\/wp-content\/uploads\/2012\/10\/DSC06236--150x150.jpg 150w, https:\/\/xn--judo-lbben-feb.de\/wp-content\/uploads\/2012\/10\/DSC06236--80x80.jpg 80w, https:\/\/xn--judo-lbben-feb.de\/wp-content\/uploads\/2012\/10\/DSC06236--200x200.jpg 200w\" sizes=\"auto, (max-width: 150px) 100vw, 150px\" \/><\/a> <a href=\"https:\/\/xn--judo-lbben-feb.de\/wp-content\/uploads\/2012\/10\/DSC06237-.jpg\"><img loading=\"lazy\" decoding=\"async\" class=\"alignnone size-thumbnail wp-image-9912\" src=\"https:\/\/xn--judo-lbben-feb.de\/wp-content\/uploads\/2012\/10\/DSC06237--150x150.jpg\" alt=\"DSC06237\" width=\"150\" height=\"150\" srcset=\"https:\/\/xn--judo-lbben-feb.de\/wp-content\/uploads\/2012\/10\/DSC06237--150x150.jpg 150w, https:\/\/xn--judo-lbben-feb.de\/wp-content\/uploads\/2012\/10\/DSC06237--80x80.jpg 80w, https:\/\/xn--judo-lbben-feb.de\/wp-content\/uploads\/2012\/10\/DSC06237--200x200.jpg 200w\" sizes=\"auto, (max-width: 150px) 100vw, 150px\" \/><\/a> <a href=\"https:\/\/xn--judo-lbben-feb.de\/wp-content\/uploads\/2012\/10\/DSC06241--e1467737625939.jpg\"><img loading=\"lazy\" decoding=\"async\" class=\"alignnone size-thumbnail wp-image-9916\" src=\"https:\/\/xn--judo-lbben-feb.de\/wp-content\/uploads\/2012\/10\/DSC06241--e1467737625939-150x150.jpg\" alt=\"DSC06241\" width=\"150\" height=\"150\" srcset=\"https:\/\/xn--judo-lbben-feb.de\/wp-content\/uploads\/2012\/10\/DSC06241--e1467737625939-150x150.jpg 150w, https:\/\/xn--judo-lbben-feb.de\/wp-content\/uploads\/2012\/10\/DSC06241--e1467737625939-80x80.jpg 80w, https:\/\/xn--judo-lbben-feb.de\/wp-content\/uploads\/2012\/10\/DSC06241--e1467737625939-200x200.jpg 200w\" sizes=\"auto, (max-width: 150px) 100vw, 150px\" \/><\/a><\/p>\n<p style=\"text-align: center;\"><strong>Erfolgreiche G\u00fcrtelpr\u00fcfungen 2016\/Trainingslager 16. &amp; 17. Januar 2016<\/strong><\/p>\n<p style=\"text-align: center;\"><a href=\"https:\/\/xn--judo-lbben-feb.de\/wp-content\/uploads\/2012\/10\/DSC05782-.jpg\" rel=\"attachment wp-att-9142\"><img loading=\"lazy\" decoding=\"async\" class=\"alignnone size-thumbnail wp-image-9142\" src=\"https:\/\/xn--judo-lbben-feb.de\/wp-content\/uploads\/2012\/10\/DSC05782--150x150.jpg\" alt=\"DSC05782\" width=\"150\" height=\"150\" srcset=\"https:\/\/xn--judo-lbben-feb.de\/wp-content\/uploads\/2012\/10\/DSC05782--150x150.jpg 150w, https:\/\/xn--judo-lbben-feb.de\/wp-content\/uploads\/2012\/10\/DSC05782--80x80.jpg 80w, https:\/\/xn--judo-lbben-feb.de\/wp-content\/uploads\/2012\/10\/DSC05782--200x200.jpg 200w\" sizes=\"auto, (max-width: 150px) 100vw, 150px\" \/><\/a> <a href=\"https:\/\/xn--judo-lbben-feb.de\/wp-content\/uploads\/2012\/10\/DSC05783-.jpg\" rel=\"attachment wp-att-9143\"><img loading=\"lazy\" decoding=\"async\" class=\"alignnone size-thumbnail wp-image-9143\" src=\"https:\/\/xn--judo-lbben-feb.de\/wp-content\/uploads\/2012\/10\/DSC05783--150x150.jpg\" alt=\"DSC05783\" width=\"150\" height=\"150\" srcset=\"https:\/\/xn--judo-lbben-feb.de\/wp-content\/uploads\/2012\/10\/DSC05783--150x150.jpg 150w, https:\/\/xn--judo-lbben-feb.de\/wp-content\/uploads\/2012\/10\/DSC05783--80x80.jpg 80w, https:\/\/xn--judo-lbben-feb.de\/wp-content\/uploads\/2012\/10\/DSC05783--200x200.jpg 200w\" sizes=\"auto, (max-width: 150px) 100vw, 150px\" \/><\/a> <a href=\"https:\/\/xn--judo-lbben-feb.de\/wp-content\/uploads\/2012\/10\/DSC05784-.jpg\" rel=\"attachment wp-att-9144\"><img loading=\"lazy\" decoding=\"async\" class=\"alignnone size-thumbnail wp-image-9144\" src=\"https:\/\/xn--judo-lbben-feb.de\/wp-content\/uploads\/2012\/10\/DSC05784--150x150.jpg\" alt=\"DSC05784\" width=\"150\" height=\"150\" srcset=\"https:\/\/xn--judo-lbben-feb.de\/wp-content\/uploads\/2012\/10\/DSC05784--150x150.jpg 150w, https:\/\/xn--judo-lbben-feb.de\/wp-content\/uploads\/2012\/10\/DSC05784--80x80.jpg 80w, https:\/\/xn--judo-lbben-feb.de\/wp-content\/uploads\/2012\/10\/DSC05784--200x200.jpg 200w\" sizes=\"auto, (max-width: 150px) 100vw, 150px\" \/><\/a> <a href=\"https:\/\/xn--judo-lbben-feb.de\/wp-content\/uploads\/2012\/10\/DSC05786-.jpg\" rel=\"attachment wp-att-9145\"><img loading=\"lazy\" decoding=\"async\" class=\"alignnone size-thumbnail wp-image-9145\" src=\"https:\/\/xn--judo-lbben-feb.de\/wp-content\/uploads\/2012\/10\/DSC05786--150x150.jpg\" alt=\"DSC05786\" width=\"150\" height=\"150\" srcset=\"https:\/\/xn--judo-lbben-feb.de\/wp-content\/uploads\/2012\/10\/DSC05786--150x150.jpg 150w, https:\/\/xn--judo-lbben-feb.de\/wp-content\/uploads\/2012\/10\/DSC05786--80x80.jpg 80w, https:\/\/xn--judo-lbben-feb.de\/wp-content\/uploads\/2012\/10\/DSC05786--200x200.jpg 200w\" sizes=\"auto, (max-width: 150px) 100vw, 150px\" \/><\/a> <a href=\"https:\/\/xn--judo-lbben-feb.de\/wp-content\/uploads\/2012\/10\/DSC05787-.jpg\" rel=\"attachment wp-att-9146\"><img loading=\"lazy\" decoding=\"async\" class=\"alignnone size-thumbnail wp-image-9146\" src=\"https:\/\/xn--judo-lbben-feb.de\/wp-content\/uploads\/2012\/10\/DSC05787--150x150.jpg\" alt=\"DSC05787\" width=\"150\" height=\"150\" srcset=\"https:\/\/xn--judo-lbben-feb.de\/wp-content\/uploads\/2012\/10\/DSC05787--150x150.jpg 150w, https:\/\/xn--judo-lbben-feb.de\/wp-content\/uploads\/2012\/10\/DSC05787--80x80.jpg 80w, https:\/\/xn--judo-lbben-feb.de\/wp-content\/uploads\/2012\/10\/DSC05787--200x200.jpg 200w\" sizes=\"auto, (max-width: 150px) 100vw, 150px\" \/><\/a> <a href=\"https:\/\/xn--judo-lbben-feb.de\/wp-content\/uploads\/2012\/10\/DSC05788-.jpg\" rel=\"attachment wp-att-9147\"><img loading=\"lazy\" decoding=\"async\" class=\"alignnone size-thumbnail wp-image-9147\" src=\"https:\/\/xn--judo-lbben-feb.de\/wp-content\/uploads\/2012\/10\/DSC05788--150x150.jpg\" alt=\"DSC05788\" width=\"150\" height=\"150\" srcset=\"https:\/\/xn--judo-lbben-feb.de\/wp-content\/uploads\/2012\/10\/DSC05788--150x150.jpg 150w, https:\/\/xn--judo-lbben-feb.de\/wp-content\/uploads\/2012\/10\/DSC05788--80x80.jpg 80w, https:\/\/xn--judo-lbben-feb.de\/wp-content\/uploads\/2012\/10\/DSC05788--200x200.jpg 200w\" sizes=\"auto, (max-width: 150px) 100vw, 150px\" \/><\/a> <a href=\"https:\/\/xn--judo-lbben-feb.de\/wp-content\/uploads\/2012\/10\/DSC05790-.jpg\" rel=\"attachment wp-att-9148\"><img loading=\"lazy\" decoding=\"async\" class=\"alignnone size-thumbnail wp-image-9148\" src=\"https:\/\/xn--judo-lbben-feb.de\/wp-content\/uploads\/2012\/10\/DSC05790--150x150.jpg\" alt=\"DSC05790\" width=\"150\" height=\"150\" srcset=\"https:\/\/xn--judo-lbben-feb.de\/wp-content\/uploads\/2012\/10\/DSC05790--150x150.jpg 150w, https:\/\/xn--judo-lbben-feb.de\/wp-content\/uploads\/2012\/10\/DSC05790--80x80.jpg 80w, https:\/\/xn--judo-lbben-feb.de\/wp-content\/uploads\/2012\/10\/DSC05790--200x200.jpg 200w\" sizes=\"auto, (max-width: 150px) 100vw, 150px\" \/><\/a> <a href=\"https:\/\/xn--judo-lbben-feb.de\/wp-content\/uploads\/2012\/10\/DSC05791-.jpg\" rel=\"attachment wp-att-9149\"><img loading=\"lazy\" decoding=\"async\" class=\"alignnone size-thumbnail wp-image-9149\" src=\"https:\/\/xn--judo-lbben-feb.de\/wp-content\/uploads\/2012\/10\/DSC05791--150x150.jpg\" alt=\"DSC05791\" width=\"150\" height=\"150\" srcset=\"https:\/\/xn--judo-lbben-feb.de\/wp-content\/uploads\/2012\/10\/DSC05791--150x150.jpg 150w, https:\/\/xn--judo-lbben-feb.de\/wp-content\/uploads\/2012\/10\/DSC05791--80x80.jpg 80w, https:\/\/xn--judo-lbben-feb.de\/wp-content\/uploads\/2012\/10\/DSC05791--200x200.jpg 200w\" sizes=\"auto, (max-width: 150px) 100vw, 150px\" \/><\/a> <a href=\"https:\/\/xn--judo-lbben-feb.de\/wp-content\/uploads\/2012\/10\/DSC05794-.jpg\" rel=\"attachment wp-att-9150\"><img loading=\"lazy\" decoding=\"async\" class=\"alignnone size-thumbnail wp-image-9150\" src=\"https:\/\/xn--judo-lbben-feb.de\/wp-content\/uploads\/2012\/10\/DSC05794--150x150.jpg\" alt=\"DSC05794\" width=\"150\" height=\"150\" srcset=\"https:\/\/xn--judo-lbben-feb.de\/wp-content\/uploads\/2012\/10\/DSC05794--150x150.jpg 150w, https:\/\/xn--judo-lbben-feb.de\/wp-content\/uploads\/2012\/10\/DSC05794--80x80.jpg 80w, https:\/\/xn--judo-lbben-feb.de\/wp-content\/uploads\/2012\/10\/DSC05794--200x200.jpg 200w\" sizes=\"auto, (max-width: 150px) 100vw, 150px\" \/><\/a> <a href=\"https:\/\/xn--judo-lbben-feb.de\/wp-content\/uploads\/2012\/10\/DSC05795-.jpg\" rel=\"attachment wp-att-9151\"><img loading=\"lazy\" decoding=\"async\" class=\"alignnone size-thumbnail wp-image-9151\" src=\"https:\/\/xn--judo-lbben-feb.de\/wp-content\/uploads\/2012\/10\/DSC05795--150x150.jpg\" alt=\"DSC05795\" width=\"150\" height=\"150\" srcset=\"https:\/\/xn--judo-lbben-feb.de\/wp-content\/uploads\/2012\/10\/DSC05795--150x150.jpg 150w, https:\/\/xn--judo-lbben-feb.de\/wp-content\/uploads\/2012\/10\/DSC05795--80x80.jpg 80w, https:\/\/xn--judo-lbben-feb.de\/wp-content\/uploads\/2012\/10\/DSC05795--200x200.jpg 200w\" sizes=\"auto, (max-width: 150px) 100vw, 150px\" \/><\/a> <a href=\"https:\/\/xn--judo-lbben-feb.de\/wp-content\/uploads\/2012\/10\/DSC05796-.jpg\" rel=\"attachment wp-att-9152\"><img loading=\"lazy\" decoding=\"async\" class=\"alignnone size-thumbnail wp-image-9152\" src=\"https:\/\/xn--judo-lbben-feb.de\/wp-content\/uploads\/2012\/10\/DSC05796--150x150.jpg\" alt=\"DSC05796\" width=\"150\" height=\"150\" srcset=\"https:\/\/xn--judo-lbben-feb.de\/wp-content\/uploads\/2012\/10\/DSC05796--150x150.jpg 150w, https:\/\/xn--judo-lbben-feb.de\/wp-content\/uploads\/2012\/10\/DSC05796--80x80.jpg 80w, https:\/\/xn--judo-lbben-feb.de\/wp-content\/uploads\/2012\/10\/DSC05796--200x200.jpg 200w\" sizes=\"auto, (max-width: 150px) 100vw, 150px\" \/><\/a> <a href=\"https:\/\/xn--judo-lbben-feb.de\/wp-content\/uploads\/2012\/10\/DSC05798-.jpg\" rel=\"attachment wp-att-9153\"><img loading=\"lazy\" decoding=\"async\" class=\"alignnone size-thumbnail wp-image-9153\" src=\"https:\/\/xn--judo-lbben-feb.de\/wp-content\/uploads\/2012\/10\/DSC05798--150x150.jpg\" alt=\"DSC05798\" width=\"150\" height=\"150\" srcset=\"https:\/\/xn--judo-lbben-feb.de\/wp-content\/uploads\/2012\/10\/DSC05798--150x150.jpg 150w, https:\/\/xn--judo-lbben-feb.de\/wp-content\/uploads\/2012\/10\/DSC05798--80x80.jpg 80w, https:\/\/xn--judo-lbben-feb.de\/wp-content\/uploads\/2012\/10\/DSC05798--200x200.jpg 200w\" sizes=\"auto, (max-width: 150px) 100vw, 150px\" \/><\/a> <a href=\"https:\/\/xn--judo-lbben-feb.de\/wp-content\/uploads\/2012\/10\/DSC05799-.jpg\" rel=\"attachment wp-att-9154\"><img loading=\"lazy\" decoding=\"async\" class=\"alignnone size-thumbnail wp-image-9154\" src=\"https:\/\/xn--judo-lbben-feb.de\/wp-content\/uploads\/2012\/10\/DSC05799--150x150.jpg\" alt=\"DSC05799\" width=\"150\" height=\"150\" srcset=\"https:\/\/xn--judo-lbben-feb.de\/wp-content\/uploads\/2012\/10\/DSC05799--150x150.jpg 150w, https:\/\/xn--judo-lbben-feb.de\/wp-content\/uploads\/2012\/10\/DSC05799--80x80.jpg 80w, https:\/\/xn--judo-lbben-feb.de\/wp-content\/uploads\/2012\/10\/DSC05799--200x200.jpg 200w\" sizes=\"auto, (max-width: 150px) 100vw, 150px\" \/><\/a> <a href=\"https:\/\/xn--judo-lbben-feb.de\/wp-content\/uploads\/2012\/10\/DSC05804-.jpg\" rel=\"attachment wp-att-9155\"><img loading=\"lazy\" decoding=\"async\" class=\"alignnone size-thumbnail wp-image-9155\" src=\"https:\/\/xn--judo-lbben-feb.de\/wp-content\/uploads\/2012\/10\/DSC05804--150x150.jpg\" alt=\"DSC05804\" width=\"150\" height=\"150\" srcset=\"https:\/\/xn--judo-lbben-feb.de\/wp-content\/uploads\/2012\/10\/DSC05804--150x150.jpg 150w, https:\/\/xn--judo-lbben-feb.de\/wp-content\/uploads\/2012\/10\/DSC05804--80x80.jpg 80w, https:\/\/xn--judo-lbben-feb.de\/wp-content\/uploads\/2012\/10\/DSC05804--200x200.jpg 200w\" sizes=\"auto, (max-width: 150px) 100vw, 150px\" \/><\/a> <a href=\"https:\/\/xn--judo-lbben-feb.de\/wp-content\/uploads\/2012\/10\/DSC05805-.jpg\" rel=\"attachment wp-att-9156\"><img loading=\"lazy\" decoding=\"async\" class=\"alignnone size-thumbnail wp-image-9156\" src=\"https:\/\/xn--judo-lbben-feb.de\/wp-content\/uploads\/2012\/10\/DSC05805--150x150.jpg\" alt=\"DSC05805\" width=\"150\" height=\"150\" srcset=\"https:\/\/xn--judo-lbben-feb.de\/wp-content\/uploads\/2012\/10\/DSC05805--150x150.jpg 150w, https:\/\/xn--judo-lbben-feb.de\/wp-content\/uploads\/2012\/10\/DSC05805--80x80.jpg 80w, https:\/\/xn--judo-lbben-feb.de\/wp-content\/uploads\/2012\/10\/DSC05805--200x200.jpg 200w\" sizes=\"auto, (max-width: 150px) 100vw, 150px\" \/><\/a> <a href=\"https:\/\/xn--judo-lbben-feb.de\/wp-content\/uploads\/2012\/10\/DSC05806-.jpg\" rel=\"attachment wp-att-9157\"><img loading=\"lazy\" decoding=\"async\" class=\"alignnone size-thumbnail wp-image-9157\" src=\"https:\/\/xn--judo-lbben-feb.de\/wp-content\/uploads\/2012\/10\/DSC05806--150x150.jpg\" alt=\"DSC05806\" width=\"150\" height=\"150\" srcset=\"https:\/\/xn--judo-lbben-feb.de\/wp-content\/uploads\/2012\/10\/DSC05806--150x150.jpg 150w, https:\/\/xn--judo-lbben-feb.de\/wp-content\/uploads\/2012\/10\/DSC05806--80x80.jpg 80w, https:\/\/xn--judo-lbben-feb.de\/wp-content\/uploads\/2012\/10\/DSC05806--200x200.jpg 200w\" sizes=\"auto, (max-width: 150px) 100vw, 150px\" \/><\/a> <a href=\"https:\/\/xn--judo-lbben-feb.de\/wp-content\/uploads\/2012\/10\/DSC05807-.jpg\" rel=\"attachment wp-att-9158\"><img loading=\"lazy\" decoding=\"async\" class=\"alignnone size-thumbnail wp-image-9158\" src=\"https:\/\/xn--judo-lbben-feb.de\/wp-content\/uploads\/2012\/10\/DSC05807--150x150.jpg\" alt=\"DSC05807\" width=\"150\" height=\"150\" srcset=\"https:\/\/xn--judo-lbben-feb.de\/wp-content\/uploads\/2012\/10\/DSC05807--150x150.jpg 150w, https:\/\/xn--judo-lbben-feb.de\/wp-content\/uploads\/2012\/10\/DSC05807--80x80.jpg 80w, https:\/\/xn--judo-lbben-feb.de\/wp-content\/uploads\/2012\/10\/DSC05807--200x200.jpg 200w\" sizes=\"auto, (max-width: 150px) 100vw, 150px\" \/><\/a> <a href=\"https:\/\/xn--judo-lbben-feb.de\/wp-content\/uploads\/2012\/10\/DSC05808-.jpg\" rel=\"attachment wp-att-9159\"><img loading=\"lazy\" decoding=\"async\" class=\"alignnone size-thumbnail wp-image-9159\" src=\"https:\/\/xn--judo-lbben-feb.de\/wp-content\/uploads\/2012\/10\/DSC05808--150x150.jpg\" alt=\"DSC05808\" width=\"150\" height=\"150\" srcset=\"https:\/\/xn--judo-lbben-feb.de\/wp-content\/uploads\/2012\/10\/DSC05808--150x150.jpg 150w, https:\/\/xn--judo-lbben-feb.de\/wp-content\/uploads\/2012\/10\/DSC05808--80x80.jpg 80w, https:\/\/xn--judo-lbben-feb.de\/wp-content\/uploads\/2012\/10\/DSC05808--200x200.jpg 200w\" sizes=\"auto, (max-width: 150px) 100vw, 150px\" \/><\/a> <a href=\"https:\/\/xn--judo-lbben-feb.de\/wp-content\/uploads\/2012\/10\/DSC05809-.jpg\" rel=\"attachment wp-att-9160\"><img loading=\"lazy\" decoding=\"async\" class=\"alignnone size-thumbnail wp-image-9160\" src=\"https:\/\/xn--judo-lbben-feb.de\/wp-content\/uploads\/2012\/10\/DSC05809--150x150.jpg\" alt=\"DSC05809\" width=\"150\" height=\"150\" srcset=\"https:\/\/xn--judo-lbben-feb.de\/wp-content\/uploads\/2012\/10\/DSC05809--150x150.jpg 150w, https:\/\/xn--judo-lbben-feb.de\/wp-content\/uploads\/2012\/10\/DSC05809--80x80.jpg 80w, https:\/\/xn--judo-lbben-feb.de\/wp-content\/uploads\/2012\/10\/DSC05809--200x200.jpg 200w\" sizes=\"auto, (max-width: 150px) 100vw, 150px\" \/><\/a> <a href=\"https:\/\/xn--judo-lbben-feb.de\/wp-content\/uploads\/2012\/10\/DSC05810-.jpg\" rel=\"attachment wp-att-9161\"><img loading=\"lazy\" decoding=\"async\" class=\"alignnone size-thumbnail wp-image-9161\" src=\"https:\/\/xn--judo-lbben-feb.de\/wp-content\/uploads\/2012\/10\/DSC05810--150x150.jpg\" alt=\"DSC05810\" width=\"150\" height=\"150\" srcset=\"https:\/\/xn--judo-lbben-feb.de\/wp-content\/uploads\/2012\/10\/DSC05810--150x150.jpg 150w, https:\/\/xn--judo-lbben-feb.de\/wp-content\/uploads\/2012\/10\/DSC05810--80x80.jpg 80w, https:\/\/xn--judo-lbben-feb.de\/wp-content\/uploads\/2012\/10\/DSC05810--200x200.jpg 200w\" sizes=\"auto, (max-width: 150px) 100vw, 150px\" \/><\/a> <a href=\"https:\/\/xn--judo-lbben-feb.de\/wp-content\/uploads\/2012\/10\/DSC05811-.jpg\" rel=\"attachment wp-att-9162\"><img loading=\"lazy\" decoding=\"async\" class=\"alignnone size-thumbnail wp-image-9162\" src=\"https:\/\/xn--judo-lbben-feb.de\/wp-content\/uploads\/2012\/10\/DSC05811--150x150.jpg\" alt=\"DSC05811\" width=\"150\" height=\"150\" srcset=\"https:\/\/xn--judo-lbben-feb.de\/wp-content\/uploads\/2012\/10\/DSC05811--150x150.jpg 150w, https:\/\/xn--judo-lbben-feb.de\/wp-content\/uploads\/2012\/10\/DSC05811--80x80.jpg 80w, https:\/\/xn--judo-lbben-feb.de\/wp-content\/uploads\/2012\/10\/DSC05811--200x200.jpg 200w\" sizes=\"auto, (max-width: 150px) 100vw, 150px\" \/><\/a> <a href=\"https:\/\/xn--judo-lbben-feb.de\/wp-content\/uploads\/2012\/10\/DSC05813-.jpg\" rel=\"attachment wp-att-9163\"><img loading=\"lazy\" decoding=\"async\" class=\"alignnone size-thumbnail wp-image-9163\" src=\"https:\/\/xn--judo-lbben-feb.de\/wp-content\/uploads\/2012\/10\/DSC05813--150x150.jpg\" alt=\"DSC05813\" width=\"150\" height=\"150\" srcset=\"https:\/\/xn--judo-lbben-feb.de\/wp-content\/uploads\/2012\/10\/DSC05813--150x150.jpg 150w, https:\/\/xn--judo-lbben-feb.de\/wp-content\/uploads\/2012\/10\/DSC05813--80x80.jpg 80w, https:\/\/xn--judo-lbben-feb.de\/wp-content\/uploads\/2012\/10\/DSC05813--200x200.jpg 200w\" sizes=\"auto, (max-width: 150px) 100vw, 150px\" \/><\/a> <a href=\"https:\/\/xn--judo-lbben-feb.de\/wp-content\/uploads\/2012\/10\/DSC05814-.jpg\" rel=\"attachment wp-att-9164\"><img loading=\"lazy\" decoding=\"async\" class=\"alignnone size-thumbnail wp-image-9164\" src=\"https:\/\/xn--judo-lbben-feb.de\/wp-content\/uploads\/2012\/10\/DSC05814--150x150.jpg\" alt=\"DSC05814\" width=\"150\" height=\"150\" srcset=\"https:\/\/xn--judo-lbben-feb.de\/wp-content\/uploads\/2012\/10\/DSC05814--150x150.jpg 150w, https:\/\/xn--judo-lbben-feb.de\/wp-content\/uploads\/2012\/10\/DSC05814--80x80.jpg 80w, https:\/\/xn--judo-lbben-feb.de\/wp-content\/uploads\/2012\/10\/DSC05814--200x200.jpg 200w\" sizes=\"auto, (max-width: 150px) 100vw, 150px\" \/><\/a> <a href=\"https:\/\/xn--judo-lbben-feb.de\/wp-content\/uploads\/2012\/10\/DSC05815-.jpg\" rel=\"attachment wp-att-9165\"><img loading=\"lazy\" decoding=\"async\" class=\"alignnone size-thumbnail wp-image-9165\" src=\"https:\/\/xn--judo-lbben-feb.de\/wp-content\/uploads\/2012\/10\/DSC05815--150x150.jpg\" alt=\"DSC05815\" width=\"150\" height=\"150\" srcset=\"https:\/\/xn--judo-lbben-feb.de\/wp-content\/uploads\/2012\/10\/DSC05815--150x150.jpg 150w, https:\/\/xn--judo-lbben-feb.de\/wp-content\/uploads\/2012\/10\/DSC05815--80x80.jpg 80w, https:\/\/xn--judo-lbben-feb.de\/wp-content\/uploads\/2012\/10\/DSC05815--200x200.jpg 200w\" sizes=\"auto, (max-width: 150px) 100vw, 150px\" \/><\/a> <a href=\"https:\/\/xn--judo-lbben-feb.de\/wp-content\/uploads\/2012\/10\/DSC05816-.jpg\" rel=\"attachment wp-att-9166\"><img loading=\"lazy\" decoding=\"async\" class=\"alignnone size-thumbnail wp-image-9166\" src=\"https:\/\/xn--judo-lbben-feb.de\/wp-content\/uploads\/2012\/10\/DSC05816--150x150.jpg\" alt=\"DSC05816\" width=\"150\" height=\"150\" srcset=\"https:\/\/xn--judo-lbben-feb.de\/wp-content\/uploads\/2012\/10\/DSC05816--150x150.jpg 150w, https:\/\/xn--judo-lbben-feb.de\/wp-content\/uploads\/2012\/10\/DSC05816--80x80.jpg 80w, https:\/\/xn--judo-lbben-feb.de\/wp-content\/uploads\/2012\/10\/DSC05816--200x200.jpg 200w\" sizes=\"auto, (max-width: 150px) 100vw, 150px\" \/><\/a> <a href=\"https:\/\/xn--judo-lbben-feb.de\/wp-content\/uploads\/2012\/10\/DSC05818-.jpg\" rel=\"attachment wp-att-9167\"><img loading=\"lazy\" decoding=\"async\" class=\"alignnone size-thumbnail wp-image-9167\" src=\"https:\/\/xn--judo-lbben-feb.de\/wp-content\/uploads\/2012\/10\/DSC05818--150x150.jpg\" alt=\"DSC05818\" width=\"150\" height=\"150\" srcset=\"https:\/\/xn--judo-lbben-feb.de\/wp-content\/uploads\/2012\/10\/DSC05818--150x150.jpg 150w, https:\/\/xn--judo-lbben-feb.de\/wp-content\/uploads\/2012\/10\/DSC05818--80x80.jpg 80w, https:\/\/xn--judo-lbben-feb.de\/wp-content\/uploads\/2012\/10\/DSC05818--200x200.jpg 200w\" sizes=\"auto, (max-width: 150px) 100vw, 150px\" \/><\/a> <a href=\"https:\/\/xn--judo-lbben-feb.de\/wp-content\/uploads\/2012\/10\/DSC05820-.jpg\" rel=\"attachment wp-att-9168\"><img loading=\"lazy\" decoding=\"async\" class=\"alignnone size-thumbnail wp-image-9168\" src=\"https:\/\/xn--judo-lbben-feb.de\/wp-content\/uploads\/2012\/10\/DSC05820--150x150.jpg\" alt=\"DSC05820\" width=\"150\" height=\"150\" srcset=\"https:\/\/xn--judo-lbben-feb.de\/wp-content\/uploads\/2012\/10\/DSC05820--150x150.jpg 150w, https:\/\/xn--judo-lbben-feb.de\/wp-content\/uploads\/2012\/10\/DSC05820--80x80.jpg 80w, https:\/\/xn--judo-lbben-feb.de\/wp-content\/uploads\/2012\/10\/DSC05820--200x200.jpg 200w\" sizes=\"auto, (max-width: 150px) 100vw, 150px\" \/><\/a> <a href=\"https:\/\/xn--judo-lbben-feb.de\/wp-content\/uploads\/2012\/10\/DSC05821-.jpg\" rel=\"attachment wp-att-9169\"><img loading=\"lazy\" decoding=\"async\" class=\"alignnone size-thumbnail wp-image-9169\" src=\"https:\/\/xn--judo-lbben-feb.de\/wp-content\/uploads\/2012\/10\/DSC05821--150x150.jpg\" alt=\"DSC05821\" width=\"150\" height=\"150\" srcset=\"https:\/\/xn--judo-lbben-feb.de\/wp-content\/uploads\/2012\/10\/DSC05821--150x150.jpg 150w, https:\/\/xn--judo-lbben-feb.de\/wp-content\/uploads\/2012\/10\/DSC05821--80x80.jpg 80w, https:\/\/xn--judo-lbben-feb.de\/wp-content\/uploads\/2012\/10\/DSC05821--200x200.jpg 200w\" sizes=\"auto, (max-width: 150px) 100vw, 150px\" \/><\/a> <a href=\"https:\/\/xn--judo-lbben-feb.de\/wp-content\/uploads\/2012\/10\/DSC05822-.jpg\" rel=\"attachment wp-att-9170\"><img loading=\"lazy\" decoding=\"async\" class=\"alignnone size-thumbnail wp-image-9170\" src=\"https:\/\/xn--judo-lbben-feb.de\/wp-content\/uploads\/2012\/10\/DSC05822--150x150.jpg\" alt=\"DSC05822\" width=\"150\" height=\"150\" srcset=\"https:\/\/xn--judo-lbben-feb.de\/wp-content\/uploads\/2012\/10\/DSC05822--150x150.jpg 150w, https:\/\/xn--judo-lbben-feb.de\/wp-content\/uploads\/2012\/10\/DSC05822--80x80.jpg 80w, https:\/\/xn--judo-lbben-feb.de\/wp-content\/uploads\/2012\/10\/DSC05822--200x200.jpg 200w\" sizes=\"auto, (max-width: 150px) 100vw, 150px\" \/><\/a> <a href=\"https:\/\/xn--judo-lbben-feb.de\/wp-content\/uploads\/2012\/10\/DSC05823-.jpg\" rel=\"attachment wp-att-9171\"><img loading=\"lazy\" decoding=\"async\" class=\"alignnone size-thumbnail wp-image-9171\" src=\"https:\/\/xn--judo-lbben-feb.de\/wp-content\/uploads\/2012\/10\/DSC05823--150x150.jpg\" alt=\"DSC05823\" width=\"150\" height=\"150\" srcset=\"https:\/\/xn--judo-lbben-feb.de\/wp-content\/uploads\/2012\/10\/DSC05823--150x150.jpg 150w, https:\/\/xn--judo-lbben-feb.de\/wp-content\/uploads\/2012\/10\/DSC05823--80x80.jpg 80w, https:\/\/xn--judo-lbben-feb.de\/wp-content\/uploads\/2012\/10\/DSC05823--200x200.jpg 200w\" sizes=\"auto, (max-width: 150px) 100vw, 150px\" \/><\/a> <a href=\"https:\/\/xn--judo-lbben-feb.de\/wp-content\/uploads\/2012\/10\/DSC05824-.jpg\" rel=\"attachment wp-att-9172\"><img loading=\"lazy\" decoding=\"async\" class=\"alignnone size-thumbnail wp-image-9172\" src=\"https:\/\/xn--judo-lbben-feb.de\/wp-content\/uploads\/2012\/10\/DSC05824--150x150.jpg\" alt=\"DSC05824\" width=\"150\" height=\"150\" srcset=\"https:\/\/xn--judo-lbben-feb.de\/wp-content\/uploads\/2012\/10\/DSC05824--150x150.jpg 150w, https:\/\/xn--judo-lbben-feb.de\/wp-content\/uploads\/2012\/10\/DSC05824--80x80.jpg 80w, https:\/\/xn--judo-lbben-feb.de\/wp-content\/uploads\/2012\/10\/DSC05824--200x200.jpg 200w\" sizes=\"auto, (max-width: 150px) 100vw, 150px\" \/><\/a> <a href=\"https:\/\/xn--judo-lbben-feb.de\/wp-content\/uploads\/2012\/10\/DSC05826-.jpg\" rel=\"attachment wp-att-9173\"><img loading=\"lazy\" decoding=\"async\" class=\"alignnone size-thumbnail wp-image-9173\" src=\"https:\/\/xn--judo-lbben-feb.de\/wp-content\/uploads\/2012\/10\/DSC05826--150x150.jpg\" alt=\"DSC05826\" width=\"150\" height=\"150\" srcset=\"https:\/\/xn--judo-lbben-feb.de\/wp-content\/uploads\/2012\/10\/DSC05826--150x150.jpg 150w, https:\/\/xn--judo-lbben-feb.de\/wp-content\/uploads\/2012\/10\/DSC05826--80x80.jpg 80w, https:\/\/xn--judo-lbben-feb.de\/wp-content\/uploads\/2012\/10\/DSC05826--200x200.jpg 200w\" sizes=\"auto, (max-width: 150px) 100vw, 150px\" \/><\/a> <a href=\"https:\/\/xn--judo-lbben-feb.de\/wp-content\/uploads\/2012\/10\/DSC05827-.jpg\" rel=\"attachment wp-att-9174\"><img loading=\"lazy\" decoding=\"async\" class=\"alignnone size-thumbnail wp-image-9174\" src=\"https:\/\/xn--judo-lbben-feb.de\/wp-content\/uploads\/2012\/10\/DSC05827--150x150.jpg\" alt=\"DSC05827\" width=\"150\" height=\"150\" srcset=\"https:\/\/xn--judo-lbben-feb.de\/wp-content\/uploads\/2012\/10\/DSC05827--150x150.jpg 150w, https:\/\/xn--judo-lbben-feb.de\/wp-content\/uploads\/2012\/10\/DSC05827--80x80.jpg 80w, https:\/\/xn--judo-lbben-feb.de\/wp-content\/uploads\/2012\/10\/DSC05827--200x200.jpg 200w\" sizes=\"auto, (max-width: 150px) 100vw, 150px\" \/><\/a> <a href=\"https:\/\/xn--judo-lbben-feb.de\/wp-content\/uploads\/2012\/10\/DSC05829-.jpg\" rel=\"attachment wp-att-9175\"><img loading=\"lazy\" decoding=\"async\" class=\"alignnone size-thumbnail wp-image-9175\" src=\"https:\/\/xn--judo-lbben-feb.de\/wp-content\/uploads\/2012\/10\/DSC05829--150x150.jpg\" alt=\"DSC05829\" width=\"150\" height=\"150\" srcset=\"https:\/\/xn--judo-lbben-feb.de\/wp-content\/uploads\/2012\/10\/DSC05829--150x150.jpg 150w, https:\/\/xn--judo-lbben-feb.de\/wp-content\/uploads\/2012\/10\/DSC05829--80x80.jpg 80w, https:\/\/xn--judo-lbben-feb.de\/wp-content\/uploads\/2012\/10\/DSC05829--200x200.jpg 200w\" sizes=\"auto, (max-width: 150px) 100vw, 150px\" \/><\/a> <a href=\"https:\/\/xn--judo-lbben-feb.de\/wp-content\/uploads\/2012\/10\/DSC05830-.jpg\" rel=\"attachment wp-att-9176\"><img loading=\"lazy\" decoding=\"async\" class=\"alignnone size-thumbnail wp-image-9176\" src=\"https:\/\/xn--judo-lbben-feb.de\/wp-content\/uploads\/2012\/10\/DSC05830--150x150.jpg\" alt=\"DSC05830\" width=\"150\" height=\"150\" srcset=\"https:\/\/xn--judo-lbben-feb.de\/wp-content\/uploads\/2012\/10\/DSC05830--150x150.jpg 150w, https:\/\/xn--judo-lbben-feb.de\/wp-content\/uploads\/2012\/10\/DSC05830--80x80.jpg 80w, https:\/\/xn--judo-lbben-feb.de\/wp-content\/uploads\/2012\/10\/DSC05830--200x200.jpg 200w\" sizes=\"auto, (max-width: 150px) 100vw, 150px\" \/><\/a> <a href=\"https:\/\/xn--judo-lbben-feb.de\/wp-content\/uploads\/2012\/10\/DSC05831-.jpg\" rel=\"attachment wp-att-9177\"><img loading=\"lazy\" decoding=\"async\" class=\"alignnone size-thumbnail wp-image-9177\" src=\"https:\/\/xn--judo-lbben-feb.de\/wp-content\/uploads\/2012\/10\/DSC05831--150x150.jpg\" alt=\"DSC05831\" width=\"150\" height=\"150\" srcset=\"https:\/\/xn--judo-lbben-feb.de\/wp-content\/uploads\/2012\/10\/DSC05831--150x150.jpg 150w, https:\/\/xn--judo-lbben-feb.de\/wp-content\/uploads\/2012\/10\/DSC05831--80x80.jpg 80w, https:\/\/xn--judo-lbben-feb.de\/wp-content\/uploads\/2012\/10\/DSC05831--200x200.jpg 200w\" sizes=\"auto, (max-width: 150px) 100vw, 150px\" \/><\/a> <a href=\"https:\/\/xn--judo-lbben-feb.de\/wp-content\/uploads\/2012\/10\/DSC05832-.jpg\" rel=\"attachment wp-att-9178\"><img loading=\"lazy\" decoding=\"async\" class=\"alignnone size-thumbnail wp-image-9178\" src=\"https:\/\/xn--judo-lbben-feb.de\/wp-content\/uploads\/2012\/10\/DSC05832--150x150.jpg\" alt=\"DSC05832\" width=\"150\" height=\"150\" srcset=\"https:\/\/xn--judo-lbben-feb.de\/wp-content\/uploads\/2012\/10\/DSC05832--150x150.jpg 150w, https:\/\/xn--judo-lbben-feb.de\/wp-content\/uploads\/2012\/10\/DSC05832--80x80.jpg 80w, https:\/\/xn--judo-lbben-feb.de\/wp-content\/uploads\/2012\/10\/DSC05832--200x200.jpg 200w\" sizes=\"auto, (max-width: 150px) 100vw, 150px\" \/><\/a> <a href=\"https:\/\/xn--judo-lbben-feb.de\/wp-content\/uploads\/2012\/10\/DSC05833-.jpg\" rel=\"attachment wp-att-9179\"><img loading=\"lazy\" decoding=\"async\" class=\"alignnone size-thumbnail wp-image-9179\" src=\"https:\/\/xn--judo-lbben-feb.de\/wp-content\/uploads\/2012\/10\/DSC05833--150x150.jpg\" alt=\"DSC05833\" width=\"150\" height=\"150\" srcset=\"https:\/\/xn--judo-lbben-feb.de\/wp-content\/uploads\/2012\/10\/DSC05833--150x150.jpg 150w, https:\/\/xn--judo-lbben-feb.de\/wp-content\/uploads\/2012\/10\/DSC05833--80x80.jpg 80w, https:\/\/xn--judo-lbben-feb.de\/wp-content\/uploads\/2012\/10\/DSC05833--200x200.jpg 200w\" sizes=\"auto, (max-width: 150px) 100vw, 150px\" \/><\/a> <a href=\"https:\/\/xn--judo-lbben-feb.de\/wp-content\/uploads\/2012\/10\/DSC05836-.jpg\" rel=\"attachment wp-att-9180\"><img loading=\"lazy\" decoding=\"async\" class=\"alignnone size-thumbnail wp-image-9180\" src=\"https:\/\/xn--judo-lbben-feb.de\/wp-content\/uploads\/2012\/10\/DSC05836--150x150.jpg\" alt=\"DSC05836\" width=\"150\" height=\"150\" srcset=\"https:\/\/xn--judo-lbben-feb.de\/wp-content\/uploads\/2012\/10\/DSC05836--150x150.jpg 150w, https:\/\/xn--judo-lbben-feb.de\/wp-content\/uploads\/2012\/10\/DSC05836--80x80.jpg 80w, https:\/\/xn--judo-lbben-feb.de\/wp-content\/uploads\/2012\/10\/DSC05836--200x200.jpg 200w\" sizes=\"auto, (max-width: 150px) 100vw, 150px\" \/><\/a> <a href=\"https:\/\/xn--judo-lbben-feb.de\/wp-content\/uploads\/2012\/10\/DSC05837-.jpg\" rel=\"attachment wp-att-9181\"><img loading=\"lazy\" decoding=\"async\" class=\"alignnone size-thumbnail wp-image-9181\" src=\"https:\/\/xn--judo-lbben-feb.de\/wp-content\/uploads\/2012\/10\/DSC05837--150x150.jpg\" alt=\"DSC05837\" width=\"150\" height=\"150\" srcset=\"https:\/\/xn--judo-lbben-feb.de\/wp-content\/uploads\/2012\/10\/DSC05837--150x150.jpg 150w, https:\/\/xn--judo-lbben-feb.de\/wp-content\/uploads\/2012\/10\/DSC05837--80x80.jpg 80w, https:\/\/xn--judo-lbben-feb.de\/wp-content\/uploads\/2012\/10\/DSC05837--200x200.jpg 200w\" sizes=\"auto, (max-width: 150px) 100vw, 150px\" \/><\/a> <a href=\"https:\/\/xn--judo-lbben-feb.de\/wp-content\/uploads\/2012\/10\/DSC05838-.jpg\" rel=\"attachment wp-att-9182\"><img loading=\"lazy\" decoding=\"async\" class=\"alignnone size-thumbnail wp-image-9182\" src=\"https:\/\/xn--judo-lbben-feb.de\/wp-content\/uploads\/2012\/10\/DSC05838--150x150.jpg\" alt=\"DSC05838\" width=\"150\" height=\"150\" srcset=\"https:\/\/xn--judo-lbben-feb.de\/wp-content\/uploads\/2012\/10\/DSC05838--150x150.jpg 150w, https:\/\/xn--judo-lbben-feb.de\/wp-content\/uploads\/2012\/10\/DSC05838--80x80.jpg 80w, https:\/\/xn--judo-lbben-feb.de\/wp-content\/uploads\/2012\/10\/DSC05838--200x200.jpg 200w\" sizes=\"auto, (max-width: 150px) 100vw, 150px\" \/><\/a> <a href=\"https:\/\/xn--judo-lbben-feb.de\/wp-content\/uploads\/2012\/10\/DSC05839-.jpg\" rel=\"attachment wp-att-9183\"><img loading=\"lazy\" decoding=\"async\" class=\"alignnone size-thumbnail wp-image-9183\" src=\"https:\/\/xn--judo-lbben-feb.de\/wp-content\/uploads\/2012\/10\/DSC05839--150x150.jpg\" alt=\"DSC05839\" width=\"150\" height=\"150\" srcset=\"https:\/\/xn--judo-lbben-feb.de\/wp-content\/uploads\/2012\/10\/DSC05839--150x150.jpg 150w, https:\/\/xn--judo-lbben-feb.de\/wp-content\/uploads\/2012\/10\/DSC05839--80x80.jpg 80w, https:\/\/xn--judo-lbben-feb.de\/wp-content\/uploads\/2012\/10\/DSC05839--200x200.jpg 200w\" sizes=\"auto, (max-width: 150px) 100vw, 150px\" \/><\/a> <a href=\"https:\/\/xn--judo-lbben-feb.de\/wp-content\/uploads\/2012\/10\/DSC05841-.jpg\" rel=\"attachment wp-att-9184\"><img loading=\"lazy\" decoding=\"async\" class=\"alignnone size-thumbnail wp-image-9184\" src=\"https:\/\/xn--judo-lbben-feb.de\/wp-content\/uploads\/2012\/10\/DSC05841--150x150.jpg\" alt=\"DSC05841\" width=\"150\" height=\"150\" srcset=\"https:\/\/xn--judo-lbben-feb.de\/wp-content\/uploads\/2012\/10\/DSC05841--150x150.jpg 150w, https:\/\/xn--judo-lbben-feb.de\/wp-content\/uploads\/2012\/10\/DSC05841--80x80.jpg 80w, https:\/\/xn--judo-lbben-feb.de\/wp-content\/uploads\/2012\/10\/DSC05841--200x200.jpg 200w\" sizes=\"auto, (max-width: 150px) 100vw, 150px\" \/><\/a> <a href=\"https:\/\/xn--judo-lbben-feb.de\/wp-content\/uploads\/2012\/10\/DSC05842-.jpg\" rel=\"attachment wp-att-9185\"><img loading=\"lazy\" decoding=\"async\" class=\"alignnone size-thumbnail wp-image-9185\" src=\"https:\/\/xn--judo-lbben-feb.de\/wp-content\/uploads\/2012\/10\/DSC05842--150x150.jpg\" alt=\"DSC05842\" width=\"150\" height=\"150\" srcset=\"https:\/\/xn--judo-lbben-feb.de\/wp-content\/uploads\/2012\/10\/DSC05842--150x150.jpg 150w, https:\/\/xn--judo-lbben-feb.de\/wp-content\/uploads\/2012\/10\/DSC05842--80x80.jpg 80w, https:\/\/xn--judo-lbben-feb.de\/wp-content\/uploads\/2012\/10\/DSC05842--200x200.jpg 200w\" sizes=\"auto, (max-width: 150px) 100vw, 150px\" \/><\/a> <a href=\"https:\/\/xn--judo-lbben-feb.de\/wp-content\/uploads\/2012\/10\/DSC05843-.jpg\" rel=\"attachment wp-att-9186\"><img loading=\"lazy\" decoding=\"async\" class=\"alignnone size-thumbnail wp-image-9186\" src=\"https:\/\/xn--judo-lbben-feb.de\/wp-content\/uploads\/2012\/10\/DSC05843--150x150.jpg\" alt=\"DSC05843\" width=\"150\" height=\"150\" srcset=\"https:\/\/xn--judo-lbben-feb.de\/wp-content\/uploads\/2012\/10\/DSC05843--150x150.jpg 150w, https:\/\/xn--judo-lbben-feb.de\/wp-content\/uploads\/2012\/10\/DSC05843--80x80.jpg 80w, https:\/\/xn--judo-lbben-feb.de\/wp-content\/uploads\/2012\/10\/DSC05843--200x200.jpg 200w\" sizes=\"auto, (max-width: 150px) 100vw, 150px\" \/><\/a> <a href=\"https:\/\/xn--judo-lbben-feb.de\/wp-content\/uploads\/2012\/10\/DSC05845-.jpg\" rel=\"attachment wp-att-9187\"><img loading=\"lazy\" decoding=\"async\" class=\"alignnone size-thumbnail wp-image-9187\" src=\"https:\/\/xn--judo-lbben-feb.de\/wp-content\/uploads\/2012\/10\/DSC05845--150x150.jpg\" alt=\"DSC05845\" width=\"150\" height=\"150\" srcset=\"https:\/\/xn--judo-lbben-feb.de\/wp-content\/uploads\/2012\/10\/DSC05845--150x150.jpg 150w, https:\/\/xn--judo-lbben-feb.de\/wp-content\/uploads\/2012\/10\/DSC05845--80x80.jpg 80w, https:\/\/xn--judo-lbben-feb.de\/wp-content\/uploads\/2012\/10\/DSC05845--200x200.jpg 200w\" sizes=\"auto, (max-width: 150px) 100vw, 150px\" \/><\/a> <a href=\"https:\/\/xn--judo-lbben-feb.de\/wp-content\/uploads\/2012\/10\/DSC05846-.jpg\" rel=\"attachment wp-att-9188\"><img loading=\"lazy\" decoding=\"async\" class=\"alignnone size-thumbnail wp-image-9188\" src=\"https:\/\/xn--judo-lbben-feb.de\/wp-content\/uploads\/2012\/10\/DSC05846--150x150.jpg\" alt=\"DSC05846\" width=\"150\" height=\"150\" srcset=\"https:\/\/xn--judo-lbben-feb.de\/wp-content\/uploads\/2012\/10\/DSC05846--150x150.jpg 150w, https:\/\/xn--judo-lbben-feb.de\/wp-content\/uploads\/2012\/10\/DSC05846--80x80.jpg 80w, https:\/\/xn--judo-lbben-feb.de\/wp-content\/uploads\/2012\/10\/DSC05846--200x200.jpg 200w\" sizes=\"auto, (max-width: 150px) 100vw, 150px\" \/><\/a> <a href=\"https:\/\/xn--judo-lbben-feb.de\/wp-content\/uploads\/2012\/10\/DSC05847-.jpg\" rel=\"attachment wp-att-9189\"><img loading=\"lazy\" decoding=\"async\" class=\"alignnone size-thumbnail wp-image-9189\" src=\"https:\/\/xn--judo-lbben-feb.de\/wp-content\/uploads\/2012\/10\/DSC05847--150x150.jpg\" alt=\"DSC05847\" width=\"150\" height=\"150\" srcset=\"https:\/\/xn--judo-lbben-feb.de\/wp-content\/uploads\/2012\/10\/DSC05847--150x150.jpg 150w, https:\/\/xn--judo-lbben-feb.de\/wp-content\/uploads\/2012\/10\/DSC05847--80x80.jpg 80w, https:\/\/xn--judo-lbben-feb.de\/wp-content\/uploads\/2012\/10\/DSC05847--200x200.jpg 200w\" sizes=\"auto, (max-width: 150px) 100vw, 150px\" \/><\/a> <a href=\"https:\/\/xn--judo-lbben-feb.de\/wp-content\/uploads\/2012\/10\/DSC05850-.jpg\" rel=\"attachment wp-att-9190\"><img loading=\"lazy\" decoding=\"async\" class=\"alignnone size-thumbnail wp-image-9190\" src=\"https:\/\/xn--judo-lbben-feb.de\/wp-content\/uploads\/2012\/10\/DSC05850--150x150.jpg\" alt=\"DSC05850\" width=\"150\" height=\"150\" srcset=\"https:\/\/xn--judo-lbben-feb.de\/wp-content\/uploads\/2012\/10\/DSC05850--150x150.jpg 150w, https:\/\/xn--judo-lbben-feb.de\/wp-content\/uploads\/2012\/10\/DSC05850--80x80.jpg 80w, https:\/\/xn--judo-lbben-feb.de\/wp-content\/uploads\/2012\/10\/DSC05850--200x200.jpg 200w\" sizes=\"auto, (max-width: 150px) 100vw, 150px\" \/><\/a> <a href=\"https:\/\/xn--judo-lbben-feb.de\/wp-content\/uploads\/2012\/10\/DSC05851-.jpg\" rel=\"attachment wp-att-9191\"><img loading=\"lazy\" decoding=\"async\" class=\"alignnone size-thumbnail wp-image-9191\" src=\"https:\/\/xn--judo-lbben-feb.de\/wp-content\/uploads\/2012\/10\/DSC05851--150x150.jpg\" alt=\"DSC05851\" width=\"150\" height=\"150\" srcset=\"https:\/\/xn--judo-lbben-feb.de\/wp-content\/uploads\/2012\/10\/DSC05851--150x150.jpg 150w, https:\/\/xn--judo-lbben-feb.de\/wp-content\/uploads\/2012\/10\/DSC05851--80x80.jpg 80w, https:\/\/xn--judo-lbben-feb.de\/wp-content\/uploads\/2012\/10\/DSC05851--200x200.jpg 200w\" sizes=\"auto, (max-width: 150px) 100vw, 150px\" \/><\/a> <a href=\"https:\/\/xn--judo-lbben-feb.de\/wp-content\/uploads\/2012\/10\/DSC05852-.jpg\" rel=\"attachment wp-att-9192\"><img loading=\"lazy\" decoding=\"async\" class=\"alignnone size-thumbnail wp-image-9192\" src=\"https:\/\/xn--judo-lbben-feb.de\/wp-content\/uploads\/2012\/10\/DSC05852--150x150.jpg\" alt=\"DSC05852\" width=\"150\" height=\"150\" srcset=\"https:\/\/xn--judo-lbben-feb.de\/wp-content\/uploads\/2012\/10\/DSC05852--150x150.jpg 150w, https:\/\/xn--judo-lbben-feb.de\/wp-content\/uploads\/2012\/10\/DSC05852--80x80.jpg 80w, https:\/\/xn--judo-lbben-feb.de\/wp-content\/uploads\/2012\/10\/DSC05852--200x200.jpg 200w\" sizes=\"auto, (max-width: 150px) 100vw, 150px\" \/><\/a> <a href=\"https:\/\/xn--judo-lbben-feb.de\/wp-content\/uploads\/2012\/10\/DSC05853-.jpg\" rel=\"attachment wp-att-9193\"><img loading=\"lazy\" decoding=\"async\" class=\"alignnone size-thumbnail wp-image-9193\" src=\"https:\/\/xn--judo-lbben-feb.de\/wp-content\/uploads\/2012\/10\/DSC05853--150x150.jpg\" alt=\"DSC05853\" width=\"150\" height=\"150\" srcset=\"https:\/\/xn--judo-lbben-feb.de\/wp-content\/uploads\/2012\/10\/DSC05853--150x150.jpg 150w, https:\/\/xn--judo-lbben-feb.de\/wp-content\/uploads\/2012\/10\/DSC05853--80x80.jpg 80w, https:\/\/xn--judo-lbben-feb.de\/wp-content\/uploads\/2012\/10\/DSC05853--200x200.jpg 200w\" sizes=\"auto, (max-width: 150px) 100vw, 150px\" \/><\/a> <a href=\"https:\/\/xn--judo-lbben-feb.de\/wp-content\/uploads\/2012\/10\/DSC05855-.jpg\" rel=\"attachment wp-att-9194\"><img loading=\"lazy\" decoding=\"async\" class=\"alignnone size-thumbnail wp-image-9194\" src=\"https:\/\/xn--judo-lbben-feb.de\/wp-content\/uploads\/2012\/10\/DSC05855--150x150.jpg\" alt=\"DSC05855\" width=\"150\" height=\"150\" srcset=\"https:\/\/xn--judo-lbben-feb.de\/wp-content\/uploads\/2012\/10\/DSC05855--150x150.jpg 150w, https:\/\/xn--judo-lbben-feb.de\/wp-content\/uploads\/2012\/10\/DSC05855--80x80.jpg 80w, https:\/\/xn--judo-lbben-feb.de\/wp-content\/uploads\/2012\/10\/DSC05855--200x200.jpg 200w\" sizes=\"auto, (max-width: 150px) 100vw, 150px\" \/><\/a> <a href=\"https:\/\/xn--judo-lbben-feb.de\/wp-content\/uploads\/2012\/10\/DSC05857-.jpg\" rel=\"attachment wp-att-9195\"><img loading=\"lazy\" decoding=\"async\" class=\"alignnone size-thumbnail wp-image-9195\" src=\"https:\/\/xn--judo-lbben-feb.de\/wp-content\/uploads\/2012\/10\/DSC05857--150x150.jpg\" alt=\"DSC05857\" width=\"150\" height=\"150\" srcset=\"https:\/\/xn--judo-lbben-feb.de\/wp-content\/uploads\/2012\/10\/DSC05857--150x150.jpg 150w, https:\/\/xn--judo-lbben-feb.de\/wp-content\/uploads\/2012\/10\/DSC05857--80x80.jpg 80w, https:\/\/xn--judo-lbben-feb.de\/wp-content\/uploads\/2012\/10\/DSC05857--200x200.jpg 200w\" sizes=\"auto, (max-width: 150px) 100vw, 150px\" \/><\/a> <a href=\"https:\/\/xn--judo-lbben-feb.de\/wp-content\/uploads\/2012\/10\/DSC05858-.jpg\" rel=\"attachment wp-att-9196\"><img loading=\"lazy\" decoding=\"async\" class=\"alignnone size-thumbnail wp-image-9196\" src=\"https:\/\/xn--judo-lbben-feb.de\/wp-content\/uploads\/2012\/10\/DSC05858--150x150.jpg\" alt=\"DSC05858\" width=\"150\" height=\"150\" srcset=\"https:\/\/xn--judo-lbben-feb.de\/wp-content\/uploads\/2012\/10\/DSC05858--150x150.jpg 150w, https:\/\/xn--judo-lbben-feb.de\/wp-content\/uploads\/2012\/10\/DSC05858--80x80.jpg 80w, https:\/\/xn--judo-lbben-feb.de\/wp-content\/uploads\/2012\/10\/DSC05858--200x200.jpg 200w\" sizes=\"auto, (max-width: 150px) 100vw, 150px\" \/><\/a> <a href=\"https:\/\/xn--judo-lbben-feb.de\/wp-content\/uploads\/2012\/10\/DSC05859-.jpg\" rel=\"attachment wp-att-9197\"><img loading=\"lazy\" decoding=\"async\" class=\"alignnone size-thumbnail wp-image-9197\" src=\"https:\/\/xn--judo-lbben-feb.de\/wp-content\/uploads\/2012\/10\/DSC05859--150x150.jpg\" alt=\"DSC05859\" width=\"150\" height=\"150\" srcset=\"https:\/\/xn--judo-lbben-feb.de\/wp-content\/uploads\/2012\/10\/DSC05859--150x150.jpg 150w, https:\/\/xn--judo-lbben-feb.de\/wp-content\/uploads\/2012\/10\/DSC05859--80x80.jpg 80w, https:\/\/xn--judo-lbben-feb.de\/wp-content\/uploads\/2012\/10\/DSC05859--200x200.jpg 200w\" sizes=\"auto, (max-width: 150px) 100vw, 150px\" \/><\/a> <a href=\"https:\/\/xn--judo-lbben-feb.de\/wp-content\/uploads\/2012\/10\/DSC05860-.jpg\" rel=\"attachment wp-att-9198\"><img loading=\"lazy\" decoding=\"async\" class=\"alignnone size-thumbnail wp-image-9198\" src=\"https:\/\/xn--judo-lbben-feb.de\/wp-content\/uploads\/2012\/10\/DSC05860--150x150.jpg\" alt=\"DSC05860\" width=\"150\" height=\"150\" srcset=\"https:\/\/xn--judo-lbben-feb.de\/wp-content\/uploads\/2012\/10\/DSC05860--150x150.jpg 150w, https:\/\/xn--judo-lbben-feb.de\/wp-content\/uploads\/2012\/10\/DSC05860--80x80.jpg 80w, https:\/\/xn--judo-lbben-feb.de\/wp-content\/uploads\/2012\/10\/DSC05860--200x200.jpg 200w\" sizes=\"auto, (max-width: 150px) 100vw, 150px\" \/><\/a> <a href=\"https:\/\/xn--judo-lbben-feb.de\/wp-content\/uploads\/2012\/10\/DSC05862-.jpg\" rel=\"attachment wp-att-9199\"><img loading=\"lazy\" decoding=\"async\" class=\"alignnone size-thumbnail wp-image-9199\" src=\"https:\/\/xn--judo-lbben-feb.de\/wp-content\/uploads\/2012\/10\/DSC05862--150x150.jpg\" alt=\"DSC05862\" width=\"150\" height=\"150\" srcset=\"https:\/\/xn--judo-lbben-feb.de\/wp-content\/uploads\/2012\/10\/DSC05862--150x150.jpg 150w, https:\/\/xn--judo-lbben-feb.de\/wp-content\/uploads\/2012\/10\/DSC05862--80x80.jpg 80w, https:\/\/xn--judo-lbben-feb.de\/wp-content\/uploads\/2012\/10\/DSC05862--200x200.jpg 200w\" sizes=\"auto, (max-width: 150px) 100vw, 150px\" \/><\/a> <a href=\"https:\/\/xn--judo-lbben-feb.de\/wp-content\/uploads\/2012\/10\/DSC05863-.jpg\" rel=\"attachment wp-att-9200\"><img loading=\"lazy\" decoding=\"async\" class=\"alignnone size-thumbnail wp-image-9200\" src=\"https:\/\/xn--judo-lbben-feb.de\/wp-content\/uploads\/2012\/10\/DSC05863--150x150.jpg\" alt=\"DSC05863\" width=\"150\" height=\"150\" srcset=\"https:\/\/xn--judo-lbben-feb.de\/wp-content\/uploads\/2012\/10\/DSC05863--150x150.jpg 150w, https:\/\/xn--judo-lbben-feb.de\/wp-content\/uploads\/2012\/10\/DSC05863--80x80.jpg 80w, https:\/\/xn--judo-lbben-feb.de\/wp-content\/uploads\/2012\/10\/DSC05863--200x200.jpg 200w\" sizes=\"auto, (max-width: 150px) 100vw, 150px\" \/><\/a> <a href=\"https:\/\/xn--judo-lbben-feb.de\/wp-content\/uploads\/2012\/10\/DSC05864-.jpg\" rel=\"attachment wp-att-9201\"><img loading=\"lazy\" decoding=\"async\" class=\"alignnone size-thumbnail wp-image-9201\" src=\"https:\/\/xn--judo-lbben-feb.de\/wp-content\/uploads\/2012\/10\/DSC05864--150x150.jpg\" alt=\"DSC05864\" width=\"150\" height=\"150\" srcset=\"https:\/\/xn--judo-lbben-feb.de\/wp-content\/uploads\/2012\/10\/DSC05864--150x150.jpg 150w, https:\/\/xn--judo-lbben-feb.de\/wp-content\/uploads\/2012\/10\/DSC05864--80x80.jpg 80w, https:\/\/xn--judo-lbben-feb.de\/wp-content\/uploads\/2012\/10\/DSC05864--200x200.jpg 200w\" sizes=\"auto, (max-width: 150px) 100vw, 150px\" \/><\/a> <a href=\"https:\/\/xn--judo-lbben-feb.de\/wp-content\/uploads\/2012\/10\/DSC05865-.jpg\" rel=\"attachment wp-att-9202\"><img loading=\"lazy\" decoding=\"async\" class=\"alignnone size-thumbnail wp-image-9202\" src=\"https:\/\/xn--judo-lbben-feb.de\/wp-content\/uploads\/2012\/10\/DSC05865--150x150.jpg\" alt=\"DSC05865\" width=\"150\" height=\"150\" srcset=\"https:\/\/xn--judo-lbben-feb.de\/wp-content\/uploads\/2012\/10\/DSC05865--150x150.jpg 150w, https:\/\/xn--judo-lbben-feb.de\/wp-content\/uploads\/2012\/10\/DSC05865--80x80.jpg 80w, https:\/\/xn--judo-lbben-feb.de\/wp-content\/uploads\/2012\/10\/DSC05865--200x200.jpg 200w\" sizes=\"auto, (max-width: 150px) 100vw, 150px\" \/><\/a> <a href=\"https:\/\/xn--judo-lbben-feb.de\/wp-content\/uploads\/2012\/10\/DSC05867-.jpg\" rel=\"attachment wp-att-9203\"><img loading=\"lazy\" decoding=\"async\" class=\"alignnone size-thumbnail wp-image-9203\" src=\"https:\/\/xn--judo-lbben-feb.de\/wp-content\/uploads\/2012\/10\/DSC05867--150x150.jpg\" alt=\"DSC05867\" width=\"150\" height=\"150\" srcset=\"https:\/\/xn--judo-lbben-feb.de\/wp-content\/uploads\/2012\/10\/DSC05867--150x150.jpg 150w, https:\/\/xn--judo-lbben-feb.de\/wp-content\/uploads\/2012\/10\/DSC05867--80x80.jpg 80w, https:\/\/xn--judo-lbben-feb.de\/wp-content\/uploads\/2012\/10\/DSC05867--200x200.jpg 200w\" sizes=\"auto, (max-width: 150px) 100vw, 150px\" \/><\/a> <a href=\"https:\/\/xn--judo-lbben-feb.de\/wp-content\/uploads\/2012\/10\/DSC05868-.jpg\" rel=\"attachment wp-att-9204\"><img loading=\"lazy\" decoding=\"async\" class=\"alignnone size-thumbnail wp-image-9204\" src=\"https:\/\/xn--judo-lbben-feb.de\/wp-content\/uploads\/2012\/10\/DSC05868--150x150.jpg\" alt=\"DSC05868\" width=\"150\" height=\"150\" srcset=\"https:\/\/xn--judo-lbben-feb.de\/wp-content\/uploads\/2012\/10\/DSC05868--150x150.jpg 150w, https:\/\/xn--judo-lbben-feb.de\/wp-content\/uploads\/2012\/10\/DSC05868--80x80.jpg 80w, https:\/\/xn--judo-lbben-feb.de\/wp-content\/uploads\/2012\/10\/DSC05868--200x200.jpg 200w\" sizes=\"auto, (max-width: 150px) 100vw, 150px\" \/><\/a> <a href=\"https:\/\/xn--judo-lbben-feb.de\/wp-content\/uploads\/2012\/10\/DSC05870-.jpg\" rel=\"attachment wp-att-9205\"><img loading=\"lazy\" decoding=\"async\" class=\"alignnone size-thumbnail wp-image-9205\" src=\"https:\/\/xn--judo-lbben-feb.de\/wp-content\/uploads\/2012\/10\/DSC05870--150x150.jpg\" alt=\"DSC05870\" width=\"150\" height=\"150\" srcset=\"https:\/\/xn--judo-lbben-feb.de\/wp-content\/uploads\/2012\/10\/DSC05870--150x150.jpg 150w, https:\/\/xn--judo-lbben-feb.de\/wp-content\/uploads\/2012\/10\/DSC05870--80x80.jpg 80w, https:\/\/xn--judo-lbben-feb.de\/wp-content\/uploads\/2012\/10\/DSC05870--200x200.jpg 200w\" sizes=\"auto, (max-width: 150px) 100vw, 150px\" \/><\/a> <a href=\"https:\/\/xn--judo-lbben-feb.de\/wp-content\/uploads\/2012\/10\/DSC05871-.jpg\" rel=\"attachment wp-att-9206\"><img loading=\"lazy\" decoding=\"async\" class=\"alignnone size-thumbnail wp-image-9206\" src=\"https:\/\/xn--judo-lbben-feb.de\/wp-content\/uploads\/2012\/10\/DSC05871--150x150.jpg\" alt=\"DSC05871\" width=\"150\" height=\"150\" srcset=\"https:\/\/xn--judo-lbben-feb.de\/wp-content\/uploads\/2012\/10\/DSC05871--150x150.jpg 150w, https:\/\/xn--judo-lbben-feb.de\/wp-content\/uploads\/2012\/10\/DSC05871--80x80.jpg 80w, https:\/\/xn--judo-lbben-feb.de\/wp-content\/uploads\/2012\/10\/DSC05871--200x200.jpg 200w\" sizes=\"auto, (max-width: 150px) 100vw, 150px\" \/><\/a> <a href=\"https:\/\/xn--judo-lbben-feb.de\/wp-content\/uploads\/2012\/10\/DSC05872-.jpg\" rel=\"attachment wp-att-9207\"><img loading=\"lazy\" decoding=\"async\" class=\"alignnone size-thumbnail wp-image-9207\" src=\"https:\/\/xn--judo-lbben-feb.de\/wp-content\/uploads\/2012\/10\/DSC05872--150x150.jpg\" alt=\"DSC05872\" width=\"150\" height=\"150\" srcset=\"https:\/\/xn--judo-lbben-feb.de\/wp-content\/uploads\/2012\/10\/DSC05872--150x150.jpg 150w, https:\/\/xn--judo-lbben-feb.de\/wp-content\/uploads\/2012\/10\/DSC05872--80x80.jpg 80w, https:\/\/xn--judo-lbben-feb.de\/wp-content\/uploads\/2012\/10\/DSC05872--200x200.jpg 200w\" sizes=\"auto, (max-width: 150px) 100vw, 150px\" \/><\/a> <a href=\"https:\/\/xn--judo-lbben-feb.de\/wp-content\/uploads\/2012\/10\/DSC05873-.jpg\" rel=\"attachment wp-att-9208\"><img loading=\"lazy\" decoding=\"async\" class=\"alignnone size-thumbnail wp-image-9208\" src=\"https:\/\/xn--judo-lbben-feb.de\/wp-content\/uploads\/2012\/10\/DSC05873--150x150.jpg\" alt=\"DSC05873\" width=\"150\" height=\"150\" srcset=\"https:\/\/xn--judo-lbben-feb.de\/wp-content\/uploads\/2012\/10\/DSC05873--150x150.jpg 150w, https:\/\/xn--judo-lbben-feb.de\/wp-content\/uploads\/2012\/10\/DSC05873--80x80.jpg 80w, https:\/\/xn--judo-lbben-feb.de\/wp-content\/uploads\/2012\/10\/DSC05873--200x200.jpg 200w\" sizes=\"auto, (max-width: 150px) 100vw, 150px\" \/><\/a> <a href=\"https:\/\/xn--judo-lbben-feb.de\/wp-content\/uploads\/2012\/10\/DSC05875-.jpg\" rel=\"attachment wp-att-9209\"><img loading=\"lazy\" decoding=\"async\" class=\"alignnone size-thumbnail wp-image-9209\" src=\"https:\/\/xn--judo-lbben-feb.de\/wp-content\/uploads\/2012\/10\/DSC05875--150x150.jpg\" alt=\"DSC05875\" width=\"150\" height=\"150\" srcset=\"https:\/\/xn--judo-lbben-feb.de\/wp-content\/uploads\/2012\/10\/DSC05875--150x150.jpg 150w, https:\/\/xn--judo-lbben-feb.de\/wp-content\/uploads\/2012\/10\/DSC05875--80x80.jpg 80w, https:\/\/xn--judo-lbben-feb.de\/wp-content\/uploads\/2012\/10\/DSC05875--200x200.jpg 200w\" sizes=\"auto, (max-width: 150px) 100vw, 150px\" \/><\/a> <a href=\"https:\/\/xn--judo-lbben-feb.de\/wp-content\/uploads\/2012\/10\/DSC05876-.jpg\" rel=\"attachment wp-att-9210\"><img loading=\"lazy\" decoding=\"async\" class=\"alignnone size-thumbnail wp-image-9210\" src=\"https:\/\/xn--judo-lbben-feb.de\/wp-content\/uploads\/2012\/10\/DSC05876--150x150.jpg\" alt=\"DSC05876\" width=\"150\" height=\"150\" srcset=\"https:\/\/xn--judo-lbben-feb.de\/wp-content\/uploads\/2012\/10\/DSC05876--150x150.jpg 150w, https:\/\/xn--judo-lbben-feb.de\/wp-content\/uploads\/2012\/10\/DSC05876--80x80.jpg 80w, https:\/\/xn--judo-lbben-feb.de\/wp-content\/uploads\/2012\/10\/DSC05876--200x200.jpg 200w\" sizes=\"auto, (max-width: 150px) 100vw, 150px\" \/><\/a> <a href=\"https:\/\/xn--judo-lbben-feb.de\/wp-content\/uploads\/2012\/10\/DSC05877-.jpg\" rel=\"attachment wp-att-9211\"><img loading=\"lazy\" decoding=\"async\" class=\"alignnone size-thumbnail wp-image-9211\" src=\"https:\/\/xn--judo-lbben-feb.de\/wp-content\/uploads\/2012\/10\/DSC05877--150x150.jpg\" alt=\"DSC05877\" width=\"150\" height=\"150\" srcset=\"https:\/\/xn--judo-lbben-feb.de\/wp-content\/uploads\/2012\/10\/DSC05877--150x150.jpg 150w, https:\/\/xn--judo-lbben-feb.de\/wp-content\/uploads\/2012\/10\/DSC05877--80x80.jpg 80w, https:\/\/xn--judo-lbben-feb.de\/wp-content\/uploads\/2012\/10\/DSC05877--200x200.jpg 200w\" sizes=\"auto, (max-width: 150px) 100vw, 150px\" \/><\/a> <a href=\"https:\/\/xn--judo-lbben-feb.de\/wp-content\/uploads\/2012\/10\/DSC05880-.jpg\" rel=\"attachment wp-att-9212\"><img loading=\"lazy\" decoding=\"async\" class=\"alignnone size-thumbnail wp-image-9212\" src=\"https:\/\/xn--judo-lbben-feb.de\/wp-content\/uploads\/2012\/10\/DSC05880--150x150.jpg\" alt=\"DSC05880\" width=\"150\" height=\"150\" srcset=\"https:\/\/xn--judo-lbben-feb.de\/wp-content\/uploads\/2012\/10\/DSC05880--150x150.jpg 150w, https:\/\/xn--judo-lbben-feb.de\/wp-content\/uploads\/2012\/10\/DSC05880--80x80.jpg 80w, https:\/\/xn--judo-lbben-feb.de\/wp-content\/uploads\/2012\/10\/DSC05880--200x200.jpg 200w\" sizes=\"auto, (max-width: 150px) 100vw, 150px\" \/><\/a> <a href=\"https:\/\/xn--judo-lbben-feb.de\/wp-content\/uploads\/2012\/10\/DSC05881-.jpg\" rel=\"attachment wp-att-9213\"><img loading=\"lazy\" decoding=\"async\" class=\"alignnone size-thumbnail wp-image-9213\" src=\"https:\/\/xn--judo-lbben-feb.de\/wp-content\/uploads\/2012\/10\/DSC05881--150x150.jpg\" alt=\"DSC05881\" width=\"150\" height=\"150\" srcset=\"https:\/\/xn--judo-lbben-feb.de\/wp-content\/uploads\/2012\/10\/DSC05881--150x150.jpg 150w, https:\/\/xn--judo-lbben-feb.de\/wp-content\/uploads\/2012\/10\/DSC05881--80x80.jpg 80w, https:\/\/xn--judo-lbben-feb.de\/wp-content\/uploads\/2012\/10\/DSC05881--200x200.jpg 200w\" sizes=\"auto, (max-width: 150px) 100vw, 150px\" \/><\/a> <a href=\"https:\/\/xn--judo-lbben-feb.de\/wp-content\/uploads\/2012\/10\/DSC05882-.jpg\" rel=\"attachment wp-att-9214\"><img loading=\"lazy\" decoding=\"async\" class=\"alignnone size-thumbnail wp-image-9214\" src=\"https:\/\/xn--judo-lbben-feb.de\/wp-content\/uploads\/2012\/10\/DSC05882--150x150.jpg\" alt=\"DSC05882\" width=\"150\" height=\"150\" srcset=\"https:\/\/xn--judo-lbben-feb.de\/wp-content\/uploads\/2012\/10\/DSC05882--150x150.jpg 150w, https:\/\/xn--judo-lbben-feb.de\/wp-content\/uploads\/2012\/10\/DSC05882--80x80.jpg 80w, https:\/\/xn--judo-lbben-feb.de\/wp-content\/uploads\/2012\/10\/DSC05882--200x200.jpg 200w\" sizes=\"auto, (max-width: 150px) 100vw, 150px\" \/><\/a> <a href=\"https:\/\/xn--judo-lbben-feb.de\/wp-content\/uploads\/2012\/10\/DSC05883-.jpg\" rel=\"attachment wp-att-9215\"><img loading=\"lazy\" decoding=\"async\" class=\"alignnone size-thumbnail wp-image-9215\" src=\"https:\/\/xn--judo-lbben-feb.de\/wp-content\/uploads\/2012\/10\/DSC05883--150x150.jpg\" alt=\"DSC05883\" width=\"150\" height=\"150\" srcset=\"https:\/\/xn--judo-lbben-feb.de\/wp-content\/uploads\/2012\/10\/DSC05883--150x150.jpg 150w, https:\/\/xn--judo-lbben-feb.de\/wp-content\/uploads\/2012\/10\/DSC05883--80x80.jpg 80w, https:\/\/xn--judo-lbben-feb.de\/wp-content\/uploads\/2012\/10\/DSC05883--200x200.jpg 200w\" sizes=\"auto, (max-width: 150px) 100vw, 150px\" \/><\/a> <a href=\"https:\/\/xn--judo-lbben-feb.de\/wp-content\/uploads\/2012\/10\/DSC05884-.jpg\" rel=\"attachment wp-att-9216\"><img loading=\"lazy\" decoding=\"async\" class=\"alignnone size-thumbnail wp-image-9216\" src=\"https:\/\/xn--judo-lbben-feb.de\/wp-content\/uploads\/2012\/10\/DSC05884--150x150.jpg\" alt=\"DSC05884\" width=\"150\" height=\"150\" srcset=\"https:\/\/xn--judo-lbben-feb.de\/wp-content\/uploads\/2012\/10\/DSC05884--150x150.jpg 150w, https:\/\/xn--judo-lbben-feb.de\/wp-content\/uploads\/2012\/10\/DSC05884--80x80.jpg 80w, https:\/\/xn--judo-lbben-feb.de\/wp-content\/uploads\/2012\/10\/DSC05884--200x200.jpg 200w\" sizes=\"auto, (max-width: 150px) 100vw, 150px\" \/><\/a> <a href=\"https:\/\/xn--judo-lbben-feb.de\/wp-content\/uploads\/2012\/10\/DSC05885-.jpg\" rel=\"attachment wp-att-9217\"><img loading=\"lazy\" decoding=\"async\" class=\"alignnone size-thumbnail wp-image-9217\" src=\"https:\/\/xn--judo-lbben-feb.de\/wp-content\/uploads\/2012\/10\/DSC05885--150x150.jpg\" alt=\"DSC05885\" width=\"150\" height=\"150\" srcset=\"https:\/\/xn--judo-lbben-feb.de\/wp-content\/uploads\/2012\/10\/DSC05885--150x150.jpg 150w, https:\/\/xn--judo-lbben-feb.de\/wp-content\/uploads\/2012\/10\/DSC05885--80x80.jpg 80w, https:\/\/xn--judo-lbben-feb.de\/wp-content\/uploads\/2012\/10\/DSC05885--200x200.jpg 200w\" sizes=\"auto, (max-width: 150px) 100vw, 150px\" \/><\/a> <a href=\"https:\/\/xn--judo-lbben-feb.de\/wp-content\/uploads\/2012\/10\/DSC05886-.jpg\" rel=\"attachment wp-att-9218\"><img loading=\"lazy\" decoding=\"async\" class=\"alignnone size-thumbnail wp-image-9218\" src=\"https:\/\/xn--judo-lbben-feb.de\/wp-content\/uploads\/2012\/10\/DSC05886--150x150.jpg\" alt=\"DSC05886\" width=\"150\" height=\"150\" srcset=\"https:\/\/xn--judo-lbben-feb.de\/wp-content\/uploads\/2012\/10\/DSC05886--150x150.jpg 150w, https:\/\/xn--judo-lbben-feb.de\/wp-content\/uploads\/2012\/10\/DSC05886--80x80.jpg 80w, https:\/\/xn--judo-lbben-feb.de\/wp-content\/uploads\/2012\/10\/DSC05886--200x200.jpg 200w\" sizes=\"auto, (max-width: 150px) 100vw, 150px\" \/><\/a><\/p>\n<p style=\"text-align: center;\"><strong>Trainingslager 9. &amp; 10. Januar 2016\/G\u00fcrtelpr\u00fcfung zu wei\u00df\/gelb<\/strong><\/p>\n<p style=\"text-align: center;\"><a href=\"https:\/\/xn--judo-lbben-feb.de\/wp-content\/uploads\/2012\/10\/P1070047-FILEminimizer.jpg\" rel=\"attachment wp-att-9258\"><img loading=\"lazy\" decoding=\"async\" class=\"alignnone size-thumbnail wp-image-9258\" src=\"https:\/\/xn--judo-lbben-feb.de\/wp-content\/uploads\/2012\/10\/P1070047-FILEminimizer-150x150.jpg\" alt=\"P1070047 (FILEminimizer)\" width=\"150\" height=\"150\" srcset=\"https:\/\/xn--judo-lbben-feb.de\/wp-content\/uploads\/2012\/10\/P1070047-FILEminimizer-150x150.jpg 150w, https:\/\/xn--judo-lbben-feb.de\/wp-content\/uploads\/2012\/10\/P1070047-FILEminimizer-80x80.jpg 80w, https:\/\/xn--judo-lbben-feb.de\/wp-content\/uploads\/2012\/10\/P1070047-FILEminimizer-200x200.jpg 200w\" sizes=\"auto, (max-width: 150px) 100vw, 150px\" \/><\/a> <a href=\"https:\/\/xn--judo-lbben-feb.de\/wp-content\/uploads\/2012\/10\/P1070048-FILEminimizer.jpg\" rel=\"attachment wp-att-9259\"><img loading=\"lazy\" decoding=\"async\" class=\"alignnone size-thumbnail wp-image-9259\" src=\"https:\/\/xn--judo-lbben-feb.de\/wp-content\/uploads\/2012\/10\/P1070048-FILEminimizer-150x150.jpg\" alt=\"P1070048 (FILEminimizer)\" width=\"150\" height=\"150\" srcset=\"https:\/\/xn--judo-lbben-feb.de\/wp-content\/uploads\/2012\/10\/P1070048-FILEminimizer-150x150.jpg 150w, https:\/\/xn--judo-lbben-feb.de\/wp-content\/uploads\/2012\/10\/P1070048-FILEminimizer-80x80.jpg 80w, https:\/\/xn--judo-lbben-feb.de\/wp-content\/uploads\/2012\/10\/P1070048-FILEminimizer-200x200.jpg 200w\" sizes=\"auto, (max-width: 150px) 100vw, 150px\" \/><\/a> <a href=\"https:\/\/xn--judo-lbben-feb.de\/wp-content\/uploads\/2012\/10\/P1070049-FILEminimizer.jpg\" rel=\"attachment wp-att-9260\"><img loading=\"lazy\" decoding=\"async\" class=\"alignnone size-thumbnail wp-image-9260\" src=\"https:\/\/xn--judo-lbben-feb.de\/wp-content\/uploads\/2012\/10\/P1070049-FILEminimizer-150x150.jpg\" alt=\"P1070049 (FILEminimizer)\" width=\"150\" height=\"150\" srcset=\"https:\/\/xn--judo-lbben-feb.de\/wp-content\/uploads\/2012\/10\/P1070049-FILEminimizer-150x150.jpg 150w, https:\/\/xn--judo-lbben-feb.de\/wp-content\/uploads\/2012\/10\/P1070049-FILEminimizer-80x80.jpg 80w, https:\/\/xn--judo-lbben-feb.de\/wp-content\/uploads\/2012\/10\/P1070049-FILEminimizer-200x200.jpg 200w\" sizes=\"auto, (max-width: 150px) 100vw, 150px\" \/><\/a> <a href=\"https:\/\/xn--judo-lbben-feb.de\/wp-content\/uploads\/2012\/10\/P1070050-FILEminimizer.jpg\" rel=\"attachment wp-att-9261\"><img loading=\"lazy\" decoding=\"async\" class=\"alignnone size-thumbnail wp-image-9261\" src=\"https:\/\/xn--judo-lbben-feb.de\/wp-content\/uploads\/2012\/10\/P1070050-FILEminimizer-150x150.jpg\" alt=\"P1070050 (FILEminimizer)\" width=\"150\" height=\"150\" srcset=\"https:\/\/xn--judo-lbben-feb.de\/wp-content\/uploads\/2012\/10\/P1070050-FILEminimizer-150x150.jpg 150w, https:\/\/xn--judo-lbben-feb.de\/wp-content\/uploads\/2012\/10\/P1070050-FILEminimizer-80x80.jpg 80w, https:\/\/xn--judo-lbben-feb.de\/wp-content\/uploads\/2012\/10\/P1070050-FILEminimizer-200x200.jpg 200w\" sizes=\"auto, (max-width: 150px) 100vw, 150px\" \/><\/a> <a href=\"https:\/\/xn--judo-lbben-feb.de\/wp-content\/uploads\/2012\/10\/P1070057-FILEminimizer.jpg\" rel=\"attachment wp-att-9262\"><img loading=\"lazy\" decoding=\"async\" class=\"alignnone size-thumbnail wp-image-9262\" src=\"https:\/\/xn--judo-lbben-feb.de\/wp-content\/uploads\/2012\/10\/P1070057-FILEminimizer-150x150.jpg\" alt=\"P1070057 (FILEminimizer)\" width=\"150\" height=\"150\" srcset=\"https:\/\/xn--judo-lbben-feb.de\/wp-content\/uploads\/2012\/10\/P1070057-FILEminimizer-150x150.jpg 150w, https:\/\/xn--judo-lbben-feb.de\/wp-content\/uploads\/2012\/10\/P1070057-FILEminimizer-80x80.jpg 80w, https:\/\/xn--judo-lbben-feb.de\/wp-content\/uploads\/2012\/10\/P1070057-FILEminimizer-200x200.jpg 200w\" sizes=\"auto, (max-width: 150px) 100vw, 150px\" \/><\/a> <a href=\"https:\/\/xn--judo-lbben-feb.de\/wp-content\/uploads\/2012\/10\/P1070067-FILEminimizer.jpg\" rel=\"attachment wp-att-9263\"><img loading=\"lazy\" decoding=\"async\" class=\"alignnone size-thumbnail wp-image-9263\" src=\"https:\/\/xn--judo-lbben-feb.de\/wp-content\/uploads\/2012\/10\/P1070067-FILEminimizer-150x150.jpg\" alt=\"P1070067 (FILEminimizer)\" width=\"150\" height=\"150\" srcset=\"https:\/\/xn--judo-lbben-feb.de\/wp-content\/uploads\/2012\/10\/P1070067-FILEminimizer-150x150.jpg 150w, https:\/\/xn--judo-lbben-feb.de\/wp-content\/uploads\/2012\/10\/P1070067-FILEminimizer-80x80.jpg 80w, https:\/\/xn--judo-lbben-feb.de\/wp-content\/uploads\/2012\/10\/P1070067-FILEminimizer-200x200.jpg 200w\" sizes=\"auto, (max-width: 150px) 100vw, 150px\" \/><\/a><\/p>\n<p style=\"text-align: center;\"><a href=\"https:\/\/xn--judo-lbben-feb.de\/wp-content\/uploads\/2012\/10\/P1070072-FILEminimizer.jpg\" rel=\"attachment wp-att-9264\"><img loading=\"lazy\" decoding=\"async\" class=\"alignnone size-thumbnail wp-image-9264\" src=\"https:\/\/xn--judo-lbben-feb.de\/wp-content\/uploads\/2012\/10\/P1070072-FILEminimizer-150x150.jpg\" alt=\"P1070072 (FILEminimizer)\" width=\"150\" height=\"150\" srcset=\"https:\/\/xn--judo-lbben-feb.de\/wp-content\/uploads\/2012\/10\/P1070072-FILEminimizer-150x150.jpg 150w, https:\/\/xn--judo-lbben-feb.de\/wp-content\/uploads\/2012\/10\/P1070072-FILEminimizer-80x80.jpg 80w, https:\/\/xn--judo-lbben-feb.de\/wp-content\/uploads\/2012\/10\/P1070072-FILEminimizer-200x200.jpg 200w\" sizes=\"auto, (max-width: 150px) 100vw, 150px\" \/><\/a> <a href=\"https:\/\/xn--judo-lbben-feb.de\/wp-content\/uploads\/2012\/10\/P1070075-FILEminimizer.jpg\" rel=\"attachment wp-att-9265\"><img loading=\"lazy\" decoding=\"async\" class=\"alignnone size-thumbnail wp-image-9265\" src=\"https:\/\/xn--judo-lbben-feb.de\/wp-content\/uploads\/2012\/10\/P1070075-FILEminimizer-150x150.jpg\" alt=\"P1070075 (FILEminimizer)\" width=\"150\" height=\"150\" srcset=\"https:\/\/xn--judo-lbben-feb.de\/wp-content\/uploads\/2012\/10\/P1070075-FILEminimizer-150x150.jpg 150w, https:\/\/xn--judo-lbben-feb.de\/wp-content\/uploads\/2012\/10\/P1070075-FILEminimizer-80x80.jpg 80w, https:\/\/xn--judo-lbben-feb.de\/wp-content\/uploads\/2012\/10\/P1070075-FILEminimizer-200x200.jpg 200w\" sizes=\"auto, (max-width: 150px) 100vw, 150px\" \/><\/a> <a href=\"https:\/\/xn--judo-lbben-feb.de\/wp-content\/uploads\/2012\/10\/P1070076-FILEminimizer.jpg\" rel=\"attachment wp-att-9266\"><img loading=\"lazy\" decoding=\"async\" class=\"alignnone size-thumbnail wp-image-9266\" src=\"https:\/\/xn--judo-lbben-feb.de\/wp-content\/uploads\/2012\/10\/P1070076-FILEminimizer-150x150.jpg\" alt=\"P1070076 (FILEminimizer)\" width=\"150\" height=\"150\" srcset=\"https:\/\/xn--judo-lbben-feb.de\/wp-content\/uploads\/2012\/10\/P1070076-FILEminimizer-150x150.jpg 150w, https:\/\/xn--judo-lbben-feb.de\/wp-content\/uploads\/2012\/10\/P1070076-FILEminimizer-80x80.jpg 80w, https:\/\/xn--judo-lbben-feb.de\/wp-content\/uploads\/2012\/10\/P1070076-FILEminimizer-200x200.jpg 200w\" sizes=\"auto, (max-width: 150px) 100vw, 150px\" \/><\/a> <a href=\"https:\/\/xn--judo-lbben-feb.de\/wp-content\/uploads\/2012\/10\/P1070077-FILEminimizer.jpg\" rel=\"attachment wp-att-9267\"><img loading=\"lazy\" decoding=\"async\" class=\"alignnone size-thumbnail wp-image-9267\" src=\"https:\/\/xn--judo-lbben-feb.de\/wp-content\/uploads\/2012\/10\/P1070077-FILEminimizer-150x150.jpg\" alt=\"P1070077 (FILEminimizer)\" width=\"150\" height=\"150\" srcset=\"https:\/\/xn--judo-lbben-feb.de\/wp-content\/uploads\/2012\/10\/P1070077-FILEminimizer-150x150.jpg 150w, https:\/\/xn--judo-lbben-feb.de\/wp-content\/uploads\/2012\/10\/P1070077-FILEminimizer-80x80.jpg 80w, https:\/\/xn--judo-lbben-feb.de\/wp-content\/uploads\/2012\/10\/P1070077-FILEminimizer-200x200.jpg 200w\" sizes=\"auto, (max-width: 150px) 100vw, 150px\" \/><\/a> <a href=\"https:\/\/xn--judo-lbben-feb.de\/wp-content\/uploads\/2012\/10\/P1070080-FILEminimizer.jpg\" rel=\"attachment wp-att-9268\"><img loading=\"lazy\" decoding=\"async\" class=\"alignnone size-thumbnail wp-image-9268\" src=\"https:\/\/xn--judo-lbben-feb.de\/wp-content\/uploads\/2012\/10\/P1070080-FILEminimizer-150x150.jpg\" alt=\"P1070080 (FILEminimizer)\" width=\"150\" height=\"150\" srcset=\"https:\/\/xn--judo-lbben-feb.de\/wp-content\/uploads\/2012\/10\/P1070080-FILEminimizer-150x150.jpg 150w, https:\/\/xn--judo-lbben-feb.de\/wp-content\/uploads\/2012\/10\/P1070080-FILEminimizer-80x80.jpg 80w, https:\/\/xn--judo-lbben-feb.de\/wp-content\/uploads\/2012\/10\/P1070080-FILEminimizer-200x200.jpg 200w\" sizes=\"auto, (max-width: 150px) 100vw, 150px\" \/><\/a> <a href=\"https:\/\/xn--judo-lbben-feb.de\/wp-content\/uploads\/2012\/10\/P1070084-FILEminimizer.jpg\" rel=\"attachment wp-att-9269\"><img loading=\"lazy\" decoding=\"async\" class=\"alignnone size-thumbnail wp-image-9269\" src=\"https:\/\/xn--judo-lbben-feb.de\/wp-content\/uploads\/2012\/10\/P1070084-FILEminimizer-150x150.jpg\" alt=\"P1070084 (FILEminimizer)\" width=\"150\" height=\"150\" srcset=\"https:\/\/xn--judo-lbben-feb.de\/wp-content\/uploads\/2012\/10\/P1070084-FILEminimizer-150x150.jpg 150w, https:\/\/xn--judo-lbben-feb.de\/wp-content\/uploads\/2012\/10\/P1070084-FILEminimizer-80x80.jpg 80w, https:\/\/xn--judo-lbben-feb.de\/wp-content\/uploads\/2012\/10\/P1070084-FILEminimizer-200x200.jpg 200w\" sizes=\"auto, (max-width: 150px) 100vw, 150px\" \/><\/a><\/p>\n<p style=\"text-align: center;\"><a href=\"https:\/\/xn--judo-lbben-feb.de\/wp-content\/uploads\/2012\/10\/IMG_1994-FILEminimizer.jpg\" rel=\"attachment wp-att-9227\"><img loading=\"lazy\" decoding=\"async\" class=\"alignnone size-thumbnail wp-image-9227\" src=\"https:\/\/xn--judo-lbben-feb.de\/wp-content\/uploads\/2012\/10\/IMG_1994-FILEminimizer-150x150.jpg\" alt=\"IMG_1994 (FILEminimizer)\" width=\"150\" height=\"150\" srcset=\"https:\/\/xn--judo-lbben-feb.de\/wp-content\/uploads\/2012\/10\/IMG_1994-FILEminimizer-150x150.jpg 150w, https:\/\/xn--judo-lbben-feb.de\/wp-content\/uploads\/2012\/10\/IMG_1994-FILEminimizer-80x80.jpg 80w, https:\/\/xn--judo-lbben-feb.de\/wp-content\/uploads\/2012\/10\/IMG_1994-FILEminimizer-200x200.jpg 200w\" sizes=\"auto, (max-width: 150px) 100vw, 150px\" \/><\/a>\u00a0<a href=\"https:\/\/xn--judo-lbben-feb.de\/wp-content\/uploads\/2012\/10\/IMG_1995-FILEminimizer.jpg\" rel=\"attachment wp-att-9228\"><img loading=\"lazy\" decoding=\"async\" class=\"alignnone size-thumbnail wp-image-9228\" src=\"https:\/\/xn--judo-lbben-feb.de\/wp-content\/uploads\/2012\/10\/IMG_1995-FILEminimizer-150x150.jpg\" alt=\"IMG_1995 (FILEminimizer)\" width=\"150\" height=\"150\" srcset=\"https:\/\/xn--judo-lbben-feb.de\/wp-content\/uploads\/2012\/10\/IMG_1995-FILEminimizer-150x150.jpg 150w, https:\/\/xn--judo-lbben-feb.de\/wp-content\/uploads\/2012\/10\/IMG_1995-FILEminimizer-80x80.jpg 80w, https:\/\/xn--judo-lbben-feb.de\/wp-content\/uploads\/2012\/10\/IMG_1995-FILEminimizer-200x200.jpg 200w\" sizes=\"auto, (max-width: 150px) 100vw, 150px\" \/><\/a>\u00a0<a href=\"https:\/\/xn--judo-lbben-feb.de\/wp-content\/uploads\/2012\/10\/IMG_1996-FILEminimizer.jpg\" rel=\"attachment wp-att-9229\"><img loading=\"lazy\" decoding=\"async\" class=\"alignnone size-thumbnail wp-image-9229\" src=\"https:\/\/xn--judo-lbben-feb.de\/wp-content\/uploads\/2012\/10\/IMG_1996-FILEminimizer-150x150.jpg\" alt=\"IMG_1996 (FILEminimizer)\" width=\"150\" height=\"150\" srcset=\"https:\/\/xn--judo-lbben-feb.de\/wp-content\/uploads\/2012\/10\/IMG_1996-FILEminimizer-150x150.jpg 150w, https:\/\/xn--judo-lbben-feb.de\/wp-content\/uploads\/2012\/10\/IMG_1996-FILEminimizer-80x80.jpg 80w, https:\/\/xn--judo-lbben-feb.de\/wp-content\/uploads\/2012\/10\/IMG_1996-FILEminimizer-200x200.jpg 200w\" sizes=\"auto, (max-width: 150px) 100vw, 150px\" \/><\/a>\u00a0<a href=\"https:\/\/xn--judo-lbben-feb.de\/wp-content\/uploads\/2012\/10\/IMG_1997-FILEminimizer.jpg\" rel=\"attachment wp-att-9230\"><img loading=\"lazy\" decoding=\"async\" class=\"alignnone size-thumbnail wp-image-9230\" src=\"https:\/\/xn--judo-lbben-feb.de\/wp-content\/uploads\/2012\/10\/IMG_1997-FILEminimizer-150x150.jpg\" alt=\"IMG_1997 (FILEminimizer)\" width=\"150\" height=\"150\" srcset=\"https:\/\/xn--judo-lbben-feb.de\/wp-content\/uploads\/2012\/10\/IMG_1997-FILEminimizer-150x150.jpg 150w, https:\/\/xn--judo-lbben-feb.de\/wp-content\/uploads\/2012\/10\/IMG_1997-FILEminimizer-80x80.jpg 80w, https:\/\/xn--judo-lbben-feb.de\/wp-content\/uploads\/2012\/10\/IMG_1997-FILEminimizer-200x200.jpg 200w\" sizes=\"auto, (max-width: 150px) 100vw, 150px\" \/><\/a>\u00a0<a href=\"https:\/\/xn--judo-lbben-feb.de\/wp-content\/uploads\/2012\/10\/IMG_1998-FILEminimizer.jpg\" rel=\"attachment wp-att-9231\"><img loading=\"lazy\" decoding=\"async\" class=\"alignnone size-thumbnail wp-image-9231\" src=\"https:\/\/xn--judo-lbben-feb.de\/wp-content\/uploads\/2012\/10\/IMG_1998-FILEminimizer-150x150.jpg\" alt=\"IMG_1998 (FILEminimizer)\" width=\"150\" height=\"150\" srcset=\"https:\/\/xn--judo-lbben-feb.de\/wp-content\/uploads\/2012\/10\/IMG_1998-FILEminimizer-150x150.jpg 150w, https:\/\/xn--judo-lbben-feb.de\/wp-content\/uploads\/2012\/10\/IMG_1998-FILEminimizer-80x80.jpg 80w, https:\/\/xn--judo-lbben-feb.de\/wp-content\/uploads\/2012\/10\/IMG_1998-FILEminimizer-200x200.jpg 200w\" sizes=\"auto, (max-width: 150px) 100vw, 150px\" \/><\/a>\u00a0<a href=\"https:\/\/xn--judo-lbben-feb.de\/wp-content\/uploads\/2012\/10\/IMG_1999-FILEminimizer.jpg\" rel=\"attachment wp-att-9232\"><img loading=\"lazy\" decoding=\"async\" class=\"alignnone size-thumbnail wp-image-9232\" src=\"https:\/\/xn--judo-lbben-feb.de\/wp-content\/uploads\/2012\/10\/IMG_1999-FILEminimizer-150x150.jpg\" alt=\"IMG_1999 (FILEminimizer)\" width=\"150\" height=\"150\" srcset=\"https:\/\/xn--judo-lbben-feb.de\/wp-content\/uploads\/2012\/10\/IMG_1999-FILEminimizer-150x150.jpg 150w, https:\/\/xn--judo-lbben-feb.de\/wp-content\/uploads\/2012\/10\/IMG_1999-FILEminimizer-80x80.jpg 80w, https:\/\/xn--judo-lbben-feb.de\/wp-content\/uploads\/2012\/10\/IMG_1999-FILEminimizer-200x200.jpg 200w\" sizes=\"auto, (max-width: 150px) 100vw, 150px\" \/><\/a><\/p>\n<p style=\"text-align: center;\">\u00a0<a href=\"https:\/\/xn--judo-lbben-feb.de\/wp-content\/uploads\/2012\/10\/IMG_2001-FILEminimizer.jpg\" rel=\"attachment wp-att-9233\"><img loading=\"lazy\" decoding=\"async\" class=\"alignnone size-thumbnail wp-image-9233\" src=\"https:\/\/xn--judo-lbben-feb.de\/wp-content\/uploads\/2012\/10\/IMG_2001-FILEminimizer-150x150.jpg\" alt=\"IMG_2001 (FILEminimizer)\" width=\"150\" height=\"150\" srcset=\"https:\/\/xn--judo-lbben-feb.de\/wp-content\/uploads\/2012\/10\/IMG_2001-FILEminimizer-150x150.jpg 150w, https:\/\/xn--judo-lbben-feb.de\/wp-content\/uploads\/2012\/10\/IMG_2001-FILEminimizer-80x80.jpg 80w, https:\/\/xn--judo-lbben-feb.de\/wp-content\/uploads\/2012\/10\/IMG_2001-FILEminimizer-200x200.jpg 200w\" sizes=\"auto, (max-width: 150px) 100vw, 150px\" \/><\/a>\u00a0<a href=\"https:\/\/xn--judo-lbben-feb.de\/wp-content\/uploads\/2012\/10\/IMG_2002-FILEminimizer.jpg\" rel=\"attachment wp-att-9234\"><img loading=\"lazy\" decoding=\"async\" class=\"alignnone size-thumbnail wp-image-9234\" src=\"https:\/\/xn--judo-lbben-feb.de\/wp-content\/uploads\/2012\/10\/IMG_2002-FILEminimizer-150x150.jpg\" alt=\"IMG_2002 (FILEminimizer)\" width=\"150\" height=\"150\" srcset=\"https:\/\/xn--judo-lbben-feb.de\/wp-content\/uploads\/2012\/10\/IMG_2002-FILEminimizer-150x150.jpg 150w, https:\/\/xn--judo-lbben-feb.de\/wp-content\/uploads\/2012\/10\/IMG_2002-FILEminimizer-80x80.jpg 80w, https:\/\/xn--judo-lbben-feb.de\/wp-content\/uploads\/2012\/10\/IMG_2002-FILEminimizer-200x200.jpg 200w\" sizes=\"auto, (max-width: 150px) 100vw, 150px\" \/><\/a>\u00a0<a href=\"https:\/\/xn--judo-lbben-feb.de\/wp-content\/uploads\/2012\/10\/IMG_2003-FILEminimizer.jpg\" rel=\"attachment wp-att-9235\"><img loading=\"lazy\" decoding=\"async\" class=\"alignnone size-thumbnail wp-image-9235\" src=\"https:\/\/xn--judo-lbben-feb.de\/wp-content\/uploads\/2012\/10\/IMG_2003-FILEminimizer-150x150.jpg\" alt=\"IMG_2003 (FILEminimizer)\" width=\"150\" height=\"150\" srcset=\"https:\/\/xn--judo-lbben-feb.de\/wp-content\/uploads\/2012\/10\/IMG_2003-FILEminimizer-150x150.jpg 150w, https:\/\/xn--judo-lbben-feb.de\/wp-content\/uploads\/2012\/10\/IMG_2003-FILEminimizer-80x80.jpg 80w, https:\/\/xn--judo-lbben-feb.de\/wp-content\/uploads\/2012\/10\/IMG_2003-FILEminimizer-200x200.jpg 200w\" sizes=\"auto, (max-width: 150px) 100vw, 150px\" \/><\/a>\u00a0<a href=\"https:\/\/xn--judo-lbben-feb.de\/wp-content\/uploads\/2012\/10\/IMG_2004-FILEminimizer.jpg\" rel=\"attachment wp-att-9236\"><img loading=\"lazy\" decoding=\"async\" class=\"alignnone size-thumbnail wp-image-9236\" src=\"https:\/\/xn--judo-lbben-feb.de\/wp-content\/uploads\/2012\/10\/IMG_2004-FILEminimizer-150x150.jpg\" alt=\"IMG_2004 (FILEminimizer)\" width=\"150\" height=\"150\" srcset=\"https:\/\/xn--judo-lbben-feb.de\/wp-content\/uploads\/2012\/10\/IMG_2004-FILEminimizer-150x150.jpg 150w, https:\/\/xn--judo-lbben-feb.de\/wp-content\/uploads\/2012\/10\/IMG_2004-FILEminimizer-80x80.jpg 80w, https:\/\/xn--judo-lbben-feb.de\/wp-content\/uploads\/2012\/10\/IMG_2004-FILEminimizer-200x200.jpg 200w\" sizes=\"auto, (max-width: 150px) 100vw, 150px\" \/><\/a>\u00a0<a href=\"https:\/\/xn--judo-lbben-feb.de\/wp-content\/uploads\/2012\/10\/IMG_2005-FILEminimizer.jpg\" rel=\"attachment wp-att-9237\"><img loading=\"lazy\" decoding=\"async\" class=\"alignnone size-thumbnail wp-image-9237\" src=\"https:\/\/xn--judo-lbben-feb.de\/wp-content\/uploads\/2012\/10\/IMG_2005-FILEminimizer-150x150.jpg\" alt=\"IMG_2005 (FILEminimizer)\" width=\"150\" height=\"150\" srcset=\"https:\/\/xn--judo-lbben-feb.de\/wp-content\/uploads\/2012\/10\/IMG_2005-FILEminimizer-150x150.jpg 150w, https:\/\/xn--judo-lbben-feb.de\/wp-content\/uploads\/2012\/10\/IMG_2005-FILEminimizer-80x80.jpg 80w, https:\/\/xn--judo-lbben-feb.de\/wp-content\/uploads\/2012\/10\/IMG_2005-FILEminimizer-200x200.jpg 200w\" sizes=\"auto, (max-width: 150px) 100vw, 150px\" \/><\/a>\u00a0<a href=\"https:\/\/xn--judo-lbben-feb.de\/wp-content\/uploads\/2012\/10\/IMG_2006-FILEminimizer.jpg\" rel=\"attachment wp-att-9238\"><img loading=\"lazy\" decoding=\"async\" class=\"alignnone size-thumbnail wp-image-9238\" src=\"https:\/\/xn--judo-lbben-feb.de\/wp-content\/uploads\/2012\/10\/IMG_2006-FILEminimizer-150x150.jpg\" alt=\"IMG_2006 (FILEminimizer)\" width=\"150\" height=\"150\" srcset=\"https:\/\/xn--judo-lbben-feb.de\/wp-content\/uploads\/2012\/10\/IMG_2006-FILEminimizer-150x150.jpg 150w, https:\/\/xn--judo-lbben-feb.de\/wp-content\/uploads\/2012\/10\/IMG_2006-FILEminimizer-80x80.jpg 80w, https:\/\/xn--judo-lbben-feb.de\/wp-content\/uploads\/2012\/10\/IMG_2006-FILEminimizer-200x200.jpg 200w\" sizes=\"auto, (max-width: 150px) 100vw, 150px\" \/><\/a><\/p>\n<p style=\"text-align: center;\"><a href=\"https:\/\/xn--judo-lbben-feb.de\/wp-content\/uploads\/2012\/10\/IMG_2007-FILEminimizer.jpg\" rel=\"attachment wp-att-9239\"><img loading=\"lazy\" decoding=\"async\" class=\"alignnone size-thumbnail wp-image-9239\" src=\"https:\/\/xn--judo-lbben-feb.de\/wp-content\/uploads\/2012\/10\/IMG_2007-FILEminimizer-150x150.jpg\" alt=\"IMG_2007 (FILEminimizer)\" width=\"150\" height=\"150\" srcset=\"https:\/\/xn--judo-lbben-feb.de\/wp-content\/uploads\/2012\/10\/IMG_2007-FILEminimizer-150x150.jpg 150w, https:\/\/xn--judo-lbben-feb.de\/wp-content\/uploads\/2012\/10\/IMG_2007-FILEminimizer-80x80.jpg 80w, https:\/\/xn--judo-lbben-feb.de\/wp-content\/uploads\/2012\/10\/IMG_2007-FILEminimizer-200x200.jpg 200w\" sizes=\"auto, (max-width: 150px) 100vw, 150px\" \/><\/a>\u00a0<a href=\"https:\/\/xn--judo-lbben-feb.de\/wp-content\/uploads\/2012\/10\/IMG_2008-FILEminimizer.jpg\" rel=\"attachment wp-att-9240\"><img loading=\"lazy\" decoding=\"async\" class=\"alignnone size-thumbnail wp-image-9240\" src=\"https:\/\/xn--judo-lbben-feb.de\/wp-content\/uploads\/2012\/10\/IMG_2008-FILEminimizer-150x150.jpg\" alt=\"IMG_2008 (FILEminimizer)\" width=\"150\" height=\"150\" srcset=\"https:\/\/xn--judo-lbben-feb.de\/wp-content\/uploads\/2012\/10\/IMG_2008-FILEminimizer-150x150.jpg 150w, https:\/\/xn--judo-lbben-feb.de\/wp-content\/uploads\/2012\/10\/IMG_2008-FILEminimizer-80x80.jpg 80w, https:\/\/xn--judo-lbben-feb.de\/wp-content\/uploads\/2012\/10\/IMG_2008-FILEminimizer-200x200.jpg 200w\" sizes=\"auto, (max-width: 150px) 100vw, 150px\" \/><\/a>\u00a0<a href=\"https:\/\/xn--judo-lbben-feb.de\/wp-content\/uploads\/2012\/10\/IMG_2009-FILEminimizer.jpg\" rel=\"attachment wp-att-9241\"><img loading=\"lazy\" decoding=\"async\" class=\"alignnone size-thumbnail wp-image-9241\" src=\"https:\/\/xn--judo-lbben-feb.de\/wp-content\/uploads\/2012\/10\/IMG_2009-FILEminimizer-150x150.jpg\" alt=\"IMG_2009 (FILEminimizer)\" width=\"150\" height=\"150\" srcset=\"https:\/\/xn--judo-lbben-feb.de\/wp-content\/uploads\/2012\/10\/IMG_2009-FILEminimizer-150x150.jpg 150w, https:\/\/xn--judo-lbben-feb.de\/wp-content\/uploads\/2012\/10\/IMG_2009-FILEminimizer-80x80.jpg 80w, https:\/\/xn--judo-lbben-feb.de\/wp-content\/uploads\/2012\/10\/IMG_2009-FILEminimizer-200x200.jpg 200w\" sizes=\"auto, (max-width: 150px) 100vw, 150px\" \/><\/a>\u00a0<a href=\"https:\/\/xn--judo-lbben-feb.de\/wp-content\/uploads\/2012\/10\/IMG_2446-FILEminimizer.jpg\" rel=\"attachment wp-att-9242\"><img loading=\"lazy\" decoding=\"async\" class=\"alignnone size-thumbnail wp-image-9242\" src=\"https:\/\/xn--judo-lbben-feb.de\/wp-content\/uploads\/2012\/10\/IMG_2446-FILEminimizer-150x150.jpg\" alt=\"IMG_2446 (FILEminimizer)\" width=\"150\" height=\"150\" srcset=\"https:\/\/xn--judo-lbben-feb.de\/wp-content\/uploads\/2012\/10\/IMG_2446-FILEminimizer-150x150.jpg 150w, https:\/\/xn--judo-lbben-feb.de\/wp-content\/uploads\/2012\/10\/IMG_2446-FILEminimizer-80x80.jpg 80w, https:\/\/xn--judo-lbben-feb.de\/wp-content\/uploads\/2012\/10\/IMG_2446-FILEminimizer-200x200.jpg 200w\" sizes=\"auto, (max-width: 150px) 100vw, 150px\" \/><\/a>\u00a0<a href=\"https:\/\/xn--judo-lbben-feb.de\/wp-content\/uploads\/2012\/10\/IMG_2447-FILEminimizer.jpg\" rel=\"attachment wp-att-9243\"><img loading=\"lazy\" decoding=\"async\" class=\"alignnone size-thumbnail wp-image-9243\" src=\"https:\/\/xn--judo-lbben-feb.de\/wp-content\/uploads\/2012\/10\/IMG_2447-FILEminimizer-150x150.jpg\" alt=\"IMG_2447 (FILEminimizer)\" width=\"150\" height=\"150\" srcset=\"https:\/\/xn--judo-lbben-feb.de\/wp-content\/uploads\/2012\/10\/IMG_2447-FILEminimizer-150x150.jpg 150w, https:\/\/xn--judo-lbben-feb.de\/wp-content\/uploads\/2012\/10\/IMG_2447-FILEminimizer-80x80.jpg 80w, https:\/\/xn--judo-lbben-feb.de\/wp-content\/uploads\/2012\/10\/IMG_2447-FILEminimizer-200x200.jpg 200w\" sizes=\"auto, (max-width: 150px) 100vw, 150px\" \/><\/a>\u00a0<a href=\"https:\/\/xn--judo-lbben-feb.de\/wp-content\/uploads\/2012\/10\/IMG_2448-FILEminimizer.jpg\" rel=\"attachment wp-att-9244\"><img loading=\"lazy\" decoding=\"async\" class=\"alignnone size-thumbnail wp-image-9244\" src=\"https:\/\/xn--judo-lbben-feb.de\/wp-content\/uploads\/2012\/10\/IMG_2448-FILEminimizer-150x150.jpg\" alt=\"IMG_2448 (FILEminimizer)\" width=\"150\" height=\"150\" srcset=\"https:\/\/xn--judo-lbben-feb.de\/wp-content\/uploads\/2012\/10\/IMG_2448-FILEminimizer-150x150.jpg 150w, https:\/\/xn--judo-lbben-feb.de\/wp-content\/uploads\/2012\/10\/IMG_2448-FILEminimizer-80x80.jpg 80w, https:\/\/xn--judo-lbben-feb.de\/wp-content\/uploads\/2012\/10\/IMG_2448-FILEminimizer-200x200.jpg 200w\" sizes=\"auto, (max-width: 150px) 100vw, 150px\" \/><\/a><\/p>\n<p style=\"text-align: center;\"><a href=\"https:\/\/xn--judo-lbben-feb.de\/wp-content\/uploads\/2012\/10\/IMG_2450-FILEminimizer.jpg\" rel=\"attachment wp-att-9245\"><img loading=\"lazy\" decoding=\"async\" class=\"alignnone size-thumbnail wp-image-9245\" src=\"https:\/\/xn--judo-lbben-feb.de\/wp-content\/uploads\/2012\/10\/IMG_2450-FILEminimizer-150x150.jpg\" alt=\"IMG_2450 (FILEminimizer)\" width=\"150\" height=\"150\" srcset=\"https:\/\/xn--judo-lbben-feb.de\/wp-content\/uploads\/2012\/10\/IMG_2450-FILEminimizer-150x150.jpg 150w, https:\/\/xn--judo-lbben-feb.de\/wp-content\/uploads\/2012\/10\/IMG_2450-FILEminimizer-80x80.jpg 80w, https:\/\/xn--judo-lbben-feb.de\/wp-content\/uploads\/2012\/10\/IMG_2450-FILEminimizer-200x200.jpg 200w\" sizes=\"auto, (max-width: 150px) 100vw, 150px\" \/><\/a>\u00a0<a href=\"https:\/\/xn--judo-lbben-feb.de\/wp-content\/uploads\/2012\/10\/IMG_2455-FILEminimizer.jpg\" rel=\"attachment wp-att-9246\"><img loading=\"lazy\" decoding=\"async\" class=\"alignnone size-thumbnail wp-image-9246\" src=\"https:\/\/xn--judo-lbben-feb.de\/wp-content\/uploads\/2012\/10\/IMG_2455-FILEminimizer-150x150.jpg\" alt=\"IMG_2455 (FILEminimizer)\" width=\"150\" height=\"150\" srcset=\"https:\/\/xn--judo-lbben-feb.de\/wp-content\/uploads\/2012\/10\/IMG_2455-FILEminimizer-150x150.jpg 150w, https:\/\/xn--judo-lbben-feb.de\/wp-content\/uploads\/2012\/10\/IMG_2455-FILEminimizer-80x80.jpg 80w, https:\/\/xn--judo-lbben-feb.de\/wp-content\/uploads\/2012\/10\/IMG_2455-FILEminimizer-200x200.jpg 200w\" sizes=\"auto, (max-width: 150px) 100vw, 150px\" \/><\/a>\u00a0<a href=\"https:\/\/xn--judo-lbben-feb.de\/wp-content\/uploads\/2012\/10\/IMG_2456-FILEminimizer.jpg\" rel=\"attachment wp-att-9247\"><img loading=\"lazy\" decoding=\"async\" class=\"alignnone size-thumbnail wp-image-9247\" src=\"https:\/\/xn--judo-lbben-feb.de\/wp-content\/uploads\/2012\/10\/IMG_2456-FILEminimizer-150x150.jpg\" alt=\"IMG_2456 (FILEminimizer)\" width=\"150\" height=\"150\" srcset=\"https:\/\/xn--judo-lbben-feb.de\/wp-content\/uploads\/2012\/10\/IMG_2456-FILEminimizer-150x150.jpg 150w, https:\/\/xn--judo-lbben-feb.de\/wp-content\/uploads\/2012\/10\/IMG_2456-FILEminimizer-80x80.jpg 80w, https:\/\/xn--judo-lbben-feb.de\/wp-content\/uploads\/2012\/10\/IMG_2456-FILEminimizer-200x200.jpg 200w\" sizes=\"auto, (max-width: 150px) 100vw, 150px\" \/><\/a>\u00a0<a href=\"https:\/\/xn--judo-lbben-feb.de\/wp-content\/uploads\/2012\/10\/IMG_2457-FILEminimizer.jpg\" rel=\"attachment wp-att-9248\"><img loading=\"lazy\" decoding=\"async\" class=\"alignnone size-thumbnail wp-image-9248\" src=\"https:\/\/xn--judo-lbben-feb.de\/wp-content\/uploads\/2012\/10\/IMG_2457-FILEminimizer-150x150.jpg\" alt=\"IMG_2457 (FILEminimizer)\" width=\"150\" height=\"150\" srcset=\"https:\/\/xn--judo-lbben-feb.de\/wp-content\/uploads\/2012\/10\/IMG_2457-FILEminimizer-150x150.jpg 150w, https:\/\/xn--judo-lbben-feb.de\/wp-content\/uploads\/2012\/10\/IMG_2457-FILEminimizer-80x80.jpg 80w, https:\/\/xn--judo-lbben-feb.de\/wp-content\/uploads\/2012\/10\/IMG_2457-FILEminimizer-200x200.jpg 200w\" sizes=\"auto, (max-width: 150px) 100vw, 150px\" \/><\/a>\u00a0<a href=\"https:\/\/xn--judo-lbben-feb.de\/wp-content\/uploads\/2012\/10\/IMG_2458-FILEminimizer.jpg\" rel=\"attachment wp-att-9249\"><img loading=\"lazy\" decoding=\"async\" class=\"alignnone size-thumbnail wp-image-9249\" src=\"https:\/\/xn--judo-lbben-feb.de\/wp-content\/uploads\/2012\/10\/IMG_2458-FILEminimizer-150x150.jpg\" alt=\"IMG_2458 (FILEminimizer)\" width=\"150\" height=\"150\" srcset=\"https:\/\/xn--judo-lbben-feb.de\/wp-content\/uploads\/2012\/10\/IMG_2458-FILEminimizer-150x150.jpg 150w, https:\/\/xn--judo-lbben-feb.de\/wp-content\/uploads\/2012\/10\/IMG_2458-FILEminimizer-80x80.jpg 80w, https:\/\/xn--judo-lbben-feb.de\/wp-content\/uploads\/2012\/10\/IMG_2458-FILEminimizer-200x200.jpg 200w\" sizes=\"auto, (max-width: 150px) 100vw, 150px\" \/><\/a>\u00a0<a href=\"https:\/\/xn--judo-lbben-feb.de\/wp-content\/uploads\/2012\/10\/IMG_2465-FILEminimizer.jpg\" rel=\"attachment wp-att-9250\"><img loading=\"lazy\" decoding=\"async\" class=\"alignnone size-thumbnail wp-image-9250\" src=\"https:\/\/xn--judo-lbben-feb.de\/wp-content\/uploads\/2012\/10\/IMG_2465-FILEminimizer-150x150.jpg\" alt=\"IMG_2465 (FILEminimizer)\" width=\"150\" height=\"150\" srcset=\"https:\/\/xn--judo-lbben-feb.de\/wp-content\/uploads\/2012\/10\/IMG_2465-FILEminimizer-150x150.jpg 150w, https:\/\/xn--judo-lbben-feb.de\/wp-content\/uploads\/2012\/10\/IMG_2465-FILEminimizer-80x80.jpg 80w, https:\/\/xn--judo-lbben-feb.de\/wp-content\/uploads\/2012\/10\/IMG_2465-FILEminimizer-200x200.jpg 200w\" sizes=\"auto, (max-width: 150px) 100vw, 150px\" \/><\/a><\/p>\n<p style=\"text-align: center;\">\u00a0<a href=\"https:\/\/xn--judo-lbben-feb.de\/wp-content\/uploads\/2012\/10\/IMG_2468-FILEminimizer.jpg\" rel=\"attachment wp-att-9251\"><img loading=\"lazy\" decoding=\"async\" class=\"alignnone size-thumbnail wp-image-9251\" src=\"https:\/\/xn--judo-lbben-feb.de\/wp-content\/uploads\/2012\/10\/IMG_2468-FILEminimizer-150x150.jpg\" alt=\"IMG_2468 (FILEminimizer)\" width=\"150\" height=\"150\" srcset=\"https:\/\/xn--judo-lbben-feb.de\/wp-content\/uploads\/2012\/10\/IMG_2468-FILEminimizer-150x150.jpg 150w, https:\/\/xn--judo-lbben-feb.de\/wp-content\/uploads\/2012\/10\/IMG_2468-FILEminimizer-80x80.jpg 80w, https:\/\/xn--judo-lbben-feb.de\/wp-content\/uploads\/2012\/10\/IMG_2468-FILEminimizer-200x200.jpg 200w\" sizes=\"auto, (max-width: 150px) 100vw, 150px\" \/><\/a>\u00a0<a href=\"https:\/\/xn--judo-lbben-feb.de\/wp-content\/uploads\/2012\/10\/IMG_2474-FILEminimizer.jpg\" rel=\"attachment wp-att-9252\"><img loading=\"lazy\" decoding=\"async\" class=\"alignnone size-thumbnail wp-image-9252\" src=\"https:\/\/xn--judo-lbben-feb.de\/wp-content\/uploads\/2012\/10\/IMG_2474-FILEminimizer-150x150.jpg\" alt=\"IMG_2474 (FILEminimizer)\" width=\"150\" height=\"150\" srcset=\"https:\/\/xn--judo-lbben-feb.de\/wp-content\/uploads\/2012\/10\/IMG_2474-FILEminimizer-150x150.jpg 150w, https:\/\/xn--judo-lbben-feb.de\/wp-content\/uploads\/2012\/10\/IMG_2474-FILEminimizer-80x80.jpg 80w, https:\/\/xn--judo-lbben-feb.de\/wp-content\/uploads\/2012\/10\/IMG_2474-FILEminimizer-200x200.jpg 200w\" sizes=\"auto, (max-width: 150px) 100vw, 150px\" \/><\/a>\u00a0<a href=\"https:\/\/xn--judo-lbben-feb.de\/wp-content\/uploads\/2012\/10\/IMG_2475-FILEminimizer.jpg\" rel=\"attachment wp-att-9253\"><img loading=\"lazy\" decoding=\"async\" class=\"alignnone size-thumbnail wp-image-9253\" src=\"https:\/\/xn--judo-lbben-feb.de\/wp-content\/uploads\/2012\/10\/IMG_2475-FILEminimizer-150x150.jpg\" alt=\"IMG_2475 (FILEminimizer)\" width=\"150\" height=\"150\" srcset=\"https:\/\/xn--judo-lbben-feb.de\/wp-content\/uploads\/2012\/10\/IMG_2475-FILEminimizer-150x150.jpg 150w, https:\/\/xn--judo-lbben-feb.de\/wp-content\/uploads\/2012\/10\/IMG_2475-FILEminimizer-80x80.jpg 80w, https:\/\/xn--judo-lbben-feb.de\/wp-content\/uploads\/2012\/10\/IMG_2475-FILEminimizer-200x200.jpg 200w\" sizes=\"auto, (max-width: 150px) 100vw, 150px\" \/><\/a>\u00a0<a href=\"https:\/\/xn--judo-lbben-feb.de\/wp-content\/uploads\/2012\/10\/IMG_2476-FILEminimizer.jpg\" rel=\"attachment wp-att-9254\"><img loading=\"lazy\" decoding=\"async\" class=\"alignnone size-thumbnail wp-image-9254\" src=\"https:\/\/xn--judo-lbben-feb.de\/wp-content\/uploads\/2012\/10\/IMG_2476-FILEminimizer-150x150.jpg\" alt=\"IMG_2476 (FILEminimizer)\" width=\"150\" height=\"150\" srcset=\"https:\/\/xn--judo-lbben-feb.de\/wp-content\/uploads\/2012\/10\/IMG_2476-FILEminimizer-150x150.jpg 150w, https:\/\/xn--judo-lbben-feb.de\/wp-content\/uploads\/2012\/10\/IMG_2476-FILEminimizer-80x80.jpg 80w, https:\/\/xn--judo-lbben-feb.de\/wp-content\/uploads\/2012\/10\/IMG_2476-FILEminimizer-200x200.jpg 200w\" sizes=\"auto, (max-width: 150px) 100vw, 150px\" \/><\/a>\u00a0<a href=\"https:\/\/xn--judo-lbben-feb.de\/wp-content\/uploads\/2012\/10\/IMG_2477-FILEminimizer.jpg\" rel=\"attachment wp-att-9255\"><img loading=\"lazy\" decoding=\"async\" class=\"alignnone size-thumbnail wp-image-9255\" src=\"https:\/\/xn--judo-lbben-feb.de\/wp-content\/uploads\/2012\/10\/IMG_2477-FILEminimizer-150x150.jpg\" alt=\"IMG_2477 (FILEminimizer)\" width=\"150\" height=\"150\" srcset=\"https:\/\/xn--judo-lbben-feb.de\/wp-content\/uploads\/2012\/10\/IMG_2477-FILEminimizer-150x150.jpg 150w, https:\/\/xn--judo-lbben-feb.de\/wp-content\/uploads\/2012\/10\/IMG_2477-FILEminimizer-80x80.jpg 80w, https:\/\/xn--judo-lbben-feb.de\/wp-content\/uploads\/2012\/10\/IMG_2477-FILEminimizer-200x200.jpg 200w\" sizes=\"auto, (max-width: 150px) 100vw, 150px\" \/><\/a>\u00a0<a href=\"https:\/\/xn--judo-lbben-feb.de\/wp-content\/uploads\/2012\/10\/IMG_2478-FILEminimizer.jpg\" rel=\"attachment wp-att-9256\"><img loading=\"lazy\" decoding=\"async\" class=\"alignnone size-thumbnail wp-image-9256\" src=\"https:\/\/xn--judo-lbben-feb.de\/wp-content\/uploads\/2012\/10\/IMG_2478-FILEminimizer-150x150.jpg\" alt=\"IMG_2478 (FILEminimizer)\" width=\"150\" height=\"150\" srcset=\"https:\/\/xn--judo-lbben-feb.de\/wp-content\/uploads\/2012\/10\/IMG_2478-FILEminimizer-150x150.jpg 150w, https:\/\/xn--judo-lbben-feb.de\/wp-content\/uploads\/2012\/10\/IMG_2478-FILEminimizer-80x80.jpg 80w, https:\/\/xn--judo-lbben-feb.de\/wp-content\/uploads\/2012\/10\/IMG_2478-FILEminimizer-200x200.jpg 200w\" sizes=\"auto, (max-width: 150px) 100vw, 150px\" \/><\/a><\/p>\n<p style=\"text-align: center;\"><strong>Weihnachtsfeier 2015<\/strong><\/p>\n<p style=\"text-align: center;\"><a href=\"https:\/\/xn--judo-lbben-feb.de\/wp-content\/uploads\/2012\/10\/DSC05675-.jpg\"><img loading=\"lazy\" decoding=\"async\" class=\"alignnone size-thumbnail wp-image-8980\" src=\"https:\/\/xn--judo-lbben-feb.de\/wp-content\/uploads\/2012\/10\/DSC05675--150x150.jpg\" alt=\"DSC05675\" width=\"150\" height=\"150\" srcset=\"https:\/\/xn--judo-lbben-feb.de\/wp-content\/uploads\/2012\/10\/DSC05675--150x150.jpg 150w, https:\/\/xn--judo-lbben-feb.de\/wp-content\/uploads\/2012\/10\/DSC05675--80x80.jpg 80w, https:\/\/xn--judo-lbben-feb.de\/wp-content\/uploads\/2012\/10\/DSC05675--200x200.jpg 200w\" sizes=\"auto, (max-width: 150px) 100vw, 150px\" \/><\/a> <a href=\"https:\/\/xn--judo-lbben-feb.de\/wp-content\/uploads\/2012\/10\/DSC05676-.jpg\"><img loading=\"lazy\" decoding=\"async\" class=\"alignnone size-thumbnail wp-image-8981\" src=\"https:\/\/xn--judo-lbben-feb.de\/wp-content\/uploads\/2012\/10\/DSC05676--150x150.jpg\" alt=\"DSC05676\" width=\"150\" height=\"150\" srcset=\"https:\/\/xn--judo-lbben-feb.de\/wp-content\/uploads\/2012\/10\/DSC05676--150x150.jpg 150w, https:\/\/xn--judo-lbben-feb.de\/wp-content\/uploads\/2012\/10\/DSC05676--80x80.jpg 80w, https:\/\/xn--judo-lbben-feb.de\/wp-content\/uploads\/2012\/10\/DSC05676--200x200.jpg 200w\" sizes=\"auto, (max-width: 150px) 100vw, 150px\" \/><\/a> <a href=\"https:\/\/xn--judo-lbben-feb.de\/wp-content\/uploads\/2012\/10\/DSC05677-.jpg\"><img loading=\"lazy\" decoding=\"async\" class=\"alignnone size-thumbnail wp-image-8982\" src=\"https:\/\/xn--judo-lbben-feb.de\/wp-content\/uploads\/2012\/10\/DSC05677--150x150.jpg\" alt=\"DSC05677\" width=\"150\" height=\"150\" srcset=\"https:\/\/xn--judo-lbben-feb.de\/wp-content\/uploads\/2012\/10\/DSC05677--150x150.jpg 150w, https:\/\/xn--judo-lbben-feb.de\/wp-content\/uploads\/2012\/10\/DSC05677--80x80.jpg 80w, https:\/\/xn--judo-lbben-feb.de\/wp-content\/uploads\/2012\/10\/DSC05677--200x200.jpg 200w\" sizes=\"auto, (max-width: 150px) 100vw, 150px\" \/><\/a> <a href=\"https:\/\/xn--judo-lbben-feb.de\/wp-content\/uploads\/2012\/10\/DSC05678-.jpg\"><img loading=\"lazy\" decoding=\"async\" class=\"alignnone size-thumbnail wp-image-8983\" src=\"https:\/\/xn--judo-lbben-feb.de\/wp-content\/uploads\/2012\/10\/DSC05678--150x150.jpg\" alt=\"DSC05678\" width=\"150\" height=\"150\" srcset=\"https:\/\/xn--judo-lbben-feb.de\/wp-content\/uploads\/2012\/10\/DSC05678--150x150.jpg 150w, https:\/\/xn--judo-lbben-feb.de\/wp-content\/uploads\/2012\/10\/DSC05678--80x80.jpg 80w, https:\/\/xn--judo-lbben-feb.de\/wp-content\/uploads\/2012\/10\/DSC05678--200x200.jpg 200w\" sizes=\"auto, (max-width: 150px) 100vw, 150px\" \/><\/a> <a href=\"https:\/\/xn--judo-lbben-feb.de\/wp-content\/uploads\/2012\/10\/DSC05679-.jpg\"><img loading=\"lazy\" decoding=\"async\" class=\"alignnone size-thumbnail wp-image-8984\" src=\"https:\/\/xn--judo-lbben-feb.de\/wp-content\/uploads\/2012\/10\/DSC05679--150x150.jpg\" alt=\"DSC05679\" width=\"150\" height=\"150\" srcset=\"https:\/\/xn--judo-lbben-feb.de\/wp-content\/uploads\/2012\/10\/DSC05679--150x150.jpg 150w, https:\/\/xn--judo-lbben-feb.de\/wp-content\/uploads\/2012\/10\/DSC05679--80x80.jpg 80w, https:\/\/xn--judo-lbben-feb.de\/wp-content\/uploads\/2012\/10\/DSC05679--200x200.jpg 200w\" sizes=\"auto, (max-width: 150px) 100vw, 150px\" \/><\/a> <a href=\"https:\/\/xn--judo-lbben-feb.de\/wp-content\/uploads\/2012\/10\/DSC05680-.jpg\"><img loading=\"lazy\" decoding=\"async\" class=\"alignnone size-thumbnail wp-image-8985\" src=\"https:\/\/xn--judo-lbben-feb.de\/wp-content\/uploads\/2012\/10\/DSC05680--150x150.jpg\" alt=\"DSC05680\" width=\"150\" height=\"150\" srcset=\"https:\/\/xn--judo-lbben-feb.de\/wp-content\/uploads\/2012\/10\/DSC05680--150x150.jpg 150w, https:\/\/xn--judo-lbben-feb.de\/wp-content\/uploads\/2012\/10\/DSC05680--80x80.jpg 80w, https:\/\/xn--judo-lbben-feb.de\/wp-content\/uploads\/2012\/10\/DSC05680--200x200.jpg 200w\" sizes=\"auto, (max-width: 150px) 100vw, 150px\" \/><\/a> <a href=\"https:\/\/xn--judo-lbben-feb.de\/wp-content\/uploads\/2012\/10\/DSC05681-.jpg\"><img loading=\"lazy\" decoding=\"async\" class=\"alignnone size-thumbnail wp-image-8986\" src=\"https:\/\/xn--judo-lbben-feb.de\/wp-content\/uploads\/2012\/10\/DSC05681--150x150.jpg\" alt=\"DSC05681\" width=\"150\" height=\"150\" srcset=\"https:\/\/xn--judo-lbben-feb.de\/wp-content\/uploads\/2012\/10\/DSC05681--150x150.jpg 150w, https:\/\/xn--judo-lbben-feb.de\/wp-content\/uploads\/2012\/10\/DSC05681--80x80.jpg 80w, https:\/\/xn--judo-lbben-feb.de\/wp-content\/uploads\/2012\/10\/DSC05681--200x200.jpg 200w\" sizes=\"auto, (max-width: 150px) 100vw, 150px\" \/><\/a> <a href=\"https:\/\/xn--judo-lbben-feb.de\/wp-content\/uploads\/2012\/10\/DSC05682-.jpg\"><img loading=\"lazy\" decoding=\"async\" class=\"alignnone size-thumbnail wp-image-8987\" src=\"https:\/\/xn--judo-lbben-feb.de\/wp-content\/uploads\/2012\/10\/DSC05682--150x150.jpg\" alt=\"DSC05682\" width=\"150\" height=\"150\" srcset=\"https:\/\/xn--judo-lbben-feb.de\/wp-content\/uploads\/2012\/10\/DSC05682--150x150.jpg 150w, https:\/\/xn--judo-lbben-feb.de\/wp-content\/uploads\/2012\/10\/DSC05682--80x80.jpg 80w, https:\/\/xn--judo-lbben-feb.de\/wp-content\/uploads\/2012\/10\/DSC05682--200x200.jpg 200w\" sizes=\"auto, (max-width: 150px) 100vw, 150px\" \/><\/a> <a href=\"https:\/\/xn--judo-lbben-feb.de\/wp-content\/uploads\/2012\/10\/DSC05685-.jpg\"><img loading=\"lazy\" decoding=\"async\" class=\"alignnone size-thumbnail wp-image-8988\" src=\"https:\/\/xn--judo-lbben-feb.de\/wp-content\/uploads\/2012\/10\/DSC05685--150x150.jpg\" alt=\"DSC05685\" width=\"150\" height=\"150\" srcset=\"https:\/\/xn--judo-lbben-feb.de\/wp-content\/uploads\/2012\/10\/DSC05685--150x150.jpg 150w, https:\/\/xn--judo-lbben-feb.de\/wp-content\/uploads\/2012\/10\/DSC05685--80x80.jpg 80w, https:\/\/xn--judo-lbben-feb.de\/wp-content\/uploads\/2012\/10\/DSC05685--200x200.jpg 200w\" sizes=\"auto, (max-width: 150px) 100vw, 150px\" \/><\/a> <a href=\"https:\/\/xn--judo-lbben-feb.de\/wp-content\/uploads\/2012\/10\/DSC05686-.jpg\"><img loading=\"lazy\" decoding=\"async\" class=\"alignnone size-thumbnail wp-image-8989\" src=\"https:\/\/xn--judo-lbben-feb.de\/wp-content\/uploads\/2012\/10\/DSC05686--150x150.jpg\" alt=\"DSC05686\" width=\"150\" height=\"150\" srcset=\"https:\/\/xn--judo-lbben-feb.de\/wp-content\/uploads\/2012\/10\/DSC05686--150x150.jpg 150w, https:\/\/xn--judo-lbben-feb.de\/wp-content\/uploads\/2012\/10\/DSC05686--80x80.jpg 80w, https:\/\/xn--judo-lbben-feb.de\/wp-content\/uploads\/2012\/10\/DSC05686--200x200.jpg 200w\" sizes=\"auto, (max-width: 150px) 100vw, 150px\" \/><\/a> <a href=\"https:\/\/xn--judo-lbben-feb.de\/wp-content\/uploads\/2012\/10\/DSC05687-.jpg\"><img loading=\"lazy\" decoding=\"async\" class=\"alignnone size-thumbnail wp-image-8990\" src=\"https:\/\/xn--judo-lbben-feb.de\/wp-content\/uploads\/2012\/10\/DSC05687--150x150.jpg\" alt=\"DSC05687\" width=\"150\" height=\"150\" srcset=\"https:\/\/xn--judo-lbben-feb.de\/wp-content\/uploads\/2012\/10\/DSC05687--150x150.jpg 150w, https:\/\/xn--judo-lbben-feb.de\/wp-content\/uploads\/2012\/10\/DSC05687--80x80.jpg 80w, https:\/\/xn--judo-lbben-feb.de\/wp-content\/uploads\/2012\/10\/DSC05687--200x200.jpg 200w\" sizes=\"auto, (max-width: 150px) 100vw, 150px\" \/><\/a> <a href=\"https:\/\/xn--judo-lbben-feb.de\/wp-content\/uploads\/2012\/10\/DSC05688-.jpg\"><img loading=\"lazy\" decoding=\"async\" class=\"alignnone size-thumbnail wp-image-8991\" src=\"https:\/\/xn--judo-lbben-feb.de\/wp-content\/uploads\/2012\/10\/DSC05688--150x150.jpg\" alt=\"DSC05688\" width=\"150\" height=\"150\" srcset=\"https:\/\/xn--judo-lbben-feb.de\/wp-content\/uploads\/2012\/10\/DSC05688--150x150.jpg 150w, https:\/\/xn--judo-lbben-feb.de\/wp-content\/uploads\/2012\/10\/DSC05688--80x80.jpg 80w, https:\/\/xn--judo-lbben-feb.de\/wp-content\/uploads\/2012\/10\/DSC05688--200x200.jpg 200w\" sizes=\"auto, (max-width: 150px) 100vw, 150px\" \/><\/a> <a href=\"https:\/\/xn--judo-lbben-feb.de\/wp-content\/uploads\/2012\/10\/DSC05689-.jpg\"><img loading=\"lazy\" decoding=\"async\" class=\"alignnone size-thumbnail wp-image-8992\" src=\"https:\/\/xn--judo-lbben-feb.de\/wp-content\/uploads\/2012\/10\/DSC05689--150x150.jpg\" alt=\"DSC05689\" width=\"150\" height=\"150\" srcset=\"https:\/\/xn--judo-lbben-feb.de\/wp-content\/uploads\/2012\/10\/DSC05689--150x150.jpg 150w, https:\/\/xn--judo-lbben-feb.de\/wp-content\/uploads\/2012\/10\/DSC05689--80x80.jpg 80w, https:\/\/xn--judo-lbben-feb.de\/wp-content\/uploads\/2012\/10\/DSC05689--200x200.jpg 200w\" sizes=\"auto, (max-width: 150px) 100vw, 150px\" \/><\/a> <a href=\"https:\/\/xn--judo-lbben-feb.de\/wp-content\/uploads\/2012\/10\/DSC05690-.jpg\"><img loading=\"lazy\" decoding=\"async\" class=\"alignnone size-thumbnail wp-image-8993\" src=\"https:\/\/xn--judo-lbben-feb.de\/wp-content\/uploads\/2012\/10\/DSC05690--150x150.jpg\" alt=\"DSC05690\" width=\"150\" height=\"150\" srcset=\"https:\/\/xn--judo-lbben-feb.de\/wp-content\/uploads\/2012\/10\/DSC05690--150x150.jpg 150w, https:\/\/xn--judo-lbben-feb.de\/wp-content\/uploads\/2012\/10\/DSC05690--80x80.jpg 80w, https:\/\/xn--judo-lbben-feb.de\/wp-content\/uploads\/2012\/10\/DSC05690--200x200.jpg 200w\" sizes=\"auto, (max-width: 150px) 100vw, 150px\" \/><\/a> <a href=\"https:\/\/xn--judo-lbben-feb.de\/wp-content\/uploads\/2012\/10\/DSC05691-.jpg\"><img loading=\"lazy\" decoding=\"async\" class=\"alignnone size-thumbnail wp-image-8994\" src=\"https:\/\/xn--judo-lbben-feb.de\/wp-content\/uploads\/2012\/10\/DSC05691--150x150.jpg\" alt=\"DSC05691\" width=\"150\" height=\"150\" srcset=\"https:\/\/xn--judo-lbben-feb.de\/wp-content\/uploads\/2012\/10\/DSC05691--150x150.jpg 150w, https:\/\/xn--judo-lbben-feb.de\/wp-content\/uploads\/2012\/10\/DSC05691--80x80.jpg 80w, https:\/\/xn--judo-lbben-feb.de\/wp-content\/uploads\/2012\/10\/DSC05691--200x200.jpg 200w\" sizes=\"auto, (max-width: 150px) 100vw, 150px\" \/><\/a> <a href=\"https:\/\/xn--judo-lbben-feb.de\/wp-content\/uploads\/2012\/10\/DSC05692-.jpg\"><img loading=\"lazy\" decoding=\"async\" class=\"alignnone size-thumbnail wp-image-8995\" src=\"https:\/\/xn--judo-lbben-feb.de\/wp-content\/uploads\/2012\/10\/DSC05692--150x150.jpg\" alt=\"DSC05692\" width=\"150\" height=\"150\" srcset=\"https:\/\/xn--judo-lbben-feb.de\/wp-content\/uploads\/2012\/10\/DSC05692--150x150.jpg 150w, https:\/\/xn--judo-lbben-feb.de\/wp-content\/uploads\/2012\/10\/DSC05692--80x80.jpg 80w, https:\/\/xn--judo-lbben-feb.de\/wp-content\/uploads\/2012\/10\/DSC05692--200x200.jpg 200w\" sizes=\"auto, (max-width: 150px) 100vw, 150px\" \/><\/a> <a href=\"https:\/\/xn--judo-lbben-feb.de\/wp-content\/uploads\/2012\/10\/DSC05693-.jpg\"><img loading=\"lazy\" decoding=\"async\" class=\"alignnone size-thumbnail wp-image-8996\" src=\"https:\/\/xn--judo-lbben-feb.de\/wp-content\/uploads\/2012\/10\/DSC05693--150x150.jpg\" alt=\"DSC05693\" width=\"150\" height=\"150\" srcset=\"https:\/\/xn--judo-lbben-feb.de\/wp-content\/uploads\/2012\/10\/DSC05693--150x150.jpg 150w, https:\/\/xn--judo-lbben-feb.de\/wp-content\/uploads\/2012\/10\/DSC05693--80x80.jpg 80w, https:\/\/xn--judo-lbben-feb.de\/wp-content\/uploads\/2012\/10\/DSC05693--200x200.jpg 200w\" sizes=\"auto, (max-width: 150px) 100vw, 150px\" \/><\/a> <a href=\"https:\/\/xn--judo-lbben-feb.de\/wp-content\/uploads\/2012\/10\/DSC05694-.jpg\"><img loading=\"lazy\" decoding=\"async\" class=\"alignnone size-thumbnail wp-image-8997\" src=\"https:\/\/xn--judo-lbben-feb.de\/wp-content\/uploads\/2012\/10\/DSC05694--150x150.jpg\" alt=\"DSC05694\" width=\"150\" height=\"150\" srcset=\"https:\/\/xn--judo-lbben-feb.de\/wp-content\/uploads\/2012\/10\/DSC05694--150x150.jpg 150w, https:\/\/xn--judo-lbben-feb.de\/wp-content\/uploads\/2012\/10\/DSC05694--80x80.jpg 80w, https:\/\/xn--judo-lbben-feb.de\/wp-content\/uploads\/2012\/10\/DSC05694--200x200.jpg 200w\" sizes=\"auto, (max-width: 150px) 100vw, 150px\" \/><\/a> <a href=\"https:\/\/xn--judo-lbben-feb.de\/wp-content\/uploads\/2012\/10\/DSC05695-.jpg\"><img loading=\"lazy\" decoding=\"async\" class=\"alignnone size-thumbnail wp-image-8998\" src=\"https:\/\/xn--judo-lbben-feb.de\/wp-content\/uploads\/2012\/10\/DSC05695--150x150.jpg\" alt=\"DSC05695\" width=\"150\" height=\"150\" srcset=\"https:\/\/xn--judo-lbben-feb.de\/wp-content\/uploads\/2012\/10\/DSC05695--150x150.jpg 150w, https:\/\/xn--judo-lbben-feb.de\/wp-content\/uploads\/2012\/10\/DSC05695--80x80.jpg 80w, https:\/\/xn--judo-lbben-feb.de\/wp-content\/uploads\/2012\/10\/DSC05695--200x200.jpg 200w\" sizes=\"auto, (max-width: 150px) 100vw, 150px\" \/><\/a> <a href=\"https:\/\/xn--judo-lbben-feb.de\/wp-content\/uploads\/2012\/10\/DSC05696-.jpg\"><img loading=\"lazy\" decoding=\"async\" class=\"alignnone size-thumbnail wp-image-8999\" src=\"https:\/\/xn--judo-lbben-feb.de\/wp-content\/uploads\/2012\/10\/DSC05696--150x150.jpg\" alt=\"DSC05696\" width=\"150\" height=\"150\" srcset=\"https:\/\/xn--judo-lbben-feb.de\/wp-content\/uploads\/2012\/10\/DSC05696--150x150.jpg 150w, https:\/\/xn--judo-lbben-feb.de\/wp-content\/uploads\/2012\/10\/DSC05696--80x80.jpg 80w, https:\/\/xn--judo-lbben-feb.de\/wp-content\/uploads\/2012\/10\/DSC05696--200x200.jpg 200w\" sizes=\"auto, (max-width: 150px) 100vw, 150px\" \/><\/a> <a href=\"https:\/\/xn--judo-lbben-feb.de\/wp-content\/uploads\/2012\/10\/DSC05697-.jpg\"><img loading=\"lazy\" decoding=\"async\" class=\"alignnone size-thumbnail wp-image-9000\" src=\"https:\/\/xn--judo-lbben-feb.de\/wp-content\/uploads\/2012\/10\/DSC05697--150x150.jpg\" alt=\"DSC05697\" width=\"150\" height=\"150\" srcset=\"https:\/\/xn--judo-lbben-feb.de\/wp-content\/uploads\/2012\/10\/DSC05697--150x150.jpg 150w, https:\/\/xn--judo-lbben-feb.de\/wp-content\/uploads\/2012\/10\/DSC05697--80x80.jpg 80w, https:\/\/xn--judo-lbben-feb.de\/wp-content\/uploads\/2012\/10\/DSC05697--200x200.jpg 200w\" sizes=\"auto, (max-width: 150px) 100vw, 150px\" \/><\/a> <a href=\"https:\/\/xn--judo-lbben-feb.de\/wp-content\/uploads\/2012\/10\/DSC05698-.jpg\"><img loading=\"lazy\" decoding=\"async\" class=\"alignnone size-thumbnail wp-image-9001\" src=\"https:\/\/xn--judo-lbben-feb.de\/wp-content\/uploads\/2012\/10\/DSC05698--150x150.jpg\" alt=\"DSC05698\" width=\"150\" height=\"150\" srcset=\"https:\/\/xn--judo-lbben-feb.de\/wp-content\/uploads\/2012\/10\/DSC05698--150x150.jpg 150w, https:\/\/xn--judo-lbben-feb.de\/wp-content\/uploads\/2012\/10\/DSC05698--80x80.jpg 80w, https:\/\/xn--judo-lbben-feb.de\/wp-content\/uploads\/2012\/10\/DSC05698--200x200.jpg 200w\" sizes=\"auto, (max-width: 150px) 100vw, 150px\" \/><\/a> <a href=\"https:\/\/xn--judo-lbben-feb.de\/wp-content\/uploads\/2012\/10\/DSC05699-.jpg\"><img loading=\"lazy\" decoding=\"async\" class=\"alignnone size-thumbnail wp-image-9002\" src=\"https:\/\/xn--judo-lbben-feb.de\/wp-content\/uploads\/2012\/10\/DSC05699--150x150.jpg\" alt=\"DSC05699\" width=\"150\" height=\"150\" srcset=\"https:\/\/xn--judo-lbben-feb.de\/wp-content\/uploads\/2012\/10\/DSC05699--150x150.jpg 150w, https:\/\/xn--judo-lbben-feb.de\/wp-content\/uploads\/2012\/10\/DSC05699--80x80.jpg 80w, https:\/\/xn--judo-lbben-feb.de\/wp-content\/uploads\/2012\/10\/DSC05699--200x200.jpg 200w\" sizes=\"auto, (max-width: 150px) 100vw, 150px\" \/><\/a> <a href=\"https:\/\/xn--judo-lbben-feb.de\/wp-content\/uploads\/2012\/10\/DSC05700-.jpg\"><img loading=\"lazy\" decoding=\"async\" class=\"alignnone size-thumbnail wp-image-9003\" src=\"https:\/\/xn--judo-lbben-feb.de\/wp-content\/uploads\/2012\/10\/DSC05700--150x150.jpg\" alt=\"DSC05700\" width=\"150\" height=\"150\" srcset=\"https:\/\/xn--judo-lbben-feb.de\/wp-content\/uploads\/2012\/10\/DSC05700--150x150.jpg 150w, https:\/\/xn--judo-lbben-feb.de\/wp-content\/uploads\/2012\/10\/DSC05700--80x80.jpg 80w, https:\/\/xn--judo-lbben-feb.de\/wp-content\/uploads\/2012\/10\/DSC05700--200x200.jpg 200w\" sizes=\"auto, (max-width: 150px) 100vw, 150px\" \/><\/a> <a href=\"https:\/\/xn--judo-lbben-feb.de\/wp-content\/uploads\/2012\/10\/DSC05701-.jpg\"><img loading=\"lazy\" decoding=\"async\" class=\"alignnone size-thumbnail wp-image-9004\" src=\"https:\/\/xn--judo-lbben-feb.de\/wp-content\/uploads\/2012\/10\/DSC05701--150x150.jpg\" alt=\"DSC05701\" width=\"150\" height=\"150\" srcset=\"https:\/\/xn--judo-lbben-feb.de\/wp-content\/uploads\/2012\/10\/DSC05701--150x150.jpg 150w, https:\/\/xn--judo-lbben-feb.de\/wp-content\/uploads\/2012\/10\/DSC05701--80x80.jpg 80w, https:\/\/xn--judo-lbben-feb.de\/wp-content\/uploads\/2012\/10\/DSC05701--200x200.jpg 200w\" sizes=\"auto, (max-width: 150px) 100vw, 150px\" \/><\/a> <a href=\"https:\/\/xn--judo-lbben-feb.de\/wp-content\/uploads\/2012\/10\/DSC05702-.jpg\"><img loading=\"lazy\" decoding=\"async\" class=\"alignnone size-thumbnail wp-image-9005\" src=\"https:\/\/xn--judo-lbben-feb.de\/wp-content\/uploads\/2012\/10\/DSC05702--150x150.jpg\" alt=\"DSC05702\" width=\"150\" height=\"150\" srcset=\"https:\/\/xn--judo-lbben-feb.de\/wp-content\/uploads\/2012\/10\/DSC05702--150x150.jpg 150w, https:\/\/xn--judo-lbben-feb.de\/wp-content\/uploads\/2012\/10\/DSC05702--80x80.jpg 80w, https:\/\/xn--judo-lbben-feb.de\/wp-content\/uploads\/2012\/10\/DSC05702--200x200.jpg 200w\" sizes=\"auto, (max-width: 150px) 100vw, 150px\" \/><\/a> <a href=\"https:\/\/xn--judo-lbben-feb.de\/wp-content\/uploads\/2012\/10\/DSC05703-.jpg\"><img loading=\"lazy\" decoding=\"async\" class=\"alignnone size-thumbnail wp-image-9006\" src=\"https:\/\/xn--judo-lbben-feb.de\/wp-content\/uploads\/2012\/10\/DSC05703--150x150.jpg\" alt=\"DSC05703\" width=\"150\" height=\"150\" srcset=\"https:\/\/xn--judo-lbben-feb.de\/wp-content\/uploads\/2012\/10\/DSC05703--150x150.jpg 150w, https:\/\/xn--judo-lbben-feb.de\/wp-content\/uploads\/2012\/10\/DSC05703--80x80.jpg 80w, https:\/\/xn--judo-lbben-feb.de\/wp-content\/uploads\/2012\/10\/DSC05703--200x200.jpg 200w\" sizes=\"auto, (max-width: 150px) 100vw, 150px\" \/><\/a> <a href=\"https:\/\/xn--judo-lbben-feb.de\/wp-content\/uploads\/2012\/10\/DSC05704-.jpg\"><img loading=\"lazy\" decoding=\"async\" class=\"alignnone size-thumbnail wp-image-9007\" src=\"https:\/\/xn--judo-lbben-feb.de\/wp-content\/uploads\/2012\/10\/DSC05704--150x150.jpg\" alt=\"DSC05704\" width=\"150\" height=\"150\" srcset=\"https:\/\/xn--judo-lbben-feb.de\/wp-content\/uploads\/2012\/10\/DSC05704--150x150.jpg 150w, https:\/\/xn--judo-lbben-feb.de\/wp-content\/uploads\/2012\/10\/DSC05704--80x80.jpg 80w, https:\/\/xn--judo-lbben-feb.de\/wp-content\/uploads\/2012\/10\/DSC05704--200x200.jpg 200w\" sizes=\"auto, (max-width: 150px) 100vw, 150px\" \/><\/a> <a href=\"https:\/\/xn--judo-lbben-feb.de\/wp-content\/uploads\/2012\/10\/DSC05705-.jpg\"><img loading=\"lazy\" decoding=\"async\" class=\"alignnone size-thumbnail wp-image-9008\" src=\"https:\/\/xn--judo-lbben-feb.de\/wp-content\/uploads\/2012\/10\/DSC05705--150x150.jpg\" alt=\"DSC05705\" width=\"150\" height=\"150\" srcset=\"https:\/\/xn--judo-lbben-feb.de\/wp-content\/uploads\/2012\/10\/DSC05705--150x150.jpg 150w, https:\/\/xn--judo-lbben-feb.de\/wp-content\/uploads\/2012\/10\/DSC05705--80x80.jpg 80w, https:\/\/xn--judo-lbben-feb.de\/wp-content\/uploads\/2012\/10\/DSC05705--200x200.jpg 200w\" sizes=\"auto, (max-width: 150px) 100vw, 150px\" \/><\/a> <a href=\"https:\/\/xn--judo-lbben-feb.de\/wp-content\/uploads\/2012\/10\/DSC05706-.jpg\"><img loading=\"lazy\" decoding=\"async\" class=\"alignnone size-thumbnail wp-image-9009\" src=\"https:\/\/xn--judo-lbben-feb.de\/wp-content\/uploads\/2012\/10\/DSC05706--150x150.jpg\" alt=\"DSC05706\" width=\"150\" height=\"150\" srcset=\"https:\/\/xn--judo-lbben-feb.de\/wp-content\/uploads\/2012\/10\/DSC05706--150x150.jpg 150w, https:\/\/xn--judo-lbben-feb.de\/wp-content\/uploads\/2012\/10\/DSC05706--80x80.jpg 80w, https:\/\/xn--judo-lbben-feb.de\/wp-content\/uploads\/2012\/10\/DSC05706--200x200.jpg 200w\" sizes=\"auto, (max-width: 150px) 100vw, 150px\" \/><\/a> <a href=\"https:\/\/xn--judo-lbben-feb.de\/wp-content\/uploads\/2012\/10\/DSC05707-.jpg\"><img loading=\"lazy\" decoding=\"async\" class=\"alignnone size-thumbnail wp-image-9010\" src=\"https:\/\/xn--judo-lbben-feb.de\/wp-content\/uploads\/2012\/10\/DSC05707--150x150.jpg\" alt=\"DSC05707\" width=\"150\" height=\"150\" srcset=\"https:\/\/xn--judo-lbben-feb.de\/wp-content\/uploads\/2012\/10\/DSC05707--150x150.jpg 150w, https:\/\/xn--judo-lbben-feb.de\/wp-content\/uploads\/2012\/10\/DSC05707--80x80.jpg 80w, https:\/\/xn--judo-lbben-feb.de\/wp-content\/uploads\/2012\/10\/DSC05707--200x200.jpg 200w\" sizes=\"auto, (max-width: 150px) 100vw, 150px\" \/><\/a> <a href=\"https:\/\/xn--judo-lbben-feb.de\/wp-content\/uploads\/2012\/10\/DSC05708-.jpg\"><img loading=\"lazy\" decoding=\"async\" class=\"alignnone size-thumbnail wp-image-9011\" src=\"https:\/\/xn--judo-lbben-feb.de\/wp-content\/uploads\/2012\/10\/DSC05708--150x150.jpg\" alt=\"DSC05708\" width=\"150\" height=\"150\" srcset=\"https:\/\/xn--judo-lbben-feb.de\/wp-content\/uploads\/2012\/10\/DSC05708--150x150.jpg 150w, https:\/\/xn--judo-lbben-feb.de\/wp-content\/uploads\/2012\/10\/DSC05708--80x80.jpg 80w, https:\/\/xn--judo-lbben-feb.de\/wp-content\/uploads\/2012\/10\/DSC05708--200x200.jpg 200w\" sizes=\"auto, (max-width: 150px) 100vw, 150px\" \/><\/a> <a href=\"https:\/\/xn--judo-lbben-feb.de\/wp-content\/uploads\/2012\/10\/DSC05709-.jpg\"><img loading=\"lazy\" decoding=\"async\" class=\"alignnone size-thumbnail wp-image-9012\" src=\"https:\/\/xn--judo-lbben-feb.de\/wp-content\/uploads\/2012\/10\/DSC05709--150x150.jpg\" alt=\"DSC05709\" width=\"150\" height=\"150\" srcset=\"https:\/\/xn--judo-lbben-feb.de\/wp-content\/uploads\/2012\/10\/DSC05709--150x150.jpg 150w, https:\/\/xn--judo-lbben-feb.de\/wp-content\/uploads\/2012\/10\/DSC05709--80x80.jpg 80w, https:\/\/xn--judo-lbben-feb.de\/wp-content\/uploads\/2012\/10\/DSC05709--200x200.jpg 200w\" sizes=\"auto, (max-width: 150px) 100vw, 150px\" \/><\/a> <a href=\"https:\/\/xn--judo-lbben-feb.de\/wp-content\/uploads\/2012\/10\/DSC05710-.jpg\"><img loading=\"lazy\" decoding=\"async\" class=\"alignnone size-thumbnail wp-image-9013\" src=\"https:\/\/xn--judo-lbben-feb.de\/wp-content\/uploads\/2012\/10\/DSC05710--150x150.jpg\" alt=\"DSC05710\" width=\"150\" height=\"150\" srcset=\"https:\/\/xn--judo-lbben-feb.de\/wp-content\/uploads\/2012\/10\/DSC05710--150x150.jpg 150w, https:\/\/xn--judo-lbben-feb.de\/wp-content\/uploads\/2012\/10\/DSC05710--80x80.jpg 80w, https:\/\/xn--judo-lbben-feb.de\/wp-content\/uploads\/2012\/10\/DSC05710--200x200.jpg 200w\" sizes=\"auto, (max-width: 150px) 100vw, 150px\" \/><\/a> <a href=\"https:\/\/xn--judo-lbben-feb.de\/wp-content\/uploads\/2012\/10\/DSC05711-.jpg\"><img loading=\"lazy\" decoding=\"async\" class=\"alignnone size-thumbnail wp-image-9014\" src=\"https:\/\/xn--judo-lbben-feb.de\/wp-content\/uploads\/2012\/10\/DSC05711--150x150.jpg\" alt=\"DSC05711\" width=\"150\" height=\"150\" srcset=\"https:\/\/xn--judo-lbben-feb.de\/wp-content\/uploads\/2012\/10\/DSC05711--150x150.jpg 150w, https:\/\/xn--judo-lbben-feb.de\/wp-content\/uploads\/2012\/10\/DSC05711--80x80.jpg 80w, https:\/\/xn--judo-lbben-feb.de\/wp-content\/uploads\/2012\/10\/DSC05711--200x200.jpg 200w\" sizes=\"auto, (max-width: 150px) 100vw, 150px\" \/><\/a> <a href=\"https:\/\/xn--judo-lbben-feb.de\/wp-content\/uploads\/2012\/10\/DSC05712-.jpg\"><img loading=\"lazy\" decoding=\"async\" class=\"alignnone size-thumbnail wp-image-9015\" src=\"https:\/\/xn--judo-lbben-feb.de\/wp-content\/uploads\/2012\/10\/DSC05712--150x150.jpg\" alt=\"DSC05712\" width=\"150\" height=\"150\" srcset=\"https:\/\/xn--judo-lbben-feb.de\/wp-content\/uploads\/2012\/10\/DSC05712--150x150.jpg 150w, https:\/\/xn--judo-lbben-feb.de\/wp-content\/uploads\/2012\/10\/DSC05712--80x80.jpg 80w, https:\/\/xn--judo-lbben-feb.de\/wp-content\/uploads\/2012\/10\/DSC05712--200x200.jpg 200w\" sizes=\"auto, (max-width: 150px) 100vw, 150px\" \/><\/a> <a href=\"https:\/\/xn--judo-lbben-feb.de\/wp-content\/uploads\/2012\/10\/DSC05713-.jpg\"><img loading=\"lazy\" decoding=\"async\" class=\"alignnone size-thumbnail wp-image-9016\" src=\"https:\/\/xn--judo-lbben-feb.de\/wp-content\/uploads\/2012\/10\/DSC05713--150x150.jpg\" alt=\"DSC05713\" width=\"150\" height=\"150\" srcset=\"https:\/\/xn--judo-lbben-feb.de\/wp-content\/uploads\/2012\/10\/DSC05713--150x150.jpg 150w, https:\/\/xn--judo-lbben-feb.de\/wp-content\/uploads\/2012\/10\/DSC05713--80x80.jpg 80w, https:\/\/xn--judo-lbben-feb.de\/wp-content\/uploads\/2012\/10\/DSC05713--200x200.jpg 200w\" sizes=\"auto, (max-width: 150px) 100vw, 150px\" \/><\/a> <a href=\"https:\/\/xn--judo-lbben-feb.de\/wp-content\/uploads\/2012\/10\/DSC05714-.jpg\"><img loading=\"lazy\" decoding=\"async\" class=\"alignnone size-thumbnail wp-image-9017\" src=\"https:\/\/xn--judo-lbben-feb.de\/wp-content\/uploads\/2012\/10\/DSC05714--150x150.jpg\" alt=\"DSC05714\" width=\"150\" height=\"150\" srcset=\"https:\/\/xn--judo-lbben-feb.de\/wp-content\/uploads\/2012\/10\/DSC05714--150x150.jpg 150w, https:\/\/xn--judo-lbben-feb.de\/wp-content\/uploads\/2012\/10\/DSC05714--80x80.jpg 80w, https:\/\/xn--judo-lbben-feb.de\/wp-content\/uploads\/2012\/10\/DSC05714--200x200.jpg 200w\" sizes=\"auto, (max-width: 150px) 100vw, 150px\" \/><\/a> <a href=\"https:\/\/xn--judo-lbben-feb.de\/wp-content\/uploads\/2012\/10\/DSC05715-.jpg\"><img loading=\"lazy\" decoding=\"async\" class=\"alignnone size-thumbnail wp-image-9018\" src=\"https:\/\/xn--judo-lbben-feb.de\/wp-content\/uploads\/2012\/10\/DSC05715--150x150.jpg\" alt=\"DSC05715\" width=\"150\" height=\"150\" srcset=\"https:\/\/xn--judo-lbben-feb.de\/wp-content\/uploads\/2012\/10\/DSC05715--150x150.jpg 150w, https:\/\/xn--judo-lbben-feb.de\/wp-content\/uploads\/2012\/10\/DSC05715--80x80.jpg 80w, https:\/\/xn--judo-lbben-feb.de\/wp-content\/uploads\/2012\/10\/DSC05715--200x200.jpg 200w\" sizes=\"auto, (max-width: 150px) 100vw, 150px\" \/><\/a> <a href=\"https:\/\/xn--judo-lbben-feb.de\/wp-content\/uploads\/2012\/10\/DSC05716-.jpg\"><img loading=\"lazy\" decoding=\"async\" class=\"alignnone size-thumbnail wp-image-9019\" src=\"https:\/\/xn--judo-lbben-feb.de\/wp-content\/uploads\/2012\/10\/DSC05716--150x150.jpg\" alt=\"DSC05716\" width=\"150\" height=\"150\" srcset=\"https:\/\/xn--judo-lbben-feb.de\/wp-content\/uploads\/2012\/10\/DSC05716--150x150.jpg 150w, https:\/\/xn--judo-lbben-feb.de\/wp-content\/uploads\/2012\/10\/DSC05716--80x80.jpg 80w, https:\/\/xn--judo-lbben-feb.de\/wp-content\/uploads\/2012\/10\/DSC05716--200x200.jpg 200w\" sizes=\"auto, (max-width: 150px) 100vw, 150px\" \/><\/a> <a href=\"https:\/\/xn--judo-lbben-feb.de\/wp-content\/uploads\/2012\/10\/DSC05717-.jpg\"><img loading=\"lazy\" decoding=\"async\" class=\"alignnone size-thumbnail wp-image-9020\" src=\"https:\/\/xn--judo-lbben-feb.de\/wp-content\/uploads\/2012\/10\/DSC05717--150x150.jpg\" alt=\"DSC05717\" width=\"150\" height=\"150\" srcset=\"https:\/\/xn--judo-lbben-feb.de\/wp-content\/uploads\/2012\/10\/DSC05717--150x150.jpg 150w, https:\/\/xn--judo-lbben-feb.de\/wp-content\/uploads\/2012\/10\/DSC05717--80x80.jpg 80w, https:\/\/xn--judo-lbben-feb.de\/wp-content\/uploads\/2012\/10\/DSC05717--200x200.jpg 200w\" sizes=\"auto, (max-width: 150px) 100vw, 150px\" \/><\/a> <a href=\"https:\/\/xn--judo-lbben-feb.de\/wp-content\/uploads\/2012\/10\/DSC05718-.jpg\"><img loading=\"lazy\" decoding=\"async\" class=\"alignnone size-thumbnail wp-image-9021\" src=\"https:\/\/xn--judo-lbben-feb.de\/wp-content\/uploads\/2012\/10\/DSC05718--150x150.jpg\" alt=\"DSC05718\" width=\"150\" height=\"150\" srcset=\"https:\/\/xn--judo-lbben-feb.de\/wp-content\/uploads\/2012\/10\/DSC05718--150x150.jpg 150w, https:\/\/xn--judo-lbben-feb.de\/wp-content\/uploads\/2012\/10\/DSC05718--80x80.jpg 80w, https:\/\/xn--judo-lbben-feb.de\/wp-content\/uploads\/2012\/10\/DSC05718--200x200.jpg 200w\" sizes=\"auto, (max-width: 150px) 100vw, 150px\" \/><\/a> <a href=\"https:\/\/xn--judo-lbben-feb.de\/wp-content\/uploads\/2012\/10\/DSC05719-.jpg\"><img loading=\"lazy\" decoding=\"async\" class=\"alignnone size-thumbnail wp-image-9022\" src=\"https:\/\/xn--judo-lbben-feb.de\/wp-content\/uploads\/2012\/10\/DSC05719--150x150.jpg\" alt=\"DSC05719\" width=\"150\" height=\"150\" srcset=\"https:\/\/xn--judo-lbben-feb.de\/wp-content\/uploads\/2012\/10\/DSC05719--150x150.jpg 150w, https:\/\/xn--judo-lbben-feb.de\/wp-content\/uploads\/2012\/10\/DSC05719--80x80.jpg 80w, https:\/\/xn--judo-lbben-feb.de\/wp-content\/uploads\/2012\/10\/DSC05719--200x200.jpg 200w\" sizes=\"auto, (max-width: 150px) 100vw, 150px\" \/><\/a> <a href=\"https:\/\/xn--judo-lbben-feb.de\/wp-content\/uploads\/2012\/10\/DSC05720-.jpg\"><img loading=\"lazy\" decoding=\"async\" class=\"alignnone size-thumbnail wp-image-9023\" src=\"https:\/\/xn--judo-lbben-feb.de\/wp-content\/uploads\/2012\/10\/DSC05720--150x150.jpg\" alt=\"DSC05720\" width=\"150\" height=\"150\" srcset=\"https:\/\/xn--judo-lbben-feb.de\/wp-content\/uploads\/2012\/10\/DSC05720--150x150.jpg 150w, https:\/\/xn--judo-lbben-feb.de\/wp-content\/uploads\/2012\/10\/DSC05720--80x80.jpg 80w, https:\/\/xn--judo-lbben-feb.de\/wp-content\/uploads\/2012\/10\/DSC05720--200x200.jpg 200w\" sizes=\"auto, (max-width: 150px) 100vw, 150px\" \/><\/a> <a href=\"https:\/\/xn--judo-lbben-feb.de\/wp-content\/uploads\/2012\/10\/DSC05721-.jpg\"><img loading=\"lazy\" decoding=\"async\" class=\"alignnone size-thumbnail wp-image-9024\" src=\"https:\/\/xn--judo-lbben-feb.de\/wp-content\/uploads\/2012\/10\/DSC05721--150x150.jpg\" alt=\"DSC05721\" width=\"150\" height=\"150\" srcset=\"https:\/\/xn--judo-lbben-feb.de\/wp-content\/uploads\/2012\/10\/DSC05721--150x150.jpg 150w, https:\/\/xn--judo-lbben-feb.de\/wp-content\/uploads\/2012\/10\/DSC05721--80x80.jpg 80w, https:\/\/xn--judo-lbben-feb.de\/wp-content\/uploads\/2012\/10\/DSC05721--200x200.jpg 200w\" sizes=\"auto, (max-width: 150px) 100vw, 150px\" \/><\/a> <a href=\"https:\/\/xn--judo-lbben-feb.de\/wp-content\/uploads\/2012\/10\/DSC05722-.jpg\"><img loading=\"lazy\" decoding=\"async\" class=\"alignnone size-thumbnail wp-image-9025\" src=\"https:\/\/xn--judo-lbben-feb.de\/wp-content\/uploads\/2012\/10\/DSC05722--150x150.jpg\" alt=\"DSC05722\" width=\"150\" height=\"150\" srcset=\"https:\/\/xn--judo-lbben-feb.de\/wp-content\/uploads\/2012\/10\/DSC05722--150x150.jpg 150w, https:\/\/xn--judo-lbben-feb.de\/wp-content\/uploads\/2012\/10\/DSC05722--80x80.jpg 80w, https:\/\/xn--judo-lbben-feb.de\/wp-content\/uploads\/2012\/10\/DSC05722--200x200.jpg 200w\" sizes=\"auto, (max-width: 150px) 100vw, 150px\" \/><\/a> <a href=\"https:\/\/xn--judo-lbben-feb.de\/wp-content\/uploads\/2012\/10\/DSC05723-.jpg\"><img loading=\"lazy\" decoding=\"async\" class=\"alignnone size-thumbnail wp-image-9026\" src=\"https:\/\/xn--judo-lbben-feb.de\/wp-content\/uploads\/2012\/10\/DSC05723--150x150.jpg\" alt=\"DSC05723\" width=\"150\" height=\"150\" srcset=\"https:\/\/xn--judo-lbben-feb.de\/wp-content\/uploads\/2012\/10\/DSC05723--150x150.jpg 150w, https:\/\/xn--judo-lbben-feb.de\/wp-content\/uploads\/2012\/10\/DSC05723--80x80.jpg 80w, https:\/\/xn--judo-lbben-feb.de\/wp-content\/uploads\/2012\/10\/DSC05723--200x200.jpg 200w\" sizes=\"auto, (max-width: 150px) 100vw, 150px\" \/><\/a> <a href=\"https:\/\/xn--judo-lbben-feb.de\/wp-content\/uploads\/2012\/10\/DSC05724-.jpg\"><img loading=\"lazy\" decoding=\"async\" class=\"alignnone size-thumbnail wp-image-9027\" src=\"https:\/\/xn--judo-lbben-feb.de\/wp-content\/uploads\/2012\/10\/DSC05724--150x150.jpg\" alt=\"DSC05724\" width=\"150\" height=\"150\" srcset=\"https:\/\/xn--judo-lbben-feb.de\/wp-content\/uploads\/2012\/10\/DSC05724--150x150.jpg 150w, https:\/\/xn--judo-lbben-feb.de\/wp-content\/uploads\/2012\/10\/DSC05724--80x80.jpg 80w, https:\/\/xn--judo-lbben-feb.de\/wp-content\/uploads\/2012\/10\/DSC05724--200x200.jpg 200w\" sizes=\"auto, (max-width: 150px) 100vw, 150px\" \/><\/a> <a href=\"https:\/\/xn--judo-lbben-feb.de\/wp-content\/uploads\/2012\/10\/DSC05725-.jpg\"><img loading=\"lazy\" decoding=\"async\" class=\"alignnone size-thumbnail wp-image-9028\" src=\"https:\/\/xn--judo-lbben-feb.de\/wp-content\/uploads\/2012\/10\/DSC05725--150x150.jpg\" alt=\"DSC05725\" width=\"150\" height=\"150\" srcset=\"https:\/\/xn--judo-lbben-feb.de\/wp-content\/uploads\/2012\/10\/DSC05725--150x150.jpg 150w, https:\/\/xn--judo-lbben-feb.de\/wp-content\/uploads\/2012\/10\/DSC05725--80x80.jpg 80w, https:\/\/xn--judo-lbben-feb.de\/wp-content\/uploads\/2012\/10\/DSC05725--200x200.jpg 200w\" sizes=\"auto, (max-width: 150px) 100vw, 150px\" \/><\/a> <a href=\"https:\/\/xn--judo-lbben-feb.de\/wp-content\/uploads\/2012\/10\/DSC05726-.jpg\"><img loading=\"lazy\" decoding=\"async\" class=\"alignnone size-thumbnail wp-image-9029\" src=\"https:\/\/xn--judo-lbben-feb.de\/wp-content\/uploads\/2012\/10\/DSC05726--150x150.jpg\" alt=\"DSC05726\" width=\"150\" height=\"150\" srcset=\"https:\/\/xn--judo-lbben-feb.de\/wp-content\/uploads\/2012\/10\/DSC05726--150x150.jpg 150w, https:\/\/xn--judo-lbben-feb.de\/wp-content\/uploads\/2012\/10\/DSC05726--80x80.jpg 80w, https:\/\/xn--judo-lbben-feb.de\/wp-content\/uploads\/2012\/10\/DSC05726--200x200.jpg 200w\" sizes=\"auto, (max-width: 150px) 100vw, 150px\" \/><\/a> <a href=\"https:\/\/xn--judo-lbben-feb.de\/wp-content\/uploads\/2012\/10\/DSC05727-.jpg\"><img loading=\"lazy\" decoding=\"async\" class=\"alignnone size-thumbnail wp-image-9030\" src=\"https:\/\/xn--judo-lbben-feb.de\/wp-content\/uploads\/2012\/10\/DSC05727--150x150.jpg\" alt=\"DSC05727\" width=\"150\" height=\"150\" srcset=\"https:\/\/xn--judo-lbben-feb.de\/wp-content\/uploads\/2012\/10\/DSC05727--150x150.jpg 150w, https:\/\/xn--judo-lbben-feb.de\/wp-content\/uploads\/2012\/10\/DSC05727--80x80.jpg 80w, https:\/\/xn--judo-lbben-feb.de\/wp-content\/uploads\/2012\/10\/DSC05727--200x200.jpg 200w\" sizes=\"auto, (max-width: 150px) 100vw, 150px\" \/><\/a> <a href=\"https:\/\/xn--judo-lbben-feb.de\/wp-content\/uploads\/2012\/10\/DSC05728-.jpg\"><img loading=\"lazy\" decoding=\"async\" class=\"alignnone size-thumbnail wp-image-9031\" src=\"https:\/\/xn--judo-lbben-feb.de\/wp-content\/uploads\/2012\/10\/DSC05728--150x150.jpg\" alt=\"DSC05728\" width=\"150\" height=\"150\" srcset=\"https:\/\/xn--judo-lbben-feb.de\/wp-content\/uploads\/2012\/10\/DSC05728--150x150.jpg 150w, https:\/\/xn--judo-lbben-feb.de\/wp-content\/uploads\/2012\/10\/DSC05728--80x80.jpg 80w, https:\/\/xn--judo-lbben-feb.de\/wp-content\/uploads\/2012\/10\/DSC05728--200x200.jpg 200w\" sizes=\"auto, (max-width: 150px) 100vw, 150px\" \/><\/a> <a href=\"https:\/\/xn--judo-lbben-feb.de\/wp-content\/uploads\/2012\/10\/DSC05729-.jpg\"><img loading=\"lazy\" decoding=\"async\" class=\"alignnone size-thumbnail wp-image-9032\" src=\"https:\/\/xn--judo-lbben-feb.de\/wp-content\/uploads\/2012\/10\/DSC05729--150x150.jpg\" alt=\"DSC05729\" width=\"150\" height=\"150\" srcset=\"https:\/\/xn--judo-lbben-feb.de\/wp-content\/uploads\/2012\/10\/DSC05729--150x150.jpg 150w, https:\/\/xn--judo-lbben-feb.de\/wp-content\/uploads\/2012\/10\/DSC05729--80x80.jpg 80w, https:\/\/xn--judo-lbben-feb.de\/wp-content\/uploads\/2012\/10\/DSC05729--200x200.jpg 200w\" sizes=\"auto, (max-width: 150px) 100vw, 150px\" \/><\/a> <a href=\"https:\/\/xn--judo-lbben-feb.de\/wp-content\/uploads\/2012\/10\/DSC05730-.jpg\"><img loading=\"lazy\" decoding=\"async\" class=\"alignnone size-thumbnail wp-image-9033\" src=\"https:\/\/xn--judo-lbben-feb.de\/wp-content\/uploads\/2012\/10\/DSC05730--150x150.jpg\" alt=\"DSC05730\" width=\"150\" height=\"150\" srcset=\"https:\/\/xn--judo-lbben-feb.de\/wp-content\/uploads\/2012\/10\/DSC05730--150x150.jpg 150w, https:\/\/xn--judo-lbben-feb.de\/wp-content\/uploads\/2012\/10\/DSC05730--80x80.jpg 80w, https:\/\/xn--judo-lbben-feb.de\/wp-content\/uploads\/2012\/10\/DSC05730--200x200.jpg 200w\" sizes=\"auto, (max-width: 150px) 100vw, 150px\" \/><\/a> <a href=\"https:\/\/xn--judo-lbben-feb.de\/wp-content\/uploads\/2012\/10\/DSC05731-.jpg\"><img loading=\"lazy\" decoding=\"async\" class=\"alignnone size-thumbnail wp-image-9034\" src=\"https:\/\/xn--judo-lbben-feb.de\/wp-content\/uploads\/2012\/10\/DSC05731--150x150.jpg\" alt=\"DSC05731\" width=\"150\" height=\"150\" srcset=\"https:\/\/xn--judo-lbben-feb.de\/wp-content\/uploads\/2012\/10\/DSC05731--150x150.jpg 150w, https:\/\/xn--judo-lbben-feb.de\/wp-content\/uploads\/2012\/10\/DSC05731--80x80.jpg 80w, https:\/\/xn--judo-lbben-feb.de\/wp-content\/uploads\/2012\/10\/DSC05731--200x200.jpg 200w\" sizes=\"auto, (max-width: 150px) 100vw, 150px\" \/><\/a> <a href=\"https:\/\/xn--judo-lbben-feb.de\/wp-content\/uploads\/2012\/10\/DSC05732-.jpg\"><img loading=\"lazy\" decoding=\"async\" class=\"alignnone size-thumbnail wp-image-9035\" src=\"https:\/\/xn--judo-lbben-feb.de\/wp-content\/uploads\/2012\/10\/DSC05732--150x150.jpg\" alt=\"DSC05732\" width=\"150\" height=\"150\" srcset=\"https:\/\/xn--judo-lbben-feb.de\/wp-content\/uploads\/2012\/10\/DSC05732--150x150.jpg 150w, https:\/\/xn--judo-lbben-feb.de\/wp-content\/uploads\/2012\/10\/DSC05732--80x80.jpg 80w, https:\/\/xn--judo-lbben-feb.de\/wp-content\/uploads\/2012\/10\/DSC05732--200x200.jpg 200w\" sizes=\"auto, (max-width: 150px) 100vw, 150px\" \/><\/a> <a href=\"https:\/\/xn--judo-lbben-feb.de\/wp-content\/uploads\/2012\/10\/DSC05733-.jpg\"><img loading=\"lazy\" decoding=\"async\" class=\"alignnone size-thumbnail wp-image-9036\" src=\"https:\/\/xn--judo-lbben-feb.de\/wp-content\/uploads\/2012\/10\/DSC05733--150x150.jpg\" alt=\"DSC05733\" width=\"150\" height=\"150\" srcset=\"https:\/\/xn--judo-lbben-feb.de\/wp-content\/uploads\/2012\/10\/DSC05733--150x150.jpg 150w, https:\/\/xn--judo-lbben-feb.de\/wp-content\/uploads\/2012\/10\/DSC05733--80x80.jpg 80w, https:\/\/xn--judo-lbben-feb.de\/wp-content\/uploads\/2012\/10\/DSC05733--200x200.jpg 200w\" sizes=\"auto, (max-width: 150px) 100vw, 150px\" \/><\/a> <a href=\"https:\/\/xn--judo-lbben-feb.de\/wp-content\/uploads\/2012\/10\/DSC05734-.jpg\"><img loading=\"lazy\" decoding=\"async\" class=\"alignnone size-thumbnail wp-image-9037\" src=\"https:\/\/xn--judo-lbben-feb.de\/wp-content\/uploads\/2012\/10\/DSC05734--150x150.jpg\" alt=\"DSC05734\" width=\"150\" height=\"150\" srcset=\"https:\/\/xn--judo-lbben-feb.de\/wp-content\/uploads\/2012\/10\/DSC05734--150x150.jpg 150w, https:\/\/xn--judo-lbben-feb.de\/wp-content\/uploads\/2012\/10\/DSC05734--80x80.jpg 80w, https:\/\/xn--judo-lbben-feb.de\/wp-content\/uploads\/2012\/10\/DSC05734--200x200.jpg 200w\" sizes=\"auto, (max-width: 150px) 100vw, 150px\" \/><\/a> <a href=\"https:\/\/xn--judo-lbben-feb.de\/wp-content\/uploads\/2012\/10\/DSC05735-.jpg\"><img loading=\"lazy\" decoding=\"async\" class=\"alignnone size-thumbnail wp-image-9038\" src=\"https:\/\/xn--judo-lbben-feb.de\/wp-content\/uploads\/2012\/10\/DSC05735--150x150.jpg\" alt=\"DSC05735\" width=\"150\" height=\"150\" srcset=\"https:\/\/xn--judo-lbben-feb.de\/wp-content\/uploads\/2012\/10\/DSC05735--150x150.jpg 150w, https:\/\/xn--judo-lbben-feb.de\/wp-content\/uploads\/2012\/10\/DSC05735--80x80.jpg 80w, https:\/\/xn--judo-lbben-feb.de\/wp-content\/uploads\/2012\/10\/DSC05735--200x200.jpg 200w\" sizes=\"auto, (max-width: 150px) 100vw, 150px\" \/><\/a> <a href=\"https:\/\/xn--judo-lbben-feb.de\/wp-content\/uploads\/2012\/10\/DSC05736-.jpg\"><img loading=\"lazy\" decoding=\"async\" class=\"alignnone size-thumbnail wp-image-9039\" src=\"https:\/\/xn--judo-lbben-feb.de\/wp-content\/uploads\/2012\/10\/DSC05736--150x150.jpg\" alt=\"DSC05736\" width=\"150\" height=\"150\" srcset=\"https:\/\/xn--judo-lbben-feb.de\/wp-content\/uploads\/2012\/10\/DSC05736--150x150.jpg 150w, https:\/\/xn--judo-lbben-feb.de\/wp-content\/uploads\/2012\/10\/DSC05736--80x80.jpg 80w, https:\/\/xn--judo-lbben-feb.de\/wp-content\/uploads\/2012\/10\/DSC05736--200x200.jpg 200w\" sizes=\"auto, (max-width: 150px) 100vw, 150px\" \/><\/a> <a href=\"https:\/\/xn--judo-lbben-feb.de\/wp-content\/uploads\/2012\/10\/DSC05737-.jpg\"><img loading=\"lazy\" decoding=\"async\" class=\"alignnone size-thumbnail wp-image-9040\" src=\"https:\/\/xn--judo-lbben-feb.de\/wp-content\/uploads\/2012\/10\/DSC05737--150x150.jpg\" alt=\"DSC05737\" width=\"150\" height=\"150\" srcset=\"https:\/\/xn--judo-lbben-feb.de\/wp-content\/uploads\/2012\/10\/DSC05737--150x150.jpg 150w, https:\/\/xn--judo-lbben-feb.de\/wp-content\/uploads\/2012\/10\/DSC05737--80x80.jpg 80w, https:\/\/xn--judo-lbben-feb.de\/wp-content\/uploads\/2012\/10\/DSC05737--200x200.jpg 200w\" sizes=\"auto, (max-width: 150px) 100vw, 150px\" \/><\/a> <a href=\"https:\/\/xn--judo-lbben-feb.de\/wp-content\/uploads\/2012\/10\/DSC05738-.jpg\"><img loading=\"lazy\" decoding=\"async\" class=\"alignnone size-thumbnail wp-image-9041\" src=\"https:\/\/xn--judo-lbben-feb.de\/wp-content\/uploads\/2012\/10\/DSC05738--150x150.jpg\" alt=\"DSC05738\" width=\"150\" height=\"150\" srcset=\"https:\/\/xn--judo-lbben-feb.de\/wp-content\/uploads\/2012\/10\/DSC05738--150x150.jpg 150w, https:\/\/xn--judo-lbben-feb.de\/wp-content\/uploads\/2012\/10\/DSC05738--80x80.jpg 80w, https:\/\/xn--judo-lbben-feb.de\/wp-content\/uploads\/2012\/10\/DSC05738--200x200.jpg 200w\" sizes=\"auto, (max-width: 150px) 100vw, 150px\" \/><\/a> <a href=\"https:\/\/xn--judo-lbben-feb.de\/wp-content\/uploads\/2012\/10\/DSC05739-.jpg\"><img loading=\"lazy\" decoding=\"async\" class=\"alignnone size-thumbnail wp-image-9042\" src=\"https:\/\/xn--judo-lbben-feb.de\/wp-content\/uploads\/2012\/10\/DSC05739--150x150.jpg\" alt=\"DSC05739\" width=\"150\" height=\"150\" srcset=\"https:\/\/xn--judo-lbben-feb.de\/wp-content\/uploads\/2012\/10\/DSC05739--150x150.jpg 150w, https:\/\/xn--judo-lbben-feb.de\/wp-content\/uploads\/2012\/10\/DSC05739--80x80.jpg 80w, https:\/\/xn--judo-lbben-feb.de\/wp-content\/uploads\/2012\/10\/DSC05739--200x200.jpg 200w\" sizes=\"auto, (max-width: 150px) 100vw, 150px\" \/><\/a> <a href=\"https:\/\/xn--judo-lbben-feb.de\/wp-content\/uploads\/2012\/10\/DSC05740-.jpg\"><img loading=\"lazy\" decoding=\"async\" class=\"alignnone size-thumbnail wp-image-9043\" src=\"https:\/\/xn--judo-lbben-feb.de\/wp-content\/uploads\/2012\/10\/DSC05740--150x150.jpg\" alt=\"DSC05740\" width=\"150\" height=\"150\" srcset=\"https:\/\/xn--judo-lbben-feb.de\/wp-content\/uploads\/2012\/10\/DSC05740--150x150.jpg 150w, https:\/\/xn--judo-lbben-feb.de\/wp-content\/uploads\/2012\/10\/DSC05740--80x80.jpg 80w, https:\/\/xn--judo-lbben-feb.de\/wp-content\/uploads\/2012\/10\/DSC05740--200x200.jpg 200w\" sizes=\"auto, (max-width: 150px) 100vw, 150px\" \/><\/a> <a href=\"https:\/\/xn--judo-lbben-feb.de\/wp-content\/uploads\/2012\/10\/DSC05741-.jpg\"><img loading=\"lazy\" decoding=\"async\" class=\"alignnone size-thumbnail wp-image-9044\" src=\"https:\/\/xn--judo-lbben-feb.de\/wp-content\/uploads\/2012\/10\/DSC05741--150x150.jpg\" alt=\"DSC05741\" width=\"150\" height=\"150\" srcset=\"https:\/\/xn--judo-lbben-feb.de\/wp-content\/uploads\/2012\/10\/DSC05741--150x150.jpg 150w, https:\/\/xn--judo-lbben-feb.de\/wp-content\/uploads\/2012\/10\/DSC05741--80x80.jpg 80w, https:\/\/xn--judo-lbben-feb.de\/wp-content\/uploads\/2012\/10\/DSC05741--200x200.jpg 200w\" sizes=\"auto, (max-width: 150px) 100vw, 150px\" \/><\/a> <a href=\"https:\/\/xn--judo-lbben-feb.de\/wp-content\/uploads\/2012\/10\/DSC05742-.jpg\"><img loading=\"lazy\" decoding=\"async\" class=\"alignnone size-thumbnail wp-image-9045\" src=\"https:\/\/xn--judo-lbben-feb.de\/wp-content\/uploads\/2012\/10\/DSC05742--150x150.jpg\" alt=\"DSC05742\" width=\"150\" height=\"150\" srcset=\"https:\/\/xn--judo-lbben-feb.de\/wp-content\/uploads\/2012\/10\/DSC05742--150x150.jpg 150w, https:\/\/xn--judo-lbben-feb.de\/wp-content\/uploads\/2012\/10\/DSC05742--80x80.jpg 80w, https:\/\/xn--judo-lbben-feb.de\/wp-content\/uploads\/2012\/10\/DSC05742--200x200.jpg 200w\" sizes=\"auto, (max-width: 150px) 100vw, 150px\" \/><\/a> <a href=\"https:\/\/xn--judo-lbben-feb.de\/wp-content\/uploads\/2012\/10\/DSC05743-.jpg\"><img loading=\"lazy\" decoding=\"async\" class=\"alignnone size-thumbnail wp-image-9046\" src=\"https:\/\/xn--judo-lbben-feb.de\/wp-content\/uploads\/2012\/10\/DSC05743--150x150.jpg\" alt=\"DSC05743\" width=\"150\" height=\"150\" srcset=\"https:\/\/xn--judo-lbben-feb.de\/wp-content\/uploads\/2012\/10\/DSC05743--150x150.jpg 150w, https:\/\/xn--judo-lbben-feb.de\/wp-content\/uploads\/2012\/10\/DSC05743--80x80.jpg 80w, https:\/\/xn--judo-lbben-feb.de\/wp-content\/uploads\/2012\/10\/DSC05743--200x200.jpg 200w\" sizes=\"auto, (max-width: 150px) 100vw, 150px\" \/><\/a> <a href=\"https:\/\/xn--judo-lbben-feb.de\/wp-content\/uploads\/2012\/10\/DSC05745-.jpg\"><img loading=\"lazy\" decoding=\"async\" class=\"alignnone size-thumbnail wp-image-9047\" src=\"https:\/\/xn--judo-lbben-feb.de\/wp-content\/uploads\/2012\/10\/DSC05745--150x150.jpg\" alt=\"DSC05745\" width=\"150\" height=\"150\" srcset=\"https:\/\/xn--judo-lbben-feb.de\/wp-content\/uploads\/2012\/10\/DSC05745--150x150.jpg 150w, https:\/\/xn--judo-lbben-feb.de\/wp-content\/uploads\/2012\/10\/DSC05745--80x80.jpg 80w, https:\/\/xn--judo-lbben-feb.de\/wp-content\/uploads\/2012\/10\/DSC05745--200x200.jpg 200w\" sizes=\"auto, (max-width: 150px) 100vw, 150px\" \/><\/a> <a href=\"https:\/\/xn--judo-lbben-feb.de\/wp-content\/uploads\/2012\/10\/DSC05746-.jpg\"><img loading=\"lazy\" decoding=\"async\" class=\"alignnone size-thumbnail wp-image-9048\" src=\"https:\/\/xn--judo-lbben-feb.de\/wp-content\/uploads\/2012\/10\/DSC05746--150x150.jpg\" alt=\"DSC05746\" width=\"150\" height=\"150\" srcset=\"https:\/\/xn--judo-lbben-feb.de\/wp-content\/uploads\/2012\/10\/DSC05746--150x150.jpg 150w, https:\/\/xn--judo-lbben-feb.de\/wp-content\/uploads\/2012\/10\/DSC05746--80x80.jpg 80w, https:\/\/xn--judo-lbben-feb.de\/wp-content\/uploads\/2012\/10\/DSC05746--200x200.jpg 200w\" sizes=\"auto, (max-width: 150px) 100vw, 150px\" \/><\/a> <a href=\"https:\/\/xn--judo-lbben-feb.de\/wp-content\/uploads\/2012\/10\/DSC05747-.jpg\"><img loading=\"lazy\" decoding=\"async\" class=\"alignnone size-thumbnail wp-image-9049\" src=\"https:\/\/xn--judo-lbben-feb.de\/wp-content\/uploads\/2012\/10\/DSC05747--150x150.jpg\" alt=\"DSC05747\" width=\"150\" height=\"150\" srcset=\"https:\/\/xn--judo-lbben-feb.de\/wp-content\/uploads\/2012\/10\/DSC05747--150x150.jpg 150w, https:\/\/xn--judo-lbben-feb.de\/wp-content\/uploads\/2012\/10\/DSC05747--80x80.jpg 80w, https:\/\/xn--judo-lbben-feb.de\/wp-content\/uploads\/2012\/10\/DSC05747--200x200.jpg 200w\" sizes=\"auto, (max-width: 150px) 100vw, 150px\" \/><\/a> <a href=\"https:\/\/xn--judo-lbben-feb.de\/wp-content\/uploads\/2012\/10\/DSC05748-.jpg\"><img loading=\"lazy\" decoding=\"async\" class=\"alignnone size-thumbnail wp-image-9050\" src=\"https:\/\/xn--judo-lbben-feb.de\/wp-content\/uploads\/2012\/10\/DSC05748--150x150.jpg\" alt=\"DSC05748\" width=\"150\" height=\"150\" srcset=\"https:\/\/xn--judo-lbben-feb.de\/wp-content\/uploads\/2012\/10\/DSC05748--150x150.jpg 150w, https:\/\/xn--judo-lbben-feb.de\/wp-content\/uploads\/2012\/10\/DSC05748--80x80.jpg 80w, https:\/\/xn--judo-lbben-feb.de\/wp-content\/uploads\/2012\/10\/DSC05748--200x200.jpg 200w\" sizes=\"auto, (max-width: 150px) 100vw, 150px\" \/><\/a> <a href=\"https:\/\/xn--judo-lbben-feb.de\/wp-content\/uploads\/2012\/10\/DSC05749-.jpg\"><img loading=\"lazy\" decoding=\"async\" class=\"alignnone size-thumbnail wp-image-9051\" src=\"https:\/\/xn--judo-lbben-feb.de\/wp-content\/uploads\/2012\/10\/DSC05749--150x150.jpg\" alt=\"DSC05749\" width=\"150\" height=\"150\" srcset=\"https:\/\/xn--judo-lbben-feb.de\/wp-content\/uploads\/2012\/10\/DSC05749--150x150.jpg 150w, https:\/\/xn--judo-lbben-feb.de\/wp-content\/uploads\/2012\/10\/DSC05749--80x80.jpg 80w, https:\/\/xn--judo-lbben-feb.de\/wp-content\/uploads\/2012\/10\/DSC05749--200x200.jpg 200w\" sizes=\"auto, (max-width: 150px) 100vw, 150px\" \/><\/a> <a href=\"https:\/\/xn--judo-lbben-feb.de\/wp-content\/uploads\/2012\/10\/DSC05750-.jpg\"><img loading=\"lazy\" decoding=\"async\" class=\"alignnone size-thumbnail wp-image-9052\" src=\"https:\/\/xn--judo-lbben-feb.de\/wp-content\/uploads\/2012\/10\/DSC05750--150x150.jpg\" alt=\"DSC05750\" width=\"150\" height=\"150\" srcset=\"https:\/\/xn--judo-lbben-feb.de\/wp-content\/uploads\/2012\/10\/DSC05750--150x150.jpg 150w, https:\/\/xn--judo-lbben-feb.de\/wp-content\/uploads\/2012\/10\/DSC05750--80x80.jpg 80w, https:\/\/xn--judo-lbben-feb.de\/wp-content\/uploads\/2012\/10\/DSC05750--200x200.jpg 200w\" sizes=\"auto, (max-width: 150px) 100vw, 150px\" \/><\/a> <a href=\"https:\/\/xn--judo-lbben-feb.de\/wp-content\/uploads\/2012\/10\/DSC05751-.jpg\"><img loading=\"lazy\" decoding=\"async\" class=\"alignnone size-thumbnail wp-image-9053\" src=\"https:\/\/xn--judo-lbben-feb.de\/wp-content\/uploads\/2012\/10\/DSC05751--150x150.jpg\" alt=\"DSC05751\" width=\"150\" height=\"150\" srcset=\"https:\/\/xn--judo-lbben-feb.de\/wp-content\/uploads\/2012\/10\/DSC05751--150x150.jpg 150w, https:\/\/xn--judo-lbben-feb.de\/wp-content\/uploads\/2012\/10\/DSC05751--80x80.jpg 80w, https:\/\/xn--judo-lbben-feb.de\/wp-content\/uploads\/2012\/10\/DSC05751--200x200.jpg 200w\" sizes=\"auto, (max-width: 150px) 100vw, 150px\" \/><\/a> <a href=\"https:\/\/xn--judo-lbben-feb.de\/wp-content\/uploads\/2012\/10\/DSC05752-.jpg\"><img loading=\"lazy\" decoding=\"async\" class=\"alignnone size-thumbnail wp-image-9054\" src=\"https:\/\/xn--judo-lbben-feb.de\/wp-content\/uploads\/2012\/10\/DSC05752--150x150.jpg\" alt=\"DSC05752\" width=\"150\" height=\"150\" srcset=\"https:\/\/xn--judo-lbben-feb.de\/wp-content\/uploads\/2012\/10\/DSC05752--150x150.jpg 150w, https:\/\/xn--judo-lbben-feb.de\/wp-content\/uploads\/2012\/10\/DSC05752--80x80.jpg 80w, https:\/\/xn--judo-lbben-feb.de\/wp-content\/uploads\/2012\/10\/DSC05752--200x200.jpg 200w\" sizes=\"auto, (max-width: 150px) 100vw, 150px\" \/><\/a> <a href=\"https:\/\/xn--judo-lbben-feb.de\/wp-content\/uploads\/2012\/10\/DSC05753-.jpg\"><img loading=\"lazy\" decoding=\"async\" class=\"alignnone size-thumbnail wp-image-9055\" src=\"https:\/\/xn--judo-lbben-feb.de\/wp-content\/uploads\/2012\/10\/DSC05753--150x150.jpg\" alt=\"DSC05753\" width=\"150\" height=\"150\" srcset=\"https:\/\/xn--judo-lbben-feb.de\/wp-content\/uploads\/2012\/10\/DSC05753--150x150.jpg 150w, https:\/\/xn--judo-lbben-feb.de\/wp-content\/uploads\/2012\/10\/DSC05753--80x80.jpg 80w, https:\/\/xn--judo-lbben-feb.de\/wp-content\/uploads\/2012\/10\/DSC05753--200x200.jpg 200w\" sizes=\"auto, (max-width: 150px) 100vw, 150px\" \/><\/a> <a href=\"https:\/\/xn--judo-lbben-feb.de\/wp-content\/uploads\/2012\/10\/DSC05754-.jpg\"><img loading=\"lazy\" decoding=\"async\" class=\"alignnone size-thumbnail wp-image-9056\" src=\"https:\/\/xn--judo-lbben-feb.de\/wp-content\/uploads\/2012\/10\/DSC05754--150x150.jpg\" alt=\"DSC05754\" width=\"150\" height=\"150\" srcset=\"https:\/\/xn--judo-lbben-feb.de\/wp-content\/uploads\/2012\/10\/DSC05754--150x150.jpg 150w, https:\/\/xn--judo-lbben-feb.de\/wp-content\/uploads\/2012\/10\/DSC05754--80x80.jpg 80w, https:\/\/xn--judo-lbben-feb.de\/wp-content\/uploads\/2012\/10\/DSC05754--200x200.jpg 200w\" sizes=\"auto, (max-width: 150px) 100vw, 150px\" \/><\/a> <a href=\"https:\/\/xn--judo-lbben-feb.de\/wp-content\/uploads\/2012\/10\/DSC05755-.jpg\"><img loading=\"lazy\" decoding=\"async\" class=\"alignnone size-thumbnail wp-image-9057\" src=\"https:\/\/xn--judo-lbben-feb.de\/wp-content\/uploads\/2012\/10\/DSC05755--150x150.jpg\" alt=\"DSC05755\" width=\"150\" height=\"150\" srcset=\"https:\/\/xn--judo-lbben-feb.de\/wp-content\/uploads\/2012\/10\/DSC05755--150x150.jpg 150w, https:\/\/xn--judo-lbben-feb.de\/wp-content\/uploads\/2012\/10\/DSC05755--80x80.jpg 80w, https:\/\/xn--judo-lbben-feb.de\/wp-content\/uploads\/2012\/10\/DSC05755--200x200.jpg 200w\" sizes=\"auto, (max-width: 150px) 100vw, 150px\" \/><\/a> <a href=\"https:\/\/xn--judo-lbben-feb.de\/wp-content\/uploads\/2012\/10\/DSC05756-.jpg\"><img loading=\"lazy\" decoding=\"async\" class=\"alignnone size-thumbnail wp-image-9058\" src=\"https:\/\/xn--judo-lbben-feb.de\/wp-content\/uploads\/2012\/10\/DSC05756--150x150.jpg\" alt=\"DSC05756\" width=\"150\" height=\"150\" srcset=\"https:\/\/xn--judo-lbben-feb.de\/wp-content\/uploads\/2012\/10\/DSC05756--150x150.jpg 150w, https:\/\/xn--judo-lbben-feb.de\/wp-content\/uploads\/2012\/10\/DSC05756--80x80.jpg 80w, https:\/\/xn--judo-lbben-feb.de\/wp-content\/uploads\/2012\/10\/DSC05756--200x200.jpg 200w\" sizes=\"auto, (max-width: 150px) 100vw, 150px\" \/><\/a> <a href=\"https:\/\/xn--judo-lbben-feb.de\/wp-content\/uploads\/2012\/10\/DSC05757-.jpg\"><img loading=\"lazy\" decoding=\"async\" class=\"alignnone size-thumbnail wp-image-9059\" src=\"https:\/\/xn--judo-lbben-feb.de\/wp-content\/uploads\/2012\/10\/DSC05757--150x150.jpg\" alt=\"DSC05757\" width=\"150\" height=\"150\" srcset=\"https:\/\/xn--judo-lbben-feb.de\/wp-content\/uploads\/2012\/10\/DSC05757--150x150.jpg 150w, https:\/\/xn--judo-lbben-feb.de\/wp-content\/uploads\/2012\/10\/DSC05757--80x80.jpg 80w, https:\/\/xn--judo-lbben-feb.de\/wp-content\/uploads\/2012\/10\/DSC05757--200x200.jpg 200w\" sizes=\"auto, (max-width: 150px) 100vw, 150px\" \/><\/a> <a href=\"https:\/\/xn--judo-lbben-feb.de\/wp-content\/uploads\/2012\/10\/DSC05758-.jpg\"><img loading=\"lazy\" decoding=\"async\" class=\"alignnone size-thumbnail wp-image-9060\" src=\"https:\/\/xn--judo-lbben-feb.de\/wp-content\/uploads\/2012\/10\/DSC05758--150x150.jpg\" alt=\"DSC05758\" width=\"150\" height=\"150\" srcset=\"https:\/\/xn--judo-lbben-feb.de\/wp-content\/uploads\/2012\/10\/DSC05758--150x150.jpg 150w, https:\/\/xn--judo-lbben-feb.de\/wp-content\/uploads\/2012\/10\/DSC05758--80x80.jpg 80w, https:\/\/xn--judo-lbben-feb.de\/wp-content\/uploads\/2012\/10\/DSC05758--200x200.jpg 200w\" sizes=\"auto, (max-width: 150px) 100vw, 150px\" \/><\/a> <a href=\"https:\/\/xn--judo-lbben-feb.de\/wp-content\/uploads\/2012\/10\/DSC05759-.jpg\"><img loading=\"lazy\" decoding=\"async\" class=\"alignnone size-thumbnail wp-image-9061\" src=\"https:\/\/xn--judo-lbben-feb.de\/wp-content\/uploads\/2012\/10\/DSC05759--150x150.jpg\" alt=\"DSC05759\" width=\"150\" height=\"150\" srcset=\"https:\/\/xn--judo-lbben-feb.de\/wp-content\/uploads\/2012\/10\/DSC05759--150x150.jpg 150w, https:\/\/xn--judo-lbben-feb.de\/wp-content\/uploads\/2012\/10\/DSC05759--80x80.jpg 80w, https:\/\/xn--judo-lbben-feb.de\/wp-content\/uploads\/2012\/10\/DSC05759--200x200.jpg 200w\" sizes=\"auto, (max-width: 150px) 100vw, 150px\" \/><\/a> <a href=\"https:\/\/xn--judo-lbben-feb.de\/wp-content\/uploads\/2012\/10\/DSC05760-.jpg\"><img loading=\"lazy\" decoding=\"async\" class=\"alignnone size-thumbnail wp-image-9062\" src=\"https:\/\/xn--judo-lbben-feb.de\/wp-content\/uploads\/2012\/10\/DSC05760--150x150.jpg\" alt=\"DSC05760\" width=\"150\" height=\"150\" srcset=\"https:\/\/xn--judo-lbben-feb.de\/wp-content\/uploads\/2012\/10\/DSC05760--150x150.jpg 150w, https:\/\/xn--judo-lbben-feb.de\/wp-content\/uploads\/2012\/10\/DSC05760--80x80.jpg 80w, https:\/\/xn--judo-lbben-feb.de\/wp-content\/uploads\/2012\/10\/DSC05760--200x200.jpg 200w\" sizes=\"auto, (max-width: 150px) 100vw, 150px\" \/><\/a> <a href=\"https:\/\/xn--judo-lbben-feb.de\/wp-content\/uploads\/2012\/10\/DSC05761-.jpg\"><img loading=\"lazy\" decoding=\"async\" class=\"alignnone size-thumbnail wp-image-9063\" src=\"https:\/\/xn--judo-lbben-feb.de\/wp-content\/uploads\/2012\/10\/DSC05761--150x150.jpg\" alt=\"DSC05761\" width=\"150\" height=\"150\" srcset=\"https:\/\/xn--judo-lbben-feb.de\/wp-content\/uploads\/2012\/10\/DSC05761--150x150.jpg 150w, https:\/\/xn--judo-lbben-feb.de\/wp-content\/uploads\/2012\/10\/DSC05761--80x80.jpg 80w, https:\/\/xn--judo-lbben-feb.de\/wp-content\/uploads\/2012\/10\/DSC05761--200x200.jpg 200w\" sizes=\"auto, (max-width: 150px) 100vw, 150px\" \/><\/a> <a href=\"https:\/\/xn--judo-lbben-feb.de\/wp-content\/uploads\/2012\/10\/DSC05762-.jpg\"><img loading=\"lazy\" decoding=\"async\" class=\"alignnone size-thumbnail wp-image-9064\" src=\"https:\/\/xn--judo-lbben-feb.de\/wp-content\/uploads\/2012\/10\/DSC05762--150x150.jpg\" alt=\"DSC05762\" width=\"150\" height=\"150\" srcset=\"https:\/\/xn--judo-lbben-feb.de\/wp-content\/uploads\/2012\/10\/DSC05762--150x150.jpg 150w, https:\/\/xn--judo-lbben-feb.de\/wp-content\/uploads\/2012\/10\/DSC05762--80x80.jpg 80w, https:\/\/xn--judo-lbben-feb.de\/wp-content\/uploads\/2012\/10\/DSC05762--200x200.jpg 200w\" sizes=\"auto, (max-width: 150px) 100vw, 150px\" \/><\/a> <a href=\"https:\/\/xn--judo-lbben-feb.de\/wp-content\/uploads\/2012\/10\/DSC05763-.jpg\"><img loading=\"lazy\" decoding=\"async\" class=\"alignnone size-thumbnail wp-image-9065\" src=\"https:\/\/xn--judo-lbben-feb.de\/wp-content\/uploads\/2012\/10\/DSC05763--150x150.jpg\" alt=\"DSC05763\" width=\"150\" height=\"150\" srcset=\"https:\/\/xn--judo-lbben-feb.de\/wp-content\/uploads\/2012\/10\/DSC05763--150x150.jpg 150w, https:\/\/xn--judo-lbben-feb.de\/wp-content\/uploads\/2012\/10\/DSC05763--80x80.jpg 80w, https:\/\/xn--judo-lbben-feb.de\/wp-content\/uploads\/2012\/10\/DSC05763--200x200.jpg 200w\" sizes=\"auto, (max-width: 150px) 100vw, 150px\" \/><\/a> <a href=\"https:\/\/xn--judo-lbben-feb.de\/wp-content\/uploads\/2012\/10\/DSC05764-.jpg\"><img loading=\"lazy\" decoding=\"async\" class=\"alignnone size-thumbnail wp-image-9066\" src=\"https:\/\/xn--judo-lbben-feb.de\/wp-content\/uploads\/2012\/10\/DSC05764--150x150.jpg\" alt=\"DSC05764\" width=\"150\" height=\"150\" srcset=\"https:\/\/xn--judo-lbben-feb.de\/wp-content\/uploads\/2012\/10\/DSC05764--150x150.jpg 150w, https:\/\/xn--judo-lbben-feb.de\/wp-content\/uploads\/2012\/10\/DSC05764--80x80.jpg 80w, https:\/\/xn--judo-lbben-feb.de\/wp-content\/uploads\/2012\/10\/DSC05764--200x200.jpg 200w\" sizes=\"auto, (max-width: 150px) 100vw, 150px\" \/><\/a> <a href=\"https:\/\/xn--judo-lbben-feb.de\/wp-content\/uploads\/2012\/10\/DSC05765-.jpg\"><img loading=\"lazy\" decoding=\"async\" class=\"alignnone size-thumbnail wp-image-9067\" src=\"https:\/\/xn--judo-lbben-feb.de\/wp-content\/uploads\/2012\/10\/DSC05765--150x150.jpg\" alt=\"DSC05765\" width=\"150\" height=\"150\" srcset=\"https:\/\/xn--judo-lbben-feb.de\/wp-content\/uploads\/2012\/10\/DSC05765--150x150.jpg 150w, https:\/\/xn--judo-lbben-feb.de\/wp-content\/uploads\/2012\/10\/DSC05765--80x80.jpg 80w, https:\/\/xn--judo-lbben-feb.de\/wp-content\/uploads\/2012\/10\/DSC05765--200x200.jpg 200w\" sizes=\"auto, (max-width: 150px) 100vw, 150px\" \/><\/a> <a href=\"https:\/\/xn--judo-lbben-feb.de\/wp-content\/uploads\/2012\/10\/DSC05766-.jpg\"><img loading=\"lazy\" decoding=\"async\" class=\"alignnone size-thumbnail wp-image-9068\" src=\"https:\/\/xn--judo-lbben-feb.de\/wp-content\/uploads\/2012\/10\/DSC05766--150x150.jpg\" alt=\"DSC05766\" width=\"150\" height=\"150\" srcset=\"https:\/\/xn--judo-lbben-feb.de\/wp-content\/uploads\/2012\/10\/DSC05766--150x150.jpg 150w, https:\/\/xn--judo-lbben-feb.de\/wp-content\/uploads\/2012\/10\/DSC05766--80x80.jpg 80w, https:\/\/xn--judo-lbben-feb.de\/wp-content\/uploads\/2012\/10\/DSC05766--200x200.jpg 200w\" sizes=\"auto, (max-width: 150px) 100vw, 150px\" \/><\/a> <a href=\"https:\/\/xn--judo-lbben-feb.de\/wp-content\/uploads\/2012\/10\/DSC05767-.jpg\"><img loading=\"lazy\" decoding=\"async\" class=\"alignnone size-thumbnail wp-image-9069\" src=\"https:\/\/xn--judo-lbben-feb.de\/wp-content\/uploads\/2012\/10\/DSC05767--150x150.jpg\" alt=\"DSC05767\" width=\"150\" height=\"150\" srcset=\"https:\/\/xn--judo-lbben-feb.de\/wp-content\/uploads\/2012\/10\/DSC05767--150x150.jpg 150w, https:\/\/xn--judo-lbben-feb.de\/wp-content\/uploads\/2012\/10\/DSC05767--80x80.jpg 80w, https:\/\/xn--judo-lbben-feb.de\/wp-content\/uploads\/2012\/10\/DSC05767--200x200.jpg 200w\" sizes=\"auto, (max-width: 150px) 100vw, 150px\" \/><\/a> <a href=\"https:\/\/xn--judo-lbben-feb.de\/wp-content\/uploads\/2012\/10\/DSC05768-.jpg\"><img loading=\"lazy\" decoding=\"async\" class=\"alignnone size-thumbnail wp-image-9070\" src=\"https:\/\/xn--judo-lbben-feb.de\/wp-content\/uploads\/2012\/10\/DSC05768--150x150.jpg\" alt=\"DSC05768\" width=\"150\" height=\"150\" srcset=\"https:\/\/xn--judo-lbben-feb.de\/wp-content\/uploads\/2012\/10\/DSC05768--150x150.jpg 150w, https:\/\/xn--judo-lbben-feb.de\/wp-content\/uploads\/2012\/10\/DSC05768--80x80.jpg 80w, https:\/\/xn--judo-lbben-feb.de\/wp-content\/uploads\/2012\/10\/DSC05768--200x200.jpg 200w\" sizes=\"auto, (max-width: 150px) 100vw, 150px\" \/><\/a> <a href=\"https:\/\/xn--judo-lbben-feb.de\/wp-content\/uploads\/2012\/10\/DSC05769-.jpg\"><img loading=\"lazy\" decoding=\"async\" class=\"alignnone size-thumbnail wp-image-9071\" src=\"https:\/\/xn--judo-lbben-feb.de\/wp-content\/uploads\/2012\/10\/DSC05769--150x150.jpg\" alt=\"DSC05769\" width=\"150\" height=\"150\" srcset=\"https:\/\/xn--judo-lbben-feb.de\/wp-content\/uploads\/2012\/10\/DSC05769--150x150.jpg 150w, https:\/\/xn--judo-lbben-feb.de\/wp-content\/uploads\/2012\/10\/DSC05769--80x80.jpg 80w, https:\/\/xn--judo-lbben-feb.de\/wp-content\/uploads\/2012\/10\/DSC05769--200x200.jpg 200w\" sizes=\"auto, (max-width: 150px) 100vw, 150px\" \/><\/a> <a href=\"https:\/\/xn--judo-lbben-feb.de\/wp-content\/uploads\/2012\/10\/DSC05770-.jpg\"><img loading=\"lazy\" decoding=\"async\" class=\"alignnone size-thumbnail wp-image-9072\" src=\"https:\/\/xn--judo-lbben-feb.de\/wp-content\/uploads\/2012\/10\/DSC05770--150x150.jpg\" alt=\"DSC05770\" width=\"150\" height=\"150\" srcset=\"https:\/\/xn--judo-lbben-feb.de\/wp-content\/uploads\/2012\/10\/DSC05770--150x150.jpg 150w, https:\/\/xn--judo-lbben-feb.de\/wp-content\/uploads\/2012\/10\/DSC05770--80x80.jpg 80w, https:\/\/xn--judo-lbben-feb.de\/wp-content\/uploads\/2012\/10\/DSC05770--200x200.jpg 200w\" sizes=\"auto, (max-width: 150px) 100vw, 150px\" \/><\/a> <a href=\"https:\/\/xn--judo-lbben-feb.de\/wp-content\/uploads\/2012\/10\/DSC05771-.jpg\"><img loading=\"lazy\" decoding=\"async\" class=\"alignnone size-thumbnail wp-image-9073\" src=\"https:\/\/xn--judo-lbben-feb.de\/wp-content\/uploads\/2012\/10\/DSC05771--150x150.jpg\" alt=\"DSC05771\" width=\"150\" height=\"150\" srcset=\"https:\/\/xn--judo-lbben-feb.de\/wp-content\/uploads\/2012\/10\/DSC05771--150x150.jpg 150w, https:\/\/xn--judo-lbben-feb.de\/wp-content\/uploads\/2012\/10\/DSC05771--80x80.jpg 80w, https:\/\/xn--judo-lbben-feb.de\/wp-content\/uploads\/2012\/10\/DSC05771--200x200.jpg 200w\" sizes=\"auto, (max-width: 150px) 100vw, 150px\" \/><\/a> <a href=\"https:\/\/xn--judo-lbben-feb.de\/wp-content\/uploads\/2012\/10\/DSC05772-.jpg\"><img loading=\"lazy\" decoding=\"async\" class=\"alignnone size-thumbnail wp-image-9074\" src=\"https:\/\/xn--judo-lbben-feb.de\/wp-content\/uploads\/2012\/10\/DSC05772--150x150.jpg\" alt=\"DSC05772\" width=\"150\" height=\"150\" srcset=\"https:\/\/xn--judo-lbben-feb.de\/wp-content\/uploads\/2012\/10\/DSC05772--150x150.jpg 150w, https:\/\/xn--judo-lbben-feb.de\/wp-content\/uploads\/2012\/10\/DSC05772--80x80.jpg 80w, https:\/\/xn--judo-lbben-feb.de\/wp-content\/uploads\/2012\/10\/DSC05772--200x200.jpg 200w\" sizes=\"auto, (max-width: 150px) 100vw, 150px\" \/><\/a> <a href=\"https:\/\/xn--judo-lbben-feb.de\/wp-content\/uploads\/2012\/10\/DSC05773-.jpg\"><img loading=\"lazy\" decoding=\"async\" class=\"alignnone size-thumbnail wp-image-9075\" src=\"https:\/\/xn--judo-lbben-feb.de\/wp-content\/uploads\/2012\/10\/DSC05773--150x150.jpg\" alt=\"DSC05773\" width=\"150\" height=\"150\" srcset=\"https:\/\/xn--judo-lbben-feb.de\/wp-content\/uploads\/2012\/10\/DSC05773--150x150.jpg 150w, https:\/\/xn--judo-lbben-feb.de\/wp-content\/uploads\/2012\/10\/DSC05773--80x80.jpg 80w, https:\/\/xn--judo-lbben-feb.de\/wp-content\/uploads\/2012\/10\/DSC05773--200x200.jpg 200w\" sizes=\"auto, (max-width: 150px) 100vw, 150px\" \/><\/a> <a href=\"https:\/\/xn--judo-lbben-feb.de\/wp-content\/uploads\/2012\/10\/DSC05774-.jpg\"><img loading=\"lazy\" decoding=\"async\" class=\"alignnone size-thumbnail wp-image-9076\" src=\"https:\/\/xn--judo-lbben-feb.de\/wp-content\/uploads\/2012\/10\/DSC05774--150x150.jpg\" alt=\"DSC05774\" width=\"150\" height=\"150\" srcset=\"https:\/\/xn--judo-lbben-feb.de\/wp-content\/uploads\/2012\/10\/DSC05774--150x150.jpg 150w, https:\/\/xn--judo-lbben-feb.de\/wp-content\/uploads\/2012\/10\/DSC05774--80x80.jpg 80w, https:\/\/xn--judo-lbben-feb.de\/wp-content\/uploads\/2012\/10\/DSC05774--200x200.jpg 200w\" sizes=\"auto, (max-width: 150px) 100vw, 150px\" \/><\/a> <a href=\"https:\/\/xn--judo-lbben-feb.de\/wp-content\/uploads\/2012\/10\/DSC05775-.jpg\"><img loading=\"lazy\" decoding=\"async\" class=\"alignnone size-thumbnail wp-image-9077\" src=\"https:\/\/xn--judo-lbben-feb.de\/wp-content\/uploads\/2012\/10\/DSC05775--150x150.jpg\" alt=\"DSC05775\" width=\"150\" height=\"150\" srcset=\"https:\/\/xn--judo-lbben-feb.de\/wp-content\/uploads\/2012\/10\/DSC05775--150x150.jpg 150w, https:\/\/xn--judo-lbben-feb.de\/wp-content\/uploads\/2012\/10\/DSC05775--80x80.jpg 80w, https:\/\/xn--judo-lbben-feb.de\/wp-content\/uploads\/2012\/10\/DSC05775--200x200.jpg 200w\" sizes=\"auto, (max-width: 150px) 100vw, 150px\" \/><\/a> <a href=\"https:\/\/xn--judo-lbben-feb.de\/wp-content\/uploads\/2012\/10\/DSC05776-.jpg\"><img loading=\"lazy\" decoding=\"async\" class=\"alignnone size-thumbnail wp-image-9078\" src=\"https:\/\/xn--judo-lbben-feb.de\/wp-content\/uploads\/2012\/10\/DSC05776--150x150.jpg\" alt=\"DSC05776\" width=\"150\" height=\"150\" srcset=\"https:\/\/xn--judo-lbben-feb.de\/wp-content\/uploads\/2012\/10\/DSC05776--150x150.jpg 150w, https:\/\/xn--judo-lbben-feb.de\/wp-content\/uploads\/2012\/10\/DSC05776--80x80.jpg 80w, https:\/\/xn--judo-lbben-feb.de\/wp-content\/uploads\/2012\/10\/DSC05776--200x200.jpg 200w\" sizes=\"auto, (max-width: 150px) 100vw, 150px\" \/><\/a> <a href=\"https:\/\/xn--judo-lbben-feb.de\/wp-content\/uploads\/2012\/10\/DSC05777-.jpg\"><img loading=\"lazy\" decoding=\"async\" class=\"alignnone size-thumbnail wp-image-9079\" src=\"https:\/\/xn--judo-lbben-feb.de\/wp-content\/uploads\/2012\/10\/DSC05777--150x150.jpg\" alt=\"DSC05777\" width=\"150\" height=\"150\" srcset=\"https:\/\/xn--judo-lbben-feb.de\/wp-content\/uploads\/2012\/10\/DSC05777--150x150.jpg 150w, https:\/\/xn--judo-lbben-feb.de\/wp-content\/uploads\/2012\/10\/DSC05777--80x80.jpg 80w, https:\/\/xn--judo-lbben-feb.de\/wp-content\/uploads\/2012\/10\/DSC05777--200x200.jpg 200w\" sizes=\"auto, (max-width: 150px) 100vw, 150px\" \/><\/a> <a href=\"https:\/\/xn--judo-lbben-feb.de\/wp-content\/uploads\/2012\/10\/DSC05778-.jpg\"><img loading=\"lazy\" decoding=\"async\" class=\"alignnone size-thumbnail wp-image-9080\" src=\"https:\/\/xn--judo-lbben-feb.de\/wp-content\/uploads\/2012\/10\/DSC05778--150x150.jpg\" alt=\"DSC05778\" width=\"150\" height=\"150\" srcset=\"https:\/\/xn--judo-lbben-feb.de\/wp-content\/uploads\/2012\/10\/DSC05778--150x150.jpg 150w, https:\/\/xn--judo-lbben-feb.de\/wp-content\/uploads\/2012\/10\/DSC05778--80x80.jpg 80w, https:\/\/xn--judo-lbben-feb.de\/wp-content\/uploads\/2012\/10\/DSC05778--200x200.jpg 200w\" sizes=\"auto, (max-width: 150px) 100vw, 150px\" \/><\/a> <a href=\"https:\/\/xn--judo-lbben-feb.de\/wp-content\/uploads\/2012\/10\/DSC05779-.jpg\"><img loading=\"lazy\" decoding=\"async\" class=\"alignnone size-thumbnail wp-image-9081\" src=\"https:\/\/xn--judo-lbben-feb.de\/wp-content\/uploads\/2012\/10\/DSC05779--150x150.jpg\" alt=\"DSC05779\" width=\"150\" height=\"150\" srcset=\"https:\/\/xn--judo-lbben-feb.de\/wp-content\/uploads\/2012\/10\/DSC05779--150x150.jpg 150w, https:\/\/xn--judo-lbben-feb.de\/wp-content\/uploads\/2012\/10\/DSC05779--80x80.jpg 80w, https:\/\/xn--judo-lbben-feb.de\/wp-content\/uploads\/2012\/10\/DSC05779--200x200.jpg 200w\" sizes=\"auto, (max-width: 150px) 100vw, 150px\" \/><\/a> <a href=\"https:\/\/xn--judo-lbben-feb.de\/wp-content\/uploads\/2012\/10\/DSC05780-.jpg\"><img loading=\"lazy\" decoding=\"async\" class=\"alignnone size-thumbnail wp-image-9082\" src=\"https:\/\/xn--judo-lbben-feb.de\/wp-content\/uploads\/2012\/10\/DSC05780--150x150.jpg\" alt=\"DSC05780\" width=\"150\" height=\"150\" srcset=\"https:\/\/xn--judo-lbben-feb.de\/wp-content\/uploads\/2012\/10\/DSC05780--150x150.jpg 150w, https:\/\/xn--judo-lbben-feb.de\/wp-content\/uploads\/2012\/10\/DSC05780--80x80.jpg 80w, https:\/\/xn--judo-lbben-feb.de\/wp-content\/uploads\/2012\/10\/DSC05780--200x200.jpg 200w\" sizes=\"auto, (max-width: 150px) 100vw, 150px\" \/><\/a> <a href=\"https:\/\/xn--judo-lbben-feb.de\/wp-content\/uploads\/2012\/10\/DSC05781-.jpg\"><img loading=\"lazy\" decoding=\"async\" class=\"alignnone size-thumbnail wp-image-9083\" src=\"https:\/\/xn--judo-lbben-feb.de\/wp-content\/uploads\/2012\/10\/DSC05781--150x150.jpg\" alt=\"DSC05781\" width=\"150\" height=\"150\" srcset=\"https:\/\/xn--judo-lbben-feb.de\/wp-content\/uploads\/2012\/10\/DSC05781--150x150.jpg 150w, https:\/\/xn--judo-lbben-feb.de\/wp-content\/uploads\/2012\/10\/DSC05781--80x80.jpg 80w, https:\/\/xn--judo-lbben-feb.de\/wp-content\/uploads\/2012\/10\/DSC05781--200x200.jpg 200w\" sizes=\"auto, (max-width: 150px) 100vw, 150px\" \/><\/a><\/p>\n<p style=\"text-align: center;\"><strong>Abschlussgrillen 16. Juli 2015<\/strong><\/p>\n<p style=\"text-align: center;\"><a href=\"https:\/\/xn--judo-lbben-feb.de\/wp-content\/uploads\/2012\/10\/P1040638-.jpg\"><img loading=\"lazy\" decoding=\"async\" class=\"alignnone size-thumbnail wp-image-8426\" src=\"https:\/\/xn--judo-lbben-feb.de\/wp-content\/uploads\/2012\/10\/P1040638--150x150.jpg\" alt=\"P1040638\" width=\"150\" height=\"150\" srcset=\"https:\/\/xn--judo-lbben-feb.de\/wp-content\/uploads\/2012\/10\/P1040638--150x150.jpg 150w, https:\/\/xn--judo-lbben-feb.de\/wp-content\/uploads\/2012\/10\/P1040638--80x80.jpg 80w, https:\/\/xn--judo-lbben-feb.de\/wp-content\/uploads\/2012\/10\/P1040638--200x200.jpg 200w\" sizes=\"auto, (max-width: 150px) 100vw, 150px\" \/><\/a> <a href=\"https:\/\/xn--judo-lbben-feb.de\/wp-content\/uploads\/2012\/10\/P1040641-.jpg\"><img loading=\"lazy\" decoding=\"async\" class=\"alignnone size-thumbnail wp-image-8427\" src=\"https:\/\/xn--judo-lbben-feb.de\/wp-content\/uploads\/2012\/10\/P1040641--150x150.jpg\" alt=\"P1040641\" width=\"150\" height=\"150\" srcset=\"https:\/\/xn--judo-lbben-feb.de\/wp-content\/uploads\/2012\/10\/P1040641--150x150.jpg 150w, https:\/\/xn--judo-lbben-feb.de\/wp-content\/uploads\/2012\/10\/P1040641--80x80.jpg 80w, https:\/\/xn--judo-lbben-feb.de\/wp-content\/uploads\/2012\/10\/P1040641--200x200.jpg 200w\" sizes=\"auto, (max-width: 150px) 100vw, 150px\" \/><\/a> <a href=\"https:\/\/xn--judo-lbben-feb.de\/wp-content\/uploads\/2012\/10\/P1040643-.jpg\"><img loading=\"lazy\" decoding=\"async\" class=\"alignnone size-thumbnail wp-image-8428\" src=\"https:\/\/xn--judo-lbben-feb.de\/wp-content\/uploads\/2012\/10\/P1040643--150x150.jpg\" alt=\"P1040643\" width=\"150\" height=\"150\" srcset=\"https:\/\/xn--judo-lbben-feb.de\/wp-content\/uploads\/2012\/10\/P1040643--150x150.jpg 150w, https:\/\/xn--judo-lbben-feb.de\/wp-content\/uploads\/2012\/10\/P1040643--80x80.jpg 80w, https:\/\/xn--judo-lbben-feb.de\/wp-content\/uploads\/2012\/10\/P1040643--200x200.jpg 200w\" sizes=\"auto, (max-width: 150px) 100vw, 150px\" \/><\/a> <a href=\"https:\/\/xn--judo-lbben-feb.de\/wp-content\/uploads\/2012\/10\/P1040644-.jpg\"><img loading=\"lazy\" decoding=\"async\" class=\"alignnone size-thumbnail wp-image-8429\" src=\"https:\/\/xn--judo-lbben-feb.de\/wp-content\/uploads\/2012\/10\/P1040644--150x150.jpg\" alt=\"P1040644\" width=\"150\" height=\"150\" srcset=\"https:\/\/xn--judo-lbben-feb.de\/wp-content\/uploads\/2012\/10\/P1040644--150x150.jpg 150w, https:\/\/xn--judo-lbben-feb.de\/wp-content\/uploads\/2012\/10\/P1040644--80x80.jpg 80w, https:\/\/xn--judo-lbben-feb.de\/wp-content\/uploads\/2012\/10\/P1040644--200x200.jpg 200w\" sizes=\"auto, (max-width: 150px) 100vw, 150px\" \/><\/a> <a href=\"https:\/\/xn--judo-lbben-feb.de\/wp-content\/uploads\/2012\/10\/P1040645-.jpg\"><img loading=\"lazy\" decoding=\"async\" class=\"alignnone size-thumbnail wp-image-8430\" src=\"https:\/\/xn--judo-lbben-feb.de\/wp-content\/uploads\/2012\/10\/P1040645--150x150.jpg\" alt=\"P1040645\" width=\"150\" height=\"150\" srcset=\"https:\/\/xn--judo-lbben-feb.de\/wp-content\/uploads\/2012\/10\/P1040645--150x150.jpg 150w, https:\/\/xn--judo-lbben-feb.de\/wp-content\/uploads\/2012\/10\/P1040645--80x80.jpg 80w, https:\/\/xn--judo-lbben-feb.de\/wp-content\/uploads\/2012\/10\/P1040645--200x200.jpg 200w\" sizes=\"auto, (max-width: 150px) 100vw, 150px\" \/><\/a> <a href=\"https:\/\/xn--judo-lbben-feb.de\/wp-content\/uploads\/2012\/10\/P1040646-.jpg\"><img loading=\"lazy\" decoding=\"async\" class=\"alignnone size-thumbnail wp-image-8431\" src=\"https:\/\/xn--judo-lbben-feb.de\/wp-content\/uploads\/2012\/10\/P1040646--150x150.jpg\" alt=\"P1040646\" width=\"150\" height=\"150\" srcset=\"https:\/\/xn--judo-lbben-feb.de\/wp-content\/uploads\/2012\/10\/P1040646--150x150.jpg 150w, https:\/\/xn--judo-lbben-feb.de\/wp-content\/uploads\/2012\/10\/P1040646--80x80.jpg 80w, https:\/\/xn--judo-lbben-feb.de\/wp-content\/uploads\/2012\/10\/P1040646--200x200.jpg 200w\" sizes=\"auto, (max-width: 150px) 100vw, 150px\" \/><\/a> <a href=\"https:\/\/xn--judo-lbben-feb.de\/wp-content\/uploads\/2012\/10\/P1040647-.jpg\"><img loading=\"lazy\" decoding=\"async\" class=\"alignnone size-thumbnail wp-image-8432\" src=\"https:\/\/xn--judo-lbben-feb.de\/wp-content\/uploads\/2012\/10\/P1040647--150x150.jpg\" alt=\"P1040647\" width=\"150\" height=\"150\" srcset=\"https:\/\/xn--judo-lbben-feb.de\/wp-content\/uploads\/2012\/10\/P1040647--150x150.jpg 150w, https:\/\/xn--judo-lbben-feb.de\/wp-content\/uploads\/2012\/10\/P1040647--80x80.jpg 80w, https:\/\/xn--judo-lbben-feb.de\/wp-content\/uploads\/2012\/10\/P1040647--200x200.jpg 200w\" sizes=\"auto, (max-width: 150px) 100vw, 150px\" \/><\/a> <a href=\"https:\/\/xn--judo-lbben-feb.de\/wp-content\/uploads\/2012\/10\/P1040648-.jpg\"><img loading=\"lazy\" decoding=\"async\" class=\"alignnone size-thumbnail wp-image-8433\" src=\"https:\/\/xn--judo-lbben-feb.de\/wp-content\/uploads\/2012\/10\/P1040648--150x150.jpg\" alt=\"P1040648\" width=\"150\" height=\"150\" srcset=\"https:\/\/xn--judo-lbben-feb.de\/wp-content\/uploads\/2012\/10\/P1040648--150x150.jpg 150w, https:\/\/xn--judo-lbben-feb.de\/wp-content\/uploads\/2012\/10\/P1040648--80x80.jpg 80w, https:\/\/xn--judo-lbben-feb.de\/wp-content\/uploads\/2012\/10\/P1040648--200x200.jpg 200w\" sizes=\"auto, (max-width: 150px) 100vw, 150px\" \/><\/a> <a href=\"https:\/\/xn--judo-lbben-feb.de\/wp-content\/uploads\/2012\/10\/P1040650-.jpg\"><img loading=\"lazy\" decoding=\"async\" class=\"alignnone size-thumbnail wp-image-8434\" src=\"https:\/\/xn--judo-lbben-feb.de\/wp-content\/uploads\/2012\/10\/P1040650--150x150.jpg\" alt=\"P1040650\" width=\"150\" height=\"150\" srcset=\"https:\/\/xn--judo-lbben-feb.de\/wp-content\/uploads\/2012\/10\/P1040650--150x150.jpg 150w, https:\/\/xn--judo-lbben-feb.de\/wp-content\/uploads\/2012\/10\/P1040650--80x80.jpg 80w, https:\/\/xn--judo-lbben-feb.de\/wp-content\/uploads\/2012\/10\/P1040650--200x200.jpg 200w\" sizes=\"auto, (max-width: 150px) 100vw, 150px\" \/><\/a> <a href=\"https:\/\/xn--judo-lbben-feb.de\/wp-content\/uploads\/2012\/10\/P1040651-.jpg\"><img loading=\"lazy\" decoding=\"async\" class=\"alignnone size-thumbnail wp-image-8435\" src=\"https:\/\/xn--judo-lbben-feb.de\/wp-content\/uploads\/2012\/10\/P1040651--150x150.jpg\" alt=\"P1040651\" width=\"150\" height=\"150\" srcset=\"https:\/\/xn--judo-lbben-feb.de\/wp-content\/uploads\/2012\/10\/P1040651--150x150.jpg 150w, https:\/\/xn--judo-lbben-feb.de\/wp-content\/uploads\/2012\/10\/P1040651--80x80.jpg 80w, https:\/\/xn--judo-lbben-feb.de\/wp-content\/uploads\/2012\/10\/P1040651--200x200.jpg 200w\" sizes=\"auto, (max-width: 150px) 100vw, 150px\" \/><\/a> <a href=\"https:\/\/xn--judo-lbben-feb.de\/wp-content\/uploads\/2012\/10\/P1040652-.jpg\"><img loading=\"lazy\" decoding=\"async\" class=\"alignnone size-thumbnail wp-image-8436\" src=\"https:\/\/xn--judo-lbben-feb.de\/wp-content\/uploads\/2012\/10\/P1040652--150x150.jpg\" alt=\"P1040652\" width=\"150\" height=\"150\" srcset=\"https:\/\/xn--judo-lbben-feb.de\/wp-content\/uploads\/2012\/10\/P1040652--150x150.jpg 150w, https:\/\/xn--judo-lbben-feb.de\/wp-content\/uploads\/2012\/10\/P1040652--80x80.jpg 80w, https:\/\/xn--judo-lbben-feb.de\/wp-content\/uploads\/2012\/10\/P1040652--200x200.jpg 200w\" sizes=\"auto, (max-width: 150px) 100vw, 150px\" \/><\/a> <a href=\"https:\/\/xn--judo-lbben-feb.de\/wp-content\/uploads\/2012\/10\/P1040653-.jpg\"><img loading=\"lazy\" decoding=\"async\" class=\"alignnone size-thumbnail wp-image-8437\" src=\"https:\/\/xn--judo-lbben-feb.de\/wp-content\/uploads\/2012\/10\/P1040653--150x150.jpg\" alt=\"P1040653\" width=\"150\" height=\"150\" srcset=\"https:\/\/xn--judo-lbben-feb.de\/wp-content\/uploads\/2012\/10\/P1040653--150x150.jpg 150w, https:\/\/xn--judo-lbben-feb.de\/wp-content\/uploads\/2012\/10\/P1040653--80x80.jpg 80w, https:\/\/xn--judo-lbben-feb.de\/wp-content\/uploads\/2012\/10\/P1040653--200x200.jpg 200w\" sizes=\"auto, (max-width: 150px) 100vw, 150px\" \/><\/a> <a href=\"https:\/\/xn--judo-lbben-feb.de\/wp-content\/uploads\/2012\/10\/P1040657-.jpg\"><img loading=\"lazy\" decoding=\"async\" class=\"alignnone size-thumbnail wp-image-8438\" src=\"https:\/\/xn--judo-lbben-feb.de\/wp-content\/uploads\/2012\/10\/P1040657--150x150.jpg\" alt=\"P1040657\" width=\"150\" height=\"150\" srcset=\"https:\/\/xn--judo-lbben-feb.de\/wp-content\/uploads\/2012\/10\/P1040657--150x150.jpg 150w, https:\/\/xn--judo-lbben-feb.de\/wp-content\/uploads\/2012\/10\/P1040657--80x80.jpg 80w, https:\/\/xn--judo-lbben-feb.de\/wp-content\/uploads\/2012\/10\/P1040657--200x200.jpg 200w\" sizes=\"auto, (max-width: 150px) 100vw, 150px\" \/><\/a> <a href=\"https:\/\/xn--judo-lbben-feb.de\/wp-content\/uploads\/2012\/10\/P1040658-.jpg\"><img loading=\"lazy\" decoding=\"async\" class=\"alignnone size-thumbnail wp-image-8439\" src=\"https:\/\/xn--judo-lbben-feb.de\/wp-content\/uploads\/2012\/10\/P1040658--150x150.jpg\" alt=\"P1040658\" width=\"150\" height=\"150\" srcset=\"https:\/\/xn--judo-lbben-feb.de\/wp-content\/uploads\/2012\/10\/P1040658--150x150.jpg 150w, https:\/\/xn--judo-lbben-feb.de\/wp-content\/uploads\/2012\/10\/P1040658--80x80.jpg 80w, https:\/\/xn--judo-lbben-feb.de\/wp-content\/uploads\/2012\/10\/P1040658--200x200.jpg 200w\" sizes=\"auto, (max-width: 150px) 100vw, 150px\" \/><\/a> <a href=\"https:\/\/xn--judo-lbben-feb.de\/wp-content\/uploads\/2012\/10\/P1040659-.jpg\"><img loading=\"lazy\" decoding=\"async\" class=\"alignnone size-thumbnail wp-image-8440\" src=\"https:\/\/xn--judo-lbben-feb.de\/wp-content\/uploads\/2012\/10\/P1040659--150x150.jpg\" alt=\"P1040659\" width=\"150\" height=\"150\" srcset=\"https:\/\/xn--judo-lbben-feb.de\/wp-content\/uploads\/2012\/10\/P1040659--150x150.jpg 150w, https:\/\/xn--judo-lbben-feb.de\/wp-content\/uploads\/2012\/10\/P1040659--80x80.jpg 80w, https:\/\/xn--judo-lbben-feb.de\/wp-content\/uploads\/2012\/10\/P1040659--200x200.jpg 200w\" sizes=\"auto, (max-width: 150px) 100vw, 150px\" \/><\/a> <a href=\"https:\/\/xn--judo-lbben-feb.de\/wp-content\/uploads\/2012\/10\/P1040660-.jpg\"><img loading=\"lazy\" decoding=\"async\" class=\"alignnone size-thumbnail wp-image-8441\" src=\"https:\/\/xn--judo-lbben-feb.de\/wp-content\/uploads\/2012\/10\/P1040660--150x150.jpg\" alt=\"P1040660\" width=\"150\" height=\"150\" srcset=\"https:\/\/xn--judo-lbben-feb.de\/wp-content\/uploads\/2012\/10\/P1040660--150x150.jpg 150w, https:\/\/xn--judo-lbben-feb.de\/wp-content\/uploads\/2012\/10\/P1040660--80x80.jpg 80w, https:\/\/xn--judo-lbben-feb.de\/wp-content\/uploads\/2012\/10\/P1040660--200x200.jpg 200w\" sizes=\"auto, (max-width: 150px) 100vw, 150px\" \/><\/a> <a href=\"https:\/\/xn--judo-lbben-feb.de\/wp-content\/uploads\/2012\/10\/P1040661-.jpg\"><img loading=\"lazy\" decoding=\"async\" class=\"alignnone size-thumbnail wp-image-8442\" src=\"https:\/\/xn--judo-lbben-feb.de\/wp-content\/uploads\/2012\/10\/P1040661--150x150.jpg\" alt=\"P1040661\" width=\"150\" height=\"150\" srcset=\"https:\/\/xn--judo-lbben-feb.de\/wp-content\/uploads\/2012\/10\/P1040661--150x150.jpg 150w, https:\/\/xn--judo-lbben-feb.de\/wp-content\/uploads\/2012\/10\/P1040661--80x80.jpg 80w, https:\/\/xn--judo-lbben-feb.de\/wp-content\/uploads\/2012\/10\/P1040661--200x200.jpg 200w\" sizes=\"auto, (max-width: 150px) 100vw, 150px\" \/><\/a> <a href=\"https:\/\/xn--judo-lbben-feb.de\/wp-content\/uploads\/2012\/10\/P1040664-.jpg\"><img loading=\"lazy\" decoding=\"async\" class=\"alignnone size-thumbnail wp-image-8443\" src=\"https:\/\/xn--judo-lbben-feb.de\/wp-content\/uploads\/2012\/10\/P1040664--150x150.jpg\" alt=\"P1040664\" width=\"150\" height=\"150\" srcset=\"https:\/\/xn--judo-lbben-feb.de\/wp-content\/uploads\/2012\/10\/P1040664--150x150.jpg 150w, https:\/\/xn--judo-lbben-feb.de\/wp-content\/uploads\/2012\/10\/P1040664--80x80.jpg 80w, https:\/\/xn--judo-lbben-feb.de\/wp-content\/uploads\/2012\/10\/P1040664--200x200.jpg 200w\" sizes=\"auto, (max-width: 150px) 100vw, 150px\" \/><\/a> <a href=\"https:\/\/xn--judo-lbben-feb.de\/wp-content\/uploads\/2012\/10\/P1040667-.jpg\"><img loading=\"lazy\" decoding=\"async\" class=\"alignnone size-thumbnail wp-image-8444\" src=\"https:\/\/xn--judo-lbben-feb.de\/wp-content\/uploads\/2012\/10\/P1040667--150x150.jpg\" alt=\"P1040667\" width=\"150\" height=\"150\" srcset=\"https:\/\/xn--judo-lbben-feb.de\/wp-content\/uploads\/2012\/10\/P1040667--150x150.jpg 150w, https:\/\/xn--judo-lbben-feb.de\/wp-content\/uploads\/2012\/10\/P1040667--80x80.jpg 80w, https:\/\/xn--judo-lbben-feb.de\/wp-content\/uploads\/2012\/10\/P1040667--200x200.jpg 200w\" sizes=\"auto, (max-width: 150px) 100vw, 150px\" \/><\/a> <a href=\"https:\/\/xn--judo-lbben-feb.de\/wp-content\/uploads\/2012\/10\/P1040669-.jpg\"><img loading=\"lazy\" decoding=\"async\" class=\"alignnone size-thumbnail wp-image-8445\" src=\"https:\/\/xn--judo-lbben-feb.de\/wp-content\/uploads\/2012\/10\/P1040669--150x150.jpg\" alt=\"P1040669\" width=\"150\" height=\"150\" srcset=\"https:\/\/xn--judo-lbben-feb.de\/wp-content\/uploads\/2012\/10\/P1040669--150x150.jpg 150w, https:\/\/xn--judo-lbben-feb.de\/wp-content\/uploads\/2012\/10\/P1040669--80x80.jpg 80w, https:\/\/xn--judo-lbben-feb.de\/wp-content\/uploads\/2012\/10\/P1040669--200x200.jpg 200w\" sizes=\"auto, (max-width: 150px) 100vw, 150px\" \/><\/a> <a href=\"https:\/\/xn--judo-lbben-feb.de\/wp-content\/uploads\/2012\/10\/P1040671-.jpg\"><img loading=\"lazy\" decoding=\"async\" class=\"alignnone size-thumbnail wp-image-8446\" src=\"https:\/\/xn--judo-lbben-feb.de\/wp-content\/uploads\/2012\/10\/P1040671--150x150.jpg\" alt=\"P1040671\" width=\"150\" height=\"150\" srcset=\"https:\/\/xn--judo-lbben-feb.de\/wp-content\/uploads\/2012\/10\/P1040671--150x150.jpg 150w, https:\/\/xn--judo-lbben-feb.de\/wp-content\/uploads\/2012\/10\/P1040671--80x80.jpg 80w, https:\/\/xn--judo-lbben-feb.de\/wp-content\/uploads\/2012\/10\/P1040671--200x200.jpg 200w\" sizes=\"auto, (max-width: 150px) 100vw, 150px\" \/><\/a> <a href=\"https:\/\/xn--judo-lbben-feb.de\/wp-content\/uploads\/2012\/10\/P1040675-.jpg\"><img loading=\"lazy\" decoding=\"async\" class=\"alignnone size-thumbnail wp-image-8447\" src=\"https:\/\/xn--judo-lbben-feb.de\/wp-content\/uploads\/2012\/10\/P1040675--150x150.jpg\" alt=\"P1040675\" width=\"150\" height=\"150\" srcset=\"https:\/\/xn--judo-lbben-feb.de\/wp-content\/uploads\/2012\/10\/P1040675--150x150.jpg 150w, https:\/\/xn--judo-lbben-feb.de\/wp-content\/uploads\/2012\/10\/P1040675--80x80.jpg 80w, https:\/\/xn--judo-lbben-feb.de\/wp-content\/uploads\/2012\/10\/P1040675--200x200.jpg 200w\" sizes=\"auto, (max-width: 150px) 100vw, 150px\" \/><\/a> <a href=\"https:\/\/xn--judo-lbben-feb.de\/wp-content\/uploads\/2012\/10\/P1040676-.jpg\"><img loading=\"lazy\" decoding=\"async\" class=\"alignnone size-thumbnail wp-image-8448\" src=\"https:\/\/xn--judo-lbben-feb.de\/wp-content\/uploads\/2012\/10\/P1040676--150x150.jpg\" alt=\"P1040676\" width=\"150\" height=\"150\" srcset=\"https:\/\/xn--judo-lbben-feb.de\/wp-content\/uploads\/2012\/10\/P1040676--150x150.jpg 150w, https:\/\/xn--judo-lbben-feb.de\/wp-content\/uploads\/2012\/10\/P1040676--80x80.jpg 80w, https:\/\/xn--judo-lbben-feb.de\/wp-content\/uploads\/2012\/10\/P1040676--200x200.jpg 200w\" sizes=\"auto, (max-width: 150px) 100vw, 150px\" \/><\/a> <a href=\"https:\/\/xn--judo-lbben-feb.de\/wp-content\/uploads\/2012\/10\/P1040681-.jpg\"><img loading=\"lazy\" decoding=\"async\" class=\"alignnone size-thumbnail wp-image-8449\" src=\"https:\/\/xn--judo-lbben-feb.de\/wp-content\/uploads\/2012\/10\/P1040681--150x150.jpg\" alt=\"P1040681\" width=\"150\" height=\"150\" srcset=\"https:\/\/xn--judo-lbben-feb.de\/wp-content\/uploads\/2012\/10\/P1040681--150x150.jpg 150w, https:\/\/xn--judo-lbben-feb.de\/wp-content\/uploads\/2012\/10\/P1040681--80x80.jpg 80w, https:\/\/xn--judo-lbben-feb.de\/wp-content\/uploads\/2012\/10\/P1040681--200x200.jpg 200w\" sizes=\"auto, (max-width: 150px) 100vw, 150px\" \/><\/a> <a href=\"https:\/\/xn--judo-lbben-feb.de\/wp-content\/uploads\/2012\/10\/P1040684-.jpg\"><img loading=\"lazy\" decoding=\"async\" class=\"alignnone size-thumbnail wp-image-8450\" src=\"https:\/\/xn--judo-lbben-feb.de\/wp-content\/uploads\/2012\/10\/P1040684--150x150.jpg\" alt=\"P1040684\" width=\"150\" height=\"150\" srcset=\"https:\/\/xn--judo-lbben-feb.de\/wp-content\/uploads\/2012\/10\/P1040684--150x150.jpg 150w, https:\/\/xn--judo-lbben-feb.de\/wp-content\/uploads\/2012\/10\/P1040684--80x80.jpg 80w, https:\/\/xn--judo-lbben-feb.de\/wp-content\/uploads\/2012\/10\/P1040684--200x200.jpg 200w\" sizes=\"auto, (max-width: 150px) 100vw, 150px\" \/><\/a> <a href=\"https:\/\/xn--judo-lbben-feb.de\/wp-content\/uploads\/2012\/10\/P1040687-.jpg\"><img loading=\"lazy\" decoding=\"async\" class=\"alignnone size-thumbnail wp-image-8451\" src=\"https:\/\/xn--judo-lbben-feb.de\/wp-content\/uploads\/2012\/10\/P1040687--150x150.jpg\" alt=\"P1040687\" width=\"150\" height=\"150\" srcset=\"https:\/\/xn--judo-lbben-feb.de\/wp-content\/uploads\/2012\/10\/P1040687--150x150.jpg 150w, https:\/\/xn--judo-lbben-feb.de\/wp-content\/uploads\/2012\/10\/P1040687--80x80.jpg 80w, https:\/\/xn--judo-lbben-feb.de\/wp-content\/uploads\/2012\/10\/P1040687--200x200.jpg 200w\" sizes=\"auto, (max-width: 150px) 100vw, 150px\" \/><\/a> <a href=\"https:\/\/xn--judo-lbben-feb.de\/wp-content\/uploads\/2012\/10\/P1040689-.jpg\"><img loading=\"lazy\" decoding=\"async\" class=\"alignnone size-thumbnail wp-image-8452\" src=\"https:\/\/xn--judo-lbben-feb.de\/wp-content\/uploads\/2012\/10\/P1040689--150x150.jpg\" alt=\"P1040689\" width=\"150\" height=\"150\" srcset=\"https:\/\/xn--judo-lbben-feb.de\/wp-content\/uploads\/2012\/10\/P1040689--150x150.jpg 150w, https:\/\/xn--judo-lbben-feb.de\/wp-content\/uploads\/2012\/10\/P1040689--80x80.jpg 80w, https:\/\/xn--judo-lbben-feb.de\/wp-content\/uploads\/2012\/10\/P1040689--200x200.jpg 200w\" sizes=\"auto, (max-width: 150px) 100vw, 150px\" \/><\/a> <a href=\"https:\/\/xn--judo-lbben-feb.de\/wp-content\/uploads\/2012\/10\/P1040691-.jpg\"><img loading=\"lazy\" decoding=\"async\" class=\"alignnone size-thumbnail wp-image-8453\" src=\"https:\/\/xn--judo-lbben-feb.de\/wp-content\/uploads\/2012\/10\/P1040691--150x150.jpg\" alt=\"P1040691\" width=\"150\" height=\"150\" srcset=\"https:\/\/xn--judo-lbben-feb.de\/wp-content\/uploads\/2012\/10\/P1040691--150x150.jpg 150w, https:\/\/xn--judo-lbben-feb.de\/wp-content\/uploads\/2012\/10\/P1040691--80x80.jpg 80w, https:\/\/xn--judo-lbben-feb.de\/wp-content\/uploads\/2012\/10\/P1040691--200x200.jpg 200w\" sizes=\"auto, (max-width: 150px) 100vw, 150px\" \/><\/a> <a href=\"https:\/\/xn--judo-lbben-feb.de\/wp-content\/uploads\/2012\/10\/P1040693-.jpg\"><img loading=\"lazy\" decoding=\"async\" class=\"alignnone size-thumbnail wp-image-8454\" src=\"https:\/\/xn--judo-lbben-feb.de\/wp-content\/uploads\/2012\/10\/P1040693--150x150.jpg\" alt=\"P1040693\" width=\"150\" height=\"150\" srcset=\"https:\/\/xn--judo-lbben-feb.de\/wp-content\/uploads\/2012\/10\/P1040693--150x150.jpg 150w, https:\/\/xn--judo-lbben-feb.de\/wp-content\/uploads\/2012\/10\/P1040693--80x80.jpg 80w, https:\/\/xn--judo-lbben-feb.de\/wp-content\/uploads\/2012\/10\/P1040693--200x200.jpg 200w\" sizes=\"auto, (max-width: 150px) 100vw, 150px\" \/><\/a> <a href=\"https:\/\/xn--judo-lbben-feb.de\/wp-content\/uploads\/2012\/10\/P1040697-.jpg\"><img loading=\"lazy\" decoding=\"async\" class=\"alignnone size-thumbnail wp-image-8455\" src=\"https:\/\/xn--judo-lbben-feb.de\/wp-content\/uploads\/2012\/10\/P1040697--150x150.jpg\" alt=\"P1040697\" width=\"150\" height=\"150\" srcset=\"https:\/\/xn--judo-lbben-feb.de\/wp-content\/uploads\/2012\/10\/P1040697--150x150.jpg 150w, https:\/\/xn--judo-lbben-feb.de\/wp-content\/uploads\/2012\/10\/P1040697--80x80.jpg 80w, https:\/\/xn--judo-lbben-feb.de\/wp-content\/uploads\/2012\/10\/P1040697--200x200.jpg 200w\" sizes=\"auto, (max-width: 150px) 100vw, 150px\" \/><\/a> <a href=\"https:\/\/xn--judo-lbben-feb.de\/wp-content\/uploads\/2012\/10\/P1040699-.jpg\"><img loading=\"lazy\" decoding=\"async\" class=\"alignnone size-thumbnail wp-image-8456\" src=\"https:\/\/xn--judo-lbben-feb.de\/wp-content\/uploads\/2012\/10\/P1040699--150x150.jpg\" alt=\"P1040699\" width=\"150\" height=\"150\" srcset=\"https:\/\/xn--judo-lbben-feb.de\/wp-content\/uploads\/2012\/10\/P1040699--150x150.jpg 150w, https:\/\/xn--judo-lbben-feb.de\/wp-content\/uploads\/2012\/10\/P1040699--80x80.jpg 80w, https:\/\/xn--judo-lbben-feb.de\/wp-content\/uploads\/2012\/10\/P1040699--200x200.jpg 200w\" sizes=\"auto, (max-width: 150px) 100vw, 150px\" \/><\/a> <a href=\"https:\/\/xn--judo-lbben-feb.de\/wp-content\/uploads\/2012\/10\/P1040702-.jpg\"><img loading=\"lazy\" decoding=\"async\" class=\"alignnone size-thumbnail wp-image-8457\" src=\"https:\/\/xn--judo-lbben-feb.de\/wp-content\/uploads\/2012\/10\/P1040702--150x150.jpg\" alt=\"P1040702\" width=\"150\" height=\"150\" srcset=\"https:\/\/xn--judo-lbben-feb.de\/wp-content\/uploads\/2012\/10\/P1040702--150x150.jpg 150w, https:\/\/xn--judo-lbben-feb.de\/wp-content\/uploads\/2012\/10\/P1040702--80x80.jpg 80w, https:\/\/xn--judo-lbben-feb.de\/wp-content\/uploads\/2012\/10\/P1040702--200x200.jpg 200w\" sizes=\"auto, (max-width: 150px) 100vw, 150px\" \/><\/a> <a href=\"https:\/\/xn--judo-lbben-feb.de\/wp-content\/uploads\/2012\/10\/P1040704-.jpg\"><img loading=\"lazy\" decoding=\"async\" class=\"alignnone size-thumbnail wp-image-8458\" src=\"https:\/\/xn--judo-lbben-feb.de\/wp-content\/uploads\/2012\/10\/P1040704--150x150.jpg\" alt=\"P1040704\" width=\"150\" height=\"150\" srcset=\"https:\/\/xn--judo-lbben-feb.de\/wp-content\/uploads\/2012\/10\/P1040704--150x150.jpg 150w, https:\/\/xn--judo-lbben-feb.de\/wp-content\/uploads\/2012\/10\/P1040704--80x80.jpg 80w, https:\/\/xn--judo-lbben-feb.de\/wp-content\/uploads\/2012\/10\/P1040704--200x200.jpg 200w\" sizes=\"auto, (max-width: 150px) 100vw, 150px\" \/><\/a> <a href=\"https:\/\/xn--judo-lbben-feb.de\/wp-content\/uploads\/2012\/10\/P1040707-.jpg\"><img loading=\"lazy\" decoding=\"async\" class=\"alignnone size-thumbnail wp-image-8459\" src=\"https:\/\/xn--judo-lbben-feb.de\/wp-content\/uploads\/2012\/10\/P1040707--150x150.jpg\" alt=\"P1040707\" width=\"150\" height=\"150\" srcset=\"https:\/\/xn--judo-lbben-feb.de\/wp-content\/uploads\/2012\/10\/P1040707--150x150.jpg 150w, https:\/\/xn--judo-lbben-feb.de\/wp-content\/uploads\/2012\/10\/P1040707--80x80.jpg 80w, https:\/\/xn--judo-lbben-feb.de\/wp-content\/uploads\/2012\/10\/P1040707--200x200.jpg 200w\" sizes=\"auto, (max-width: 150px) 100vw, 150px\" \/><\/a> <a href=\"https:\/\/xn--judo-lbben-feb.de\/wp-content\/uploads\/2012\/10\/P1040711-.jpg\"><img loading=\"lazy\" decoding=\"async\" class=\"alignnone size-thumbnail wp-image-8460\" src=\"https:\/\/xn--judo-lbben-feb.de\/wp-content\/uploads\/2012\/10\/P1040711--150x150.jpg\" alt=\"P1040711\" width=\"150\" height=\"150\" srcset=\"https:\/\/xn--judo-lbben-feb.de\/wp-content\/uploads\/2012\/10\/P1040711--150x150.jpg 150w, https:\/\/xn--judo-lbben-feb.de\/wp-content\/uploads\/2012\/10\/P1040711--80x80.jpg 80w, https:\/\/xn--judo-lbben-feb.de\/wp-content\/uploads\/2012\/10\/P1040711--200x200.jpg 200w\" sizes=\"auto, (max-width: 150px) 100vw, 150px\" \/><\/a> <a href=\"https:\/\/xn--judo-lbben-feb.de\/wp-content\/uploads\/2012\/10\/P1040717-.jpg\"><img loading=\"lazy\" decoding=\"async\" class=\"alignnone size-thumbnail wp-image-8461\" src=\"https:\/\/xn--judo-lbben-feb.de\/wp-content\/uploads\/2012\/10\/P1040717--150x150.jpg\" alt=\"P1040717\" width=\"150\" height=\"150\" srcset=\"https:\/\/xn--judo-lbben-feb.de\/wp-content\/uploads\/2012\/10\/P1040717--150x150.jpg 150w, https:\/\/xn--judo-lbben-feb.de\/wp-content\/uploads\/2012\/10\/P1040717--80x80.jpg 80w, https:\/\/xn--judo-lbben-feb.de\/wp-content\/uploads\/2012\/10\/P1040717--200x200.jpg 200w\" sizes=\"auto, (max-width: 150px) 100vw, 150px\" \/><\/a> <a href=\"https:\/\/xn--judo-lbben-feb.de\/wp-content\/uploads\/2012\/10\/P1040718-.jpg\"><img loading=\"lazy\" decoding=\"async\" class=\"alignnone size-thumbnail wp-image-8462\" src=\"https:\/\/xn--judo-lbben-feb.de\/wp-content\/uploads\/2012\/10\/P1040718--150x150.jpg\" alt=\"P1040718\" width=\"150\" height=\"150\" srcset=\"https:\/\/xn--judo-lbben-feb.de\/wp-content\/uploads\/2012\/10\/P1040718--150x150.jpg 150w, https:\/\/xn--judo-lbben-feb.de\/wp-content\/uploads\/2012\/10\/P1040718--80x80.jpg 80w, https:\/\/xn--judo-lbben-feb.de\/wp-content\/uploads\/2012\/10\/P1040718--200x200.jpg 200w\" sizes=\"auto, (max-width: 150px) 100vw, 150px\" \/><\/a><\/p>\n<p style=\"text-align: center;\"><strong>Unser Auftritt in Lubolz 27. Juni 2015<\/strong><\/p>\n<p style=\"text-align: center;\"><a href=\"https:\/\/xn--judo-lbben-feb.de\/wp-content\/uploads\/2015\/07\/P1040476-.jpg\"><img loading=\"lazy\" decoding=\"async\" class=\"alignnone size-thumbnail wp-image-8367\" src=\"https:\/\/xn--judo-lbben-feb.de\/wp-content\/uploads\/2015\/07\/P1040476--150x150.jpg\" alt=\"P1040476\" width=\"150\" height=\"150\" srcset=\"https:\/\/xn--judo-lbben-feb.de\/wp-content\/uploads\/2015\/07\/P1040476--150x150.jpg 150w, https:\/\/xn--judo-lbben-feb.de\/wp-content\/uploads\/2015\/07\/P1040476--80x80.jpg 80w, https:\/\/xn--judo-lbben-feb.de\/wp-content\/uploads\/2015\/07\/P1040476--200x200.jpg 200w\" sizes=\"auto, (max-width: 150px) 100vw, 150px\" \/><\/a> <a href=\"https:\/\/xn--judo-lbben-feb.de\/wp-content\/uploads\/2015\/07\/P1040477-.jpg\"><img loading=\"lazy\" decoding=\"async\" class=\"alignnone size-thumbnail wp-image-8368\" src=\"https:\/\/xn--judo-lbben-feb.de\/wp-content\/uploads\/2015\/07\/P1040477--150x150.jpg\" alt=\"P1040477\" width=\"150\" height=\"150\" srcset=\"https:\/\/xn--judo-lbben-feb.de\/wp-content\/uploads\/2015\/07\/P1040477--150x150.jpg 150w, https:\/\/xn--judo-lbben-feb.de\/wp-content\/uploads\/2015\/07\/P1040477--80x80.jpg 80w, https:\/\/xn--judo-lbben-feb.de\/wp-content\/uploads\/2015\/07\/P1040477--200x200.jpg 200w\" sizes=\"auto, (max-width: 150px) 100vw, 150px\" \/><\/a> <a href=\"https:\/\/xn--judo-lbben-feb.de\/wp-content\/uploads\/2015\/07\/P1040478-.jpg\"><img loading=\"lazy\" decoding=\"async\" class=\"alignnone size-thumbnail wp-image-8369\" src=\"https:\/\/xn--judo-lbben-feb.de\/wp-content\/uploads\/2015\/07\/P1040478--150x150.jpg\" alt=\"P1040478\" width=\"150\" height=\"150\" srcset=\"https:\/\/xn--judo-lbben-feb.de\/wp-content\/uploads\/2015\/07\/P1040478--150x150.jpg 150w, https:\/\/xn--judo-lbben-feb.de\/wp-content\/uploads\/2015\/07\/P1040478--80x80.jpg 80w, https:\/\/xn--judo-lbben-feb.de\/wp-content\/uploads\/2015\/07\/P1040478--200x200.jpg 200w\" sizes=\"auto, (max-width: 150px) 100vw, 150px\" \/><\/a> <a href=\"https:\/\/xn--judo-lbben-feb.de\/wp-content\/uploads\/2015\/07\/P1040496-.jpg\"><img loading=\"lazy\" decoding=\"async\" class=\"alignnone size-thumbnail wp-image-8370\" src=\"https:\/\/xn--judo-lbben-feb.de\/wp-content\/uploads\/2015\/07\/P1040496--150x150.jpg\" alt=\"P1040496\" width=\"150\" height=\"150\" srcset=\"https:\/\/xn--judo-lbben-feb.de\/wp-content\/uploads\/2015\/07\/P1040496--150x150.jpg 150w, https:\/\/xn--judo-lbben-feb.de\/wp-content\/uploads\/2015\/07\/P1040496--80x80.jpg 80w, https:\/\/xn--judo-lbben-feb.de\/wp-content\/uploads\/2015\/07\/P1040496--200x200.jpg 200w\" sizes=\"auto, (max-width: 150px) 100vw, 150px\" \/><\/a> <a href=\"https:\/\/xn--judo-lbben-feb.de\/wp-content\/uploads\/2015\/07\/P1040479-.jpg\"><img loading=\"lazy\" decoding=\"async\" class=\"alignnone size-thumbnail wp-image-8372\" src=\"https:\/\/xn--judo-lbben-feb.de\/wp-content\/uploads\/2015\/07\/P1040479--150x150.jpg\" alt=\"P1040479\" width=\"150\" height=\"150\" srcset=\"https:\/\/xn--judo-lbben-feb.de\/wp-content\/uploads\/2015\/07\/P1040479--150x150.jpg 150w, https:\/\/xn--judo-lbben-feb.de\/wp-content\/uploads\/2015\/07\/P1040479--80x80.jpg 80w, https:\/\/xn--judo-lbben-feb.de\/wp-content\/uploads\/2015\/07\/P1040479--200x200.jpg 200w\" sizes=\"auto, (max-width: 150px) 100vw, 150px\" \/><\/a> <a href=\"https:\/\/xn--judo-lbben-feb.de\/wp-content\/uploads\/2015\/07\/P1040480-.jpg\"><img loading=\"lazy\" decoding=\"async\" class=\"alignnone size-thumbnail wp-image-8373\" src=\"https:\/\/xn--judo-lbben-feb.de\/wp-content\/uploads\/2015\/07\/P1040480--150x150.jpg\" alt=\"P1040480\" width=\"150\" height=\"150\" srcset=\"https:\/\/xn--judo-lbben-feb.de\/wp-content\/uploads\/2015\/07\/P1040480--150x150.jpg 150w, https:\/\/xn--judo-lbben-feb.de\/wp-content\/uploads\/2015\/07\/P1040480--80x80.jpg 80w, https:\/\/xn--judo-lbben-feb.de\/wp-content\/uploads\/2015\/07\/P1040480--200x200.jpg 200w\" sizes=\"auto, (max-width: 150px) 100vw, 150px\" \/><\/a> <a href=\"https:\/\/xn--judo-lbben-feb.de\/wp-content\/uploads\/2015\/07\/P1040489-.jpg\"><img loading=\"lazy\" decoding=\"async\" class=\"alignnone size-thumbnail wp-image-8382\" src=\"https:\/\/xn--judo-lbben-feb.de\/wp-content\/uploads\/2015\/07\/P1040489--150x150.jpg\" alt=\"P1040489\" width=\"150\" height=\"150\" srcset=\"https:\/\/xn--judo-lbben-feb.de\/wp-content\/uploads\/2015\/07\/P1040489--150x150.jpg 150w, https:\/\/xn--judo-lbben-feb.de\/wp-content\/uploads\/2015\/07\/P1040489--80x80.jpg 80w, https:\/\/xn--judo-lbben-feb.de\/wp-content\/uploads\/2015\/07\/P1040489--200x200.jpg 200w\" sizes=\"auto, (max-width: 150px) 100vw, 150px\" \/><\/a> <a href=\"https:\/\/xn--judo-lbben-feb.de\/wp-content\/uploads\/2015\/07\/P1040488-.jpg\"><img loading=\"lazy\" decoding=\"async\" class=\"alignnone size-thumbnail wp-image-8381\" src=\"https:\/\/xn--judo-lbben-feb.de\/wp-content\/uploads\/2015\/07\/P1040488--150x150.jpg\" alt=\"P1040488\" width=\"150\" height=\"150\" srcset=\"https:\/\/xn--judo-lbben-feb.de\/wp-content\/uploads\/2015\/07\/P1040488--150x150.jpg 150w, https:\/\/xn--judo-lbben-feb.de\/wp-content\/uploads\/2015\/07\/P1040488--80x80.jpg 80w, https:\/\/xn--judo-lbben-feb.de\/wp-content\/uploads\/2015\/07\/P1040488--200x200.jpg 200w\" sizes=\"auto, (max-width: 150px) 100vw, 150px\" \/><\/a> <a href=\"https:\/\/xn--judo-lbben-feb.de\/wp-content\/uploads\/2015\/07\/P1040487-.jpg\"><img loading=\"lazy\" decoding=\"async\" class=\"alignnone size-thumbnail wp-image-8380\" src=\"https:\/\/xn--judo-lbben-feb.de\/wp-content\/uploads\/2015\/07\/P1040487--150x150.jpg\" alt=\"P1040487\" width=\"150\" height=\"150\" srcset=\"https:\/\/xn--judo-lbben-feb.de\/wp-content\/uploads\/2015\/07\/P1040487--150x150.jpg 150w, https:\/\/xn--judo-lbben-feb.de\/wp-content\/uploads\/2015\/07\/P1040487--80x80.jpg 80w, https:\/\/xn--judo-lbben-feb.de\/wp-content\/uploads\/2015\/07\/P1040487--200x200.jpg 200w\" sizes=\"auto, (max-width: 150px) 100vw, 150px\" \/><\/a> <a href=\"https:\/\/xn--judo-lbben-feb.de\/wp-content\/uploads\/2015\/07\/P1040486-.jpg\"><img loading=\"lazy\" decoding=\"async\" class=\"alignnone size-thumbnail wp-image-8379\" src=\"https:\/\/xn--judo-lbben-feb.de\/wp-content\/uploads\/2015\/07\/P1040486--150x150.jpg\" alt=\"P1040486\" width=\"150\" height=\"150\" srcset=\"https:\/\/xn--judo-lbben-feb.de\/wp-content\/uploads\/2015\/07\/P1040486--150x150.jpg 150w, https:\/\/xn--judo-lbben-feb.de\/wp-content\/uploads\/2015\/07\/P1040486--80x80.jpg 80w, https:\/\/xn--judo-lbben-feb.de\/wp-content\/uploads\/2015\/07\/P1040486--200x200.jpg 200w\" sizes=\"auto, (max-width: 150px) 100vw, 150px\" \/><\/a> <a href=\"https:\/\/xn--judo-lbben-feb.de\/wp-content\/uploads\/2015\/07\/P1040485-.jpg\"><img loading=\"lazy\" decoding=\"async\" class=\"alignnone size-thumbnail wp-image-8378\" src=\"https:\/\/xn--judo-lbben-feb.de\/wp-content\/uploads\/2015\/07\/P1040485--150x150.jpg\" alt=\"P1040485\" width=\"150\" height=\"150\" srcset=\"https:\/\/xn--judo-lbben-feb.de\/wp-content\/uploads\/2015\/07\/P1040485--150x150.jpg 150w, https:\/\/xn--judo-lbben-feb.de\/wp-content\/uploads\/2015\/07\/P1040485--80x80.jpg 80w, https:\/\/xn--judo-lbben-feb.de\/wp-content\/uploads\/2015\/07\/P1040485--200x200.jpg 200w\" sizes=\"auto, (max-width: 150px) 100vw, 150px\" \/><\/a> <a href=\"https:\/\/xn--judo-lbben-feb.de\/wp-content\/uploads\/2015\/07\/P1040484-.jpg\"><img loading=\"lazy\" decoding=\"async\" class=\"alignnone size-thumbnail wp-image-8377\" src=\"https:\/\/xn--judo-lbben-feb.de\/wp-content\/uploads\/2015\/07\/P1040484--150x150.jpg\" alt=\"P1040484\" width=\"150\" height=\"150\" srcset=\"https:\/\/xn--judo-lbben-feb.de\/wp-content\/uploads\/2015\/07\/P1040484--150x150.jpg 150w, https:\/\/xn--judo-lbben-feb.de\/wp-content\/uploads\/2015\/07\/P1040484--80x80.jpg 80w, https:\/\/xn--judo-lbben-feb.de\/wp-content\/uploads\/2015\/07\/P1040484--200x200.jpg 200w\" sizes=\"auto, (max-width: 150px) 100vw, 150px\" \/><\/a> <a href=\"https:\/\/xn--judo-lbben-feb.de\/wp-content\/uploads\/2015\/07\/P1040483-.jpg\"><img loading=\"lazy\" decoding=\"async\" class=\"alignnone size-thumbnail wp-image-8376\" src=\"https:\/\/xn--judo-lbben-feb.de\/wp-content\/uploads\/2015\/07\/P1040483--150x150.jpg\" alt=\"P1040483\" width=\"150\" height=\"150\" srcset=\"https:\/\/xn--judo-lbben-feb.de\/wp-content\/uploads\/2015\/07\/P1040483--150x150.jpg 150w, https:\/\/xn--judo-lbben-feb.de\/wp-content\/uploads\/2015\/07\/P1040483--80x80.jpg 80w, https:\/\/xn--judo-lbben-feb.de\/wp-content\/uploads\/2015\/07\/P1040483--200x200.jpg 200w\" sizes=\"auto, (max-width: 150px) 100vw, 150px\" \/><\/a> <a href=\"https:\/\/xn--judo-lbben-feb.de\/wp-content\/uploads\/2015\/07\/P1040482-.jpg\"><img loading=\"lazy\" decoding=\"async\" class=\"alignnone size-thumbnail wp-image-8375\" src=\"https:\/\/xn--judo-lbben-feb.de\/wp-content\/uploads\/2015\/07\/P1040482--150x150.jpg\" alt=\"P1040482\" width=\"150\" height=\"150\" srcset=\"https:\/\/xn--judo-lbben-feb.de\/wp-content\/uploads\/2015\/07\/P1040482--150x150.jpg 150w, https:\/\/xn--judo-lbben-feb.de\/wp-content\/uploads\/2015\/07\/P1040482--80x80.jpg 80w, https:\/\/xn--judo-lbben-feb.de\/wp-content\/uploads\/2015\/07\/P1040482--200x200.jpg 200w\" sizes=\"auto, (max-width: 150px) 100vw, 150px\" \/><\/a> <a href=\"https:\/\/xn--judo-lbben-feb.de\/wp-content\/uploads\/2015\/07\/P1040481-.jpg\"><img loading=\"lazy\" decoding=\"async\" class=\"alignnone size-thumbnail wp-image-8374\" src=\"https:\/\/xn--judo-lbben-feb.de\/wp-content\/uploads\/2015\/07\/P1040481--150x150.jpg\" alt=\"P1040481\" width=\"150\" height=\"150\" srcset=\"https:\/\/xn--judo-lbben-feb.de\/wp-content\/uploads\/2015\/07\/P1040481--150x150.jpg 150w, https:\/\/xn--judo-lbben-feb.de\/wp-content\/uploads\/2015\/07\/P1040481--80x80.jpg 80w, https:\/\/xn--judo-lbben-feb.de\/wp-content\/uploads\/2015\/07\/P1040481--200x200.jpg 200w\" sizes=\"auto, (max-width: 150px) 100vw, 150px\" \/><\/a> <a href=\"https:\/\/xn--judo-lbben-feb.de\/wp-content\/uploads\/2015\/07\/P1040490-.jpg\"><img loading=\"lazy\" decoding=\"async\" class=\"alignnone size-thumbnail wp-image-8383\" src=\"https:\/\/xn--judo-lbben-feb.de\/wp-content\/uploads\/2015\/07\/P1040490--150x150.jpg\" alt=\"P1040490\" width=\"150\" height=\"150\" srcset=\"https:\/\/xn--judo-lbben-feb.de\/wp-content\/uploads\/2015\/07\/P1040490--150x150.jpg 150w, https:\/\/xn--judo-lbben-feb.de\/wp-content\/uploads\/2015\/07\/P1040490--80x80.jpg 80w, https:\/\/xn--judo-lbben-feb.de\/wp-content\/uploads\/2015\/07\/P1040490--200x200.jpg 200w\" sizes=\"auto, (max-width: 150px) 100vw, 150px\" \/><\/a> <a href=\"https:\/\/xn--judo-lbben-feb.de\/wp-content\/uploads\/2015\/07\/P1040491-.jpg\"><img loading=\"lazy\" decoding=\"async\" class=\"alignnone size-thumbnail wp-image-8384\" src=\"https:\/\/xn--judo-lbben-feb.de\/wp-content\/uploads\/2015\/07\/P1040491--150x150.jpg\" alt=\"P1040491\" width=\"150\" height=\"150\" srcset=\"https:\/\/xn--judo-lbben-feb.de\/wp-content\/uploads\/2015\/07\/P1040491--150x150.jpg 150w, https:\/\/xn--judo-lbben-feb.de\/wp-content\/uploads\/2015\/07\/P1040491--80x80.jpg 80w, https:\/\/xn--judo-lbben-feb.de\/wp-content\/uploads\/2015\/07\/P1040491--200x200.jpg 200w\" sizes=\"auto, (max-width: 150px) 100vw, 150px\" \/><\/a> <a href=\"https:\/\/xn--judo-lbben-feb.de\/wp-content\/uploads\/2015\/07\/P1040492-.jpg\"><img loading=\"lazy\" decoding=\"async\" class=\"alignnone size-thumbnail wp-image-8385\" src=\"https:\/\/xn--judo-lbben-feb.de\/wp-content\/uploads\/2015\/07\/P1040492--150x150.jpg\" alt=\"P1040492\" width=\"150\" height=\"150\" srcset=\"https:\/\/xn--judo-lbben-feb.de\/wp-content\/uploads\/2015\/07\/P1040492--150x150.jpg 150w, https:\/\/xn--judo-lbben-feb.de\/wp-content\/uploads\/2015\/07\/P1040492--80x80.jpg 80w, https:\/\/xn--judo-lbben-feb.de\/wp-content\/uploads\/2015\/07\/P1040492--200x200.jpg 200w\" sizes=\"auto, (max-width: 150px) 100vw, 150px\" \/><\/a> <a href=\"https:\/\/xn--judo-lbben-feb.de\/wp-content\/uploads\/2015\/07\/P1040493-.jpg\"><img loading=\"lazy\" decoding=\"async\" class=\"alignnone size-thumbnail wp-image-8386\" src=\"https:\/\/xn--judo-lbben-feb.de\/wp-content\/uploads\/2015\/07\/P1040493--150x150.jpg\" alt=\"P1040493\" width=\"150\" height=\"150\" srcset=\"https:\/\/xn--judo-lbben-feb.de\/wp-content\/uploads\/2015\/07\/P1040493--150x150.jpg 150w, https:\/\/xn--judo-lbben-feb.de\/wp-content\/uploads\/2015\/07\/P1040493--80x80.jpg 80w, https:\/\/xn--judo-lbben-feb.de\/wp-content\/uploads\/2015\/07\/P1040493--200x200.jpg 200w\" sizes=\"auto, (max-width: 150px) 100vw, 150px\" \/><\/a> <a href=\"https:\/\/xn--judo-lbben-feb.de\/wp-content\/uploads\/2015\/07\/P1040494-.jpg\"><img loading=\"lazy\" decoding=\"async\" class=\"alignnone size-thumbnail wp-image-8387\" src=\"https:\/\/xn--judo-lbben-feb.de\/wp-content\/uploads\/2015\/07\/P1040494--150x150.jpg\" alt=\"P1040494\" width=\"150\" height=\"150\" srcset=\"https:\/\/xn--judo-lbben-feb.de\/wp-content\/uploads\/2015\/07\/P1040494--150x150.jpg 150w, https:\/\/xn--judo-lbben-feb.de\/wp-content\/uploads\/2015\/07\/P1040494--80x80.jpg 80w, https:\/\/xn--judo-lbben-feb.de\/wp-content\/uploads\/2015\/07\/P1040494--200x200.jpg 200w\" sizes=\"auto, (max-width: 150px) 100vw, 150px\" \/><\/a> <a href=\"https:\/\/xn--judo-lbben-feb.de\/wp-content\/uploads\/2015\/07\/P1040495-.jpg\"><img loading=\"lazy\" decoding=\"async\" class=\"alignnone size-thumbnail wp-image-8388\" src=\"https:\/\/xn--judo-lbben-feb.de\/wp-content\/uploads\/2015\/07\/P1040495--150x150.jpg\" alt=\"P1040495\" width=\"150\" height=\"150\" srcset=\"https:\/\/xn--judo-lbben-feb.de\/wp-content\/uploads\/2015\/07\/P1040495--150x150.jpg 150w, https:\/\/xn--judo-lbben-feb.de\/wp-content\/uploads\/2015\/07\/P1040495--80x80.jpg 80w, https:\/\/xn--judo-lbben-feb.de\/wp-content\/uploads\/2015\/07\/P1040495--200x200.jpg 200w\" sizes=\"auto, (max-width: 150px) 100vw, 150px\" \/><\/a> <a href=\"https:\/\/xn--judo-lbben-feb.de\/wp-content\/uploads\/2015\/07\/P1040497-.jpg\"><img loading=\"lazy\" decoding=\"async\" class=\"alignnone size-thumbnail wp-image-8389\" src=\"https:\/\/xn--judo-lbben-feb.de\/wp-content\/uploads\/2015\/07\/P1040497--150x150.jpg\" alt=\"P1040497\" width=\"150\" height=\"150\" srcset=\"https:\/\/xn--judo-lbben-feb.de\/wp-content\/uploads\/2015\/07\/P1040497--150x150.jpg 150w, https:\/\/xn--judo-lbben-feb.de\/wp-content\/uploads\/2015\/07\/P1040497--80x80.jpg 80w, https:\/\/xn--judo-lbben-feb.de\/wp-content\/uploads\/2015\/07\/P1040497--200x200.jpg 200w\" sizes=\"auto, (max-width: 150px) 100vw, 150px\" \/><\/a> <a href=\"https:\/\/xn--judo-lbben-feb.de\/wp-content\/uploads\/2015\/07\/P1040498-.jpg\"><img loading=\"lazy\" decoding=\"async\" class=\"alignnone size-thumbnail wp-image-8390\" src=\"https:\/\/xn--judo-lbben-feb.de\/wp-content\/uploads\/2015\/07\/P1040498--150x150.jpg\" alt=\"P1040498\" width=\"150\" height=\"150\" srcset=\"https:\/\/xn--judo-lbben-feb.de\/wp-content\/uploads\/2015\/07\/P1040498--150x150.jpg 150w, https:\/\/xn--judo-lbben-feb.de\/wp-content\/uploads\/2015\/07\/P1040498--80x80.jpg 80w, https:\/\/xn--judo-lbben-feb.de\/wp-content\/uploads\/2015\/07\/P1040498--200x200.jpg 200w\" sizes=\"auto, (max-width: 150px) 100vw, 150px\" \/><\/a> <a href=\"https:\/\/xn--judo-lbben-feb.de\/wp-content\/uploads\/2015\/07\/P1040500-.jpg\"><img loading=\"lazy\" decoding=\"async\" class=\"alignnone size-thumbnail wp-image-8391\" src=\"https:\/\/xn--judo-lbben-feb.de\/wp-content\/uploads\/2015\/07\/P1040500--150x150.jpg\" alt=\"P1040500\" width=\"150\" height=\"150\" srcset=\"https:\/\/xn--judo-lbben-feb.de\/wp-content\/uploads\/2015\/07\/P1040500--150x150.jpg 150w, https:\/\/xn--judo-lbben-feb.de\/wp-content\/uploads\/2015\/07\/P1040500--80x80.jpg 80w, https:\/\/xn--judo-lbben-feb.de\/wp-content\/uploads\/2015\/07\/P1040500--200x200.jpg 200w\" sizes=\"auto, (max-width: 150px) 100vw, 150px\" \/><\/a> <a href=\"https:\/\/xn--judo-lbben-feb.de\/wp-content\/uploads\/2015\/07\/P1040509-.jpg\"><img loading=\"lazy\" decoding=\"async\" class=\"alignnone size-thumbnail wp-image-8400\" src=\"https:\/\/xn--judo-lbben-feb.de\/wp-content\/uploads\/2015\/07\/P1040509--150x150.jpg\" alt=\"P1040509\" width=\"150\" height=\"150\" srcset=\"https:\/\/xn--judo-lbben-feb.de\/wp-content\/uploads\/2015\/07\/P1040509--150x150.jpg 150w, https:\/\/xn--judo-lbben-feb.de\/wp-content\/uploads\/2015\/07\/P1040509--80x80.jpg 80w, https:\/\/xn--judo-lbben-feb.de\/wp-content\/uploads\/2015\/07\/P1040509--200x200.jpg 200w\" sizes=\"auto, (max-width: 150px) 100vw, 150px\" \/><\/a> <a href=\"https:\/\/xn--judo-lbben-feb.de\/wp-content\/uploads\/2015\/07\/P1040508-.jpg\"><img loading=\"lazy\" decoding=\"async\" class=\"alignnone size-thumbnail wp-image-8399\" src=\"https:\/\/xn--judo-lbben-feb.de\/wp-content\/uploads\/2015\/07\/P1040508--150x150.jpg\" alt=\"P1040508\" width=\"150\" height=\"150\" srcset=\"https:\/\/xn--judo-lbben-feb.de\/wp-content\/uploads\/2015\/07\/P1040508--150x150.jpg 150w, https:\/\/xn--judo-lbben-feb.de\/wp-content\/uploads\/2015\/07\/P1040508--80x80.jpg 80w, https:\/\/xn--judo-lbben-feb.de\/wp-content\/uploads\/2015\/07\/P1040508--200x200.jpg 200w\" sizes=\"auto, (max-width: 150px) 100vw, 150px\" \/><\/a> <a href=\"https:\/\/xn--judo-lbben-feb.de\/wp-content\/uploads\/2015\/07\/P1040507-.jpg\"><img loading=\"lazy\" decoding=\"async\" class=\"alignnone size-thumbnail wp-image-8398\" src=\"https:\/\/xn--judo-lbben-feb.de\/wp-content\/uploads\/2015\/07\/P1040507--150x150.jpg\" alt=\"P1040507\" width=\"150\" height=\"150\" srcset=\"https:\/\/xn--judo-lbben-feb.de\/wp-content\/uploads\/2015\/07\/P1040507--150x150.jpg 150w, https:\/\/xn--judo-lbben-feb.de\/wp-content\/uploads\/2015\/07\/P1040507--80x80.jpg 80w, https:\/\/xn--judo-lbben-feb.de\/wp-content\/uploads\/2015\/07\/P1040507--200x200.jpg 200w\" sizes=\"auto, (max-width: 150px) 100vw, 150px\" \/><\/a> <a href=\"https:\/\/xn--judo-lbben-feb.de\/wp-content\/uploads\/2015\/07\/P1040506-.jpg\"><img loading=\"lazy\" decoding=\"async\" class=\"alignnone size-thumbnail wp-image-8397\" src=\"https:\/\/xn--judo-lbben-feb.de\/wp-content\/uploads\/2015\/07\/P1040506--150x150.jpg\" alt=\"P1040506\" width=\"150\" height=\"150\" srcset=\"https:\/\/xn--judo-lbben-feb.de\/wp-content\/uploads\/2015\/07\/P1040506--150x150.jpg 150w, https:\/\/xn--judo-lbben-feb.de\/wp-content\/uploads\/2015\/07\/P1040506--80x80.jpg 80w, https:\/\/xn--judo-lbben-feb.de\/wp-content\/uploads\/2015\/07\/P1040506--200x200.jpg 200w\" sizes=\"auto, (max-width: 150px) 100vw, 150px\" \/><\/a> <a href=\"https:\/\/xn--judo-lbben-feb.de\/wp-content\/uploads\/2015\/07\/P1040505-.jpg\"><img loading=\"lazy\" decoding=\"async\" class=\"alignnone size-thumbnail wp-image-8396\" src=\"https:\/\/xn--judo-lbben-feb.de\/wp-content\/uploads\/2015\/07\/P1040505--150x150.jpg\" alt=\"P1040505\" width=\"150\" height=\"150\" srcset=\"https:\/\/xn--judo-lbben-feb.de\/wp-content\/uploads\/2015\/07\/P1040505--150x150.jpg 150w, https:\/\/xn--judo-lbben-feb.de\/wp-content\/uploads\/2015\/07\/P1040505--80x80.jpg 80w, https:\/\/xn--judo-lbben-feb.de\/wp-content\/uploads\/2015\/07\/P1040505--200x200.jpg 200w\" sizes=\"auto, (max-width: 150px) 100vw, 150px\" \/><\/a> <a href=\"https:\/\/xn--judo-lbben-feb.de\/wp-content\/uploads\/2015\/07\/P1040504-.jpg\"><img loading=\"lazy\" decoding=\"async\" class=\"alignnone size-thumbnail wp-image-8395\" src=\"https:\/\/xn--judo-lbben-feb.de\/wp-content\/uploads\/2015\/07\/P1040504--150x150.jpg\" alt=\"P1040504\" width=\"150\" height=\"150\" srcset=\"https:\/\/xn--judo-lbben-feb.de\/wp-content\/uploads\/2015\/07\/P1040504--150x150.jpg 150w, https:\/\/xn--judo-lbben-feb.de\/wp-content\/uploads\/2015\/07\/P1040504--80x80.jpg 80w, https:\/\/xn--judo-lbben-feb.de\/wp-content\/uploads\/2015\/07\/P1040504--200x200.jpg 200w\" sizes=\"auto, (max-width: 150px) 100vw, 150px\" \/><\/a> <a href=\"https:\/\/xn--judo-lbben-feb.de\/wp-content\/uploads\/2015\/07\/P1040503-.jpg\"><img loading=\"lazy\" decoding=\"async\" class=\"alignnone size-thumbnail wp-image-8394\" src=\"https:\/\/xn--judo-lbben-feb.de\/wp-content\/uploads\/2015\/07\/P1040503--150x150.jpg\" alt=\"P1040503\" width=\"150\" height=\"150\" srcset=\"https:\/\/xn--judo-lbben-feb.de\/wp-content\/uploads\/2015\/07\/P1040503--150x150.jpg 150w, https:\/\/xn--judo-lbben-feb.de\/wp-content\/uploads\/2015\/07\/P1040503--80x80.jpg 80w, https:\/\/xn--judo-lbben-feb.de\/wp-content\/uploads\/2015\/07\/P1040503--200x200.jpg 200w\" sizes=\"auto, (max-width: 150px) 100vw, 150px\" \/><\/a> <a href=\"https:\/\/xn--judo-lbben-feb.de\/wp-content\/uploads\/2015\/07\/P1040502-.jpg\"><img loading=\"lazy\" decoding=\"async\" class=\"alignnone size-thumbnail wp-image-8393\" src=\"https:\/\/xn--judo-lbben-feb.de\/wp-content\/uploads\/2015\/07\/P1040502--150x150.jpg\" alt=\"P1040502\" width=\"150\" height=\"150\" srcset=\"https:\/\/xn--judo-lbben-feb.de\/wp-content\/uploads\/2015\/07\/P1040502--150x150.jpg 150w, https:\/\/xn--judo-lbben-feb.de\/wp-content\/uploads\/2015\/07\/P1040502--80x80.jpg 80w, https:\/\/xn--judo-lbben-feb.de\/wp-content\/uploads\/2015\/07\/P1040502--200x200.jpg 200w\" sizes=\"auto, (max-width: 150px) 100vw, 150px\" \/><\/a> <a href=\"https:\/\/xn--judo-lbben-feb.de\/wp-content\/uploads\/2015\/07\/P1040501-.jpg\"><img loading=\"lazy\" decoding=\"async\" class=\"alignnone size-thumbnail wp-image-8392\" src=\"https:\/\/xn--judo-lbben-feb.de\/wp-content\/uploads\/2015\/07\/P1040501--150x150.jpg\" alt=\"P1040501\" width=\"150\" height=\"150\" srcset=\"https:\/\/xn--judo-lbben-feb.de\/wp-content\/uploads\/2015\/07\/P1040501--150x150.jpg 150w, https:\/\/xn--judo-lbben-feb.de\/wp-content\/uploads\/2015\/07\/P1040501--80x80.jpg 80w, https:\/\/xn--judo-lbben-feb.de\/wp-content\/uploads\/2015\/07\/P1040501--200x200.jpg 200w\" sizes=\"auto, (max-width: 150px) 100vw, 150px\" \/><\/a> <a href=\"https:\/\/xn--judo-lbben-feb.de\/wp-content\/uploads\/2015\/07\/P1040510-.jpg\"><img loading=\"lazy\" decoding=\"async\" class=\"alignnone size-thumbnail wp-image-8401\" src=\"https:\/\/xn--judo-lbben-feb.de\/wp-content\/uploads\/2015\/07\/P1040510--150x150.jpg\" alt=\"P1040510\" width=\"150\" height=\"150\" srcset=\"https:\/\/xn--judo-lbben-feb.de\/wp-content\/uploads\/2015\/07\/P1040510--150x150.jpg 150w, https:\/\/xn--judo-lbben-feb.de\/wp-content\/uploads\/2015\/07\/P1040510--80x80.jpg 80w, https:\/\/xn--judo-lbben-feb.de\/wp-content\/uploads\/2015\/07\/P1040510--200x200.jpg 200w\" sizes=\"auto, (max-width: 150px) 100vw, 150px\" \/><\/a> <a href=\"https:\/\/xn--judo-lbben-feb.de\/wp-content\/uploads\/2015\/07\/P1040511-.jpg\"><img loading=\"lazy\" decoding=\"async\" class=\"alignnone size-thumbnail wp-image-8402\" src=\"https:\/\/xn--judo-lbben-feb.de\/wp-content\/uploads\/2015\/07\/P1040511--150x150.jpg\" alt=\"P1040511\" width=\"150\" height=\"150\" srcset=\"https:\/\/xn--judo-lbben-feb.de\/wp-content\/uploads\/2015\/07\/P1040511--150x150.jpg 150w, https:\/\/xn--judo-lbben-feb.de\/wp-content\/uploads\/2015\/07\/P1040511--80x80.jpg 80w, https:\/\/xn--judo-lbben-feb.de\/wp-content\/uploads\/2015\/07\/P1040511--200x200.jpg 200w\" sizes=\"auto, (max-width: 150px) 100vw, 150px\" \/><\/a> <a href=\"https:\/\/xn--judo-lbben-feb.de\/wp-content\/uploads\/2015\/07\/P1040512-.jpg\"><img loading=\"lazy\" decoding=\"async\" class=\"alignnone size-thumbnail wp-image-8403\" src=\"https:\/\/xn--judo-lbben-feb.de\/wp-content\/uploads\/2015\/07\/P1040512--150x150.jpg\" alt=\"P1040512\" width=\"150\" height=\"150\" srcset=\"https:\/\/xn--judo-lbben-feb.de\/wp-content\/uploads\/2015\/07\/P1040512--150x150.jpg 150w, https:\/\/xn--judo-lbben-feb.de\/wp-content\/uploads\/2015\/07\/P1040512--80x80.jpg 80w, https:\/\/xn--judo-lbben-feb.de\/wp-content\/uploads\/2015\/07\/P1040512--200x200.jpg 200w\" sizes=\"auto, (max-width: 150px) 100vw, 150px\" \/><\/a> <a href=\"https:\/\/xn--judo-lbben-feb.de\/wp-content\/uploads\/2015\/07\/P1040513-.jpg\"><img loading=\"lazy\" decoding=\"async\" class=\"alignnone size-thumbnail wp-image-8404\" src=\"https:\/\/xn--judo-lbben-feb.de\/wp-content\/uploads\/2015\/07\/P1040513--150x150.jpg\" alt=\"P1040513\" width=\"150\" height=\"150\" srcset=\"https:\/\/xn--judo-lbben-feb.de\/wp-content\/uploads\/2015\/07\/P1040513--150x150.jpg 150w, https:\/\/xn--judo-lbben-feb.de\/wp-content\/uploads\/2015\/07\/P1040513--80x80.jpg 80w, https:\/\/xn--judo-lbben-feb.de\/wp-content\/uploads\/2015\/07\/P1040513--200x200.jpg 200w\" sizes=\"auto, (max-width: 150px) 100vw, 150px\" \/><\/a> <a href=\"https:\/\/xn--judo-lbben-feb.de\/wp-content\/uploads\/2015\/07\/P1040514-.jpg\"><img loading=\"lazy\" decoding=\"async\" class=\"alignnone size-thumbnail wp-image-8405\" src=\"https:\/\/xn--judo-lbben-feb.de\/wp-content\/uploads\/2015\/07\/P1040514--150x150.jpg\" alt=\"P1040514\" width=\"150\" height=\"150\" srcset=\"https:\/\/xn--judo-lbben-feb.de\/wp-content\/uploads\/2015\/07\/P1040514--150x150.jpg 150w, https:\/\/xn--judo-lbben-feb.de\/wp-content\/uploads\/2015\/07\/P1040514--80x80.jpg 80w, https:\/\/xn--judo-lbben-feb.de\/wp-content\/uploads\/2015\/07\/P1040514--200x200.jpg 200w\" sizes=\"auto, (max-width: 150px) 100vw, 150px\" \/><\/a> <a href=\"https:\/\/xn--judo-lbben-feb.de\/wp-content\/uploads\/2015\/07\/P1040515-.jpg\"><img loading=\"lazy\" decoding=\"async\" class=\"alignnone size-thumbnail wp-image-8406\" src=\"https:\/\/xn--judo-lbben-feb.de\/wp-content\/uploads\/2015\/07\/P1040515--150x150.jpg\" alt=\"P1040515\" width=\"150\" height=\"150\" srcset=\"https:\/\/xn--judo-lbben-feb.de\/wp-content\/uploads\/2015\/07\/P1040515--150x150.jpg 150w, https:\/\/xn--judo-lbben-feb.de\/wp-content\/uploads\/2015\/07\/P1040515--80x80.jpg 80w, https:\/\/xn--judo-lbben-feb.de\/wp-content\/uploads\/2015\/07\/P1040515--200x200.jpg 200w\" sizes=\"auto, (max-width: 150px) 100vw, 150px\" \/><\/a> <a href=\"https:\/\/xn--judo-lbben-feb.de\/wp-content\/uploads\/2015\/07\/P1040516-.jpg\"><img loading=\"lazy\" decoding=\"async\" class=\"alignnone size-thumbnail wp-image-8407\" src=\"https:\/\/xn--judo-lbben-feb.de\/wp-content\/uploads\/2015\/07\/P1040516--150x150.jpg\" alt=\"P1040516\" width=\"150\" height=\"150\" srcset=\"https:\/\/xn--judo-lbben-feb.de\/wp-content\/uploads\/2015\/07\/P1040516--150x150.jpg 150w, https:\/\/xn--judo-lbben-feb.de\/wp-content\/uploads\/2015\/07\/P1040516--80x80.jpg 80w, https:\/\/xn--judo-lbben-feb.de\/wp-content\/uploads\/2015\/07\/P1040516--200x200.jpg 200w\" sizes=\"auto, (max-width: 150px) 100vw, 150px\" \/><\/a> <a href=\"https:\/\/xn--judo-lbben-feb.de\/wp-content\/uploads\/2015\/07\/P1040517-.jpg\"><img loading=\"lazy\" decoding=\"async\" class=\"alignnone size-thumbnail wp-image-8408\" src=\"https:\/\/xn--judo-lbben-feb.de\/wp-content\/uploads\/2015\/07\/P1040517--150x150.jpg\" alt=\"P1040517\" width=\"150\" height=\"150\" srcset=\"https:\/\/xn--judo-lbben-feb.de\/wp-content\/uploads\/2015\/07\/P1040517--150x150.jpg 150w, https:\/\/xn--judo-lbben-feb.de\/wp-content\/uploads\/2015\/07\/P1040517--80x80.jpg 80w, https:\/\/xn--judo-lbben-feb.de\/wp-content\/uploads\/2015\/07\/P1040517--200x200.jpg 200w\" sizes=\"auto, (max-width: 150px) 100vw, 150px\" \/><\/a> <a href=\"https:\/\/xn--judo-lbben-feb.de\/wp-content\/uploads\/2015\/07\/P1040518-.jpg\"><img loading=\"lazy\" decoding=\"async\" class=\"alignnone size-thumbnail wp-image-8409\" src=\"https:\/\/xn--judo-lbben-feb.de\/wp-content\/uploads\/2015\/07\/P1040518--150x150.jpg\" alt=\"P1040518\" width=\"150\" height=\"150\" srcset=\"https:\/\/xn--judo-lbben-feb.de\/wp-content\/uploads\/2015\/07\/P1040518--150x150.jpg 150w, https:\/\/xn--judo-lbben-feb.de\/wp-content\/uploads\/2015\/07\/P1040518--80x80.jpg 80w, https:\/\/xn--judo-lbben-feb.de\/wp-content\/uploads\/2015\/07\/P1040518--200x200.jpg 200w\" sizes=\"auto, (max-width: 150px) 100vw, 150px\" \/><\/a><\/p>\n<p style=\"text-align: center;\"><strong>Kuzushi pr\u00e4sentiert sich beim Tag der Vereine im Blauen Wunder 05. Juli 2015<br \/>\n<\/strong><\/p>\n<p style=\"text-align: center;\"><a href=\"https:\/\/xn--judo-lbben-feb.de\/wp-content\/uploads\/2012\/10\/DSC05201-.jpg\"><img loading=\"lazy\" decoding=\"async\" class=\"alignnone size-thumbnail wp-image-8215\" src=\"https:\/\/xn--judo-lbben-feb.de\/wp-content\/uploads\/2012\/10\/DSC05201--150x150.jpg\" alt=\"DSC05201\" width=\"150\" height=\"150\" srcset=\"https:\/\/xn--judo-lbben-feb.de\/wp-content\/uploads\/2012\/10\/DSC05201--150x150.jpg 150w, https:\/\/xn--judo-lbben-feb.de\/wp-content\/uploads\/2012\/10\/DSC05201--80x80.jpg 80w, https:\/\/xn--judo-lbben-feb.de\/wp-content\/uploads\/2012\/10\/DSC05201--200x200.jpg 200w\" sizes=\"auto, (max-width: 150px) 100vw, 150px\" \/><\/a> <a href=\"https:\/\/xn--judo-lbben-feb.de\/wp-content\/uploads\/2012\/10\/DSC05202-.jpg\"><img loading=\"lazy\" decoding=\"async\" class=\"alignnone size-thumbnail wp-image-8216\" src=\"https:\/\/xn--judo-lbben-feb.de\/wp-content\/uploads\/2012\/10\/DSC05202--150x150.jpg\" alt=\"DSC05202\" width=\"150\" height=\"150\" srcset=\"https:\/\/xn--judo-lbben-feb.de\/wp-content\/uploads\/2012\/10\/DSC05202--150x150.jpg 150w, https:\/\/xn--judo-lbben-feb.de\/wp-content\/uploads\/2012\/10\/DSC05202--80x80.jpg 80w, https:\/\/xn--judo-lbben-feb.de\/wp-content\/uploads\/2012\/10\/DSC05202--200x200.jpg 200w\" sizes=\"auto, (max-width: 150px) 100vw, 150px\" \/><\/a> <a href=\"https:\/\/xn--judo-lbben-feb.de\/wp-content\/uploads\/2012\/10\/DSC05203-.jpg\"><img loading=\"lazy\" decoding=\"async\" class=\"alignnone size-thumbnail wp-image-8217\" src=\"https:\/\/xn--judo-lbben-feb.de\/wp-content\/uploads\/2012\/10\/DSC05203--150x150.jpg\" alt=\"DSC05203\" width=\"150\" height=\"150\" srcset=\"https:\/\/xn--judo-lbben-feb.de\/wp-content\/uploads\/2012\/10\/DSC05203--150x150.jpg 150w, https:\/\/xn--judo-lbben-feb.de\/wp-content\/uploads\/2012\/10\/DSC05203--80x80.jpg 80w, https:\/\/xn--judo-lbben-feb.de\/wp-content\/uploads\/2012\/10\/DSC05203--200x200.jpg 200w\" sizes=\"auto, (max-width: 150px) 100vw, 150px\" \/><\/a> <a href=\"https:\/\/xn--judo-lbben-feb.de\/wp-content\/uploads\/2012\/10\/DSC05204-.jpg\"><img loading=\"lazy\" decoding=\"async\" class=\"alignnone size-thumbnail wp-image-8218\" src=\"https:\/\/xn--judo-lbben-feb.de\/wp-content\/uploads\/2012\/10\/DSC05204--150x150.jpg\" alt=\"DSC05204\" width=\"150\" height=\"150\" srcset=\"https:\/\/xn--judo-lbben-feb.de\/wp-content\/uploads\/2012\/10\/DSC05204--150x150.jpg 150w, https:\/\/xn--judo-lbben-feb.de\/wp-content\/uploads\/2012\/10\/DSC05204--80x80.jpg 80w, https:\/\/xn--judo-lbben-feb.de\/wp-content\/uploads\/2012\/10\/DSC05204--200x200.jpg 200w\" sizes=\"auto, (max-width: 150px) 100vw, 150px\" \/><\/a> <a href=\"https:\/\/xn--judo-lbben-feb.de\/wp-content\/uploads\/2012\/10\/DSC05205-.jpg\"><img loading=\"lazy\" decoding=\"async\" class=\"alignnone size-thumbnail wp-image-8219\" src=\"https:\/\/xn--judo-lbben-feb.de\/wp-content\/uploads\/2012\/10\/DSC05205--150x150.jpg\" alt=\"DSC05205\" width=\"150\" height=\"150\" srcset=\"https:\/\/xn--judo-lbben-feb.de\/wp-content\/uploads\/2012\/10\/DSC05205--150x150.jpg 150w, https:\/\/xn--judo-lbben-feb.de\/wp-content\/uploads\/2012\/10\/DSC05205--80x80.jpg 80w, https:\/\/xn--judo-lbben-feb.de\/wp-content\/uploads\/2012\/10\/DSC05205--200x200.jpg 200w\" sizes=\"auto, (max-width: 150px) 100vw, 150px\" \/><\/a> <a href=\"https:\/\/xn--judo-lbben-feb.de\/wp-content\/uploads\/2012\/10\/DSC05206-.jpg\"><img loading=\"lazy\" decoding=\"async\" class=\"alignnone size-thumbnail wp-image-8220\" src=\"https:\/\/xn--judo-lbben-feb.de\/wp-content\/uploads\/2012\/10\/DSC05206--150x150.jpg\" alt=\"DSC05206\" width=\"150\" height=\"150\" srcset=\"https:\/\/xn--judo-lbben-feb.de\/wp-content\/uploads\/2012\/10\/DSC05206--150x150.jpg 150w, https:\/\/xn--judo-lbben-feb.de\/wp-content\/uploads\/2012\/10\/DSC05206--80x80.jpg 80w, https:\/\/xn--judo-lbben-feb.de\/wp-content\/uploads\/2012\/10\/DSC05206--200x200.jpg 200w\" sizes=\"auto, (max-width: 150px) 100vw, 150px\" \/><\/a> <a href=\"https:\/\/xn--judo-lbben-feb.de\/wp-content\/uploads\/2012\/10\/DSC05207-.jpg\"><img loading=\"lazy\" decoding=\"async\" class=\"alignnone size-thumbnail wp-image-8221\" src=\"https:\/\/xn--judo-lbben-feb.de\/wp-content\/uploads\/2012\/10\/DSC05207--150x150.jpg\" alt=\"DSC05207\" width=\"150\" height=\"150\" srcset=\"https:\/\/xn--judo-lbben-feb.de\/wp-content\/uploads\/2012\/10\/DSC05207--150x150.jpg 150w, https:\/\/xn--judo-lbben-feb.de\/wp-content\/uploads\/2012\/10\/DSC05207--80x80.jpg 80w, https:\/\/xn--judo-lbben-feb.de\/wp-content\/uploads\/2012\/10\/DSC05207--200x200.jpg 200w\" sizes=\"auto, (max-width: 150px) 100vw, 150px\" \/><\/a> <a href=\"https:\/\/xn--judo-lbben-feb.de\/wp-content\/uploads\/2012\/10\/DSC05208-.jpg\"><img loading=\"lazy\" decoding=\"async\" class=\"alignnone size-thumbnail wp-image-8222\" src=\"https:\/\/xn--judo-lbben-feb.de\/wp-content\/uploads\/2012\/10\/DSC05208--150x150.jpg\" alt=\"DSC05208\" width=\"150\" height=\"150\" srcset=\"https:\/\/xn--judo-lbben-feb.de\/wp-content\/uploads\/2012\/10\/DSC05208--150x150.jpg 150w, https:\/\/xn--judo-lbben-feb.de\/wp-content\/uploads\/2012\/10\/DSC05208--80x80.jpg 80w, https:\/\/xn--judo-lbben-feb.de\/wp-content\/uploads\/2012\/10\/DSC05208--200x200.jpg 200w\" sizes=\"auto, (max-width: 150px) 100vw, 150px\" \/><\/a> <a href=\"https:\/\/xn--judo-lbben-feb.de\/wp-content\/uploads\/2012\/10\/DSC05209-.jpg\"><img loading=\"lazy\" decoding=\"async\" class=\"alignnone size-thumbnail wp-image-8223\" src=\"https:\/\/xn--judo-lbben-feb.de\/wp-content\/uploads\/2012\/10\/DSC05209--150x150.jpg\" alt=\"DSC05209\" width=\"150\" height=\"150\" srcset=\"https:\/\/xn--judo-lbben-feb.de\/wp-content\/uploads\/2012\/10\/DSC05209--150x150.jpg 150w, https:\/\/xn--judo-lbben-feb.de\/wp-content\/uploads\/2012\/10\/DSC05209--80x80.jpg 80w, https:\/\/xn--judo-lbben-feb.de\/wp-content\/uploads\/2012\/10\/DSC05209--200x200.jpg 200w\" sizes=\"auto, (max-width: 150px) 100vw, 150px\" \/><\/a> <a href=\"https:\/\/xn--judo-lbben-feb.de\/wp-content\/uploads\/2012\/10\/DSC05210-.jpg\"><img loading=\"lazy\" decoding=\"async\" class=\"alignnone size-thumbnail wp-image-8224\" src=\"https:\/\/xn--judo-lbben-feb.de\/wp-content\/uploads\/2012\/10\/DSC05210--150x150.jpg\" alt=\"DSC05210\" width=\"150\" height=\"150\" srcset=\"https:\/\/xn--judo-lbben-feb.de\/wp-content\/uploads\/2012\/10\/DSC05210--150x150.jpg 150w, https:\/\/xn--judo-lbben-feb.de\/wp-content\/uploads\/2012\/10\/DSC05210--80x80.jpg 80w, https:\/\/xn--judo-lbben-feb.de\/wp-content\/uploads\/2012\/10\/DSC05210--200x200.jpg 200w\" sizes=\"auto, (max-width: 150px) 100vw, 150px\" \/><\/a> <a href=\"https:\/\/xn--judo-lbben-feb.de\/wp-content\/uploads\/2012\/10\/DSC05211-.jpg\"><img loading=\"lazy\" decoding=\"async\" class=\"alignnone size-thumbnail wp-image-8225\" src=\"https:\/\/xn--judo-lbben-feb.de\/wp-content\/uploads\/2012\/10\/DSC05211--150x150.jpg\" alt=\"DSC05211\" width=\"150\" height=\"150\" srcset=\"https:\/\/xn--judo-lbben-feb.de\/wp-content\/uploads\/2012\/10\/DSC05211--150x150.jpg 150w, https:\/\/xn--judo-lbben-feb.de\/wp-content\/uploads\/2012\/10\/DSC05211--80x80.jpg 80w, https:\/\/xn--judo-lbben-feb.de\/wp-content\/uploads\/2012\/10\/DSC05211--200x200.jpg 200w\" sizes=\"auto, (max-width: 150px) 100vw, 150px\" \/><\/a> <a href=\"https:\/\/xn--judo-lbben-feb.de\/wp-content\/uploads\/2012\/10\/DSC05212-.jpg\"><img loading=\"lazy\" decoding=\"async\" class=\"alignnone size-thumbnail wp-image-8226\" src=\"https:\/\/xn--judo-lbben-feb.de\/wp-content\/uploads\/2012\/10\/DSC05212--150x150.jpg\" alt=\"DSC05212\" width=\"150\" height=\"150\" srcset=\"https:\/\/xn--judo-lbben-feb.de\/wp-content\/uploads\/2012\/10\/DSC05212--150x150.jpg 150w, https:\/\/xn--judo-lbben-feb.de\/wp-content\/uploads\/2012\/10\/DSC05212--80x80.jpg 80w, https:\/\/xn--judo-lbben-feb.de\/wp-content\/uploads\/2012\/10\/DSC05212--200x200.jpg 200w\" sizes=\"auto, (max-width: 150px) 100vw, 150px\" \/><\/a> <a href=\"https:\/\/xn--judo-lbben-feb.de\/wp-content\/uploads\/2012\/10\/DSC05213-.jpg\"><img loading=\"lazy\" decoding=\"async\" class=\"alignnone size-thumbnail wp-image-8227\" src=\"https:\/\/xn--judo-lbben-feb.de\/wp-content\/uploads\/2012\/10\/DSC05213--150x150.jpg\" alt=\"DSC05213\" width=\"150\" height=\"150\" srcset=\"https:\/\/xn--judo-lbben-feb.de\/wp-content\/uploads\/2012\/10\/DSC05213--150x150.jpg 150w, https:\/\/xn--judo-lbben-feb.de\/wp-content\/uploads\/2012\/10\/DSC05213--80x80.jpg 80w, https:\/\/xn--judo-lbben-feb.de\/wp-content\/uploads\/2012\/10\/DSC05213--200x200.jpg 200w\" sizes=\"auto, (max-width: 150px) 100vw, 150px\" \/><\/a> <a href=\"https:\/\/xn--judo-lbben-feb.de\/wp-content\/uploads\/2012\/10\/DSC05214-.jpg\"><img loading=\"lazy\" decoding=\"async\" class=\"alignnone size-thumbnail wp-image-8228\" src=\"https:\/\/xn--judo-lbben-feb.de\/wp-content\/uploads\/2012\/10\/DSC05214--150x150.jpg\" alt=\"DSC05214\" width=\"150\" height=\"150\" srcset=\"https:\/\/xn--judo-lbben-feb.de\/wp-content\/uploads\/2012\/10\/DSC05214--150x150.jpg 150w, https:\/\/xn--judo-lbben-feb.de\/wp-content\/uploads\/2012\/10\/DSC05214--80x80.jpg 80w, https:\/\/xn--judo-lbben-feb.de\/wp-content\/uploads\/2012\/10\/DSC05214--200x200.jpg 200w\" sizes=\"auto, (max-width: 150px) 100vw, 150px\" \/><\/a> <a href=\"https:\/\/xn--judo-lbben-feb.de\/wp-content\/uploads\/2012\/10\/DSC05215-.jpg\"><img loading=\"lazy\" decoding=\"async\" class=\"alignnone size-thumbnail wp-image-8229\" src=\"https:\/\/xn--judo-lbben-feb.de\/wp-content\/uploads\/2012\/10\/DSC05215--150x150.jpg\" alt=\"DSC05215\" width=\"150\" height=\"150\" srcset=\"https:\/\/xn--judo-lbben-feb.de\/wp-content\/uploads\/2012\/10\/DSC05215--150x150.jpg 150w, https:\/\/xn--judo-lbben-feb.de\/wp-content\/uploads\/2012\/10\/DSC05215--80x80.jpg 80w, https:\/\/xn--judo-lbben-feb.de\/wp-content\/uploads\/2012\/10\/DSC05215--200x200.jpg 200w\" sizes=\"auto, (max-width: 150px) 100vw, 150px\" \/><\/a> <a href=\"https:\/\/xn--judo-lbben-feb.de\/wp-content\/uploads\/2012\/10\/DSC05216-.jpg\"><img loading=\"lazy\" decoding=\"async\" class=\"alignnone size-thumbnail wp-image-8230\" src=\"https:\/\/xn--judo-lbben-feb.de\/wp-content\/uploads\/2012\/10\/DSC05216--150x150.jpg\" alt=\"DSC05216\" width=\"150\" height=\"150\" srcset=\"https:\/\/xn--judo-lbben-feb.de\/wp-content\/uploads\/2012\/10\/DSC05216--150x150.jpg 150w, https:\/\/xn--judo-lbben-feb.de\/wp-content\/uploads\/2012\/10\/DSC05216--80x80.jpg 80w, https:\/\/xn--judo-lbben-feb.de\/wp-content\/uploads\/2012\/10\/DSC05216--200x200.jpg 200w\" sizes=\"auto, (max-width: 150px) 100vw, 150px\" \/><\/a> <a href=\"https:\/\/xn--judo-lbben-feb.de\/wp-content\/uploads\/2012\/10\/DSC05217-.jpg\"><img loading=\"lazy\" decoding=\"async\" class=\"alignnone size-thumbnail wp-image-8231\" src=\"https:\/\/xn--judo-lbben-feb.de\/wp-content\/uploads\/2012\/10\/DSC05217--150x150.jpg\" alt=\"DSC05217\" width=\"150\" height=\"150\" srcset=\"https:\/\/xn--judo-lbben-feb.de\/wp-content\/uploads\/2012\/10\/DSC05217--150x150.jpg 150w, https:\/\/xn--judo-lbben-feb.de\/wp-content\/uploads\/2012\/10\/DSC05217--80x80.jpg 80w, https:\/\/xn--judo-lbben-feb.de\/wp-content\/uploads\/2012\/10\/DSC05217--200x200.jpg 200w\" sizes=\"auto, (max-width: 150px) 100vw, 150px\" \/><\/a> <a href=\"https:\/\/xn--judo-lbben-feb.de\/wp-content\/uploads\/2012\/10\/DSC05218-.jpg\"><img loading=\"lazy\" decoding=\"async\" class=\"alignnone size-thumbnail wp-image-8232\" src=\"https:\/\/xn--judo-lbben-feb.de\/wp-content\/uploads\/2012\/10\/DSC05218--150x150.jpg\" alt=\"DSC05218\" width=\"150\" height=\"150\" srcset=\"https:\/\/xn--judo-lbben-feb.de\/wp-content\/uploads\/2012\/10\/DSC05218--150x150.jpg 150w, https:\/\/xn--judo-lbben-feb.de\/wp-content\/uploads\/2012\/10\/DSC05218--80x80.jpg 80w, https:\/\/xn--judo-lbben-feb.de\/wp-content\/uploads\/2012\/10\/DSC05218--200x200.jpg 200w\" sizes=\"auto, (max-width: 150px) 100vw, 150px\" \/><\/a> <a href=\"https:\/\/xn--judo-lbben-feb.de\/wp-content\/uploads\/2012\/10\/DSC05219-.jpg\"><img loading=\"lazy\" decoding=\"async\" class=\"alignnone size-thumbnail wp-image-8233\" src=\"https:\/\/xn--judo-lbben-feb.de\/wp-content\/uploads\/2012\/10\/DSC05219--150x150.jpg\" alt=\"DSC05219\" width=\"150\" height=\"150\" srcset=\"https:\/\/xn--judo-lbben-feb.de\/wp-content\/uploads\/2012\/10\/DSC05219--150x150.jpg 150w, https:\/\/xn--judo-lbben-feb.de\/wp-content\/uploads\/2012\/10\/DSC05219--80x80.jpg 80w, https:\/\/xn--judo-lbben-feb.de\/wp-content\/uploads\/2012\/10\/DSC05219--200x200.jpg 200w\" sizes=\"auto, (max-width: 150px) 100vw, 150px\" \/><\/a> <a href=\"https:\/\/xn--judo-lbben-feb.de\/wp-content\/uploads\/2012\/10\/DSC05220-.jpg\"><img loading=\"lazy\" decoding=\"async\" class=\"alignnone size-thumbnail wp-image-8234\" src=\"https:\/\/xn--judo-lbben-feb.de\/wp-content\/uploads\/2012\/10\/DSC05220--150x150.jpg\" alt=\"DSC05220\" width=\"150\" height=\"150\" srcset=\"https:\/\/xn--judo-lbben-feb.de\/wp-content\/uploads\/2012\/10\/DSC05220--150x150.jpg 150w, https:\/\/xn--judo-lbben-feb.de\/wp-content\/uploads\/2012\/10\/DSC05220--80x80.jpg 80w, https:\/\/xn--judo-lbben-feb.de\/wp-content\/uploads\/2012\/10\/DSC05220--200x200.jpg 200w\" sizes=\"auto, (max-width: 150px) 100vw, 150px\" \/><\/a> <a href=\"https:\/\/xn--judo-lbben-feb.de\/wp-content\/uploads\/2012\/10\/DSC05221-.jpg\"><img loading=\"lazy\" decoding=\"async\" class=\"alignnone size-thumbnail wp-image-8235\" src=\"https:\/\/xn--judo-lbben-feb.de\/wp-content\/uploads\/2012\/10\/DSC05221--150x150.jpg\" alt=\"DSC05221\" width=\"150\" height=\"150\" srcset=\"https:\/\/xn--judo-lbben-feb.de\/wp-content\/uploads\/2012\/10\/DSC05221--150x150.jpg 150w, https:\/\/xn--judo-lbben-feb.de\/wp-content\/uploads\/2012\/10\/DSC05221--80x80.jpg 80w, https:\/\/xn--judo-lbben-feb.de\/wp-content\/uploads\/2012\/10\/DSC05221--200x200.jpg 200w\" sizes=\"auto, (max-width: 150px) 100vw, 150px\" \/><\/a> <a href=\"https:\/\/xn--judo-lbben-feb.de\/wp-content\/uploads\/2012\/10\/DSC05222-.jpg\"><img loading=\"lazy\" decoding=\"async\" class=\"alignnone size-thumbnail wp-image-8236\" src=\"https:\/\/xn--judo-lbben-feb.de\/wp-content\/uploads\/2012\/10\/DSC05222--150x150.jpg\" alt=\"DSC05222\" width=\"150\" height=\"150\" srcset=\"https:\/\/xn--judo-lbben-feb.de\/wp-content\/uploads\/2012\/10\/DSC05222--150x150.jpg 150w, https:\/\/xn--judo-lbben-feb.de\/wp-content\/uploads\/2012\/10\/DSC05222--80x80.jpg 80w, https:\/\/xn--judo-lbben-feb.de\/wp-content\/uploads\/2012\/10\/DSC05222--200x200.jpg 200w\" sizes=\"auto, (max-width: 150px) 100vw, 150px\" \/><\/a> <a href=\"https:\/\/xn--judo-lbben-feb.de\/wp-content\/uploads\/2012\/10\/DSC05223-.jpg\"><img loading=\"lazy\" decoding=\"async\" class=\"alignnone size-thumbnail wp-image-8237\" src=\"https:\/\/xn--judo-lbben-feb.de\/wp-content\/uploads\/2012\/10\/DSC05223--150x150.jpg\" alt=\"DSC05223\" width=\"150\" height=\"150\" srcset=\"https:\/\/xn--judo-lbben-feb.de\/wp-content\/uploads\/2012\/10\/DSC05223--150x150.jpg 150w, https:\/\/xn--judo-lbben-feb.de\/wp-content\/uploads\/2012\/10\/DSC05223--80x80.jpg 80w, https:\/\/xn--judo-lbben-feb.de\/wp-content\/uploads\/2012\/10\/DSC05223--200x200.jpg 200w\" sizes=\"auto, (max-width: 150px) 100vw, 150px\" \/><\/a> <a href=\"https:\/\/xn--judo-lbben-feb.de\/wp-content\/uploads\/2012\/10\/DSC05224-.jpg\"><img loading=\"lazy\" decoding=\"async\" class=\"alignnone size-thumbnail wp-image-8238\" src=\"https:\/\/xn--judo-lbben-feb.de\/wp-content\/uploads\/2012\/10\/DSC05224--150x150.jpg\" alt=\"DSC05224\" width=\"150\" height=\"150\" srcset=\"https:\/\/xn--judo-lbben-feb.de\/wp-content\/uploads\/2012\/10\/DSC05224--150x150.jpg 150w, https:\/\/xn--judo-lbben-feb.de\/wp-content\/uploads\/2012\/10\/DSC05224--80x80.jpg 80w, https:\/\/xn--judo-lbben-feb.de\/wp-content\/uploads\/2012\/10\/DSC05224--200x200.jpg 200w\" sizes=\"auto, (max-width: 150px) 100vw, 150px\" \/><\/a> <a href=\"https:\/\/xn--judo-lbben-feb.de\/wp-content\/uploads\/2012\/10\/DSC05225-.jpg\"><img loading=\"lazy\" decoding=\"async\" class=\"alignnone size-thumbnail wp-image-8239\" src=\"https:\/\/xn--judo-lbben-feb.de\/wp-content\/uploads\/2012\/10\/DSC05225--150x150.jpg\" alt=\"DSC05225\" width=\"150\" height=\"150\" srcset=\"https:\/\/xn--judo-lbben-feb.de\/wp-content\/uploads\/2012\/10\/DSC05225--150x150.jpg 150w, https:\/\/xn--judo-lbben-feb.de\/wp-content\/uploads\/2012\/10\/DSC05225--80x80.jpg 80w, https:\/\/xn--judo-lbben-feb.de\/wp-content\/uploads\/2012\/10\/DSC05225--200x200.jpg 200w\" sizes=\"auto, (max-width: 150px) 100vw, 150px\" \/><\/a> <a href=\"https:\/\/xn--judo-lbben-feb.de\/wp-content\/uploads\/2012\/10\/DSC05226-.jpg\"><img loading=\"lazy\" decoding=\"async\" class=\"alignnone size-thumbnail wp-image-8240\" src=\"https:\/\/xn--judo-lbben-feb.de\/wp-content\/uploads\/2012\/10\/DSC05226--150x150.jpg\" alt=\"DSC05226\" width=\"150\" height=\"150\" srcset=\"https:\/\/xn--judo-lbben-feb.de\/wp-content\/uploads\/2012\/10\/DSC05226--150x150.jpg 150w, https:\/\/xn--judo-lbben-feb.de\/wp-content\/uploads\/2012\/10\/DSC05226--80x80.jpg 80w, https:\/\/xn--judo-lbben-feb.de\/wp-content\/uploads\/2012\/10\/DSC05226--200x200.jpg 200w\" sizes=\"auto, (max-width: 150px) 100vw, 150px\" \/><\/a> <a href=\"https:\/\/xn--judo-lbben-feb.de\/wp-content\/uploads\/2012\/10\/DSC05227-.jpg\"><img loading=\"lazy\" decoding=\"async\" class=\"alignnone size-thumbnail wp-image-8241\" src=\"https:\/\/xn--judo-lbben-feb.de\/wp-content\/uploads\/2012\/10\/DSC05227--150x150.jpg\" alt=\"DSC05227\" width=\"150\" height=\"150\" srcset=\"https:\/\/xn--judo-lbben-feb.de\/wp-content\/uploads\/2012\/10\/DSC05227--150x150.jpg 150w, https:\/\/xn--judo-lbben-feb.de\/wp-content\/uploads\/2012\/10\/DSC05227--80x80.jpg 80w, https:\/\/xn--judo-lbben-feb.de\/wp-content\/uploads\/2012\/10\/DSC05227--200x200.jpg 200w\" sizes=\"auto, (max-width: 150px) 100vw, 150px\" \/><\/a> <a href=\"https:\/\/xn--judo-lbben-feb.de\/wp-content\/uploads\/2012\/10\/DSC05228-.jpg\"><img loading=\"lazy\" decoding=\"async\" class=\"alignnone size-thumbnail wp-image-8242\" src=\"https:\/\/xn--judo-lbben-feb.de\/wp-content\/uploads\/2012\/10\/DSC05228--150x150.jpg\" alt=\"DSC05228\" width=\"150\" height=\"150\" srcset=\"https:\/\/xn--judo-lbben-feb.de\/wp-content\/uploads\/2012\/10\/DSC05228--150x150.jpg 150w, https:\/\/xn--judo-lbben-feb.de\/wp-content\/uploads\/2012\/10\/DSC05228--80x80.jpg 80w, https:\/\/xn--judo-lbben-feb.de\/wp-content\/uploads\/2012\/10\/DSC05228--200x200.jpg 200w\" sizes=\"auto, (max-width: 150px) 100vw, 150px\" \/><\/a> <a href=\"https:\/\/xn--judo-lbben-feb.de\/wp-content\/uploads\/2012\/10\/DSC05229-.jpg\"><img loading=\"lazy\" decoding=\"async\" class=\"alignnone size-thumbnail wp-image-8243\" src=\"https:\/\/xn--judo-lbben-feb.de\/wp-content\/uploads\/2012\/10\/DSC05229--150x150.jpg\" alt=\"DSC05229\" width=\"150\" height=\"150\" srcset=\"https:\/\/xn--judo-lbben-feb.de\/wp-content\/uploads\/2012\/10\/DSC05229--150x150.jpg 150w, https:\/\/xn--judo-lbben-feb.de\/wp-content\/uploads\/2012\/10\/DSC05229--80x80.jpg 80w, https:\/\/xn--judo-lbben-feb.de\/wp-content\/uploads\/2012\/10\/DSC05229--200x200.jpg 200w\" sizes=\"auto, (max-width: 150px) 100vw, 150px\" \/><\/a> <a href=\"https:\/\/xn--judo-lbben-feb.de\/wp-content\/uploads\/2012\/10\/DSC05230-.jpg\"><img loading=\"lazy\" decoding=\"async\" class=\"alignnone size-thumbnail wp-image-8244\" src=\"https:\/\/xn--judo-lbben-feb.de\/wp-content\/uploads\/2012\/10\/DSC05230--150x150.jpg\" alt=\"DSC05230\" width=\"150\" height=\"150\" srcset=\"https:\/\/xn--judo-lbben-feb.de\/wp-content\/uploads\/2012\/10\/DSC05230--150x150.jpg 150w, https:\/\/xn--judo-lbben-feb.de\/wp-content\/uploads\/2012\/10\/DSC05230--80x80.jpg 80w, https:\/\/xn--judo-lbben-feb.de\/wp-content\/uploads\/2012\/10\/DSC05230--200x200.jpg 200w\" sizes=\"auto, (max-width: 150px) 100vw, 150px\" \/><\/a> <a href=\"https:\/\/xn--judo-lbben-feb.de\/wp-content\/uploads\/2012\/10\/DSC05231-.jpg\"><img loading=\"lazy\" decoding=\"async\" class=\"alignnone size-thumbnail wp-image-8245\" src=\"https:\/\/xn--judo-lbben-feb.de\/wp-content\/uploads\/2012\/10\/DSC05231--150x150.jpg\" alt=\"DSC05231\" width=\"150\" height=\"150\" srcset=\"https:\/\/xn--judo-lbben-feb.de\/wp-content\/uploads\/2012\/10\/DSC05231--150x150.jpg 150w, https:\/\/xn--judo-lbben-feb.de\/wp-content\/uploads\/2012\/10\/DSC05231--80x80.jpg 80w, https:\/\/xn--judo-lbben-feb.de\/wp-content\/uploads\/2012\/10\/DSC05231--200x200.jpg 200w\" sizes=\"auto, (max-width: 150px) 100vw, 150px\" \/><\/a> <a href=\"https:\/\/xn--judo-lbben-feb.de\/wp-content\/uploads\/2012\/10\/DSC05232-.jpg\"><img loading=\"lazy\" decoding=\"async\" class=\"alignnone size-thumbnail wp-image-8246\" src=\"https:\/\/xn--judo-lbben-feb.de\/wp-content\/uploads\/2012\/10\/DSC05232--150x150.jpg\" alt=\"DSC05232\" width=\"150\" height=\"150\" srcset=\"https:\/\/xn--judo-lbben-feb.de\/wp-content\/uploads\/2012\/10\/DSC05232--150x150.jpg 150w, https:\/\/xn--judo-lbben-feb.de\/wp-content\/uploads\/2012\/10\/DSC05232--80x80.jpg 80w, https:\/\/xn--judo-lbben-feb.de\/wp-content\/uploads\/2012\/10\/DSC05232--200x200.jpg 200w\" sizes=\"auto, (max-width: 150px) 100vw, 150px\" \/><\/a> <a href=\"https:\/\/xn--judo-lbben-feb.de\/wp-content\/uploads\/2012\/10\/DSC05233-.jpg\"><img loading=\"lazy\" decoding=\"async\" class=\"alignnone size-thumbnail wp-image-8247\" src=\"https:\/\/xn--judo-lbben-feb.de\/wp-content\/uploads\/2012\/10\/DSC05233--150x150.jpg\" alt=\"DSC05233\" width=\"150\" height=\"150\" srcset=\"https:\/\/xn--judo-lbben-feb.de\/wp-content\/uploads\/2012\/10\/DSC05233--150x150.jpg 150w, https:\/\/xn--judo-lbben-feb.de\/wp-content\/uploads\/2012\/10\/DSC05233--80x80.jpg 80w, https:\/\/xn--judo-lbben-feb.de\/wp-content\/uploads\/2012\/10\/DSC05233--200x200.jpg 200w\" sizes=\"auto, (max-width: 150px) 100vw, 150px\" \/><\/a> <a href=\"https:\/\/xn--judo-lbben-feb.de\/wp-content\/uploads\/2012\/10\/DSC05234-.jpg\"><img loading=\"lazy\" decoding=\"async\" class=\"alignnone size-thumbnail wp-image-8248\" src=\"https:\/\/xn--judo-lbben-feb.de\/wp-content\/uploads\/2012\/10\/DSC05234--150x150.jpg\" alt=\"DSC05234\" width=\"150\" height=\"150\" srcset=\"https:\/\/xn--judo-lbben-feb.de\/wp-content\/uploads\/2012\/10\/DSC05234--150x150.jpg 150w, https:\/\/xn--judo-lbben-feb.de\/wp-content\/uploads\/2012\/10\/DSC05234--80x80.jpg 80w, https:\/\/xn--judo-lbben-feb.de\/wp-content\/uploads\/2012\/10\/DSC05234--200x200.jpg 200w\" sizes=\"auto, (max-width: 150px) 100vw, 150px\" \/><\/a> <a href=\"https:\/\/xn--judo-lbben-feb.de\/wp-content\/uploads\/2012\/10\/DSC05235-.jpg\"><img loading=\"lazy\" decoding=\"async\" class=\"alignnone size-thumbnail wp-image-8249\" src=\"https:\/\/xn--judo-lbben-feb.de\/wp-content\/uploads\/2012\/10\/DSC05235--150x150.jpg\" alt=\"DSC05235\" width=\"150\" height=\"150\" srcset=\"https:\/\/xn--judo-lbben-feb.de\/wp-content\/uploads\/2012\/10\/DSC05235--150x150.jpg 150w, https:\/\/xn--judo-lbben-feb.de\/wp-content\/uploads\/2012\/10\/DSC05235--80x80.jpg 80w, https:\/\/xn--judo-lbben-feb.de\/wp-content\/uploads\/2012\/10\/DSC05235--200x200.jpg 200w\" sizes=\"auto, (max-width: 150px) 100vw, 150px\" \/><\/a> <a href=\"https:\/\/xn--judo-lbben-feb.de\/wp-content\/uploads\/2012\/10\/DSC05236-.jpg\"><img loading=\"lazy\" decoding=\"async\" class=\"alignnone size-thumbnail wp-image-8250\" src=\"https:\/\/xn--judo-lbben-feb.de\/wp-content\/uploads\/2012\/10\/DSC05236--150x150.jpg\" alt=\"DSC05236\" width=\"150\" height=\"150\" srcset=\"https:\/\/xn--judo-lbben-feb.de\/wp-content\/uploads\/2012\/10\/DSC05236--150x150.jpg 150w, https:\/\/xn--judo-lbben-feb.de\/wp-content\/uploads\/2012\/10\/DSC05236--80x80.jpg 80w, https:\/\/xn--judo-lbben-feb.de\/wp-content\/uploads\/2012\/10\/DSC05236--200x200.jpg 200w\" sizes=\"auto, (max-width: 150px) 100vw, 150px\" \/><\/a> <a href=\"https:\/\/xn--judo-lbben-feb.de\/wp-content\/uploads\/2012\/10\/DSC05237-.jpg\"><img loading=\"lazy\" decoding=\"async\" class=\"alignnone size-thumbnail wp-image-8251\" src=\"https:\/\/xn--judo-lbben-feb.de\/wp-content\/uploads\/2012\/10\/DSC05237--150x150.jpg\" alt=\"DSC05237\" width=\"150\" height=\"150\" srcset=\"https:\/\/xn--judo-lbben-feb.de\/wp-content\/uploads\/2012\/10\/DSC05237--150x150.jpg 150w, https:\/\/xn--judo-lbben-feb.de\/wp-content\/uploads\/2012\/10\/DSC05237--80x80.jpg 80w, https:\/\/xn--judo-lbben-feb.de\/wp-content\/uploads\/2012\/10\/DSC05237--200x200.jpg 200w\" sizes=\"auto, (max-width: 150px) 100vw, 150px\" \/><\/a> <a href=\"https:\/\/xn--judo-lbben-feb.de\/wp-content\/uploads\/2012\/10\/DSC05238-.jpg\"><img loading=\"lazy\" decoding=\"async\" class=\"alignnone size-thumbnail wp-image-8252\" src=\"https:\/\/xn--judo-lbben-feb.de\/wp-content\/uploads\/2012\/10\/DSC05238--150x150.jpg\" alt=\"DSC05238\" width=\"150\" height=\"150\" srcset=\"https:\/\/xn--judo-lbben-feb.de\/wp-content\/uploads\/2012\/10\/DSC05238--150x150.jpg 150w, https:\/\/xn--judo-lbben-feb.de\/wp-content\/uploads\/2012\/10\/DSC05238--80x80.jpg 80w, https:\/\/xn--judo-lbben-feb.de\/wp-content\/uploads\/2012\/10\/DSC05238--200x200.jpg 200w\" sizes=\"auto, (max-width: 150px) 100vw, 150px\" \/><\/a> <a href=\"https:\/\/xn--judo-lbben-feb.de\/wp-content\/uploads\/2012\/10\/DSC05239-.jpg\"><img loading=\"lazy\" decoding=\"async\" class=\"alignnone size-thumbnail wp-image-8253\" src=\"https:\/\/xn--judo-lbben-feb.de\/wp-content\/uploads\/2012\/10\/DSC05239--150x150.jpg\" alt=\"DSC05239\" width=\"150\" height=\"150\" srcset=\"https:\/\/xn--judo-lbben-feb.de\/wp-content\/uploads\/2012\/10\/DSC05239--150x150.jpg 150w, https:\/\/xn--judo-lbben-feb.de\/wp-content\/uploads\/2012\/10\/DSC05239--80x80.jpg 80w, https:\/\/xn--judo-lbben-feb.de\/wp-content\/uploads\/2012\/10\/DSC05239--200x200.jpg 200w\" sizes=\"auto, (max-width: 150px) 100vw, 150px\" \/><\/a> <a href=\"https:\/\/xn--judo-lbben-feb.de\/wp-content\/uploads\/2012\/10\/DSC05240-.jpg\"><img loading=\"lazy\" decoding=\"async\" class=\"alignnone size-thumbnail wp-image-8254\" src=\"https:\/\/xn--judo-lbben-feb.de\/wp-content\/uploads\/2012\/10\/DSC05240--150x150.jpg\" alt=\"DSC05240\" width=\"150\" height=\"150\" srcset=\"https:\/\/xn--judo-lbben-feb.de\/wp-content\/uploads\/2012\/10\/DSC05240--150x150.jpg 150w, https:\/\/xn--judo-lbben-feb.de\/wp-content\/uploads\/2012\/10\/DSC05240--80x80.jpg 80w, https:\/\/xn--judo-lbben-feb.de\/wp-content\/uploads\/2012\/10\/DSC05240--200x200.jpg 200w\" sizes=\"auto, (max-width: 150px) 100vw, 150px\" \/><\/a> <a href=\"https:\/\/xn--judo-lbben-feb.de\/wp-content\/uploads\/2012\/10\/DSC05241-.jpg\"><img loading=\"lazy\" decoding=\"async\" class=\"alignnone size-thumbnail wp-image-8255\" src=\"https:\/\/xn--judo-lbben-feb.de\/wp-content\/uploads\/2012\/10\/DSC05241--150x150.jpg\" alt=\"DSC05241\" width=\"150\" height=\"150\" srcset=\"https:\/\/xn--judo-lbben-feb.de\/wp-content\/uploads\/2012\/10\/DSC05241--150x150.jpg 150w, https:\/\/xn--judo-lbben-feb.de\/wp-content\/uploads\/2012\/10\/DSC05241--80x80.jpg 80w, https:\/\/xn--judo-lbben-feb.de\/wp-content\/uploads\/2012\/10\/DSC05241--200x200.jpg 200w\" sizes=\"auto, (max-width: 150px) 100vw, 150px\" \/><\/a> <a href=\"https:\/\/xn--judo-lbben-feb.de\/wp-content\/uploads\/2012\/10\/DSC05242-.jpg\"><img loading=\"lazy\" decoding=\"async\" class=\"alignnone size-thumbnail wp-image-8256\" src=\"https:\/\/xn--judo-lbben-feb.de\/wp-content\/uploads\/2012\/10\/DSC05242--150x150.jpg\" alt=\"DSC05242\" width=\"150\" height=\"150\" srcset=\"https:\/\/xn--judo-lbben-feb.de\/wp-content\/uploads\/2012\/10\/DSC05242--150x150.jpg 150w, https:\/\/xn--judo-lbben-feb.de\/wp-content\/uploads\/2012\/10\/DSC05242--80x80.jpg 80w, https:\/\/xn--judo-lbben-feb.de\/wp-content\/uploads\/2012\/10\/DSC05242--200x200.jpg 200w\" sizes=\"auto, (max-width: 150px) 100vw, 150px\" \/><\/a> <a href=\"https:\/\/xn--judo-lbben-feb.de\/wp-content\/uploads\/2012\/10\/DSC05243-.jpg\"><img loading=\"lazy\" decoding=\"async\" class=\"alignnone size-thumbnail wp-image-8257\" src=\"https:\/\/xn--judo-lbben-feb.de\/wp-content\/uploads\/2012\/10\/DSC05243--150x150.jpg\" alt=\"DSC05243\" width=\"150\" height=\"150\" srcset=\"https:\/\/xn--judo-lbben-feb.de\/wp-content\/uploads\/2012\/10\/DSC05243--150x150.jpg 150w, https:\/\/xn--judo-lbben-feb.de\/wp-content\/uploads\/2012\/10\/DSC05243--80x80.jpg 80w, https:\/\/xn--judo-lbben-feb.de\/wp-content\/uploads\/2012\/10\/DSC05243--200x200.jpg 200w\" sizes=\"auto, (max-width: 150px) 100vw, 150px\" \/><\/a> <a href=\"https:\/\/xn--judo-lbben-feb.de\/wp-content\/uploads\/2012\/10\/DSC05244-.jpg\"><img loading=\"lazy\" decoding=\"async\" class=\"alignnone size-thumbnail wp-image-8258\" src=\"https:\/\/xn--judo-lbben-feb.de\/wp-content\/uploads\/2012\/10\/DSC05244--150x150.jpg\" alt=\"DSC05244\" width=\"150\" height=\"150\" srcset=\"https:\/\/xn--judo-lbben-feb.de\/wp-content\/uploads\/2012\/10\/DSC05244--150x150.jpg 150w, https:\/\/xn--judo-lbben-feb.de\/wp-content\/uploads\/2012\/10\/DSC05244--80x80.jpg 80w, https:\/\/xn--judo-lbben-feb.de\/wp-content\/uploads\/2012\/10\/DSC05244--200x200.jpg 200w\" sizes=\"auto, (max-width: 150px) 100vw, 150px\" \/><\/a> <a href=\"https:\/\/xn--judo-lbben-feb.de\/wp-content\/uploads\/2012\/10\/DSC05245-.jpg\"><img loading=\"lazy\" decoding=\"async\" class=\"alignnone size-thumbnail wp-image-8259\" src=\"https:\/\/xn--judo-lbben-feb.de\/wp-content\/uploads\/2012\/10\/DSC05245--150x150.jpg\" alt=\"DSC05245\" width=\"150\" height=\"150\" srcset=\"https:\/\/xn--judo-lbben-feb.de\/wp-content\/uploads\/2012\/10\/DSC05245--150x150.jpg 150w, https:\/\/xn--judo-lbben-feb.de\/wp-content\/uploads\/2012\/10\/DSC05245--80x80.jpg 80w, https:\/\/xn--judo-lbben-feb.de\/wp-content\/uploads\/2012\/10\/DSC05245--200x200.jpg 200w\" sizes=\"auto, (max-width: 150px) 100vw, 150px\" \/><\/a> <a href=\"https:\/\/xn--judo-lbben-feb.de\/wp-content\/uploads\/2012\/10\/DSC05246-.jpg\"><img loading=\"lazy\" decoding=\"async\" class=\"alignnone size-thumbnail wp-image-8260\" src=\"https:\/\/xn--judo-lbben-feb.de\/wp-content\/uploads\/2012\/10\/DSC05246--150x150.jpg\" alt=\"DSC05246\" width=\"150\" height=\"150\" srcset=\"https:\/\/xn--judo-lbben-feb.de\/wp-content\/uploads\/2012\/10\/DSC05246--150x150.jpg 150w, https:\/\/xn--judo-lbben-feb.de\/wp-content\/uploads\/2012\/10\/DSC05246--80x80.jpg 80w, https:\/\/xn--judo-lbben-feb.de\/wp-content\/uploads\/2012\/10\/DSC05246--200x200.jpg 200w\" sizes=\"auto, (max-width: 150px) 100vw, 150px\" \/><\/a> <a href=\"https:\/\/xn--judo-lbben-feb.de\/wp-content\/uploads\/2012\/10\/DSC05247-.jpg\"><img loading=\"lazy\" decoding=\"async\" class=\"alignnone size-thumbnail wp-image-8261\" src=\"https:\/\/xn--judo-lbben-feb.de\/wp-content\/uploads\/2012\/10\/DSC05247--150x150.jpg\" alt=\"DSC05247\" width=\"150\" height=\"150\" srcset=\"https:\/\/xn--judo-lbben-feb.de\/wp-content\/uploads\/2012\/10\/DSC05247--150x150.jpg 150w, https:\/\/xn--judo-lbben-feb.de\/wp-content\/uploads\/2012\/10\/DSC05247--80x80.jpg 80w, https:\/\/xn--judo-lbben-feb.de\/wp-content\/uploads\/2012\/10\/DSC05247--200x200.jpg 200w\" sizes=\"auto, (max-width: 150px) 100vw, 150px\" \/><\/a> <a href=\"https:\/\/xn--judo-lbben-feb.de\/wp-content\/uploads\/2012\/10\/DSC05248-.jpg\"><img loading=\"lazy\" decoding=\"async\" class=\"alignnone size-thumbnail wp-image-8262\" src=\"https:\/\/xn--judo-lbben-feb.de\/wp-content\/uploads\/2012\/10\/DSC05248--150x150.jpg\" alt=\"DSC05248\" width=\"150\" height=\"150\" srcset=\"https:\/\/xn--judo-lbben-feb.de\/wp-content\/uploads\/2012\/10\/DSC05248--150x150.jpg 150w, https:\/\/xn--judo-lbben-feb.de\/wp-content\/uploads\/2012\/10\/DSC05248--80x80.jpg 80w, https:\/\/xn--judo-lbben-feb.de\/wp-content\/uploads\/2012\/10\/DSC05248--200x200.jpg 200w\" sizes=\"auto, (max-width: 150px) 100vw, 150px\" \/><\/a> <a href=\"https:\/\/xn--judo-lbben-feb.de\/wp-content\/uploads\/2012\/10\/DSC05249-.jpg\"><img loading=\"lazy\" decoding=\"async\" class=\"alignnone size-thumbnail wp-image-8263\" src=\"https:\/\/xn--judo-lbben-feb.de\/wp-content\/uploads\/2012\/10\/DSC05249--150x150.jpg\" alt=\"DSC05249\" width=\"150\" height=\"150\" srcset=\"https:\/\/xn--judo-lbben-feb.de\/wp-content\/uploads\/2012\/10\/DSC05249--150x150.jpg 150w, https:\/\/xn--judo-lbben-feb.de\/wp-content\/uploads\/2012\/10\/DSC05249--80x80.jpg 80w, https:\/\/xn--judo-lbben-feb.de\/wp-content\/uploads\/2012\/10\/DSC05249--200x200.jpg 200w\" sizes=\"auto, (max-width: 150px) 100vw, 150px\" \/><\/a> <a href=\"https:\/\/xn--judo-lbben-feb.de\/wp-content\/uploads\/2012\/10\/DSC05250-.jpg\"><img loading=\"lazy\" decoding=\"async\" class=\"alignnone size-thumbnail wp-image-8264\" src=\"https:\/\/xn--judo-lbben-feb.de\/wp-content\/uploads\/2012\/10\/DSC05250--150x150.jpg\" alt=\"DSC05250\" width=\"150\" height=\"150\" srcset=\"https:\/\/xn--judo-lbben-feb.de\/wp-content\/uploads\/2012\/10\/DSC05250--150x150.jpg 150w, https:\/\/xn--judo-lbben-feb.de\/wp-content\/uploads\/2012\/10\/DSC05250--80x80.jpg 80w, https:\/\/xn--judo-lbben-feb.de\/wp-content\/uploads\/2012\/10\/DSC05250--200x200.jpg 200w\" sizes=\"auto, (max-width: 150px) 100vw, 150px\" \/><\/a> <a href=\"https:\/\/xn--judo-lbben-feb.de\/wp-content\/uploads\/2012\/10\/DSC05251-.jpg\"><img loading=\"lazy\" decoding=\"async\" class=\"alignnone size-thumbnail wp-image-8265\" src=\"https:\/\/xn--judo-lbben-feb.de\/wp-content\/uploads\/2012\/10\/DSC05251--150x150.jpg\" alt=\"DSC05251\" width=\"150\" height=\"150\" srcset=\"https:\/\/xn--judo-lbben-feb.de\/wp-content\/uploads\/2012\/10\/DSC05251--150x150.jpg 150w, https:\/\/xn--judo-lbben-feb.de\/wp-content\/uploads\/2012\/10\/DSC05251--80x80.jpg 80w, https:\/\/xn--judo-lbben-feb.de\/wp-content\/uploads\/2012\/10\/DSC05251--200x200.jpg 200w\" sizes=\"auto, (max-width: 150px) 100vw, 150px\" \/><\/a> <a href=\"https:\/\/xn--judo-lbben-feb.de\/wp-content\/uploads\/2012\/10\/DSC05252-.jpg\"><img loading=\"lazy\" decoding=\"async\" class=\"alignnone size-thumbnail wp-image-8266\" src=\"https:\/\/xn--judo-lbben-feb.de\/wp-content\/uploads\/2012\/10\/DSC05252--150x150.jpg\" alt=\"DSC05252\" width=\"150\" height=\"150\" srcset=\"https:\/\/xn--judo-lbben-feb.de\/wp-content\/uploads\/2012\/10\/DSC05252--150x150.jpg 150w, https:\/\/xn--judo-lbben-feb.de\/wp-content\/uploads\/2012\/10\/DSC05252--80x80.jpg 80w, https:\/\/xn--judo-lbben-feb.de\/wp-content\/uploads\/2012\/10\/DSC05252--200x200.jpg 200w\" sizes=\"auto, (max-width: 150px) 100vw, 150px\" \/><\/a> <a href=\"https:\/\/xn--judo-lbben-feb.de\/wp-content\/uploads\/2012\/10\/DSC05253-.jpg\"><img loading=\"lazy\" decoding=\"async\" class=\"alignnone size-thumbnail wp-image-8267\" src=\"https:\/\/xn--judo-lbben-feb.de\/wp-content\/uploads\/2012\/10\/DSC05253--150x150.jpg\" alt=\"DSC05253\" width=\"150\" height=\"150\" srcset=\"https:\/\/xn--judo-lbben-feb.de\/wp-content\/uploads\/2012\/10\/DSC05253--150x150.jpg 150w, https:\/\/xn--judo-lbben-feb.de\/wp-content\/uploads\/2012\/10\/DSC05253--80x80.jpg 80w, https:\/\/xn--judo-lbben-feb.de\/wp-content\/uploads\/2012\/10\/DSC05253--200x200.jpg 200w\" sizes=\"auto, (max-width: 150px) 100vw, 150px\" \/><\/a> <a href=\"https:\/\/xn--judo-lbben-feb.de\/wp-content\/uploads\/2012\/10\/DSC05254-.jpg\"><img loading=\"lazy\" decoding=\"async\" class=\"alignnone size-thumbnail wp-image-8268\" src=\"https:\/\/xn--judo-lbben-feb.de\/wp-content\/uploads\/2012\/10\/DSC05254--150x150.jpg\" alt=\"DSC05254\" width=\"150\" height=\"150\" srcset=\"https:\/\/xn--judo-lbben-feb.de\/wp-content\/uploads\/2012\/10\/DSC05254--150x150.jpg 150w, https:\/\/xn--judo-lbben-feb.de\/wp-content\/uploads\/2012\/10\/DSC05254--80x80.jpg 80w, https:\/\/xn--judo-lbben-feb.de\/wp-content\/uploads\/2012\/10\/DSC05254--200x200.jpg 200w\" sizes=\"auto, (max-width: 150px) 100vw, 150px\" \/><\/a> <a href=\"https:\/\/xn--judo-lbben-feb.de\/wp-content\/uploads\/2012\/10\/DSC05255-.jpg\"><img loading=\"lazy\" decoding=\"async\" class=\"alignnone size-thumbnail wp-image-8269\" src=\"https:\/\/xn--judo-lbben-feb.de\/wp-content\/uploads\/2012\/10\/DSC05255--150x150.jpg\" alt=\"DSC05255\" width=\"150\" height=\"150\" srcset=\"https:\/\/xn--judo-lbben-feb.de\/wp-content\/uploads\/2012\/10\/DSC05255--150x150.jpg 150w, https:\/\/xn--judo-lbben-feb.de\/wp-content\/uploads\/2012\/10\/DSC05255--80x80.jpg 80w, https:\/\/xn--judo-lbben-feb.de\/wp-content\/uploads\/2012\/10\/DSC05255--200x200.jpg 200w\" sizes=\"auto, (max-width: 150px) 100vw, 150px\" \/><\/a> <a href=\"https:\/\/xn--judo-lbben-feb.de\/wp-content\/uploads\/2012\/10\/DSC05256-.jpg\"><img loading=\"lazy\" decoding=\"async\" class=\"alignnone size-thumbnail wp-image-8270\" src=\"https:\/\/xn--judo-lbben-feb.de\/wp-content\/uploads\/2012\/10\/DSC05256--150x150.jpg\" alt=\"DSC05256\" width=\"150\" height=\"150\" srcset=\"https:\/\/xn--judo-lbben-feb.de\/wp-content\/uploads\/2012\/10\/DSC05256--150x150.jpg 150w, https:\/\/xn--judo-lbben-feb.de\/wp-content\/uploads\/2012\/10\/DSC05256--80x80.jpg 80w, https:\/\/xn--judo-lbben-feb.de\/wp-content\/uploads\/2012\/10\/DSC05256--200x200.jpg 200w\" sizes=\"auto, (max-width: 150px) 100vw, 150px\" \/><\/a> <a href=\"https:\/\/xn--judo-lbben-feb.de\/wp-content\/uploads\/2012\/10\/DSC05257-.jpg\"><img loading=\"lazy\" decoding=\"async\" class=\"alignnone size-thumbnail wp-image-8271\" src=\"https:\/\/xn--judo-lbben-feb.de\/wp-content\/uploads\/2012\/10\/DSC05257--150x150.jpg\" alt=\"DSC05257\" width=\"150\" height=\"150\" srcset=\"https:\/\/xn--judo-lbben-feb.de\/wp-content\/uploads\/2012\/10\/DSC05257--150x150.jpg 150w, https:\/\/xn--judo-lbben-feb.de\/wp-content\/uploads\/2012\/10\/DSC05257--80x80.jpg 80w, https:\/\/xn--judo-lbben-feb.de\/wp-content\/uploads\/2012\/10\/DSC05257--200x200.jpg 200w\" sizes=\"auto, (max-width: 150px) 100vw, 150px\" \/><\/a> <a href=\"https:\/\/xn--judo-lbben-feb.de\/wp-content\/uploads\/2012\/10\/DSC05258-.jpg\"><img loading=\"lazy\" decoding=\"async\" class=\"alignnone size-thumbnail wp-image-8272\" src=\"https:\/\/xn--judo-lbben-feb.de\/wp-content\/uploads\/2012\/10\/DSC05258--150x150.jpg\" alt=\"DSC05258\" width=\"150\" height=\"150\" srcset=\"https:\/\/xn--judo-lbben-feb.de\/wp-content\/uploads\/2012\/10\/DSC05258--150x150.jpg 150w, https:\/\/xn--judo-lbben-feb.de\/wp-content\/uploads\/2012\/10\/DSC05258--80x80.jpg 80w, https:\/\/xn--judo-lbben-feb.de\/wp-content\/uploads\/2012\/10\/DSC05258--200x200.jpg 200w\" sizes=\"auto, (max-width: 150px) 100vw, 150px\" \/><\/a> <a href=\"https:\/\/xn--judo-lbben-feb.de\/wp-content\/uploads\/2012\/10\/DSC05259-.jpg\"><img loading=\"lazy\" decoding=\"async\" class=\"alignnone size-thumbnail wp-image-8273\" src=\"https:\/\/xn--judo-lbben-feb.de\/wp-content\/uploads\/2012\/10\/DSC05259--150x150.jpg\" alt=\"DSC05259\" width=\"150\" height=\"150\" srcset=\"https:\/\/xn--judo-lbben-feb.de\/wp-content\/uploads\/2012\/10\/DSC05259--150x150.jpg 150w, https:\/\/xn--judo-lbben-feb.de\/wp-content\/uploads\/2012\/10\/DSC05259--80x80.jpg 80w, https:\/\/xn--judo-lbben-feb.de\/wp-content\/uploads\/2012\/10\/DSC05259--200x200.jpg 200w\" sizes=\"auto, (max-width: 150px) 100vw, 150px\" \/><\/a> <a href=\"https:\/\/xn--judo-lbben-feb.de\/wp-content\/uploads\/2012\/10\/DSC05260-.jpg\"><img loading=\"lazy\" decoding=\"async\" class=\"alignnone size-thumbnail wp-image-8274\" src=\"https:\/\/xn--judo-lbben-feb.de\/wp-content\/uploads\/2012\/10\/DSC05260--150x150.jpg\" alt=\"DSC05260\" width=\"150\" height=\"150\" srcset=\"https:\/\/xn--judo-lbben-feb.de\/wp-content\/uploads\/2012\/10\/DSC05260--150x150.jpg 150w, https:\/\/xn--judo-lbben-feb.de\/wp-content\/uploads\/2012\/10\/DSC05260--80x80.jpg 80w, https:\/\/xn--judo-lbben-feb.de\/wp-content\/uploads\/2012\/10\/DSC05260--200x200.jpg 200w\" sizes=\"auto, (max-width: 150px) 100vw, 150px\" \/><\/a> <a href=\"https:\/\/xn--judo-lbben-feb.de\/wp-content\/uploads\/2012\/10\/DSC05261-.jpg\"><img loading=\"lazy\" decoding=\"async\" class=\"alignnone size-thumbnail wp-image-8275\" src=\"https:\/\/xn--judo-lbben-feb.de\/wp-content\/uploads\/2012\/10\/DSC05261--150x150.jpg\" alt=\"DSC05261\" width=\"150\" height=\"150\" srcset=\"https:\/\/xn--judo-lbben-feb.de\/wp-content\/uploads\/2012\/10\/DSC05261--150x150.jpg 150w, https:\/\/xn--judo-lbben-feb.de\/wp-content\/uploads\/2012\/10\/DSC05261--80x80.jpg 80w, https:\/\/xn--judo-lbben-feb.de\/wp-content\/uploads\/2012\/10\/DSC05261--200x200.jpg 200w\" sizes=\"auto, (max-width: 150px) 100vw, 150px\" \/><\/a> <a href=\"https:\/\/xn--judo-lbben-feb.de\/wp-content\/uploads\/2012\/10\/DSC05262-.jpg\"><img loading=\"lazy\" decoding=\"async\" class=\"alignnone size-thumbnail wp-image-8276\" src=\"https:\/\/xn--judo-lbben-feb.de\/wp-content\/uploads\/2012\/10\/DSC05262--150x150.jpg\" alt=\"DSC05262\" width=\"150\" height=\"150\" srcset=\"https:\/\/xn--judo-lbben-feb.de\/wp-content\/uploads\/2012\/10\/DSC05262--150x150.jpg 150w, https:\/\/xn--judo-lbben-feb.de\/wp-content\/uploads\/2012\/10\/DSC05262--80x80.jpg 80w, https:\/\/xn--judo-lbben-feb.de\/wp-content\/uploads\/2012\/10\/DSC05262--200x200.jpg 200w\" sizes=\"auto, (max-width: 150px) 100vw, 150px\" \/><\/a> <a href=\"https:\/\/xn--judo-lbben-feb.de\/wp-content\/uploads\/2012\/10\/DSC05263-.jpg\"><img loading=\"lazy\" decoding=\"async\" class=\"alignnone size-thumbnail wp-image-8277\" src=\"https:\/\/xn--judo-lbben-feb.de\/wp-content\/uploads\/2012\/10\/DSC05263--150x150.jpg\" alt=\"DSC05263\" width=\"150\" height=\"150\" srcset=\"https:\/\/xn--judo-lbben-feb.de\/wp-content\/uploads\/2012\/10\/DSC05263--150x150.jpg 150w, https:\/\/xn--judo-lbben-feb.de\/wp-content\/uploads\/2012\/10\/DSC05263--80x80.jpg 80w, https:\/\/xn--judo-lbben-feb.de\/wp-content\/uploads\/2012\/10\/DSC05263--200x200.jpg 200w\" sizes=\"auto, (max-width: 150px) 100vw, 150px\" \/><\/a> <a href=\"https:\/\/xn--judo-lbben-feb.de\/wp-content\/uploads\/2012\/10\/DSC05264-.jpg\"><img loading=\"lazy\" decoding=\"async\" class=\"alignnone size-thumbnail wp-image-8278\" src=\"https:\/\/xn--judo-lbben-feb.de\/wp-content\/uploads\/2012\/10\/DSC05264--150x150.jpg\" alt=\"DSC05264\" width=\"150\" height=\"150\" srcset=\"https:\/\/xn--judo-lbben-feb.de\/wp-content\/uploads\/2012\/10\/DSC05264--150x150.jpg 150w, https:\/\/xn--judo-lbben-feb.de\/wp-content\/uploads\/2012\/10\/DSC05264--80x80.jpg 80w, https:\/\/xn--judo-lbben-feb.de\/wp-content\/uploads\/2012\/10\/DSC05264--200x200.jpg 200w\" sizes=\"auto, (max-width: 150px) 100vw, 150px\" \/><\/a> <a href=\"https:\/\/xn--judo-lbben-feb.de\/wp-content\/uploads\/2012\/10\/DSC05265-.jpg\"><img loading=\"lazy\" decoding=\"async\" class=\"alignnone size-thumbnail wp-image-8279\" src=\"https:\/\/xn--judo-lbben-feb.de\/wp-content\/uploads\/2012\/10\/DSC05265--150x150.jpg\" alt=\"DSC05265\" width=\"150\" height=\"150\" srcset=\"https:\/\/xn--judo-lbben-feb.de\/wp-content\/uploads\/2012\/10\/DSC05265--150x150.jpg 150w, https:\/\/xn--judo-lbben-feb.de\/wp-content\/uploads\/2012\/10\/DSC05265--80x80.jpg 80w, https:\/\/xn--judo-lbben-feb.de\/wp-content\/uploads\/2012\/10\/DSC05265--200x200.jpg 200w\" sizes=\"auto, (max-width: 150px) 100vw, 150px\" \/><\/a> <a href=\"https:\/\/xn--judo-lbben-feb.de\/wp-content\/uploads\/2012\/10\/DSC05266-.jpg\"><img loading=\"lazy\" decoding=\"async\" class=\"alignnone size-thumbnail wp-image-8280\" src=\"https:\/\/xn--judo-lbben-feb.de\/wp-content\/uploads\/2012\/10\/DSC05266--150x150.jpg\" alt=\"DSC05266\" width=\"150\" height=\"150\" srcset=\"https:\/\/xn--judo-lbben-feb.de\/wp-content\/uploads\/2012\/10\/DSC05266--150x150.jpg 150w, https:\/\/xn--judo-lbben-feb.de\/wp-content\/uploads\/2012\/10\/DSC05266--80x80.jpg 80w, https:\/\/xn--judo-lbben-feb.de\/wp-content\/uploads\/2012\/10\/DSC05266--200x200.jpg 200w\" sizes=\"auto, (max-width: 150px) 100vw, 150px\" \/><\/a> <a href=\"https:\/\/xn--judo-lbben-feb.de\/wp-content\/uploads\/2012\/10\/DSC05267-.jpg\"><img loading=\"lazy\" decoding=\"async\" class=\"alignnone size-thumbnail wp-image-8281\" src=\"https:\/\/xn--judo-lbben-feb.de\/wp-content\/uploads\/2012\/10\/DSC05267--150x150.jpg\" alt=\"DSC05267\" width=\"150\" height=\"150\" srcset=\"https:\/\/xn--judo-lbben-feb.de\/wp-content\/uploads\/2012\/10\/DSC05267--150x150.jpg 150w, https:\/\/xn--judo-lbben-feb.de\/wp-content\/uploads\/2012\/10\/DSC05267--80x80.jpg 80w, https:\/\/xn--judo-lbben-feb.de\/wp-content\/uploads\/2012\/10\/DSC05267--200x200.jpg 200w\" sizes=\"auto, (max-width: 150px) 100vw, 150px\" \/><\/a> <a href=\"https:\/\/xn--judo-lbben-feb.de\/wp-content\/uploads\/2012\/10\/DSC05268-.jpg\"><img loading=\"lazy\" decoding=\"async\" class=\"alignnone size-thumbnail wp-image-8282\" src=\"https:\/\/xn--judo-lbben-feb.de\/wp-content\/uploads\/2012\/10\/DSC05268--150x150.jpg\" alt=\"DSC05268\" width=\"150\" height=\"150\" srcset=\"https:\/\/xn--judo-lbben-feb.de\/wp-content\/uploads\/2012\/10\/DSC05268--150x150.jpg 150w, https:\/\/xn--judo-lbben-feb.de\/wp-content\/uploads\/2012\/10\/DSC05268--80x80.jpg 80w, https:\/\/xn--judo-lbben-feb.de\/wp-content\/uploads\/2012\/10\/DSC05268--200x200.jpg 200w\" sizes=\"auto, (max-width: 150px) 100vw, 150px\" \/><\/a> <a href=\"https:\/\/xn--judo-lbben-feb.de\/wp-content\/uploads\/2012\/10\/DSC05269-.jpg\"><img loading=\"lazy\" decoding=\"async\" class=\"alignnone size-thumbnail wp-image-8283\" src=\"https:\/\/xn--judo-lbben-feb.de\/wp-content\/uploads\/2012\/10\/DSC05269--150x150.jpg\" alt=\"DSC05269\" width=\"150\" height=\"150\" srcset=\"https:\/\/xn--judo-lbben-feb.de\/wp-content\/uploads\/2012\/10\/DSC05269--150x150.jpg 150w, https:\/\/xn--judo-lbben-feb.de\/wp-content\/uploads\/2012\/10\/DSC05269--80x80.jpg 80w, https:\/\/xn--judo-lbben-feb.de\/wp-content\/uploads\/2012\/10\/DSC05269--200x200.jpg 200w\" sizes=\"auto, (max-width: 150px) 100vw, 150px\" \/><\/a> <a href=\"https:\/\/xn--judo-lbben-feb.de\/wp-content\/uploads\/2012\/10\/DSC05270-.jpg\"><img loading=\"lazy\" decoding=\"async\" class=\"alignnone size-thumbnail wp-image-8284\" src=\"https:\/\/xn--judo-lbben-feb.de\/wp-content\/uploads\/2012\/10\/DSC05270--150x150.jpg\" alt=\"DSC05270\" width=\"150\" height=\"150\" srcset=\"https:\/\/xn--judo-lbben-feb.de\/wp-content\/uploads\/2012\/10\/DSC05270--150x150.jpg 150w, https:\/\/xn--judo-lbben-feb.de\/wp-content\/uploads\/2012\/10\/DSC05270--80x80.jpg 80w, https:\/\/xn--judo-lbben-feb.de\/wp-content\/uploads\/2012\/10\/DSC05270--200x200.jpg 200w\" sizes=\"auto, (max-width: 150px) 100vw, 150px\" \/><\/a> <a href=\"https:\/\/xn--judo-lbben-feb.de\/wp-content\/uploads\/2012\/10\/DSC05271-.jpg\"><img loading=\"lazy\" decoding=\"async\" class=\"alignnone size-thumbnail wp-image-8285\" src=\"https:\/\/xn--judo-lbben-feb.de\/wp-content\/uploads\/2012\/10\/DSC05271--150x150.jpg\" alt=\"DSC05271\" width=\"150\" height=\"150\" srcset=\"https:\/\/xn--judo-lbben-feb.de\/wp-content\/uploads\/2012\/10\/DSC05271--150x150.jpg 150w, https:\/\/xn--judo-lbben-feb.de\/wp-content\/uploads\/2012\/10\/DSC05271--80x80.jpg 80w, https:\/\/xn--judo-lbben-feb.de\/wp-content\/uploads\/2012\/10\/DSC05271--200x200.jpg 200w\" sizes=\"auto, (max-width: 150px) 100vw, 150px\" \/><\/a> <a href=\"https:\/\/xn--judo-lbben-feb.de\/wp-content\/uploads\/2012\/10\/DSC05272-.jpg\"><img loading=\"lazy\" decoding=\"async\" class=\"alignnone size-thumbnail wp-image-8286\" src=\"https:\/\/xn--judo-lbben-feb.de\/wp-content\/uploads\/2012\/10\/DSC05272--150x150.jpg\" alt=\"DSC05272\" width=\"150\" height=\"150\" srcset=\"https:\/\/xn--judo-lbben-feb.de\/wp-content\/uploads\/2012\/10\/DSC05272--150x150.jpg 150w, https:\/\/xn--judo-lbben-feb.de\/wp-content\/uploads\/2012\/10\/DSC05272--80x80.jpg 80w, https:\/\/xn--judo-lbben-feb.de\/wp-content\/uploads\/2012\/10\/DSC05272--200x200.jpg 200w\" sizes=\"auto, (max-width: 150px) 100vw, 150px\" \/><\/a> <a href=\"https:\/\/xn--judo-lbben-feb.de\/wp-content\/uploads\/2012\/10\/DSC05273-.jpg\"><img loading=\"lazy\" decoding=\"async\" class=\"alignnone size-thumbnail wp-image-8287\" src=\"https:\/\/xn--judo-lbben-feb.de\/wp-content\/uploads\/2012\/10\/DSC05273--150x150.jpg\" alt=\"DSC05273\" width=\"150\" height=\"150\" srcset=\"https:\/\/xn--judo-lbben-feb.de\/wp-content\/uploads\/2012\/10\/DSC05273--150x150.jpg 150w, https:\/\/xn--judo-lbben-feb.de\/wp-content\/uploads\/2012\/10\/DSC05273--80x80.jpg 80w, https:\/\/xn--judo-lbben-feb.de\/wp-content\/uploads\/2012\/10\/DSC05273--200x200.jpg 200w\" sizes=\"auto, (max-width: 150px) 100vw, 150px\" \/><\/a> <a href=\"https:\/\/xn--judo-lbben-feb.de\/wp-content\/uploads\/2012\/10\/DSC05274-.jpg\"><img loading=\"lazy\" decoding=\"async\" class=\"alignnone size-thumbnail wp-image-8288\" src=\"https:\/\/xn--judo-lbben-feb.de\/wp-content\/uploads\/2012\/10\/DSC05274--150x150.jpg\" alt=\"DSC05274\" width=\"150\" height=\"150\" srcset=\"https:\/\/xn--judo-lbben-feb.de\/wp-content\/uploads\/2012\/10\/DSC05274--150x150.jpg 150w, https:\/\/xn--judo-lbben-feb.de\/wp-content\/uploads\/2012\/10\/DSC05274--80x80.jpg 80w, https:\/\/xn--judo-lbben-feb.de\/wp-content\/uploads\/2012\/10\/DSC05274--200x200.jpg 200w\" sizes=\"auto, (max-width: 150px) 100vw, 150px\" \/><\/a> <a href=\"https:\/\/xn--judo-lbben-feb.de\/wp-content\/uploads\/2012\/10\/DSC05275-.jpg\"><img loading=\"lazy\" decoding=\"async\" class=\"alignnone size-thumbnail wp-image-8289\" src=\"https:\/\/xn--judo-lbben-feb.de\/wp-content\/uploads\/2012\/10\/DSC05275--150x150.jpg\" alt=\"DSC05275\" width=\"150\" height=\"150\" srcset=\"https:\/\/xn--judo-lbben-feb.de\/wp-content\/uploads\/2012\/10\/DSC05275--150x150.jpg 150w, https:\/\/xn--judo-lbben-feb.de\/wp-content\/uploads\/2012\/10\/DSC05275--80x80.jpg 80w, https:\/\/xn--judo-lbben-feb.de\/wp-content\/uploads\/2012\/10\/DSC05275--200x200.jpg 200w\" sizes=\"auto, (max-width: 150px) 100vw, 150px\" \/><\/a> <a href=\"https:\/\/xn--judo-lbben-feb.de\/wp-content\/uploads\/2012\/10\/DSC05276-.jpg\"><img loading=\"lazy\" decoding=\"async\" class=\"alignnone size-thumbnail wp-image-8290\" src=\"https:\/\/xn--judo-lbben-feb.de\/wp-content\/uploads\/2012\/10\/DSC05276--150x150.jpg\" alt=\"DSC05276\" width=\"150\" height=\"150\" srcset=\"https:\/\/xn--judo-lbben-feb.de\/wp-content\/uploads\/2012\/10\/DSC05276--150x150.jpg 150w, https:\/\/xn--judo-lbben-feb.de\/wp-content\/uploads\/2012\/10\/DSC05276--80x80.jpg 80w, https:\/\/xn--judo-lbben-feb.de\/wp-content\/uploads\/2012\/10\/DSC05276--200x200.jpg 200w\" sizes=\"auto, (max-width: 150px) 100vw, 150px\" \/><\/a> <a href=\"https:\/\/xn--judo-lbben-feb.de\/wp-content\/uploads\/2012\/10\/DSC05277-.jpg\"><img loading=\"lazy\" decoding=\"async\" class=\"alignnone size-thumbnail wp-image-8291\" src=\"https:\/\/xn--judo-lbben-feb.de\/wp-content\/uploads\/2012\/10\/DSC05277--150x150.jpg\" alt=\"DSC05277\" width=\"150\" height=\"150\" srcset=\"https:\/\/xn--judo-lbben-feb.de\/wp-content\/uploads\/2012\/10\/DSC05277--150x150.jpg 150w, https:\/\/xn--judo-lbben-feb.de\/wp-content\/uploads\/2012\/10\/DSC05277--80x80.jpg 80w, https:\/\/xn--judo-lbben-feb.de\/wp-content\/uploads\/2012\/10\/DSC05277--200x200.jpg 200w\" sizes=\"auto, (max-width: 150px) 100vw, 150px\" \/><\/a> <a href=\"https:\/\/xn--judo-lbben-feb.de\/wp-content\/uploads\/2012\/10\/DSC05278-.jpg\"><img loading=\"lazy\" decoding=\"async\" class=\"alignnone size-thumbnail wp-image-8292\" src=\"https:\/\/xn--judo-lbben-feb.de\/wp-content\/uploads\/2012\/10\/DSC05278--150x150.jpg\" alt=\"DSC05278\" width=\"150\" height=\"150\" srcset=\"https:\/\/xn--judo-lbben-feb.de\/wp-content\/uploads\/2012\/10\/DSC05278--150x150.jpg 150w, https:\/\/xn--judo-lbben-feb.de\/wp-content\/uploads\/2012\/10\/DSC05278--80x80.jpg 80w, https:\/\/xn--judo-lbben-feb.de\/wp-content\/uploads\/2012\/10\/DSC05278--200x200.jpg 200w\" sizes=\"auto, (max-width: 150px) 100vw, 150px\" \/><\/a> <a href=\"https:\/\/xn--judo-lbben-feb.de\/wp-content\/uploads\/2012\/10\/DSC05279-.jpg\"><img loading=\"lazy\" decoding=\"async\" class=\"alignnone size-thumbnail wp-image-8293\" src=\"https:\/\/xn--judo-lbben-feb.de\/wp-content\/uploads\/2012\/10\/DSC05279--150x150.jpg\" alt=\"DSC05279\" width=\"150\" height=\"150\" srcset=\"https:\/\/xn--judo-lbben-feb.de\/wp-content\/uploads\/2012\/10\/DSC05279--150x150.jpg 150w, https:\/\/xn--judo-lbben-feb.de\/wp-content\/uploads\/2012\/10\/DSC05279--80x80.jpg 80w, https:\/\/xn--judo-lbben-feb.de\/wp-content\/uploads\/2012\/10\/DSC05279--200x200.jpg 200w\" sizes=\"auto, (max-width: 150px) 100vw, 150px\" \/><\/a> <a href=\"https:\/\/xn--judo-lbben-feb.de\/wp-content\/uploads\/2012\/10\/DSC05280-.jpg\"><img loading=\"lazy\" decoding=\"async\" class=\"alignnone size-thumbnail wp-image-8294\" src=\"https:\/\/xn--judo-lbben-feb.de\/wp-content\/uploads\/2012\/10\/DSC05280--150x150.jpg\" alt=\"DSC05280\" width=\"150\" height=\"150\" srcset=\"https:\/\/xn--judo-lbben-feb.de\/wp-content\/uploads\/2012\/10\/DSC05280--150x150.jpg 150w, https:\/\/xn--judo-lbben-feb.de\/wp-content\/uploads\/2012\/10\/DSC05280--80x80.jpg 80w, https:\/\/xn--judo-lbben-feb.de\/wp-content\/uploads\/2012\/10\/DSC05280--200x200.jpg 200w\" sizes=\"auto, (max-width: 150px) 100vw, 150px\" \/><\/a> <a href=\"https:\/\/xn--judo-lbben-feb.de\/wp-content\/uploads\/2012\/10\/DSC05281-.jpg\"><img loading=\"lazy\" decoding=\"async\" class=\"alignnone size-thumbnail wp-image-8295\" src=\"https:\/\/xn--judo-lbben-feb.de\/wp-content\/uploads\/2012\/10\/DSC05281--150x150.jpg\" alt=\"DSC05281\" width=\"150\" height=\"150\" srcset=\"https:\/\/xn--judo-lbben-feb.de\/wp-content\/uploads\/2012\/10\/DSC05281--150x150.jpg 150w, https:\/\/xn--judo-lbben-feb.de\/wp-content\/uploads\/2012\/10\/DSC05281--80x80.jpg 80w, https:\/\/xn--judo-lbben-feb.de\/wp-content\/uploads\/2012\/10\/DSC05281--200x200.jpg 200w\" sizes=\"auto, (max-width: 150px) 100vw, 150px\" \/><\/a> <a href=\"https:\/\/xn--judo-lbben-feb.de\/wp-content\/uploads\/2012\/10\/DSC05282-.jpg\"><img loading=\"lazy\" decoding=\"async\" class=\"alignnone size-thumbnail wp-image-8296\" src=\"https:\/\/xn--judo-lbben-feb.de\/wp-content\/uploads\/2012\/10\/DSC05282--150x150.jpg\" alt=\"DSC05282\" width=\"150\" height=\"150\" srcset=\"https:\/\/xn--judo-lbben-feb.de\/wp-content\/uploads\/2012\/10\/DSC05282--150x150.jpg 150w, https:\/\/xn--judo-lbben-feb.de\/wp-content\/uploads\/2012\/10\/DSC05282--80x80.jpg 80w, https:\/\/xn--judo-lbben-feb.de\/wp-content\/uploads\/2012\/10\/DSC05282--200x200.jpg 200w\" sizes=\"auto, (max-width: 150px) 100vw, 150px\" \/><\/a> <a href=\"https:\/\/xn--judo-lbben-feb.de\/wp-content\/uploads\/2012\/10\/DSC05283-.jpg\"><img loading=\"lazy\" decoding=\"async\" class=\"alignnone size-thumbnail wp-image-8297\" src=\"https:\/\/xn--judo-lbben-feb.de\/wp-content\/uploads\/2012\/10\/DSC05283--150x150.jpg\" alt=\"DSC05283\" width=\"150\" height=\"150\" srcset=\"https:\/\/xn--judo-lbben-feb.de\/wp-content\/uploads\/2012\/10\/DSC05283--150x150.jpg 150w, https:\/\/xn--judo-lbben-feb.de\/wp-content\/uploads\/2012\/10\/DSC05283--80x80.jpg 80w, https:\/\/xn--judo-lbben-feb.de\/wp-content\/uploads\/2012\/10\/DSC05283--200x200.jpg 200w\" sizes=\"auto, (max-width: 150px) 100vw, 150px\" \/><\/a> <a href=\"https:\/\/xn--judo-lbben-feb.de\/wp-content\/uploads\/2012\/10\/DSC05284-.jpg\"><img loading=\"lazy\" decoding=\"async\" class=\"alignnone size-thumbnail wp-image-8298\" src=\"https:\/\/xn--judo-lbben-feb.de\/wp-content\/uploads\/2012\/10\/DSC05284--150x150.jpg\" alt=\"DSC05284\" width=\"150\" height=\"150\" srcset=\"https:\/\/xn--judo-lbben-feb.de\/wp-content\/uploads\/2012\/10\/DSC05284--150x150.jpg 150w, https:\/\/xn--judo-lbben-feb.de\/wp-content\/uploads\/2012\/10\/DSC05284--80x80.jpg 80w, https:\/\/xn--judo-lbben-feb.de\/wp-content\/uploads\/2012\/10\/DSC05284--200x200.jpg 200w\" sizes=\"auto, (max-width: 150px) 100vw, 150px\" \/><\/a> <a href=\"https:\/\/xn--judo-lbben-feb.de\/wp-content\/uploads\/2012\/10\/DSC05285-.jpg\"><img loading=\"lazy\" decoding=\"async\" class=\"alignnone size-thumbnail wp-image-8299\" src=\"https:\/\/xn--judo-lbben-feb.de\/wp-content\/uploads\/2012\/10\/DSC05285--150x150.jpg\" alt=\"DSC05285\" width=\"150\" height=\"150\" srcset=\"https:\/\/xn--judo-lbben-feb.de\/wp-content\/uploads\/2012\/10\/DSC05285--150x150.jpg 150w, https:\/\/xn--judo-lbben-feb.de\/wp-content\/uploads\/2012\/10\/DSC05285--80x80.jpg 80w, https:\/\/xn--judo-lbben-feb.de\/wp-content\/uploads\/2012\/10\/DSC05285--200x200.jpg 200w\" sizes=\"auto, (max-width: 150px) 100vw, 150px\" \/><\/a> <a href=\"https:\/\/xn--judo-lbben-feb.de\/wp-content\/uploads\/2012\/10\/DSC05286-.jpg\"><img loading=\"lazy\" decoding=\"async\" class=\"alignnone size-thumbnail wp-image-8300\" src=\"https:\/\/xn--judo-lbben-feb.de\/wp-content\/uploads\/2012\/10\/DSC05286--150x150.jpg\" alt=\"DSC05286\" width=\"150\" height=\"150\" srcset=\"https:\/\/xn--judo-lbben-feb.de\/wp-content\/uploads\/2012\/10\/DSC05286--150x150.jpg 150w, https:\/\/xn--judo-lbben-feb.de\/wp-content\/uploads\/2012\/10\/DSC05286--80x80.jpg 80w, https:\/\/xn--judo-lbben-feb.de\/wp-content\/uploads\/2012\/10\/DSC05286--200x200.jpg 200w\" sizes=\"auto, (max-width: 150px) 100vw, 150px\" \/><\/a> <a href=\"https:\/\/xn--judo-lbben-feb.de\/wp-content\/uploads\/2012\/10\/DSC05287-.jpg\"><img loading=\"lazy\" decoding=\"async\" class=\"alignnone size-thumbnail wp-image-8301\" src=\"https:\/\/xn--judo-lbben-feb.de\/wp-content\/uploads\/2012\/10\/DSC05287--150x150.jpg\" alt=\"DSC05287\" width=\"150\" height=\"150\" srcset=\"https:\/\/xn--judo-lbben-feb.de\/wp-content\/uploads\/2012\/10\/DSC05287--150x150.jpg 150w, https:\/\/xn--judo-lbben-feb.de\/wp-content\/uploads\/2012\/10\/DSC05287--80x80.jpg 80w, https:\/\/xn--judo-lbben-feb.de\/wp-content\/uploads\/2012\/10\/DSC05287--200x200.jpg 200w\" sizes=\"auto, (max-width: 150px) 100vw, 150px\" \/><\/a> <a href=\"https:\/\/xn--judo-lbben-feb.de\/wp-content\/uploads\/2012\/10\/DSC05288-.jpg\"><img loading=\"lazy\" decoding=\"async\" class=\"alignnone size-thumbnail wp-image-8302\" src=\"https:\/\/xn--judo-lbben-feb.de\/wp-content\/uploads\/2012\/10\/DSC05288--150x150.jpg\" alt=\"DSC05288\" width=\"150\" height=\"150\" srcset=\"https:\/\/xn--judo-lbben-feb.de\/wp-content\/uploads\/2012\/10\/DSC05288--150x150.jpg 150w, https:\/\/xn--judo-lbben-feb.de\/wp-content\/uploads\/2012\/10\/DSC05288--80x80.jpg 80w, https:\/\/xn--judo-lbben-feb.de\/wp-content\/uploads\/2012\/10\/DSC05288--200x200.jpg 200w\" sizes=\"auto, (max-width: 150px) 100vw, 150px\" \/><\/a> <a href=\"https:\/\/xn--judo-lbben-feb.de\/wp-content\/uploads\/2012\/10\/DSC05289-.jpg\"><img loading=\"lazy\" decoding=\"async\" class=\"alignnone size-thumbnail wp-image-8303\" src=\"https:\/\/xn--judo-lbben-feb.de\/wp-content\/uploads\/2012\/10\/DSC05289--150x150.jpg\" alt=\"DSC05289\" width=\"150\" height=\"150\" srcset=\"https:\/\/xn--judo-lbben-feb.de\/wp-content\/uploads\/2012\/10\/DSC05289--150x150.jpg 150w, https:\/\/xn--judo-lbben-feb.de\/wp-content\/uploads\/2012\/10\/DSC05289--80x80.jpg 80w, https:\/\/xn--judo-lbben-feb.de\/wp-content\/uploads\/2012\/10\/DSC05289--200x200.jpg 200w\" sizes=\"auto, (max-width: 150px) 100vw, 150px\" \/><\/a> <a href=\"https:\/\/xn--judo-lbben-feb.de\/wp-content\/uploads\/2012\/10\/DSC05290-.jpg\"><img loading=\"lazy\" decoding=\"async\" class=\"alignnone size-thumbnail wp-image-8304\" src=\"https:\/\/xn--judo-lbben-feb.de\/wp-content\/uploads\/2012\/10\/DSC05290--150x150.jpg\" alt=\"DSC05290\" width=\"150\" height=\"150\" srcset=\"https:\/\/xn--judo-lbben-feb.de\/wp-content\/uploads\/2012\/10\/DSC05290--150x150.jpg 150w, https:\/\/xn--judo-lbben-feb.de\/wp-content\/uploads\/2012\/10\/DSC05290--80x80.jpg 80w, https:\/\/xn--judo-lbben-feb.de\/wp-content\/uploads\/2012\/10\/DSC05290--200x200.jpg 200w\" sizes=\"auto, (max-width: 150px) 100vw, 150px\" \/><\/a> <a href=\"https:\/\/xn--judo-lbben-feb.de\/wp-content\/uploads\/2012\/10\/DSC05291-.jpg\"><img loading=\"lazy\" decoding=\"async\" class=\"alignnone size-thumbnail wp-image-8305\" src=\"https:\/\/xn--judo-lbben-feb.de\/wp-content\/uploads\/2012\/10\/DSC05291--150x150.jpg\" alt=\"DSC05291\" width=\"150\" height=\"150\" srcset=\"https:\/\/xn--judo-lbben-feb.de\/wp-content\/uploads\/2012\/10\/DSC05291--150x150.jpg 150w, https:\/\/xn--judo-lbben-feb.de\/wp-content\/uploads\/2012\/10\/DSC05291--80x80.jpg 80w, https:\/\/xn--judo-lbben-feb.de\/wp-content\/uploads\/2012\/10\/DSC05291--200x200.jpg 200w\" sizes=\"auto, (max-width: 150px) 100vw, 150px\" \/><\/a> <a href=\"https:\/\/xn--judo-lbben-feb.de\/wp-content\/uploads\/2012\/10\/DSC05292-.jpg\"><img loading=\"lazy\" decoding=\"async\" class=\"alignnone size-thumbnail wp-image-8306\" src=\"https:\/\/xn--judo-lbben-feb.de\/wp-content\/uploads\/2012\/10\/DSC05292--150x150.jpg\" alt=\"DSC05292\" width=\"150\" height=\"150\" srcset=\"https:\/\/xn--judo-lbben-feb.de\/wp-content\/uploads\/2012\/10\/DSC05292--150x150.jpg 150w, https:\/\/xn--judo-lbben-feb.de\/wp-content\/uploads\/2012\/10\/DSC05292--80x80.jpg 80w, https:\/\/xn--judo-lbben-feb.de\/wp-content\/uploads\/2012\/10\/DSC05292--200x200.jpg 200w\" sizes=\"auto, (max-width: 150px) 100vw, 150px\" \/><\/a> <a href=\"https:\/\/xn--judo-lbben-feb.de\/wp-content\/uploads\/2012\/10\/DSC05293-.jpg\"><img loading=\"lazy\" decoding=\"async\" class=\"alignnone size-thumbnail wp-image-8307\" src=\"https:\/\/xn--judo-lbben-feb.de\/wp-content\/uploads\/2012\/10\/DSC05293--150x150.jpg\" alt=\"DSC05293\" width=\"150\" height=\"150\" srcset=\"https:\/\/xn--judo-lbben-feb.de\/wp-content\/uploads\/2012\/10\/DSC05293--150x150.jpg 150w, https:\/\/xn--judo-lbben-feb.de\/wp-content\/uploads\/2012\/10\/DSC05293--80x80.jpg 80w, https:\/\/xn--judo-lbben-feb.de\/wp-content\/uploads\/2012\/10\/DSC05293--200x200.jpg 200w\" sizes=\"auto, (max-width: 150px) 100vw, 150px\" \/><\/a><\/p>\n<p style=\"text-align: center;\"><strong>Wanderwochenende Eisenach 30.April bis 03.Mai 2015<\/strong><\/p>\n<p style=\"text-align: left;\"><span style=\"text-decoration: underline;\">Tag 1<\/span><\/p>\n<p style=\"text-align: center;\">Am Donnerstag war es endlich so weit, mit mehreren Auto&#8217;s reisten wir zur Jugendherberge. Die einen waren etwas eher da, die anderen brauchten etwas l\u00e4nger den richtigen Weg zu finden.<a href=\"https:\/\/xn--judo-lbben-feb.de\/wp-content\/uploads\/2015\/04\/smiley.jpg\"><img loading=\"lazy\" decoding=\"async\" class=\"alignnone wp-image-7815\" src=\"https:\/\/xn--judo-lbben-feb.de\/wp-content\/uploads\/2015\/04\/smiley-150x150.jpg\" alt=\"smiley\" width=\"22\" height=\"22\" srcset=\"https:\/\/xn--judo-lbben-feb.de\/wp-content\/uploads\/2015\/04\/smiley-150x150.jpg 150w, https:\/\/xn--judo-lbben-feb.de\/wp-content\/uploads\/2015\/04\/smiley-300x300.jpg 300w, https:\/\/xn--judo-lbben-feb.de\/wp-content\/uploads\/2015\/04\/smiley-80x80.jpg 80w, https:\/\/xn--judo-lbben-feb.de\/wp-content\/uploads\/2015\/04\/smiley-200x200.jpg 200w, https:\/\/xn--judo-lbben-feb.de\/wp-content\/uploads\/2015\/04\/smiley.jpg 600w\" sizes=\"auto, (max-width: 22px) 100vw, 22px\" \/><\/a><\/p>\n<p style=\"text-align: center;\">Es kam zum ersten gem\u00fctlichen Beisammensein am Abend, wo schon mal der n\u00e4chste Tag geplant werden sollte.<\/p>\n<p style=\"text-align: center;\">Nach einem reichhaltigen Fr\u00fchst\u00fcck, ging es am Freitag gegen 10:00 Uhr zu gro\u00dfen Wanderung los.<\/p>\n<p style=\"text-align: center;\"><a href=\"https:\/\/xn--judo-lbben-feb.de\/wp-content\/uploads\/2015\/05\/DSC05056-.jpg\"><img loading=\"lazy\" decoding=\"async\" class=\"alignnone size-large wp-image-7812\" src=\"https:\/\/xn--judo-lbben-feb.de\/wp-content\/uploads\/2015\/05\/DSC05056--1024x768.jpg\" alt=\"DSC05056\" width=\"598\" height=\"449\" srcset=\"https:\/\/xn--judo-lbben-feb.de\/wp-content\/uploads\/2015\/05\/DSC05056-.jpg 1024w, https:\/\/xn--judo-lbben-feb.de\/wp-content\/uploads\/2015\/05\/DSC05056--300x225.jpg 300w\" sizes=\"auto, (max-width: 598px) 100vw, 598px\" \/><\/a><\/p>\n<p style=\"text-align: center;\">Geplant waren um die 15 km, aber wer J\u00f6rg kennt wei\u00df, dass es da noch die eine oder andere Umleitung gibt.<a href=\"https:\/\/xn--judo-lbben-feb.de\/wp-content\/uploads\/2015\/04\/smiley1.jpg\"><img loading=\"lazy\" decoding=\"async\" class=\"alignnone wp-image-7817\" src=\"https:\/\/xn--judo-lbben-feb.de\/wp-content\/uploads\/2015\/04\/smiley1-150x150.jpg\" alt=\"smiley1\" width=\"15\" height=\"15\" srcset=\"https:\/\/xn--judo-lbben-feb.de\/wp-content\/uploads\/2015\/04\/smiley1-150x150.jpg 150w, https:\/\/xn--judo-lbben-feb.de\/wp-content\/uploads\/2015\/04\/smiley1-80x80.jpg 80w, https:\/\/xn--judo-lbben-feb.de\/wp-content\/uploads\/2015\/04\/smiley1-200x200.jpg 200w, https:\/\/xn--judo-lbben-feb.de\/wp-content\/uploads\/2015\/04\/smiley1.jpg 235w\" sizes=\"auto, (max-width: 15px) 100vw, 15px\" \/><\/a><\/p>\n<p style=\"text-align: center;\">Zu erst passierten wir nach einem steilen Anstieg die sch\u00f6ne Aussicht auf die Wartburg.<\/p>\n<p style=\"text-align: center;\"><a href=\"https:\/\/xn--judo-lbben-feb.de\/wp-content\/uploads\/2015\/04\/DSC05058-.jpg\"><img loading=\"lazy\" decoding=\"async\" class=\"alignnone size-thumbnail wp-image-7821\" src=\"https:\/\/xn--judo-lbben-feb.de\/wp-content\/uploads\/2015\/04\/DSC05058--150x150.jpg\" alt=\"DSC05058\" width=\"150\" height=\"150\" srcset=\"https:\/\/xn--judo-lbben-feb.de\/wp-content\/uploads\/2015\/04\/DSC05058--150x150.jpg 150w, https:\/\/xn--judo-lbben-feb.de\/wp-content\/uploads\/2015\/04\/DSC05058--80x80.jpg 80w, https:\/\/xn--judo-lbben-feb.de\/wp-content\/uploads\/2015\/04\/DSC05058--200x200.jpg 200w\" sizes=\"auto, (max-width: 150px) 100vw, 150px\" \/><\/a> <a href=\"https:\/\/xn--judo-lbben-feb.de\/wp-content\/uploads\/2015\/04\/DSC05060-.jpg\"><img loading=\"lazy\" decoding=\"async\" class=\"alignnone size-thumbnail wp-image-7822\" src=\"https:\/\/xn--judo-lbben-feb.de\/wp-content\/uploads\/2015\/04\/DSC05060--150x150.jpg\" alt=\"DSC05060\" width=\"150\" height=\"150\" srcset=\"https:\/\/xn--judo-lbben-feb.de\/wp-content\/uploads\/2015\/04\/DSC05060--150x150.jpg 150w, https:\/\/xn--judo-lbben-feb.de\/wp-content\/uploads\/2015\/04\/DSC05060--80x80.jpg 80w, https:\/\/xn--judo-lbben-feb.de\/wp-content\/uploads\/2015\/04\/DSC05060--200x200.jpg 200w\" sizes=\"auto, (max-width: 150px) 100vw, 150px\" \/><\/a><\/p>\n<p style=\"text-align: center;\"><a href=\"https:\/\/xn--judo-lbben-feb.de\/wp-content\/uploads\/2015\/04\/DSC05061-.jpg\"><img loading=\"lazy\" decoding=\"async\" class=\"alignnone size-medium wp-image-7823\" src=\"https:\/\/xn--judo-lbben-feb.de\/wp-content\/uploads\/2015\/04\/DSC05061--300x225.jpg\" alt=\"DSC05061\" width=\"300\" height=\"225\" srcset=\"https:\/\/xn--judo-lbben-feb.de\/wp-content\/uploads\/2015\/04\/DSC05061--300x225.jpg 300w, https:\/\/xn--judo-lbben-feb.de\/wp-content\/uploads\/2015\/04\/DSC05061-.jpg 1024w\" sizes=\"auto, (max-width: 300px) 100vw, 300px\" \/><\/a><\/p>\n<p style=\"text-align: center;\">\u00a0Im weiteren Verlauf passierten wir das Restaurant &#8222;S\u00e4ngerwiesen&#8220;, zu diesem Zeitpunkt wusste noch keiner von uns, dass dieses Restaurant uns allen in Erinnerung bleiben wird. Jetzt ging es auf direkten Weg zur ber\u00fchmten Drachenschlucht, einfach wundersch\u00f6n.<\/p>\n<p style=\"text-align: center;\"><a href=\"https:\/\/xn--judo-lbben-feb.de\/wp-content\/uploads\/2015\/04\/DSC05062-.jpg\"><img loading=\"lazy\" decoding=\"async\" class=\"alignnone size-thumbnail wp-image-7826\" src=\"https:\/\/xn--judo-lbben-feb.de\/wp-content\/uploads\/2015\/04\/DSC05062--150x150.jpg\" alt=\"DSC05062\" width=\"150\" height=\"150\" srcset=\"https:\/\/xn--judo-lbben-feb.de\/wp-content\/uploads\/2015\/04\/DSC05062--150x150.jpg 150w, https:\/\/xn--judo-lbben-feb.de\/wp-content\/uploads\/2015\/04\/DSC05062--80x80.jpg 80w, https:\/\/xn--judo-lbben-feb.de\/wp-content\/uploads\/2015\/04\/DSC05062--200x200.jpg 200w\" sizes=\"auto, (max-width: 150px) 100vw, 150px\" \/><\/a> <a href=\"https:\/\/xn--judo-lbben-feb.de\/wp-content\/uploads\/2015\/04\/DSC05063-.jpg\"><img loading=\"lazy\" decoding=\"async\" class=\"alignnone size-thumbnail wp-image-7827\" src=\"https:\/\/xn--judo-lbben-feb.de\/wp-content\/uploads\/2015\/04\/DSC05063--150x150.jpg\" alt=\"DSC05063\" width=\"150\" height=\"150\" srcset=\"https:\/\/xn--judo-lbben-feb.de\/wp-content\/uploads\/2015\/04\/DSC05063--150x150.jpg 150w, https:\/\/xn--judo-lbben-feb.de\/wp-content\/uploads\/2015\/04\/DSC05063--80x80.jpg 80w, https:\/\/xn--judo-lbben-feb.de\/wp-content\/uploads\/2015\/04\/DSC05063--200x200.jpg 200w\" sizes=\"auto, (max-width: 150px) 100vw, 150px\" \/><\/a> <a href=\"https:\/\/xn--judo-lbben-feb.de\/wp-content\/uploads\/2015\/04\/DSC05064-.jpg\"><img loading=\"lazy\" decoding=\"async\" class=\"alignnone size-thumbnail wp-image-7828\" src=\"https:\/\/xn--judo-lbben-feb.de\/wp-content\/uploads\/2015\/04\/DSC05064--150x150.jpg\" alt=\"DSC05064\" width=\"150\" height=\"150\" srcset=\"https:\/\/xn--judo-lbben-feb.de\/wp-content\/uploads\/2015\/04\/DSC05064--150x150.jpg 150w, https:\/\/xn--judo-lbben-feb.de\/wp-content\/uploads\/2015\/04\/DSC05064--80x80.jpg 80w, https:\/\/xn--judo-lbben-feb.de\/wp-content\/uploads\/2015\/04\/DSC05064--200x200.jpg 200w\" sizes=\"auto, (max-width: 150px) 100vw, 150px\" \/><\/a><\/p>\n<p style=\"text-align: center;\"><a href=\"https:\/\/xn--judo-lbben-feb.de\/wp-content\/uploads\/2015\/04\/DSC05075-.jpg\"><img loading=\"lazy\" decoding=\"async\" class=\"alignnone size-medium wp-image-7830\" src=\"https:\/\/xn--judo-lbben-feb.de\/wp-content\/uploads\/2015\/04\/DSC05075--300x225.jpg\" alt=\"DSC05075\" width=\"300\" height=\"225\" srcset=\"https:\/\/xn--judo-lbben-feb.de\/wp-content\/uploads\/2015\/04\/DSC05075--300x225.jpg 300w, https:\/\/xn--judo-lbben-feb.de\/wp-content\/uploads\/2015\/04\/DSC05075-.jpg 1024w\" sizes=\"auto, (max-width: 300px) 100vw, 300px\" \/><\/a><\/p>\n<p style=\"text-align: center;\">Nach einer kurzen Rast gingen wir weiter zur n\u00e4chste Station, dem Treff &#8222;Hohe Sonne&#8220;. Kurz orientiert, wurde ein weiters Etappenziel auserkoren, der kleine und der gro\u00dfe Drachenstein. Na gut am kleinen sind wir vorbei, ohne es zu merken.<\/p>\n<p style=\"text-align: center;\"><a href=\"https:\/\/xn--judo-lbben-feb.de\/wp-content\/uploads\/2015\/04\/DSC05082-.jpg\"><img loading=\"lazy\" decoding=\"async\" class=\"alignnone size-large wp-image-7831\" src=\"https:\/\/xn--judo-lbben-feb.de\/wp-content\/uploads\/2015\/04\/DSC05082--1024x225.jpg\" alt=\"DSC05082\" width=\"598\" height=\"131\" srcset=\"https:\/\/xn--judo-lbben-feb.de\/wp-content\/uploads\/2015\/04\/DSC05082--1024x225.jpg 1024w, https:\/\/xn--judo-lbben-feb.de\/wp-content\/uploads\/2015\/04\/DSC05082--300x66.jpg 300w\" sizes=\"auto, (max-width: 598px) 100vw, 598px\" \/><\/a><\/p>\n<p style=\"text-align: center;\">Die Reisef\u00fcherer beschlossen, zur\u00fcck zur Hohen Sonne um eine Mittagspause einzulegen.<\/p>\n<p style=\"text-align: center;\"><a href=\"https:\/\/xn--judo-lbben-feb.de\/wp-content\/uploads\/2015\/04\/20150501_115446-.jpg\"><img loading=\"lazy\" decoding=\"async\" class=\"alignnone size-medium wp-image-7833\" src=\"https:\/\/xn--judo-lbben-feb.de\/wp-content\/uploads\/2015\/04\/20150501_115446--300x225.jpg\" alt=\"20150501_115446\" width=\"300\" height=\"225\" srcset=\"https:\/\/xn--judo-lbben-feb.de\/wp-content\/uploads\/2015\/04\/20150501_115446--300x225.jpg 300w, https:\/\/xn--judo-lbben-feb.de\/wp-content\/uploads\/2015\/04\/20150501_115446-.jpg 1024w\" sizes=\"auto, (max-width: 300px) 100vw, 300px\" \/><\/a><\/p>\n<p style=\"text-align: center;\">Es sollte anders kommen, wir gingen weiter mit dem Ziel &#8222;S\u00e4ngerwiesen&#8220;, da wir von dort zu den Elfengroten gelangen wollten. Um so n\u00e4her wir uns den &#8222;S\u00e4ngerwiesen&#8220; n\u00e4herten, stieg der Duft von gegrillten Bratw\u00fcrsten in unsere Nasen. Aber die &#8222;S\u00e4ngerwiesen&#8220;- Betreiber verdarben uns den Spa\u00df, langes Anstehen, und dann waren die Bratw\u00fcrste alle. Um ein Bier (nat\u00fcrlich nur f\u00fcr die Erwachsenen) zu bekommen, standen einige von uns eine halbe Stunde an.<\/p>\n<p style=\"text-align: center;\">Trotzdem lie\u00dfen wir uns nicht die gute Laune verderben, ab zu den Elfengroten. Die Kinder hatten hier ihren Spass, kletterten h\u00f6her und h\u00f6her.<\/p>\n<p style=\"text-align: center;\"><a href=\"https:\/\/xn--judo-lbben-feb.de\/wp-content\/uploads\/2015\/04\/DSC05088-.jpg\"><img loading=\"lazy\" decoding=\"async\" class=\"alignnone size-thumbnail wp-image-7834\" src=\"https:\/\/xn--judo-lbben-feb.de\/wp-content\/uploads\/2015\/04\/DSC05088--150x150.jpg\" alt=\"DSC05088\" width=\"150\" height=\"150\" srcset=\"https:\/\/xn--judo-lbben-feb.de\/wp-content\/uploads\/2015\/04\/DSC05088--150x150.jpg 150w, https:\/\/xn--judo-lbben-feb.de\/wp-content\/uploads\/2015\/04\/DSC05088--80x80.jpg 80w, https:\/\/xn--judo-lbben-feb.de\/wp-content\/uploads\/2015\/04\/DSC05088--200x200.jpg 200w\" sizes=\"auto, (max-width: 150px) 100vw, 150px\" \/><\/a> <a href=\"https:\/\/xn--judo-lbben-feb.de\/wp-content\/uploads\/2015\/04\/DSC05089-.jpg\"><img loading=\"lazy\" decoding=\"async\" class=\"alignnone size-thumbnail wp-image-7835\" src=\"https:\/\/xn--judo-lbben-feb.de\/wp-content\/uploads\/2015\/04\/DSC05089--150x150.jpg\" alt=\"DSC05089\" width=\"150\" height=\"150\" srcset=\"https:\/\/xn--judo-lbben-feb.de\/wp-content\/uploads\/2015\/04\/DSC05089--150x150.jpg 150w, https:\/\/xn--judo-lbben-feb.de\/wp-content\/uploads\/2015\/04\/DSC05089--80x80.jpg 80w, https:\/\/xn--judo-lbben-feb.de\/wp-content\/uploads\/2015\/04\/DSC05089--200x200.jpg 200w\" sizes=\"auto, (max-width: 150px) 100vw, 150px\" \/><\/a> <a href=\"https:\/\/xn--judo-lbben-feb.de\/wp-content\/uploads\/2015\/04\/DSC05090-.jpg\"><img loading=\"lazy\" decoding=\"async\" class=\"alignnone size-thumbnail wp-image-7836\" src=\"https:\/\/xn--judo-lbben-feb.de\/wp-content\/uploads\/2015\/04\/DSC05090--150x150.jpg\" alt=\"DSC05090\" width=\"150\" height=\"150\" srcset=\"https:\/\/xn--judo-lbben-feb.de\/wp-content\/uploads\/2015\/04\/DSC05090--150x150.jpg 150w, https:\/\/xn--judo-lbben-feb.de\/wp-content\/uploads\/2015\/04\/DSC05090--80x80.jpg 80w, https:\/\/xn--judo-lbben-feb.de\/wp-content\/uploads\/2015\/04\/DSC05090--200x200.jpg 200w\" sizes=\"auto, (max-width: 150px) 100vw, 150px\" \/><\/a> <a href=\"https:\/\/xn--judo-lbben-feb.de\/wp-content\/uploads\/2015\/04\/DSC05091-.jpg\"><img loading=\"lazy\" decoding=\"async\" class=\"alignnone size-thumbnail wp-image-7837\" src=\"https:\/\/xn--judo-lbben-feb.de\/wp-content\/uploads\/2015\/04\/DSC05091--150x150.jpg\" alt=\"DSC05091\" width=\"150\" height=\"150\" srcset=\"https:\/\/xn--judo-lbben-feb.de\/wp-content\/uploads\/2015\/04\/DSC05091--150x150.jpg 150w, https:\/\/xn--judo-lbben-feb.de\/wp-content\/uploads\/2015\/04\/DSC05091--80x80.jpg 80w, https:\/\/xn--judo-lbben-feb.de\/wp-content\/uploads\/2015\/04\/DSC05091--200x200.jpg 200w\" sizes=\"auto, (max-width: 150px) 100vw, 150px\" \/><\/a> <a href=\"https:\/\/xn--judo-lbben-feb.de\/wp-content\/uploads\/2015\/04\/DSC05092-.jpg\"><img loading=\"lazy\" decoding=\"async\" class=\"alignnone size-thumbnail wp-image-7838\" src=\"https:\/\/xn--judo-lbben-feb.de\/wp-content\/uploads\/2015\/04\/DSC05092--150x150.jpg\" alt=\"DSC05092\" width=\"150\" height=\"150\" srcset=\"https:\/\/xn--judo-lbben-feb.de\/wp-content\/uploads\/2015\/04\/DSC05092--150x150.jpg 150w, https:\/\/xn--judo-lbben-feb.de\/wp-content\/uploads\/2015\/04\/DSC05092--80x80.jpg 80w, https:\/\/xn--judo-lbben-feb.de\/wp-content\/uploads\/2015\/04\/DSC05092--200x200.jpg 200w\" sizes=\"auto, (max-width: 150px) 100vw, 150px\" \/><\/a><\/p>\n<p style=\"text-align: center;\">Dem einen oder anderen ging so langsam die Puste aus, der R\u00fcckweg zur Jugendherberge (JH) wurde eingeleutet, und wo f\u00fchrte uns der Weg lang, \u00fcber die&#8230;&#8230;..<\/p>\n<p style=\"text-align: center;\">&#8222;S\u00e4ngerwiesen&#8220;!<\/p>\n<p style=\"text-align: center;\">Angekommen in der JH, qualmten schon etwas die Socken, wir haben in 7 Stunden 21km zur\u00fcckgelegt, wie gesagt, angepeilt waren 15km, aber wer J\u00f6rg kennt&#8230;..<\/p>\n<p style=\"text-align: center;\">Abends wurde so richtig lecker gegrillt, wir waren schlie\u00dflich in Th\u00fcringen, so schmeckten die W\u00fcrste und Steaks einfach lecker.<\/p>\n<p style=\"text-align: left;\">\u00a0<span style=\"text-decoration: underline;\">Tag 2<\/span><\/p>\n<p style=\"text-align: center;\">Heute stand Eisenach auf dem Plan, eine wirklich sch\u00f6ne Stadt. Kathrin hatte eine Stadtralley (f\u00fcr die Kids) und einen Stadtrundgang auf den Spuren von Martin Luther gebucht.<\/p>\n<p style=\"text-align: center;\"><a href=\"https:\/\/xn--judo-lbben-feb.de\/wp-content\/uploads\/2012\/10\/20150502_102313-.jpg\"><img loading=\"lazy\" decoding=\"async\" class=\"alignnone size-medium wp-image-7856\" src=\"https:\/\/xn--judo-lbben-feb.de\/wp-content\/uploads\/2012\/10\/20150502_102313--300x225.jpg\" alt=\"20150502_102313\" width=\"300\" height=\"225\" srcset=\"https:\/\/xn--judo-lbben-feb.de\/wp-content\/uploads\/2012\/10\/20150502_102313--300x225.jpg 300w, https:\/\/xn--judo-lbben-feb.de\/wp-content\/uploads\/2012\/10\/20150502_102313-.jpg 1024w\" sizes=\"auto, (max-width: 300px) 100vw, 300px\" \/><\/a> <a href=\"https:\/\/xn--judo-lbben-feb.de\/wp-content\/uploads\/2012\/10\/20150502_102332-.jpg\"><img loading=\"lazy\" decoding=\"async\" class=\"alignnone size-medium wp-image-7857\" src=\"https:\/\/xn--judo-lbben-feb.de\/wp-content\/uploads\/2012\/10\/20150502_102332--300x225.jpg\" alt=\"20150502_102332\" width=\"300\" height=\"225\" srcset=\"https:\/\/xn--judo-lbben-feb.de\/wp-content\/uploads\/2012\/10\/20150502_102332--300x225.jpg 300w, https:\/\/xn--judo-lbben-feb.de\/wp-content\/uploads\/2012\/10\/20150502_102332-.jpg 1024w\" sizes=\"auto, (max-width: 300px) 100vw, 300px\" \/><\/a><\/p>\n<p style=\"text-align: center;\">Bei der Stadtralley teilten sich die Kinder in mehreren Gruppen auf, jede Gruppe musste bestimte Ziele in Eisenach finden, die Kinder hatten Ihren Spass. Der Stadtrundgang begann im Bachhhaus, ging weiter \u00fcber das Lutherhaus, die Kirche durfte nicht fehlen (sehr sehenswert), entlang der Stadtmauer und dann zum Rathausplatz, wo sich die Gruppen wieder trafen.<\/p>\n<p style=\"text-align: center;\"><a href=\"https:\/\/xn--judo-lbben-feb.de\/wp-content\/uploads\/2012\/10\/20150502_114821-.jpg\"><img loading=\"lazy\" decoding=\"async\" class=\"alignnone size-medium wp-image-7858\" src=\"https:\/\/xn--judo-lbben-feb.de\/wp-content\/uploads\/2012\/10\/20150502_114821--300x225.jpg\" alt=\"20150502_114821\" width=\"300\" height=\"225\" srcset=\"https:\/\/xn--judo-lbben-feb.de\/wp-content\/uploads\/2012\/10\/20150502_114821--300x225.jpg 300w, https:\/\/xn--judo-lbben-feb.de\/wp-content\/uploads\/2012\/10\/20150502_114821-.jpg 1024w\" sizes=\"auto, (max-width: 300px) 100vw, 300px\" \/><\/a><a href=\"https:\/\/xn--judo-lbben-feb.de\/wp-content\/uploads\/2012\/10\/DSC05093-.jpg\"> <img loading=\"lazy\" decoding=\"async\" class=\"alignnone size-medium wp-image-7859\" src=\"https:\/\/xn--judo-lbben-feb.de\/wp-content\/uploads\/2012\/10\/DSC05093--300x225.jpg\" alt=\"DSC05093\" width=\"300\" height=\"225\" srcset=\"https:\/\/xn--judo-lbben-feb.de\/wp-content\/uploads\/2012\/10\/DSC05093--300x225.jpg 300w, https:\/\/xn--judo-lbben-feb.de\/wp-content\/uploads\/2012\/10\/DSC05093-.jpg 1024w\" sizes=\"auto, (max-width: 300px) 100vw, 300px\" \/><\/a> <a href=\"https:\/\/xn--judo-lbben-feb.de\/wp-content\/uploads\/2012\/10\/DSC05094-.jpg\"><img loading=\"lazy\" decoding=\"async\" class=\"alignnone size-medium wp-image-7860\" src=\"https:\/\/xn--judo-lbben-feb.de\/wp-content\/uploads\/2012\/10\/DSC05094--300x225.jpg\" alt=\"DSC05094\" width=\"300\" height=\"225\" srcset=\"https:\/\/xn--judo-lbben-feb.de\/wp-content\/uploads\/2012\/10\/DSC05094--300x225.jpg 300w, https:\/\/xn--judo-lbben-feb.de\/wp-content\/uploads\/2012\/10\/DSC05094-.jpg 1024w\" sizes=\"auto, (max-width: 300px) 100vw, 300px\" \/><\/a> <a href=\"https:\/\/xn--judo-lbben-feb.de\/wp-content\/uploads\/2012\/10\/DSC05095-.jpg\"><img loading=\"lazy\" decoding=\"async\" class=\"alignnone size-medium wp-image-7861\" src=\"https:\/\/xn--judo-lbben-feb.de\/wp-content\/uploads\/2012\/10\/DSC05095--300x225.jpg\" alt=\"DSC05095\" width=\"300\" height=\"225\" srcset=\"https:\/\/xn--judo-lbben-feb.de\/wp-content\/uploads\/2012\/10\/DSC05095--300x225.jpg 300w, https:\/\/xn--judo-lbben-feb.de\/wp-content\/uploads\/2012\/10\/DSC05095-.jpg 1024w\" sizes=\"auto, (max-width: 300px) 100vw, 300px\" \/><\/a> <a href=\"https:\/\/xn--judo-lbben-feb.de\/wp-content\/uploads\/2012\/10\/DSC05096-.jpg\"><img loading=\"lazy\" decoding=\"async\" class=\"alignnone size-medium wp-image-7862\" src=\"https:\/\/xn--judo-lbben-feb.de\/wp-content\/uploads\/2012\/10\/DSC05096--300x225.jpg\" alt=\"DSC05096\" width=\"300\" height=\"225\" srcset=\"https:\/\/xn--judo-lbben-feb.de\/wp-content\/uploads\/2012\/10\/DSC05096--300x225.jpg 300w, https:\/\/xn--judo-lbben-feb.de\/wp-content\/uploads\/2012\/10\/DSC05096-.jpg 1024w\" sizes=\"auto, (max-width: 300px) 100vw, 300px\" \/><\/a> <a href=\"https:\/\/xn--judo-lbben-feb.de\/wp-content\/uploads\/2012\/10\/DSC05097-.jpg\"><img loading=\"lazy\" decoding=\"async\" class=\"alignnone size-medium wp-image-7863\" src=\"https:\/\/xn--judo-lbben-feb.de\/wp-content\/uploads\/2012\/10\/DSC05097--300x225.jpg\" alt=\"DSC05097\" width=\"300\" height=\"225\" srcset=\"https:\/\/xn--judo-lbben-feb.de\/wp-content\/uploads\/2012\/10\/DSC05097--300x225.jpg 300w, https:\/\/xn--judo-lbben-feb.de\/wp-content\/uploads\/2012\/10\/DSC05097-.jpg 1024w\" sizes=\"auto, (max-width: 300px) 100vw, 300px\" \/><\/a> <a href=\"https:\/\/xn--judo-lbben-feb.de\/wp-content\/uploads\/2012\/10\/DSC05098-.jpg\"><img loading=\"lazy\" decoding=\"async\" class=\"alignnone size-medium wp-image-7864\" src=\"https:\/\/xn--judo-lbben-feb.de\/wp-content\/uploads\/2012\/10\/DSC05098--300x225.jpg\" alt=\"DSC05098\" width=\"300\" height=\"225\" srcset=\"https:\/\/xn--judo-lbben-feb.de\/wp-content\/uploads\/2012\/10\/DSC05098--300x225.jpg 300w, https:\/\/xn--judo-lbben-feb.de\/wp-content\/uploads\/2012\/10\/DSC05098-.jpg 1024w\" sizes=\"auto, (max-width: 300px) 100vw, 300px\" \/><\/a> <a href=\"https:\/\/xn--judo-lbben-feb.de\/wp-content\/uploads\/2012\/10\/DSC05100-.jpg\"><img loading=\"lazy\" decoding=\"async\" class=\"alignnone size-medium wp-image-7865\" src=\"https:\/\/xn--judo-lbben-feb.de\/wp-content\/uploads\/2012\/10\/DSC05100--300x225.jpg\" alt=\"DSC05100\" width=\"300\" height=\"225\" srcset=\"https:\/\/xn--judo-lbben-feb.de\/wp-content\/uploads\/2012\/10\/DSC05100--300x225.jpg 300w, https:\/\/xn--judo-lbben-feb.de\/wp-content\/uploads\/2012\/10\/DSC05100-.jpg 1024w\" sizes=\"auto, (max-width: 300px) 100vw, 300px\" \/><\/a><\/p>\n<p style=\"text-align: center;\">Nun hatten wir ein paar Stunden &#8222;Freizeit&#8220;, diese wurde zum shoppen, Eis essen und&#8230;.. genutzt, es war f\u00fcr alle etwas dabei.<\/p>\n<p style=\"text-align: center;\">Um 15:30 Uhr sammelten wir uns auf der Wartburg, die einen mussten den steilen Anstieg zu Fuss meistern, andere hatten etwas mehr Gl\u00fcck und nutzten das 1PS-Bef\u00f6rderungsmittel.<\/p>\n<p style=\"text-align: center;\"><a href=\"https:\/\/xn--judo-lbben-feb.de\/wp-content\/uploads\/2012\/10\/20150502_145943-.jpg\"><img loading=\"lazy\" decoding=\"async\" class=\"alignnone size-medium wp-image-7867\" src=\"https:\/\/xn--judo-lbben-feb.de\/wp-content\/uploads\/2012\/10\/20150502_145943--300x225.jpg\" alt=\"20150502_145943\" width=\"300\" height=\"225\" srcset=\"https:\/\/xn--judo-lbben-feb.de\/wp-content\/uploads\/2012\/10\/20150502_145943--300x225.jpg 300w, https:\/\/xn--judo-lbben-feb.de\/wp-content\/uploads\/2012\/10\/20150502_145943-.jpg 1024w\" sizes=\"auto, (max-width: 300px) 100vw, 300px\" \/><\/a> <a href=\"https:\/\/xn--judo-lbben-feb.de\/wp-content\/uploads\/2012\/10\/DSC05108-.jpg\"><img loading=\"lazy\" decoding=\"async\" class=\"alignnone size-medium wp-image-7868\" src=\"https:\/\/xn--judo-lbben-feb.de\/wp-content\/uploads\/2012\/10\/DSC05108--300x225.jpg\" alt=\"DSC05108\" width=\"300\" height=\"225\" srcset=\"https:\/\/xn--judo-lbben-feb.de\/wp-content\/uploads\/2012\/10\/DSC05108--300x225.jpg 300w, https:\/\/xn--judo-lbben-feb.de\/wp-content\/uploads\/2012\/10\/DSC05108-.jpg 1024w\" sizes=\"auto, (max-width: 300px) 100vw, 300px\" \/><\/a> <a href=\"https:\/\/xn--judo-lbben-feb.de\/wp-content\/uploads\/2012\/10\/DSC05109-.jpg\"><img loading=\"lazy\" decoding=\"async\" class=\"alignnone size-medium wp-image-7869\" src=\"https:\/\/xn--judo-lbben-feb.de\/wp-content\/uploads\/2012\/10\/DSC05109--300x225.jpg\" alt=\"DSC05109\" width=\"300\" height=\"225\" srcset=\"https:\/\/xn--judo-lbben-feb.de\/wp-content\/uploads\/2012\/10\/DSC05109--300x225.jpg 300w, https:\/\/xn--judo-lbben-feb.de\/wp-content\/uploads\/2012\/10\/DSC05109-.jpg 1024w\" sizes=\"auto, (max-width: 300px) 100vw, 300px\" \/><\/a> <a href=\"https:\/\/xn--judo-lbben-feb.de\/wp-content\/uploads\/2012\/10\/DSC05110-.jpg\"><img loading=\"lazy\" decoding=\"async\" class=\"alignnone size-medium wp-image-7870\" src=\"https:\/\/xn--judo-lbben-feb.de\/wp-content\/uploads\/2012\/10\/DSC05110--300x225.jpg\" alt=\"DSC05110\" width=\"300\" height=\"225\" srcset=\"https:\/\/xn--judo-lbben-feb.de\/wp-content\/uploads\/2012\/10\/DSC05110--300x225.jpg 300w, https:\/\/xn--judo-lbben-feb.de\/wp-content\/uploads\/2012\/10\/DSC05110-.jpg 1024w\" sizes=\"auto, (max-width: 300px) 100vw, 300px\" \/><\/a> <a href=\"https:\/\/xn--judo-lbben-feb.de\/wp-content\/uploads\/2012\/10\/DSC05112-.jpg\"><img loading=\"lazy\" decoding=\"async\" class=\"alignnone size-medium wp-image-7872\" src=\"https:\/\/xn--judo-lbben-feb.de\/wp-content\/uploads\/2012\/10\/DSC05112--300x225.jpg\" alt=\"DSC05112\" width=\"300\" height=\"225\" srcset=\"https:\/\/xn--judo-lbben-feb.de\/wp-content\/uploads\/2012\/10\/DSC05112--300x225.jpg 300w, https:\/\/xn--judo-lbben-feb.de\/wp-content\/uploads\/2012\/10\/DSC05112-.jpg 1024w\" sizes=\"auto, (max-width: 300px) 100vw, 300px\" \/><\/a> <a href=\"https:\/\/xn--judo-lbben-feb.de\/wp-content\/uploads\/2012\/10\/DSC05113-.jpg\"><img loading=\"lazy\" decoding=\"async\" class=\"alignnone size-medium wp-image-7874\" src=\"https:\/\/xn--judo-lbben-feb.de\/wp-content\/uploads\/2012\/10\/DSC05113--300x225.jpg\" alt=\"DSC05113\" width=\"300\" height=\"225\" srcset=\"https:\/\/xn--judo-lbben-feb.de\/wp-content\/uploads\/2012\/10\/DSC05113--300x225.jpg 300w, https:\/\/xn--judo-lbben-feb.de\/wp-content\/uploads\/2012\/10\/DSC05113-.jpg 1024w\" sizes=\"auto, (max-width: 300px) 100vw, 300px\" \/><\/a><\/p>\n<p style=\"text-align: center;\">Punkt 16:00 Uhr begann die F\u00fchrung durch die Wartburg, hier sagen Bilder mehr als Worte:<\/p>\n<p style=\"text-align: center;\"><a href=\"https:\/\/xn--judo-lbben-feb.de\/wp-content\/uploads\/2012\/10\/DSC05114-.jpg\"><img loading=\"lazy\" decoding=\"async\" class=\"alignnone size-medium wp-image-7875\" src=\"https:\/\/xn--judo-lbben-feb.de\/wp-content\/uploads\/2012\/10\/DSC05114--300x225.jpg\" alt=\"DSC05114\" width=\"300\" height=\"225\" srcset=\"https:\/\/xn--judo-lbben-feb.de\/wp-content\/uploads\/2012\/10\/DSC05114--300x225.jpg 300w, https:\/\/xn--judo-lbben-feb.de\/wp-content\/uploads\/2012\/10\/DSC05114-.jpg 1024w\" sizes=\"auto, (max-width: 300px) 100vw, 300px\" \/><\/a> <a href=\"https:\/\/xn--judo-lbben-feb.de\/wp-content\/uploads\/2012\/10\/DSC05115-.jpg\"><img loading=\"lazy\" decoding=\"async\" class=\"alignnone size-medium wp-image-7876\" src=\"https:\/\/xn--judo-lbben-feb.de\/wp-content\/uploads\/2012\/10\/DSC05115--300x225.jpg\" alt=\"DSC05115\" width=\"300\" height=\"225\" srcset=\"https:\/\/xn--judo-lbben-feb.de\/wp-content\/uploads\/2012\/10\/DSC05115--300x225.jpg 300w, https:\/\/xn--judo-lbben-feb.de\/wp-content\/uploads\/2012\/10\/DSC05115-.jpg 1024w\" sizes=\"auto, (max-width: 300px) 100vw, 300px\" \/><\/a> <a href=\"https:\/\/xn--judo-lbben-feb.de\/wp-content\/uploads\/2012\/10\/DSC05116-.jpg\"><img loading=\"lazy\" decoding=\"async\" class=\"alignnone size-medium wp-image-7877\" src=\"https:\/\/xn--judo-lbben-feb.de\/wp-content\/uploads\/2012\/10\/DSC05116--300x225.jpg\" alt=\"DSC05116\" width=\"300\" height=\"225\" srcset=\"https:\/\/xn--judo-lbben-feb.de\/wp-content\/uploads\/2012\/10\/DSC05116--300x225.jpg 300w, https:\/\/xn--judo-lbben-feb.de\/wp-content\/uploads\/2012\/10\/DSC05116-.jpg 1024w\" sizes=\"auto, (max-width: 300px) 100vw, 300px\" \/><\/a> <a href=\"https:\/\/xn--judo-lbben-feb.de\/wp-content\/uploads\/2012\/10\/DSC05117-.jpg\"><img loading=\"lazy\" decoding=\"async\" class=\"alignnone size-medium wp-image-7878\" src=\"https:\/\/xn--judo-lbben-feb.de\/wp-content\/uploads\/2012\/10\/DSC05117--300x225.jpg\" alt=\"DSC05117\" width=\"300\" height=\"225\" srcset=\"https:\/\/xn--judo-lbben-feb.de\/wp-content\/uploads\/2012\/10\/DSC05117--300x225.jpg 300w, https:\/\/xn--judo-lbben-feb.de\/wp-content\/uploads\/2012\/10\/DSC05117-.jpg 1024w\" sizes=\"auto, (max-width: 300px) 100vw, 300px\" \/><\/a> <a href=\"https:\/\/xn--judo-lbben-feb.de\/wp-content\/uploads\/2012\/10\/DSC05118-.jpg\"><img loading=\"lazy\" decoding=\"async\" class=\"alignnone size-medium wp-image-7879\" src=\"https:\/\/xn--judo-lbben-feb.de\/wp-content\/uploads\/2012\/10\/DSC05118--300x225.jpg\" alt=\"DSC05118\" width=\"300\" height=\"225\" srcset=\"https:\/\/xn--judo-lbben-feb.de\/wp-content\/uploads\/2012\/10\/DSC05118--300x225.jpg 300w, https:\/\/xn--judo-lbben-feb.de\/wp-content\/uploads\/2012\/10\/DSC05118-.jpg 1024w\" sizes=\"auto, (max-width: 300px) 100vw, 300px\" \/><\/a> <a href=\"https:\/\/xn--judo-lbben-feb.de\/wp-content\/uploads\/2012\/10\/DSC05119-.jpg\"><img loading=\"lazy\" decoding=\"async\" class=\"alignnone size-medium wp-image-7880\" src=\"https:\/\/xn--judo-lbben-feb.de\/wp-content\/uploads\/2012\/10\/DSC05119--300x225.jpg\" alt=\"DSC05119\" width=\"300\" height=\"225\" srcset=\"https:\/\/xn--judo-lbben-feb.de\/wp-content\/uploads\/2012\/10\/DSC05119--300x225.jpg 300w, https:\/\/xn--judo-lbben-feb.de\/wp-content\/uploads\/2012\/10\/DSC05119-.jpg 1024w\" sizes=\"auto, (max-width: 300px) 100vw, 300px\" \/><\/a> <a href=\"https:\/\/xn--judo-lbben-feb.de\/wp-content\/uploads\/2012\/10\/DSC05120-.jpg\"><img loading=\"lazy\" decoding=\"async\" class=\"alignnone size-medium wp-image-7881\" src=\"https:\/\/xn--judo-lbben-feb.de\/wp-content\/uploads\/2012\/10\/DSC05120--300x225.jpg\" alt=\"DSC05120\" width=\"300\" height=\"225\" srcset=\"https:\/\/xn--judo-lbben-feb.de\/wp-content\/uploads\/2012\/10\/DSC05120--300x225.jpg 300w, https:\/\/xn--judo-lbben-feb.de\/wp-content\/uploads\/2012\/10\/DSC05120-.jpg 1024w\" sizes=\"auto, (max-width: 300px) 100vw, 300px\" \/><\/a> <a href=\"https:\/\/xn--judo-lbben-feb.de\/wp-content\/uploads\/2012\/10\/DSC05121-.jpg\"><img loading=\"lazy\" decoding=\"async\" class=\"alignnone size-medium wp-image-7882\" src=\"https:\/\/xn--judo-lbben-feb.de\/wp-content\/uploads\/2012\/10\/DSC05121--300x225.jpg\" alt=\"DSC05121\" width=\"300\" height=\"225\" srcset=\"https:\/\/xn--judo-lbben-feb.de\/wp-content\/uploads\/2012\/10\/DSC05121--300x225.jpg 300w, https:\/\/xn--judo-lbben-feb.de\/wp-content\/uploads\/2012\/10\/DSC05121-.jpg 1024w\" sizes=\"auto, (max-width: 300px) 100vw, 300px\" \/><\/a> <a href=\"https:\/\/xn--judo-lbben-feb.de\/wp-content\/uploads\/2012\/10\/DSC05122-.jpg\"><img loading=\"lazy\" decoding=\"async\" class=\"alignnone size-medium wp-image-7883\" src=\"https:\/\/xn--judo-lbben-feb.de\/wp-content\/uploads\/2012\/10\/DSC05122--300x225.jpg\" alt=\"DSC05122\" width=\"300\" height=\"225\" srcset=\"https:\/\/xn--judo-lbben-feb.de\/wp-content\/uploads\/2012\/10\/DSC05122--300x225.jpg 300w, https:\/\/xn--judo-lbben-feb.de\/wp-content\/uploads\/2012\/10\/DSC05122-.jpg 1024w\" sizes=\"auto, (max-width: 300px) 100vw, 300px\" \/><\/a><\/p>\n<p style=\"text-align: center;\"><a href=\"https:\/\/xn--judo-lbben-feb.de\/wp-content\/uploads\/2012\/10\/DSC05130-.jpg\"><img loading=\"lazy\" decoding=\"async\" class=\"alignnone size-full wp-image-7899\" src=\"https:\/\/xn--judo-lbben-feb.de\/wp-content\/uploads\/2012\/10\/DSC05130-.jpg\" alt=\"DSC05130\" width=\"3492\" height=\"768\" srcset=\"https:\/\/xn--judo-lbben-feb.de\/wp-content\/uploads\/2012\/10\/DSC05130-.jpg 3492w, https:\/\/xn--judo-lbben-feb.de\/wp-content\/uploads\/2012\/10\/DSC05130--300x66.jpg 300w, https:\/\/xn--judo-lbben-feb.de\/wp-content\/uploads\/2012\/10\/DSC05130--1024x225.jpg 1024w\" sizes=\"auto, (max-width: 3492px) 100vw, 3492px\" \/><\/a><\/p>\n<p style=\"text-align: center;\"><a href=\"https:\/\/xn--judo-lbben-feb.de\/wp-content\/uploads\/2012\/10\/DSC05123-.jpg\"><img loading=\"lazy\" decoding=\"async\" class=\"alignnone size-medium wp-image-7884\" src=\"https:\/\/xn--judo-lbben-feb.de\/wp-content\/uploads\/2012\/10\/DSC05123--300x225.jpg\" alt=\"DSC05123\" width=\"300\" height=\"225\" srcset=\"https:\/\/xn--judo-lbben-feb.de\/wp-content\/uploads\/2012\/10\/DSC05123--300x225.jpg 300w, https:\/\/xn--judo-lbben-feb.de\/wp-content\/uploads\/2012\/10\/DSC05123-.jpg 1024w\" sizes=\"auto, (max-width: 300px) 100vw, 300px\" \/><\/a> <a href=\"https:\/\/xn--judo-lbben-feb.de\/wp-content\/uploads\/2012\/10\/DSC05124-.jpg\"><img loading=\"lazy\" decoding=\"async\" class=\"alignnone size-medium wp-image-7885\" src=\"https:\/\/xn--judo-lbben-feb.de\/wp-content\/uploads\/2012\/10\/DSC05124--300x225.jpg\" alt=\"DSC05124\" width=\"300\" height=\"225\" srcset=\"https:\/\/xn--judo-lbben-feb.de\/wp-content\/uploads\/2012\/10\/DSC05124--300x225.jpg 300w, https:\/\/xn--judo-lbben-feb.de\/wp-content\/uploads\/2012\/10\/DSC05124-.jpg 1024w\" sizes=\"auto, (max-width: 300px) 100vw, 300px\" \/><\/a> <a href=\"https:\/\/xn--judo-lbben-feb.de\/wp-content\/uploads\/2012\/10\/DSC05125-.jpg\"><img loading=\"lazy\" decoding=\"async\" class=\"alignnone size-medium wp-image-7886\" src=\"https:\/\/xn--judo-lbben-feb.de\/wp-content\/uploads\/2012\/10\/DSC05125--300x225.jpg\" alt=\"DSC05125\" width=\"300\" height=\"225\" srcset=\"https:\/\/xn--judo-lbben-feb.de\/wp-content\/uploads\/2012\/10\/DSC05125--300x225.jpg 300w, https:\/\/xn--judo-lbben-feb.de\/wp-content\/uploads\/2012\/10\/DSC05125-.jpg 1024w\" sizes=\"auto, (max-width: 300px) 100vw, 300px\" \/><\/a> <a href=\"https:\/\/xn--judo-lbben-feb.de\/wp-content\/uploads\/2012\/10\/DSC05126-.jpg\"><img loading=\"lazy\" decoding=\"async\" class=\"alignnone wp-image-7887 size-medium\" src=\"https:\/\/xn--judo-lbben-feb.de\/wp-content\/uploads\/2012\/10\/DSC05126--e1431243243931-225x300.jpg\" alt=\"DSC05126\" width=\"225\" height=\"300\" srcset=\"https:\/\/xn--judo-lbben-feb.de\/wp-content\/uploads\/2012\/10\/DSC05126--e1431243243931-225x300.jpg 225w, https:\/\/xn--judo-lbben-feb.de\/wp-content\/uploads\/2012\/10\/DSC05126--e1431243243931.jpg 768w\" sizes=\"auto, (max-width: 225px) 100vw, 225px\" \/><\/a> <a href=\"https:\/\/xn--judo-lbben-feb.de\/wp-content\/uploads\/2012\/10\/DSC05127-.jpg\"><img loading=\"lazy\" decoding=\"async\" class=\"alignnone size-medium wp-image-7888\" src=\"https:\/\/xn--judo-lbben-feb.de\/wp-content\/uploads\/2012\/10\/DSC05127--300x225.jpg\" alt=\"DSC05127\" width=\"300\" height=\"225\" srcset=\"https:\/\/xn--judo-lbben-feb.de\/wp-content\/uploads\/2012\/10\/DSC05127--300x225.jpg 300w, https:\/\/xn--judo-lbben-feb.de\/wp-content\/uploads\/2012\/10\/DSC05127-.jpg 1024w\" sizes=\"auto, (max-width: 300px) 100vw, 300px\" \/><\/a> <a href=\"https:\/\/xn--judo-lbben-feb.de\/wp-content\/uploads\/2012\/10\/DSC05131-.jpg\"><img loading=\"lazy\" decoding=\"async\" class=\"alignnone size-medium wp-image-7889\" src=\"https:\/\/xn--judo-lbben-feb.de\/wp-content\/uploads\/2012\/10\/DSC05131--300x225.jpg\" alt=\"DSC05131\" width=\"300\" height=\"225\" srcset=\"https:\/\/xn--judo-lbben-feb.de\/wp-content\/uploads\/2012\/10\/DSC05131--300x225.jpg 300w, https:\/\/xn--judo-lbben-feb.de\/wp-content\/uploads\/2012\/10\/DSC05131-.jpg 1024w\" sizes=\"auto, (max-width: 300px) 100vw, 300px\" \/><\/a> <a href=\"https:\/\/xn--judo-lbben-feb.de\/wp-content\/uploads\/2012\/10\/DSC05132-.jpg\"><img loading=\"lazy\" decoding=\"async\" class=\"alignnone size-medium wp-image-7890\" src=\"https:\/\/xn--judo-lbben-feb.de\/wp-content\/uploads\/2012\/10\/DSC05132--300x225.jpg\" alt=\"DSC05132\" width=\"300\" height=\"225\" srcset=\"https:\/\/xn--judo-lbben-feb.de\/wp-content\/uploads\/2012\/10\/DSC05132--300x225.jpg 300w, https:\/\/xn--judo-lbben-feb.de\/wp-content\/uploads\/2012\/10\/DSC05132-.jpg 1024w\" sizes=\"auto, (max-width: 300px) 100vw, 300px\" \/><\/a> <a href=\"https:\/\/xn--judo-lbben-feb.de\/wp-content\/uploads\/2012\/10\/DSC05133-.jpg\"><img loading=\"lazy\" decoding=\"async\" class=\"alignnone size-medium wp-image-7891\" src=\"https:\/\/xn--judo-lbben-feb.de\/wp-content\/uploads\/2012\/10\/DSC05133--300x225.jpg\" alt=\"DSC05133\" width=\"300\" height=\"225\" srcset=\"https:\/\/xn--judo-lbben-feb.de\/wp-content\/uploads\/2012\/10\/DSC05133--300x225.jpg 300w, https:\/\/xn--judo-lbben-feb.de\/wp-content\/uploads\/2012\/10\/DSC05133-.jpg 1024w\" sizes=\"auto, (max-width: 300px) 100vw, 300px\" \/><\/a> <a href=\"https:\/\/xn--judo-lbben-feb.de\/wp-content\/uploads\/2012\/10\/DSC05134-.jpg\"><img loading=\"lazy\" decoding=\"async\" class=\"alignnone size-medium wp-image-7892\" src=\"https:\/\/xn--judo-lbben-feb.de\/wp-content\/uploads\/2012\/10\/DSC05134--300x225.jpg\" alt=\"DSC05134\" width=\"300\" height=\"225\" srcset=\"https:\/\/xn--judo-lbben-feb.de\/wp-content\/uploads\/2012\/10\/DSC05134--300x225.jpg 300w, https:\/\/xn--judo-lbben-feb.de\/wp-content\/uploads\/2012\/10\/DSC05134-.jpg 1024w\" sizes=\"auto, (max-width: 300px) 100vw, 300px\" \/><\/a> <a href=\"https:\/\/xn--judo-lbben-feb.de\/wp-content\/uploads\/2012\/10\/DSC05135-.jpg\"><img loading=\"lazy\" decoding=\"async\" class=\"alignnone wp-image-7893 size-medium\" src=\"https:\/\/xn--judo-lbben-feb.de\/wp-content\/uploads\/2012\/10\/DSC05135--e1431243214362-225x300.jpg\" alt=\"DSC05135\" width=\"225\" height=\"300\" srcset=\"https:\/\/xn--judo-lbben-feb.de\/wp-content\/uploads\/2012\/10\/DSC05135--e1431243214362-225x300.jpg 225w, https:\/\/xn--judo-lbben-feb.de\/wp-content\/uploads\/2012\/10\/DSC05135--e1431243214362.jpg 768w\" sizes=\"auto, (max-width: 225px) 100vw, 225px\" \/><\/a> <a href=\"https:\/\/xn--judo-lbben-feb.de\/wp-content\/uploads\/2012\/10\/DSC05137-.jpg\"><img loading=\"lazy\" decoding=\"async\" class=\"alignnone size-medium wp-image-7894\" src=\"https:\/\/xn--judo-lbben-feb.de\/wp-content\/uploads\/2012\/10\/DSC05137--300x225.jpg\" alt=\"DSC05137\" width=\"300\" height=\"225\" srcset=\"https:\/\/xn--judo-lbben-feb.de\/wp-content\/uploads\/2012\/10\/DSC05137--300x225.jpg 300w, https:\/\/xn--judo-lbben-feb.de\/wp-content\/uploads\/2012\/10\/DSC05137-.jpg 1024w\" sizes=\"auto, (max-width: 300px) 100vw, 300px\" \/><\/a> <a href=\"https:\/\/xn--judo-lbben-feb.de\/wp-content\/uploads\/2012\/10\/DSC05139-.jpg\"><img loading=\"lazy\" decoding=\"async\" class=\"alignnone size-medium wp-image-7895\" src=\"https:\/\/xn--judo-lbben-feb.de\/wp-content\/uploads\/2012\/10\/DSC05139--300x225.jpg\" alt=\"DSC05139\" width=\"300\" height=\"225\" srcset=\"https:\/\/xn--judo-lbben-feb.de\/wp-content\/uploads\/2012\/10\/DSC05139--300x225.jpg 300w, https:\/\/xn--judo-lbben-feb.de\/wp-content\/uploads\/2012\/10\/DSC05139-.jpg 1024w\" sizes=\"auto, (max-width: 300px) 100vw, 300px\" \/><\/a> <a href=\"https:\/\/xn--judo-lbben-feb.de\/wp-content\/uploads\/2012\/10\/DSC05140-.jpg\"><img loading=\"lazy\" decoding=\"async\" class=\"alignnone size-medium wp-image-7896\" src=\"https:\/\/xn--judo-lbben-feb.de\/wp-content\/uploads\/2012\/10\/DSC05140--300x225.jpg\" alt=\"DSC05140\" width=\"300\" height=\"225\" srcset=\"https:\/\/xn--judo-lbben-feb.de\/wp-content\/uploads\/2012\/10\/DSC05140--300x225.jpg 300w, https:\/\/xn--judo-lbben-feb.de\/wp-content\/uploads\/2012\/10\/DSC05140-.jpg 1024w\" sizes=\"auto, (max-width: 300px) 100vw, 300px\" \/><\/a> <a href=\"https:\/\/xn--judo-lbben-feb.de\/wp-content\/uploads\/2012\/10\/DSC05142-.jpg\"><img loading=\"lazy\" decoding=\"async\" class=\"alignnone size-medium wp-image-7897\" src=\"https:\/\/xn--judo-lbben-feb.de\/wp-content\/uploads\/2012\/10\/DSC05142--300x225.jpg\" alt=\"DSC05142\" width=\"300\" height=\"225\" srcset=\"https:\/\/xn--judo-lbben-feb.de\/wp-content\/uploads\/2012\/10\/DSC05142--300x225.jpg 300w, https:\/\/xn--judo-lbben-feb.de\/wp-content\/uploads\/2012\/10\/DSC05142-.jpg 1024w\" sizes=\"auto, (max-width: 300px) 100vw, 300px\" \/><\/a><\/p>\n<p style=\"text-align: center;\">Nach dem sch\u00f6nen Rundgang stand noch die Turmbesichtigung an,<\/p>\n<p style=\"text-align: center;\"><a href=\"https:\/\/xn--judo-lbben-feb.de\/wp-content\/uploads\/2012\/10\/DSC05148-.jpg\"><img loading=\"lazy\" decoding=\"async\" class=\"alignnone size-medium wp-image-7902\" src=\"https:\/\/xn--judo-lbben-feb.de\/wp-content\/uploads\/2012\/10\/DSC05148--300x225.jpg\" alt=\"DSC05148\" width=\"300\" height=\"225\" srcset=\"https:\/\/xn--judo-lbben-feb.de\/wp-content\/uploads\/2012\/10\/DSC05148--300x225.jpg 300w, https:\/\/xn--judo-lbben-feb.de\/wp-content\/uploads\/2012\/10\/DSC05148-.jpg 1024w\" sizes=\"auto, (max-width: 300px) 100vw, 300px\" \/><\/a> <a href=\"https:\/\/xn--judo-lbben-feb.de\/wp-content\/uploads\/2012\/10\/DSC05150-.jpg\"><img loading=\"lazy\" decoding=\"async\" class=\"alignnone size-medium wp-image-7903\" src=\"https:\/\/xn--judo-lbben-feb.de\/wp-content\/uploads\/2012\/10\/DSC05150--300x225.jpg\" alt=\"DSC05150\" width=\"300\" height=\"225\" srcset=\"https:\/\/xn--judo-lbben-feb.de\/wp-content\/uploads\/2012\/10\/DSC05150--300x225.jpg 300w, https:\/\/xn--judo-lbben-feb.de\/wp-content\/uploads\/2012\/10\/DSC05150-.jpg 1024w\" sizes=\"auto, (max-width: 300px) 100vw, 300px\" \/><\/a> <a href=\"https:\/\/xn--judo-lbben-feb.de\/wp-content\/uploads\/2012\/10\/DSC05151-.jpg\"><img loading=\"lazy\" decoding=\"async\" class=\"alignnone size-medium wp-image-7904\" src=\"https:\/\/xn--judo-lbben-feb.de\/wp-content\/uploads\/2012\/10\/DSC05151--300x225.jpg\" alt=\"DSC05151\" width=\"300\" height=\"225\" srcset=\"https:\/\/xn--judo-lbben-feb.de\/wp-content\/uploads\/2012\/10\/DSC05151--300x225.jpg 300w, https:\/\/xn--judo-lbben-feb.de\/wp-content\/uploads\/2012\/10\/DSC05151-.jpg 1024w\" sizes=\"auto, (max-width: 300px) 100vw, 300px\" \/><\/a><\/p>\n<p style=\"text-align: center;\">allen die hinauf kletterten, bot sich ein wundersch\u00f6ner Blick.<\/p>\n<p style=\"text-align: center;\"><a href=\"https:\/\/xn--judo-lbben-feb.de\/wp-content\/uploads\/2012\/10\/DSC05144-.jpg\"><img loading=\"lazy\" decoding=\"async\" class=\"alignnone size-full wp-image-7906\" src=\"https:\/\/xn--judo-lbben-feb.de\/wp-content\/uploads\/2012\/10\/DSC05144-.jpg\" alt=\"DSC05144\" width=\"3492\" height=\"768\" srcset=\"https:\/\/xn--judo-lbben-feb.de\/wp-content\/uploads\/2012\/10\/DSC05144-.jpg 3492w, https:\/\/xn--judo-lbben-feb.de\/wp-content\/uploads\/2012\/10\/DSC05144--300x66.jpg 300w, https:\/\/xn--judo-lbben-feb.de\/wp-content\/uploads\/2012\/10\/DSC05144--1024x225.jpg 1024w\" sizes=\"auto, (max-width: 3492px) 100vw, 3492px\" \/><\/a> <a href=\"https:\/\/xn--judo-lbben-feb.de\/wp-content\/uploads\/2012\/10\/DSC05146-.jpg\"><img loading=\"lazy\" decoding=\"async\" class=\"alignnone size-full wp-image-7907\" src=\"https:\/\/xn--judo-lbben-feb.de\/wp-content\/uploads\/2012\/10\/DSC05146-.jpg\" alt=\"DSC05146\" width=\"3492\" height=\"768\" srcset=\"https:\/\/xn--judo-lbben-feb.de\/wp-content\/uploads\/2012\/10\/DSC05146-.jpg 3492w, https:\/\/xn--judo-lbben-feb.de\/wp-content\/uploads\/2012\/10\/DSC05146--300x66.jpg 300w, https:\/\/xn--judo-lbben-feb.de\/wp-content\/uploads\/2012\/10\/DSC05146--1024x225.jpg 1024w\" sizes=\"auto, (max-width: 3492px) 100vw, 3492px\" \/><\/a><\/p>\n<p class=\"MsoNoSpacing\" style=\"text-align: center;\">Tsch\u00fc\u00df Wartburg, es war traumhaft!<\/p>\n<p class=\"MsoNoSpacing\" style=\"text-align: center;\"><a href=\"https:\/\/xn--judo-lbben-feb.de\/wp-content\/uploads\/2012\/10\/DSC05152-.jpg\"><img loading=\"lazy\" decoding=\"async\" class=\"alignnone size-large wp-image-7909\" src=\"https:\/\/xn--judo-lbben-feb.de\/wp-content\/uploads\/2012\/10\/DSC05152--1024x768.jpg\" alt=\"DSC05152\" width=\"598\" height=\"449\" srcset=\"https:\/\/xn--judo-lbben-feb.de\/wp-content\/uploads\/2012\/10\/DSC05152-.jpg 1024w, https:\/\/xn--judo-lbben-feb.de\/wp-content\/uploads\/2012\/10\/DSC05152--300x225.jpg 300w\" sizes=\"auto, (max-width: 598px) 100vw, 598px\" \/><\/a><\/p>\n<p class=\"MsoNoSpacing\" style=\"text-align: left;\"><span style=\"text-decoration: underline;\">Tag 3<br \/>\n<\/span><\/p>\n<p class=\"MsoNoSpacing\" style=\"text-align: center;\">Puh, so schnell vergeht die Zeit, es ist Sonntag und somit unser letzter Tag in Th\u00fcringen. Bevor die Heimreise angetreten wird, stand der letzte Ausflug an, es ging zum Baumkronenpfad im Nationalpark Hainich.<\/p>\n<p class=\"MsoNoSpacing\" style=\"text-align: center;\"><a href=\"https:\/\/xn--judo-lbben-feb.de\/wp-content\/uploads\/2012\/10\/DSC05153-.jpg\"><img loading=\"lazy\" decoding=\"async\" class=\"alignnone size-medium wp-image-7911\" src=\"https:\/\/xn--judo-lbben-feb.de\/wp-content\/uploads\/2012\/10\/DSC05153--300x225.jpg\" alt=\"DSC05153\" width=\"300\" height=\"225\" srcset=\"https:\/\/xn--judo-lbben-feb.de\/wp-content\/uploads\/2012\/10\/DSC05153--300x225.jpg 300w, https:\/\/xn--judo-lbben-feb.de\/wp-content\/uploads\/2012\/10\/DSC05153-.jpg 1024w\" sizes=\"auto, (max-width: 300px) 100vw, 300px\" \/><\/a> <a href=\"https:\/\/xn--judo-lbben-feb.de\/wp-content\/uploads\/2012\/10\/DSC05154-.jpg\"><img loading=\"lazy\" decoding=\"async\" class=\"alignnone size-medium wp-image-7912\" src=\"https:\/\/xn--judo-lbben-feb.de\/wp-content\/uploads\/2012\/10\/DSC05154--300x225.jpg\" alt=\"DSC05154\" width=\"300\" height=\"225\" srcset=\"https:\/\/xn--judo-lbben-feb.de\/wp-content\/uploads\/2012\/10\/DSC05154--300x225.jpg 300w, https:\/\/xn--judo-lbben-feb.de\/wp-content\/uploads\/2012\/10\/DSC05154-.jpg 1024w\" sizes=\"auto, (max-width: 300px) 100vw, 300px\" \/><\/a> <a href=\"https:\/\/xn--judo-lbben-feb.de\/wp-content\/uploads\/2012\/10\/DSC05155-.jpg\"><img loading=\"lazy\" decoding=\"async\" class=\"alignnone size-medium wp-image-7913\" src=\"https:\/\/xn--judo-lbben-feb.de\/wp-content\/uploads\/2012\/10\/DSC05155--300x225.jpg\" alt=\"DSC05155\" width=\"300\" height=\"225\" srcset=\"https:\/\/xn--judo-lbben-feb.de\/wp-content\/uploads\/2012\/10\/DSC05155--300x225.jpg 300w, https:\/\/xn--judo-lbben-feb.de\/wp-content\/uploads\/2012\/10\/DSC05155-.jpg 1024w\" sizes=\"auto, (max-width: 300px) 100vw, 300px\" \/><\/a> <a href=\"https:\/\/xn--judo-lbben-feb.de\/wp-content\/uploads\/2012\/10\/DSC05156-.jpg\"><img loading=\"lazy\" decoding=\"async\" class=\"alignnone size-medium wp-image-7914\" src=\"https:\/\/xn--judo-lbben-feb.de\/wp-content\/uploads\/2012\/10\/DSC05156--300x225.jpg\" alt=\"DSC05156\" width=\"300\" height=\"225\" srcset=\"https:\/\/xn--judo-lbben-feb.de\/wp-content\/uploads\/2012\/10\/DSC05156--300x225.jpg 300w, https:\/\/xn--judo-lbben-feb.de\/wp-content\/uploads\/2012\/10\/DSC05156-.jpg 1024w\" sizes=\"auto, (max-width: 300px) 100vw, 300px\" \/><\/a> <a href=\"https:\/\/xn--judo-lbben-feb.de\/wp-content\/uploads\/2012\/10\/DSC05157-.jpg\"><img loading=\"lazy\" decoding=\"async\" class=\"alignnone size-medium wp-image-7915\" src=\"https:\/\/xn--judo-lbben-feb.de\/wp-content\/uploads\/2012\/10\/DSC05157--300x225.jpg\" alt=\"DSC05157\" width=\"300\" height=\"225\" srcset=\"https:\/\/xn--judo-lbben-feb.de\/wp-content\/uploads\/2012\/10\/DSC05157--300x225.jpg 300w, https:\/\/xn--judo-lbben-feb.de\/wp-content\/uploads\/2012\/10\/DSC05157-.jpg 1024w\" sizes=\"auto, (max-width: 300px) 100vw, 300px\" \/><\/a> <a href=\"https:\/\/xn--judo-lbben-feb.de\/wp-content\/uploads\/2012\/10\/DSC05158-.jpg\"><img loading=\"lazy\" decoding=\"async\" class=\"alignnone size-medium wp-image-7916\" src=\"https:\/\/xn--judo-lbben-feb.de\/wp-content\/uploads\/2012\/10\/DSC05158--300x225.jpg\" alt=\"DSC05158\" width=\"300\" height=\"225\" srcset=\"https:\/\/xn--judo-lbben-feb.de\/wp-content\/uploads\/2012\/10\/DSC05158--300x225.jpg 300w, https:\/\/xn--judo-lbben-feb.de\/wp-content\/uploads\/2012\/10\/DSC05158-.jpg 1024w\" sizes=\"auto, (max-width: 300px) 100vw, 300px\" \/><\/a> <a href=\"https:\/\/xn--judo-lbben-feb.de\/wp-content\/uploads\/2012\/10\/DSC05159-.jpg\"><img loading=\"lazy\" decoding=\"async\" class=\"alignnone size-medium wp-image-7917\" src=\"https:\/\/xn--judo-lbben-feb.de\/wp-content\/uploads\/2012\/10\/DSC05159--300x225.jpg\" alt=\"DSC05159\" width=\"300\" height=\"225\" srcset=\"https:\/\/xn--judo-lbben-feb.de\/wp-content\/uploads\/2012\/10\/DSC05159--300x225.jpg 300w, https:\/\/xn--judo-lbben-feb.de\/wp-content\/uploads\/2012\/10\/DSC05159-.jpg 1024w\" sizes=\"auto, (max-width: 300px) 100vw, 300px\" \/><\/a> <a href=\"https:\/\/xn--judo-lbben-feb.de\/wp-content\/uploads\/2012\/10\/DSC05160-.jpg\"><img loading=\"lazy\" decoding=\"async\" class=\"alignnone size-medium wp-image-7918\" src=\"https:\/\/xn--judo-lbben-feb.de\/wp-content\/uploads\/2012\/10\/DSC05160--300x225.jpg\" alt=\"DSC05160\" width=\"300\" height=\"225\" srcset=\"https:\/\/xn--judo-lbben-feb.de\/wp-content\/uploads\/2012\/10\/DSC05160--300x225.jpg 300w, https:\/\/xn--judo-lbben-feb.de\/wp-content\/uploads\/2012\/10\/DSC05160-.jpg 1024w\" sizes=\"auto, (max-width: 300px) 100vw, 300px\" \/><\/a> <a href=\"https:\/\/xn--judo-lbben-feb.de\/wp-content\/uploads\/2012\/10\/DSC05161-.jpg\"><img loading=\"lazy\" decoding=\"async\" class=\"alignnone size-medium wp-image-7919\" src=\"https:\/\/xn--judo-lbben-feb.de\/wp-content\/uploads\/2012\/10\/DSC05161--300x225.jpg\" alt=\"DSC05161\" width=\"300\" height=\"225\" srcset=\"https:\/\/xn--judo-lbben-feb.de\/wp-content\/uploads\/2012\/10\/DSC05161--300x225.jpg 300w, https:\/\/xn--judo-lbben-feb.de\/wp-content\/uploads\/2012\/10\/DSC05161-.jpg 1024w\" sizes=\"auto, (max-width: 300px) 100vw, 300px\" \/><\/a> <a href=\"https:\/\/xn--judo-lbben-feb.de\/wp-content\/uploads\/2012\/10\/DSC05164-.jpg\"><img loading=\"lazy\" decoding=\"async\" class=\"alignnone size-medium wp-image-7920\" src=\"https:\/\/xn--judo-lbben-feb.de\/wp-content\/uploads\/2012\/10\/DSC05164--300x225.jpg\" alt=\"DSC05164\" width=\"300\" height=\"225\" srcset=\"https:\/\/xn--judo-lbben-feb.de\/wp-content\/uploads\/2012\/10\/DSC05164--300x225.jpg 300w, https:\/\/xn--judo-lbben-feb.de\/wp-content\/uploads\/2012\/10\/DSC05164-.jpg 1024w\" sizes=\"auto, (max-width: 300px) 100vw, 300px\" \/><\/a> <a href=\"https:\/\/xn--judo-lbben-feb.de\/wp-content\/uploads\/2012\/10\/DSC05165-.jpg\"><img loading=\"lazy\" decoding=\"async\" class=\"alignnone wp-image-7921 size-medium\" src=\"https:\/\/xn--judo-lbben-feb.de\/wp-content\/uploads\/2012\/10\/DSC05165--e1431244154268-225x300.jpg\" alt=\"DSC05165\" width=\"225\" height=\"300\" srcset=\"https:\/\/xn--judo-lbben-feb.de\/wp-content\/uploads\/2012\/10\/DSC05165--e1431244154268-225x300.jpg 225w, https:\/\/xn--judo-lbben-feb.de\/wp-content\/uploads\/2012\/10\/DSC05165--e1431244154268.jpg 768w\" sizes=\"auto, (max-width: 225px) 100vw, 225px\" \/><\/a><\/p>\n<p class=\"MsoNoSpacing\" style=\"text-align: center;\">Ein sch\u00f6n angelegter Weg entlang den Baumspitzen.<\/p>\n<p class=\"MsoNoSpacing\" style=\"text-align: center;\">Bevor die R\u00fcckreise angetreten wird, st\u00e4rkten wir uns alle auf th\u00fcringische Art, mit einer Bratwurst.<\/p>\n<p class=\"MsoNoSpacing\" style=\"text-align: center;\"><a href=\"https:\/\/xn--judo-lbben-feb.de\/wp-content\/uploads\/2012\/10\/DSC05167-.jpg\"><img loading=\"lazy\" decoding=\"async\" class=\"alignnone size-medium wp-image-7922\" src=\"https:\/\/xn--judo-lbben-feb.de\/wp-content\/uploads\/2012\/10\/DSC05167--300x225.jpg\" alt=\"DSC05167\" width=\"300\" height=\"225\" srcset=\"https:\/\/xn--judo-lbben-feb.de\/wp-content\/uploads\/2012\/10\/DSC05167--300x225.jpg 300w, https:\/\/xn--judo-lbben-feb.de\/wp-content\/uploads\/2012\/10\/DSC05167-.jpg 1024w\" sizes=\"auto, (max-width: 300px) 100vw, 300px\" \/><\/a> <a href=\"https:\/\/xn--judo-lbben-feb.de\/wp-content\/uploads\/2012\/10\/DSC05168-.jpg\"><img loading=\"lazy\" decoding=\"async\" class=\"alignnone size-medium wp-image-7923\" src=\"https:\/\/xn--judo-lbben-feb.de\/wp-content\/uploads\/2012\/10\/DSC05168--300x225.jpg\" alt=\"DSC05168\" width=\"300\" height=\"225\" srcset=\"https:\/\/xn--judo-lbben-feb.de\/wp-content\/uploads\/2012\/10\/DSC05168--300x225.jpg 300w, https:\/\/xn--judo-lbben-feb.de\/wp-content\/uploads\/2012\/10\/DSC05168-.jpg 1024w\" sizes=\"auto, (max-width: 300px) 100vw, 300px\" \/><\/a> <a href=\"https:\/\/xn--judo-lbben-feb.de\/wp-content\/uploads\/2012\/10\/DSC05170-.jpg\"><img loading=\"lazy\" decoding=\"async\" class=\"alignnone size-medium wp-image-7924\" src=\"https:\/\/xn--judo-lbben-feb.de\/wp-content\/uploads\/2012\/10\/DSC05170--300x225.jpg\" alt=\"DSC05170\" width=\"300\" height=\"225\" srcset=\"https:\/\/xn--judo-lbben-feb.de\/wp-content\/uploads\/2012\/10\/DSC05170--300x225.jpg 300w, https:\/\/xn--judo-lbben-feb.de\/wp-content\/uploads\/2012\/10\/DSC05170-.jpg 1024w\" sizes=\"auto, (max-width: 300px) 100vw, 300px\" \/><\/a><\/p>\n<p class=\"MsoNoSpacing\" style=\"text-align: center;\">Zum Schluss bleibt festzuhalten, es hat wieder riesig Spa\u00df gemacht. Das Wetter war wie all die Jahre zu vor auf unserer Seite, wenn Engel reisen&#8230;<\/p>\n<p class=\"MsoNoSpacing\" style=\"text-align: center;\">Vielen Dank an die Organisatorinnen der Tour!!!!!!!<\/p>\n<h2 class=\"MsoNoSpacing\" style=\"text-align: center;\"><strong><span style=\"color: #800000;\">&#8212;&#8212;&#8212;&#8212;&#8212;&#8212;&#8212;&#8212;&#8212;&#8212;&#8212;&#8212;&#8212;&#8212;&#8212;&#8212;&#8212;&#8212;&#8212;&#8212;&#8212;&#8212;&#8212;&#8212;&#8212;&#8212;&#8212;&#8212;&#8212;&#8212;&#8212;&#8212;&#8212;&#8212;&#8212;&#8212;&#8212;&#8212;&#8212;&#8211;<\/span><\/strong><\/h2>\n<p class=\"MsoNoSpacing\" style=\"text-align: center;\"><strong>Tagebuch Ferienfahrt nach Schwarz\/MV 2014<\/strong><\/p>\n<p style=\"text-align: left;\"><span style=\"text-decoration: underline;\">1. Tag<\/span><\/p>\n<p style=\"text-align: center;\">Um 10:00 Uhr war heute Treffpunkt an unserer Turnhalle, kurz nach 10:30 Uhr setzte sich die Auto-Karawane in Bewegung mit Ziel Schloss Rheinsberg.<\/p>\n<p style=\"text-align: center;\">Auf dem Parkplatz des Schlosses wurden wir von einem kurzem Regenschauer empfangen, die Zeit wurde f\u00fcr ein kleinen Imbiss genutzt.<\/p>\n<p style=\"text-align: center;\"><a href=\"https:\/\/xn--judo-lbben-feb.de\/wp-content\/uploads\/2014\/07\/DSC03979-.jpg\"><img loading=\"lazy\" decoding=\"async\" class=\"alignnone size-thumbnail wp-image-3656\" src=\"https:\/\/xn--judo-lbben-feb.de\/wp-content\/uploads\/2014\/07\/DSC03979--150x150.jpg\" alt=\"DSC03979\" width=\"150\" height=\"150\" \/><\/a> <a href=\"https:\/\/xn--judo-lbben-feb.de\/wp-content\/uploads\/2014\/07\/DSC03980-.jpg\"><img loading=\"lazy\" decoding=\"async\" class=\"alignnone size-thumbnail wp-image-3657\" src=\"https:\/\/xn--judo-lbben-feb.de\/wp-content\/uploads\/2014\/07\/DSC03980--150x150.jpg\" alt=\"DSC03980\" width=\"150\" height=\"150\" \/><\/a><\/p>\n<p style=\"text-align: center;\">Es folgte die Besichtigung des Schlosses Rheinsberg, was allen sichtlich gefallen hat.<\/p>\n<p style=\"text-align: center;\"><a href=\"https:\/\/xn--judo-lbben-feb.de\/wp-content\/uploads\/2014\/07\/DSC03983-.jpg\"><img loading=\"lazy\" decoding=\"async\" class=\"alignnone size-thumbnail wp-image-3658\" src=\"https:\/\/xn--judo-lbben-feb.de\/wp-content\/uploads\/2014\/07\/DSC03983--150x150.jpg\" alt=\"DSC03983\" width=\"150\" height=\"150\" \/><\/a> <a href=\"https:\/\/xn--judo-lbben-feb.de\/wp-content\/uploads\/2014\/07\/DSC03984-.jpg\"><img loading=\"lazy\" decoding=\"async\" class=\"alignnone size-thumbnail wp-image-3659\" src=\"https:\/\/xn--judo-lbben-feb.de\/wp-content\/uploads\/2014\/07\/DSC03984--150x150.jpg\" alt=\"DSC03984\" width=\"150\" height=\"150\" \/><\/a> <a href=\"https:\/\/xn--judo-lbben-feb.de\/wp-content\/uploads\/2014\/07\/DSC03985-.jpg\"><img loading=\"lazy\" decoding=\"async\" class=\"alignnone size-thumbnail wp-image-3660\" src=\"https:\/\/xn--judo-lbben-feb.de\/wp-content\/uploads\/2014\/07\/DSC03985--150x150.jpg\" alt=\"DSC03985\" width=\"150\" height=\"150\" \/><\/a> <a href=\"https:\/\/xn--judo-lbben-feb.de\/wp-content\/uploads\/2014\/07\/DSC03986-.jpg\"><img loading=\"lazy\" decoding=\"async\" class=\"alignnone size-thumbnail wp-image-3661\" src=\"https:\/\/xn--judo-lbben-feb.de\/wp-content\/uploads\/2014\/07\/DSC03986--150x150.jpg\" alt=\"DSC03986\" width=\"150\" height=\"150\" \/><\/a> <a href=\"https:\/\/xn--judo-lbben-feb.de\/wp-content\/uploads\/2014\/07\/DSC03982-.jpg\"><img loading=\"lazy\" decoding=\"async\" class=\"alignnone size-thumbnail wp-image-3655\" src=\"https:\/\/xn--judo-lbben-feb.de\/wp-content\/uploads\/2014\/07\/DSC03982--150x150.jpg\" alt=\"DSC03982\" width=\"150\" height=\"150\" \/><\/a><\/p>\n<p style=\"text-align: center;\">\u00a0Bei leichtem Regen erreichten wir dann gegen 16:30 Uhr unser Domizil f\u00fcr die n\u00e4chste Woche, die Jugendherberge Schwarz.<\/p>\n<p style=\"text-align: center;\"><a href=\"https:\/\/xn--judo-lbben-feb.de\/wp-content\/uploads\/2014\/07\/DSC03987-.jpg\"><img loading=\"lazy\" decoding=\"async\" class=\"alignnone size-thumbnail wp-image-3664\" src=\"https:\/\/xn--judo-lbben-feb.de\/wp-content\/uploads\/2014\/07\/DSC03987--150x150.jpg\" alt=\"DSC03987\" width=\"150\" height=\"150\" \/><\/a> <a href=\"https:\/\/xn--judo-lbben-feb.de\/wp-content\/uploads\/2014\/07\/DSC03988-.jpg\"><img loading=\"lazy\" decoding=\"async\" class=\"alignnone size-thumbnail wp-image-3665\" src=\"https:\/\/xn--judo-lbben-feb.de\/wp-content\/uploads\/2014\/07\/DSC03988--150x150.jpg\" alt=\"DSC03988\" width=\"150\" height=\"150\" \/><\/a> <a href=\"https:\/\/xn--judo-lbben-feb.de\/wp-content\/uploads\/2014\/07\/DSC03989-.jpg\"><img loading=\"lazy\" decoding=\"async\" class=\"alignnone size-thumbnail wp-image-3666\" src=\"https:\/\/xn--judo-lbben-feb.de\/wp-content\/uploads\/2014\/07\/DSC03989--150x150.jpg\" alt=\"DSC03989\" width=\"150\" height=\"150\" \/><\/a><\/p>\n<p style=\"text-align: left;\"><span style=\"text-decoration: underline;\">2. Tag<\/span><\/p>\n<p style=\"text-align: center;\">Nach einem ausf\u00fchrlichen Fr\u00fchst\u00fcck ging es heute nach Waren. Unser Ausflug startete mit einer 2 Std. Rundfahrt auf der M\u00fcritz. Anschliessend gab es, f\u00fcr die die wollten, ein Fischbr\u00f6tchen direkt vom Fischkutter.<\/p>\n<p style=\"text-align: center;\"><a href=\"https:\/\/xn--judo-lbben-feb.de\/wp-content\/uploads\/2014\/07\/DSC03993-.jpg\"><img loading=\"lazy\" decoding=\"async\" class=\"alignnone size-thumbnail wp-image-3670\" src=\"https:\/\/xn--judo-lbben-feb.de\/wp-content\/uploads\/2014\/07\/DSC03993--150x150.jpg\" alt=\"DSC03993\" width=\"150\" height=\"150\" \/><\/a> <a href=\"https:\/\/xn--judo-lbben-feb.de\/wp-content\/uploads\/2014\/07\/DSC03994-.jpg\"><img loading=\"lazy\" decoding=\"async\" class=\"alignnone size-thumbnail wp-image-3671\" src=\"https:\/\/xn--judo-lbben-feb.de\/wp-content\/uploads\/2014\/07\/DSC03994--150x150.jpg\" alt=\"DSC03994\" width=\"150\" height=\"150\" \/><\/a> <a href=\"https:\/\/xn--judo-lbben-feb.de\/wp-content\/uploads\/2014\/07\/DSC03995-.jpg\"><img loading=\"lazy\" decoding=\"async\" class=\"alignnone size-thumbnail wp-image-3672\" src=\"https:\/\/xn--judo-lbben-feb.de\/wp-content\/uploads\/2014\/07\/DSC03995--150x150.jpg\" alt=\"DSC03995\" width=\"150\" height=\"150\" \/><\/a><\/p>\n<p style=\"text-align: center;\">Frisch gest\u00e4rkt besuchten wir dann das M\u00dcRITZEUM. Dort war f\u00fcr jeden etwas dabei, es gab viel zu entdecken, auszuprobieren, mitzumachen und wer wollte entspannen.<\/p>\n<p style=\"text-align: center;\"><a href=\"https:\/\/xn--judo-lbben-feb.de\/wp-content\/uploads\/2014\/07\/DSC03991-.jpg\"><img loading=\"lazy\" decoding=\"async\" class=\"alignnone size-thumbnail wp-image-3673\" src=\"https:\/\/xn--judo-lbben-feb.de\/wp-content\/uploads\/2014\/07\/DSC03991--150x150.jpg\" alt=\"DSC03991\" width=\"150\" height=\"150\" \/><\/a> <a href=\"https:\/\/xn--judo-lbben-feb.de\/wp-content\/uploads\/2014\/07\/DSC04007-.jpg\"><img loading=\"lazy\" decoding=\"async\" class=\"alignnone size-thumbnail wp-image-3674\" src=\"https:\/\/xn--judo-lbben-feb.de\/wp-content\/uploads\/2014\/07\/DSC04007--150x150.jpg\" alt=\"DSC04007\" width=\"150\" height=\"150\" \/><\/a> <a href=\"https:\/\/xn--judo-lbben-feb.de\/wp-content\/uploads\/2014\/07\/DSC04008-.jpg\"><img loading=\"lazy\" decoding=\"async\" class=\"alignnone size-thumbnail wp-image-3675\" src=\"https:\/\/xn--judo-lbben-feb.de\/wp-content\/uploads\/2014\/07\/DSC04008--150x150.jpg\" alt=\"DSC04008\" width=\"150\" height=\"150\" \/><\/a><\/p>\n<p style=\"text-align: center;\">Zur\u00fcck in Schwarz gab es dann gleich Abendbrot, bevor sich dann die meisten zu einem z\u00fcnftigen Match auf dem Volleyballplatz trafen. Ein erster Test des Badesees sollte folgen.<\/p>\n<p style=\"text-align: center;\"><a href=\"https:\/\/xn--judo-lbben-feb.de\/wp-content\/uploads\/2014\/07\/DSC04015-.jpg\"><img loading=\"lazy\" decoding=\"async\" class=\"alignnone size-thumbnail wp-image-3679\" src=\"https:\/\/xn--judo-lbben-feb.de\/wp-content\/uploads\/2014\/07\/DSC04015--150x150.jpg\" alt=\"DSC04015\" width=\"150\" height=\"150\" \/><\/a> <a href=\"https:\/\/xn--judo-lbben-feb.de\/wp-content\/uploads\/2014\/07\/DSC04017-.jpg\"><img loading=\"lazy\" decoding=\"async\" class=\"alignnone size-thumbnail wp-image-3680\" src=\"https:\/\/xn--judo-lbben-feb.de\/wp-content\/uploads\/2014\/07\/DSC04017--150x150.jpg\" alt=\"DSC04017\" width=\"150\" height=\"150\" \/><\/a> <a href=\"https:\/\/xn--judo-lbben-feb.de\/wp-content\/uploads\/2014\/07\/DSC04022-.jpg\"><img loading=\"lazy\" decoding=\"async\" class=\"alignnone size-thumbnail wp-image-3681\" src=\"https:\/\/xn--judo-lbben-feb.de\/wp-content\/uploads\/2014\/07\/DSC04022--150x150.jpg\" alt=\"DSC04022\" width=\"150\" height=\"150\" \/><\/a><\/p>\n<p style=\"text-align: center;\">Naja und dann wurde nat\u00fcrlich das WM-Finale geschaut, bei einer extrem lauten Ger\u00e4uschkulisse.<\/p>\n<p style=\"text-align: center;\"><a href=\"https:\/\/xn--judo-lbben-feb.de\/wp-content\/uploads\/2014\/07\/DSC04025-.jpg\"><img loading=\"lazy\" decoding=\"async\" class=\"alignnone size-thumbnail wp-image-3678\" src=\"https:\/\/xn--judo-lbben-feb.de\/wp-content\/uploads\/2014\/07\/DSC04025--150x150.jpg\" alt=\"DSC04025\" width=\"150\" height=\"150\" \/><\/a> <a href=\"https:\/\/xn--judo-lbben-feb.de\/wp-content\/uploads\/2014\/07\/DSC04024-.jpg\"><img loading=\"lazy\" decoding=\"async\" class=\"alignnone size-thumbnail wp-image-3677\" src=\"https:\/\/xn--judo-lbben-feb.de\/wp-content\/uploads\/2014\/07\/DSC04024--150x150.jpg\" alt=\"DSC04024\" width=\"150\" height=\"150\" \/><\/a> <a href=\"https:\/\/xn--judo-lbben-feb.de\/wp-content\/uploads\/2014\/07\/DSC04023-.jpg\"><img loading=\"lazy\" decoding=\"async\" class=\"alignnone size-thumbnail wp-image-3676\" src=\"https:\/\/xn--judo-lbben-feb.de\/wp-content\/uploads\/2014\/07\/DSC04023--150x150.jpg\" alt=\"DSC04023\" width=\"150\" height=\"150\" \/><\/a><\/p>\n<p style=\"text-align: left;\"><span style=\"text-decoration: underline;\">3. Tag<\/span><\/p>\n<p style=\"text-align: center;\">Eigentlich sollte die Reise heute nach Neustrelitz gehen, aber das Wetter war nicht auf unserer Seite. So wure kurzfristig umgeplant, unsere erste Station an diesem Tag war das Luftfahrtmuseum in Rechlin. Dort konnte wir alle mal ein Blick in die Entstehung, Entwicklung und Erprobung von Luftfahrzeugen werfen.<\/p>\n<p style=\"text-align: center;\"><a href=\"https:\/\/xn--judo-lbben-feb.de\/wp-content\/uploads\/2014\/07\/P1020042-.jpg\"><img loading=\"lazy\" decoding=\"async\" class=\"alignnone size-thumbnail wp-image-3682\" src=\"https:\/\/xn--judo-lbben-feb.de\/wp-content\/uploads\/2014\/07\/P1020042--150x150.jpg\" alt=\"P1020042\" width=\"150\" height=\"150\" \/><\/a> <a href=\"https:\/\/xn--judo-lbben-feb.de\/wp-content\/uploads\/2014\/07\/P1020040-.jpg\"><img loading=\"lazy\" decoding=\"async\" class=\"alignnone size-thumbnail wp-image-3683\" src=\"https:\/\/xn--judo-lbben-feb.de\/wp-content\/uploads\/2014\/07\/P1020040--150x150.jpg\" alt=\"P1020040\" width=\"150\" height=\"150\" \/><\/a> <a href=\"https:\/\/xn--judo-lbben-feb.de\/wp-content\/uploads\/2014\/07\/P1020041-.jpg\"><img loading=\"lazy\" decoding=\"async\" class=\"alignnone size-thumbnail wp-image-3684\" src=\"https:\/\/xn--judo-lbben-feb.de\/wp-content\/uploads\/2014\/07\/P1020041--150x150.jpg\" alt=\"P1020041\" width=\"150\" height=\"150\" \/><\/a><\/p>\n<p style=\"text-align: center;\">Danach besuchten wir die gr\u00f6\u00dfte Scheune Deutschlands in Bollewiek. H\u00f6hepunkt des Tages war der nicht weitentfernte Irrgarten.<\/p>\n<p style=\"text-align: center;\"><a href=\"https:\/\/xn--judo-lbben-feb.de\/wp-content\/uploads\/2014\/07\/DSC04023-.jpg\"><img loading=\"lazy\" decoding=\"async\" class=\"alignnone size-thumbnail wp-image-3676\" src=\"https:\/\/xn--judo-lbben-feb.de\/wp-content\/uploads\/2014\/07\/DSC04023--150x150.jpg\" alt=\"DSC04023\" width=\"150\" height=\"150\" \/><\/a><a href=\"https:\/\/xn--judo-lbben-feb.de\/wp-content\/uploads\/2014\/07\/P1020044-.jpg\"> <img loading=\"lazy\" decoding=\"async\" class=\"alignnone size-thumbnail wp-image-3685\" src=\"https:\/\/xn--judo-lbben-feb.de\/wp-content\/uploads\/2014\/07\/P1020044--150x150.jpg\" alt=\"P1020044\" width=\"150\" height=\"150\" \/><\/a><a href=\"https:\/\/xn--judo-lbben-feb.de\/wp-content\/uploads\/2014\/07\/P1020045-.jpg\"> <img loading=\"lazy\" decoding=\"async\" class=\"alignnone size-thumbnail wp-image-3686\" src=\"https:\/\/xn--judo-lbben-feb.de\/wp-content\/uploads\/2014\/07\/P1020045--150x150.jpg\" alt=\"P1020045\" width=\"150\" height=\"150\" \/><\/a><a href=\"https:\/\/xn--judo-lbben-feb.de\/wp-content\/uploads\/2014\/07\/P1020047-.jpg\"> <img loading=\"lazy\" decoding=\"async\" class=\"alignnone size-thumbnail wp-image-3687\" src=\"https:\/\/xn--judo-lbben-feb.de\/wp-content\/uploads\/2014\/07\/P1020047--150x150.jpg\" alt=\"P1020047\" width=\"150\" height=\"150\" \/><\/a><a href=\"https:\/\/xn--judo-lbben-feb.de\/wp-content\/uploads\/2014\/07\/P1020048-.jpg\"> <img loading=\"lazy\" decoding=\"async\" class=\"alignnone size-thumbnail wp-image-3688\" src=\"https:\/\/xn--judo-lbben-feb.de\/wp-content\/uploads\/2014\/07\/P1020048--150x150.jpg\" alt=\"P1020048\" width=\"150\" height=\"150\" \/><\/a><a href=\"https:\/\/xn--judo-lbben-feb.de\/wp-content\/uploads\/2014\/07\/P1020051-.jpg\"> <img loading=\"lazy\" decoding=\"async\" class=\"alignnone size-thumbnail wp-image-3689\" src=\"https:\/\/xn--judo-lbben-feb.de\/wp-content\/uploads\/2014\/07\/P1020051--150x150.jpg\" alt=\"P1020051\" width=\"150\" height=\"150\" \/><\/a><a href=\"https:\/\/xn--judo-lbben-feb.de\/wp-content\/uploads\/2014\/07\/P1020052-.jpg\"> <img loading=\"lazy\" decoding=\"async\" class=\"alignnone size-thumbnail wp-image-3690\" src=\"https:\/\/xn--judo-lbben-feb.de\/wp-content\/uploads\/2014\/07\/P1020052--150x150.jpg\" alt=\"P1020052\" width=\"150\" height=\"150\" \/><\/a><a href=\"https:\/\/xn--judo-lbben-feb.de\/wp-content\/uploads\/2014\/07\/P1020053-.jpg\"><img loading=\"lazy\" decoding=\"async\" class=\"alignnone size-thumbnail wp-image-3691\" src=\"https:\/\/xn--judo-lbben-feb.de\/wp-content\/uploads\/2014\/07\/P1020053--150x150.jpg\" alt=\"P1020053\" width=\"150\" height=\"150\" \/><\/a><a href=\"https:\/\/xn--judo-lbben-feb.de\/wp-content\/uploads\/2014\/07\/P1020056-.jpg\"> <img loading=\"lazy\" decoding=\"async\" class=\"alignnone size-thumbnail wp-image-3692\" src=\"https:\/\/xn--judo-lbben-feb.de\/wp-content\/uploads\/2014\/07\/P1020056--150x150.jpg\" alt=\"P1020056\" width=\"150\" height=\"150\" \/><\/a><a href=\"https:\/\/xn--judo-lbben-feb.de\/wp-content\/uploads\/2014\/07\/P1020057-.jpg\"> <img loading=\"lazy\" decoding=\"async\" class=\"alignnone size-thumbnail wp-image-3693\" src=\"https:\/\/xn--judo-lbben-feb.de\/wp-content\/uploads\/2014\/07\/P1020057--150x150.jpg\" alt=\"P1020057\" width=\"150\" height=\"150\" \/><\/a> <img loading=\"lazy\" decoding=\"async\" class=\"alignnone size-thumbnail wp-image-3694\" src=\"https:\/\/xn--judo-lbben-feb.de\/wp-content\/uploads\/2014\/07\/P1020058--150x150.jpg\" alt=\"P1020058\" width=\"150\" height=\"150\" \/><\/p>\n<p style=\"text-align: center;\">Abends wurde dann noch 2 Std. Fu\u00dfball und Volleyball gespielt. Der erholsame Schlaf war f\u00fcr fast alle garantiert, der ein oder andere schnarrchte die ganze Nacht.<\/p>\n<p style=\"text-align: left;\"><span style=\"text-decoration: underline;\">4. Tag<\/span><\/p>\n<p style=\"text-align: center;\">Heute war uns das Wetter hold, so konnten wir die Autos stehen lassen, und machten eine sch\u00f6ne Wanderung in die Umgebung, nat\u00fcrlich wurde ein Badestop eingelegt.<\/p>\n<p style=\"text-align: center;\"><a href=\"https:\/\/xn--judo-lbben-feb.de\/wp-content\/uploads\/2014\/07\/DSC04026-.jpg\"><img loading=\"lazy\" decoding=\"async\" class=\"alignnone size-thumbnail wp-image-3698\" src=\"https:\/\/xn--judo-lbben-feb.de\/wp-content\/uploads\/2014\/07\/DSC04026--150x150.jpg\" alt=\"DSC04026\" width=\"150\" height=\"150\" \/><\/a> <a href=\"https:\/\/xn--judo-lbben-feb.de\/wp-content\/uploads\/2014\/07\/DSC04029-.jpg\"><img loading=\"lazy\" decoding=\"async\" class=\"alignnone size-thumbnail wp-image-3699\" src=\"https:\/\/xn--judo-lbben-feb.de\/wp-content\/uploads\/2014\/07\/DSC04029--150x150.jpg\" alt=\"DSC04029\" width=\"150\" height=\"150\" \/><\/a> <a href=\"https:\/\/xn--judo-lbben-feb.de\/wp-content\/uploads\/2014\/07\/DSC04030-.jpg\"><img loading=\"lazy\" decoding=\"async\" class=\"alignnone size-thumbnail wp-image-3700\" src=\"https:\/\/xn--judo-lbben-feb.de\/wp-content\/uploads\/2014\/07\/DSC04030--150x150.jpg\" alt=\"DSC04030\" width=\"150\" height=\"150\" \/><\/a><\/p>\n<p style=\"text-align: center;\">Anschliessend machten wir halt an einer Schleuse und beobachteten die zahlreichen Boote die unter uns durchfuhren. Wir bekamen so gar ganz frischen R\u00e4ucherfisch von einem mobilen Wasser-Kiosk, einfach lecker.<\/p>\n<p style=\"text-align: center;\"><a href=\"https:\/\/xn--judo-lbben-feb.de\/wp-content\/uploads\/2014\/07\/DSC04034-.jpg\"><img loading=\"lazy\" decoding=\"async\" class=\"alignnone size-thumbnail wp-image-3703\" src=\"https:\/\/xn--judo-lbben-feb.de\/wp-content\/uploads\/2014\/07\/DSC04034--150x150.jpg\" alt=\"DSC04034\" width=\"150\" height=\"150\" \/><\/a> <a href=\"https:\/\/xn--judo-lbben-feb.de\/wp-content\/uploads\/2014\/07\/DSC04036-.jpg\"><img loading=\"lazy\" decoding=\"async\" class=\"alignnone size-thumbnail wp-image-3704\" src=\"https:\/\/xn--judo-lbben-feb.de\/wp-content\/uploads\/2014\/07\/DSC04036--150x150.jpg\" alt=\"DSC04036\" width=\"150\" height=\"150\" \/><\/a> <a href=\"https:\/\/xn--judo-lbben-feb.de\/wp-content\/uploads\/2014\/07\/DSC04038-.jpg\"><img loading=\"lazy\" decoding=\"async\" class=\"alignnone size-thumbnail wp-image-3705\" src=\"https:\/\/xn--judo-lbben-feb.de\/wp-content\/uploads\/2014\/07\/DSC04038--150x150.jpg\" alt=\"DSC04038\" width=\"150\" height=\"150\" \/><\/a><\/p>\n<p style=\"text-align: center;\"><a href=\"https:\/\/xn--judo-lbben-feb.de\/wp-content\/uploads\/2014\/07\/P1020076-.jpg\"><img loading=\"lazy\" decoding=\"async\" class=\"alignnone size-thumbnail wp-image-3709\" src=\"https:\/\/xn--judo-lbben-feb.de\/wp-content\/uploads\/2014\/07\/P1020076--150x150.jpg\" alt=\"P1020076\" width=\"150\" height=\"150\" \/><\/a> <a href=\"https:\/\/xn--judo-lbben-feb.de\/wp-content\/uploads\/2014\/07\/P1020078-.jpg\"><img loading=\"lazy\" decoding=\"async\" class=\"alignnone size-thumbnail wp-image-3710\" src=\"https:\/\/xn--judo-lbben-feb.de\/wp-content\/uploads\/2014\/07\/P1020078--150x150.jpg\" alt=\"P1020078\" width=\"150\" height=\"150\" \/><\/a> <a href=\"https:\/\/xn--judo-lbben-feb.de\/wp-content\/uploads\/2014\/07\/P1020079-.jpg\"><img loading=\"lazy\" decoding=\"async\" class=\"alignnone size-thumbnail wp-image-3711\" src=\"https:\/\/xn--judo-lbben-feb.de\/wp-content\/uploads\/2014\/07\/P1020079--150x150.jpg\" alt=\"P1020079\" width=\"150\" height=\"150\" \/><\/a><\/p>\n<p style=\"text-align: center;\"><a href=\"https:\/\/xn--judo-lbben-feb.de\/wp-content\/uploads\/2014\/07\/DSC04045-.jpg\"><img loading=\"lazy\" decoding=\"async\" class=\"alignnone size-thumbnail wp-image-3712\" src=\"https:\/\/xn--judo-lbben-feb.de\/wp-content\/uploads\/2014\/07\/DSC04045--150x150.jpg\" alt=\"DSC04045\" width=\"150\" height=\"150\" \/><\/a> <a href=\"https:\/\/xn--judo-lbben-feb.de\/wp-content\/uploads\/2014\/07\/P1020082-.jpg\"><img loading=\"lazy\" decoding=\"async\" class=\"alignnone size-thumbnail wp-image-3713\" src=\"https:\/\/xn--judo-lbben-feb.de\/wp-content\/uploads\/2014\/07\/P1020082--150x150.jpg\" alt=\"P1020082\" width=\"150\" height=\"150\" \/><\/a> <a href=\"https:\/\/xn--judo-lbben-feb.de\/wp-content\/uploads\/2014\/07\/P1020083-.jpg\"><img loading=\"lazy\" decoding=\"async\" class=\"alignnone size-thumbnail wp-image-3714\" src=\"https:\/\/xn--judo-lbben-feb.de\/wp-content\/uploads\/2014\/07\/P1020083--150x150.jpg\" alt=\"P1020083\" width=\"150\" height=\"150\" \/><\/a><\/p>\n<p style=\"text-align: center;\">Auf dem R\u00fcckweg kehrten wir in eine Eisdiele ein, das Softeis schmeckte allen super. Nach dem Abendbrot wurde wieder der Volleyplatz bev\u00f6lkert, sp\u00e4ter wurden noch einige zum Kapit\u00e4n eines Ruderbootes.<\/p>\n<p style=\"text-align: center;\"><a href=\"https:\/\/xn--judo-lbben-feb.de\/wp-content\/uploads\/2014\/07\/P1020085-.jpg\"><img loading=\"lazy\" decoding=\"async\" class=\"alignnone size-thumbnail wp-image-3716\" src=\"https:\/\/xn--judo-lbben-feb.de\/wp-content\/uploads\/2014\/07\/P1020085--150x150.jpg\" alt=\"P1020085\" width=\"150\" height=\"150\" \/><\/a> <a href=\"https:\/\/xn--judo-lbben-feb.de\/wp-content\/uploads\/2014\/07\/P1020086-.jpg\"><img loading=\"lazy\" decoding=\"async\" class=\"alignnone size-thumbnail wp-image-3717\" src=\"https:\/\/xn--judo-lbben-feb.de\/wp-content\/uploads\/2014\/07\/P1020086--150x150.jpg\" alt=\"P1020086\" width=\"150\" height=\"150\" \/><\/a> <a href=\"https:\/\/xn--judo-lbben-feb.de\/wp-content\/uploads\/2014\/07\/P1020089-.jpg\"><img loading=\"lazy\" decoding=\"async\" class=\"alignnone size-thumbnail wp-image-3718\" src=\"https:\/\/xn--judo-lbben-feb.de\/wp-content\/uploads\/2014\/07\/P1020089--150x150.jpg\" alt=\"P1020089\" width=\"150\" height=\"150\" \/><\/a><\/p>\n<p style=\"text-align: left;\"><span style=\"text-decoration: underline;\"><em>5<\/em>. Tag<\/span><\/p>\n<p style=\"text-align: center;\"><a href=\"https:\/\/xn--judo-lbben-feb.de\/wp-content\/uploads\/2014\/07\/DSC04058-.jpg\"><img loading=\"lazy\" decoding=\"async\" class=\"alignnone size-medium wp-image-3722\" src=\"https:\/\/xn--judo-lbben-feb.de\/wp-content\/uploads\/2014\/07\/DSC04058--300x65.jpg\" alt=\"DSC04058\" width=\"300\" height=\"65\" \/><\/a><\/p>\n<p style=\"text-align: center;\">Der heutige Tag f\u00fchrte uns nach Warnem\u00fcnde. Es sollte ein sch\u00f6ner Tag werden, nach einer guten Stunde Autofahrt empfing uns die Ostsee mit Sonnenschein. Bevor es an den Strand ging besichtigten wir den Hafen und die bekannte Mole.<\/p>\n<p style=\"text-align: center;\"><a href=\"https:\/\/xn--judo-lbben-feb.de\/wp-content\/uploads\/2014\/07\/DSC04051-.jpg\"><img loading=\"lazy\" decoding=\"async\" class=\"alignnone size-medium wp-image-3723\" src=\"https:\/\/xn--judo-lbben-feb.de\/wp-content\/uploads\/2014\/07\/DSC04051--300x225.jpg\" alt=\"DSC04051\" width=\"300\" height=\"225\" \/><\/a><\/p>\n<p style=\"text-align: center;\"><a href=\"https:\/\/xn--judo-lbben-feb.de\/wp-content\/uploads\/2014\/07\/DSC04062-.jpg\"><img loading=\"lazy\" decoding=\"async\" class=\"alignnone size-thumbnail wp-image-3725\" src=\"https:\/\/xn--judo-lbben-feb.de\/wp-content\/uploads\/2014\/07\/DSC04062--150x150.jpg\" alt=\"DSC04062\" width=\"150\" height=\"150\" \/><\/a> <a href=\"https:\/\/xn--judo-lbben-feb.de\/wp-content\/uploads\/2014\/07\/DSC04059-.jpg\"><img loading=\"lazy\" decoding=\"async\" class=\"alignnone size-thumbnail wp-image-3724\" src=\"https:\/\/xn--judo-lbben-feb.de\/wp-content\/uploads\/2014\/07\/DSC04059--150x150.jpg\" alt=\"DSC04059\" width=\"150\" height=\"150\" \/><\/a> <a href=\"https:\/\/xn--judo-lbben-feb.de\/wp-content\/uploads\/2014\/07\/DSC04065-.jpg\"><img loading=\"lazy\" decoding=\"async\" class=\"alignnone size-thumbnail wp-image-3726\" src=\"https:\/\/xn--judo-lbben-feb.de\/wp-content\/uploads\/2014\/07\/DSC04065--150x150.jpg\" alt=\"DSC04065\" width=\"150\" height=\"150\" \/><\/a><\/p>\n<p style=\"text-align: center;\"><a href=\"https:\/\/xn--judo-lbben-feb.de\/wp-content\/uploads\/2014\/07\/DSC04056-.jpg\"><img loading=\"lazy\" decoding=\"async\" class=\"alignnone size-medium wp-image-3727\" src=\"https:\/\/xn--judo-lbben-feb.de\/wp-content\/uploads\/2014\/07\/DSC04056--300x65.jpg\" alt=\"DSC04056\" width=\"300\" height=\"65\" \/><\/a><\/p>\n<p style=\"text-align: center;\"><a href=\"https:\/\/xn--judo-lbben-feb.de\/wp-content\/uploads\/2014\/07\/P1020123-.jpg\"><img loading=\"lazy\" decoding=\"async\" class=\"alignnone size-thumbnail wp-image-3730\" src=\"https:\/\/xn--judo-lbben-feb.de\/wp-content\/uploads\/2014\/07\/P1020123--150x150.jpg\" alt=\"P1020123\" width=\"150\" height=\"150\" \/><\/a> <a href=\"https:\/\/xn--judo-lbben-feb.de\/wp-content\/uploads\/2014\/07\/P1020120-.jpg\"><img loading=\"lazy\" decoding=\"async\" class=\"alignnone size-thumbnail wp-image-3729\" src=\"https:\/\/xn--judo-lbben-feb.de\/wp-content\/uploads\/2014\/07\/P1020120--150x150.jpg\" alt=\"P1020120\" width=\"150\" height=\"150\" \/><\/a> <a href=\"https:\/\/xn--judo-lbben-feb.de\/wp-content\/uploads\/2014\/07\/P1020119-.jpg\"><img loading=\"lazy\" decoding=\"async\" class=\"alignnone size-thumbnail wp-image-3728\" src=\"https:\/\/xn--judo-lbben-feb.de\/wp-content\/uploads\/2014\/07\/P1020119--150x150.jpg\" alt=\"P1020119\" width=\"150\" height=\"150\" \/><\/a><\/p>\n<p style=\"text-align: center;\">Abends trafen wir uns alle beim gemeinsamen Grillen.<\/p>\n<p style=\"text-align: center;\"><a href=\"https:\/\/xn--judo-lbben-feb.de\/wp-content\/uploads\/2014\/07\/P1020134-.jpg\"><img loading=\"lazy\" decoding=\"async\" class=\"alignnone size-thumbnail wp-image-3743\" src=\"https:\/\/xn--judo-lbben-feb.de\/wp-content\/uploads\/2014\/07\/P1020134--150x150.jpg\" alt=\"P1020134\" width=\"150\" height=\"150\" \/><\/a> <a href=\"https:\/\/xn--judo-lbben-feb.de\/wp-content\/uploads\/2014\/07\/DSC04078-.jpg\"><img loading=\"lazy\" decoding=\"async\" class=\"alignnone size-thumbnail wp-image-3736\" src=\"https:\/\/xn--judo-lbben-feb.de\/wp-content\/uploads\/2014\/07\/DSC04078--150x150.jpg\" alt=\"DSC04078\" width=\"150\" height=\"150\" \/><\/a> <a href=\"https:\/\/xn--judo-lbben-feb.de\/wp-content\/uploads\/2014\/07\/DSC04077-.jpg\"><img loading=\"lazy\" decoding=\"async\" class=\"alignnone size-thumbnail wp-image-3735\" src=\"https:\/\/xn--judo-lbben-feb.de\/wp-content\/uploads\/2014\/07\/DSC04077--150x150.jpg\" alt=\"DSC04077\" width=\"150\" height=\"150\" \/><\/a> <a href=\"https:\/\/xn--judo-lbben-feb.de\/wp-content\/uploads\/2014\/07\/DSC04075-.jpg\"><img loading=\"lazy\" decoding=\"async\" class=\"alignnone size-thumbnail wp-image-3734\" src=\"https:\/\/xn--judo-lbben-feb.de\/wp-content\/uploads\/2014\/07\/DSC04075--150x150.jpg\" alt=\"DSC04075\" width=\"150\" height=\"150\" \/><\/a> <a href=\"https:\/\/xn--judo-lbben-feb.de\/wp-content\/uploads\/2014\/07\/DSC04074-.jpg\"><img loading=\"lazy\" decoding=\"async\" class=\"alignnone size-thumbnail wp-image-3733\" src=\"https:\/\/xn--judo-lbben-feb.de\/wp-content\/uploads\/2014\/07\/DSC04074--150x150.jpg\" alt=\"DSC04074\" width=\"150\" height=\"150\" \/><\/a> <a href=\"https:\/\/xn--judo-lbben-feb.de\/wp-content\/uploads\/2014\/07\/DSC04069-.jpg\"><img loading=\"lazy\" decoding=\"async\" class=\"alignnone size-thumbnail wp-image-3732\" src=\"https:\/\/xn--judo-lbben-feb.de\/wp-content\/uploads\/2014\/07\/DSC04069--150x150.jpg\" alt=\"DSC04069\" width=\"150\" height=\"150\" \/><\/a><\/p>\n<p style=\"text-align: center;\">Da wir ja alles Sportler sind, wurde auch noch etwas f\u00fcr die Kondition getan?<\/p>\n<p style=\"text-align: center;\"><a href=\"https:\/\/xn--judo-lbben-feb.de\/wp-content\/uploads\/2014\/07\/DSC04079-.jpg\"><img loading=\"lazy\" decoding=\"async\" class=\"alignnone size-thumbnail wp-image-3737\" src=\"https:\/\/xn--judo-lbben-feb.de\/wp-content\/uploads\/2014\/07\/DSC04079--150x150.jpg\" alt=\"DSC04079\" width=\"150\" height=\"150\" \/><\/a> <a href=\"https:\/\/xn--judo-lbben-feb.de\/wp-content\/uploads\/2014\/07\/DSC04080-.jpg\"><img loading=\"lazy\" decoding=\"async\" class=\"alignnone size-thumbnail wp-image-3738\" src=\"https:\/\/xn--judo-lbben-feb.de\/wp-content\/uploads\/2014\/07\/DSC04080--150x150.jpg\" alt=\"DSC04080\" width=\"150\" height=\"150\" \/><\/a> <a href=\"https:\/\/xn--judo-lbben-feb.de\/wp-content\/uploads\/2014\/07\/DSC04083-.jpg\"><img loading=\"lazy\" decoding=\"async\" class=\"alignnone size-thumbnail wp-image-3739\" src=\"https:\/\/xn--judo-lbben-feb.de\/wp-content\/uploads\/2014\/07\/DSC04083--150x150.jpg\" alt=\"DSC04083\" width=\"150\" height=\"150\" \/><\/a> <a href=\"https:\/\/xn--judo-lbben-feb.de\/wp-content\/uploads\/2014\/07\/P1020136-.jpg\"><img loading=\"lazy\" decoding=\"async\" class=\"alignnone size-thumbnail wp-image-3740\" src=\"https:\/\/xn--judo-lbben-feb.de\/wp-content\/uploads\/2014\/07\/P1020136--150x150.jpg\" alt=\"P1020136\" width=\"150\" height=\"150\" \/><\/a> <a href=\"https:\/\/xn--judo-lbben-feb.de\/wp-content\/uploads\/2014\/07\/P1020140-.jpg\"><img loading=\"lazy\" decoding=\"async\" class=\"alignnone size-thumbnail wp-image-3741\" src=\"https:\/\/xn--judo-lbben-feb.de\/wp-content\/uploads\/2014\/07\/P1020140--150x150.jpg\" alt=\"P1020140\" width=\"150\" height=\"150\" \/><\/a> <a href=\"https:\/\/xn--judo-lbben-feb.de\/wp-content\/uploads\/2014\/07\/P1020141-.jpg\"><img loading=\"lazy\" decoding=\"async\" class=\"alignnone size-thumbnail wp-image-3742\" src=\"https:\/\/xn--judo-lbben-feb.de\/wp-content\/uploads\/2014\/07\/P1020141--150x150.jpg\" alt=\"P1020141\" width=\"150\" height=\"150\" \/><\/a><\/p>\n<p style=\"text-align: left;\"><span style=\"text-decoration: underline;\"><em>6<\/em>. Tag<\/span><\/p>\n<p style=\"text-align: center;\">Heute stand der n\u00e4chste Ausflug an, wir wanderten von unserer Jugendherberge nach Diemitz, wo zuerst der Badespass am See im Vordergrund stand. Gegen 13:00 Uhr legte dann unweit von unserer Badestelle das Schiff mit Ziel Mirow ab. Nach einer Stunde Fahrt waren wir dann da, und setzten unseren Weg zugleich zur Kirche fort, wo dann eine Besichtigung statt fand.<\/p>\n<p style=\"text-align: center;\"><a href=\"https:\/\/xn--judo-lbben-feb.de\/wp-content\/uploads\/2014\/07\/DSC04085-.jpg\"><img loading=\"lazy\" decoding=\"async\" class=\"alignnone size-thumbnail wp-image-3747\" src=\"https:\/\/xn--judo-lbben-feb.de\/wp-content\/uploads\/2014\/07\/DSC04085--150x150.jpg\" alt=\"DSC04085\" width=\"150\" height=\"150\" \/><\/a> <a href=\"https:\/\/xn--judo-lbben-feb.de\/wp-content\/uploads\/2014\/07\/DSC04087-.jpg\"><img loading=\"lazy\" decoding=\"async\" class=\"alignnone size-thumbnail wp-image-3748\" src=\"https:\/\/xn--judo-lbben-feb.de\/wp-content\/uploads\/2014\/07\/DSC04087--150x150.jpg\" alt=\"DSC04087\" width=\"150\" height=\"150\" \/><\/a> <a href=\"https:\/\/xn--judo-lbben-feb.de\/wp-content\/uploads\/2014\/07\/P1020144-.jpg\"><img loading=\"lazy\" decoding=\"async\" class=\"alignnone size-thumbnail wp-image-3749\" src=\"https:\/\/xn--judo-lbben-feb.de\/wp-content\/uploads\/2014\/07\/P1020144--150x150.jpg\" alt=\"P1020144\" width=\"150\" height=\"150\" \/><\/a><\/p>\n<p style=\"text-align: center;\">Die Aussicht vom Kirchturm war traumhaft.<\/p>\n<p style=\"text-align: center;\"><a href=\"https:\/\/xn--judo-lbben-feb.de\/wp-content\/uploads\/2014\/07\/DSC04085-1.jpg\"><img loading=\"lazy\" decoding=\"async\" class=\"alignnone size-medium wp-image-3750\" src=\"https:\/\/xn--judo-lbben-feb.de\/wp-content\/uploads\/2014\/07\/DSC04085-1-300x65.jpg\" alt=\"DSC04085\" width=\"300\" height=\"65\" \/><\/a><\/p>\n<p style=\"text-align: center;\">Nach dem Abstieg ging die Besichtigung im Inneren der Kirche weiter.<\/p>\n<p style=\"text-align: center;\"><a href=\"https:\/\/xn--judo-lbben-feb.de\/wp-content\/uploads\/2014\/07\/DSC04100-.jpg\"><img loading=\"lazy\" decoding=\"async\" class=\"alignnone size-thumbnail wp-image-3751\" src=\"https:\/\/xn--judo-lbben-feb.de\/wp-content\/uploads\/2014\/07\/DSC04100--150x150.jpg\" alt=\"DSC04100\" width=\"150\" height=\"150\" \/><\/a> <a href=\"https:\/\/xn--judo-lbben-feb.de\/wp-content\/uploads\/2014\/07\/DSC04098-.jpg\"><img loading=\"lazy\" decoding=\"async\" class=\"alignnone size-thumbnail wp-image-3752\" src=\"https:\/\/xn--judo-lbben-feb.de\/wp-content\/uploads\/2014\/07\/DSC04098--150x150.jpg\" alt=\"DSC04098\" width=\"150\" height=\"150\" \/><\/a> <a href=\"https:\/\/xn--judo-lbben-feb.de\/wp-content\/uploads\/2014\/07\/DSC04101-.jpg\"><img loading=\"lazy\" decoding=\"async\" class=\"alignnone size-thumbnail wp-image-3753\" src=\"https:\/\/xn--judo-lbben-feb.de\/wp-content\/uploads\/2014\/07\/DSC04101--150x150.jpg\" alt=\"DSC04101\" width=\"150\" height=\"150\" \/><\/a><\/p>\n<p style=\"text-align: center;\">Kurze Rast, und dann ging es in mehreren Gruppen auf die 2 st\u00fcndige Erkundungstour durch die sch\u00f6ne Stadt Mirow weiter.<\/p>\n<p style=\"text-align: center;\"><a href=\"https:\/\/xn--judo-lbben-feb.de\/wp-content\/uploads\/2014\/07\/DSC04103-.jpg\"><img loading=\"lazy\" decoding=\"async\" class=\"alignnone size-thumbnail wp-image-3754\" src=\"https:\/\/xn--judo-lbben-feb.de\/wp-content\/uploads\/2014\/07\/DSC04103--150x150.jpg\" alt=\"DSC04103\" width=\"150\" height=\"150\" \/><\/a> <a href=\"https:\/\/xn--judo-lbben-feb.de\/wp-content\/uploads\/2014\/07\/DSC04104-.jpg\"><img loading=\"lazy\" decoding=\"async\" class=\"alignnone size-thumbnail wp-image-3755\" src=\"https:\/\/xn--judo-lbben-feb.de\/wp-content\/uploads\/2014\/07\/DSC04104--150x150.jpg\" alt=\"DSC04104\" width=\"150\" height=\"150\" \/><\/a> <a href=\"https:\/\/xn--judo-lbben-feb.de\/wp-content\/uploads\/2014\/07\/P1020149-.jpg\"><img loading=\"lazy\" decoding=\"async\" class=\"alignnone size-thumbnail wp-image-3756\" src=\"https:\/\/xn--judo-lbben-feb.de\/wp-content\/uploads\/2014\/07\/P1020149--150x150.jpg\" alt=\"P1020149\" width=\"150\" height=\"150\" \/><\/a><\/p>\n<p style=\"text-align: center;\">Kurz nach 16:00 Uhr startete unser Schiff dann wieder Richtung Diemitz.<\/p>\n<p style=\"text-align: center;\"><a href=\"https:\/\/xn--judo-lbben-feb.de\/wp-content\/uploads\/2014\/07\/DSC04107-.jpg\"><img loading=\"lazy\" decoding=\"async\" class=\"alignnone size-thumbnail wp-image-3757\" src=\"https:\/\/xn--judo-lbben-feb.de\/wp-content\/uploads\/2014\/07\/DSC04107--150x150.jpg\" alt=\"DSC04107\" width=\"150\" height=\"150\" \/><\/a> <a href=\"https:\/\/xn--judo-lbben-feb.de\/wp-content\/uploads\/2014\/07\/DSC04108-.jpg\"><img loading=\"lazy\" decoding=\"async\" class=\"alignnone size-thumbnail wp-image-3758\" src=\"https:\/\/xn--judo-lbben-feb.de\/wp-content\/uploads\/2014\/07\/DSC04108--150x150.jpg\" alt=\"DSC04108\" width=\"150\" height=\"150\" \/><\/a> <a href=\"https:\/\/xn--judo-lbben-feb.de\/wp-content\/uploads\/2014\/07\/DSC04109-.jpg\"><img loading=\"lazy\" decoding=\"async\" class=\"alignnone size-thumbnail wp-image-3759\" src=\"https:\/\/xn--judo-lbben-feb.de\/wp-content\/uploads\/2014\/07\/DSC04109--150x150.jpg\" alt=\"DSC04109\" width=\"150\" height=\"150\" \/><\/a><\/p>\n<p style=\"text-align: center;\">Nach Ankunft setzten wir dann wieder zu Fu\u00df die R\u00fcckreise zu unsere Unterkunft fort.<\/p>\n<p style=\"text-align: center;\"><a href=\"https:\/\/xn--judo-lbben-feb.de\/wp-content\/uploads\/2014\/07\/DSC04120-.jpg\"><img loading=\"lazy\" decoding=\"async\" class=\"alignnone size-thumbnail wp-image-3760\" src=\"https:\/\/xn--judo-lbben-feb.de\/wp-content\/uploads\/2014\/07\/DSC04120--150x150.jpg\" alt=\"DSC04120\" width=\"150\" height=\"150\" \/><\/a> <a href=\"https:\/\/xn--judo-lbben-feb.de\/wp-content\/uploads\/2014\/07\/DSC04124-.jpg\"><img loading=\"lazy\" decoding=\"async\" class=\"alignnone size-thumbnail wp-image-3761\" src=\"https:\/\/xn--judo-lbben-feb.de\/wp-content\/uploads\/2014\/07\/DSC04124--150x150.jpg\" alt=\"DSC04124\" width=\"150\" height=\"150\" \/><\/a> <a href=\"https:\/\/xn--judo-lbben-feb.de\/wp-content\/uploads\/2014\/07\/DSC04125-.jpg\"><img loading=\"lazy\" decoding=\"async\" class=\"alignnone size-thumbnail wp-image-3762\" src=\"https:\/\/xn--judo-lbben-feb.de\/wp-content\/uploads\/2014\/07\/DSC04125--150x150.jpg\" alt=\"DSC04125\" width=\"150\" height=\"150\" \/><\/a><\/p>\n<p style=\"text-align: left;\"><span style=\"text-decoration: underline;\"><em>7<\/em>. und letzter Tag<\/span><\/p>\n<p style=\"text-align: center;\">Bei super Wetter stand heute eine Kanu &#8211; Tour an. Nach Empfang der Boote, Schwimmwesten und Padel legten wir auch voller Elan los.<\/p>\n<p style=\"text-align: center;\"><a href=\"https:\/\/xn--judo-lbben-feb.de\/wp-content\/uploads\/2014\/07\/1.jpg\"><img loading=\"lazy\" decoding=\"async\" class=\"alignnone size-medium wp-image-3764\" src=\"https:\/\/xn--judo-lbben-feb.de\/wp-content\/uploads\/2014\/07\/1-300x167.jpg\" alt=\"1\" width=\"300\" height=\"167\" \/><\/a><\/p>\n<p style=\"text-align: center;\"><a href=\"https:\/\/xn--judo-lbben-feb.de\/wp-content\/uploads\/2014\/07\/DSC04130-.jpg\"><img loading=\"lazy\" decoding=\"async\" class=\"alignnone size-thumbnail wp-image-3765\" src=\"https:\/\/xn--judo-lbben-feb.de\/wp-content\/uploads\/2014\/07\/DSC04130--150x150.jpg\" alt=\"DSC04130\" width=\"150\" height=\"150\" \/><\/a> <a href=\"https:\/\/xn--judo-lbben-feb.de\/wp-content\/uploads\/2014\/07\/DSC04132-.jpg\"><img loading=\"lazy\" decoding=\"async\" class=\"alignnone size-thumbnail wp-image-3766\" src=\"https:\/\/xn--judo-lbben-feb.de\/wp-content\/uploads\/2014\/07\/DSC04132--150x150.jpg\" alt=\"DSC04132\" width=\"150\" height=\"150\" \/><\/a> <a href=\"https:\/\/xn--judo-lbben-feb.de\/wp-content\/uploads\/2014\/07\/DSC04129-.jpg\"><img loading=\"lazy\" decoding=\"async\" class=\"alignnone size-thumbnail wp-image-3767\" src=\"https:\/\/xn--judo-lbben-feb.de\/wp-content\/uploads\/2014\/07\/DSC04129--150x150.jpg\" alt=\"DSC04129\" width=\"150\" height=\"150\" \/><\/a><\/p>\n<p style=\"text-align: center;\"><a href=\"https:\/\/xn--judo-lbben-feb.de\/wp-content\/uploads\/2014\/07\/DSC04135-.jpg\"><img loading=\"lazy\" decoding=\"async\" class=\"alignnone size-thumbnail wp-image-3769\" src=\"https:\/\/xn--judo-lbben-feb.de\/wp-content\/uploads\/2014\/07\/DSC04135--150x150.jpg\" alt=\"DSC04135\" width=\"150\" height=\"150\" \/><\/a> <a href=\"https:\/\/xn--judo-lbben-feb.de\/wp-content\/uploads\/2014\/07\/DSC04136-.jpg\"><img loading=\"lazy\" decoding=\"async\" class=\"alignnone size-thumbnail wp-image-3770\" src=\"https:\/\/xn--judo-lbben-feb.de\/wp-content\/uploads\/2014\/07\/DSC04136--150x150.jpg\" alt=\"DSC04136\" width=\"150\" height=\"150\" \/><\/a> <a href=\"https:\/\/xn--judo-lbben-feb.de\/wp-content\/uploads\/2014\/07\/DSC04137-.jpg\"><img loading=\"lazy\" decoding=\"async\" class=\"alignnone size-thumbnail wp-image-3771\" src=\"https:\/\/xn--judo-lbben-feb.de\/wp-content\/uploads\/2014\/07\/DSC04137--150x150.jpg\" alt=\"DSC04137\" width=\"150\" height=\"150\" \/><\/a><\/p>\n<p style=\"text-align: center;\">Nat\u00fcrlich durfte eine ausf\u00fchrliche Badepause nicht fehlen, die Kinder hatten viel Spass.<\/p>\n<p style=\"text-align: center;\"><a href=\"https:\/\/xn--judo-lbben-feb.de\/wp-content\/uploads\/2014\/07\/DSC04142-.jpg\"><img loading=\"lazy\" decoding=\"async\" class=\"alignnone size-thumbnail wp-image-3772\" src=\"https:\/\/xn--judo-lbben-feb.de\/wp-content\/uploads\/2014\/07\/DSC04142--150x150.jpg\" alt=\"DSC04142\" width=\"150\" height=\"150\" \/><\/a> <a href=\"https:\/\/xn--judo-lbben-feb.de\/wp-content\/uploads\/2014\/07\/DSC04143-.jpg\"><img loading=\"lazy\" decoding=\"async\" class=\"alignnone size-thumbnail wp-image-3773\" src=\"https:\/\/xn--judo-lbben-feb.de\/wp-content\/uploads\/2014\/07\/DSC04143--150x150.jpg\" alt=\"DSC04143\" width=\"150\" height=\"150\" \/><\/a> <a href=\"https:\/\/xn--judo-lbben-feb.de\/wp-content\/uploads\/2014\/07\/DSC04144-.jpg\"><img loading=\"lazy\" decoding=\"async\" class=\"alignnone size-thumbnail wp-image-3774\" src=\"https:\/\/xn--judo-lbben-feb.de\/wp-content\/uploads\/2014\/07\/DSC04144--150x150.jpg\" alt=\"DSC04144\" width=\"150\" height=\"150\" \/><\/a> <a href=\"https:\/\/xn--judo-lbben-feb.de\/wp-content\/uploads\/2014\/07\/DSC04147-.jpg\"><img loading=\"lazy\" decoding=\"async\" class=\"alignnone size-thumbnail wp-image-3775\" src=\"https:\/\/xn--judo-lbben-feb.de\/wp-content\/uploads\/2014\/07\/DSC04147--150x150.jpg\" alt=\"DSC04147\" width=\"150\" height=\"150\" \/><\/a> <a href=\"https:\/\/xn--judo-lbben-feb.de\/wp-content\/uploads\/2014\/07\/DSC04148-.jpg\"><img loading=\"lazy\" decoding=\"async\" class=\"alignnone size-thumbnail wp-image-3776\" src=\"https:\/\/xn--judo-lbben-feb.de\/wp-content\/uploads\/2014\/07\/DSC04148--150x150.jpg\" alt=\"DSC04148\" width=\"150\" height=\"150\" \/><\/a> <a href=\"https:\/\/xn--judo-lbben-feb.de\/wp-content\/uploads\/2014\/07\/P1020157-.jpg\"><img loading=\"lazy\" decoding=\"async\" class=\"alignnone size-thumbnail wp-image-3777\" src=\"https:\/\/xn--judo-lbben-feb.de\/wp-content\/uploads\/2014\/07\/P1020157--150x150.jpg\" alt=\"P1020157\" width=\"150\" height=\"150\" \/><\/a><\/p>\n<p style=\"text-align: center;\">Und weiter ging die Tour \u00fcber die wundersch\u00f6nen Seen.<\/p>\n<p style=\"text-align: center;\"><a href=\"https:\/\/xn--judo-lbben-feb.de\/wp-content\/uploads\/2014\/07\/P1020164-.jpg\"><img loading=\"lazy\" decoding=\"async\" class=\"alignnone size-thumbnail wp-image-3779\" src=\"https:\/\/xn--judo-lbben-feb.de\/wp-content\/uploads\/2014\/07\/P1020164--150x150.jpg\" alt=\"P1020164\" width=\"150\" height=\"150\" \/><\/a> <a href=\"https:\/\/xn--judo-lbben-feb.de\/wp-content\/uploads\/2014\/07\/P1020165-.jpg\"><img loading=\"lazy\" decoding=\"async\" class=\"alignnone size-thumbnail wp-image-3780\" src=\"https:\/\/xn--judo-lbben-feb.de\/wp-content\/uploads\/2014\/07\/P1020165--150x150.jpg\" alt=\"P1020165\" width=\"150\" height=\"150\" \/><\/a> <a href=\"https:\/\/xn--judo-lbben-feb.de\/wp-content\/uploads\/2014\/07\/P1020167-.jpg\"><img loading=\"lazy\" decoding=\"async\" class=\"alignnone size-thumbnail wp-image-3781\" src=\"https:\/\/xn--judo-lbben-feb.de\/wp-content\/uploads\/2014\/07\/P1020167--150x150.jpg\" alt=\"P1020167\" width=\"150\" height=\"150\" \/><\/a> <a href=\"https:\/\/xn--judo-lbben-feb.de\/wp-content\/uploads\/2014\/07\/P1020168-.jpg\"><img loading=\"lazy\" decoding=\"async\" class=\"alignnone size-thumbnail wp-image-3782\" src=\"https:\/\/xn--judo-lbben-feb.de\/wp-content\/uploads\/2014\/07\/P1020168--150x150.jpg\" alt=\"P1020168\" width=\"150\" height=\"150\" \/><\/a> <a href=\"https:\/\/xn--judo-lbben-feb.de\/wp-content\/uploads\/2014\/07\/P1020169-.jpg\"><img loading=\"lazy\" decoding=\"async\" class=\"alignnone size-thumbnail wp-image-3783\" src=\"https:\/\/xn--judo-lbben-feb.de\/wp-content\/uploads\/2014\/07\/P1020169--150x150.jpg\" alt=\"P1020169\" width=\"150\" height=\"150\" \/><\/a> <a href=\"https:\/\/xn--judo-lbben-feb.de\/wp-content\/uploads\/2014\/07\/P1020171-.jpg\"><img loading=\"lazy\" decoding=\"async\" class=\"alignnone size-thumbnail wp-image-3784\" src=\"https:\/\/xn--judo-lbben-feb.de\/wp-content\/uploads\/2014\/07\/P1020171--150x150.jpg\" alt=\"P1020171\" width=\"150\" height=\"150\" \/><\/a><\/p>\n<p style=\"text-align: center;\">Auf dem R\u00fcckweg machten wir nochmal Stop an der Badestelle.<\/p>\n<p style=\"text-align: center;\"><a href=\"https:\/\/xn--judo-lbben-feb.de\/wp-content\/uploads\/2014\/07\/P1020161-.jpg\"><img loading=\"lazy\" decoding=\"async\" class=\"alignnone size-thumbnail wp-image-3785\" src=\"https:\/\/xn--judo-lbben-feb.de\/wp-content\/uploads\/2014\/07\/P1020161--150x150.jpg\" alt=\"P1020161\" width=\"150\" height=\"150\" \/><\/a> <a href=\"https:\/\/xn--judo-lbben-feb.de\/wp-content\/uploads\/2014\/07\/P1020162-.jpg\"><img loading=\"lazy\" decoding=\"async\" class=\"alignnone size-thumbnail wp-image-3786\" src=\"https:\/\/xn--judo-lbben-feb.de\/wp-content\/uploads\/2014\/07\/P1020162--150x150.jpg\" alt=\"P1020162\" width=\"150\" height=\"150\" \/><\/a> <a href=\"https:\/\/xn--judo-lbben-feb.de\/wp-content\/uploads\/2014\/07\/P1020163-.jpg\"><img loading=\"lazy\" decoding=\"async\" class=\"alignnone size-thumbnail wp-image-3787\" src=\"https:\/\/xn--judo-lbben-feb.de\/wp-content\/uploads\/2014\/07\/P1020163--150x150.jpg\" alt=\"P1020163\" width=\"150\" height=\"150\" \/><\/a><\/p>\n<p style=\"text-align: center;\">Am Abend fand dann noch ein hei\u00df umk\u00e4mftes Volleyballmatch statt.<\/p>\n<h3 style=\"text-align: center;\">Abreise<\/h3>\n<p style=\"text-align: center;\">Heute war es so weit, die R\u00fcckreise nach L\u00fcbben war unvermeidlich. Gegen 08:45 Uhr fuhren wir los, und waren ohne Stau nach 3 Stunden wieder zu Hause.<\/p>\n<p style=\"text-align: center;\">F\u00fcr alle die diese Reise mitgemacht haben gehen unvergessliche Tage zu Ende. Es hat wieder riesen Spass gemacht.<\/p>\n<p style=\"text-align: center;\"><strong>Gro\u00dfen Dank gilt den Organisatoren, es hat alles gepasst!<\/strong><\/p>\n<h2 style=\"text-align: center;\"><strong><span style=\"color: #800000;\">&#8212;&#8212;&#8212;&#8212;&#8212;&#8212;&#8212;&#8212;&#8212;&#8212;&#8212;&#8212;&#8212;&#8212;&#8212;&#8212;&#8212;&#8212;&#8212;&#8212;&#8212;&#8212;&#8212;&#8212;&#8212;&#8212;&#8212;&#8212;&#8212;&#8212;&#8212;&#8212;&#8212;&#8212;&#8212;&#8212;&#8212;&#8212;&#8212;&#8211;<\/span><\/strong><\/h2>\n<p class=\"MsoNoSpacing\" style=\"text-align: center;\"><strong><strong><strong style=\"mso-bidi-font-weight: normal;\">Wanderwochenende im Zittauer Gebirge<\/strong> 23.08. bis 25.08.2013<\/strong><\/strong><\/p>\n<p class=\"MsoNoSpacing\" style=\"text-align: center;\"><!-- [if gte mso 9]><xml>\n<o:OfficeDocumentSettings>\n<o:TargetScreenSize>800x600<\/o:TargetScreenSize>\n<\/o:OfficeDocumentSettings>\n<\/xml><![endif]--><\/p>\n<p class=\"MsoNoSpacing\" style=\"text-align: center;\"><!-- [if gte mso 9]><xml>\n<w:WordDocument>\n<w:View>Normal<\/w:View>\n<w:Zoom>0<\/w:Zoom>\n<w:TrackMoves\/>\n<w:TrackFormatting\/>\n<w:HyphenationZone>21<\/w:HyphenationZone>\n<w:PunctuationKerning\/>\n<w:ValidateAgainstSchemas\/>\n<w:SaveIfXMLInvalid>false<\/w:SaveIfXMLInvalid>\n<w:IgnoreMixedContent>false<\/w:IgnoreMixedContent>\n<w:AlwaysShowPlaceholderText>false<\/w:AlwaysShowPlaceholderText>\n<w:DoNotPromoteQF\/>\n<w:LidThemeOther>DE<\/w:LidThemeOther>\n<w:LidThemeAsian>X-NONE<\/w:LidThemeAsian>\n<w:LidThemeComplexScript>X-NONE<\/w:LidThemeComplexScript>\n<w:Compatibility>\n<w:BreakWrappedTables\/>\n<w:SnapToGridInCell\/>\n<w:WrapTextWithPunct\/>\n<w:UseAsianBreakRules\/>\n<w:DontGrowAutofit\/>\n<w:SplitPgBreakAndParaMark\/>\n<w:EnableOpenTypeKerning\/>\n<w:DontFlipMirrorIndents\/>\n<w:OverrideTableStyleHps\/>\n<\/w:Compatibility>\n<m:mathPr>\n<m:mathFont m:val=\"Cambria Math\"\/>\n<m:brkBin m:val=\"before\"\/>\n<m:brkBinSub m:val=\"&#45;-\"\/>\n<m:smallFrac m:val=\"off\"\/>\n<m:dispDef\/>\n<m:lMargin m:val=\"0\"\/>\n<m:rMargin m:val=\"0\"\/>\n<m:defJc m:val=\"centerGroup\"\/>\n<m:wrapIndent m:val=\"1440\"\/>\n<m:intLim m:val=\"subSup\"\/>\n<m:naryLim m:val=\"undOvr\"\/>\n<\/m:mathPr><\/w:WordDocument>\n<\/xml><![endif]--><!-- [if gte mso 9]><xml>\n<w:LatentStyles DefLockedState=\"false\" DefUnhideWhenUsed=\"true\" DefSemiHidden=\"true\" DefQFormat=\"false\" DefPriority=\"99\" LatentStyleCount=\"267\">\n<w:LsdException Locked=\"false\" Priority=\"0\" SemiHidden=\"false\" UnhideWhenUsed=\"false\" QFormat=\"true\" Name=\"Normal\"\/>\n<w:LsdException Locked=\"false\" Priority=\"9\" SemiHidden=\"false\" UnhideWhenUsed=\"false\" QFormat=\"true\" Name=\"heading 1\"\/>\n<w:LsdException Locked=\"false\" Priority=\"9\" QFormat=\"true\" Name=\"heading 2\"\/>\n<w:LsdException Locked=\"false\" Priority=\"9\" QFormat=\"true\" Name=\"heading 3\"\/>\n<w:LsdException Locked=\"false\" Priority=\"9\" QFormat=\"true\" Name=\"heading 4\"\/>\n<w:LsdException Locked=\"false\" Priority=\"9\" QFormat=\"true\" Name=\"heading 5\"\/>\n<w:LsdException Locked=\"false\" Priority=\"9\" QFormat=\"true\" Name=\"heading 6\"\/>\n<w:LsdException Locked=\"false\" Priority=\"9\" QFormat=\"true\" Name=\"heading 7\"\/>\n<w:LsdException Locked=\"false\" Priority=\"9\" QFormat=\"true\" Name=\"heading 8\"\/>\n<w:LsdException Locked=\"false\" Priority=\"9\" QFormat=\"true\" Name=\"heading 9\"\/>\n<w:LsdException Locked=\"false\" Priority=\"39\" Name=\"toc 1\"\/>\n<w:LsdException Locked=\"false\" Priority=\"39\" Name=\"toc 2\"\/>\n<w:LsdException Locked=\"false\" Priority=\"39\" Name=\"toc 3\"\/>\n<w:LsdException Locked=\"false\" Priority=\"39\" Name=\"toc 4\"\/>\n<w:LsdException Locked=\"false\" Priority=\"39\" Name=\"toc 5\"\/>\n<w:LsdException Locked=\"false\" Priority=\"39\" Name=\"toc 6\"\/>\n<w:LsdException Locked=\"false\" Priority=\"39\" Name=\"toc 7\"\/>\n<w:LsdException Locked=\"false\" Priority=\"39\" Name=\"toc 8\"\/>\n<w:LsdException Locked=\"false\" Priority=\"39\" Name=\"toc 9\"\/>\n<w:LsdException Locked=\"false\" Priority=\"35\" QFormat=\"true\" Name=\"caption\"\/>\n<w:LsdException Locked=\"false\" Priority=\"10\" SemiHidden=\"false\" UnhideWhenUsed=\"false\" QFormat=\"true\" Name=\"Title\"\/>\n<w:LsdException Locked=\"false\" Priority=\"1\" Name=\"Default Paragraph Font\"\/>\n<w:LsdException Locked=\"false\" Priority=\"11\" SemiHidden=\"false\" UnhideWhenUsed=\"false\" QFormat=\"true\" Name=\"Subtitle\"\/>\n<w:LsdException Locked=\"false\" Priority=\"22\" SemiHidden=\"false\" UnhideWhenUsed=\"false\" QFormat=\"true\" Name=\"Strong\"\/>\n<w:LsdException Locked=\"false\" Priority=\"20\" SemiHidden=\"false\" UnhideWhenUsed=\"false\" QFormat=\"true\" Name=\"Emphasis\"\/>\n<w:LsdException Locked=\"false\" Priority=\"59\" SemiHidden=\"false\" UnhideWhenUsed=\"false\" Name=\"Table Grid\"\/>\n<w:LsdException Locked=\"false\" UnhideWhenUsed=\"false\" Name=\"Placeholder Text\"\/>\n<w:LsdException Locked=\"false\" Priority=\"1\" SemiHidden=\"false\" UnhideWhenUsed=\"false\" QFormat=\"true\" Name=\"No Spacing\"\/>\n<w:LsdException Locked=\"false\" Priority=\"60\" SemiHidden=\"false\" UnhideWhenUsed=\"false\" Name=\"Light Shading\"\/>\n<w:LsdException Locked=\"false\" Priority=\"61\" SemiHidden=\"false\" UnhideWhenUsed=\"false\" Name=\"Light List\"\/>\n<w:LsdException Locked=\"false\" Priority=\"62\" SemiHidden=\"false\" UnhideWhenUsed=\"false\" Name=\"Light Grid\"\/>\n<w:LsdException Locked=\"false\" Priority=\"63\" SemiHidden=\"false\" UnhideWhenUsed=\"false\" Name=\"Medium Shading 1\"\/>\n<w:LsdException Locked=\"false\" Priority=\"64\" SemiHidden=\"false\" UnhideWhenUsed=\"false\" Name=\"Medium Shading 2\"\/>\n<w:LsdException Locked=\"false\" Priority=\"65\" SemiHidden=\"false\" UnhideWhenUsed=\"false\" Name=\"Medium List 1\"\/>\n<w:LsdException Locked=\"false\" Priority=\"66\" SemiHidden=\"false\" UnhideWhenUsed=\"false\" Name=\"Medium List 2\"\/>\n<w:LsdException Locked=\"false\" Priority=\"67\" SemiHidden=\"false\" UnhideWhenUsed=\"false\" Name=\"Medium Grid 1\"\/>\n<w:LsdException Locked=\"false\" Priority=\"68\" SemiHidden=\"false\" UnhideWhenUsed=\"false\" Name=\"Medium Grid 2\"\/>\n<w:LsdException Locked=\"false\" Priority=\"69\" SemiHidden=\"false\" UnhideWhenUsed=\"false\" Name=\"Medium Grid 3\"\/>\n<w:LsdException Locked=\"false\" Priority=\"70\" SemiHidden=\"false\" UnhideWhenUsed=\"false\" Name=\"Dark List\"\/>\n<w:LsdException Locked=\"false\" Priority=\"71\" SemiHidden=\"false\" UnhideWhenUsed=\"false\" Name=\"Colorful Shading\"\/>\n<w:LsdException Locked=\"false\" Priority=\"72\" SemiHidden=\"false\" UnhideWhenUsed=\"false\" Name=\"Colorful List\"\/>\n<w:LsdException Locked=\"false\" Priority=\"73\" SemiHidden=\"false\" UnhideWhenUsed=\"false\" Name=\"Colorful Grid\"\/>\n<w:LsdException Locked=\"false\" Priority=\"60\" SemiHidden=\"false\" UnhideWhenUsed=\"false\" Name=\"Light Shading Accent 1\"\/>\n<w:LsdException Locked=\"false\" Priority=\"61\" SemiHidden=\"false\" UnhideWhenUsed=\"false\" Name=\"Light List Accent 1\"\/>\n<w:LsdException Locked=\"false\" Priority=\"62\" SemiHidden=\"false\" UnhideWhenUsed=\"false\" Name=\"Light Grid Accent 1\"\/>\n<w:LsdException Locked=\"false\" Priority=\"63\" SemiHidden=\"false\" UnhideWhenUsed=\"false\" Name=\"Medium Shading 1 Accent 1\"\/>\n<w:LsdException Locked=\"false\" Priority=\"64\" SemiHidden=\"false\" UnhideWhenUsed=\"false\" Name=\"Medium Shading 2 Accent 1\"\/>\n<w:LsdException Locked=\"false\" Priority=\"65\" SemiHidden=\"false\" UnhideWhenUsed=\"false\" Name=\"Medium List 1 Accent 1\"\/>\n<w:LsdException Locked=\"false\" UnhideWhenUsed=\"false\" Name=\"Revision\"\/>\n<w:LsdException Locked=\"false\" Priority=\"34\" SemiHidden=\"false\" UnhideWhenUsed=\"false\" QFormat=\"true\" Name=\"List Paragraph\"\/>\n<w:LsdException Locked=\"false\" Priority=\"29\" SemiHidden=\"false\" UnhideWhenUsed=\"false\" QFormat=\"true\" Name=\"Quote\"\/>\n<w:LsdException Locked=\"false\" Priority=\"30\" SemiHidden=\"false\" UnhideWhenUsed=\"false\" QFormat=\"true\" Name=\"Intense Quote\"\/>\n<w:LsdException Locked=\"false\" Priority=\"66\" SemiHidden=\"false\" UnhideWhenUsed=\"false\" Name=\"Medium List 2 Accent 1\"\/>\n<w:LsdException Locked=\"false\" Priority=\"67\" SemiHidden=\"false\" UnhideWhenUsed=\"false\" Name=\"Medium Grid 1 Accent 1\"\/>\n<w:LsdException Locked=\"false\" Priority=\"68\" SemiHidden=\"false\" UnhideWhenUsed=\"false\" Name=\"Medium Grid 2 Accent 1\"\/>\n<w:LsdException Locked=\"false\" Priority=\"69\" SemiHidden=\"false\" UnhideWhenUsed=\"false\" Name=\"Medium Grid 3 Accent 1\"\/>\n<w:LsdException Locked=\"false\" Priority=\"70\" SemiHidden=\"false\" UnhideWhenUsed=\"false\" Name=\"Dark List Accent 1\"\/>\n<w:LsdException Locked=\"false\" Priority=\"71\" SemiHidden=\"false\" UnhideWhenUsed=\"false\" Name=\"Colorful Shading Accent 1\"\/>\n<w:LsdException Locked=\"false\" Priority=\"72\" SemiHidden=\"false\" UnhideWhenUsed=\"false\" Name=\"Colorful List Accent 1\"\/>\n<w:LsdException Locked=\"false\" Priority=\"73\" SemiHidden=\"false\" UnhideWhenUsed=\"false\" Name=\"Colorful Grid Accent 1\"\/>\n<w:LsdException Locked=\"false\" Priority=\"60\" SemiHidden=\"false\" UnhideWhenUsed=\"false\" Name=\"Light Shading Accent 2\"\/>\n<w:LsdException Locked=\"false\" Priority=\"61\" SemiHidden=\"false\" UnhideWhenUsed=\"false\" Name=\"Light List Accent 2\"\/>\n<w:LsdException Locked=\"false\" Priority=\"62\" SemiHidden=\"false\" UnhideWhenUsed=\"false\" Name=\"Light Grid Accent 2\"\/>\n<w:LsdException Locked=\"false\" Priority=\"63\" SemiHidden=\"false\" UnhideWhenUsed=\"false\" Name=\"Medium Shading 1 Accent 2\"\/>\n<w:LsdException Locked=\"false\" Priority=\"64\" SemiHidden=\"false\" UnhideWhenUsed=\"false\" Name=\"Medium Shading 2 Accent 2\"\/>\n<w:LsdException Locked=\"false\" Priority=\"65\" SemiHidden=\"false\" UnhideWhenUsed=\"false\" Name=\"Medium List 1 Accent 2\"\/>\n<w:LsdException Locked=\"false\" Priority=\"66\" SemiHidden=\"false\" UnhideWhenUsed=\"false\" Name=\"Medium List 2 Accent 2\"\/>\n<w:LsdException Locked=\"false\" Priority=\"67\" SemiHidden=\"false\" UnhideWhenUsed=\"false\" Name=\"Medium Grid 1 Accent 2\"\/>\n<w:LsdException Locked=\"false\" Priority=\"68\" SemiHidden=\"false\" UnhideWhenUsed=\"false\" Name=\"Medium Grid 2 Accent 2\"\/>\n<w:LsdException Locked=\"false\" Priority=\"69\" SemiHidden=\"false\" UnhideWhenUsed=\"false\" Name=\"Medium Grid 3 Accent 2\"\/>\n<w:LsdException Locked=\"false\" Priority=\"70\" SemiHidden=\"false\" UnhideWhenUsed=\"false\" Name=\"Dark List Accent 2\"\/>\n<w:LsdException Locked=\"false\" Priority=\"71\" SemiHidden=\"false\" UnhideWhenUsed=\"false\" Name=\"Colorful Shading Accent 2\"\/>\n<w:LsdException Locked=\"false\" Priority=\"72\" SemiHidden=\"false\" UnhideWhenUsed=\"false\" Name=\"Colorful List Accent 2\"\/>\n<w:LsdException Locked=\"false\" Priority=\"73\" SemiHidden=\"false\" UnhideWhenUsed=\"false\" Name=\"Colorful Grid Accent 2\"\/>\n<w:LsdException Locked=\"false\" Priority=\"60\" SemiHidden=\"false\" UnhideWhenUsed=\"false\" Name=\"Light Shading Accent 3\"\/>\n<w:LsdException Locked=\"false\" Priority=\"61\" SemiHidden=\"false\" UnhideWhenUsed=\"false\" Name=\"Light List Accent 3\"\/>\n<w:LsdException Locked=\"false\" Priority=\"62\" SemiHidden=\"false\" UnhideWhenUsed=\"false\" Name=\"Light Grid Accent 3\"\/>\n<w:LsdException Locked=\"false\" Priority=\"63\" SemiHidden=\"false\" UnhideWhenUsed=\"false\" Name=\"Medium Shading 1 Accent 3\"\/>\n<w:LsdException Locked=\"false\" Priority=\"64\" SemiHidden=\"false\" UnhideWhenUsed=\"false\" Name=\"Medium Shading 2 Accent 3\"\/>\n<w:LsdException Locked=\"false\" Priority=\"65\" SemiHidden=\"false\" UnhideWhenUsed=\"false\" Name=\"Medium List 1 Accent 3\"\/>\n<w:LsdException Locked=\"false\" Priority=\"66\" SemiHidden=\"false\" UnhideWhenUsed=\"false\" Name=\"Medium List 2 Accent 3\"\/>\n<w:LsdException Locked=\"false\" Priority=\"67\" SemiHidden=\"false\" UnhideWhenUsed=\"false\" Name=\"Medium Grid 1 Accent 3\"\/>\n<w:LsdException Locked=\"false\" Priority=\"68\" SemiHidden=\"false\" UnhideWhenUsed=\"false\" Name=\"Medium Grid 2 Accent 3\"\/>\n<w:LsdException Locked=\"false\" Priority=\"69\" SemiHidden=\"false\" UnhideWhenUsed=\"false\" Name=\"Medium Grid 3 Accent 3\"\/>\n<w:LsdException Locked=\"false\" Priority=\"70\" SemiHidden=\"false\" UnhideWhenUsed=\"false\" Name=\"Dark List Accent 3\"\/>\n<w:LsdException Locked=\"false\" Priority=\"71\" SemiHidden=\"false\" UnhideWhenUsed=\"false\" Name=\"Colorful Shading Accent 3\"\/>\n<w:LsdException Locked=\"false\" Priority=\"72\" SemiHidden=\"false\" UnhideWhenUsed=\"false\" Name=\"Colorful List Accent 3\"\/>\n<w:LsdException Locked=\"false\" Priority=\"73\" SemiHidden=\"false\" UnhideWhenUsed=\"false\" Name=\"Colorful Grid Accent 3\"\/>\n<w:LsdException Locked=\"false\" Priority=\"60\" SemiHidden=\"false\" UnhideWhenUsed=\"false\" Name=\"Light Shading Accent 4\"\/>\n<w:LsdException Locked=\"false\" Priority=\"61\" SemiHidden=\"false\" UnhideWhenUsed=\"false\" Name=\"Light List Accent 4\"\/>\n<w:LsdException Locked=\"false\" Priority=\"62\" SemiHidden=\"false\" UnhideWhenUsed=\"false\" Name=\"Light Grid Accent 4\"\/>\n<w:LsdException Locked=\"false\" Priority=\"63\" SemiHidden=\"false\" UnhideWhenUsed=\"false\" Name=\"Medium Shading 1 Accent 4\"\/>\n<w:LsdException Locked=\"false\" Priority=\"64\" SemiHidden=\"false\" UnhideWhenUsed=\"false\" Name=\"Medium Shading 2 Accent 4\"\/>\n<w:LsdException Locked=\"false\" Priority=\"65\" SemiHidden=\"false\" UnhideWhenUsed=\"false\" Name=\"Medium List 1 Accent 4\"\/>\n<w:LsdException Locked=\"false\" Priority=\"66\" SemiHidden=\"false\" UnhideWhenUsed=\"false\" Name=\"Medium List 2 Accent 4\"\/>\n<w:LsdException Locked=\"false\" Priority=\"67\" SemiHidden=\"false\" UnhideWhenUsed=\"false\" Name=\"Medium Grid 1 Accent 4\"\/>\n<w:LsdException Locked=\"false\" Priority=\"68\" SemiHidden=\"false\" UnhideWhenUsed=\"false\" Name=\"Medium Grid 2 Accent 4\"\/>\n<w:LsdException Locked=\"false\" Priority=\"69\" SemiHidden=\"false\" UnhideWhenUsed=\"false\" Name=\"Medium Grid 3 Accent 4\"\/>\n<w:LsdException Locked=\"false\" Priority=\"70\" SemiHidden=\"false\" UnhideWhenUsed=\"false\" Name=\"Dark List Accent 4\"\/>\n<w:LsdException Locked=\"false\" Priority=\"71\" SemiHidden=\"false\" UnhideWhenUsed=\"false\" Name=\"Colorful Shading Accent 4\"\/>\n<w:LsdException Locked=\"false\" Priority=\"72\" SemiHidden=\"false\" UnhideWhenUsed=\"false\" Name=\"Colorful List Accent 4\"\/>\n<w:LsdException Locked=\"false\" Priority=\"73\" SemiHidden=\"false\" UnhideWhenUsed=\"false\" Name=\"Colorful Grid Accent 4\"\/>\n<w:LsdException Locked=\"false\" Priority=\"60\" SemiHidden=\"false\" UnhideWhenUsed=\"false\" Name=\"Light Shading Accent 5\"\/>\n<w:LsdException Locked=\"false\" Priority=\"61\" SemiHidden=\"false\" UnhideWhenUsed=\"false\" Name=\"Light List Accent 5\"\/>\n<w:LsdException Locked=\"false\" Priority=\"62\" SemiHidden=\"false\" UnhideWhenUsed=\"false\" Name=\"Light Grid Accent 5\"\/>\n<w:LsdException Locked=\"false\" Priority=\"63\" SemiHidden=\"false\" UnhideWhenUsed=\"false\" Name=\"Medium Shading 1 Accent 5\"\/>\n<w:LsdException Locked=\"false\" Priority=\"64\" SemiHidden=\"false\" UnhideWhenUsed=\"false\" Name=\"Medium Shading 2 Accent 5\"\/>\n<w:LsdException Locked=\"false\" Priority=\"65\" SemiHidden=\"false\" UnhideWhenUsed=\"false\" Name=\"Medium List 1 Accent 5\"\/>\n<w:LsdException Locked=\"false\" Priority=\"66\" SemiHidden=\"false\" UnhideWhenUsed=\"false\" Name=\"Medium List 2 Accent 5\"\/>\n<w:LsdException Locked=\"false\" Priority=\"67\" SemiHidden=\"false\" UnhideWhenUsed=\"false\" Name=\"Medium Grid 1 Accent 5\"\/>\n<w:LsdException Locked=\"false\" Priority=\"68\" SemiHidden=\"false\" UnhideWhenUsed=\"false\" Name=\"Medium Grid 2 Accent 5\"\/>\n<w:LsdException Locked=\"false\" Priority=\"69\" SemiHidden=\"false\" UnhideWhenUsed=\"false\" Name=\"Medium Grid 3 Accent 5\"\/>\n<w:LsdException Locked=\"false\" Priority=\"70\" SemiHidden=\"false\" UnhideWhenUsed=\"false\" Name=\"Dark List Accent 5\"\/>\n<w:LsdException Locked=\"false\" Priority=\"71\" SemiHidden=\"false\" UnhideWhenUsed=\"false\" Name=\"Colorful Shading Accent 5\"\/>\n<w:LsdException Locked=\"false\" Priority=\"72\" SemiHidden=\"false\" UnhideWhenUsed=\"false\" Name=\"Colorful List Accent 5\"\/>\n<w:LsdException Locked=\"false\" Priority=\"73\" SemiHidden=\"false\" UnhideWhenUsed=\"false\" Name=\"Colorful Grid Accent 5\"\/>\n<w:LsdException Locked=\"false\" Priority=\"60\" SemiHidden=\"false\" UnhideWhenUsed=\"false\" Name=\"Light Shading Accent 6\"\/>\n<w:LsdException Locked=\"false\" Priority=\"61\" SemiHidden=\"false\" UnhideWhenUsed=\"false\" Name=\"Light List Accent 6\"\/>\n<w:LsdException Locked=\"false\" Priority=\"62\" SemiHidden=\"false\" UnhideWhenUsed=\"false\" Name=\"Light Grid Accent 6\"\/>\n<w:LsdException Locked=\"false\" Priority=\"63\" SemiHidden=\"false\" UnhideWhenUsed=\"false\" Name=\"Medium Shading 1 Accent 6\"\/>\n<w:LsdException Locked=\"false\" Priority=\"64\" SemiHidden=\"false\" UnhideWhenUsed=\"false\" Name=\"Medium Shading 2 Accent 6\"\/>\n<w:LsdException Locked=\"false\" Priority=\"65\" SemiHidden=\"false\" UnhideWhenUsed=\"false\" Name=\"Medium List 1 Accent 6\"\/>\n<w:LsdException Locked=\"false\" Priority=\"66\" SemiHidden=\"false\" UnhideWhenUsed=\"false\" Name=\"Medium List 2 Accent 6\"\/>\n<w:LsdException Locked=\"false\" Priority=\"67\" SemiHidden=\"false\" UnhideWhenUsed=\"false\" Name=\"Medium Grid 1 Accent 6\"\/>\n<w:LsdException Locked=\"false\" Priority=\"68\" SemiHidden=\"false\" UnhideWhenUsed=\"false\" Name=\"Medium Grid 2 Accent 6\"\/>\n<w:LsdException Locked=\"false\" Priority=\"69\" SemiHidden=\"false\" UnhideWhenUsed=\"false\" Name=\"Medium Grid 3 Accent 6\"\/>\n<w:LsdException Locked=\"false\" Priority=\"70\" SemiHidden=\"false\" UnhideWhenUsed=\"false\" Name=\"Dark List Accent 6\"\/>\n<w:LsdException Locked=\"false\" Priority=\"71\" SemiHidden=\"false\" UnhideWhenUsed=\"false\" Name=\"Colorful Shading Accent 6\"\/>\n<w:LsdException Locked=\"false\" Priority=\"72\" SemiHidden=\"false\" UnhideWhenUsed=\"false\" Name=\"Colorful List Accent 6\"\/>\n<w:LsdException Locked=\"false\" Priority=\"73\" SemiHidden=\"false\" UnhideWhenUsed=\"false\" Name=\"Colorful Grid Accent 6\"\/>\n<w:LsdException Locked=\"false\" Priority=\"19\" SemiHidden=\"false\" UnhideWhenUsed=\"false\" QFormat=\"true\" Name=\"Subtle Emphasis\"\/>\n<w:LsdException Locked=\"false\" Priority=\"21\" SemiHidden=\"false\" UnhideWhenUsed=\"false\" QFormat=\"true\" Name=\"Intense Emphasis\"\/>\n<w:LsdException Locked=\"false\" Priority=\"31\" SemiHidden=\"false\" UnhideWhenUsed=\"false\" QFormat=\"true\" Name=\"Subtle Reference\"\/>\n<w:LsdException Locked=\"false\" Priority=\"32\" SemiHidden=\"false\" UnhideWhenUsed=\"false\" QFormat=\"true\" Name=\"Intense Reference\"\/>\n<w:LsdException Locked=\"false\" Priority=\"33\" SemiHidden=\"false\" UnhideWhenUsed=\"false\" QFormat=\"true\" Name=\"Book Title\"\/>\n<w:LsdException Locked=\"false\" Priority=\"37\" Name=\"Bibliography\"\/>\n<w:LsdException Locked=\"false\" Priority=\"39\" QFormat=\"true\" Name=\"TOC Heading\"\/>\n<\/w:LatentStyles>\n<\/xml><![endif]--><!-- [if gte mso 10]>\n\n\n\n<style>\n \/* Style Definitions *\/<br \/>table.MsoNormalTable<br \/>{mso-style-name:\"Normale Tabelle\";<br \/>mso-tstyle-rowband-size:0;<br \/>mso-tstyle-colband-size:0;<br \/>mso-style-noshow:yes;<br \/>mso-style-priority:99;<br \/>mso-style-parent:\"\";<br \/>mso-padding-alt:0cm 5.4pt 0cm 5.4pt;<br \/>mso-para-margin:0cm;<br \/>mso-para-margin-bottom:.0001pt;<br \/>mso-pagination:widow-orphan;<br \/>font-size:10.0pt;<br \/>font-family:\"Calibri\",\"sans-serif\";}<br \/><\/style>\n\n<![endif]--><\/p>\n<p class=\"MsoNormal\" style=\"text-align: center;\">Auf der Hinfahrt wurde noch ein Zwischenstopp in Oybin gemacht, wo die Burg-und Klosterruine besichtigt wurde. Dann ging es weiter nach Walterdorf zur Jugendherberge. Dort wurden die Zimmer verteilt und die Betten bezogen. Am n\u00e4chsten Tag stand die gro\u00dfe Wanderung an. \u00dcber den Sonneberg gelangten wir zur tschechischen Grenze. Nach einer Weile entlang der Grenze und nach einigen Pausen erreichten wir den Gipfel des Berges Lausche. Der Abstieg erfolgte \u00fcber einen anderen Weg und so \u00fcberquerten wir die Grenze zu Tschechien. Dort ging es dann \u00fcber ein Gasthaus zur\u00fcck zur Grenzwache, und nach einem Halt im Gebirgsbad Jonsdorf, das wird erst nach einigem Suchen fanden, erreichen wir nach sieben Stunden und ca. 20 Km Wanderung wieder die Jugendherberge.<span style=\"mso-spacerun: yes;\">\u00a0 <\/span>Nach der anstrengenden Wanderung wurde am Abend gegrillt. Am 25. August, dem abreisetag, hielten wir noch in Klein Welka an und besuchten den Saurierpark. Gegen 16:00 Uhr erreichten wir wohlbehalten wieder L\u00fcbben. Ein gro\u00dfes Dankesch\u00f6n an Frau Stoye und Frau Hoffmann f\u00fcr die sehr gute Organisation. Bis zum n\u00e4chsten Mal.<\/p>\n<p class=\"MsoNormal\" style=\"text-align: center;\">Bilder sagen mehr wie Worte:<\/p>\n<p class=\"MsoNormal\" style=\"text-align: center;\"><a href=\"https:\/\/xn--judo-lbben-feb.de\/wp-content\/uploads\/2012\/10\/DSC02480-.jpg\"><img loading=\"lazy\" decoding=\"async\" class=\"alignnone size-thumbnail wp-image-2352\" title=\"DSC02480\" src=\"https:\/\/xn--judo-lbben-feb.de\/wp-content\/uploads\/2012\/10\/DSC02480--150x150.jpg\" alt=\"\" width=\"150\" height=\"150\" \/><\/a>\u00a0 <a href=\"https:\/\/xn--judo-lbben-feb.de\/wp-content\/uploads\/2012\/10\/DSC02483-.jpg\"><img loading=\"lazy\" decoding=\"async\" class=\"alignnone size-thumbnail wp-image-2353\" title=\"DSC02483\" src=\"https:\/\/xn--judo-lbben-feb.de\/wp-content\/uploads\/2012\/10\/DSC02483--150x150.jpg\" alt=\"\" width=\"150\" height=\"150\" \/><\/a>\u00a0 <a href=\"https:\/\/xn--judo-lbben-feb.de\/wp-content\/uploads\/2012\/10\/DSC02485-.jpg\"><img loading=\"lazy\" decoding=\"async\" class=\"alignnone size-thumbnail wp-image-2354\" title=\"DSC02485\" src=\"https:\/\/xn--judo-lbben-feb.de\/wp-content\/uploads\/2012\/10\/DSC02485--150x150.jpg\" alt=\"\" width=\"150\" height=\"150\" \/><\/a> \u00a0<a href=\"https:\/\/xn--judo-lbben-feb.de\/wp-content\/uploads\/2012\/10\/DSC02498-.jpg\"><img loading=\"lazy\" decoding=\"async\" class=\"alignnone size-thumbnail wp-image-2355\" title=\"DSC02498\" src=\"https:\/\/xn--judo-lbben-feb.de\/wp-content\/uploads\/2012\/10\/DSC02498--150x150.jpg\" alt=\"\" width=\"150\" height=\"150\" \/><\/a> \u00a0<a href=\"https:\/\/xn--judo-lbben-feb.de\/wp-content\/uploads\/2012\/10\/DSC02505-.jpg\"><img loading=\"lazy\" decoding=\"async\" class=\"alignnone size-thumbnail wp-image-2356\" title=\"DSC02505\" src=\"https:\/\/xn--judo-lbben-feb.de\/wp-content\/uploads\/2012\/10\/DSC02505--150x150.jpg\" alt=\"\" width=\"150\" height=\"150\" \/><\/a><\/p>\n<p class=\"MsoNormal\" style=\"text-align: center;\"><a href=\"https:\/\/xn--judo-lbben-feb.de\/wp-content\/uploads\/2012\/10\/DSC02506-.jpg\"><img loading=\"lazy\" decoding=\"async\" class=\"alignnone size-thumbnail wp-image-2359\" title=\"DSC02506\" src=\"https:\/\/xn--judo-lbben-feb.de\/wp-content\/uploads\/2012\/10\/DSC02506--150x150.jpg\" alt=\"\" width=\"150\" height=\"150\" \/><\/a>\u00a0 <a href=\"https:\/\/xn--judo-lbben-feb.de\/wp-content\/uploads\/2012\/10\/DSC02527-.jpg\"><img loading=\"lazy\" decoding=\"async\" class=\"alignnone size-thumbnail wp-image-2360\" title=\"DSC02527\" src=\"https:\/\/xn--judo-lbben-feb.de\/wp-content\/uploads\/2012\/10\/DSC02527--150x150.jpg\" alt=\"\" width=\"150\" height=\"150\" \/><\/a>\u00a0 <a href=\"https:\/\/xn--judo-lbben-feb.de\/wp-content\/uploads\/2012\/10\/DSC02530-.jpg\"><img loading=\"lazy\" decoding=\"async\" class=\"alignnone size-thumbnail wp-image-2361\" title=\"DSC02530\" src=\"https:\/\/xn--judo-lbben-feb.de\/wp-content\/uploads\/2012\/10\/DSC02530--150x150.jpg\" alt=\"\" width=\"150\" height=\"150\" \/><\/a> \u00a0<a href=\"https:\/\/xn--judo-lbben-feb.de\/wp-content\/uploads\/2012\/10\/DSC02540-.jpg\"><img loading=\"lazy\" decoding=\"async\" class=\"alignnone size-thumbnail wp-image-2362\" title=\"DSC02540\" src=\"https:\/\/xn--judo-lbben-feb.de\/wp-content\/uploads\/2012\/10\/DSC02540--150x150.jpg\" alt=\"\" width=\"150\" height=\"150\" \/><\/a><\/p>\n<p class=\"MsoNoSpacing\" style=\"text-align: left;\"><!-- [if gte mso 9]><xml>\n<o:OfficeDocumentSettings>\n<o:TargetScreenSize>800x600<\/o:TargetScreenSize>\n<\/o:OfficeDocumentSettings>\n<\/xml><![endif]--><\/p>\n<p class=\"MsoNoSpacing\" style=\"text-align: center;\"><a href=\"https:\/\/xn--judo-lbben-feb.de\/wp-content\/uploads\/2012\/10\/DSC02547-.jpg\"><img loading=\"lazy\" decoding=\"async\" class=\"alignnone size-thumbnail wp-image-2364\" title=\"DSC02547\" src=\"https:\/\/xn--judo-lbben-feb.de\/wp-content\/uploads\/2012\/10\/DSC02547--150x150.jpg\" alt=\"\" width=\"150\" height=\"150\" \/><\/a>\u00a0 <a href=\"https:\/\/xn--judo-lbben-feb.de\/wp-content\/uploads\/2012\/10\/DSC02559-.jpg\"><img loading=\"lazy\" decoding=\"async\" class=\"alignnone size-thumbnail wp-image-2365\" title=\"DSC02559\" src=\"https:\/\/xn--judo-lbben-feb.de\/wp-content\/uploads\/2012\/10\/DSC02559--150x150.jpg\" alt=\"\" width=\"150\" height=\"150\" \/><\/a>\u00a0 <a href=\"https:\/\/xn--judo-lbben-feb.de\/wp-content\/uploads\/2012\/10\/DSC02566-.jpg\"><img loading=\"lazy\" decoding=\"async\" class=\"alignnone size-thumbnail wp-image-2366\" title=\"DSC02566\" src=\"https:\/\/xn--judo-lbben-feb.de\/wp-content\/uploads\/2012\/10\/DSC02566--150x150.jpg\" alt=\"\" width=\"150\" height=\"150\" \/><\/a> \u00a0<a href=\"https:\/\/xn--judo-lbben-feb.de\/wp-content\/uploads\/2012\/10\/DSC02573-.jpg\"><img loading=\"lazy\" decoding=\"async\" class=\"alignnone size-thumbnail wp-image-2367\" title=\"DSC02573\" src=\"https:\/\/xn--judo-lbben-feb.de\/wp-content\/uploads\/2012\/10\/DSC02573--150x150.jpg\" alt=\"\" width=\"150\" height=\"150\" \/><\/a> \u00a0<a href=\"https:\/\/xn--judo-lbben-feb.de\/wp-content\/uploads\/2012\/10\/DSC02616-.jpg\"><img loading=\"lazy\" decoding=\"async\" class=\"alignnone size-thumbnail wp-image-2368\" title=\"DSC02616\" src=\"https:\/\/xn--judo-lbben-feb.de\/wp-content\/uploads\/2012\/10\/DSC02616--150x150.jpg\" alt=\"\" width=\"150\" height=\"150\" \/><\/a><\/p>\n<p class=\"MsoNoSpacing\" style=\"text-align: center;\"><a href=\"https:\/\/xn--judo-lbben-feb.de\/wp-content\/uploads\/2012\/10\/DSC02618-.jpg\"><img loading=\"lazy\" decoding=\"async\" class=\"alignnone size-thumbnail wp-image-2370\" title=\"DSC02618\" src=\"https:\/\/xn--judo-lbben-feb.de\/wp-content\/uploads\/2012\/10\/DSC02618--150x150.jpg\" alt=\"\" width=\"150\" height=\"150\" \/><\/a>\u00a0 <a href=\"https:\/\/xn--judo-lbben-feb.de\/wp-content\/uploads\/2012\/10\/DSC02655-.jpg\"><img loading=\"lazy\" decoding=\"async\" class=\"alignnone size-thumbnail wp-image-2371\" title=\"DSC02655\" src=\"https:\/\/xn--judo-lbben-feb.de\/wp-content\/uploads\/2012\/10\/DSC02655--150x150.jpg\" alt=\"\" width=\"150\" height=\"150\" \/><\/a>\u00a0 <a href=\"https:\/\/xn--judo-lbben-feb.de\/wp-content\/uploads\/2012\/10\/P1000307-.jpg\"><img loading=\"lazy\" decoding=\"async\" class=\"alignnone size-thumbnail wp-image-2383\" title=\"P1000307\" src=\"https:\/\/xn--judo-lbben-feb.de\/wp-content\/uploads\/2012\/10\/P1000307--150x150.jpg\" alt=\"\" width=\"150\" height=\"150\" \/><\/a>\u00a0 <a href=\"https:\/\/xn--judo-lbben-feb.de\/wp-content\/uploads\/2012\/10\/P1050356-.jpg\"><img loading=\"lazy\" decoding=\"async\" class=\"alignnone size-thumbnail wp-image-2384\" title=\"P1050356\" src=\"https:\/\/xn--judo-lbben-feb.de\/wp-content\/uploads\/2012\/10\/P1050356--150x150.jpg\" alt=\"\" width=\"150\" height=\"150\" \/><\/a> \u00a0<a href=\"https:\/\/xn--judo-lbben-feb.de\/wp-content\/uploads\/2012\/10\/P1050360-.jpg\"><img loading=\"lazy\" decoding=\"async\" class=\"alignnone size-thumbnail wp-image-2385\" title=\"P1050360\" src=\"https:\/\/xn--judo-lbben-feb.de\/wp-content\/uploads\/2012\/10\/P1050360--150x150.jpg\" alt=\"\" width=\"150\" height=\"150\" \/><\/a><\/p>\n<p class=\"MsoNoSpacing\" style=\"text-align: center;\"><a href=\"https:\/\/xn--judo-lbben-feb.de\/wp-content\/uploads\/2012\/10\/P1050361-.jpg\"><img loading=\"lazy\" decoding=\"async\" class=\"alignnone size-thumbnail wp-image-2386\" title=\"P1050361\" src=\"https:\/\/xn--judo-lbben-feb.de\/wp-content\/uploads\/2012\/10\/P1050361--150x150.jpg\" alt=\"\" width=\"150\" height=\"150\" \/><\/a>\u00a0 <a href=\"https:\/\/xn--judo-lbben-feb.de\/wp-content\/uploads\/2012\/10\/P1050363-.jpg\"><img loading=\"lazy\" decoding=\"async\" class=\"alignnone size-thumbnail wp-image-2387\" title=\"P1050363\" src=\"https:\/\/xn--judo-lbben-feb.de\/wp-content\/uploads\/2012\/10\/P1050363--150x150.jpg\" alt=\"\" width=\"150\" height=\"150\" \/><\/a>\u00a0 <a href=\"https:\/\/xn--judo-lbben-feb.de\/wp-content\/uploads\/2012\/10\/P1050364-.jpg\"><img loading=\"lazy\" decoding=\"async\" class=\"alignnone size-thumbnail wp-image-2388\" title=\"P1050364\" src=\"https:\/\/xn--judo-lbben-feb.de\/wp-content\/uploads\/2012\/10\/P1050364--150x150.jpg\" alt=\"\" width=\"150\" height=\"150\" \/><\/a> \u00a0<a href=\"https:\/\/xn--judo-lbben-feb.de\/wp-content\/uploads\/2012\/10\/P1050367-.jpg\"><img loading=\"lazy\" decoding=\"async\" class=\"alignnone size-thumbnail wp-image-2389\" title=\"P1050367\" src=\"https:\/\/xn--judo-lbben-feb.de\/wp-content\/uploads\/2012\/10\/P1050367--150x150.jpg\" alt=\"\" width=\"150\" height=\"150\" \/><\/a><\/p>\n<p class=\"MsoNoSpacing\" style=\"text-align: center;\"><a href=\"https:\/\/xn--judo-lbben-feb.de\/wp-content\/uploads\/2012\/10\/P1050368-.jpg\"><img loading=\"lazy\" decoding=\"async\" class=\"alignnone size-thumbnail wp-image-2390\" title=\"P1050368\" src=\"https:\/\/xn--judo-lbben-feb.de\/wp-content\/uploads\/2012\/10\/P1050368--150x150.jpg\" alt=\"\" width=\"150\" height=\"150\" \/><\/a>\u00a0 <a href=\"https:\/\/xn--judo-lbben-feb.de\/wp-content\/uploads\/2012\/10\/P1050369-.jpg\"><img loading=\"lazy\" decoding=\"async\" class=\"alignnone size-thumbnail wp-image-2391\" title=\"P1050369\" src=\"https:\/\/xn--judo-lbben-feb.de\/wp-content\/uploads\/2012\/10\/P1050369--150x150.jpg\" alt=\"\" width=\"150\" height=\"150\" \/><\/a>\u00a0 <a href=\"https:\/\/xn--judo-lbben-feb.de\/wp-content\/uploads\/2012\/10\/P1050410-.jpg\"><img loading=\"lazy\" decoding=\"async\" class=\"alignnone size-thumbnail wp-image-2393\" title=\"P1050410\" src=\"https:\/\/xn--judo-lbben-feb.de\/wp-content\/uploads\/2012\/10\/P1050410--150x150.jpg\" alt=\"\" width=\"150\" height=\"150\" \/><\/a> \u00a0<a href=\"https:\/\/xn--judo-lbben-feb.de\/wp-content\/uploads\/2012\/10\/P1050414-.jpg\"><img loading=\"lazy\" decoding=\"async\" class=\"alignnone size-thumbnail wp-image-2394\" title=\"P1050414\" src=\"https:\/\/xn--judo-lbben-feb.de\/wp-content\/uploads\/2012\/10\/P1050414--150x150.jpg\" alt=\"\" width=\"150\" height=\"150\" \/><\/a>\u00a0 <a href=\"https:\/\/xn--judo-lbben-feb.de\/wp-content\/uploads\/2012\/10\/P1050426-.jpg\"><img loading=\"lazy\" decoding=\"async\" class=\"alignnone size-thumbnail wp-image-2396\" title=\"P1050426\" src=\"https:\/\/xn--judo-lbben-feb.de\/wp-content\/uploads\/2012\/10\/P1050426--150x150.jpg\" alt=\"\" width=\"150\" height=\"150\" \/><\/a><\/p>\n<p class=\"MsoNoSpacing\" style=\"text-align: center;\">\u00a0 <a href=\"https:\/\/xn--judo-lbben-feb.de\/wp-content\/uploads\/2012\/10\/P1050427-.jpg\"><img loading=\"lazy\" decoding=\"async\" class=\"alignnone size-thumbnail wp-image-2397\" title=\"P1050427\" src=\"https:\/\/xn--judo-lbben-feb.de\/wp-content\/uploads\/2012\/10\/P1050427--150x150.jpg\" alt=\"\" width=\"150\" height=\"150\" \/><\/a>\u00a0 <a href=\"https:\/\/xn--judo-lbben-feb.de\/wp-content\/uploads\/2012\/10\/P1050429-.jpg\"><img loading=\"lazy\" decoding=\"async\" class=\"alignnone size-thumbnail wp-image-2398\" title=\"P1050429\" src=\"https:\/\/xn--judo-lbben-feb.de\/wp-content\/uploads\/2012\/10\/P1050429--150x150.jpg\" alt=\"\" width=\"150\" height=\"150\" \/><\/a> \u00a0<a href=\"https:\/\/xn--judo-lbben-feb.de\/wp-content\/uploads\/2012\/10\/P1050437-.jpg\"><img loading=\"lazy\" decoding=\"async\" class=\"alignnone size-thumbnail wp-image-2399\" title=\"P1050437\" src=\"https:\/\/xn--judo-lbben-feb.de\/wp-content\/uploads\/2012\/10\/P1050437--150x150.jpg\" alt=\"\" width=\"150\" height=\"150\" \/><\/a> \u00a0<a href=\"https:\/\/xn--judo-lbben-feb.de\/wp-content\/uploads\/2012\/10\/P1050441-.jpg\"><img loading=\"lazy\" decoding=\"async\" class=\"alignnone size-thumbnail wp-image-2400\" title=\"P1050441\" src=\"https:\/\/xn--judo-lbben-feb.de\/wp-content\/uploads\/2012\/10\/P1050441--150x150.jpg\" alt=\"\" width=\"150\" height=\"150\" \/><\/a><\/p>\n<p class=\"MsoNoSpacing\" style=\"text-align: center;\"><a href=\"https:\/\/xn--judo-lbben-feb.de\/wp-content\/uploads\/2012\/10\/P1050408-.jpg\"><img loading=\"lazy\" decoding=\"async\" class=\"alignnone wp-image-2392\" title=\"P1050408\" src=\"https:\/\/xn--judo-lbben-feb.de\/wp-content\/uploads\/2012\/10\/P1050408--150x150.jpg\" alt=\"\" width=\"203\" height=\"203\" \/><\/a><\/p>\n<h2 style=\"text-align: center;\"><strong><span style=\"color: #800000;\">&#8212;&#8212;&#8212;&#8212;&#8212;&#8212;&#8212;&#8212;&#8212;&#8212;&#8212;&#8212;&#8212;&#8212;&#8212;&#8212;&#8212;&#8212;&#8212;&#8212;&#8212;&#8212;&#8212;&#8212;&#8212;&#8212;&#8212;&#8212;&#8212;&#8212;&#8212;&#8212;&#8212;&#8212;&#8212;&#8212;&#8212;&#8212;&#8212;&#8211;<\/span><\/strong><\/h2>\n<p class=\"MsoNoSpacing\" style=\"text-align: center;\"><strong>Juni 2013<\/strong><\/p>\n<p class=\"MsoNoSpacing\" style=\"text-align: left;\"><strong style=\"mso-bidi-font-weight: normal;\"><strong style=\"mso-bidi-font-weight: normal;\"><strong>Abschlussfest mit gro\u00dfer Grillparty<\/strong><\/strong><\/strong><\/p>\n<p class=\"MsoNoSpacing\" style=\"text-align: center;\"><strong style=\"mso-bidi-font-weight: normal;\"><strong style=\"mso-bidi-font-weight: normal;\"><strong><a href=\"https:\/\/xn--judo-lbben-feb.de\/wp-content\/uploads\/2012\/10\/DSC02174-.jpg\"><img loading=\"lazy\" decoding=\"async\" class=\"alignnone size-large wp-image-2185\" title=\"DSC02174\" src=\"https:\/\/xn--judo-lbben-feb.de\/wp-content\/uploads\/2012\/10\/DSC02174--1024x225.jpg\" alt=\"\" width=\"598\" height=\"131\" \/><\/a><\/strong><\/strong><\/strong><\/p>\n<p class=\"MsoNoSpacing\" style=\"text-align: center;\">Kurz nach 17:00 Uhr, bei gef\u00fchlten 40 Grad <a href=\"https:\/\/xn--judo-lbben-feb.de\/wp-content\/uploads\/2012\/10\/DSC02190-.jpg\"><img loading=\"lazy\" decoding=\"async\" class=\"alignnone wp-image-2202\" title=\"DSC02190\" src=\"https:\/\/xn--judo-lbben-feb.de\/wp-content\/uploads\/2012\/10\/DSC02190--150x150.jpg\" alt=\"\" width=\"110\" height=\"110\" \/><\/a>begann der Abend mit einem 2-Felderballturnier.<\/p>\n<p class=\"MsoNoSpacing\" style=\"text-align: center;\"><strong style=\"mso-bidi-font-weight: normal;\"><strong style=\"mso-bidi-font-weight: normal;\"><strong><a href=\"https:\/\/xn--judo-lbben-feb.de\/wp-content\/uploads\/2012\/10\/DSC02175-.jpg\"><img loading=\"lazy\" decoding=\"async\" class=\"alignnone size-thumbnail wp-image-2187\" title=\"DSC02175\" src=\"https:\/\/xn--judo-lbben-feb.de\/wp-content\/uploads\/2012\/10\/DSC02175--150x150.jpg\" alt=\"\" width=\"150\" height=\"150\" \/><\/a>\u00a0 <a href=\"https:\/\/xn--judo-lbben-feb.de\/wp-content\/uploads\/2012\/10\/DSC02176-.jpg\"><img loading=\"lazy\" decoding=\"async\" class=\"alignnone size-thumbnail wp-image-2188\" title=\"DSC02176\" src=\"https:\/\/xn--judo-lbben-feb.de\/wp-content\/uploads\/2012\/10\/DSC02176--150x150.jpg\" alt=\"\" width=\"150\" height=\"150\" \/><\/a>\u00a0 <a href=\"https:\/\/xn--judo-lbben-feb.de\/wp-content\/uploads\/2012\/10\/DSC02177-.jpg\"><img loading=\"lazy\" decoding=\"async\" class=\"alignnone size-thumbnail wp-image-2189\" title=\"DSC02177\" src=\"https:\/\/xn--judo-lbben-feb.de\/wp-content\/uploads\/2012\/10\/DSC02177--150x150.jpg\" alt=\"\" width=\"150\" height=\"150\" \/><\/a><\/strong><\/strong><\/strong><\/p>\n<p class=\"MsoNoSpacing\" style=\"text-align: center;\">Davon liessen sich unsere Kinder aber nichts anmerken, und gaben alles.<\/p>\n<p class=\"MsoNoSpacing\" style=\"text-align: center;\"><strong style=\"mso-bidi-font-weight: normal;\"><strong style=\"mso-bidi-font-weight: normal;\"><strong><a href=\"https:\/\/xn--judo-lbben-feb.de\/wp-content\/uploads\/2012\/10\/DSC02179-.jpg\"><img loading=\"lazy\" decoding=\"async\" class=\"alignnone size-thumbnail wp-image-2190\" title=\"DSC02179\" src=\"https:\/\/xn--judo-lbben-feb.de\/wp-content\/uploads\/2012\/10\/DSC02179--150x150.jpg\" alt=\"\" width=\"150\" height=\"150\" \/><\/a>\u00a0 <a href=\"https:\/\/xn--judo-lbben-feb.de\/wp-content\/uploads\/2012\/10\/DSC02180-.jpg\"><img loading=\"lazy\" decoding=\"async\" class=\"alignnone size-thumbnail wp-image-2191\" title=\"DSC02180\" src=\"https:\/\/xn--judo-lbben-feb.de\/wp-content\/uploads\/2012\/10\/DSC02180--150x150.jpg\" alt=\"\" width=\"150\" height=\"150\" \/><\/a>\u00a0 <a href=\"https:\/\/xn--judo-lbben-feb.de\/wp-content\/uploads\/2012\/10\/DSC02182-.jpg\"><img loading=\"lazy\" decoding=\"async\" class=\"alignnone size-thumbnail wp-image-2192\" title=\"DSC02182\" src=\"https:\/\/xn--judo-lbben-feb.de\/wp-content\/uploads\/2012\/10\/DSC02182--150x150.jpg\" alt=\"\" width=\"150\" height=\"150\" \/><\/a> \u00a0<a href=\"https:\/\/xn--judo-lbben-feb.de\/wp-content\/uploads\/2012\/10\/DSC02183-.jpg\"><img loading=\"lazy\" decoding=\"async\" class=\"alignnone size-thumbnail wp-image-2193\" title=\"DSC02183\" src=\"https:\/\/xn--judo-lbben-feb.de\/wp-content\/uploads\/2012\/10\/DSC02183--150x150.jpg\" alt=\"\" width=\"150\" height=\"150\" \/><\/a><\/strong><\/strong><\/strong><\/p>\n<p class=\"MsoNoSpacing\" style=\"text-align: center;\">Nach den erfolgreichen Spielen wurden die st\u00e4rksten Judoka 2013 geehrt. Freudestrahlend wurden die sch\u00f6nen Pokale aus den H\u00e4nden der Trainer J\u00f6rg Rudnik und Karsten Hoffmann in Empfang genommen.<\/p>\n<p class=\"MsoNoSpacing\" style=\"text-align: center;\"><strong style=\"mso-bidi-font-weight: normal;\"><strong style=\"mso-bidi-font-weight: normal;\"><strong><a href=\"https:\/\/xn--judo-lbben-feb.de\/wp-content\/uploads\/2012\/10\/DSC02187-.jpg\"><img loading=\"lazy\" decoding=\"async\" class=\"alignnone size-thumbnail wp-image-2199\" title=\"DSC02187\" src=\"https:\/\/xn--judo-lbben-feb.de\/wp-content\/uploads\/2012\/10\/DSC02187--150x150.jpg\" alt=\"\" width=\"150\" height=\"150\" \/><\/a>\u00a0 <a href=\"https:\/\/xn--judo-lbben-feb.de\/wp-content\/uploads\/2012\/10\/DSC02184-.jpg\"><img loading=\"lazy\" decoding=\"async\" class=\"alignnone size-thumbnail wp-image-2196\" title=\"DSC02184\" src=\"https:\/\/xn--judo-lbben-feb.de\/wp-content\/uploads\/2012\/10\/DSC02184--150x150.jpg\" alt=\"\" width=\"150\" height=\"150\" \/><\/a>\u00a0 <a href=\"https:\/\/xn--judo-lbben-feb.de\/wp-content\/uploads\/2012\/10\/DSC02185-.jpg\"><img loading=\"lazy\" decoding=\"async\" class=\"alignnone size-thumbnail wp-image-2197\" title=\"DSC02185\" src=\"https:\/\/xn--judo-lbben-feb.de\/wp-content\/uploads\/2012\/10\/DSC02185--150x150.jpg\" alt=\"\" width=\"150\" height=\"150\" \/><\/a> \u00a0<a href=\"https:\/\/xn--judo-lbben-feb.de\/wp-content\/uploads\/2012\/10\/DSC02186-.jpg\"><img loading=\"lazy\" decoding=\"async\" class=\"alignnone size-thumbnail wp-image-2198\" title=\"DSC02186\" src=\"https:\/\/xn--judo-lbben-feb.de\/wp-content\/uploads\/2012\/10\/DSC02186--150x150.jpg\" alt=\"\" width=\"150\" height=\"150\" \/><\/a><\/strong><\/strong><\/strong><\/p>\n<p class=\"MsoNoSpacing\" style=\"text-align: center;\"><strong style=\"mso-bidi-font-weight: normal;\"><strong style=\"mso-bidi-font-weight: normal;\"><strong><a href=\"https:\/\/xn--judo-lbben-feb.de\/wp-content\/uploads\/2012\/10\/DSC02188-.jpg\"><img loading=\"lazy\" decoding=\"async\" class=\"alignnone size-thumbnail wp-image-2200\" title=\"DSC02188\" src=\"https:\/\/xn--judo-lbben-feb.de\/wp-content\/uploads\/2012\/10\/DSC02188--150x150.jpg\" alt=\"\" width=\"150\" height=\"150\" \/><\/a>\u00a0 <a href=\"https:\/\/xn--judo-lbben-feb.de\/wp-content\/uploads\/2012\/10\/DSC02189-.jpg\"><img loading=\"lazy\" decoding=\"async\" class=\"alignnone size-thumbnail wp-image-2201\" title=\"DSC02189\" src=\"https:\/\/xn--judo-lbben-feb.de\/wp-content\/uploads\/2012\/10\/DSC02189--150x150.jpg\" alt=\"\" width=\"150\" height=\"150\" \/><\/a>\u00a0 <a href=\"https:\/\/xn--judo-lbben-feb.de\/wp-content\/uploads\/2012\/10\/DSC02191-.jpg\"><img loading=\"lazy\" decoding=\"async\" class=\"alignnone size-thumbnail wp-image-2203\" title=\"DSC02191\" src=\"https:\/\/xn--judo-lbben-feb.de\/wp-content\/uploads\/2012\/10\/DSC02191--150x150.jpg\" alt=\"\" width=\"150\" height=\"150\" \/><\/a> \u00a0<a href=\"https:\/\/xn--judo-lbben-feb.de\/wp-content\/uploads\/2012\/10\/DSC02192-.jpg\"><img loading=\"lazy\" decoding=\"async\" class=\"alignnone size-thumbnail wp-image-2204\" title=\"DSC02192\" src=\"https:\/\/xn--judo-lbben-feb.de\/wp-content\/uploads\/2012\/10\/DSC02192--150x150.jpg\" alt=\"\" width=\"150\" height=\"150\" \/><\/a> \u00a0<a href=\"https:\/\/xn--judo-lbben-feb.de\/wp-content\/uploads\/2012\/10\/DSC02193-.jpg\"><img loading=\"lazy\" decoding=\"async\" class=\"alignnone size-thumbnail wp-image-2205\" title=\"DSC02193\" src=\"https:\/\/xn--judo-lbben-feb.de\/wp-content\/uploads\/2012\/10\/DSC02193--150x150.jpg\" alt=\"\" width=\"150\" height=\"150\" \/><\/a><\/strong><\/strong><\/strong><\/p>\n<p class=\"MsoNoSpacing\" style=\"text-align: center;\">Die sind\u00a0<a href=\"https:\/\/xn--judo-lbben-feb.de\/wp-content\/uploads\/2012\/10\/DSC02195-.jpg\"><img loading=\"lazy\" decoding=\"async\" class=\"alignnone size-thumbnail wp-image-2208\" title=\"DSC02195\" src=\"https:\/\/xn--judo-lbben-feb.de\/wp-content\/uploads\/2012\/10\/DSC02195--150x150.jpg\" alt=\"\" width=\"150\" height=\"150\" \/><\/a> wirklich sch\u00f6n!<\/p>\n<p class=\"MsoNoSpacing\" style=\"text-align: center;\">Im Hintergrund wurde der Grill angeheizt, was bei den Temperaturen diesmal nicht das reinste Vergn\u00fcgen war,<\/p>\n<p class=\"MsoNoSpacing\" style=\"text-align: center;\">kurze Zeit sp\u00e4ter wurde das Buffet er\u00f6ffnet, und Alle lie\u00dfen es sich schmecken.<\/p>\n<p class=\"MsoNoSpacing\" style=\"text-align: center;\"><a href=\"https:\/\/xn--judo-lbben-feb.de\/wp-content\/uploads\/2012\/10\/DSC02196-.jpg\"><img loading=\"lazy\" decoding=\"async\" class=\"alignnone size-thumbnail wp-image-2211\" title=\"DSC02196\" src=\"https:\/\/xn--judo-lbben-feb.de\/wp-content\/uploads\/2012\/10\/DSC02196--150x150.jpg\" alt=\"\" width=\"150\" height=\"150\" \/><\/a>\u00a0 <a href=\"https:\/\/xn--judo-lbben-feb.de\/wp-content\/uploads\/2012\/10\/DSC02197-.jpg\"><img loading=\"lazy\" decoding=\"async\" class=\"alignnone size-thumbnail wp-image-2212\" title=\"DSC02197\" src=\"https:\/\/xn--judo-lbben-feb.de\/wp-content\/uploads\/2012\/10\/DSC02197--150x150.jpg\" alt=\"\" width=\"150\" height=\"150\" \/><\/a>\u00a0 <a href=\"https:\/\/xn--judo-lbben-feb.de\/wp-content\/uploads\/2012\/10\/DSC02198-.jpg\"><img loading=\"lazy\" decoding=\"async\" class=\"alignnone size-thumbnail wp-image-2213\" title=\"DSC02198\" src=\"https:\/\/xn--judo-lbben-feb.de\/wp-content\/uploads\/2012\/10\/DSC02198--150x150.jpg\" alt=\"\" width=\"150\" height=\"150\" \/><\/a> \u00a0<a href=\"https:\/\/xn--judo-lbben-feb.de\/wp-content\/uploads\/2013\/06\/DSC02199-.jpg\"><img loading=\"lazy\" decoding=\"async\" class=\"alignnone size-thumbnail wp-image-2178\" title=\"DSC02199\" src=\"https:\/\/xn--judo-lbben-feb.de\/wp-content\/uploads\/2013\/06\/DSC02199--150x150.jpg\" alt=\"\" width=\"150\" height=\"150\" \/><\/a><\/p>\n<p class=\"MsoNoSpacing\" style=\"text-align: center;\">Es war wieder ein sch\u00f6ner Abend, es wird gemunkelt, dass es einige Wenige bis 23:00 Uhr durchgehalten haben, aber das bleibt hier unter uns!<\/p>\n<h2 style=\"text-align: center;\"><strong><span style=\"color: #800000;\">&#8212;&#8212;&#8212;&#8212;&#8212;&#8212;&#8212;&#8212;&#8212;&#8212;&#8212;&#8212;&#8212;&#8212;&#8212;&#8212;&#8212;&#8212;&#8212;&#8212;&#8212;&#8212;&#8212;&#8212;&#8212;&#8212;&#8212;&#8212;&#8212;&#8212;&#8212;&#8212;&#8212;&#8212;&#8212;&#8212;&#8212;&#8212;&#8212;&#8211;<\/span><\/strong><\/h2>\n<p class=\"MsoNoSpacing\" style=\"text-align: center;\"><strong style=\"mso-bidi-font-weight: normal;\">Auftritt beim AWO Kinderfest<\/strong><\/p>\n<p class=\"MsoNoSpacing\" style=\"text-align: center;\"><strong style=\"mso-bidi-font-weight: normal;\"><a href=\"https:\/\/xn--judo-lbben-feb.de\/wp-content\/uploads\/2013\/05\/DSC02136-.jpg\"><img loading=\"lazy\" decoding=\"async\" class=\"alignnone size-thumbnail wp-image-2152\" title=\"DSC02136\" src=\"https:\/\/xn--judo-lbben-feb.de\/wp-content\/uploads\/2013\/05\/DSC02136--150x150.jpg\" alt=\"\" width=\"150\" height=\"150\" \/>\u00a0 <\/a><a href=\"https:\/\/xn--judo-lbben-feb.de\/wp-content\/uploads\/2013\/05\/DSC02135-.jpg\"><img loading=\"lazy\" decoding=\"async\" class=\"alignnone size-thumbnail wp-image-2151\" title=\"DSC02135\" src=\"https:\/\/xn--judo-lbben-feb.de\/wp-content\/uploads\/2013\/05\/DSC02135--150x150.jpg\" alt=\"\" width=\"150\" height=\"150\" \/><\/a><a href=\"https:\/\/xn--judo-lbben-feb.de\/wp-content\/uploads\/2013\/05\/DSC02136-.jpg\">\u00a0 <\/a><a href=\"https:\/\/xn--judo-lbben-feb.de\/wp-content\/uploads\/2013\/05\/DSC02133-.jpg\"><img loading=\"lazy\" decoding=\"async\" class=\"alignnone size-thumbnail wp-image-2149\" title=\"DSC02133\" src=\"https:\/\/xn--judo-lbben-feb.de\/wp-content\/uploads\/2013\/05\/DSC02133--150x150.jpg\" alt=\"\" width=\"150\" height=\"150\" \/><\/a><a href=\"https:\/\/xn--judo-lbben-feb.de\/wp-content\/uploads\/2013\/05\/DSC02136-.jpg\">\u00a0 <\/a><a href=\"https:\/\/xn--judo-lbben-feb.de\/wp-content\/uploads\/2013\/05\/DSC02127-.jpg\"><img loading=\"lazy\" decoding=\"async\" class=\"alignnone size-thumbnail wp-image-2144\" title=\"DSC02127\" src=\"https:\/\/xn--judo-lbben-feb.de\/wp-content\/uploads\/2013\/05\/DSC02127--150x150.jpg\" alt=\"\" width=\"150\" height=\"150\" \/><\/a><a href=\"https:\/\/xn--judo-lbben-feb.de\/wp-content\/uploads\/2013\/05\/DSC02136-.jpg\">\u00a0 <\/a><a href=\"https:\/\/xn--judo-lbben-feb.de\/wp-content\/uploads\/2013\/06\/DSC02119-.jpg\"><img loading=\"lazy\" decoding=\"async\" class=\"alignnone size-thumbnail wp-image-2116\" title=\"DSC02119\" src=\"https:\/\/xn--judo-lbben-feb.de\/wp-content\/uploads\/2013\/06\/DSC02119--150x150.jpg\" alt=\"\" width=\"150\" height=\"150\" \/><\/a><\/strong><\/p>\n<p class=\"MsoNoSpacing\" style=\"text-align: center;\">Auch in diesem Jahr folgten wir der Einladung der AWO L\u00fcbben. Die Vorstellung wurde mit gro\u00dfem Interesse vefolgt.<\/p>\n<h2 style=\"text-align: center;\"><strong><span style=\"color: #800000;\">&#8212;&#8212;&#8212;&#8212;&#8212;&#8212;&#8212;&#8212;&#8212;&#8212;&#8212;&#8212;&#8212;&#8212;&#8212;&#8212;&#8212;&#8212;&#8212;&#8212;&#8212;&#8212;&#8212;&#8212;&#8212;&#8212;&#8212;&#8212;&#8212;&#8212;&#8212;&#8212;&#8212;&#8212;&#8212;&#8212;&#8212;&#8212;&#8212;&#8211;<\/span><\/strong><\/h2>\n<p class=\"MsoNoSpacing\" style=\"text-align: center;\"><strong style=\"mso-bidi-font-weight: normal;\">08. Juni 2013: Sarah Rudnik wird wieder Landesmeisterin &amp; Miriam Stoye wird erneut Vizelandesmeisterin des Landes Brandenburg!<\/strong><\/p>\n<p class=\"MsoNoSpacing\" style=\"text-align: center;\"><strong style=\"mso-bidi-font-weight: normal;\"><a href=\"https:\/\/xn--judo-lbben-feb.de\/wp-content\/uploads\/2013\/06\/DSC02084.jpg\"><img loading=\"lazy\" decoding=\"async\" class=\"alignnone size-thumbnail wp-image-2103\" title=\"DSC02084\" src=\"https:\/\/xn--judo-lbben-feb.de\/wp-content\/uploads\/2013\/06\/DSC02084-150x150.jpg\" alt=\"\" width=\"150\" height=\"150\" \/><\/a>\u00a0 <a href=\"https:\/\/xn--judo-lbben-feb.de\/wp-content\/uploads\/2013\/06\/DSC02085.jpg\"><img loading=\"lazy\" decoding=\"async\" class=\"alignnone size-thumbnail wp-image-2104\" title=\"DSC02085\" src=\"https:\/\/xn--judo-lbben-feb.de\/wp-content\/uploads\/2013\/06\/DSC02085-150x150.jpg\" alt=\"\" width=\"150\" height=\"150\" \/><\/a>\u00a0 <a href=\"https:\/\/xn--judo-lbben-feb.de\/wp-content\/uploads\/2013\/06\/DSC02088.jpg\"><img loading=\"lazy\" decoding=\"async\" class=\"alignnone size-thumbnail wp-image-2105\" title=\"DSC02088\" src=\"https:\/\/xn--judo-lbben-feb.de\/wp-content\/uploads\/2013\/06\/DSC02088-150x150.jpg\" alt=\"\" width=\"150\" height=\"150\" \/><\/a> \u00a0<a href=\"https:\/\/xn--judo-lbben-feb.de\/wp-content\/uploads\/2013\/06\/DSC02081.jpg\"><img loading=\"lazy\" decoding=\"async\" class=\"alignnone size-thumbnail wp-image-2098\" title=\"DSC02081\" src=\"https:\/\/xn--judo-lbben-feb.de\/wp-content\/uploads\/2013\/06\/DSC02081-150x150.jpg\" alt=\"\" width=\"150\" height=\"150\" \/><\/a> \u00a0<a href=\"https:\/\/xn--judo-lbben-feb.de\/wp-content\/uploads\/2013\/06\/DSC02094.jpg\"><img loading=\"lazy\" decoding=\"async\" class=\"alignnone size-thumbnail wp-image-2101\" title=\"DSC02094\" src=\"https:\/\/xn--judo-lbben-feb.de\/wp-content\/uploads\/2013\/06\/DSC02094-150x150.jpg\" alt=\"\" width=\"150\" height=\"150\" \/><\/a><br \/>\n<\/strong><\/p>\n<h2 style=\"text-align: center;\"><strong><span style=\"color: #800000;\">&#8212;&#8212;&#8212;&#8212;&#8212;&#8212;&#8212;&#8212;&#8212;&#8212;&#8212;&#8212;&#8212;&#8212;&#8212;&#8212;&#8212;&#8212;&#8212;&#8212;&#8212;&#8212;&#8212;&#8212;&#8212;&#8212;&#8212;&#8212;&#8212;&#8212;&#8212;&#8212;&#8212;&#8212;&#8212;&#8212;&#8212;&#8212;&#8212;&#8211;<\/span><\/strong><\/h2>\n<p class=\"MsoNoSpacing\" style=\"text-align: center;\"><strong>M\u00e4rz\/April 2013<\/strong><\/p>\n<p class=\"MsoNoSpacing\" style=\"text-align: center;\"><strong style=\"mso-bidi-font-weight: normal;\">Sarah Rudnik wurde auf\u00a0 Platz 3 bei der Sportlerwahl im Landreis Dahme-Spreewald gew\u00e4hlt.<br \/>\n<\/strong><\/p>\n<p class=\"MsoNoSpacing\" style=\"text-align: center;\"><a href=\"https:\/\/xn--judo-lbben-feb.de\/wp-content\/uploads\/2012\/10\/P1050173-.jpg\"><img loading=\"lazy\" decoding=\"async\" class=\"alignnone wp-image-1758\" title=\"P1050173\" src=\"https:\/\/xn--judo-lbben-feb.de\/wp-content\/uploads\/2012\/10\/P1050173--300x225.jpg\" alt=\"\" width=\"150\" height=\"112\" \/><\/a> amtierende Landesmeisterin in Brandenburg<\/p>\n<h2 style=\"text-align: center;\"><strong><span style=\"color: #800000;\">&#8212;&#8212;&#8212;&#8212;&#8212;&#8212;&#8212;&#8212;&#8212;&#8212;&#8212;&#8212;&#8212;&#8212;&#8212;&#8212;&#8212;&#8212;&#8212;&#8212;&#8212;&#8212;&#8212;&#8212;&#8212;&#8212;&#8212;&#8212;&#8212;&#8212;&#8212;&#8212;&#8212;&#8212;&#8212;&#8212;&#8212;&#8212;&#8212;&#8211;<\/span><\/strong><\/h2>\n<p class=\"MsoNoSpacing\" style=\"text-align: center;\"><strong style=\"mso-bidi-font-weight: normal;\"><strong><a href=\"https:\/\/xn--judo-lbben-feb.de\/wp-content\/uploads\/2012\/10\/ani034.gif\"><img loading=\"lazy\" decoding=\"async\" title=\"ani034\" src=\"https:\/\/xn--judo-lbben-feb.de\/wp-content\/uploads\/2012\/10\/ani034.gif\" alt=\"\" width=\"36\" height=\"29\" \/><\/a><\/strong>Hajime \u2013 K\u00e4mpft<\/strong><strong style=\"mso-bidi-font-weight: normal;\"> Neues aus dem Trainingsalltag der L\u00fcbbener Judokas <\/strong><\/p>\n<p class=\"MsoNoSpacing\" style=\"text-align: center;\">Dem Judoverein \u201eKuzushi<span style=\"mso-spacerun: yes;\">\u00a0 <\/span>e.V.\u201c<span style=\"mso-spacerun: yes;\">\u00a0 <\/span>stehen nun,<span style=\"mso-spacerun: yes;\">\u00a0 <\/span>dank<span style=\"mso-spacerun: yes;\">\u00a0 <\/span>der Unterst\u00fctzung des\u201eFreundeskreises f\u00fcr L\u00fcbben\u201c, f\u00fcr das Training besondere \u00dcbungspartner zur Verf\u00fcgung.<\/p>\n<p class=\"MsoNoSpacing\" style=\"text-align: center;\">Durch die Unterst\u00fctzung des Vereins konnten 3 Judodummies angeschafft werden. Besonders im Kindertraining ist der Einsatz von Dummies sehr<span style=\"mso-spacerun: yes;\">\u00a0 <\/span>effektiv. W\u00fcrfe<span style=\"mso-spacerun: yes;\">\u00a0 <\/span>und \u201e Festhaltetechnicken\u201c k\u00f6nnen intensiver und vor allem auch mit viel Spa\u00df trainiert werden.<\/p>\n<p class=\"MsoNoSpacing\" style=\"text-align: center;\"><a href=\"https:\/\/xn--judo-lbben-feb.de\/wp-content\/uploads\/2013\/04\/ALIM1277-.jpg\"><img loading=\"lazy\" decoding=\"async\" class=\"alignnone wp-image-1616\" title=\"ALIM1277\" src=\"https:\/\/xn--judo-lbben-feb.de\/wp-content\/uploads\/2013\/04\/ALIM1277--300x225.jpg\" alt=\"\" width=\"154\" height=\"116\" \/><\/a>\u00a0 <a href=\"https:\/\/xn--judo-lbben-feb.de\/wp-content\/uploads\/2013\/04\/ALIM1278-.jpg\"><img loading=\"lazy\" decoding=\"async\" class=\"alignnone wp-image-1619\" title=\"ALIM1278\" src=\"https:\/\/xn--judo-lbben-feb.de\/wp-content\/uploads\/2013\/04\/ALIM1278--300x225.jpg\" alt=\"\" width=\"154\" height=\"116\" \/><\/a>\u00a0 <a href=\"https:\/\/xn--judo-lbben-feb.de\/wp-content\/uploads\/2013\/04\/ALIM1279-.jpg\"><img loading=\"lazy\" decoding=\"async\" class=\"alignnone wp-image-1620\" title=\"ALIM1279\" src=\"https:\/\/xn--judo-lbben-feb.de\/wp-content\/uploads\/2013\/04\/ALIM1279--300x225.jpg\" alt=\"\" width=\"154\" height=\"116\" \/><\/a>\u00a0 <a href=\"https:\/\/xn--judo-lbben-feb.de\/wp-content\/uploads\/2013\/04\/ALIM1280-.jpg\"><img loading=\"lazy\" decoding=\"async\" class=\"alignnone wp-image-1621\" title=\"ALIM1280\" src=\"https:\/\/xn--judo-lbben-feb.de\/wp-content\/uploads\/2013\/04\/ALIM1280--300x225.jpg\" alt=\"\" width=\"155\" height=\"116\" \/><\/a>\u00a0 <a href=\"https:\/\/xn--judo-lbben-feb.de\/wp-content\/uploads\/2012\/10\/ALIM1276-.jpg\"><img loading=\"lazy\" decoding=\"async\" class=\"alignnone wp-image-1641\" title=\"ALIM1276\" src=\"https:\/\/xn--judo-lbben-feb.de\/wp-content\/uploads\/2012\/10\/ALIM1276--300x225.jpg\" alt=\"\" width=\"150\" height=\"116\" \/><\/a><\/p>\n<p class=\"MsoNoSpacing\" style=\"text-align: center;\">In der kalten<span style=\"mso-spacerun: yes;\">\u00a0 <\/span>Osterferienwoche wurden die Dummies eingeweiht und verbrachten mit 35 L\u00fcbbener und M\u00fcnchener Judokas gemeinsam ein Trainingslager.<\/p>\n<p class=\"MsoNoSpacing\" style=\"text-align: center;\">Der sportliche Austausch war sehr konstruktiv. So wurden neue Techniken erarbeitet, Kraft- und Ausdauersport betrieben und<span style=\"mso-spacerun: yes;\">\u00a0 <\/span>Spiel und Spa\u00df kamen auch nicht zu kurz.<\/p>\n<p class=\"MsoNoSpacing\" style=\"text-align: center;\">Durch die F\u00f6rderung des \u201eFreundeskreises f\u00fcr L\u00fcbben\u201c konnte der Verein auch Transportwagen f\u00fcr die Judomatten anschaffen, die nun enorm<span style=\"mso-spacerun: yes;\">\u00a0 <\/span>die Vorbereitung der Trainingseinheiten erleichtern.<\/p>\n<p class=\"MsoNoSpacing\" style=\"text-align: center;\"><strong>Unser Judoverein \u201eKuzushi e.V.\u201c sagt nochmals Dankesch\u00f6n f\u00fcr die Sportf\u00f6rderung.<\/strong><\/p>\n<p class=\"MsoNoSpacing\" style=\"text-align: center;\">Ob L\u00fcbben nun auch bei den M\u00fcnchener Judoka`s in guter Erinnerung bleibt? Auf jeden Fall!<\/p>\n<p class=\"MsoNoSpacing\" style=\"text-align: center;\">Der<span style=\"mso-spacerun: yes;\">\u00a0\u00a0 <\/span>\u201eAprilwinter\u201c\u2013 vergessen. Im Kletterwald schwitzten alle auch ohne Sommertemperaturen und am Abend heizte Nachtw\u00e4chter<span style=\"mso-spacerun: yes;\">\u00a0 <\/span>Frank mit tollen Geschichten ordentlich ein.<\/p>\n<h2 style=\"text-align: center;\"><strong><span style=\"color: #800000;\">&#8212;&#8212;&#8212;&#8212;&#8212;&#8212;&#8212;&#8212;&#8212;&#8212;&#8212;&#8212;&#8212;&#8212;&#8212;&#8212;&#8212;&#8212;&#8212;&#8212;&#8212;&#8212;&#8212;&#8212;&#8212;&#8212;&#8212;&#8212;&#8212;&#8212;&#8212;&#8212;&#8212;&#8212;&#8212;&#8212;&#8212;&#8212;&#8212;&#8211;<\/span><\/strong><\/h2>\n<p class=\"MsoNoSpacing\" style=\"text-align: center;\"><strong style=\"mso-bidi-font-weight: normal;\"><span style=\"mso-spacerun: yes;\">\u00a0<\/span><\/strong><strong style=\"mso-bidi-font-weight: normal;\">Trainingslager 02.\/03.03.2013<\/strong><\/p>\n<p class=\"MsoNoSpacing\" style=\"text-align: center;\"><strong style=\"mso-bidi-font-weight: normal;\">\u00a0<\/strong>Sp\u00e4ter als geplant fand unser 2. Trainingslager in Vorbereitung auf die G\u00fcrtelpr\u00fcfungen statt. Erst im M\u00e4rz konnten wir unsere Turnhalle am Wochenende reservieren.<\/p>\n<p class=\"MsoNoSpacing\" style=\"text-align: center;\">Die Teilnahme war jedoch au\u00dferordentlich hoch. Zwischenzeitlich nahmen \u00fcber 40 Kinder an den Trainingseinheiten teil.<\/p>\n<p class=\"MsoNoSpacing\" style=\"text-align: center;\">Mit gro\u00dfer Motivation wurde an den Pr\u00fcfungsprogrammen<span style=\"mso-spacerun: yes;\">\u00a0 <\/span>gearbeitet und manch ein Sportler verzichtete sogar auf die traditionelle Schwimmeinheit in L\u00fcbbenau.<\/p>\n<p class=\"MsoNoSpacing\" style=\"text-align: center;\">Dennoch konnten nicht alle Judokas zur Pr\u00fcfung zugelassen werden. Gerade bei den h\u00f6heren Graduierungen sind die Anforderungen sehr hoch und bed\u00fcrfen intensiverer und genauerer Arbeitsweisen.<\/p>\n<p class=\"MsoNoSpacing\" style=\"text-align: center;\">Nicht nur das Ablegen einer Pr\u00fcfung soll im Fokus des Trainingslagers stehen.<\/p>\n<p class=\"MsoNoSpacing\" style=\"text-align: center;\">Spiel und Spa\u00df f\u00f6rdern Teamgeist und Miteinander,<span style=\"mso-spacerun: yes;\">\u00a0 <\/span>auch bei Eltern und Trainern.<span style=\"mso-spacerun: yes;\">\u00a0 <\/span><\/p>\n<p class=\"MsoNoSpacing\" style=\"text-align: center;\">Das Ergebnis kann sich sehen lassen, 34 Kinder bestanden mit Erfolg die Pr\u00fcfung zum n\u00e4chst h\u00f6heren G\u00fcrtel.<\/p>\n<p class=\"MsoBodyText\" style=\"text-align: center;\"><strong style=\"mso-bidi-font-weight: normal;\"><span style=\"text-decoration: underline;\"><span style=\"font-size: 12.0pt;\">8. Kyu<\/span><\/span><\/strong><\/p>\n<p class=\"MsoBodyText\" style=\"text-align: center;\"><span lang=\"EN-US\" style=\"font-size: 12.0pt; mso-ansi-language: EN-US; mso-bidi-font-weight: bold;\">Valeria Bekker, Theo Cal, Jan Friedrich,<\/span><\/p>\n<p class=\"MsoBodyText\" style=\"text-align: center;\"><span style=\"font-size: 12.0pt; mso-bidi-font-weight: bold;\">Sabrina Gericke, Levi Hinz, Felix Kahl, Dylan Knorrn,<\/span><\/p>\n<p class=\"MsoBodyText\" style=\"text-align: center;\"><span lang=\"IT\" style=\"font-size: 12.0pt; mso-ansi-language: IT; mso-bidi-font-weight: bold;\">Max Lachmann, Hannes Meerbach, Franz Schneider, <\/span><\/p>\n<p class=\"MsoBodyText\" style=\"text-align: center;\"><span lang=\"IT\" style=\"font-size: 12.0pt; mso-ansi-language: IT; mso-bidi-font-weight: bold;\"><span style=\"mso-spacerun: yes;\">\u00a0<\/span>Julia Ost, <\/span><span style=\"font-size: 12.0pt; mso-bidi-font-weight: bold;\">Dany Ost, Jasmin Richter, Karolin Richter, <\/span><\/p>\n<p class=\"MsoBodyText\" style=\"text-align: center;\"><span style=\"font-size: 12.0pt; mso-bidi-font-weight: bold;\">Dominik Schulze, Elisa St\u00f6ckl &amp; Melissa Stoye<\/span><\/p>\n<p class=\"MsoBodyText\" style=\"text-align: center;\"><strong style=\"mso-bidi-font-weight: normal;\"><span style=\"text-decoration: underline;\"><span style=\"font-size: 12.0pt;\">7. Kyu<\/span><\/span><\/strong><\/p>\n<p class=\"MsoBodyText\" style=\"text-align: center;\"><span style=\"font-size: 12.0pt; mso-bidi-font-weight: bold;\">Lea Altmann, Igor Bekker, Jonas Ensslen, Tobias Halbich, Maximilian Huhn, Josefine H\u00fchn, Elisa Rudnik, <\/span><\/p>\n<p class=\"MsoBodyText\" style=\"text-align: center;\"><span style=\"font-size: 12.0pt; mso-bidi-font-weight: bold;\">Matthew Wilke &amp; Djamina Heitmann<\/span><\/p>\n<p class=\"MsoBodyText\" style=\"text-align: center;\"><strong style=\"mso-bidi-font-weight: normal;\"><span style=\"text-decoration: underline;\"><span style=\"font-size: 12.0pt;\">6. Kyu<\/span><\/span><\/strong><\/p>\n<p class=\"MsoBodyText\" style=\"text-align: center;\"><span style=\"font-size: 12.0pt; mso-bidi-font-weight: bold;\"><span style=\"mso-spacerun: yes;\">\u00a0<\/span>Julia Haase<\/span><\/p>\n<p class=\"MsoBodyText\" style=\"text-align: center;\"><strong style=\"mso-bidi-font-weight: normal;\"><span style=\"text-decoration: underline;\"><span lang=\"IT\" style=\"font-size: 12.0pt; mso-ansi-language: IT;\">5. Kyu<\/span><\/span><\/strong><\/p>\n<p class=\"MsoBodyText\" style=\"text-align: center;\"><span lang=\"IT\" style=\"font-size: 12.0pt; mso-ansi-language: IT; mso-bidi-font-weight: bold;\"><span style=\"mso-spacerun: yes;\">\u00a0<\/span>Miriam Stoye, Isabell H\u00fchn<\/span><span lang=\"IT\" style=\"font-size: 12.0pt; mso-ansi-language: IT; mso-bidi-font-weight: bold;\"> &amp; Sarah Rudnik<\/span><\/p>\n<p class=\"MsoBodyText\" style=\"text-align: center;\"><strong style=\"mso-bidi-font-weight: normal;\"><span style=\"text-decoration: underline;\"><span style=\"font-size: 12.0pt;\">4. Kyu<\/span><\/span><\/strong><\/p>\n<p class=\"MsoBodyText\" style=\"text-align: center;\" align=\"left\"><span lang=\"EN-US\" style=\"font-size: 12.0pt; mso-ansi-language: EN-US;\">Antonia Wagner, Lucian Roscheck<\/span><span lang=\"EN-US\" style=\"font-size: 12.0pt; mso-ansi-language: EN-US;\"> &amp; Jakob Zielke<br \/>\n<\/span><\/p>\n<p class=\"MsoBodyText\" style=\"text-align: center;\"><strong style=\"mso-bidi-font-weight: normal;\"><span style=\"text-decoration: underline;\"><span style=\"font-size: 12.0pt;\">2. Kyu<\/span><\/span><\/strong><\/p>\n<p class=\"MsoBodyText\" style=\"text-align: center;\"><span style=\"font-size: 12.0pt;\">Jakob Liesegang<\/span><\/p>\n<p class=\"MsoBodyText\" style=\"text-align: center;\" align=\"left\"><strong style=\"mso-bidi-font-weight: normal;\"><span style=\"text-decoration: underline;\"><span style=\"font-size: 12.0pt;\"><span style=\"text-decoration: none;\">\u00a0<\/span><\/span><\/span><\/strong><\/p>\n<p class=\"MsoBodyText\" style=\"text-align: center;\"><span style=\"font-size: 12.0pt; mso-bidi-font-weight: bold;\">Pr\u00fcfer:<span style=\"mso-spacerun: yes;\">\u00a0 <\/span>Walter Weber &amp; J\u00f6rg Rudnik<\/span><\/p>\n<p class=\"MsoNoSpacing\" style=\"text-align: right;\">Herzlichen Gl\u00fcckwunsch!<\/p>\n<h2 style=\"text-align: center;\"><strong><span style=\"color: #800000;\">&#8212;&#8212;&#8212;&#8212;&#8212;&#8212;&#8212;&#8212;&#8212;&#8212;&#8212;&#8212;&#8212;&#8212;&#8212;&#8212;&#8212;&#8212;&#8212;&#8212;&#8212;&#8212;&#8212;&#8212;&#8212;&#8212;&#8212;&#8212;&#8212;&#8212;&#8212;&#8212;&#8212;&#8212;&#8212;&#8212;&#8212;&#8212;&#8212;&#8211;<\/span><\/strong><\/h2>\n<p class=\"MsoNoSpacing\" style=\"text-align: center;\"><strong style=\"mso-bidi-font-weight: normal;\">Spreewaldpokal 2013 <\/strong>(alle Bilder und weitere Infos:<a title=\"Spreewaldpokal 2013\" href=\"https:\/\/xn--judo-lbben-feb.de\/?page_id=208\"> hier<\/a>)<strong style=\"mso-bidi-font-weight: normal;\"><br \/>\n<\/strong><\/p>\n<p class=\"MsoNoSpacing\" style=\"text-align: center;\">Nur zwei Wochen zwischen Trainingslager und \u201eSpreewaldpokal 2013\u201c.<\/p>\n<p class=\"MsoNoSpacing\" style=\"text-align: center;\">Eng war die Vorbereitungszeit und mit Hochdruck wurden Helfer gesucht, um den Wettkampf vorzubereiten und durchzuf\u00fchren.<\/p>\n<p class=\"MsoNoSpacing\" style=\"text-align: center;\">Die Umstellung von Pr\u00fcfungstraining auf Wettkampf ist manchmal auch nicht so einfach und deshalb war der vereinsinterne Wettkampf am 07.03.2013 f\u00fcr Wettk\u00e4mpfer und Helfer ein wichtiger Baustein. Wettkampfregeln wurden wiederholt, \u00c4nderungen durchgesprochen und f\u00fcr alle K\u00e4mpfer gab es eine Medaille.<\/p>\n<p class=\"MsoNoSpacing\" style=\"text-align: center;\">Dem<span style=\"mso-spacerun: yes;\">\u00a0 <\/span>ordnungsgem\u00e4\u00dfen Ablauf stand nichts mehr im Wege und so wurden am 16.\/17.03.2013 ca. 400 Wettk\u00e4mpfer erwartet. Wie auch im vergangenen Jahr sanken durch die aktuelle Grippewelle die Teilnahmerzahlen.<\/p>\n<p class=\"MsoNoSpacing\" style=\"text-align: center;\">Insgesamt lag die Teilnehmerzahl bei 316 und<span style=\"mso-spacerun: yes;\">\u00a0 <\/span>26 Vereinen.<\/p>\n<p class=\"MsoNoSpacing\" style=\"text-align: center;\">Mit Gummib\u00e4rchen beladene Pokale gingen am Samstag und Sonntag an die besten Mannschaften.<\/p>\n<p class=\"MsoNoSpacing\" style=\"text-align: center;\">Die gute Organisation und Wettkampfst\u00e4tte wurde von Teilnehmern und Kampfrichtern gelobt.<\/p>\n<p class=\"MsoNoSpacing\" style=\"text-align: center;\">Das Buffet war in diesem Jahr besonders \u00fcppig und so gab es gerade am Samstag lange Schlangen an dem Versorgungsstand und die Helfer schwitzen hier ebenso, wie die Wettk\u00e4mpfer in der Halle.<\/p>\n<p class=\"MsoNoSpacing\" style=\"text-align: center;\">Ein gro\u00dfes Dankesch\u00f6n also an alle Helfer vor und hinter B\u00fchne.<\/p>\n<h2 style=\"text-align: center;\"><strong><span style=\"color: #800000;\">&#8212;&#8212;&#8212;&#8212;&#8212;&#8212;&#8212;&#8212;&#8212;&#8212;&#8212;&#8212;&#8212;&#8212;&#8212;&#8212;&#8212;&#8212;&#8212;&#8212;&#8212;&#8212;&#8212;&#8212;&#8212;&#8212;&#8212;&#8212;&#8212;&#8212;&#8212;&#8212;&#8212;&#8212;&#8212;&#8212;&#8212;&#8212;&#8212;&#8211;<\/span><\/strong><\/h2>\n<p style=\"text-align: center;\"><strong>Ferienfahrt nach Prora vom 21. bis 28.Juli 2012<\/strong><\/p>\n<p style=\"text-align: center;\">Dieses Jahr war es soweit,\u00a0 31 L\u00fcbbener Judokas, Trainer und Eltern wagten sich auf ihre bisher l\u00e4ngste Ferienreise bis auf die Ostseeinsel R\u00fcgen, genauer nach Prora, einem Ortsteil von Binz.<\/p>\n<p style=\"text-align: center;\"><a href=\"https:\/\/xn--judo-lbben-feb.de\/wp-content\/uploads\/2012\/10\/ALIM0468-.jpg\"><img loading=\"lazy\" decoding=\"async\" class=\"alignnone size-medium wp-image-325\" title=\"ALIM0468\" src=\"https:\/\/xn--judo-lbben-feb.de\/wp-content\/uploads\/2012\/10\/ALIM0468--300x225.jpg\" alt=\"\" width=\"146\" height=\"109\" \/><\/a> <a href=\"https:\/\/xn--judo-lbben-feb.de\/wp-content\/uploads\/2012\/10\/ALIM0469-.jpg\"><img loading=\"lazy\" decoding=\"async\" class=\"alignnone size-medium wp-image-327\" title=\"ALIM0469\" src=\"https:\/\/xn--judo-lbben-feb.de\/wp-content\/uploads\/2012\/10\/ALIM0469--300x225.jpg\" alt=\"\" width=\"146\" height=\"110\" \/><\/a> <a href=\"https:\/\/xn--judo-lbben-feb.de\/wp-content\/uploads\/2012\/10\/ALIM0471-.jpg\"><img loading=\"lazy\" decoding=\"async\" class=\"alignnone size-medium wp-image-328\" title=\"ALIM0471\" src=\"https:\/\/xn--judo-lbben-feb.de\/wp-content\/uploads\/2012\/10\/ALIM0471--300x225.jpg\" alt=\"\" width=\"146\" height=\"110\" \/><\/a> <a href=\"https:\/\/xn--judo-lbben-feb.de\/wp-content\/uploads\/2012\/10\/ALIM0478-.jpg\"><img loading=\"lazy\" decoding=\"async\" class=\"alignnone size-medium wp-image-329\" title=\"ALIM0478\" src=\"https:\/\/xn--judo-lbben-feb.de\/wp-content\/uploads\/2012\/10\/ALIM0478--300x225.jpg\" alt=\"\" width=\"145\" height=\"110\" \/><\/a><\/p>\n<p style=\"text-align: center;\">Die Anreise am Samstag per Zug und Judobus lief zwar schleppend, aber doch ohne nennenswerte Zwischenf\u00e4lle. An der Jugendherberge angekommen, wurde sofort das Geb\u00e4ude und sp\u00e4ter auch die Zimmer in Augenschein genommen. Die moderne Jugendherberge war nur ein kleiner Teil eines riesigen, teils schon zerfallen und unbewohnten Komplexes aus Wohnbl\u00f6cken, dessen Herkunft so einige Fragen aufwarf, was es aber genau damit auf sich hatte sollte wir noch im Laufe unserer Reise erfahren. Und so verbrachten wir den Rest des Tages noch mit dem Einrichten der Zimmer und dem Erkunden des Gel\u00e4ndes und nat\u00fcrlich durfte auch der erste Sprung\u00a0 in die Fluten der Ostsee nicht fehlen.<\/p>\n<p style=\"text-align: center;\"><a href=\"https:\/\/xn--judo-lbben-feb.de\/wp-content\/uploads\/2012\/10\/ALIM0479-.jpg\"><img loading=\"lazy\" decoding=\"async\" class=\"alignnone size-medium wp-image-330\" title=\"ALIM0479\" src=\"https:\/\/xn--judo-lbben-feb.de\/wp-content\/uploads\/2012\/10\/ALIM0479--300x225.jpg\" alt=\"\" width=\"143\" height=\"108\" \/><\/a> <a href=\"https:\/\/xn--judo-lbben-feb.de\/wp-content\/uploads\/2012\/10\/ALIM0485-.jpg\"><img loading=\"lazy\" decoding=\"async\" class=\"alignnone size-medium wp-image-331\" title=\"ALIM0485\" src=\"https:\/\/xn--judo-lbben-feb.de\/wp-content\/uploads\/2012\/10\/ALIM0485--300x225.jpg\" alt=\"\" width=\"143\" height=\"108\" \/><\/a> <a href=\"https:\/\/xn--judo-lbben-feb.de\/wp-content\/uploads\/2012\/10\/ALIM0490-.jpg\"><img loading=\"lazy\" decoding=\"async\" class=\"alignnone size-medium wp-image-332\" title=\"ALIM0490\" src=\"https:\/\/xn--judo-lbben-feb.de\/wp-content\/uploads\/2012\/10\/ALIM0490--300x225.jpg\" alt=\"\" width=\"144\" height=\"109\" \/><\/a> <a href=\"https:\/\/xn--judo-lbben-feb.de\/wp-content\/uploads\/2012\/10\/ALIM0494-.jpg\"><img loading=\"lazy\" decoding=\"async\" class=\"alignnone size-medium wp-image-333\" title=\"ALIM0494\" src=\"https:\/\/xn--judo-lbben-feb.de\/wp-content\/uploads\/2012\/10\/ALIM0494--300x225.jpg\" alt=\"\" width=\"144\" height=\"109\" \/><\/a><\/p>\n<p style=\"text-align: center;\">Am Tag darauf starteten wir unter der F\u00fchrung von Herr Rudnik, dessen straffer Zeitplan nicht ganz eingehalten werden sollte, eine Expedition Richtung Binz, w\u00e4hrend der unsere &#8222;Kleinsten&#8220; den Ostseestrand um bestimmt einige Kilo Muscheln erleichterten, aber auch die &#8222;Gro\u00dfen&#8220; fanden Spa\u00df am Klekkerburgen bauen und Baden am Binzer Strand. Die Stimmung, welche beim unendlich lang scheinendem R\u00fcckweg dem Nullpunkt entgegen\u00a0 gesunken war, stieg sofort wieder als der Duft der der ersten gegrillten W\u00fcrstchen und Steaks zu vernehmen war und so wurde der Abend beim Grillen doch noch ein Erfolg.<\/p>\n<p style=\"text-align: center;\"><a href=\"https:\/\/xn--judo-lbben-feb.de\/wp-content\/uploads\/2012\/10\/ALIM0495-.jpg\"><img loading=\"lazy\" decoding=\"async\" class=\"alignnone size-medium wp-image-334\" title=\"ALIM0495\" src=\"https:\/\/xn--judo-lbben-feb.de\/wp-content\/uploads\/2012\/10\/ALIM0495--300x225.jpg\" alt=\"\" width=\"145\" height=\"110\" \/><\/a> <a href=\"https:\/\/xn--judo-lbben-feb.de\/wp-content\/uploads\/2012\/10\/ALIM0529-.jpg\"><img loading=\"lazy\" decoding=\"async\" class=\"alignnone size-medium wp-image-335\" title=\"ALIM0529\" src=\"https:\/\/xn--judo-lbben-feb.de\/wp-content\/uploads\/2012\/10\/ALIM0529--300x225.jpg\" alt=\"\" width=\"145\" height=\"109\" \/><\/a> <a href=\"https:\/\/xn--judo-lbben-feb.de\/wp-content\/uploads\/2012\/10\/ALIM0532-.jpg\"><img loading=\"lazy\" decoding=\"async\" class=\"alignnone size-medium wp-image-336\" title=\"ALIM0532\" src=\"https:\/\/xn--judo-lbben-feb.de\/wp-content\/uploads\/2012\/10\/ALIM0532--300x225.jpg\" alt=\"\" width=\"145\" height=\"109\" \/><\/a> <a href=\"https:\/\/xn--judo-lbben-feb.de\/wp-content\/uploads\/2012\/10\/ALIM0547-.jpg\"><img loading=\"lazy\" decoding=\"async\" class=\"alignnone size-medium wp-image-337\" title=\"ALIM0547\" src=\"https:\/\/xn--judo-lbben-feb.de\/wp-content\/uploads\/2012\/10\/ALIM0547--300x225.jpg\" alt=\"\" width=\"146\" height=\"110\" \/><\/a><\/p>\n<p style=\"text-align: center;\">Der K\u00f6nigssuhl, das Wahrzeichen R\u00fcgens, markierte den wortw\u00f6rtlichen H\u00f6hepunkt des n\u00e4chsten Tages. Doch war nicht nur der Ausblick vom Felsen zu bestaunen, sondern auch das Zentrum des Nationalparks Jasmund, welches einen interessanten \u00dcberblick \u00fcber die Entstehung der Kreidefelsen und die heutigen \u00d6kosysteme bot und mit moderner Technik das Interesse eines jeden weckte. Nach einem Mittagessen in der Kantine ging es mit dem Bus zur\u00fcck und so blieb noch genug Zeit um sich am Strand und im Wasser auszutoben.<\/p>\n<p style=\"text-align: center;\"><a href=\"https:\/\/xn--judo-lbben-feb.de\/wp-content\/uploads\/2012\/10\/ALIM0548-.jpg\"><img loading=\"lazy\" decoding=\"async\" class=\"alignnone size-medium wp-image-338\" title=\"ALIM0548\" src=\"https:\/\/xn--judo-lbben-feb.de\/wp-content\/uploads\/2012\/10\/ALIM0548--300x225.jpg\" alt=\"\" width=\"140\" height=\"104\" \/><\/a> <a href=\"https:\/\/xn--judo-lbben-feb.de\/wp-content\/uploads\/2012\/10\/ALIM0551-.jpg\"><img loading=\"lazy\" decoding=\"async\" class=\"alignnone size-medium wp-image-339\" title=\"ALIM0551\" src=\"https:\/\/xn--judo-lbben-feb.de\/wp-content\/uploads\/2012\/10\/ALIM0551--300x225.jpg\" alt=\"\" width=\"135\" height=\"103\" \/><\/a> <a href=\"https:\/\/xn--judo-lbben-feb.de\/wp-content\/uploads\/2012\/10\/ALIM0565-.jpg\"><img loading=\"lazy\" decoding=\"async\" class=\"alignnone size-medium wp-image-340\" title=\"ALIM0565\" src=\"https:\/\/xn--judo-lbben-feb.de\/wp-content\/uploads\/2012\/10\/ALIM0565--300x225.jpg\" alt=\"\" width=\"133\" height=\"102\" \/><\/a> <a href=\"https:\/\/xn--judo-lbben-feb.de\/wp-content\/uploads\/2012\/10\/ALIM0603-.jpg\"><img loading=\"lazy\" decoding=\"async\" class=\"alignnone size-medium wp-image-341\" title=\"ALIM0603\" src=\"https:\/\/xn--judo-lbben-feb.de\/wp-content\/uploads\/2012\/10\/ALIM0603--300x225.jpg\" alt=\"\" width=\"134\" height=\"101\" \/><\/a><\/p>\n<p style=\"text-align: center;\">Wie bereits angesprochen sollten wir noch mehr \u00fcber das Gel\u00e4nde auf dem wir untergebracht waren und welches sich scheinbar endlos am Strand entlang streckte, erfahren. Da die damit verbunden Museumsbesuche jedoch unsere J\u00fcngeren Mitglieder \u00fcberfordern w\u00fcrden teilten wir uns auf und Frau Stoye und Frau Rudnik lie\u00dfen die &#8222;Kleinen&#8220; &#8222;Karls Erlebnishof&#8220; erkunden w\u00e4hrend Herr und Frau Wagner, Herr Rudnik, Herr und Frau Hoffman und Frau Altmann mit den &#8222;Gr\u00f6\u00dferen&#8220; das &#8222;Dokumentationszentrum Prora&#8220; und das &#8222;NVA Museum&#8220; besuchten. Dabei lernten wir das der Geb\u00e4udekomplex, welcher aus heute 6, damalig 8, je 500 m langen Wohnblocksegmenten besteht, im Auftrag der Nationalsozialisten zwischen 1936 und 1839 gebaut wurde, um 20.000 Arbeitern einen Ostseeurlaub zu erm\u00f6glichen, allerdings mit dem Hintergedanken so von den wirklich schwerwiegenden Problemen des Reiches\u00a0 abzulenken und gleichzeitig die Produktivit\u00e4t (u.a.in der R\u00fcstungsbranche) zu steigern. Die die am Bau beteiligten Firmen wurden jedoch vor dem Ende der Arbeiten aufgrund der Kriegslage abgezogen und so blieben die Rohbauten stehen. Obwohl die Bl\u00f6cke zwischenzeitlich als Lazarett und Milit\u00e4rschule genutzt wurden, stehen sie heute doch zum gr\u00f6\u00dften Teil leer, was unteranderem an der Privatisierung lag, es gibt jedoch Pl\u00e4ne sie zu sanieren. Nach so\u00a0 viel geistiger Arbeit in den Museen waren wir f\u00fcr den eingeplanten Imbiss sehr dankbar und so ging es, gest\u00e4rkt mit Fischbr\u00f6tchen oder Bratwurst, zur\u00fcck zur Herberge, wo wir noch Volleyball und Frisbee spielten und nat\u00fcrlich wie jeden Tag baden gingen. Eine sehr lange und auch etwas gruselige Nachtwanderung sorgte am Ende des Tages daf\u00fcr, dass wirklich jeder ersch\u00f6pft in sein Bett viel. Den Schlaf hatten wir auch n\u00f6tig denn am n\u00e4chsten Tag sollte es hoch hinausgehen.<\/p>\n<p style=\"text-align: center;\"><a href=\"https:\/\/xn--judo-lbben-feb.de\/wp-content\/uploads\/2012\/10\/ALIM0608-.jpg\"><img loading=\"lazy\" decoding=\"async\" class=\"alignnone size-medium wp-image-342\" title=\"ALIM0608\" src=\"https:\/\/xn--judo-lbben-feb.de\/wp-content\/uploads\/2012\/10\/ALIM0608--300x225.jpg\" alt=\"\" width=\"148\" height=\"111\" \/><\/a> <a href=\"https:\/\/xn--judo-lbben-feb.de\/wp-content\/uploads\/2012\/10\/ALIM0609-.jpg\"><img loading=\"lazy\" decoding=\"async\" class=\"alignnone size-medium wp-image-343\" title=\"ALIM0609\" src=\"https:\/\/xn--judo-lbben-feb.de\/wp-content\/uploads\/2012\/10\/ALIM0609--300x225.jpg\" alt=\"\" width=\"148\" height=\"111\" \/><\/a> <a href=\"https:\/\/xn--judo-lbben-feb.de\/wp-content\/uploads\/2012\/10\/ALIM0617-.jpg\"><img loading=\"lazy\" decoding=\"async\" class=\"alignnone size-medium wp-image-344\" title=\"ALIM0617\" src=\"https:\/\/xn--judo-lbben-feb.de\/wp-content\/uploads\/2012\/10\/ALIM0617--300x225.jpg\" alt=\"\" width=\"145\" height=\"111\" \/><\/a> <a href=\"https:\/\/xn--judo-lbben-feb.de\/wp-content\/uploads\/2012\/10\/ALIM0636-.jpg\"><img loading=\"lazy\" decoding=\"async\" class=\"alignnone size-medium wp-image-345\" title=\"ALIM0636\" src=\"https:\/\/xn--judo-lbben-feb.de\/wp-content\/uploads\/2012\/10\/ALIM0636--300x225.jpg\" alt=\"\" width=\"145\" height=\"110\" \/><\/a><\/p>\n<p style=\"text-align: center;\">Der nahgelegene Kletterpark bot Parcours in allen Schwierigkeitsgraden und so wurde wirklich jeder gefordert. Nachdem wir zwei Stunden die Baumkronen R\u00fcgens unsicher gemacht hatten, spielten wir Fu\u00df-und Volleyball.<\/p>\n<p style=\"text-align: center;\"><a href=\"https:\/\/xn--judo-lbben-feb.de\/wp-content\/uploads\/2012\/10\/ALIM0621-.jpg\"><img loading=\"lazy\" decoding=\"async\" class=\"alignnone size-medium wp-image-346\" title=\"ALIM0621\" src=\"https:\/\/xn--judo-lbben-feb.de\/wp-content\/uploads\/2012\/10\/ALIM0621--300x225.jpg\" alt=\"\" width=\"145\" height=\"107\" \/><\/a> <a href=\"https:\/\/xn--judo-lbben-feb.de\/wp-content\/uploads\/2012\/10\/ALIM0640-.jpg\"><img loading=\"lazy\" decoding=\"async\" class=\"alignnone size-medium wp-image-347\" title=\"ALIM0640\" src=\"https:\/\/xn--judo-lbben-feb.de\/wp-content\/uploads\/2012\/10\/ALIM0640--300x225.jpg\" alt=\"\" width=\"143\" height=\"108\" \/><\/a> <a href=\"https:\/\/xn--judo-lbben-feb.de\/wp-content\/uploads\/2012\/10\/ALIM0651-.jpg\"><img loading=\"lazy\" decoding=\"async\" class=\"alignnone size-medium wp-image-348\" title=\"ALIM0651\" src=\"https:\/\/xn--judo-lbben-feb.de\/wp-content\/uploads\/2012\/10\/ALIM0651--300x225.jpg\" alt=\"\" width=\"147\" height=\"111\" \/><\/a> <a href=\"https:\/\/xn--judo-lbben-feb.de\/wp-content\/uploads\/2012\/10\/ALIM0676-.jpg\"><img loading=\"lazy\" decoding=\"async\" class=\"alignnone size-medium wp-image-349\" title=\"ALIM0676\" src=\"https:\/\/xn--judo-lbben-feb.de\/wp-content\/uploads\/2012\/10\/ALIM0676--300x225.jpg\" alt=\"\" width=\"147\" height=\"111\" \/><\/a><\/p>\n<p style=\"text-align: center;\">Der Donnerstagvormittag wurde von der Ruhe vor dem Sturm dominiert und so verbrachten wir ihn vorwiegend am Strand \u00a0(nicht ohne sich den einen oder anderen Sonnenbrand zu ziehen). Der Abend sollte jedoch zum Actionhighlight schlechthin werden, denn auch ein Besuch der St\u00f6rtebeckerfestspiele war f\u00fcr uns organisiert. Das gro\u00dfe Finale der Show zog alle Zuschauer bis zum bitteren Ende in ihren Bann. Das Feuerwerk war ein grandioser Abschluss der Spiele (auch wenn An- und R\u00fcckreise mit einigen Wartezeiten verbunden waren hat es sich doch auf alle F\u00e4lle gelohnt!!!), unsere Fahrt jedoch war noch nicht zu Ende, denn auch der letzte Tag\u00a0 brachte noch ein einmaliges Erlebnis mit sich &#8211; eine Fahrt entlang der Kreidefelsen.<\/p>\n<p style=\"text-align: center;\"><a href=\"https:\/\/xn--judo-lbben-feb.de\/wp-content\/uploads\/2012\/10\/ALIM0679-.jpg\"><img loading=\"lazy\" decoding=\"async\" class=\"alignnone size-medium wp-image-350\" title=\"ALIM0679\" src=\"https:\/\/xn--judo-lbben-feb.de\/wp-content\/uploads\/2012\/10\/ALIM0679--300x225.jpg\" alt=\"\" width=\"146\" height=\"109\" \/><\/a> <a href=\"https:\/\/xn--judo-lbben-feb.de\/wp-content\/uploads\/2012\/10\/ALIM0685-.jpg\"><img loading=\"lazy\" decoding=\"async\" class=\"alignnone size-medium wp-image-351\" title=\"ALIM0685\" src=\"https:\/\/xn--judo-lbben-feb.de\/wp-content\/uploads\/2012\/10\/ALIM0685--300x225.jpg\" alt=\"\" width=\"145\" height=\"109\" \/><\/a> <a href=\"https:\/\/xn--judo-lbben-feb.de\/wp-content\/uploads\/2012\/10\/ALIM0713-.jpg\"><img loading=\"lazy\" decoding=\"async\" class=\"alignnone size-medium wp-image-352\" title=\"ALIM0713\" src=\"https:\/\/xn--judo-lbben-feb.de\/wp-content\/uploads\/2012\/10\/ALIM0713--300x225.jpg\" alt=\"\" width=\"144\" height=\"109\" \/><\/a> <a href=\"https:\/\/xn--judo-lbben-feb.de\/wp-content\/uploads\/2012\/10\/ALIM0723-.jpg\"><img loading=\"lazy\" decoding=\"async\" class=\"alignnone size-medium wp-image-353\" title=\"ALIM0723\" src=\"https:\/\/xn--judo-lbben-feb.de\/wp-content\/uploads\/2012\/10\/ALIM0723--300x225.jpg\" alt=\"\" width=\"144\" height=\"109\" \/><\/a><\/p>\n<p style=\"text-align: center;\">Hier zeigten sich R\u00fcgen bei bestem Wetter von seiner besten Seite und jeder versuchte das \u00fcberw\u00e4ltigende Panorama m\u00f6glichst eindrucksvoll mit der Kamera einzufangen, au\u00dferdem war uns die M\u00f6glichkeit gegeben den K\u00fcstenort Sasnitz noch etwas genauer zu erkunden. Noch einmal grillten wir und zogen eine durchweg positive Bilanz: Das Wetter\u00a0 h\u00e4tte sch\u00f6ner nicht\u00a0 sein k\u00f6nnen, wir hatten\u00a0 durchweg Sonnenschein (der leider auch so manchen R\u00fccken nicht verschonte), die Stimmung\u00a0 war entspannt und locker und das Programm bestens organisiert, lediglich die Lunchpakete waren etwas sp\u00e4rlich, aber ich glaube das ist auch das einzige Negative was mir einf\u00e4llt. Vor der R\u00fcckfahrt mussten sich einige &#8222;Helden&#8220; noch einmal beweisen und badeten um 4:00 Uhr nachts ab. Gegen Mittag reisten wir dann ab und ich glaube jeder wird sich gerne an diese Woche erinnern, ich mich auf jeden Fall schon da bin ich mir sicher.<\/p>\n<p style=\"text-align: right;\"><em>Jakob Liesegang<\/em><\/p>\n<h2 style=\"text-align: center;\"><strong><span style=\"color: #800000;\">&#8212;&#8212;&#8212;&#8212;&#8212;&#8212;&#8212;&#8212;&#8212;&#8212;&#8212;&#8212;&#8212;&#8212;&#8212;&#8212;&#8212;&#8212;&#8212;&#8212;&#8212;&#8212;&#8212;&#8212;&#8212;&#8212;&#8212;&#8212;&#8212;&#8212;&#8212;&#8212;&#8212;&#8212;&#8212;&#8212;&#8212;&#8212;&#8212;&#8211;<\/span><\/strong><\/h2>\n<p style=\"text-align: center;\"><strong>24. Juni 2012 AWO Kinderfest in L\u00fcbben<\/strong><\/p>\n<p style=\"text-align: center;\">Traditionell tratt unser Verein beim diesj\u00e4hrigen AWO Kinderfest wieder auf, und es wurde wieder eine tolle Show gezeigt.<\/p>\n<p style=\"text-align: center;\"><strong><a href=\"https:\/\/xn--judo-lbben-feb.de\/wp-content\/uploads\/2012\/10\/Image00001-1-.jpg\"><img loading=\"lazy\" decoding=\"async\" class=\"alignnone size-medium wp-image-260\" title=\"Image00001-1\" src=\"https:\/\/xn--judo-lbben-feb.de\/wp-content\/uploads\/2012\/10\/Image00001-1--300x226.jpg\" alt=\"\" width=\"157\" height=\"119\" \/> <\/a><a href=\"https:\/\/xn--judo-lbben-feb.de\/wp-content\/uploads\/2012\/10\/Image00003-.jpg\"><img loading=\"lazy\" decoding=\"async\" class=\"alignnone size-medium wp-image-261\" title=\"Image00003\" src=\"https:\/\/xn--judo-lbben-feb.de\/wp-content\/uploads\/2012\/10\/Image00003--300x200.jpg\" alt=\"\" width=\"177\" height=\"119\" \/> <\/a><a href=\"https:\/\/xn--judo-lbben-feb.de\/wp-content\/uploads\/2012\/10\/Image00006-.jpg\"><img loading=\"lazy\" decoding=\"async\" class=\"alignnone size-medium wp-image-262\" title=\"Image00006\" src=\"https:\/\/xn--judo-lbben-feb.de\/wp-content\/uploads\/2012\/10\/Image00006--300x200.jpg\" alt=\"\" width=\"178\" height=\"119\" \/><\/a><\/strong><\/p>\n<p style=\"text-align: center;\"><strong><a href=\"https:\/\/xn--judo-lbben-feb.de\/wp-content\/uploads\/2012\/10\/Image00010-.jpg\"><img loading=\"lazy\" decoding=\"async\" class=\"size-medium wp-image-263\" title=\"Image00010\" src=\"https:\/\/xn--judo-lbben-feb.de\/wp-content\/uploads\/2012\/10\/Image00010--300x200.jpg\" alt=\"\" width=\"149\" height=\"118\" \/><\/a><a href=\"https:\/\/xn--judo-lbben-feb.de\/wp-content\/uploads\/2012\/10\/P1040220-.jpg\"> <img loading=\"lazy\" decoding=\"async\" class=\"alignnone size-medium wp-image-264\" title=\"P1040220\" src=\"https:\/\/xn--judo-lbben-feb.de\/wp-content\/uploads\/2012\/10\/P1040220--300x225.jpg\" alt=\"\" width=\"171\" height=\"118\" \/> <\/a><\/strong><strong><a href=\"https:\/\/xn--judo-lbben-feb.de\/wp-content\/uploads\/2012\/10\/P1040233-.jpg\"><img loading=\"lazy\" decoding=\"async\" title=\"P1040233\" src=\"https:\/\/xn--judo-lbben-feb.de\/wp-content\/uploads\/2012\/10\/P1040233--300x225.jpg\" alt=\"\" width=\"155\" height=\"119\" \/><\/a><\/strong><\/p>\n<p style=\"text-align: center;\"><strong><a href=\"https:\/\/xn--judo-lbben-feb.de\/wp-content\/uploads\/2012\/10\/P1040245-.jpg\"><img loading=\"lazy\" decoding=\"async\" class=\"alignnone size-medium wp-image-267\" title=\"P1040245\" src=\"https:\/\/xn--judo-lbben-feb.de\/wp-content\/uploads\/2012\/10\/P1040245--225x300.jpg\" alt=\"\" width=\"180\" height=\"241\" \/><\/a><br \/>\n<\/strong><\/p>\n<h2 style=\"text-align: center;\"><strong><span style=\"color: #800000;\">&#8212;&#8212;&#8212;&#8212;&#8212;&#8212;&#8212;&#8212;&#8212;&#8212;&#8212;&#8212;&#8212;&#8212;&#8212;&#8212;&#8212;&#8212;&#8212;&#8212;&#8212;&#8212;&#8212;&#8212;&#8212;&#8212;&#8212;&#8212;&#8212;&#8212;&#8212;&#8212;&#8212;&#8212;&#8212;&#8212;&#8212;&#8212;&#8212;&#8211;<\/span><\/strong><\/h2>\n<p style=\"text-align: center;\"><strong>21. Juni 2012 &#8211; Abschlussgrillen<\/strong><\/p>\n<p style=\"text-align: center;\">Am ersten Sommerferientag fand unsere Abschlussgrillparty statt. Anf\u00e4nglich etwas skeptisch, ob denn nicht alle schon ihre wohlverdienten Ferien genie\u00dfen wollen, war die resonanz riesig und mit ca. 100 Teilnehmern wieder eine gelungene Veranstaltung. Unser Abschlussgrillen hat sich zu einer festen Gr\u00f6\u00dfen in unserem Vereinsleben entwickelt. Es sind gute Kontakte zu Eltern, Sch\u00fclern und Trainern entstanden. Auch die Vorstandsarbeit wurde durch interessierte Eltern und gute Ideen berreichert.<\/p>\n<p style=\"text-align: center;\"><a href=\"https:\/\/xn--judo-lbben-feb.de\/wp-content\/uploads\/2012\/10\/P1040200-.jpg\"> <img loading=\"lazy\" decoding=\"async\" class=\"size-medium wp-image-271 alignleft\" title=\"P1040200\" src=\"https:\/\/xn--judo-lbben-feb.de\/wp-content\/uploads\/2012\/10\/P1040200--225x300.jpg\" alt=\"\" width=\"183\" height=\"244\" \/><\/a>Die Organisation der Sportspiele vor dem Grillen \u00fcbernahmen diesmal unsere Judo-Assistenten. In vier Gruppen wurde Zweifelderball gespielt. Da sehr viele Kinder an der Abschlussveransatltung teilnahmen, wurden die Eltern diesmal nicht so sportlich beansprucht.<\/p>\n<p style=\"text-align: center;\">Immer wieder KLASSE sind die Zuarbeiten zu unserem Buffet. Vielen Dank den flei\u00dfigen K\u00f6chen und Helfern, die zu diesem gelungenen Event beitragen.<\/p>\n<p style=\"text-align: center;\"><a href=\"https:\/\/xn--judo-lbben-feb.de\/wp-content\/uploads\/2012\/10\/P1040201-.jpg\"><img loading=\"lazy\" decoding=\"async\" title=\"P1040201\" src=\"https:\/\/xn--judo-lbben-feb.de\/wp-content\/uploads\/2012\/10\/P1040201--300x225.jpg\" alt=\"\" width=\"139\" height=\"123\" \/><\/a> <a href=\"https:\/\/xn--judo-lbben-feb.de\/wp-content\/uploads\/2012\/10\/P1040215-.jpg\"><img loading=\"lazy\" decoding=\"async\" class=\"alignnone size-medium wp-image-279\" title=\"P1040215\" src=\"https:\/\/xn--judo-lbben-feb.de\/wp-content\/uploads\/2012\/10\/P1040215--225x300.jpg\" alt=\"\" width=\"155\" height=\"207\" \/><\/a> <a href=\"https:\/\/xn--judo-lbben-feb.de\/wp-content\/uploads\/2012\/10\/P1040204-.jpg\"><img loading=\"lazy\" decoding=\"async\" class=\"alignnone size-medium wp-image-277\" title=\"P1040204\" src=\"https:\/\/xn--judo-lbben-feb.de\/wp-content\/uploads\/2012\/10\/P1040204--225x300.jpg\" alt=\"\" width=\"145\" height=\"194\" \/><\/a> <a href=\"https:\/\/xn--judo-lbben-feb.de\/wp-content\/uploads\/2012\/10\/P1040211-.jpg\"><img loading=\"lazy\" decoding=\"async\" class=\"alignnone size-medium wp-image-272\" title=\"P1040211\" src=\"https:\/\/xn--judo-lbben-feb.de\/wp-content\/uploads\/2012\/10\/P1040211--300x225.jpg\" alt=\"\" width=\"148\" height=\"112\" \/><\/a> <a href=\"https:\/\/xn--judo-lbben-feb.de\/wp-content\/uploads\/2012\/10\/P1040214-.jpg\"><img loading=\"lazy\" decoding=\"async\" class=\"alignnone size-medium wp-image-281\" title=\"P1040214\" src=\"https:\/\/xn--judo-lbben-feb.de\/wp-content\/uploads\/2012\/10\/P1040214--300x225.jpg\" alt=\"\" width=\"221\" height=\"166\" \/><\/a><\/p>\n<p style=\"text-align: center;\"><strong>Februar 2012 &#8211; Trainingslager in L\u00fcbben<\/strong><\/p>\n<p style=\"text-align: center;\">H\u00f6hepunkt im neuen Jahr waren f\u00fcr unsere Judokas die beiden Trainingslagerwochenenden am 11.\/12. und am 24.\/25. Februar 2012 in unserer Turnhalle Gartengasse.\u00a0 36 Kinder und Jugendliche trainierten unter Leitung der Trainer J\u00f6rg Rudnik, Sylvia Hoffmann und Karsten Hoffmann f\u00fcr den n\u00e4chsth\u00f6heren G\u00fcrtel.\u00a0 Ge\u00fcbt wurden W\u00fcrfe, Bodentechniken und f\u00fcr die h\u00f6heren G\u00fcrtel die Kata. Am letzten Sonntag stellten sich dann 24 Sportler mit Erfolg der Pr\u00fcfung. Gro\u00dfen Zuspruch erhielt w\u00e4hrend des Trainingslagers der Besuch der L\u00fcbbenauer Schwimmhalle und die \u00dcbernachtung auf den Judomatten am letzten Wochenende.<\/p>\n<p style=\"text-align: center;\"><a href=\"https:\/\/xn--judo-lbben-feb.de\/wp-content\/uploads\/2012\/10\/DSC00403-.jpg\"><img loading=\"lazy\" decoding=\"async\" class=\"alignnone size-medium wp-image-249\" title=\"DSC00403\" src=\"https:\/\/xn--judo-lbben-feb.de\/wp-content\/uploads\/2012\/10\/DSC00403--300x225.jpg\" alt=\"\" width=\"165\" height=\"125\" \/><\/a> <a href=\"https:\/\/xn--judo-lbben-feb.de\/wp-content\/uploads\/2012\/10\/DSC00406-.jpg\"><img loading=\"lazy\" decoding=\"async\" class=\"alignnone size-medium wp-image-250\" title=\"DSC00406\" src=\"https:\/\/xn--judo-lbben-feb.de\/wp-content\/uploads\/2012\/10\/DSC00406--300x225.jpg\" alt=\"\" width=\"165\" height=\"125\" \/><\/a> <a href=\"https:\/\/xn--judo-lbben-feb.de\/wp-content\/uploads\/2012\/10\/P1030822-.jpg\"><img loading=\"lazy\" decoding=\"async\" class=\"alignnone size-medium wp-image-251\" title=\"P1030822\" src=\"https:\/\/xn--judo-lbben-feb.de\/wp-content\/uploads\/2012\/10\/P1030822--300x225.jpg\" alt=\"\" width=\"167\" height=\"125\" \/><\/a><\/p>\n<h2 style=\"text-align: center;\"><strong><span style=\"color: #800000;\">&#8212;&#8212;&#8212;&#8212;&#8212;&#8212;&#8212;&#8212;&#8212;&#8212;&#8212;&#8212;&#8212;&#8212;&#8212;&#8212;&#8212;&#8212;&#8212;&#8212;&#8212;&#8212;&#8212;&#8212;&#8212;&#8212;&#8212;&#8212;&#8212;&#8212;&#8212;&#8212;&#8212;&#8212;&#8212;&#8212;&#8212;&#8212;&#8212;&#8211;<\/span><\/strong><\/h2>\n<p style=\"text-align: center;\"><strong>G\u00fcrtelpr\u00fcfung w\u00e4hrend des Trainingslagers am 26.02.2012<\/strong><\/p>\n<p style=\"text-align: center;\"><strong><span style=\"text-decoration: underline;\">8. Kyu <\/span><\/strong><\/p>\n<p style=\"text-align: center;\">Matthew Wilke, Benno Lehmann, Tobias Halbich,<\/p>\n<p style=\"text-align: center;\">Svenja Gra\u00dfmann, Igor Bekker, Elisa Rudnik,<\/p>\n<p style=\"text-align: center;\">Lea Altmann, Adel Molla, Johann Janisch,<\/p>\n<p style=\"text-align: center;\">Jonas Ensslen, Jeffrey Ensslen &amp;Maximilian Huhn<\/p>\n<p style=\"text-align: center;\"><strong><span style=\"text-decoration: underline;\">7. Kyu<\/span><\/strong><\/p>\n<p style=\"text-align: center;\">Angelina Wilke, Daniel Mickein, Anne Schade<\/p>\n<p style=\"text-align: center;\">&amp; Elise P\u00f6schla<\/p>\n<p style=\"text-align: center;\"><strong><span style=\"text-decoration: underline;\">6. Kyu<\/span><\/strong><\/p>\n<p style=\"text-align: center;\">Miriam Stoye, Tom Gra\u00dfmann<\/p>\n<p style=\"text-align: center;\">&amp; Pascal Jahn<\/p>\n<p style=\"text-align: center;\"><strong><span style=\"text-decoration: underline;\">5. Kyu<\/span><\/strong><\/p>\n<p style=\"text-align: center;\">Antonia Wagner &amp; Lara Haase<\/p>\n<p style=\"text-align: center;\"><strong><span style=\"text-decoration: underline;\">3. Kyu<\/span><\/strong><\/p>\n<p style=\"text-align: center;\">Jakob Liesegang &amp; Markus Szramek<\/p>\n<p style=\"text-align: center;\"><strong><span style=\"text-decoration: underline;\">2. Kyu<\/span><\/strong><\/p>\n<p style=\"text-align: center;\">Paul Nitsch<\/p>\n<p style=\"text-align: left;\">als Pr\u00fcfer fungierten:\u00a0 Walter Weber &amp; J\u00f6rg Rudnik<\/p>\n<h2 style=\"text-align: center;\"><strong><span style=\"color: #800000;\">&#8212;&#8212;&#8212;&#8212;&#8212;&#8212;&#8212;&#8212;&#8212;&#8212;&#8212;&#8212;&#8212;&#8212;&#8212;&#8212;&#8212;&#8212;&#8212;&#8212;&#8212;&#8212;&#8212;&#8212;&#8212;&#8212;&#8212;&#8212;&#8212;&#8212;&#8212;&#8212;&#8212;&#8212;&#8212;&#8212;&#8212;&#8212;&#8212;&#8211;<\/span><\/strong><\/h2>\n<p style=\"text-align: center;\"><strong>Weihnachtswandern 2011<span style=\"text-decoration: underline;\"><br \/>\n<\/span><\/strong><\/p>\n<p style=\"text-align: center;\">Nicht der Weihnachtsmann, sondern 45 Kinder und Jugendliche unseres Judovereins stampften am\u00a0 Donnerstag, den 15. Dezember mit Taschenlampen durch den n\u00e4chtlichen Treppendorfer Wald.<\/p>\n<p style=\"text-align: center;\">Ein Weihnachtstraining der besonderen Art.<\/p>\n<p style=\"text-align: center;\">Nach einem 4 Km Fu\u00dfmarsch erwartete uns die Wirtin des Gasthofes \u201eWaldhaus\u201c\u00a0 mit gegrillten Bratw\u00fcrsten, Punsch und Lagerfeuer.<a href=\"https:\/\/xn--judo-lbben-feb.de\/wp-content\/uploads\/2012\/10\/P1030588-2.jpg\"><img loading=\"lazy\" decoding=\"async\" class=\"alignright size-medium wp-image-1046\" title=\"P1030588\" src=\"https:\/\/xn--judo-lbben-feb.de\/wp-content\/uploads\/2012\/10\/P1030588-2-300x225.jpg\" alt=\"\" width=\"209\" height=\"157\" \/><\/a><\/p>\n<p style=\"text-align: center;\">Im weihnachtlich beleuchteten Wald fehlte nur noch die wei\u00dfe Schneedecke.<\/p>\n<p style=\"text-align: center;\">Petrus meinte es trotzdem gut und hielt die Regenschleusen geschlossen.<\/p>\n<p style=\"text-align: center;\">Die besten Wettk\u00e4mpfer des Jahres 2011 wurden mit Pokalen geehrt.<\/p>\n<p style=\"text-align: center;\">Aber auch besondere Leistungen fanden ihre Anerkennung.<\/p>\n<p style=\"text-align: center;\">So erhielten Sophie Ogrzewalla\u00a0 und Paul-Gregor Nitsch je einen Pokal f\u00fcr ihr vorbildliches Verhalten und regem\u00e4\u00dfige Trainingsteilnahme.Beste K\u00e4mpferin wurde Sarah Rudnik vor Antonia Wagner und Miriam Stoye. Bei den Jungen gingen die Pokale \u201e Bester K\u00e4mpfer 2011\u201c an Igor Bekker, Fabian Kettlitz und Lucian Roscheck.<\/p>\n<p style=\"text-align: center;\"><a href=\"https:\/\/xn--judo-lbben-feb.de\/wp-content\/uploads\/2012\/10\/P1030597-2.jpg\"><img loading=\"lazy\" decoding=\"async\" class=\"alignnone size-medium wp-image-1047\" title=\"P1030597\" src=\"https:\/\/xn--judo-lbben-feb.de\/wp-content\/uploads\/2012\/10\/P1030597-2-300x225.jpg\" alt=\"\" width=\"220\" height=\"166\" \/><\/a> <a href=\"https:\/\/xn--judo-lbben-feb.de\/wp-content\/uploads\/2012\/10\/P1030593-2.jpg\"><img loading=\"lazy\" decoding=\"async\" class=\"alignnone size-medium wp-image-1049\" title=\"P1030593\" src=\"https:\/\/xn--judo-lbben-feb.de\/wp-content\/uploads\/2012\/10\/P1030593-2-300x225.jpg\" alt=\"\" width=\"220\" height=\"166\" \/><\/a> <a href=\"https:\/\/xn--judo-lbben-feb.de\/wp-content\/uploads\/2012\/10\/P1030595-2.jpg\"><img loading=\"lazy\" decoding=\"async\" class=\"alignnone size-medium wp-image-1050\" title=\"P1030595\" src=\"https:\/\/xn--judo-lbben-feb.de\/wp-content\/uploads\/2012\/10\/P1030595-2-300x225.jpg\" alt=\"\" width=\"221\" height=\"166\" \/><\/a><\/p>\n<p style=\"text-align: center;\">\u00a0\u00a0\u00a0\u00a0\u00a0\u00a0\u00a0\u00a0 Sophie\u00a0 und\u00a0 Paul\u00a0\u00a0\u00a0\u00a0\u00a0\u00a0\u00a0\u00a0\u00a0\u00a0\u00a0\u00a0\u00a0\u00a0\u00a0\u00a0\u00a0 Miriam,\u00a0 Antonia\u00a0 und\u00a0 Sarah\u00a0\u00a0\u00a0\u00a0\u00a0\u00a0\u00a0\u00a0\u00a0\u00a0\u00a0\u00a0 Lucian,\u00a0 Fabian\u00a0 und\u00a0 Igor<\/p>\n<h2 style=\"text-align: center;\"><strong><span style=\"color: #800000;\">&#8212;&#8212;&#8212;&#8212;&#8212;&#8212;&#8212;&#8212;&#8212;&#8212;&#8212;&#8212;&#8212;&#8212;&#8212;&#8212;&#8212;&#8212;&#8212;&#8212;&#8212;&#8212;&#8212;&#8212;&#8212;&#8212;&#8212;&#8212;&#8212;&#8212;&#8212;&#8212;&#8212;&#8212;&#8212;&#8212;&#8212;&#8212;&#8212;&#8211;<\/span><\/strong><\/h2>\n<p style=\"text-align: center;\"><strong>Wanderfahrt Schierke Juni 2011<span style=\"text-decoration: underline;\"><br \/>\n<\/span><\/strong><\/p>\n<p style=\"text-align: center;\">Die \u201eHimmelfahrt\u201c f\u00fchrte die M\u00e4nner und Gefolge am 02.06.2011 nicht mit dem Kahn, oder dem Fahrrad durch den Spreewald, sondern in den Nationalpark Harz.Unsere Truppenst\u00e4rke war mit 46 TN absoluter Rekord. Um 9.00 Uhr ging es an unserer Turnhalle los.<\/p>\n<p style=\"text-align: center;\">Kulturelles Highlight unserer Anreise war die Schlossbesichtigung in Wernigerode, dann ging es weiter zur Jugendherberge.Die Jugendherberge lag direkt am Fu\u00dfe des Brockens, im Ort Schierke.<\/p>\n<p style=\"text-align: center;\"><a href=\"https:\/\/xn--judo-lbben-feb.de\/wp-content\/uploads\/2012\/10\/Harz-Judofahrt-003-.jpg\"><img loading=\"lazy\" decoding=\"async\" class=\"alignnone size-thumbnail wp-image-935\" title=\"Harz Judofahrt 003\" src=\"https:\/\/xn--judo-lbben-feb.de\/wp-content\/uploads\/2012\/10\/Harz-Judofahrt-003--150x150.jpg\" alt=\"\" width=\"150\" height=\"150\" \/><\/a><a href=\"https:\/\/xn--judo-lbben-feb.de\/wp-content\/uploads\/2012\/10\/Harz-Judofahrt-009-.jpg\"> <img loading=\"lazy\" decoding=\"async\" class=\"alignnone size-thumbnail wp-image-936\" title=\"Harz Judofahrt 009\" src=\"https:\/\/xn--judo-lbben-feb.de\/wp-content\/uploads\/2012\/10\/Harz-Judofahrt-009--150x150.jpg\" alt=\"\" width=\"150\" height=\"150\" \/><\/a><a href=\"https:\/\/xn--judo-lbben-feb.de\/wp-content\/uploads\/2012\/10\/Harz-Judofahrt-010-.jpg\"> <img loading=\"lazy\" decoding=\"async\" class=\"alignnone size-thumbnail wp-image-937\" title=\"Harz Judofahrt 010\" src=\"https:\/\/xn--judo-lbben-feb.de\/wp-content\/uploads\/2012\/10\/Harz-Judofahrt-010--150x150.jpg\" alt=\"\" width=\"150\" height=\"150\" \/><\/a><a href=\"https:\/\/xn--judo-lbben-feb.de\/wp-content\/uploads\/2012\/10\/Harz-Judofahrt-012-.jpg\"> <img loading=\"lazy\" decoding=\"async\" class=\"alignnone size-thumbnail wp-image-938\" title=\"Harz Judofahrt 012\" src=\"https:\/\/xn--judo-lbben-feb.de\/wp-content\/uploads\/2012\/10\/Harz-Judofahrt-012--150x150.jpg\" alt=\"\" width=\"150\" height=\"150\" \/><\/a><a href=\"https:\/\/xn--judo-lbben-feb.de\/wp-content\/uploads\/2012\/10\/Harz-Judofahrt-017-.jpg\"> <img loading=\"lazy\" decoding=\"async\" class=\"alignnone size-thumbnail wp-image-939\" title=\"Harz Judofahrt 017\" src=\"https:\/\/xn--judo-lbben-feb.de\/wp-content\/uploads\/2012\/10\/Harz-Judofahrt-017--150x150.jpg\" alt=\"\" width=\"150\" height=\"150\" \/><\/a><a href=\"https:\/\/xn--judo-lbben-feb.de\/wp-content\/uploads\/2012\/10\/Harz-Judofahrt-020-.jpg\"> <img loading=\"lazy\" decoding=\"async\" class=\"alignnone size-thumbnail wp-image-940\" title=\"Harz Judofahrt 020\" src=\"https:\/\/xn--judo-lbben-feb.de\/wp-content\/uploads\/2012\/10\/Harz-Judofahrt-020--150x150.jpg\" alt=\"\" width=\"150\" height=\"150\" \/><\/a><\/p>\n<p style=\"text-align: center;\">Mit einer Grillparty klang der Feiertag aus und am n\u00e4chsten Morgen ging es durch das Eckerloch auf den h\u00f6chsten Berg Norddeutschlands, den 1141 m \u00fc NN gelegenen Brocken.Der Aufstieg war eine echte Herausforderung, die Sonne und die Temperaturen \u00fcbertrafen sich, aber nach ca. 2.5 Stunden hatten wir unser Ziel erreicht. Der Brockenbahn ging es nicht anders. Sie schnaufte auch den Berg hinauf.<\/p>\n<p style=\"text-align: center;\">Mit der sportlichen Bet\u00e4tigung war es dennoch nicht vorbei an diesem Tag.Nach dem Abendbrot war ein Bowling- und Volleyballturnier angesagt, denn Langeweile sollte bei einer Sportfahrt ja nicht aufkommen.<\/p>\n<p style=\"text-align: center;\"><a href=\"https:\/\/xn--judo-lbben-feb.de\/wp-content\/uploads\/2012\/10\/Harz-Judofahrt-031-1.jpg\"><img loading=\"lazy\" decoding=\"async\" title=\"Harz Judofahrt 031\" src=\"https:\/\/xn--judo-lbben-feb.de\/wp-content\/uploads\/2012\/10\/Harz-Judofahrt-031-1-150x150.jpg\" alt=\"\" width=\"150\" height=\"150\" \/><\/a> <a href=\"https:\/\/xn--judo-lbben-feb.de\/wp-content\/uploads\/2012\/10\/Harz-Judofahrt-033-2.jpg\"><img loading=\"lazy\" decoding=\"async\" class=\"alignnone size-thumbnail wp-image-955\" title=\"Harz Judofahrt 033\" src=\"https:\/\/xn--judo-lbben-feb.de\/wp-content\/uploads\/2012\/10\/Harz-Judofahrt-033-2-150x150.jpg\" alt=\"\" width=\"150\" height=\"150\" \/> <\/a><a href=\"https:\/\/xn--judo-lbben-feb.de\/wp-content\/uploads\/2012\/10\/Harz-Judofahrt-032-.jpg\"><img loading=\"lazy\" decoding=\"async\" class=\"alignnone size-thumbnail wp-image-952\" title=\"Harz Judofahrt 032\" src=\"https:\/\/xn--judo-lbben-feb.de\/wp-content\/uploads\/2012\/10\/Harz-Judofahrt-032--150x150.jpg\" alt=\"\" width=\"150\" height=\"150\" \/> <\/a><a href=\"https:\/\/xn--judo-lbben-feb.de\/wp-content\/uploads\/2012\/10\/Harz-Judofahrt-039-.jpg\"><img loading=\"lazy\" decoding=\"async\" class=\"alignnone size-thumbnail wp-image-943\" title=\"Harz Judofahrt 039\" src=\"https:\/\/xn--judo-lbben-feb.de\/wp-content\/uploads\/2012\/10\/Harz-Judofahrt-039--150x150.jpg\" alt=\"\" width=\"150\" height=\"150\" \/> <\/a><a href=\"https:\/\/xn--judo-lbben-feb.de\/wp-content\/uploads\/2012\/10\/Harz-Judofahrt-072-.jpg\"><img loading=\"lazy\" decoding=\"async\" class=\"alignnone size-thumbnail wp-image-946\" title=\"Harz Judofahrt 072\" src=\"https:\/\/xn--judo-lbben-feb.de\/wp-content\/uploads\/2012\/10\/Harz-Judofahrt-072--150x150.jpg\" alt=\"\" width=\"150\" height=\"150\" \/> <\/a><a href=\"https:\/\/xn--judo-lbben-feb.de\/wp-content\/uploads\/2012\/10\/Harz-Judofahrt-077-1.jpg\"><img loading=\"lazy\" decoding=\"async\" class=\"alignnone size-thumbnail wp-image-1029\" title=\"Harz Judofahrt 077\" src=\"https:\/\/xn--judo-lbben-feb.de\/wp-content\/uploads\/2012\/10\/Harz-Judofahrt-077-1-150x150.jpg\" alt=\"\" width=\"150\" height=\"150\" \/><\/a><\/p>\n<p style=\"text-align: center;\">Mit dem Besuch des Bergwerkes B\u00fcchenberg und der Tropfsteinh\u00f6hle standen weitere H\u00f6hepunkte auf unserem Plan.<\/p>\n<p style=\"text-align: center;\">Gut in Erinnerung wird uns wohl allen die Wanderung zu den Schnarcherklippen bleiben.Steile Eisenleitern f\u00fchrten auf die Spitze eines riesigen Steinbrockens und der Angstschwei\u00df machte sich stellenweise auf der Stirn breit.<\/p>\n<p style=\"text-align: center;\"><a href=\"https:\/\/xn--judo-lbben-feb.de\/wp-content\/uploads\/2012\/10\/Harz-Judofahrt-058-.jpg\"><img loading=\"lazy\" decoding=\"async\" class=\"alignnone size-thumbnail wp-image-944\" title=\"Harz Judofahrt 058\" src=\"https:\/\/xn--judo-lbben-feb.de\/wp-content\/uploads\/2012\/10\/Harz-Judofahrt-058--150x150.jpg\" alt=\"\" width=\"150\" height=\"150\" \/> <\/a><a href=\"https:\/\/xn--judo-lbben-feb.de\/wp-content\/uploads\/2012\/10\/Harz-Judofahrt-110-1.jpg\"><img loading=\"lazy\" decoding=\"async\" class=\"alignnone size-thumbnail wp-image-948\" title=\"Harz Judofahrt 110\" src=\"https:\/\/xn--judo-lbben-feb.de\/wp-content\/uploads\/2012\/10\/Harz-Judofahrt-110-1-150x150.jpg\" alt=\"\" width=\"150\" height=\"150\" \/><\/a><a href=\"https:\/\/xn--judo-lbben-feb.de\/wp-content\/uploads\/2012\/10\/Harz-Judofahrt-119-1.jpg\"><img loading=\"lazy\" decoding=\"async\" class=\"alignnone size-thumbnail wp-image-950\" title=\"Harz Judofahrt 119\" src=\"https:\/\/xn--judo-lbben-feb.de\/wp-content\/uploads\/2012\/10\/Harz-Judofahrt-119-1-150x150.jpg\" alt=\"\" width=\"150\" height=\"150\" \/><\/a><a href=\"https:\/\/xn--judo-lbben-feb.de\/wp-content\/uploads\/2012\/10\/Harz-Judofahrt-091-.jpg\"> <img loading=\"lazy\" decoding=\"async\" class=\"alignnone size-thumbnail wp-image-956\" title=\"Harz Judofahrt 091\" src=\"https:\/\/xn--judo-lbben-feb.de\/wp-content\/uploads\/2012\/10\/Harz-Judofahrt-091--150x150.jpg\" alt=\"\" width=\"150\" height=\"150\" \/><\/a><a href=\"https:\/\/xn--judo-lbben-feb.de\/wp-content\/uploads\/2012\/10\/Harz-Judofahrt-116-.jpg\"> <img loading=\"lazy\" decoding=\"async\" class=\"alignnone size-thumbnail wp-image-957\" title=\"Harz Judofahrt 116\" src=\"https:\/\/xn--judo-lbben-feb.de\/wp-content\/uploads\/2012\/10\/Harz-Judofahrt-116--150x150.jpg\" alt=\"\" width=\"150\" height=\"150\" \/> <\/a><a href=\"https:\/\/xn--judo-lbben-feb.de\/wp-content\/uploads\/2012\/10\/Harz-Judofahrt-042-.jpg\"><img loading=\"lazy\" decoding=\"async\" class=\"alignnone size-thumbnail wp-image-1030\" title=\"Harz Judofahrt 042\" src=\"https:\/\/xn--judo-lbben-feb.de\/wp-content\/uploads\/2012\/10\/Harz-Judofahrt-042--150x150.jpg\" alt=\"\" width=\"150\" height=\"150\" \/><\/a><\/p>\n<p style=\"text-align: center;\">Am Sonntag landeten aber alle wieder wohlbehalten in L\u00fcbben.<\/p>\n<p style=\"text-align: center;\">Gro\u00dfes Dankesch\u00f6n an alle Helfer, Eltern und den Vorbereitern Sylvia Hoffmann, Katrin Stoye und Daniela B\u00f6ttcher.<\/p>\n<p style=\"text-align: center;\">Sch\u00f6ne Fahrt, tolle Truppe, gutes Wetter.<\/p>\n<p style=\"text-align: center;\"><a href=\"https:\/\/xn--judo-lbben-feb.de\/wp-content\/uploads\/2012\/10\/Harz-Judofahrt-067-1.jpg\"><img loading=\"lazy\" decoding=\"async\" class=\"aligncenter size-medium wp-image-1031\" title=\"Harz Judofahrt 067\" src=\"https:\/\/xn--judo-lbben-feb.de\/wp-content\/uploads\/2012\/10\/Harz-Judofahrt-067-1-300x225.jpg\" alt=\"\" width=\"300\" height=\"225\" \/><\/a><\/p>\n<p style=\"text-align: center;\">Bis zum n\u00e4chsten Mal.<\/p>\n<h2 style=\"text-align: center;\"><strong><span style=\"color: #800000;\">&#8212;&#8212;&#8212;&#8212;&#8212;&#8212;&#8212;&#8212;&#8212;&#8212;&#8212;&#8212;&#8212;&#8212;&#8212;&#8212;&#8212;&#8212;&#8212;&#8212;&#8212;&#8212;&#8212;&#8212;&#8212;&#8212;&#8212;&#8212;&#8212;&#8212;&#8212;&#8212;&#8212;&#8212;&#8212;&#8212;&#8212;&#8212;&#8212;&#8211;<\/span><\/strong><\/h2>\n<p style=\"text-align: center;\"><strong>Weihnachtsgala 2010<br \/>\n<\/strong><\/p>\n<p style=\"text-align: center;\">Traditionell fand am 3. Adventssonntag in unserer Turnhalle wieder die Weihnachtsgala mit dem Sport- und Spielmobil statt. Als G\u00e4ste wurden die M\u00e4dchen der Funkengarde eingeladen und Trainerin Elke Mitsching hatte ein tolles Programm zusammengestellt.\u00a0Auch unsere Judokas begeisterten mit einer tollen Vorf\u00fchrung und die Trainer J\u00f6rg Rudnik und Karsten Hoffmann zeigten interessante W\u00fcrfe der h\u00f6heren Judoschule. Leider wurde die Veranstaltung, wie auch in den Jahren zuvor, nur sehr gering besucht. F\u00fcr die Teilnehmer und G\u00e4ste war es dennoch ein sch\u00f6ner Adventsnachmittag mit Sport, Spiel und Tombola bei Weihnachtspl\u00e4tzchen und Gl\u00fchwein.<\/p>\n<p style=\"text-align: center;\"><strong>Weihnachtsfeiern <\/strong><strong>2010<\/strong><\/p>\n<p style=\"text-align: center;\">Zu unserer Weihnachtsfeier trafen sich fast alle Judoka am 09.12.2010 in der SpreeArena in L\u00fcbben. Von 17:00-19.00 Uhr, zur normalen Trainingszeit, wurde auf 4 Bahnen gekegelt und alle Teilnehmer hatten viel Spa\u00df. Sport und Bewegung machen hungrig und so stand der Pizzaservice, mit der Riesenmenge von 15 Jumbopizzen, p\u00fcnktlich um\u00a0 18.00 Uhr bereit. \u00dcber besondere Auszeichnungen konnten sich folgende Judoka freuen:<\/p>\n<p style=\"text-align: center;\">beste K\u00e4mpfer:<a href=\"https:\/\/xn--judo-lbben-feb.de\/wp-content\/uploads\/2012\/10\/P1020515-.jpg\"><img loading=\"lazy\" decoding=\"async\" class=\"alignright size-medium wp-image-1144\" title=\"P1020515\" src=\"https:\/\/xn--judo-lbben-feb.de\/wp-content\/uploads\/2012\/10\/P1020515--300x225.jpg\" alt=\"\" width=\"300\" height=\"225\" \/><\/a><\/p>\n<p style=\"text-align: center;\"><em>Sarah Rudnik, Miriam Stoye, Lucian Roscheck, Antonia Wagner, Charlotte Britze und Jakob Liesegang<\/em><\/p>\n<p style=\"text-align: center;\">vorbildlicher Judaka:<\/p>\n<p style=\"text-align: center;\"><em>Antonia Wagner &amp; Sophie Ogrzewalla<\/em><\/p>\n<p style=\"text-align: center;\">regelm\u00e4\u00dfige Teilnahme am Training:<\/p>\n<p style=\"text-align: center;\"><em>Jakob Zielke<\/em><\/p>\n<p style=\"text-align: center;\">Auch die Erwachsenen Sportler kamen bei der Jahresendfeier nicht zu kurz. Ebenfalls sportlich ging es am 18.12.2010 auf der Kegelbahn \u201cLange\u201d zur Sache. F\u00fcr das leibliche Wohl war im Dodge City Saloon gesorgt. So klang der Abend mit netten Gespr\u00e4chen und guten W\u00fcnschen f\u00fcr das neue Jahr aus.<\/p>\n<h2 style=\"text-align: center;\"><strong><span style=\"color: #800000;\">&#8212;&#8212;&#8212;&#8212;&#8212;&#8212;&#8212;&#8212;&#8212;&#8212;&#8212;&#8212;&#8212;&#8212;&#8212;&#8212;&#8212;&#8212;&#8212;&#8212;&#8212;&#8212;&#8212;&#8212;&#8212;&#8212;&#8212;&#8212;&#8212;&#8212;&#8212;&#8212;&#8212;&#8212;&#8212;&#8212;&#8212;&#8212;&#8212;&#8211;<\/span><\/strong><\/h2>\n<p style=\"text-align: center;\"><strong>Unsere Judo-Fahrradtour 2010<\/strong><\/p>\n<p style=\"text-align: center;\">Wieder einmal war es soweit! Unsere allj\u00e4hrliche Fahrradtour stand an. Am Sonntag, dem 8. August trafen wir uns um 9.00 Uhr an unserer Turnhalle in der Gartengasse. <em>hier gehts weiter<\/em> <a href=\"https:\/\/xn--judo-lbben-feb.de\/wp-content\/uploads\/2012\/10\/Fahrradtour_2010.pdf\">Fahrradtour_2010<\/a><\/p>\n<h2 style=\"text-align: center;\"><strong><span style=\"color: #800000;\">&#8212;&#8212;&#8212;&#8212;&#8212;&#8212;&#8212;&#8212;&#8212;&#8212;&#8212;&#8212;&#8212;&#8212;&#8212;&#8212;&#8212;&#8212;&#8212;&#8212;&#8212;&#8212;&#8212;&#8212;&#8212;&#8212;&#8212;&#8212;&#8212;&#8212;&#8212;&#8212;&#8212;&#8212;&#8212;&#8212;&#8212;&#8212;&#8212;&#8211;<\/span><\/strong><\/h2>\n<p style=\"text-align: center;\"><strong>Judokas besuchen Dresden 2010<br \/>\n<\/strong><\/p>\n<p style=\"text-align: center;\">Diesmal hie\u00df es nicht, wie sonst immer, Treffpunkt: \u201eParkplatz neben der Pizzeria\u201c, sondern \u201eHEM-Tankstelle\u201c. Am Freitag, dem 30. April 2010, startete unser &#8211; von Frau Hoffmann mit viel Engagement geplanter und nur aus H\u00f6hepunkten bestehender \u2013 Ausflug in die s\u00e4chsische Metropole. Nach gut einer Stunde Autofahrt war das Jugendg\u00e4stehaus in Dresdens Zentrum erreicht.<\/p>\n<p style=\"text-align: center;\">W\u00e4hrend des sich an die kurze Zimmerinbesitznahme anschlie\u00dfenden Stadtrundganges zeigten uns die zwei netten Stadtf\u00fchrerinnen eine Vielzahl von Sehensw\u00fcrdigkeiten, bevor der Tag dann mit einem gen\u00fcsslichen Mahl sein Ende im \u201ePulverturm\u201c fand.<\/p>\n<p style=\"text-align: center;\"><a href=\"https:\/\/xn--judo-lbben-feb.de\/wp-content\/uploads\/2012\/10\/P1010902-.jpg\"><img loading=\"lazy\" decoding=\"async\" class=\"alignnone size-thumbnail wp-image-1013\" title=\"P1010902\" src=\"https:\/\/xn--judo-lbben-feb.de\/wp-content\/uploads\/2012\/10\/P1010902--150x150.jpg\" alt=\"\" width=\"150\" height=\"150\" \/><\/a> <a href=\"https:\/\/xn--judo-lbben-feb.de\/wp-content\/uploads\/2012\/10\/P1010911-.jpg\"><img loading=\"lazy\" decoding=\"async\" class=\"alignnone size-thumbnail wp-image-1014\" title=\"P1010911\" src=\"https:\/\/xn--judo-lbben-feb.de\/wp-content\/uploads\/2012\/10\/P1010911--150x150.jpg\" alt=\"\" width=\"150\" height=\"150\" \/> <\/a><a href=\"https:\/\/xn--judo-lbben-feb.de\/wp-content\/uploads\/2012\/10\/P1010904-1.jpg\"><img loading=\"lazy\" decoding=\"async\" class=\"alignnone size-thumbnail wp-image-1016\" title=\"P1010904\" src=\"https:\/\/xn--judo-lbben-feb.de\/wp-content\/uploads\/2012\/10\/P1010904-1-150x150.jpg\" alt=\"\" width=\"150\" height=\"150\" \/> <\/a><a href=\"https:\/\/xn--judo-lbben-feb.de\/wp-content\/uploads\/2012\/10\/P1010918-.jpg\"><img loading=\"lazy\" decoding=\"async\" class=\"alignnone size-thumbnail wp-image-1017\" title=\"P1010918\" src=\"https:\/\/xn--judo-lbben-feb.de\/wp-content\/uploads\/2012\/10\/P1010918--150x150.jpg\" alt=\"\" width=\"150\" height=\"150\" \/><\/a><\/p>\n<p style=\"text-align: center;\">Am Sonnabend ging es mit der Bahn in die S\u00e4chsische Schweiz. Der hei\u00dfe Start war Rathen, vorbei am Amselsee, steil bergan zur Bastai. Die Sonne meinte es gut mit uns und neben einem herrlichen Blick auf die Elbe hatte man einen solchen auch auf einige durchgeschwitzte T-Shirts. Bergab ging es einfacher und \u201eK\u00f6nigin Luise\u201c brachte uns auf ihren Planken wieder sicher elbabw\u00e4rts nach Dresden zur\u00fcck.<\/p>\n<p style=\"text-align: center;\"><a href=\"https:\/\/xn--judo-lbben-feb.de\/wp-content\/uploads\/2012\/10\/P1010947-.jpg\"><img loading=\"lazy\" decoding=\"async\" class=\"alignnone size-thumbnail wp-image-1018\" title=\"P1010947\" src=\"https:\/\/xn--judo-lbben-feb.de\/wp-content\/uploads\/2012\/10\/P1010947--150x150.jpg\" alt=\"\" width=\"150\" height=\"150\" \/><\/a> <a href=\"https:\/\/xn--judo-lbben-feb.de\/wp-content\/uploads\/2012\/10\/P1010930-.jpg\"><img loading=\"lazy\" decoding=\"async\" class=\"alignnone size-thumbnail wp-image-1020\" title=\"P1010930\" src=\"https:\/\/xn--judo-lbben-feb.de\/wp-content\/uploads\/2012\/10\/P1010930--150x150.jpg\" alt=\"\" width=\"150\" height=\"150\" \/><\/a> <a href=\"https:\/\/xn--judo-lbben-feb.de\/wp-content\/uploads\/2012\/10\/Bild-231-1.jpg\"><img loading=\"lazy\" decoding=\"async\" class=\"alignnone size-thumbnail wp-image-1021\" title=\"Bild 231\" src=\"https:\/\/xn--judo-lbben-feb.de\/wp-content\/uploads\/2012\/10\/Bild-231-1-150x150.jpg\" alt=\"\" width=\"150\" height=\"150\" \/><\/a> <a href=\"https:\/\/xn--judo-lbben-feb.de\/wp-content\/uploads\/2012\/10\/P1010944-.jpg\"><img loading=\"lazy\" decoding=\"async\" class=\"alignnone size-thumbnail wp-image-1022\" title=\"P1010944\" src=\"https:\/\/xn--judo-lbben-feb.de\/wp-content\/uploads\/2012\/10\/P1010944--150x150.jpg\" alt=\"\" width=\"150\" height=\"150\" \/><\/a><\/p>\n<p>&nbsp;<\/p>\n<p style=\"text-align: center;\">Am Sonntagmorgen \u00f6ffnete das Hygiene- Museum f\u00fcr uns seine Pforten. Nicht nur die Kinderausstellung und die gl\u00e4serne Frau zogen uns in den ihren Bann und so vergingen die Stunden wie im Flug.<\/p>\n<p><a href=\"https:\/\/xn--judo-lbben-feb.de\/wp-content\/uploads\/2012\/10\/Bild-261-1.jpg\"><img loading=\"lazy\" decoding=\"async\" class=\"aligncenter size-medium wp-image-1026\" title=\"Bild 261\" src=\"https:\/\/xn--judo-lbben-feb.de\/wp-content\/uploads\/2012\/10\/Bild-261-1-300x225.jpg\" alt=\"\" width=\"300\" height=\"225\" \/><\/a><\/p>\n<p style=\"text-align: center;\">F\u00fcr ein Wochenende, das Appetit auf mehr macht, bedanken sich\u00a0im Namen der Judokas die Eltern.<\/p>\n<h2 style=\"text-align: center;\"><strong><span style=\"color: #800000;\">&#8212;&#8212;&#8212;&#8212;&#8212;&#8212;&#8212;&#8212;&#8212;&#8212;&#8212;&#8212;&#8212;&#8212;&#8212;&#8212;&#8212;&#8212;&#8212;&#8212;&#8212;&#8212;&#8212;&#8212;&#8212;&#8212;&#8212;&#8212;&#8212;&#8212;&#8212;&#8212;&#8212;&#8212;&#8212;&#8212;&#8212;&#8212;&#8212;&#8211;<\/span><\/strong><\/h2>\n<p style=\"text-align: center;\"><strong>Auftritt Stadtfest L\u00fcbben 2009<\/strong><\/p>\n<p style=\"text-align: center;\">Am 19. September 2009 zeigen unsere Sportler im Rahmen einer Show ihr K\u00f6nnen anl\u00e4\u00dflich des L\u00fcbbener Stadfestes auf dem Marktplatz.<\/p>\n<p style=\"text-align: center;\"><a href=\"https:\/\/xn--judo-lbben-feb.de\/wp-content\/uploads\/2012\/10\/PICT1435-1.jpg\"><img loading=\"lazy\" decoding=\"async\" class=\"alignnone size-thumbnail wp-image-1122\" title=\"PICT1435\" src=\"https:\/\/xn--judo-lbben-feb.de\/wp-content\/uploads\/2012\/10\/PICT1435-1-150x150.jpg\" alt=\"\" width=\"150\" height=\"150\" \/><\/a> <a href=\"https:\/\/xn--judo-lbben-feb.de\/wp-content\/uploads\/2012\/10\/PICT1448-1.jpg\"><img loading=\"lazy\" decoding=\"async\" class=\"alignnone size-thumbnail wp-image-1123\" title=\"PICT1448\" src=\"https:\/\/xn--judo-lbben-feb.de\/wp-content\/uploads\/2012\/10\/PICT1448-1-150x150.jpg\" alt=\"\" width=\"150\" height=\"150\" \/><\/a> <a href=\"https:\/\/xn--judo-lbben-feb.de\/wp-content\/uploads\/2012\/10\/PICT0038-1.jpg\"><img loading=\"lazy\" decoding=\"async\" class=\"alignnone size-thumbnail wp-image-1124\" title=\"PICT0038\" src=\"https:\/\/xn--judo-lbben-feb.de\/wp-content\/uploads\/2012\/10\/PICT0038-1-150x150.jpg\" alt=\"\" width=\"150\" height=\"150\" \/><\/a> <a href=\"https:\/\/xn--judo-lbben-feb.de\/wp-content\/uploads\/2012\/10\/PICT1461-2.jpg\"><img loading=\"lazy\" decoding=\"async\" class=\"alignnone size-thumbnail wp-image-1125\" title=\"PICT1461\" src=\"https:\/\/xn--judo-lbben-feb.de\/wp-content\/uploads\/2012\/10\/PICT1461-2-150x150.jpg\" alt=\"\" width=\"150\" height=\"150\" \/><\/a> <a href=\"https:\/\/xn--judo-lbben-feb.de\/wp-content\/uploads\/2012\/10\/PICT1451-1.jpg\"><img loading=\"lazy\" decoding=\"async\" class=\"alignnone size-thumbnail wp-image-1126\" title=\"PICT1451\" src=\"https:\/\/xn--judo-lbben-feb.de\/wp-content\/uploads\/2012\/10\/PICT1451-1-150x150.jpg\" alt=\"\" width=\"150\" height=\"150\" \/><\/a> <a href=\"https:\/\/xn--judo-lbben-feb.de\/wp-content\/uploads\/2012\/10\/PICT1465-1.jpg\"><img loading=\"lazy\" decoding=\"async\" class=\"alignnone size-thumbnail wp-image-1127\" title=\"PICT1465\" src=\"https:\/\/xn--judo-lbben-feb.de\/wp-content\/uploads\/2012\/10\/PICT1465-1-150x150.jpg\" alt=\"\" width=\"150\" height=\"150\" \/><\/a><\/p>\n<p style=\"text-align: center;\">Nach der Ber\u00fc\u00dfung folgte die Fallschule,<\/p>\n<p style=\"text-align: center;\"><a href=\"https:\/\/xn--judo-lbben-feb.de\/wp-content\/uploads\/2012\/10\/PICT0056-.jpg\"><img loading=\"lazy\" decoding=\"async\" class=\"alignnone size-thumbnail wp-image-1128\" title=\"PICT0056\" src=\"https:\/\/xn--judo-lbben-feb.de\/wp-content\/uploads\/2012\/10\/PICT0056--150x150.jpg\" alt=\"\" width=\"150\" height=\"150\" \/><\/a> <a href=\"https:\/\/xn--judo-lbben-feb.de\/wp-content\/uploads\/2012\/10\/PICT1476-.jpg\"><img loading=\"lazy\" decoding=\"async\" class=\"alignnone size-thumbnail wp-image-1129\" title=\"PICT1476\" src=\"https:\/\/xn--judo-lbben-feb.de\/wp-content\/uploads\/2012\/10\/PICT1476--150x150.jpg\" alt=\"\" width=\"150\" height=\"150\" \/><\/a> <a href=\"https:\/\/xn--judo-lbben-feb.de\/wp-content\/uploads\/2012\/10\/PICT0070-.jpg\"><img loading=\"lazy\" decoding=\"async\" class=\"alignnone size-thumbnail wp-image-1130\" title=\"PICT0070\" src=\"https:\/\/xn--judo-lbben-feb.de\/wp-content\/uploads\/2012\/10\/PICT0070--150x150.jpg\" alt=\"\" width=\"150\" height=\"150\" \/><\/a> <a href=\"https:\/\/xn--judo-lbben-feb.de\/wp-content\/uploads\/2012\/10\/PICT0065-.jpg\"><img loading=\"lazy\" decoding=\"async\" class=\"alignnone size-thumbnail wp-image-1135\" title=\"PICT0065\" src=\"https:\/\/xn--judo-lbben-feb.de\/wp-content\/uploads\/2012\/10\/PICT0065--150x150.jpg\" alt=\"\" width=\"150\" height=\"150\" \/><\/a> <a href=\"https:\/\/xn--judo-lbben-feb.de\/wp-content\/uploads\/2012\/10\/PICT0076-.jpg\"><img loading=\"lazy\" decoding=\"async\" class=\"alignnone size-thumbnail wp-image-1132\" title=\"PICT0076\" src=\"https:\/\/xn--judo-lbben-feb.de\/wp-content\/uploads\/2012\/10\/PICT0076--150x150.jpg\" alt=\"\" width=\"150\" height=\"150\" \/> <\/a><a href=\"https:\/\/xn--judo-lbben-feb.de\/wp-content\/uploads\/2012\/10\/PICT1475-.jpg\"><img loading=\"lazy\" decoding=\"async\" class=\"alignnone size-thumbnail wp-image-1136\" title=\"PICT1475\" src=\"https:\/\/xn--judo-lbben-feb.de\/wp-content\/uploads\/2012\/10\/PICT1475--150x150.jpg\" alt=\"\" width=\"150\" height=\"150\" \/><\/a><\/p>\n<p style=\"text-align: center;\">anschliessend wurden W\u00fcrfe und Bodentechnicken demonstriert<\/p>\n<p style=\"text-align: center;\"><a href=\"https:\/\/xn--judo-lbben-feb.de\/wp-content\/uploads\/2012\/10\/PICT0078-.jpg\"><img loading=\"lazy\" decoding=\"async\" class=\"alignnone size-thumbnail wp-image-1133\" title=\"PICT0078\" src=\"https:\/\/xn--judo-lbben-feb.de\/wp-content\/uploads\/2012\/10\/PICT0078--150x150.jpg\" alt=\"\" width=\"150\" height=\"150\" \/><\/a><a href=\"https:\/\/xn--judo-lbben-feb.de\/wp-content\/uploads\/2012\/10\/PICT1495-.jpg\"> <img loading=\"lazy\" decoding=\"async\" class=\"alignnone size-thumbnail wp-image-1131\" title=\"PICT1495\" src=\"https:\/\/xn--judo-lbben-feb.de\/wp-content\/uploads\/2012\/10\/PICT1495--150x150.jpg\" alt=\"\" width=\"150\" height=\"150\" \/><\/a> <a href=\"https:\/\/xn--judo-lbben-feb.de\/wp-content\/uploads\/2012\/10\/PICT0075-.jpg\"><img loading=\"lazy\" decoding=\"async\" class=\"alignnone size-thumbnail wp-image-1137\" title=\"PICT0075\" src=\"https:\/\/xn--judo-lbben-feb.de\/wp-content\/uploads\/2012\/10\/PICT0075--150x150.jpg\" alt=\"\" width=\"150\" height=\"150\" \/><\/a> <a href=\"https:\/\/xn--judo-lbben-feb.de\/wp-content\/uploads\/2012\/10\/PICT1507-.jpg\"><img loading=\"lazy\" decoding=\"async\" class=\"alignnone size-thumbnail wp-image-1139\" title=\"PICT1507\" src=\"https:\/\/xn--judo-lbben-feb.de\/wp-content\/uploads\/2012\/10\/PICT1507--150x150.jpg\" alt=\"\" width=\"150\" height=\"150\" \/><\/a> <a href=\"https:\/\/xn--judo-lbben-feb.de\/wp-content\/uploads\/2012\/10\/PICT0083-.jpg\"><img loading=\"lazy\" decoding=\"async\" class=\"alignnone size-thumbnail wp-image-1140\" title=\"PICT0083\" src=\"https:\/\/xn--judo-lbben-feb.de\/wp-content\/uploads\/2012\/10\/PICT0083--150x150.jpg\" alt=\"\" width=\"150\" height=\"150\" \/><\/a> <a href=\"https:\/\/xn--judo-lbben-feb.de\/wp-content\/uploads\/2012\/10\/PICT0084-.jpg\"><img loading=\"lazy\" decoding=\"async\" class=\"alignnone size-thumbnail wp-image-1141\" title=\"PICT0084\" src=\"https:\/\/xn--judo-lbben-feb.de\/wp-content\/uploads\/2012\/10\/PICT0084--150x150.jpg\" alt=\"\" width=\"150\" height=\"150\" \/><\/a><\/p>\n<p style=\"text-align: center;\">und nach der Verabschiedung der Judokas begannen unsere Ju-Jutsukas mit ihrem Programm.<\/p>\n<h2 style=\"text-align: center;\"><strong><span style=\"color: #800000;\">&#8212;&#8212;&#8212;&#8212;&#8212;&#8212;&#8212;&#8212;&#8212;&#8212;&#8212;&#8212;&#8212;&#8212;&#8212;&#8212;&#8212;&#8212;&#8212;&#8212;&#8212;&#8212;&#8212;&#8212;&#8212;&#8212;&#8212;&#8212;&#8212;&#8212;&#8212;&#8212;&#8212;&#8212;&#8212;&#8212;&#8212;&#8212;&#8212;&#8211;<\/span><\/strong><\/h2>\n<p style=\"text-align: center;\"><strong>Weihnachtsfeier im L\u00fcbbener Judoverein Kuzushi e.V 2008<\/strong><\/p>\n<p style=\"text-align: center;\">Am Samstag, dem 13.12.2008 um 13:00 Uhr begann die Weihnachtsfeier des L\u00fcbbener Judovereins \u201eKuzushi e. V.\u201c in der Turnhalle Gartengasse.<br \/>\nEs waren Tatamis und eine H\u00fcpfburg aufgebaut. Viele Eltern hatten einen Kuchen gebacken.<br \/>\nIm Rahmen der Feier wurde ein vereinsinterner Wettkampf durchgef\u00fchrt. Alle Judokas wurden in verschiedene Alters- und Gewichtsklassen eingeteilt, so dass am Ende Jeder eine Medaille erhielt. K\u00e4mpfer, welche eine Kampfpause hatten, nutzten die H\u00fcpfburg zur Erw\u00e4rmung.<br \/>\nIm Rahmen der Siegerehrung wurden auch Sportler geehrt, welche im gesamten Jahr sehr gute Leistungen zeigten. Zu den Geehrten geh\u00f6rt mit dem 1. Platz in der Wettkampfwertung Alexander Brauer, mit dem 2. Platz Jakob Liesegang, den 3. Platz erreichte Paul Nitsch. Auch wurde Sophie Ogrzewalla mit einem Pokal f\u00fcr den vorbildlichsten Judoka geehrt. Markus Szramek erhielt die Auszeichnung f\u00fcr regelm\u00e4\u00dfige Wettkampfteilnahme. Herzlichen Gl\u00fcckwunsch. Mit dem Abendbrot klang die Feier aus.<\/p>\n<p style=\"text-align: center;\"><a href=\"https:\/\/xn--judo-lbben-feb.de\/wp-content\/uploads\/2012\/10\/Weihnachtsfeier_2008.jpg\"><img loading=\"lazy\" decoding=\"async\" class=\"size-medium wp-image-479 aligncenter\" title=\"Weihnachtsfeier_2008\" src=\"https:\/\/xn--judo-lbben-feb.de\/wp-content\/uploads\/2012\/10\/Weihnachtsfeier_2008-300x209.jpg\" alt=\"\" width=\"300\" height=\"209\" \/><\/a>Einen Tag sp\u00e4ter, am Sonntag um 15:00 Uhr,\u00a0fand die Weihnachtsgala statt. Ausrichter war das Sport- und Spielmobil L\u00fcbben zusammen mit dem Judoverein \u201eKuzushi e. V.\u201c.<br \/>\nEs wurden verschiedene Stationen aufgebaut, an denen die Kinder ihre Geschicklichkeit testen\u00a0oder kleine Geschenke basteln konnten. Durch den Erwerb eines Loses konnten wertvolle Preise aus der Tombola gewonnen werden. Auch f\u00fcr das k\u00f6rperliche Wohlbefinden wurde gesorgt. Nach einer Vorf\u00fchrung des Judovereins \u201eKuzushi e. V.\u201c traf p\u00fcnktlich der Weihnachtsmann ein. Er bescherte kleine und gro\u00dfe Kinder, welche sehr zahlreich erschienen waren. Auch war wieder die H\u00fcpfburg sehr gut ausgelastet.<br \/>\nIn diesem Rahmen wird auch allen Sponsoren gedankt, welche zur Durchf\u00fchrung der Gala beitrugen.<\/p>\n<h2 style=\"text-align: center;\"><strong><span style=\"color: #800000;\">&#8212;&#8212;&#8212;&#8212;&#8212;&#8212;&#8212;&#8212;&#8212;&#8212;&#8212;&#8212;&#8212;&#8212;&#8212;&#8212;&#8212;&#8212;&#8212;&#8212;&#8212;&#8212;&#8212;&#8212;&#8212;&#8212;&#8212;&#8212;&#8212;&#8212;&#8212;&#8212;&#8212;&#8212;&#8212;&#8212;&#8212;&#8212;&#8212;&#8211;<\/span><\/strong><\/h2>\n<p style=\"text-align: center;\"><strong><em>Trainingslager Uckley<br \/>\n<\/em><\/strong><\/p>\n<p style=\"text-align: center;\">Vom 06.07.-08.07.2007 organisierte die Sektion Ju Jitsu im Trainingszentrum \u201eUckley\u201c ihr 1. Trainingslager f\u00fcr die Mitglieder des Vereins au\u00dferhalb von L\u00fcbben. Nach der meist arbeitsreichen Woche und der Anfahrt zum Trainingszentrum erfolgte am Freitag ein Vergleich in der \u201eolympischen\u201c Disziplin Tauziehen. Frauen gegen M\u00e4nner, Kinder gegen Kinder, Mannschaften gegen Mannschaften. Es war sehr anstrengend aber alle knieten sich m\u00e4chtig rein und gaben ihr Bestes. Die Schwimmhalle sorgte aber danach f\u00fcr etwas Entspannung.<\/p>\n<p style=\"text-align: center;\"><a href=\"https:\/\/xn--judo-lbben-feb.de\/wp-content\/uploads\/2012\/10\/db_DSC05744.jpg\"><img loading=\"lazy\" decoding=\"async\" class=\"alignnone size-medium wp-image-486\" title=\"db_DSC05744\" src=\"https:\/\/xn--judo-lbben-feb.de\/wp-content\/uploads\/2012\/10\/db_DSC05744-300x225.jpg\" alt=\"\" width=\"192\" height=\"145\" \/><\/a> <a href=\"https:\/\/xn--judo-lbben-feb.de\/wp-content\/uploads\/2012\/10\/db_JJ_Trainingslager_Uckley_2007__053.jpg\"><img loading=\"lazy\" decoding=\"async\" class=\"alignnone size-medium wp-image-487\" title=\"db_JJ_Trainingslager_Uckley_2007__053\" src=\"https:\/\/xn--judo-lbben-feb.de\/wp-content\/uploads\/2012\/10\/db_JJ_Trainingslager_Uckley_2007__053-300x225.jpg\" alt=\"\" width=\"192\" height=\"145\" \/><\/a> <a href=\"https:\/\/xn--judo-lbben-feb.de\/wp-content\/uploads\/2012\/10\/db_JJ_Trainingslager_Uckley_2007__093.jpg\"><img loading=\"lazy\" decoding=\"async\" class=\"alignnone size-medium wp-image-488\" title=\"db_JJ_Trainingslager_Uckley_2007__093\" src=\"https:\/\/xn--judo-lbben-feb.de\/wp-content\/uploads\/2012\/10\/db_JJ_Trainingslager_Uckley_2007__093-300x225.jpg\" alt=\"\" width=\"192\" height=\"144\" \/><\/a><br \/>\nAm Samstag reisten dann drei Gasttrainer aus einem befreundeten Verein aus Berlin an. Mit diesen f\u00fchrten wir unsere Trainingseinheiten bis ca. 16.00 Uhr \u2013 nur von einer kurzen Mittagspause unterbrochen \u2013 durch. Alle waren mit Flei\u00df und Konzentration bei der Sache, denn so hochrangige Trainer hat man nicht alle Tage vor Ort. Wir m\u00f6chten uns auf diesem Weg bei J\u00fcrgen Raffel und seinem Team bedanken. Am Abend stand dann ein gem\u00fctlicher Grillabend auf dem Programm, der das Ganze idyllisch abrundete. Trotz der fortgeschrittenen Stunde, in der die Runde sich am fr\u00fchen Morgen aufl\u00f6ste, begann das Training am Sonntag planm\u00e4\u00dfig und es wurde wieder flei\u00dfig ge\u00fcbt.<br \/>\nGegen Mittag machten wir uns wieder auf den Heimweg nach einem erfolgreichen aber wie immer zu kurzem Wochenende.<\/p>\n<h2 style=\"text-align: center;\"><strong><span style=\"color: #800000;\">&#8212;&#8212;&#8212;&#8212;&#8212;&#8212;&#8212;&#8212;&#8212;&#8212;&#8212;&#8212;&#8212;&#8212;&#8212;&#8212;&#8212;&#8212;&#8212;&#8212;&#8212;&#8212;&#8212;&#8212;&#8212;&#8212;&#8212;&#8212;&#8212;&#8212;&#8212;&#8212;&#8212;&#8212;&#8212;&#8212;&#8212;&#8212;&#8212;&#8211;<\/span><\/strong><\/h2>\n<p style=\"text-align: center;\"><strong>50. Geburtstag Kuzushi e.V., 13.06.2007<br \/>\n<\/strong><\/p>\n<p style=\"text-align: center;\">Am 30.06.2007 feierte der Judoverein \u201eKuzushi\u201ce.V. aus L\u00fcbben seinen 50. Geburtstag. Zu diesem Anlass waren alle ehemaligen und jetzigen Mitbegr\u00fcnder, Mitglieder und Sponsoren recht herzlich eingeladen. Der Verein hatte sich gut auf seine G\u00e4ste vorbereitet.<\/p>\n<p style=\"text-align: center;\"><a href=\"https:\/\/xn--judo-lbben-feb.de\/wp-content\/uploads\/2012\/10\/db_Grunder_und_Leiter1.jpg\"><img loading=\"lazy\" decoding=\"async\" class=\"alignnone size-medium wp-image-470\" title=\"db_Grunder_und_Leiter1\" src=\"https:\/\/xn--judo-lbben-feb.de\/wp-content\/uploads\/2012\/10\/db_Grunder_und_Leiter1-300x225.jpg\" alt=\"\" width=\"236\" height=\"178\" \/><\/a><em> Gr\u00fcnder Kuzushi e.V.<\/em><br \/>\nAm Nachmittag startete die Feier mit einem Wettkampf bei den Kindern. Die Vereine aus Straupitz und Dahme nahmen mit ihren Kindern daran teil. Trotzdem der \u201eWettergott\u201c nicht immer mitspielte gaben die kleinen Wettk\u00e4mpfer alles. In den Kampfpausen konnten sie die Angebote des Sport -und Spielmobil reichlich nutzen. So war die H\u00fcpfburg sehr gefragt. Die etwas gr\u00f6\u00dferen Kinder \u00fcbten sich auf Mini -Motorr\u00e4dern oder beim Bungee \u2013 Running. F\u00fcr das leibliche Wohl war am Imbissstand ausreichend gesorgt und gleich daneben konnte man bei der Tombola super Preise gewinnen. Auch die Feuerwehr trug mit einer ausfahrbaren B\u00fchne zum Gelingen der Feier bei. Zu den bewegendsten Momenten bei der Feier geh\u00f6rte sicherlich die Ehrung der Gr\u00fcnder des Vereins, ohne die der Judosport in L\u00fcbben nicht m\u00f6glich gewesen w\u00e4re.<\/p>\n<p style=\"text-align: center;\"><a href=\"https:\/\/xn--judo-lbben-feb.de\/wp-content\/uploads\/2012\/10\/db_Wettkampfer1.jpg\"><img loading=\"lazy\" decoding=\"async\" class=\"alignnone size-medium wp-image-472\" title=\"db_Wettkampfer1\" src=\"https:\/\/xn--judo-lbben-feb.de\/wp-content\/uploads\/2012\/10\/db_Wettkampfer1-300x225.jpg\" alt=\"\" width=\"176\" height=\"133\" \/><\/a> <a href=\"https:\/\/xn--judo-lbben-feb.de\/wp-content\/uploads\/2012\/10\/db_Ehrung1.jpg\"><img loading=\"lazy\" decoding=\"async\" class=\"alignnone size-medium wp-image-473\" title=\"db_Ehrung1\" src=\"https:\/\/xn--judo-lbben-feb.de\/wp-content\/uploads\/2012\/10\/db_Ehrung1-300x225.jpg\" alt=\"\" width=\"178\" height=\"134\" \/><\/a> <a href=\"https:\/\/xn--judo-lbben-feb.de\/wp-content\/uploads\/2012\/10\/db_Kuzushi_50_Jahre_vom_Feuerwehrkran1.jpg\"><img loading=\"lazy\" decoding=\"async\" class=\"alignnone size-medium wp-image-474\" title=\"db_Kuzushi_50_Jahre_vom_Feuerwehrkran1\" src=\"https:\/\/xn--judo-lbben-feb.de\/wp-content\/uploads\/2012\/10\/db_Kuzushi_50_Jahre_vom_Feuerwehrkran1-300x225.jpg\" alt=\"\" width=\"178\" height=\"134\" \/><\/a><br \/>\nIn den Wettkampfpausen zeigte Robert Hoffmann mit J\u00f6rg Rudnik die Naga no Kata sowie zwei Ju Jutsuka\u00b4s aus Berlin Selbstverteidigung mit Alltagsgegenst\u00e4nden und Waffen. Danach traten die L\u00fcbbener Cheerleader auf und begeisterten die Anwesenden mit ihrem K\u00f6nnen.<br \/>\nDie Feier war rundherum gelungen und alle Anwesende kamen auf ihre Kosten. In angeregten Gespr\u00e4chen \u00fcber die Arbeit des Vereins verging die Zeit leider viel zu schnell. Aber es wurden viele neue Kontakte gekn\u00fcpft.<\/p>\n<p style=\"text-align: center;\"><a href=\"https:\/\/xn--judo-lbben-feb.de\/wp-content\/uploads\/2012\/10\/db_Spiel_und_Spass1.jpg\"><img loading=\"lazy\" decoding=\"async\" class=\"alignnone size-medium wp-image-475\" title=\"db_Spiel_und_Spass1\" src=\"https:\/\/xn--judo-lbben-feb.de\/wp-content\/uploads\/2012\/10\/db_Spiel_und_Spass1-300x225.jpg\" alt=\"\" width=\"198\" height=\"148\" \/><\/a> <a href=\"https:\/\/xn--judo-lbben-feb.de\/wp-content\/uploads\/2012\/10\/db_Wettkampfe1.jpg\"><img loading=\"lazy\" decoding=\"async\" class=\"alignnone size-medium wp-image-476\" title=\"db_Wettkampfe1\" src=\"https:\/\/xn--judo-lbben-feb.de\/wp-content\/uploads\/2012\/10\/db_Wettkampfe1-300x225.jpg\" alt=\"\" width=\"197\" height=\"148\" \/><\/a><br \/>\nDurch sie wird es m\u00f6glich sein die Chronik zu vervollst\u00e4ndigen, die schon mit viel Zeit und M\u00fche erstellt wurde.<br \/>\nWir m\u00f6chten uns auch bei allen Helfern und Ehrenamtlichen \u201ehinter den Kulissen\u201c f\u00fcr die geleistete Arbeit bedanken und w\u00fcnschen uns auch weiterhin eine gute Zusammenarbeit<\/p>\n<h2 style=\"text-align: center;\"><strong><span style=\"color: #800000;\">&#8212;&#8212;&#8212;&#8212;&#8212;&#8212;&#8212;&#8212;&#8212;&#8212;&#8212;&#8212;&#8212;&#8212;&#8212;&#8212;&#8212;&#8212;&#8212;&#8212;&#8212;&#8212;&#8212;&#8212;&#8212;&#8212;&#8212;&#8212;&#8212;&#8212;&#8212;&#8212;&#8212;&#8212;&#8212;&#8212;&#8212;&#8212;&#8212;&#8211;<\/span><\/strong><\/h2>\n<p style=\"text-align: center;\"><strong><em>Trainingslager April 2007 in L\u00fcbben<\/em><\/strong><\/p>\n<p style=\"text-align: center;\"><strong><br \/>\n<\/strong>Mit Begeisterung haben unsere Judokas darauf gewartet, dass es endlich Wochenende wird, damit sie sich intensiv auf die bevorstehende G\u00fcrtelpr\u00fcfung vorbereiten k\u00f6nnen.<br \/>\nKurze Zeit sp\u00e4ter war es soweit.<br \/>\nDas Aufw\u00e4rmtraining begann mit einer Hainrunde und anschlie\u00dfender Gymnastik. Nach circa eineinhalb Stunden begannen die Judokas an ihren Judotechniken f\u00fcr die Kyu-Pr\u00fcfung zu feilen. F\u00fcr viele war es die erste Pr\u00fcfung dieser Art und um ihnen die Angst zu nehmen, wurde das Training mit verschiedenen Spielen immer wieder aufgelockert. Am Samstagabend\u00a0standen die ersten Vorpr\u00fcfungen an. Alle Trainer begutachteten die Leistung ihrer Sch\u00fctzlinge und gaben noch einmal letzte Tipps zu den Techniken. Jeder Judoka, der seine Vorpr\u00fcfung erfolgreich bestanden hatte, konnte anschlie\u00dfend seine Theoriekenntnisse im Judosport bei der Theoriepr\u00fcfung unter Beweis stellen und sich auf die am n\u00e4chsten Tag angelegte Kyu-Pr\u00fcfung freuen.<br \/>\nDas Sch\u00f6nste am ganzen Trainingslager war aber die \u00dcbernachtung vom Samstag zum Sonntag in der Turnhalle, wo sich alle noch einmal richtig austoben konnten. Am n\u00e4chsten Morgen, nach dem Fr\u00fchst\u00fcck, wurden alle Judokas mit Spielen auf die richtige \u201eBetriebstemperatur\u201c gebracht.<br \/>\nKurz vor 10 Uhr wurde der Startschuss f\u00fcr die ersten Kyu-Pr\u00fcfungen gegeben.<br \/>\nAlle Sportler, die zur Pr\u00fcfung zugelassen wurden, bestanden diese mit guten und sehr guten Leistungen und konnten sich anschlie\u00dfend auf ihre Urkunde und den neuen G\u00fcrtel freuen.<br \/>\nF\u00fcr alle Judokas und Trainer war das Trainingslager ein voller Erfolg.<\/p>\n<p style=\"text-align: center;\"><a href=\"https:\/\/xn--judo-lbben-feb.de\/wp-content\/uploads\/2012\/10\/Trainingslager-Gruppenbild-1.jpg\"><img loading=\"lazy\" decoding=\"async\" class=\"alignnone size-medium wp-image-1149\" title=\"Trainingslager Gruppenbild\" src=\"https:\/\/xn--judo-lbben-feb.de\/wp-content\/uploads\/2012\/10\/Trainingslager-Gruppenbild-1-300x225.jpg\" alt=\"\" width=\"235\" height=\"177\" \/><\/a> <img loading=\"lazy\" decoding=\"async\" class=\"alignnone size-medium wp-image-1148\" title=\"Trainingslager 07 006\" src=\"https:\/\/xn--judo-lbben-feb.de\/wp-content\/uploads\/2012\/10\/Trainingslager-07-006-1-300x142.jpg\" alt=\"\" width=\"378\" height=\"178\" \/> <a href=\"https:\/\/xn--judo-lbben-feb.de\/wp-content\/uploads\/2012\/10\/Trainingslager-07-019-.jpg\"><img loading=\"lazy\" decoding=\"async\" class=\"alignnone size-medium wp-image-1150\" title=\"Trainingslager 07 019\" src=\"https:\/\/xn--judo-lbben-feb.de\/wp-content\/uploads\/2012\/10\/Trainingslager-07-019--300x225.jpg\" alt=\"\" width=\"300\" height=\"225\" \/><\/a><\/p>\n<h2 style=\"text-align: center;\"><strong><span style=\"color: #800000;\">&#8212;&#8212;&#8212;&#8212;&#8212;&#8212;&#8212;&#8212;&#8212;&#8212;&#8212;&#8212;&#8212;&#8212;&#8212;&#8212;&#8212;&#8212;&#8212;&#8212;&#8212;&#8212;&#8212;&#8212;&#8212;&#8212;&#8212;&#8212;&#8212;&#8212;&#8212;&#8212;&#8212;&#8212;&#8212;&#8212;&#8212;&#8212;&#8212;&#8211;<\/span><\/strong><\/h2>\n<p style=\"text-align: center;\"><strong>1. Lehrgang unserer Abt. Jiu Jitsu 2007<br \/>\n<\/strong><\/p>\n<p style=\"text-align: center;\">Auch 2007 starten unsere K\u00e4mpfer wie gewohnt mit gro\u00dfem Elan und Kampfgeist in das neue Jahr. So veranstaltete unserer Abt. Ju-Jutsu am 13.01.2007 den 1. Lehrgang.<\/p>\n<p style=\"text-align: center;\"><a href=\"https:\/\/xn--judo-lbben-feb.de\/wp-content\/uploads\/2012\/10\/db_Bild1_Begruessung011.jpg\"><img loading=\"lazy\" decoding=\"async\" class=\"alignnone size-medium wp-image-441\" title=\"db_Bild1_Begruessung011\" src=\"https:\/\/xn--judo-lbben-feb.de\/wp-content\/uploads\/2012\/10\/db_Bild1_Begruessung011-300x199.jpg\" alt=\"\" width=\"192\" height=\"128\" \/><\/a> <a href=\"https:\/\/xn--judo-lbben-feb.de\/wp-content\/uploads\/2012\/10\/db_Bild4_Training_Uebung021.jpg\"><img loading=\"lazy\" decoding=\"async\" class=\"alignnone size-medium wp-image-442\" title=\"db_Bild4_Training_Uebung021\" src=\"https:\/\/xn--judo-lbben-feb.de\/wp-content\/uploads\/2012\/10\/db_Bild4_Training_Uebung021-300x199.jpg\" alt=\"\" width=\"192\" height=\"128\" \/><\/a> <a href=\"https:\/\/xn--judo-lbben-feb.de\/wp-content\/uploads\/2012\/10\/db_Bild7_J_Raffel_Angriff041.jpg\"><img loading=\"lazy\" decoding=\"async\" class=\"alignnone size-medium wp-image-443\" title=\"db_Bild7_J_Raffel_Angriff041\" src=\"https:\/\/xn--judo-lbben-feb.de\/wp-content\/uploads\/2012\/10\/db_Bild7_J_Raffel_Angriff041-300x199.jpg\" alt=\"\" width=\"192\" height=\"128\" \/><\/a><br \/>\nDie zahlreich erschienen K\u00e4mpfer aus verschiedenen Vereinen trainierten unter der Leitung und dem scharfen Auge von Trainer J. Raffel (7. Dan Jiu Jitsu) nicht nur mit viel Spa\u00df, sondern auch mit der notwendigen Ernsthaftigkeit, neue und alte Abwehrtechniken . Dabei konnten alle K\u00e4mpfer ihre Techniken weiter festigen und verfeinern, aber auch viele\u00a0neue Techniken\u00a0der Selbstverteidigung erlernen.<\/p>\n<p style=\"text-align: center;\"><a href=\"https:\/\/xn--judo-lbben-feb.de\/wp-content\/uploads\/2012\/10\/db_Bild12_J_Raffel_Abwehr021.jpg\"><img loading=\"lazy\" decoding=\"async\" class=\"alignnone size-medium wp-image-444\" title=\"db_Bild12_J_Raffel_Abwehr021\" src=\"https:\/\/xn--judo-lbben-feb.de\/wp-content\/uploads\/2012\/10\/db_Bild12_J_Raffel_Abwehr021-300x199.jpg\" alt=\"\" width=\"192\" height=\"126\" \/><\/a> <a href=\"https:\/\/xn--judo-lbben-feb.de\/wp-content\/uploads\/2012\/10\/db_Bild14_Training_Uebung051.jpg\"><img loading=\"lazy\" decoding=\"async\" class=\"alignnone size-medium wp-image-445\" title=\"db_Bild14_Training_Uebung051\" src=\"https:\/\/xn--judo-lbben-feb.de\/wp-content\/uploads\/2012\/10\/db_Bild14_Training_Uebung051-300x199.jpg\" alt=\"\" width=\"189\" height=\"126\" \/><\/a> <a href=\"https:\/\/xn--judo-lbben-feb.de\/wp-content\/uploads\/2012\/10\/db_Bild15_J_Raffel_Abwehr_Angriff011.jpg\"><img loading=\"lazy\" decoding=\"async\" class=\"alignnone size-medium wp-image-446\" title=\"db_Bild15_J_Raffel_Abwehr_Angriff011\" src=\"https:\/\/xn--judo-lbben-feb.de\/wp-content\/uploads\/2012\/10\/db_Bild15_J_Raffel_Abwehr_Angriff011-300x199.jpg\" alt=\"\" width=\"187\" height=\"125\" \/><\/a><br \/>\nAus den einzelnen Gespr\u00e4chen w\u00e4hrend der Pausen und auch nach dem Lehrgang konnte wieder einmal ein positives Res\u00fcmee gezogen werden. F\u00fcr K\u00e4mpfer die an diesem Tag leider nicht konnten, wird es weitere Lehrg\u00e4nge und Kurse in diesem Jahr geben.<\/p>\n<h2 style=\"text-align: center;\"><strong><span style=\"color: #800000;\">&#8212;&#8212;&#8212;&#8212;&#8212;&#8212;&#8212;&#8212;&#8212;&#8212;&#8212;&#8212;&#8212;&#8212;&#8212;&#8212;&#8212;&#8212;&#8212;&#8212;&#8212;&#8212;&#8212;&#8212;&#8212;&#8212;&#8212;&#8212;&#8212;&#8212;&#8212;&#8212;&#8212;&#8212;&#8212;&#8212;&#8212;&#8212;&#8212;&#8211;<\/span><\/strong><\/h2>\n<p style=\"text-align: center;\"><strong>3. Selbstverteidigungslehrgang &#8211; ein voller Erfolg 2005<br \/>\n<\/strong><\/p>\n<p style=\"text-align: center;\">Am 20. August fand in der Sporthalle am kleinen Hain der 3. Selbstverteidigungslehrgang f\u00fcr Anf\u00e4nger und Fortgeschrittene statt. Die zahlreich erschienenen Teilnehmer hatten die Gelegenheit, Abwehrtechniken f\u00fcr den Alltag von mehreren Meistern des Kampfsports zu lernen bzw. zu vervollkommnen. Besonderes Augenmerk lag auf der Vermittlung von Techniken f\u00fcr Frauen und M\u00e4dchen ohne Vorkenntnisse. Ihnen M\u00f6glichkeiten zu zeigen, sich\u00a0effektiv selbst zu wehren, war besonderes Anliegen der Trainer, allen voran Gro\u00dfmeister Joachim Peters, 9. Dan , Bundestrainer Kobudo WKF . Auf unterhaltsame Art und Weise zeigte er, dass Selbstverteidigung ohne viel Kraft, auch gegen vermeintlich st\u00e4rkere Gegner, sehr effektiv m\u00f6glich ist. Das Erstaunen vieler Teilnehmer war gro\u00df, und f\u00fchrte zum eifrigen \u00dcben unter fachlicher Anleitung. Seine Trainerkollegen Klaus Berg, Meister im Karate und Jens Kr\u00fcger, Ausbilder im Sicherheitsdienst, vermittelten weitere Techniken aus Ihrem reichen Erfahrungsschatz. Alle Teilnehmer waren mit viel Spa\u00df bei der Sache, so dass ein rundum positives Res\u00fcmee gezogen werden konnte. Wer leider nicht teilnehmen konnte, kann sich auf den n\u00e4chsten Lehrgang freuen. N\u00e4here Informationen dazu gibt es bei Andr\u00e9 Hannemann, Tel.: 03546\/185278.<\/p>\n<p style=\"text-align: center;\"><a href=\"https:\/\/xn--judo-lbben-feb.de\/wp-content\/uploads\/2012\/10\/db_KlausBerg_Karate_erklaert_Technik05a_original1.jpg\"><img loading=\"lazy\" decoding=\"async\" class=\"alignnone size-medium wp-image-461\" title=\"db_KlausBerg_Karate_erklaert_Technik05a_original1\" src=\"https:\/\/xn--judo-lbben-feb.de\/wp-content\/uploads\/2012\/10\/db_KlausBerg_Karate_erklaert_Technik05a_original1-300x216.jpg\" alt=\"\" width=\"187\" height=\"135\" \/><\/a> <a href=\"https:\/\/xn--judo-lbben-feb.de\/wp-content\/uploads\/2012\/10\/db_KlausBerg_Karate_erklaert_Technik04a_original1.jpg\"><img loading=\"lazy\" decoding=\"async\" class=\"alignnone size-medium wp-image-460\" title=\"db_KlausBerg_Karate_erklaert_Technik04a_original1\" src=\"https:\/\/xn--judo-lbben-feb.de\/wp-content\/uploads\/2012\/10\/db_KlausBerg_Karate_erklaert_Technik04a_original1-300x216.jpg\" alt=\"\" width=\"188\" height=\"135\" \/><\/a><br \/>\nUnser herzlicher Dank gilt den Sponsoren, ohne deren Unterst\u00fctzung diese Veranstaltung so nicht m\u00f6glich gewesen w\u00e4re. Besonderen Dank sagen wir der Mittelbrandenburgischen Sparkasse in\u00a0Potsdam, der Fahrschule Dieter Zimmermann sowie der Sert\u00fcrner Apotheke.<br \/>\n<a href=\"https:\/\/xn--judo-lbben-feb.de\/wp-content\/uploads\/2012\/10\/db_Auszeichnung_bestanden021.jpg\"><img loading=\"lazy\" decoding=\"async\" class=\"alignnone size-medium wp-image-450\" title=\"db_Auszeichnung_bestanden021\" src=\"https:\/\/xn--judo-lbben-feb.de\/wp-content\/uploads\/2012\/10\/db_Auszeichnung_bestanden021-300x216.jpg\" alt=\"\" width=\"144\" height=\"104\" \/><\/a> <a href=\"https:\/\/xn--judo-lbben-feb.de\/wp-content\/uploads\/2012\/10\/db_Auszeichnung_bestanden041.jpg\"><img loading=\"lazy\" decoding=\"async\" class=\"alignnone size-medium wp-image-451\" title=\"db_Auszeichnung_bestanden041\" src=\"https:\/\/xn--judo-lbben-feb.de\/wp-content\/uploads\/2012\/10\/db_Auszeichnung_bestanden041-300x216.jpg\" alt=\"\" width=\"144\" height=\"104\" \/><\/a> <a href=\"https:\/\/xn--judo-lbben-feb.de\/wp-content\/uploads\/2012\/10\/db_Die_Trainer_stellen_sich_vor03_original1.jpg\"><img loading=\"lazy\" decoding=\"async\" class=\"alignnone size-medium wp-image-452\" title=\"db_Die_Trainer_stellen_sich_vor03_original1\" src=\"https:\/\/xn--judo-lbben-feb.de\/wp-content\/uploads\/2012\/10\/db_Die_Trainer_stellen_sich_vor03_original1-300x216.jpg\" alt=\"\" width=\"145\" height=\"105\" \/><\/a> <a href=\"https:\/\/xn--judo-lbben-feb.de\/wp-content\/uploads\/2012\/10\/db_Erwaermung031.jpg\"><img loading=\"lazy\" decoding=\"async\" class=\"alignnone size-medium wp-image-453\" title=\"db_Erwaermung031\" src=\"https:\/\/xn--judo-lbben-feb.de\/wp-content\/uploads\/2012\/10\/db_Erwaermung031-300x216.jpg\" alt=\"\" width=\"143\" height=\"105\" \/><\/a><br \/>\nMit der nachfolgende Dia-Reihe m\u00f6chten wir euch einen kurzen Einblick von diesem Tag (vom Mattenaufbau, der Begr\u00fc\u00dfung, den \u00dcbungseinheiten mit den Trainern \u00fcber Auflockerungen, Pause und Auszeichnungen) geben sowie den positiven Eindruck aller Teilnehmer vermitteln. Ihr seid hoffentlich beim n\u00e4chsten Lehrgang dabei.<\/p>\n<p style=\"text-align: center;\"><a href=\"https:\/\/xn--judo-lbben-feb.de\/wp-content\/uploads\/2012\/10\/db_JoachimPeters_zeigt_Bodentechnik01b_original1.jpg\"><img loading=\"lazy\" decoding=\"async\" class=\"alignnone size-medium wp-image-454\" title=\"db_JoachimPeters_zeigt_Bodentechnik01b_original1\" src=\"https:\/\/xn--judo-lbben-feb.de\/wp-content\/uploads\/2012\/10\/db_JoachimPeters_zeigt_Bodentechnik01b_original1-300x216.jpg\" alt=\"\" width=\"144\" height=\"103\" \/><\/a> <a href=\"https:\/\/xn--judo-lbben-feb.de\/wp-content\/uploads\/2012\/10\/db_JoachimPeters_zeigt_StockTechnik01a_original1.jpg\"><img loading=\"lazy\" decoding=\"async\" class=\"alignnone size-medium wp-image-455\" title=\"db_JoachimPeters_zeigt_StockTechnik01a_original1\" src=\"https:\/\/xn--judo-lbben-feb.de\/wp-content\/uploads\/2012\/10\/db_JoachimPeters_zeigt_StockTechnik01a_original1-300x216.jpg\" alt=\"\" width=\"144\" height=\"104\" \/><\/a> <a href=\"https:\/\/xn--judo-lbben-feb.de\/wp-content\/uploads\/2012\/10\/db_JoachimPeters_zeigt_StockTechnik02a_original11.jpg\"><img loading=\"lazy\" decoding=\"async\" class=\"alignnone size-medium wp-image-457\" title=\"db_JoachimPeters_zeigt_StockTechnik02a_original1\" src=\"https:\/\/xn--judo-lbben-feb.de\/wp-content\/uploads\/2012\/10\/db_JoachimPeters_zeigt_StockTechnik02a_original11-300x216.jpg\" alt=\"\" width=\"144\" height=\"104\" \/><\/a> <a href=\"https:\/\/xn--judo-lbben-feb.de\/wp-content\/uploads\/2012\/10\/db_KlausBerg_Karate_erklaert_Technik03b_original1.jpg\"><img loading=\"lazy\" decoding=\"async\" class=\"alignnone size-medium wp-image-458\" title=\"db_KlausBerg_Karate_erklaert_Technik03b_original1\" src=\"https:\/\/xn--judo-lbben-feb.de\/wp-content\/uploads\/2012\/10\/db_KlausBerg_Karate_erklaert_Technik03b_original1-300x216.jpg\" alt=\"\" width=\"147\" height=\"105\" \/><\/a><\/p>\n<h2 style=\"text-align: center;\"><strong><span style=\"color: #800000;\">&#8212;&#8212;&#8212;&#8212;&#8212;&#8212;&#8212;&#8212;&#8212;&#8212;&#8212;&#8212;&#8212;&#8212;&#8212;&#8212;&#8212;&#8212;&#8212;&#8212;&#8212;&#8212;&#8212;&#8212;&#8212;&#8212;&#8212;&#8212;&#8212;&#8212;&#8212;&#8212;&#8212;&#8212;&#8212;&#8212;&#8212;&#8212;&#8212;&#8211;<\/span><\/strong><\/h2>\n<p style=\"text-align: center;\"><strong><em>Trainingslager 2005 !!!<\/em><\/strong><\/p>\n<p style=\"text-align: center;\">Vom 16.7.05 \u2013 22.07.05 f\u00fchrte unser Judoverein ein Trainingslager am Helenesee im Eurocamp durch. Es nahmen 15 Kinder und Jugendliche daran teil. Die 3 Betreuer boten ein umfangreiches Programm an. H\u00f6hepunkte neben dem Training waren das Tischtennisturnier, welches Kai Bartoszek knapp vor Robert Lehmann und Tommes Klose gewann. Auch standen wieder Kino, baden, eine Paddelboottour, Besuch einer Strau\u00dfenfarm, Bowling sowie ein Sportfest auf dem Programm. Am Abend radelten wir immer (wenn es nicht regnete) um den Helenesee. Leider war uns der Wettergott nicht immer hold und tr\u00fcbte manchmal etwas die Stimmung. Insgesamt war es aber ein gelungenes Trainingslager f\u00fcr alle Kinder. N\u00e4chstes Jahr wollen alle wieder am Trainingslager teilnehmen.<\/p>\n<h2 style=\"text-align: center;\"><strong><span style=\"color: #800000;\">&#8212;&#8212;&#8212;&#8212;&#8212;&#8212;&#8212;&#8212;&#8212;&#8212;&#8212;&#8212;&#8212;&#8212;&#8212;&#8212;&#8212;&#8212;&#8212;&#8212;&#8212;&#8212;&#8212;&#8212;&#8212;&#8212;&#8212;&#8212;&#8212;&#8212;&#8212;&#8212;&#8212;&#8212;&#8212;&#8212;&#8212;&#8212;&#8212;&#8211;<\/span><\/strong><\/h2>\n<p style=\"text-align: center;\"><strong>2. Schnupperkurs in Selbstverteidigung &#8211; ein voller Erfolg 2004<br \/>\n<\/strong><br \/>\nAm 30.10.2004 fand in der L\u00fcbbener Realschule unser zweiter Kurs in Selbstverteidigung statt. Mit rund 20 Teilnehmern, bestehend aus Anf\u00e4ngern und Fortgeschrittenen beider Geschlechter, konnten wir f\u00fcr uns ein doch beachtliches Interesse am Erlernen von Selbstverteidigung vernehmen, und werden dies in Zukunft weiter ausbauen. F\u00fcr die angenehme Atmosph\u00e4re sorgten Bundestrainer Joachim Peters, Tr\u00e4ger des 8. Dan Jiu-Jistu und sein langj\u00e4hriger Partner Eckhard Lesage, Tr\u00e4ger 4. Dan Kobudo. Beide Trainer vermittelten an diesem Tag, mit Feingef\u00fchl und auch dem einen und anderen Sp\u00e4\u00dfchen, den Anf\u00e4ngern eine Anzahl von Techniken f\u00fcr den t\u00e4glichen Gebrauch und den Fortgeschrittenen viele neue Techniken. Mit einer ersten Einweisung in die asiatische Massage (Shiatsu), was alle Teilnehmer sehr genossen haben, ging der Kurs dem Ende entgegen.<\/p>\n<p style=\"text-align: center;\"><a href=\"https:\/\/xn--judo-lbben-feb.de\/wp-content\/uploads\/2012\/10\/db_kurs301004gruppe_021.jpg\"><img loading=\"lazy\" decoding=\"async\" class=\"alignnone size-medium wp-image-464\" title=\"db_kurs301004gruppe_021\" src=\"https:\/\/xn--judo-lbben-feb.de\/wp-content\/uploads\/2012\/10\/db_kurs301004gruppe_021-300x224.jpg\" alt=\"\" width=\"145\" height=\"105\" \/><\/a> <a href=\"https:\/\/xn--judo-lbben-feb.de\/wp-content\/uploads\/2012\/10\/db_kurs301004trainer_011.jpg\"><img loading=\"lazy\" decoding=\"async\" class=\"alignnone size-medium wp-image-465\" title=\"db_kurs301004trainer_011\" src=\"https:\/\/xn--judo-lbben-feb.de\/wp-content\/uploads\/2012\/10\/db_kurs301004trainer_011-300x225.jpg\" alt=\"\" width=\"140\" height=\"106\" \/><\/a> <a href=\"https:\/\/xn--judo-lbben-feb.de\/wp-content\/uploads\/2012\/10\/db_kurs301004training_051.jpg\"><img loading=\"lazy\" decoding=\"async\" class=\"alignnone size-medium wp-image-466\" title=\"db_kurs301004training_051\" src=\"https:\/\/xn--judo-lbben-feb.de\/wp-content\/uploads\/2012\/10\/db_kurs301004training_051-300x224.jpg\" alt=\"\" width=\"141\" height=\"106\" \/><\/a> <a href=\"https:\/\/xn--judo-lbben-feb.de\/wp-content\/uploads\/2012\/10\/db_kurs301004training_061.jpg\"><img loading=\"lazy\" decoding=\"async\" class=\"alignnone size-medium wp-image-467\" title=\"db_kurs301004training_061\" src=\"https:\/\/xn--judo-lbben-feb.de\/wp-content\/uploads\/2012\/10\/db_kurs301004training_061-300x224.jpg\" alt=\"\" width=\"141\" height=\"107\" \/><\/a><br \/>\nViele Teilnehmer brachten dann in Gespr\u00e4chen, nach dem Kurs, Ihre Begeisterung von diesem Tag zum Ausdruck und erkundigten sich nach weiteren Kursen. Vor allem unsere weiblichen Teilnehmer waren sehr positiv beeindruckt, wie leicht manst\u00e4rkere Angreifer abwehren kann. Auch Joachim Peters und Eckhard Lesage waren von diesem Samstag begeistert und erkl\u00e4rten sich bereit, weitere Kurse (auch im Shiatsu) in unserem Verein durchzuf\u00fchren.<\/p>\n","protected":false},"excerpt":{"rendered":"<p>Spreewaldpokal 2018 \u00a0 \u00a0 1. Trainingslager 6.\/7.01.2018 Weihnachtsfeier 2017 60 Jahre Judo in L\u00fcbben &#8211; 01. Juli 2017 Wanderwochenende Bad Schandau 5.-7. Mai 2017 Anreisetag: Wandertag: Abreisetag: Weihnachtsfeier 2016 \u00a0 Ferienfahrt nach Ueckerm\u00fcnde Tag 1 Heute ging es nun endlich los, die Ferienfahrt nach Ueckerm\u00fcnde startete wie vereinbart p\u00fcnktlich um 09:30 Uhr ab unserer Turnhalle. [&hellip;]<\/p>\n","protected":false},"author":1,"featured_media":0,"parent":200,"menu_order":0,"comment_status":"closed","ping_status":"open","template":"","meta":{"_et_pb_use_builder":"","_et_pb_old_content":"","_et_gb_content_width":"","footnotes":""},"class_list":["post-46","page","type-page","status-publish","hentry"],"_links":{"self":[{"href":"https:\/\/xn--judo-lbben-feb.de\/index.php?rest_route=\/wp\/v2\/pages\/46","targetHints":{"allow":["GET"]}}],"collection":[{"href":"https:\/\/xn--judo-lbben-feb.de\/index.php?rest_route=\/wp\/v2\/pages"}],"about":[{"href":"https:\/\/xn--judo-lbben-feb.de\/index.php?rest_route=\/wp\/v2\/types\/page"}],"author":[{"embeddable":true,"href":"https:\/\/xn--judo-lbben-feb.de\/index.php?rest_route=\/wp\/v2\/users\/1"}],"replies":[{"embeddable":true,"href":"https:\/\/xn--judo-lbben-feb.de\/index.php?rest_route=%2Fwp%2Fv2%2Fcomments&post=46"}],"version-history":[{"count":74,"href":"https:\/\/xn--judo-lbben-feb.de\/index.php?rest_route=\/wp\/v2\/pages\/46\/revisions"}],"predecessor-version":[{"id":17829,"href":"https:\/\/xn--judo-lbben-feb.de\/index.php?rest_route=\/wp\/v2\/pages\/46\/revisions\/17829"}],"up":[{"embeddable":true,"href":"https:\/\/xn--judo-lbben-feb.de\/index.php?rest_route=\/wp\/v2\/pages\/200"}],"wp:attachment":[{"href":"https:\/\/xn--judo-lbben-feb.de\/index.php?rest_route=%2Fwp%2Fv2%2Fmedia&parent=46"}],"curies":[{"name":"wp","href":"https:\/\/api.w.org\/{rel}","templated":true}]}}