{"id":208,"date":"2012-10-29T19:49:12","date_gmt":"2012-10-29T19:49:12","guid":{"rendered":"http:\/\/xn--judo-lbben-feb.de\/?page_id=208"},"modified":"2019-01-13T09:36:38","modified_gmt":"2019-01-13T08:36:38","slug":"spreewaldpokal-2013","status":"publish","type":"page","link":"https:\/\/xn--judo-lbben-feb.de\/?page_id=208","title":{"rendered":"Spreewaldpokal 2013"},"content":{"rendered":"<p style=\"text-align: center;\"><strong>Vom 16.03. bis zum 17.03.2013 fand der Spreewaldpokal in der L\u00fcbbener Mehrzweckhalle statt.<\/strong><\/p>\n<p style=\"text-align: center;\"><a href=\"https:\/\/xn--judo-lbben-feb.de\/wp-content\/uploads\/2012\/10\/DSC01633-.jpg\"><img loading=\"lazy\" decoding=\"async\" class=\"alignnone wp-image-1564\" title=\"DSC01633\" src=\"https:\/\/xn--judo-lbben-feb.de\/wp-content\/uploads\/2012\/10\/DSC01633--300x65.jpg\" alt=\"\" width=\"293\" height=\"65\"><\/a><a href=\"https:\/\/xn--judo-lbben-feb.de\/wp-content\/uploads\/2012\/10\/DSC01699-.jpg\">&nbsp; <\/a><a href=\"https:\/\/xn--judo-lbben-feb.de\/wp-content\/uploads\/2012\/10\/Logo-e1352709444903.jpg\"><img loading=\"lazy\" decoding=\"async\" class=\"alignnone wp-image-199\" title=\"Logo\" src=\"https:\/\/xn--judo-lbben-feb.de\/wp-content\/uploads\/2012\/10\/Logo-298x300.jpg\" alt=\"\" width=\"67\" height=\"67\"><\/a><a href=\"https:\/\/xn--judo-lbben-feb.de\/wp-content\/uploads\/2012\/10\/DSC01699-.jpg\">&nbsp; <img loading=\"lazy\" decoding=\"async\" class=\"alignnone size-medium wp-image-1565\" title=\"DSC01699\" src=\"https:\/\/xn--judo-lbben-feb.de\/wp-content\/uploads\/2012\/10\/DSC01699--300x65.jpg\" alt=\"\" width=\"300\" height=\"65\"><\/a><\/p>\n<p>Der Vorstand m\u00f6chte sich zun\u00e4chst bei allen flei\u00dfigen Helfern bedanken, die u.a. am Freitag Abend&nbsp; die Matten aufgebaut haben, Samstag und Sonntag unsere Sportler betreut haben, an den Kari-Tafeln sa\u00dfen, das Buffet mit leckeren Sachen beliefert haben, das Wiegen \u00fcbernommen haben und und&#8230;.<\/p>\n<p style=\"text-align: center;\"><a href=\"https:\/\/xn--judo-lbben-feb.de\/wp-content\/uploads\/2012\/10\/DSC01613-.jpg\"><img loading=\"lazy\" decoding=\"async\" class=\"alignnone wp-image-1577\" title=\"DSC01613\" src=\"https:\/\/xn--judo-lbben-feb.de\/wp-content\/uploads\/2012\/10\/DSC01613--300x225.jpg\" alt=\"\" width=\"142\" height=\"106\"><\/a>&nbsp; <a href=\"https:\/\/xn--judo-lbben-feb.de\/wp-content\/uploads\/2012\/10\/DSC01618-.jpg\"><img loading=\"lazy\" decoding=\"async\" class=\"alignnone wp-image-1578\" title=\"DSC01618\" src=\"https:\/\/xn--judo-lbben-feb.de\/wp-content\/uploads\/2012\/10\/DSC01618--300x225.jpg\" alt=\"\" width=\"140\" height=\"106\"><\/a>&nbsp; <a href=\"https:\/\/xn--judo-lbben-feb.de\/wp-content\/uploads\/2012\/10\/DSC01620-.jpg\"><img loading=\"lazy\" decoding=\"async\" class=\"alignnone wp-image-1579\" title=\"DSC01620\" src=\"https:\/\/xn--judo-lbben-feb.de\/wp-content\/uploads\/2012\/10\/DSC01620--300x225.jpg\" alt=\"\" width=\"141\" height=\"107\"><\/a>&nbsp; <a href=\"https:\/\/xn--judo-lbben-feb.de\/wp-content\/uploads\/2012\/10\/DSC01622-.jpg\"><img loading=\"lazy\" decoding=\"async\" class=\"alignnone wp-image-1580\" title=\"DSC01622\" src=\"https:\/\/xn--judo-lbben-feb.de\/wp-content\/uploads\/2012\/10\/DSC01622--300x225.jpg\" alt=\"\" width=\"141\" height=\"106\"><\/a>&nbsp; <a href=\"https:\/\/xn--judo-lbben-feb.de\/wp-content\/uploads\/2012\/10\/DSC01621-.jpg\"><img loading=\"lazy\" decoding=\"async\" class=\"alignnone wp-image-1581\" title=\"DSC01621\" src=\"https:\/\/xn--judo-lbben-feb.de\/wp-content\/uploads\/2012\/10\/DSC01621--300x225.jpg\" alt=\"\" width=\"141\" height=\"106\"><\/a><\/p>\n<p style=\"text-align: center;\"><strong>OHNE EUCH w\u00e4re das Turnier nicht m\u00f6glich gewesen!<\/strong><\/p>\n<p class=\"MsoNoSpacing\">Eng war die Vorbereitungszeit und mit Hochdruck wurden Helfer gesucht, um den Wettkampf vorzubereiten und durchzuf\u00fchren. Dem<span style=\"mso-spacerun: yes;\">&nbsp; <\/span>ordnungsgem\u00e4\u00dfen Ablauf stand nichts mehr im Wege und so wurden am 16.\/17.03.2013 ca. 400 Wettk\u00e4mpfer erwartet. Wie auch im vergangenen Jahr sanken durch die aktuelle Grippewelle die Teilnahmerzahlen.<\/p>\n<p class=\"MsoNoSpacing\">Insgesamt lag die Teilnehmerzahl bei 316 und<span style=\"mso-spacerun: yes;\">&nbsp; <\/span>26 Vereinen.<\/p>\n<p class=\"MsoNoSpacing\">Mit Gummib\u00e4rchen beladene Pokale gingen am Samstag und Sonntag an die besten Mannschaften.<\/p>\n<p class=\"MsoNoSpacing\">Die gute Organisation und Wettkampfst\u00e4tte wurde von Teilnehmern und Kampfrichtern gelobt.<\/p>\n<p class=\"MsoNoSpacing\">Das Buffet war in diesem Jahr besonders \u00fcppig und so gab es gerade am Samstag lange Schlangen an dem Versorgungsstand und die Helfer schwitzen hier ebenso, wie die Wettk\u00e4mpfer in der Halle.<\/p>\n<p style=\"text-align: center;\">Die Judoka unsers Vereines konnten wieder mit super Ergebnissen gegen starke Konkurenz gl\u00e4nzen und holten<\/p>\n<p style=\"text-align: center;\"><strong>sieben 1. Pl\u00e4tze <\/strong>durch<\/p>\n<p style=\"text-align: center;\"><strong><a href=\"https:\/\/xn--judo-lbben-feb.de\/wp-content\/uploads\/2012\/10\/15167829-goldmedaille-darstellung.jpg\"><img loading=\"lazy\" decoding=\"async\" title=\"15167829-goldmedaille-darstellung\" src=\"https:\/\/xn--judo-lbben-feb.de\/wp-content\/uploads\/2012\/10\/15167829-goldmedaille-darstellung.jpg\" alt=\"\" width=\"45\" height=\"60\"><\/a><br \/>\n<\/strong><\/p>\n<p style=\"text-align: center;\">Elisa Rudnik;&nbsp; Jasmin Richter; Miriam Stoye; Angelina Wilke; Maximilian Huhn; Matthew Wilke und Paul Nitsch, ECHT SUPER!<\/p>\n<p style=\"text-align: center;\"><a href=\"https:\/\/xn--judo-lbben-feb.de\/wp-content\/uploads\/2012\/10\/DSC01693-.jpg\"><img loading=\"lazy\" decoding=\"async\" class=\"alignnone size-medium wp-image-1574\" title=\"DSC01693\" src=\"https:\/\/xn--judo-lbben-feb.de\/wp-content\/uploads\/2012\/10\/DSC01693--300x225.jpg\" alt=\"\" width=\"300\" height=\"225\"><\/a>&nbsp; <a href=\"https:\/\/xn--judo-lbben-feb.de\/wp-content\/uploads\/2012\/10\/DSC01724-.jpg\"><img loading=\"lazy\" decoding=\"async\" class=\"alignnone size-medium wp-image-1575\" title=\"DSC01724\" src=\"https:\/\/xn--judo-lbben-feb.de\/wp-content\/uploads\/2012\/10\/DSC01724--300x225.jpg\" alt=\"\" width=\"300\" height=\"225\"><\/a><\/p>\n<p style=\"text-align: center;\"><a href=\"https:\/\/xn--judo-lbben-feb.de\/wp-content\/uploads\/2012\/10\/DSC01623-.jpg\"><img loading=\"lazy\" decoding=\"async\" class=\"alignnone wp-image-1663\" title=\"DSC01623\" src=\"https:\/\/xn--judo-lbben-feb.de\/wp-content\/uploads\/2012\/10\/DSC01623--300x225.jpg\" alt=\"\" width=\"126\" height=\"94\"><\/a>&nbsp; <a href=\"https:\/\/xn--judo-lbben-feb.de\/wp-content\/uploads\/2012\/10\/DSC01629-.jpg\"><img loading=\"lazy\" decoding=\"async\" class=\"alignnone wp-image-1664\" title=\"DSC01629\" src=\"https:\/\/xn--judo-lbben-feb.de\/wp-content\/uploads\/2012\/10\/DSC01629--300x225.jpg\" alt=\"\" width=\"125\" height=\"95\"><\/a>&nbsp; <a href=\"https:\/\/xn--judo-lbben-feb.de\/wp-content\/uploads\/2012\/10\/DSC01634-.jpg\"><img loading=\"lazy\" decoding=\"async\" class=\"alignnone wp-image-1665\" title=\"DSC01634\" src=\"https:\/\/xn--judo-lbben-feb.de\/wp-content\/uploads\/2012\/10\/DSC01634--300x225.jpg\" alt=\"\" width=\"125\" height=\"95\"><\/a>&nbsp; <a href=\"https:\/\/xn--judo-lbben-feb.de\/wp-content\/uploads\/2012\/10\/DSC01635-.jpg\"><img loading=\"lazy\" decoding=\"async\" class=\"alignnone wp-image-1666\" title=\"DSC01635\" src=\"https:\/\/xn--judo-lbben-feb.de\/wp-content\/uploads\/2012\/10\/DSC01635--300x225.jpg\" alt=\"\" width=\"125\" height=\"94\"><\/a>&nbsp; <a href=\"https:\/\/xn--judo-lbben-feb.de\/wp-content\/uploads\/2012\/10\/DSC01643-.jpg\"><img loading=\"lazy\" decoding=\"async\" class=\"alignnone wp-image-1667\" title=\"DSC01643\" src=\"https:\/\/xn--judo-lbben-feb.de\/wp-content\/uploads\/2012\/10\/DSC01643--300x225.jpg\" alt=\"\" width=\"125\" height=\"94\"><\/a>&nbsp; <a href=\"https:\/\/xn--judo-lbben-feb.de\/wp-content\/uploads\/2012\/10\/DSC01645-.jpg\"><img loading=\"lazy\" decoding=\"async\" class=\"alignnone wp-image-1669\" title=\"DSC01645\" src=\"https:\/\/xn--judo-lbben-feb.de\/wp-content\/uploads\/2012\/10\/DSC01645--300x225.jpg\" alt=\"\" width=\"126\" height=\"94\"><\/a>&nbsp; <a href=\"https:\/\/xn--judo-lbben-feb.de\/wp-content\/uploads\/2012\/10\/DSC01647-.jpg\"><img loading=\"lazy\" decoding=\"async\" class=\"alignnone wp-image-1671\" title=\"DSC01647\" src=\"https:\/\/xn--judo-lbben-feb.de\/wp-content\/uploads\/2012\/10\/DSC01647--300x225.jpg\" alt=\"\" width=\"125\" height=\"94\"><\/a>&nbsp; <a href=\"https:\/\/xn--judo-lbben-feb.de\/wp-content\/uploads\/2012\/10\/DSC01648-.jpg\"><img loading=\"lazy\" decoding=\"async\" class=\"alignnone wp-image-1673\" title=\"DSC01648\" src=\"https:\/\/xn--judo-lbben-feb.de\/wp-content\/uploads\/2012\/10\/DSC01648--300x225.jpg\" alt=\"\" width=\"125\" height=\"94\"><\/a>&nbsp; <a href=\"https:\/\/xn--judo-lbben-feb.de\/wp-content\/uploads\/2012\/10\/DSC01649-.jpg\"><img loading=\"lazy\" decoding=\"async\" class=\"alignnone wp-image-1674\" title=\"DSC01649\" src=\"https:\/\/xn--judo-lbben-feb.de\/wp-content\/uploads\/2012\/10\/DSC01649--300x225.jpg\" alt=\"\" width=\"125\" height=\"94\"><\/a>&nbsp; <a href=\"https:\/\/xn--judo-lbben-feb.de\/wp-content\/uploads\/2012\/10\/DSC01655-.jpg\"><img loading=\"lazy\" decoding=\"async\" class=\"alignnone wp-image-1675\" title=\"DSC01655\" src=\"https:\/\/xn--judo-lbben-feb.de\/wp-content\/uploads\/2012\/10\/DSC01655--300x225.jpg\" alt=\"\" width=\"125\" height=\"94\"><\/a>&nbsp; <a href=\"https:\/\/xn--judo-lbben-feb.de\/wp-content\/uploads\/2012\/10\/DSC01662-.jpg\"><img loading=\"lazy\" decoding=\"async\" class=\"alignnone wp-image-1676\" title=\"DSC01662\" src=\"https:\/\/xn--judo-lbben-feb.de\/wp-content\/uploads\/2012\/10\/DSC01662--300x225.jpg\" alt=\"\" width=\"125\" height=\"94\"><\/a>&nbsp; <a href=\"https:\/\/xn--judo-lbben-feb.de\/wp-content\/uploads\/2012\/10\/DSC01665-.jpg\"><img loading=\"lazy\" decoding=\"async\" class=\"alignnone wp-image-1677\" title=\"DSC01665\" src=\"https:\/\/xn--judo-lbben-feb.de\/wp-content\/uploads\/2012\/10\/DSC01665--300x225.jpg\" alt=\"\" width=\"125\" height=\"94\"><\/a>&nbsp; <a href=\"https:\/\/xn--judo-lbben-feb.de\/wp-content\/uploads\/2012\/10\/DSC01667-.jpg\"><img loading=\"lazy\" decoding=\"async\" class=\"alignnone wp-image-1679\" title=\"DSC01667\" src=\"https:\/\/xn--judo-lbben-feb.de\/wp-content\/uploads\/2012\/10\/DSC01667--300x225.jpg\" alt=\"\" width=\"125\" height=\"93\"><\/a><\/p>\n<p style=\"text-align: center;\"><a href=\"https:\/\/xn--judo-lbben-feb.de\/wp-content\/uploads\/2012\/10\/DSC01674-.jpg\"><img loading=\"lazy\" decoding=\"async\" class=\"alignnone wp-image-1681\" title=\"DSC01674\" src=\"https:\/\/xn--judo-lbben-feb.de\/wp-content\/uploads\/2012\/10\/DSC01674--300x225.jpg\" alt=\"\" width=\"125\" height=\"94\"><\/a>&nbsp; <a href=\"https:\/\/xn--judo-lbben-feb.de\/wp-content\/uploads\/2012\/10\/DSC01677-.jpg\"><img loading=\"lazy\" decoding=\"async\" class=\"alignnone wp-image-1682\" title=\"DSC01677\" src=\"https:\/\/xn--judo-lbben-feb.de\/wp-content\/uploads\/2012\/10\/DSC01677--300x225.jpg\" alt=\"\" width=\"125\" height=\"94\"><\/a>&nbsp; <a href=\"https:\/\/xn--judo-lbben-feb.de\/wp-content\/uploads\/2012\/10\/DSC01679-.jpg\"><img loading=\"lazy\" decoding=\"async\" class=\"alignnone wp-image-1683\" title=\"DSC01679\" src=\"https:\/\/xn--judo-lbben-feb.de\/wp-content\/uploads\/2012\/10\/DSC01679--300x225.jpg\" alt=\"\" width=\"125\" height=\"94\"><\/a>&nbsp; <a href=\"https:\/\/xn--judo-lbben-feb.de\/wp-content\/uploads\/2012\/10\/DSC01680-.jpg\"><img loading=\"lazy\" decoding=\"async\" class=\"alignnone wp-image-1685\" title=\"DSC01680\" src=\"https:\/\/xn--judo-lbben-feb.de\/wp-content\/uploads\/2012\/10\/DSC01680--300x225.jpg\" alt=\"\" width=\"125\" height=\"94\"><\/a>&nbsp; <a href=\"https:\/\/xn--judo-lbben-feb.de\/wp-content\/uploads\/2012\/10\/DSC01683-.jpg\"><img loading=\"lazy\" decoding=\"async\" class=\"alignnone wp-image-1686\" title=\"DSC01683\" src=\"https:\/\/xn--judo-lbben-feb.de\/wp-content\/uploads\/2012\/10\/DSC01683--300x225.jpg\" alt=\"\" width=\"125\" height=\"94\"><\/a>&nbsp; <a href=\"https:\/\/xn--judo-lbben-feb.de\/wp-content\/uploads\/2012\/10\/DSC01687-.jpg\"><img loading=\"lazy\" decoding=\"async\" class=\"alignnone wp-image-1687\" title=\"DSC01687\" src=\"https:\/\/xn--judo-lbben-feb.de\/wp-content\/uploads\/2012\/10\/DSC01687--300x225.jpg\" alt=\"\" width=\"125\" height=\"94\"><\/a>&nbsp; <a href=\"https:\/\/xn--judo-lbben-feb.de\/wp-content\/uploads\/2012\/10\/DSC01689-.jpg\"><img loading=\"lazy\" decoding=\"async\" class=\"alignnone wp-image-1689\" title=\"DSC01689\" src=\"https:\/\/xn--judo-lbben-feb.de\/wp-content\/uploads\/2012\/10\/DSC01689--300x225.jpg\" alt=\"\" width=\"125\" height=\"93\"><\/a>&nbsp; <a href=\"https:\/\/xn--judo-lbben-feb.de\/wp-content\/uploads\/2012\/10\/DSC01700-.jpg\"><img loading=\"lazy\" decoding=\"async\" class=\"alignnone wp-image-1690\" title=\"DSC01700\" src=\"https:\/\/xn--judo-lbben-feb.de\/wp-content\/uploads\/2012\/10\/DSC01700--300x225.jpg\" alt=\"\" width=\"125\" height=\"94\"><\/a>&nbsp; <a href=\"https:\/\/xn--judo-lbben-feb.de\/wp-content\/uploads\/2012\/10\/DSC01701-.jpg\"><img loading=\"lazy\" decoding=\"async\" class=\"alignnone wp-image-1691\" title=\"DSC01701\" src=\"https:\/\/xn--judo-lbben-feb.de\/wp-content\/uploads\/2012\/10\/DSC01701--300x225.jpg\" alt=\"\" width=\"125\" height=\"94\"><\/a>&nbsp; <a href=\"https:\/\/xn--judo-lbben-feb.de\/wp-content\/uploads\/2012\/10\/DSC01708-.jpg\"><img loading=\"lazy\" decoding=\"async\" class=\"alignnone wp-image-1692\" title=\"DSC01708\" src=\"https:\/\/xn--judo-lbben-feb.de\/wp-content\/uploads\/2012\/10\/DSC01708--300x225.jpg\" alt=\"\" width=\"125\" height=\"94\"><\/a>&nbsp; <a href=\"https:\/\/xn--judo-lbben-feb.de\/wp-content\/uploads\/2012\/10\/DSC01719-.jpg\"><img loading=\"lazy\" decoding=\"async\" class=\"alignnone wp-image-1693\" title=\"DSC01719\" src=\"https:\/\/xn--judo-lbben-feb.de\/wp-content\/uploads\/2012\/10\/DSC01719--300x225.jpg\" alt=\"\" width=\"125\" height=\"94\"><\/a><\/p>\n<p style=\"text-align: center;\"><a href=\"https:\/\/xn--judo-lbben-feb.de\/wp-content\/uploads\/2012\/10\/DSC01720-.jpg\"><img loading=\"lazy\" decoding=\"async\" class=\"alignnone wp-image-1696\" title=\"DSC01720\" src=\"https:\/\/xn--judo-lbben-feb.de\/wp-content\/uploads\/2012\/10\/DSC01720--300x225.jpg\" alt=\"\" width=\"126\" height=\"94\"><\/a>&nbsp; <a href=\"https:\/\/xn--judo-lbben-feb.de\/wp-content\/uploads\/2012\/10\/DSC01721-.jpg\"><img loading=\"lazy\" decoding=\"async\" class=\"alignnone wp-image-1697\" title=\"DSC01721\" src=\"https:\/\/xn--judo-lbben-feb.de\/wp-content\/uploads\/2012\/10\/DSC01721--300x225.jpg\" alt=\"\" width=\"126\" height=\"95\"><\/a><\/p>\n<p style=\"text-align: center;\"><a href=\"https:\/\/xn--judo-lbben-feb.de\/wp-content\/uploads\/2012\/10\/DSC01705-.jpg\"><img loading=\"lazy\" decoding=\"async\" class=\"alignnone size-medium wp-image-1699\" title=\"DSC01705\" src=\"https:\/\/xn--judo-lbben-feb.de\/wp-content\/uploads\/2012\/10\/DSC01705--300x225.jpg\" alt=\"\" width=\"300\" height=\"225\"><\/a><\/p>\n","protected":false},"excerpt":{"rendered":"<p>Vom 16.03. bis zum 17.03.2013 fand der Spreewaldpokal in der L\u00fcbbener Mehrzweckhalle statt. &nbsp; &nbsp; Der Vorstand m\u00f6chte sich zun\u00e4chst bei allen flei\u00dfigen Helfern bedanken, die u.a. am Freitag Abend&nbsp; die Matten aufgebaut haben, Samstag und Sonntag unsere Sportler betreut haben, an den Kari-Tafeln sa\u00dfen, das Buffet mit leckeren Sachen beliefert haben, das Wiegen \u00fcbernommen [&hellip;]<\/p>\n","protected":false},"author":1,"featured_media":0,"parent":13091,"menu_order":4,"comment_status":"closed","ping_status":"open","template":"full-width-page.php","meta":{"_et_pb_use_builder":"","_et_pb_old_content":"","_et_gb_content_width":"","footnotes":""},"class_list":["post-208","page","type-page","status-publish","hentry"],"_links":{"self":[{"href":"https:\/\/xn--judo-lbben-feb.de\/index.php?rest_route=\/wp\/v2\/pages\/208","targetHints":{"allow":["GET"]}}],"collection":[{"href":"https:\/\/xn--judo-lbben-feb.de\/index.php?rest_route=\/wp\/v2\/pages"}],"about":[{"href":"https:\/\/xn--judo-lbben-feb.de\/index.php?rest_route=\/wp\/v2\/types\/page"}],"author":[{"embeddable":true,"href":"https:\/\/xn--judo-lbben-feb.de\/index.php?rest_route=\/wp\/v2\/users\/1"}],"replies":[{"embeddable":true,"href":"https:\/\/xn--judo-lbben-feb.de\/index.php?rest_route=%2Fwp%2Fv2%2Fcomments&post=208"}],"version-history":[{"count":2,"href":"https:\/\/xn--judo-lbben-feb.de\/index.php?rest_route=\/wp\/v2\/pages\/208\/revisions"}],"predecessor-version":[{"id":13698,"href":"https:\/\/xn--judo-lbben-feb.de\/index.php?rest_route=\/wp\/v2\/pages\/208\/revisions\/13698"}],"up":[{"embeddable":true,"href":"https:\/\/xn--judo-lbben-feb.de\/index.php?rest_route=\/wp\/v2\/pages\/13091"}],"wp:attachment":[{"href":"https:\/\/xn--judo-lbben-feb.de\/index.php?rest_route=%2Fwp%2Fv2%2Fmedia&parent=208"}],"curies":[{"name":"wp","href":"https:\/\/api.w.org\/{rel}","templated":true}]}}