{"id":13688,"date":"2019-01-13T09:30:21","date_gmt":"2019-01-13T08:30:21","guid":{"rendered":"http:\/\/xn--judo-lbben-feb.de\/?page_id=13688"},"modified":"2023-10-03T16:09:11","modified_gmt":"2023-10-03T15:09:11","slug":"spreewaldpokal-2019","status":"publish","type":"page","link":"https:\/\/xn--judo-lbben-feb.de\/?page_id=13688","title":{"rendered":"Spreewaldpokal 2019"},"content":{"rendered":"\r\n<p>Die Vorbereitungen laufen f\u00fcr unseren diesj\u00e4hrigen Spreewaldpokal. In K\u00fcrze gibt hier weitere Informationen.<\/p>\r\n\r\n\r\n\r\n<p>15.03.2019:<\/p>\r\n\r\n\r\n\r\n<p>Die Vorbereitungen laufen, damit es wieder ein sch\u00f6nes Turnier wird.<\/p>\r\n\r\n\r\n\r\n<ul class=\"wp-block-gallery columns-3 is-cropped wp-block-gallery-1 is-layout-flex wp-block-gallery-is-layout-flex\">\r\n<li class=\"blocks-gallery-item\">\r\n<figure><a href=\"https:\/\/xn--judo-lbben-feb.de\/wp-content\/uploads\/2019\/03\/DSC08744--1024x768.jpg\"><img loading=\"lazy\" decoding=\"async\" width=\"1024\" height=\"768\" class=\"wp-image-13901\" src=\"https:\/\/xn--judo-lbben-feb.de\/wp-content\/uploads\/2019\/03\/DSC08744--1024x768.jpg\" alt=\"\" data-id=\"13901\" data-link=\"https:\/\/xn--judo-lbben-feb.de\/?attachment_id=13901\" srcset=\"https:\/\/xn--judo-lbben-feb.de\/wp-content\/uploads\/2019\/03\/DSC08744-.jpg 1024w, https:\/\/xn--judo-lbben-feb.de\/wp-content\/uploads\/2019\/03\/DSC08744--300x225.jpg 300w, https:\/\/xn--judo-lbben-feb.de\/wp-content\/uploads\/2019\/03\/DSC08744--768x576.jpg 768w\" sizes=\"auto, (max-width: 1024px) 100vw, 1024px\" \/><\/a><\/figure>\r\n<\/li>\r\n<li class=\"blocks-gallery-item\">\r\n<figure><a href=\"https:\/\/xn--judo-lbben-feb.de\/wp-content\/uploads\/2019\/03\/DSC08745--1024x768.jpg\"><img loading=\"lazy\" decoding=\"async\" width=\"1024\" height=\"768\" class=\"wp-image-13902\" src=\"https:\/\/xn--judo-lbben-feb.de\/wp-content\/uploads\/2019\/03\/DSC08745--1024x768.jpg\" alt=\"\" data-id=\"13902\" data-link=\"https:\/\/xn--judo-lbben-feb.de\/?attachment_id=13902\" srcset=\"https:\/\/xn--judo-lbben-feb.de\/wp-content\/uploads\/2019\/03\/DSC08745-.jpg 1024w, https:\/\/xn--judo-lbben-feb.de\/wp-content\/uploads\/2019\/03\/DSC08745--300x225.jpg 300w, https:\/\/xn--judo-lbben-feb.de\/wp-content\/uploads\/2019\/03\/DSC08745--768x576.jpg 768w\" sizes=\"auto, (max-width: 1024px) 100vw, 1024px\" \/><\/a><\/figure>\r\n<\/li>\r\n<li class=\"blocks-gallery-item\">\r\n<figure><a href=\"https:\/\/xn--judo-lbben-feb.de\/wp-content\/uploads\/2019\/03\/DSC08746--1024x768.jpg\"><img loading=\"lazy\" decoding=\"async\" width=\"1024\" height=\"768\" class=\"wp-image-13903\" src=\"https:\/\/xn--judo-lbben-feb.de\/wp-content\/uploads\/2019\/03\/DSC08746--1024x768.jpg\" alt=\"\" data-id=\"13903\" data-link=\"https:\/\/xn--judo-lbben-feb.de\/?attachment_id=13903\" srcset=\"https:\/\/xn--judo-lbben-feb.de\/wp-content\/uploads\/2019\/03\/DSC08746-.jpg 1024w, https:\/\/xn--judo-lbben-feb.de\/wp-content\/uploads\/2019\/03\/DSC08746--300x225.jpg 300w, https:\/\/xn--judo-lbben-feb.de\/wp-content\/uploads\/2019\/03\/DSC08746--768x576.jpg 768w\" sizes=\"auto, (max-width: 1024px) 100vw, 1024px\" \/><\/a><\/figure>\r\n<\/li>\r\n<\/ul>\r\n\r\n\r\n\r\n<p>16.03.2019:<\/p>\r\n\r\n\r\n\r\n<p>Der erste Turniertag steht an, bereits am fr\u00fchen Morgen sind die ersten Trainer und Helfer in der Halle. Ab 08:30 Uhr beginnt das Wiegen, hier ist schon zu merken, dass viele Judoka den Weg nach L\u00fcbben gefunden haben, es waren an diesem Tag 297 Sportlerinnen und Sportler aus 29 Vereinen. In der U9 konnte sich Marc Kloy stark in Szene setzen und trotz des gro\u00dfen Gruppe in seiner Gewichtsklasse die Goldmedailie erringen.<\/p>\r\n\r\n\r\n\r\n<p>Am Nachmittag ging es mit der U13 und U15 weiter und wir konnten uns \u00fcber weitere Medailien freuen, Matthew Gold, Elisa Gold, Sophie Gold und auch Erich mit Silber zeigte eine starke Leistung. Am Ende des Tages holte unser Kuzushi in der U 15 sogar die Mannschaftswertung, SUPER :-).<\/p>\r\n\r\n\r\n\r\n<p>Impressionen vom Sonnabend:<\/p>\r\n\r\n\r\n\r\n<ul class=\"wp-block-gallery columns-3 is-cropped wp-block-gallery-2 is-layout-flex wp-block-gallery-is-layout-flex\">\r\n<li class=\"blocks-gallery-item\">\r\n<figure><a href=\"https:\/\/xn--judo-lbben-feb.de\/wp-content\/uploads\/2019\/03\/DSC08749--1024x768.jpg\"><img loading=\"lazy\" decoding=\"async\" width=\"1024\" height=\"768\" class=\"wp-image-13904\" src=\"https:\/\/xn--judo-lbben-feb.de\/wp-content\/uploads\/2019\/03\/DSC08749--1024x768.jpg\" alt=\"\" data-id=\"13904\" data-link=\"https:\/\/xn--judo-lbben-feb.de\/?attachment_id=13904\" srcset=\"https:\/\/xn--judo-lbben-feb.de\/wp-content\/uploads\/2019\/03\/DSC08749-.jpg 1024w, https:\/\/xn--judo-lbben-feb.de\/wp-content\/uploads\/2019\/03\/DSC08749--300x225.jpg 300w, https:\/\/xn--judo-lbben-feb.de\/wp-content\/uploads\/2019\/03\/DSC08749--768x576.jpg 768w\" sizes=\"auto, (max-width: 1024px) 100vw, 1024px\" \/><\/a><\/figure>\r\n<\/li>\r\n<li class=\"blocks-gallery-item\">\r\n<figure><a href=\"https:\/\/xn--judo-lbben-feb.de\/wp-content\/uploads\/2019\/03\/DSC08750--1024x768.jpg\"><img loading=\"lazy\" decoding=\"async\" width=\"1024\" height=\"768\" class=\"wp-image-13905\" src=\"https:\/\/xn--judo-lbben-feb.de\/wp-content\/uploads\/2019\/03\/DSC08750--1024x768.jpg\" alt=\"\" data-id=\"13905\" data-link=\"https:\/\/xn--judo-lbben-feb.de\/?attachment_id=13905\" srcset=\"https:\/\/xn--judo-lbben-feb.de\/wp-content\/uploads\/2019\/03\/DSC08750-.jpg 1024w, https:\/\/xn--judo-lbben-feb.de\/wp-content\/uploads\/2019\/03\/DSC08750--300x225.jpg 300w, https:\/\/xn--judo-lbben-feb.de\/wp-content\/uploads\/2019\/03\/DSC08750--768x576.jpg 768w\" sizes=\"auto, (max-width: 1024px) 100vw, 1024px\" \/><\/a><\/figure>\r\n<\/li>\r\n<li class=\"blocks-gallery-item\">\r\n<figure><a href=\"https:\/\/xn--judo-lbben-feb.de\/wp-content\/uploads\/2019\/03\/DSC08751--1024x768.jpg\"><img loading=\"lazy\" decoding=\"async\" width=\"1024\" height=\"768\" class=\"wp-image-13906\" src=\"https:\/\/xn--judo-lbben-feb.de\/wp-content\/uploads\/2019\/03\/DSC08751--1024x768.jpg\" alt=\"\" data-id=\"13906\" data-link=\"https:\/\/xn--judo-lbben-feb.de\/?attachment_id=13906\" srcset=\"https:\/\/xn--judo-lbben-feb.de\/wp-content\/uploads\/2019\/03\/DSC08751-.jpg 1024w, https:\/\/xn--judo-lbben-feb.de\/wp-content\/uploads\/2019\/03\/DSC08751--300x225.jpg 300w, https:\/\/xn--judo-lbben-feb.de\/wp-content\/uploads\/2019\/03\/DSC08751--768x576.jpg 768w\" sizes=\"auto, (max-width: 1024px) 100vw, 1024px\" \/><\/a><\/figure>\r\n<\/li>\r\n<li class=\"blocks-gallery-item\">\r\n<figure><a href=\"https:\/\/xn--judo-lbben-feb.de\/wp-content\/uploads\/2019\/03\/DSC08752--1024x768.jpg\"><img loading=\"lazy\" decoding=\"async\" width=\"1024\" height=\"768\" class=\"wp-image-13907\" src=\"https:\/\/xn--judo-lbben-feb.de\/wp-content\/uploads\/2019\/03\/DSC08752--1024x768.jpg\" alt=\"\" data-id=\"13907\" data-link=\"https:\/\/xn--judo-lbben-feb.de\/?attachment_id=13907\" srcset=\"https:\/\/xn--judo-lbben-feb.de\/wp-content\/uploads\/2019\/03\/DSC08752-.jpg 1024w, https:\/\/xn--judo-lbben-feb.de\/wp-content\/uploads\/2019\/03\/DSC08752--300x225.jpg 300w, https:\/\/xn--judo-lbben-feb.de\/wp-content\/uploads\/2019\/03\/DSC08752--768x576.jpg 768w\" sizes=\"auto, (max-width: 1024px) 100vw, 1024px\" \/><\/a><\/figure>\r\n<\/li>\r\n<li class=\"blocks-gallery-item\">\r\n<figure><a href=\"https:\/\/xn--judo-lbben-feb.de\/wp-content\/uploads\/2019\/03\/DSC08753--1024x768.jpg\"><img loading=\"lazy\" decoding=\"async\" width=\"1024\" height=\"768\" class=\"wp-image-13908\" src=\"https:\/\/xn--judo-lbben-feb.de\/wp-content\/uploads\/2019\/03\/DSC08753--1024x768.jpg\" alt=\"\" data-id=\"13908\" data-link=\"https:\/\/xn--judo-lbben-feb.de\/?attachment_id=13908\" srcset=\"https:\/\/xn--judo-lbben-feb.de\/wp-content\/uploads\/2019\/03\/DSC08753-.jpg 1024w, https:\/\/xn--judo-lbben-feb.de\/wp-content\/uploads\/2019\/03\/DSC08753--300x225.jpg 300w, https:\/\/xn--judo-lbben-feb.de\/wp-content\/uploads\/2019\/03\/DSC08753--768x576.jpg 768w\" sizes=\"auto, (max-width: 1024px) 100vw, 1024px\" \/><\/a><\/figure>\r\n<\/li>\r\n<li class=\"blocks-gallery-item\">\r\n<figure><a href=\"https:\/\/xn--judo-lbben-feb.de\/wp-content\/uploads\/2019\/03\/DSC08754--1024x768.jpg\"><img loading=\"lazy\" decoding=\"async\" width=\"1024\" height=\"768\" class=\"wp-image-13909\" src=\"https:\/\/xn--judo-lbben-feb.de\/wp-content\/uploads\/2019\/03\/DSC08754--1024x768.jpg\" alt=\"\" data-id=\"13909\" data-link=\"https:\/\/xn--judo-lbben-feb.de\/?attachment_id=13909\" srcset=\"https:\/\/xn--judo-lbben-feb.de\/wp-content\/uploads\/2019\/03\/DSC08754-.jpg 1024w, https:\/\/xn--judo-lbben-feb.de\/wp-content\/uploads\/2019\/03\/DSC08754--300x225.jpg 300w, https:\/\/xn--judo-lbben-feb.de\/wp-content\/uploads\/2019\/03\/DSC08754--768x576.jpg 768w\" sizes=\"auto, (max-width: 1024px) 100vw, 1024px\" \/><\/a><\/figure>\r\n<\/li>\r\n<li class=\"blocks-gallery-item\">\r\n<figure><a href=\"https:\/\/xn--judo-lbben-feb.de\/wp-content\/uploads\/2019\/03\/DSC08755--1024x768.jpg\"><img loading=\"lazy\" decoding=\"async\" width=\"1024\" height=\"768\" class=\"wp-image-13910\" src=\"https:\/\/xn--judo-lbben-feb.de\/wp-content\/uploads\/2019\/03\/DSC08755--1024x768.jpg\" alt=\"\" data-id=\"13910\" data-link=\"https:\/\/xn--judo-lbben-feb.de\/?attachment_id=13910\" srcset=\"https:\/\/xn--judo-lbben-feb.de\/wp-content\/uploads\/2019\/03\/DSC08755-.jpg 1024w, https:\/\/xn--judo-lbben-feb.de\/wp-content\/uploads\/2019\/03\/DSC08755--300x225.jpg 300w, https:\/\/xn--judo-lbben-feb.de\/wp-content\/uploads\/2019\/03\/DSC08755--768x576.jpg 768w\" sizes=\"auto, (max-width: 1024px) 100vw, 1024px\" \/><\/a><\/figure>\r\n<\/li>\r\n<li class=\"blocks-gallery-item\">\r\n<figure><a href=\"https:\/\/xn--judo-lbben-feb.de\/wp-content\/uploads\/2019\/03\/DSC08756--1024x768.jpg\"><img loading=\"lazy\" decoding=\"async\" width=\"1024\" height=\"768\" class=\"wp-image-13911\" src=\"https:\/\/xn--judo-lbben-feb.de\/wp-content\/uploads\/2019\/03\/DSC08756--1024x768.jpg\" alt=\"\" data-id=\"13911\" data-link=\"https:\/\/xn--judo-lbben-feb.de\/?attachment_id=13911\" srcset=\"https:\/\/xn--judo-lbben-feb.de\/wp-content\/uploads\/2019\/03\/DSC08756-.jpg 1024w, https:\/\/xn--judo-lbben-feb.de\/wp-content\/uploads\/2019\/03\/DSC08756--300x225.jpg 300w, https:\/\/xn--judo-lbben-feb.de\/wp-content\/uploads\/2019\/03\/DSC08756--768x576.jpg 768w\" sizes=\"auto, (max-width: 1024px) 100vw, 1024px\" \/><\/a><\/figure>\r\n<\/li>\r\n<li class=\"blocks-gallery-item\">\r\n<figure><a href=\"https:\/\/xn--judo-lbben-feb.de\/wp-content\/uploads\/2019\/03\/DSC08757--1024x768.jpg\"><img loading=\"lazy\" decoding=\"async\" width=\"1024\" height=\"768\" class=\"wp-image-13912\" src=\"https:\/\/xn--judo-lbben-feb.de\/wp-content\/uploads\/2019\/03\/DSC08757--1024x768.jpg\" alt=\"\" data-id=\"13912\" data-link=\"https:\/\/xn--judo-lbben-feb.de\/?attachment_id=13912\" srcset=\"https:\/\/xn--judo-lbben-feb.de\/wp-content\/uploads\/2019\/03\/DSC08757-.jpg 1024w, https:\/\/xn--judo-lbben-feb.de\/wp-content\/uploads\/2019\/03\/DSC08757--300x225.jpg 300w, https:\/\/xn--judo-lbben-feb.de\/wp-content\/uploads\/2019\/03\/DSC08757--768x576.jpg 768w\" sizes=\"auto, (max-width: 1024px) 100vw, 1024px\" \/><\/a><\/figure>\r\n<\/li>\r\n<li class=\"blocks-gallery-item\">\r\n<figure><a href=\"https:\/\/xn--judo-lbben-feb.de\/wp-content\/uploads\/2019\/03\/DSC08760--1024x768.jpg\"><img loading=\"lazy\" decoding=\"async\" width=\"1024\" height=\"768\" class=\"wp-image-13913\" src=\"https:\/\/xn--judo-lbben-feb.de\/wp-content\/uploads\/2019\/03\/DSC08760--1024x768.jpg\" alt=\"\" data-id=\"13913\" data-link=\"https:\/\/xn--judo-lbben-feb.de\/?attachment_id=13913\" srcset=\"https:\/\/xn--judo-lbben-feb.de\/wp-content\/uploads\/2019\/03\/DSC08760-.jpg 1024w, https:\/\/xn--judo-lbben-feb.de\/wp-content\/uploads\/2019\/03\/DSC08760--300x225.jpg 300w, https:\/\/xn--judo-lbben-feb.de\/wp-content\/uploads\/2019\/03\/DSC08760--768x576.jpg 768w\" sizes=\"auto, (max-width: 1024px) 100vw, 1024px\" \/><\/a><\/figure>\r\n<\/li>\r\n<li class=\"blocks-gallery-item\">\r\n<figure><a href=\"https:\/\/xn--judo-lbben-feb.de\/wp-content\/uploads\/2019\/03\/DSC08761--1024x768.jpg\"><img loading=\"lazy\" decoding=\"async\" width=\"1024\" height=\"768\" class=\"wp-image-13914\" src=\"https:\/\/xn--judo-lbben-feb.de\/wp-content\/uploads\/2019\/03\/DSC08761--1024x768.jpg\" alt=\"\" data-id=\"13914\" data-link=\"https:\/\/xn--judo-lbben-feb.de\/?attachment_id=13914\" srcset=\"https:\/\/xn--judo-lbben-feb.de\/wp-content\/uploads\/2019\/03\/DSC08761-.jpg 1024w, https:\/\/xn--judo-lbben-feb.de\/wp-content\/uploads\/2019\/03\/DSC08761--300x225.jpg 300w, https:\/\/xn--judo-lbben-feb.de\/wp-content\/uploads\/2019\/03\/DSC08761--768x576.jpg 768w\" sizes=\"auto, (max-width: 1024px) 100vw, 1024px\" \/><\/a><\/figure>\r\n<\/li>\r\n<li class=\"blocks-gallery-item\">\r\n<figure><a href=\"https:\/\/xn--judo-lbben-feb.de\/wp-content\/uploads\/2019\/03\/DSC08762--1024x768.jpg\"><img loading=\"lazy\" decoding=\"async\" width=\"1024\" height=\"768\" class=\"wp-image-13915\" src=\"https:\/\/xn--judo-lbben-feb.de\/wp-content\/uploads\/2019\/03\/DSC08762--1024x768.jpg\" alt=\"\" data-id=\"13915\" data-link=\"https:\/\/xn--judo-lbben-feb.de\/?attachment_id=13915\" srcset=\"https:\/\/xn--judo-lbben-feb.de\/wp-content\/uploads\/2019\/03\/DSC08762-.jpg 1024w, https:\/\/xn--judo-lbben-feb.de\/wp-content\/uploads\/2019\/03\/DSC08762--300x225.jpg 300w, https:\/\/xn--judo-lbben-feb.de\/wp-content\/uploads\/2019\/03\/DSC08762--768x576.jpg 768w\" sizes=\"auto, (max-width: 1024px) 100vw, 1024px\" \/><\/a><\/figure>\r\n<\/li>\r\n<li class=\"blocks-gallery-item\">\r\n<figure><a href=\"https:\/\/xn--judo-lbben-feb.de\/wp-content\/uploads\/2019\/03\/DSC08763--1024x768.jpg\"><img loading=\"lazy\" decoding=\"async\" width=\"1024\" height=\"768\" class=\"wp-image-13916\" src=\"https:\/\/xn--judo-lbben-feb.de\/wp-content\/uploads\/2019\/03\/DSC08763--1024x768.jpg\" alt=\"\" data-id=\"13916\" data-link=\"https:\/\/xn--judo-lbben-feb.de\/?attachment_id=13916\" srcset=\"https:\/\/xn--judo-lbben-feb.de\/wp-content\/uploads\/2019\/03\/DSC08763-.jpg 1024w, https:\/\/xn--judo-lbben-feb.de\/wp-content\/uploads\/2019\/03\/DSC08763--300x225.jpg 300w, https:\/\/xn--judo-lbben-feb.de\/wp-content\/uploads\/2019\/03\/DSC08763--768x576.jpg 768w\" sizes=\"auto, (max-width: 1024px) 100vw, 1024px\" \/><\/a><\/figure>\r\n<\/li>\r\n<li class=\"blocks-gallery-item\">\r\n<figure><a href=\"https:\/\/xn--judo-lbben-feb.de\/wp-content\/uploads\/2019\/03\/DSC08764--1024x768.jpg\"><img loading=\"lazy\" decoding=\"async\" width=\"1024\" height=\"768\" class=\"wp-image-13917\" src=\"https:\/\/xn--judo-lbben-feb.de\/wp-content\/uploads\/2019\/03\/DSC08764--1024x768.jpg\" alt=\"\" data-id=\"13917\" data-link=\"https:\/\/xn--judo-lbben-feb.de\/?attachment_id=13917\" srcset=\"https:\/\/xn--judo-lbben-feb.de\/wp-content\/uploads\/2019\/03\/DSC08764-.jpg 1024w, https:\/\/xn--judo-lbben-feb.de\/wp-content\/uploads\/2019\/03\/DSC08764--300x225.jpg 300w, https:\/\/xn--judo-lbben-feb.de\/wp-content\/uploads\/2019\/03\/DSC08764--768x576.jpg 768w\" sizes=\"auto, (max-width: 1024px) 100vw, 1024px\" \/><\/a><\/figure>\r\n<\/li>\r\n<li class=\"blocks-gallery-item\">\r\n<figure><a href=\"https:\/\/xn--judo-lbben-feb.de\/wp-content\/uploads\/2019\/03\/DSC08765--1024x768.jpg\"><img loading=\"lazy\" decoding=\"async\" width=\"1024\" height=\"768\" class=\"wp-image-13918\" src=\"https:\/\/xn--judo-lbben-feb.de\/wp-content\/uploads\/2019\/03\/DSC08765--1024x768.jpg\" alt=\"\" data-id=\"13918\" data-link=\"https:\/\/xn--judo-lbben-feb.de\/?attachment_id=13918\" srcset=\"https:\/\/xn--judo-lbben-feb.de\/wp-content\/uploads\/2019\/03\/DSC08765-.jpg 1024w, https:\/\/xn--judo-lbben-feb.de\/wp-content\/uploads\/2019\/03\/DSC08765--300x225.jpg 300w, https:\/\/xn--judo-lbben-feb.de\/wp-content\/uploads\/2019\/03\/DSC08765--768x576.jpg 768w\" sizes=\"auto, (max-width: 1024px) 100vw, 1024px\" \/><\/a><\/figure>\r\n<\/li>\r\n<li class=\"blocks-gallery-item\">\r\n<figure><a href=\"https:\/\/xn--judo-lbben-feb.de\/wp-content\/uploads\/2019\/03\/DSC08766--1024x768.jpg\"><img loading=\"lazy\" decoding=\"async\" width=\"1024\" height=\"768\" class=\"wp-image-13919\" src=\"https:\/\/xn--judo-lbben-feb.de\/wp-content\/uploads\/2019\/03\/DSC08766--1024x768.jpg\" alt=\"\" data-id=\"13919\" data-link=\"https:\/\/xn--judo-lbben-feb.de\/?attachment_id=13919\" srcset=\"https:\/\/xn--judo-lbben-feb.de\/wp-content\/uploads\/2019\/03\/DSC08766-.jpg 1024w, https:\/\/xn--judo-lbben-feb.de\/wp-content\/uploads\/2019\/03\/DSC08766--300x225.jpg 300w, https:\/\/xn--judo-lbben-feb.de\/wp-content\/uploads\/2019\/03\/DSC08766--768x576.jpg 768w\" sizes=\"auto, (max-width: 1024px) 100vw, 1024px\" \/><\/a><\/figure>\r\n<\/li>\r\n<li class=\"blocks-gallery-item\">\r\n<figure><a href=\"https:\/\/xn--judo-lbben-feb.de\/wp-content\/uploads\/2019\/03\/DSC08767--1024x768.jpg\"><img loading=\"lazy\" decoding=\"async\" width=\"1024\" height=\"768\" class=\"wp-image-13920\" src=\"https:\/\/xn--judo-lbben-feb.de\/wp-content\/uploads\/2019\/03\/DSC08767--1024x768.jpg\" alt=\"\" data-id=\"13920\" data-link=\"https:\/\/xn--judo-lbben-feb.de\/?attachment_id=13920\" srcset=\"https:\/\/xn--judo-lbben-feb.de\/wp-content\/uploads\/2019\/03\/DSC08767-.jpg 1024w, https:\/\/xn--judo-lbben-feb.de\/wp-content\/uploads\/2019\/03\/DSC08767--300x225.jpg 300w, https:\/\/xn--judo-lbben-feb.de\/wp-content\/uploads\/2019\/03\/DSC08767--768x576.jpg 768w\" sizes=\"auto, (max-width: 1024px) 100vw, 1024px\" \/><\/a><\/figure>\r\n<\/li>\r\n<li class=\"blocks-gallery-item\">\r\n<figure><a href=\"https:\/\/xn--judo-lbben-feb.de\/wp-content\/uploads\/2019\/03\/DSC08768--1024x768.jpg\"><img loading=\"lazy\" decoding=\"async\" width=\"1024\" height=\"768\" class=\"wp-image-13921\" src=\"https:\/\/xn--judo-lbben-feb.de\/wp-content\/uploads\/2019\/03\/DSC08768--1024x768.jpg\" alt=\"\" data-id=\"13921\" data-link=\"https:\/\/xn--judo-lbben-feb.de\/?attachment_id=13921\" srcset=\"https:\/\/xn--judo-lbben-feb.de\/wp-content\/uploads\/2019\/03\/DSC08768-.jpg 1024w, https:\/\/xn--judo-lbben-feb.de\/wp-content\/uploads\/2019\/03\/DSC08768--300x225.jpg 300w, https:\/\/xn--judo-lbben-feb.de\/wp-content\/uploads\/2019\/03\/DSC08768--768x576.jpg 768w\" sizes=\"auto, (max-width: 1024px) 100vw, 1024px\" \/><\/a><\/figure>\r\n<\/li>\r\n<li class=\"blocks-gallery-item\">\r\n<figure><a href=\"https:\/\/xn--judo-lbben-feb.de\/wp-content\/uploads\/2019\/03\/DSC08769--1024x768.jpg\"><img loading=\"lazy\" decoding=\"async\" width=\"1024\" height=\"768\" class=\"wp-image-13922\" src=\"https:\/\/xn--judo-lbben-feb.de\/wp-content\/uploads\/2019\/03\/DSC08769--1024x768.jpg\" alt=\"\" data-id=\"13922\" data-link=\"https:\/\/xn--judo-lbben-feb.de\/?attachment_id=13922\" srcset=\"https:\/\/xn--judo-lbben-feb.de\/wp-content\/uploads\/2019\/03\/DSC08769-.jpg 1024w, https:\/\/xn--judo-lbben-feb.de\/wp-content\/uploads\/2019\/03\/DSC08769--300x225.jpg 300w, https:\/\/xn--judo-lbben-feb.de\/wp-content\/uploads\/2019\/03\/DSC08769--768x576.jpg 768w\" sizes=\"auto, (max-width: 1024px) 100vw, 1024px\" \/><\/a><\/figure>\r\n<\/li>\r\n<li class=\"blocks-gallery-item\">\r\n<figure><a href=\"https:\/\/xn--judo-lbben-feb.de\/wp-content\/uploads\/2019\/03\/DSC08770--1024x768.jpg\"><img loading=\"lazy\" decoding=\"async\" width=\"1024\" height=\"768\" class=\"wp-image-13923\" src=\"https:\/\/xn--judo-lbben-feb.de\/wp-content\/uploads\/2019\/03\/DSC08770--1024x768.jpg\" alt=\"\" data-id=\"13923\" data-link=\"https:\/\/xn--judo-lbben-feb.de\/?attachment_id=13923\" srcset=\"https:\/\/xn--judo-lbben-feb.de\/wp-content\/uploads\/2019\/03\/DSC08770-.jpg 1024w, https:\/\/xn--judo-lbben-feb.de\/wp-content\/uploads\/2019\/03\/DSC08770--300x225.jpg 300w, https:\/\/xn--judo-lbben-feb.de\/wp-content\/uploads\/2019\/03\/DSC08770--768x576.jpg 768w\" sizes=\"auto, (max-width: 1024px) 100vw, 1024px\" \/><\/a><\/figure>\r\n<\/li>\r\n<li class=\"blocks-gallery-item\">\r\n<figure><a href=\"https:\/\/xn--judo-lbben-feb.de\/wp-content\/uploads\/2019\/03\/DSC08771--1024x768.jpg\"><img loading=\"lazy\" decoding=\"async\" width=\"1024\" height=\"768\" class=\"wp-image-13924\" src=\"https:\/\/xn--judo-lbben-feb.de\/wp-content\/uploads\/2019\/03\/DSC08771--1024x768.jpg\" alt=\"\" data-id=\"13924\" data-link=\"https:\/\/xn--judo-lbben-feb.de\/?attachment_id=13924\" srcset=\"https:\/\/xn--judo-lbben-feb.de\/wp-content\/uploads\/2019\/03\/DSC08771-.jpg 1024w, https:\/\/xn--judo-lbben-feb.de\/wp-content\/uploads\/2019\/03\/DSC08771--300x225.jpg 300w, https:\/\/xn--judo-lbben-feb.de\/wp-content\/uploads\/2019\/03\/DSC08771--768x576.jpg 768w\" sizes=\"auto, (max-width: 1024px) 100vw, 1024px\" \/><\/a><\/figure>\r\n<\/li>\r\n<li class=\"blocks-gallery-item\">\r\n<figure><a href=\"https:\/\/xn--judo-lbben-feb.de\/wp-content\/uploads\/2019\/03\/DSC08772--1024x768.jpg\"><img loading=\"lazy\" decoding=\"async\" width=\"1024\" height=\"768\" class=\"wp-image-13925\" src=\"https:\/\/xn--judo-lbben-feb.de\/wp-content\/uploads\/2019\/03\/DSC08772--1024x768.jpg\" alt=\"\" data-id=\"13925\" data-link=\"https:\/\/xn--judo-lbben-feb.de\/?attachment_id=13925\" srcset=\"https:\/\/xn--judo-lbben-feb.de\/wp-content\/uploads\/2019\/03\/DSC08772-.jpg 1024w, https:\/\/xn--judo-lbben-feb.de\/wp-content\/uploads\/2019\/03\/DSC08772--300x225.jpg 300w, https:\/\/xn--judo-lbben-feb.de\/wp-content\/uploads\/2019\/03\/DSC08772--768x576.jpg 768w\" sizes=\"auto, (max-width: 1024px) 100vw, 1024px\" \/><\/a><\/figure>\r\n<\/li>\r\n<li class=\"blocks-gallery-item\">\r\n<figure><a href=\"https:\/\/xn--judo-lbben-feb.de\/wp-content\/uploads\/2019\/03\/DSC08773--1024x768.jpg\"><img loading=\"lazy\" decoding=\"async\" width=\"1024\" height=\"768\" class=\"wp-image-13926\" src=\"https:\/\/xn--judo-lbben-feb.de\/wp-content\/uploads\/2019\/03\/DSC08773--1024x768.jpg\" alt=\"\" data-id=\"13926\" data-link=\"https:\/\/xn--judo-lbben-feb.de\/?attachment_id=13926\" srcset=\"https:\/\/xn--judo-lbben-feb.de\/wp-content\/uploads\/2019\/03\/DSC08773-.jpg 1024w, https:\/\/xn--judo-lbben-feb.de\/wp-content\/uploads\/2019\/03\/DSC08773--300x225.jpg 300w, https:\/\/xn--judo-lbben-feb.de\/wp-content\/uploads\/2019\/03\/DSC08773--768x576.jpg 768w\" sizes=\"auto, (max-width: 1024px) 100vw, 1024px\" \/><\/a><\/figure>\r\n<\/li>\r\n<li class=\"blocks-gallery-item\">\r\n<figure><a href=\"https:\/\/xn--judo-lbben-feb.de\/wp-content\/uploads\/2019\/03\/DSC08774--1024x768.jpg\"><img loading=\"lazy\" decoding=\"async\" width=\"1024\" height=\"768\" class=\"wp-image-13927\" src=\"https:\/\/xn--judo-lbben-feb.de\/wp-content\/uploads\/2019\/03\/DSC08774--1024x768.jpg\" alt=\"\" data-id=\"13927\" data-link=\"https:\/\/xn--judo-lbben-feb.de\/?attachment_id=13927\" srcset=\"https:\/\/xn--judo-lbben-feb.de\/wp-content\/uploads\/2019\/03\/DSC08774-.jpg 1024w, https:\/\/xn--judo-lbben-feb.de\/wp-content\/uploads\/2019\/03\/DSC08774--300x225.jpg 300w, https:\/\/xn--judo-lbben-feb.de\/wp-content\/uploads\/2019\/03\/DSC08774--768x576.jpg 768w\" sizes=\"auto, (max-width: 1024px) 100vw, 1024px\" \/><\/a><\/figure>\r\n<\/li>\r\n<li class=\"blocks-gallery-item\">\r\n<figure><a href=\"https:\/\/xn--judo-lbben-feb.de\/wp-content\/uploads\/2019\/03\/DSC08775--1024x768.jpg\"><img loading=\"lazy\" decoding=\"async\" width=\"1024\" height=\"768\" class=\"wp-image-13928\" src=\"https:\/\/xn--judo-lbben-feb.de\/wp-content\/uploads\/2019\/03\/DSC08775--1024x768.jpg\" alt=\"\" data-id=\"13928\" data-link=\"https:\/\/xn--judo-lbben-feb.de\/?attachment_id=13928\" srcset=\"https:\/\/xn--judo-lbben-feb.de\/wp-content\/uploads\/2019\/03\/DSC08775-.jpg 1024w, https:\/\/xn--judo-lbben-feb.de\/wp-content\/uploads\/2019\/03\/DSC08775--300x225.jpg 300w, https:\/\/xn--judo-lbben-feb.de\/wp-content\/uploads\/2019\/03\/DSC08775--768x576.jpg 768w\" sizes=\"auto, (max-width: 1024px) 100vw, 1024px\" \/><\/a><\/figure>\r\n<\/li>\r\n<li class=\"blocks-gallery-item\">\r\n<figure><a href=\"https:\/\/xn--judo-lbben-feb.de\/wp-content\/uploads\/2019\/03\/DSC08776--1024x768.jpg\"><img loading=\"lazy\" decoding=\"async\" width=\"1024\" height=\"768\" class=\"wp-image-13929\" src=\"https:\/\/xn--judo-lbben-feb.de\/wp-content\/uploads\/2019\/03\/DSC08776--1024x768.jpg\" alt=\"\" data-id=\"13929\" data-link=\"https:\/\/xn--judo-lbben-feb.de\/?attachment_id=13929\" srcset=\"https:\/\/xn--judo-lbben-feb.de\/wp-content\/uploads\/2019\/03\/DSC08776-.jpg 1024w, https:\/\/xn--judo-lbben-feb.de\/wp-content\/uploads\/2019\/03\/DSC08776--300x225.jpg 300w, https:\/\/xn--judo-lbben-feb.de\/wp-content\/uploads\/2019\/03\/DSC08776--768x576.jpg 768w\" sizes=\"auto, (max-width: 1024px) 100vw, 1024px\" \/><\/a><\/figure>\r\n<\/li>\r\n<li class=\"blocks-gallery-item\">\r\n<figure><a href=\"https:\/\/xn--judo-lbben-feb.de\/wp-content\/uploads\/2019\/03\/DSC08777--1024x768.jpg\"><img loading=\"lazy\" decoding=\"async\" width=\"1024\" height=\"768\" class=\"wp-image-13930\" src=\"https:\/\/xn--judo-lbben-feb.de\/wp-content\/uploads\/2019\/03\/DSC08777--1024x768.jpg\" alt=\"\" data-id=\"13930\" data-link=\"https:\/\/xn--judo-lbben-feb.de\/?attachment_id=13930\" srcset=\"https:\/\/xn--judo-lbben-feb.de\/wp-content\/uploads\/2019\/03\/DSC08777-.jpg 1024w, https:\/\/xn--judo-lbben-feb.de\/wp-content\/uploads\/2019\/03\/DSC08777--300x225.jpg 300w, https:\/\/xn--judo-lbben-feb.de\/wp-content\/uploads\/2019\/03\/DSC08777--768x576.jpg 768w\" sizes=\"auto, (max-width: 1024px) 100vw, 1024px\" \/><\/a><\/figure>\r\n<\/li>\r\n<li class=\"blocks-gallery-item\">\r\n<figure><a href=\"https:\/\/xn--judo-lbben-feb.de\/wp-content\/uploads\/2019\/03\/DSC08780--1024x768.jpg\"><img loading=\"lazy\" decoding=\"async\" width=\"1024\" height=\"768\" class=\"wp-image-13931\" src=\"https:\/\/xn--judo-lbben-feb.de\/wp-content\/uploads\/2019\/03\/DSC08780--1024x768.jpg\" alt=\"\" data-id=\"13931\" data-link=\"https:\/\/xn--judo-lbben-feb.de\/?attachment_id=13931\" srcset=\"https:\/\/xn--judo-lbben-feb.de\/wp-content\/uploads\/2019\/03\/DSC08780-.jpg 1024w, https:\/\/xn--judo-lbben-feb.de\/wp-content\/uploads\/2019\/03\/DSC08780--300x225.jpg 300w, https:\/\/xn--judo-lbben-feb.de\/wp-content\/uploads\/2019\/03\/DSC08780--768x576.jpg 768w\" sizes=\"auto, (max-width: 1024px) 100vw, 1024px\" \/><\/a><\/figure>\r\n<\/li>\r\n<li class=\"blocks-gallery-item\">\r\n<figure><a href=\"https:\/\/xn--judo-lbben-feb.de\/wp-content\/uploads\/2019\/03\/DSC08781--1024x768.jpg\"><img loading=\"lazy\" decoding=\"async\" width=\"1024\" height=\"768\" class=\"wp-image-13932\" src=\"https:\/\/xn--judo-lbben-feb.de\/wp-content\/uploads\/2019\/03\/DSC08781--1024x768.jpg\" alt=\"\" data-id=\"13932\" data-link=\"https:\/\/xn--judo-lbben-feb.de\/?attachment_id=13932\" srcset=\"https:\/\/xn--judo-lbben-feb.de\/wp-content\/uploads\/2019\/03\/DSC08781-.jpg 1024w, https:\/\/xn--judo-lbben-feb.de\/wp-content\/uploads\/2019\/03\/DSC08781--300x225.jpg 300w, https:\/\/xn--judo-lbben-feb.de\/wp-content\/uploads\/2019\/03\/DSC08781--768x576.jpg 768w\" sizes=\"auto, (max-width: 1024px) 100vw, 1024px\" \/><\/a><\/figure>\r\n<\/li>\r\n<li class=\"blocks-gallery-item\">\r\n<figure><a href=\"https:\/\/xn--judo-lbben-feb.de\/wp-content\/uploads\/2019\/03\/DSC08782--1024x768.jpg\"><img loading=\"lazy\" decoding=\"async\" width=\"1024\" height=\"768\" class=\"wp-image-13933\" src=\"https:\/\/xn--judo-lbben-feb.de\/wp-content\/uploads\/2019\/03\/DSC08782--1024x768.jpg\" alt=\"\" data-id=\"13933\" data-link=\"https:\/\/xn--judo-lbben-feb.de\/?attachment_id=13933\" srcset=\"https:\/\/xn--judo-lbben-feb.de\/wp-content\/uploads\/2019\/03\/DSC08782-.jpg 1024w, https:\/\/xn--judo-lbben-feb.de\/wp-content\/uploads\/2019\/03\/DSC08782--300x225.jpg 300w, https:\/\/xn--judo-lbben-feb.de\/wp-content\/uploads\/2019\/03\/DSC08782--768x576.jpg 768w\" sizes=\"auto, (max-width: 1024px) 100vw, 1024px\" \/><\/a><\/figure>\r\n<\/li>\r\n<li class=\"blocks-gallery-item\">\r\n<figure><a href=\"https:\/\/xn--judo-lbben-feb.de\/wp-content\/uploads\/2019\/03\/DSC08785--1024x768.jpg\"><img loading=\"lazy\" decoding=\"async\" width=\"1024\" height=\"768\" class=\"wp-image-13934\" src=\"https:\/\/xn--judo-lbben-feb.de\/wp-content\/uploads\/2019\/03\/DSC08785--1024x768.jpg\" alt=\"\" data-id=\"13934\" data-link=\"https:\/\/xn--judo-lbben-feb.de\/?attachment_id=13934\" srcset=\"https:\/\/xn--judo-lbben-feb.de\/wp-content\/uploads\/2019\/03\/DSC08785-.jpg 1024w, https:\/\/xn--judo-lbben-feb.de\/wp-content\/uploads\/2019\/03\/DSC08785--300x225.jpg 300w, https:\/\/xn--judo-lbben-feb.de\/wp-content\/uploads\/2019\/03\/DSC08785--768x576.jpg 768w\" sizes=\"auto, (max-width: 1024px) 100vw, 1024px\" \/><\/a><\/figure>\r\n<\/li>\r\n<li class=\"blocks-gallery-item\">\r\n<figure><a href=\"https:\/\/xn--judo-lbben-feb.de\/wp-content\/uploads\/2019\/03\/DSC08786--1024x768.jpg\"><img loading=\"lazy\" decoding=\"async\" width=\"1024\" height=\"768\" class=\"wp-image-13935\" src=\"https:\/\/xn--judo-lbben-feb.de\/wp-content\/uploads\/2019\/03\/DSC08786--1024x768.jpg\" alt=\"\" data-id=\"13935\" data-link=\"https:\/\/xn--judo-lbben-feb.de\/?attachment_id=13935\" srcset=\"https:\/\/xn--judo-lbben-feb.de\/wp-content\/uploads\/2019\/03\/DSC08786-.jpg 1024w, https:\/\/xn--judo-lbben-feb.de\/wp-content\/uploads\/2019\/03\/DSC08786--300x225.jpg 300w, https:\/\/xn--judo-lbben-feb.de\/wp-content\/uploads\/2019\/03\/DSC08786--768x576.jpg 768w\" sizes=\"auto, (max-width: 1024px) 100vw, 1024px\" \/><\/a><\/figure>\r\n<\/li>\r\n<li class=\"blocks-gallery-item\">\r\n<figure><a href=\"https:\/\/xn--judo-lbben-feb.de\/wp-content\/uploads\/2019\/03\/DSC08788--1024x768.jpg\"><img loading=\"lazy\" decoding=\"async\" width=\"1024\" height=\"768\" class=\"wp-image-13936\" src=\"https:\/\/xn--judo-lbben-feb.de\/wp-content\/uploads\/2019\/03\/DSC08788--1024x768.jpg\" alt=\"\" data-id=\"13936\" data-link=\"https:\/\/xn--judo-lbben-feb.de\/?attachment_id=13936\" srcset=\"https:\/\/xn--judo-lbben-feb.de\/wp-content\/uploads\/2019\/03\/DSC08788-.jpg 1024w, https:\/\/xn--judo-lbben-feb.de\/wp-content\/uploads\/2019\/03\/DSC08788--300x225.jpg 300w, https:\/\/xn--judo-lbben-feb.de\/wp-content\/uploads\/2019\/03\/DSC08788--768x576.jpg 768w\" sizes=\"auto, (max-width: 1024px) 100vw, 1024px\" \/><\/a><\/figure>\r\n<\/li>\r\n<li class=\"blocks-gallery-item\">\r\n<figure><a href=\"https:\/\/xn--judo-lbben-feb.de\/wp-content\/uploads\/2019\/03\/DSC08789--1024x768.jpg\"><img loading=\"lazy\" decoding=\"async\" width=\"1024\" height=\"768\" class=\"wp-image-13937\" src=\"https:\/\/xn--judo-lbben-feb.de\/wp-content\/uploads\/2019\/03\/DSC08789--1024x768.jpg\" alt=\"\" data-id=\"13937\" data-link=\"https:\/\/xn--judo-lbben-feb.de\/?attachment_id=13937\" srcset=\"https:\/\/xn--judo-lbben-feb.de\/wp-content\/uploads\/2019\/03\/DSC08789-.jpg 1024w, https:\/\/xn--judo-lbben-feb.de\/wp-content\/uploads\/2019\/03\/DSC08789--300x225.jpg 300w, https:\/\/xn--judo-lbben-feb.de\/wp-content\/uploads\/2019\/03\/DSC08789--768x576.jpg 768w\" sizes=\"auto, (max-width: 1024px) 100vw, 1024px\" \/><\/a><\/figure>\r\n<\/li>\r\n<li class=\"blocks-gallery-item\">\r\n<figure><a href=\"https:\/\/xn--judo-lbben-feb.de\/wp-content\/uploads\/2019\/03\/DSC08790--1024x768.jpg\"><img loading=\"lazy\" decoding=\"async\" width=\"1024\" height=\"768\" class=\"wp-image-13938\" src=\"https:\/\/xn--judo-lbben-feb.de\/wp-content\/uploads\/2019\/03\/DSC08790--1024x768.jpg\" alt=\"\" data-id=\"13938\" data-link=\"https:\/\/xn--judo-lbben-feb.de\/?attachment_id=13938\" srcset=\"https:\/\/xn--judo-lbben-feb.de\/wp-content\/uploads\/2019\/03\/DSC08790-.jpg 1024w, https:\/\/xn--judo-lbben-feb.de\/wp-content\/uploads\/2019\/03\/DSC08790--300x225.jpg 300w, https:\/\/xn--judo-lbben-feb.de\/wp-content\/uploads\/2019\/03\/DSC08790--768x576.jpg 768w\" sizes=\"auto, (max-width: 1024px) 100vw, 1024px\" \/><\/a><\/figure>\r\n<\/li>\r\n<li class=\"blocks-gallery-item\">\r\n<figure><a href=\"https:\/\/xn--judo-lbben-feb.de\/wp-content\/uploads\/2019\/03\/DSC08793--1024x768.jpg\"><img loading=\"lazy\" decoding=\"async\" width=\"1024\" height=\"768\" class=\"wp-image-13939\" src=\"https:\/\/xn--judo-lbben-feb.de\/wp-content\/uploads\/2019\/03\/DSC08793--1024x768.jpg\" alt=\"\" data-id=\"13939\" data-link=\"https:\/\/xn--judo-lbben-feb.de\/?attachment_id=13939\" srcset=\"https:\/\/xn--judo-lbben-feb.de\/wp-content\/uploads\/2019\/03\/DSC08793-.jpg 1024w, https:\/\/xn--judo-lbben-feb.de\/wp-content\/uploads\/2019\/03\/DSC08793--300x225.jpg 300w, https:\/\/xn--judo-lbben-feb.de\/wp-content\/uploads\/2019\/03\/DSC08793--768x576.jpg 768w\" sizes=\"auto, (max-width: 1024px) 100vw, 1024px\" \/><\/a><\/figure>\r\n<\/li>\r\n<li class=\"blocks-gallery-item\">\r\n<figure><a href=\"https:\/\/xn--judo-lbben-feb.de\/wp-content\/uploads\/2019\/03\/DSC08795--1024x768.jpg\"><img loading=\"lazy\" decoding=\"async\" width=\"1024\" height=\"768\" class=\"wp-image-13940\" src=\"https:\/\/xn--judo-lbben-feb.de\/wp-content\/uploads\/2019\/03\/DSC08795--1024x768.jpg\" alt=\"\" data-id=\"13940\" data-link=\"https:\/\/xn--judo-lbben-feb.de\/?attachment_id=13940\" srcset=\"https:\/\/xn--judo-lbben-feb.de\/wp-content\/uploads\/2019\/03\/DSC08795-.jpg 1024w, https:\/\/xn--judo-lbben-feb.de\/wp-content\/uploads\/2019\/03\/DSC08795--300x225.jpg 300w, https:\/\/xn--judo-lbben-feb.de\/wp-content\/uploads\/2019\/03\/DSC08795--768x576.jpg 768w\" sizes=\"auto, (max-width: 1024px) 100vw, 1024px\" \/><\/a><\/figure>\r\n<\/li>\r\n<li class=\"blocks-gallery-item\">\r\n<figure><a href=\"https:\/\/xn--judo-lbben-feb.de\/wp-content\/uploads\/2019\/03\/DSC08797--1024x768.jpg\"><img loading=\"lazy\" decoding=\"async\" width=\"1024\" height=\"768\" class=\"wp-image-13941\" src=\"https:\/\/xn--judo-lbben-feb.de\/wp-content\/uploads\/2019\/03\/DSC08797--1024x768.jpg\" alt=\"\" data-id=\"13941\" data-link=\"https:\/\/xn--judo-lbben-feb.de\/?attachment_id=13941\" srcset=\"https:\/\/xn--judo-lbben-feb.de\/wp-content\/uploads\/2019\/03\/DSC08797-.jpg 1024w, https:\/\/xn--judo-lbben-feb.de\/wp-content\/uploads\/2019\/03\/DSC08797--300x225.jpg 300w, https:\/\/xn--judo-lbben-feb.de\/wp-content\/uploads\/2019\/03\/DSC08797--768x576.jpg 768w\" sizes=\"auto, (max-width: 1024px) 100vw, 1024px\" \/><\/a><\/figure>\r\n<\/li>\r\n<li class=\"blocks-gallery-item\">\r\n<figure><a href=\"https:\/\/xn--judo-lbben-feb.de\/wp-content\/uploads\/2019\/03\/DSC08798--1024x768.jpg\"><img loading=\"lazy\" decoding=\"async\" width=\"1024\" height=\"768\" class=\"wp-image-13942\" src=\"https:\/\/xn--judo-lbben-feb.de\/wp-content\/uploads\/2019\/03\/DSC08798--1024x768.jpg\" alt=\"\" data-id=\"13942\" data-link=\"https:\/\/xn--judo-lbben-feb.de\/?attachment_id=13942\" srcset=\"https:\/\/xn--judo-lbben-feb.de\/wp-content\/uploads\/2019\/03\/DSC08798-.jpg 1024w, https:\/\/xn--judo-lbben-feb.de\/wp-content\/uploads\/2019\/03\/DSC08798--300x225.jpg 300w, https:\/\/xn--judo-lbben-feb.de\/wp-content\/uploads\/2019\/03\/DSC08798--768x576.jpg 768w\" sizes=\"auto, (max-width: 1024px) 100vw, 1024px\" \/><\/a><\/figure>\r\n<\/li>\r\n<li class=\"blocks-gallery-item\">\r\n<figure><a href=\"https:\/\/xn--judo-lbben-feb.de\/wp-content\/uploads\/2019\/03\/DSC08799--1024x768.jpg\"><img loading=\"lazy\" decoding=\"async\" width=\"1024\" height=\"768\" class=\"wp-image-13943\" src=\"https:\/\/xn--judo-lbben-feb.de\/wp-content\/uploads\/2019\/03\/DSC08799--1024x768.jpg\" alt=\"\" data-id=\"13943\" data-link=\"https:\/\/xn--judo-lbben-feb.de\/?attachment_id=13943\" srcset=\"https:\/\/xn--judo-lbben-feb.de\/wp-content\/uploads\/2019\/03\/DSC08799-.jpg 1024w, https:\/\/xn--judo-lbben-feb.de\/wp-content\/uploads\/2019\/03\/DSC08799--300x225.jpg 300w, https:\/\/xn--judo-lbben-feb.de\/wp-content\/uploads\/2019\/03\/DSC08799--768x576.jpg 768w\" sizes=\"auto, (max-width: 1024px) 100vw, 1024px\" \/><\/a><\/figure>\r\n<\/li>\r\n<li class=\"blocks-gallery-item\">\r\n<figure><a href=\"https:\/\/xn--judo-lbben-feb.de\/wp-content\/uploads\/2019\/03\/DSC08800--1024x768.jpg\"><img loading=\"lazy\" decoding=\"async\" width=\"1024\" height=\"768\" class=\"wp-image-13944\" src=\"https:\/\/xn--judo-lbben-feb.de\/wp-content\/uploads\/2019\/03\/DSC08800--1024x768.jpg\" alt=\"\" data-id=\"13944\" data-link=\"https:\/\/xn--judo-lbben-feb.de\/?attachment_id=13944\" srcset=\"https:\/\/xn--judo-lbben-feb.de\/wp-content\/uploads\/2019\/03\/DSC08800-.jpg 1024w, https:\/\/xn--judo-lbben-feb.de\/wp-content\/uploads\/2019\/03\/DSC08800--300x225.jpg 300w, https:\/\/xn--judo-lbben-feb.de\/wp-content\/uploads\/2019\/03\/DSC08800--768x576.jpg 768w\" sizes=\"auto, (max-width: 1024px) 100vw, 1024px\" \/><\/a><\/figure>\r\n<\/li>\r\n<li class=\"blocks-gallery-item\">\r\n<figure><a href=\"https:\/\/xn--judo-lbben-feb.de\/wp-content\/uploads\/2019\/03\/DSC08801--1024x768.jpg\"><img loading=\"lazy\" decoding=\"async\" width=\"1024\" height=\"768\" class=\"wp-image-13945\" src=\"https:\/\/xn--judo-lbben-feb.de\/wp-content\/uploads\/2019\/03\/DSC08801--1024x768.jpg\" alt=\"\" data-id=\"13945\" data-link=\"https:\/\/xn--judo-lbben-feb.de\/?attachment_id=13945\" srcset=\"https:\/\/xn--judo-lbben-feb.de\/wp-content\/uploads\/2019\/03\/DSC08801-.jpg 1024w, https:\/\/xn--judo-lbben-feb.de\/wp-content\/uploads\/2019\/03\/DSC08801--300x225.jpg 300w, https:\/\/xn--judo-lbben-feb.de\/wp-content\/uploads\/2019\/03\/DSC08801--768x576.jpg 768w\" sizes=\"auto, (max-width: 1024px) 100vw, 1024px\" \/><\/a><\/figure>\r\n<\/li>\r\n<li class=\"blocks-gallery-item\">\r\n<figure><a href=\"https:\/\/xn--judo-lbben-feb.de\/wp-content\/uploads\/2019\/03\/DSC08802--1024x768.jpg\"><img loading=\"lazy\" decoding=\"async\" width=\"1024\" height=\"768\" class=\"wp-image-13946\" src=\"https:\/\/xn--judo-lbben-feb.de\/wp-content\/uploads\/2019\/03\/DSC08802--1024x768.jpg\" alt=\"\" data-id=\"13946\" data-link=\"https:\/\/xn--judo-lbben-feb.de\/?attachment_id=13946\" srcset=\"https:\/\/xn--judo-lbben-feb.de\/wp-content\/uploads\/2019\/03\/DSC08802-.jpg 1024w, https:\/\/xn--judo-lbben-feb.de\/wp-content\/uploads\/2019\/03\/DSC08802--300x225.jpg 300w, https:\/\/xn--judo-lbben-feb.de\/wp-content\/uploads\/2019\/03\/DSC08802--768x576.jpg 768w\" sizes=\"auto, (max-width: 1024px) 100vw, 1024px\" \/><\/a><\/figure>\r\n<\/li>\r\n<li class=\"blocks-gallery-item\">\r\n<figure><a href=\"https:\/\/xn--judo-lbben-feb.de\/wp-content\/uploads\/2019\/03\/DSC08803--1024x768.jpg\"><img loading=\"lazy\" decoding=\"async\" width=\"1024\" height=\"768\" class=\"wp-image-13947\" src=\"https:\/\/xn--judo-lbben-feb.de\/wp-content\/uploads\/2019\/03\/DSC08803--1024x768.jpg\" alt=\"\" data-id=\"13947\" data-link=\"https:\/\/xn--judo-lbben-feb.de\/?attachment_id=13947\" srcset=\"https:\/\/xn--judo-lbben-feb.de\/wp-content\/uploads\/2019\/03\/DSC08803-.jpg 1024w, https:\/\/xn--judo-lbben-feb.de\/wp-content\/uploads\/2019\/03\/DSC08803--300x225.jpg 300w, https:\/\/xn--judo-lbben-feb.de\/wp-content\/uploads\/2019\/03\/DSC08803--768x576.jpg 768w\" sizes=\"auto, (max-width: 1024px) 100vw, 1024px\" \/><\/a><\/figure>\r\n<\/li>\r\n<li class=\"blocks-gallery-item\">\r\n<figure><a href=\"https:\/\/xn--judo-lbben-feb.de\/wp-content\/uploads\/2019\/03\/DSC08805--1024x768.jpg\"><img loading=\"lazy\" decoding=\"async\" width=\"1024\" height=\"768\" class=\"wp-image-13948\" src=\"https:\/\/xn--judo-lbben-feb.de\/wp-content\/uploads\/2019\/03\/DSC08805--1024x768.jpg\" alt=\"\" data-id=\"13948\" data-link=\"https:\/\/xn--judo-lbben-feb.de\/?attachment_id=13948\" srcset=\"https:\/\/xn--judo-lbben-feb.de\/wp-content\/uploads\/2019\/03\/DSC08805-.jpg 1024w, https:\/\/xn--judo-lbben-feb.de\/wp-content\/uploads\/2019\/03\/DSC08805--300x225.jpg 300w, https:\/\/xn--judo-lbben-feb.de\/wp-content\/uploads\/2019\/03\/DSC08805--768x576.jpg 768w\" sizes=\"auto, (max-width: 1024px) 100vw, 1024px\" \/><\/a><\/figure>\r\n<\/li>\r\n<li class=\"blocks-gallery-item\">\r\n<figure><a href=\"https:\/\/xn--judo-lbben-feb.de\/wp-content\/uploads\/2019\/03\/DSC08808--1024x768.jpg\"><img loading=\"lazy\" decoding=\"async\" width=\"1024\" height=\"768\" class=\"wp-image-13949\" src=\"https:\/\/xn--judo-lbben-feb.de\/wp-content\/uploads\/2019\/03\/DSC08808--1024x768.jpg\" alt=\"\" data-id=\"13949\" data-link=\"https:\/\/xn--judo-lbben-feb.de\/?attachment_id=13949\" srcset=\"https:\/\/xn--judo-lbben-feb.de\/wp-content\/uploads\/2019\/03\/DSC08808-.jpg 1024w, https:\/\/xn--judo-lbben-feb.de\/wp-content\/uploads\/2019\/03\/DSC08808--300x225.jpg 300w, https:\/\/xn--judo-lbben-feb.de\/wp-content\/uploads\/2019\/03\/DSC08808--768x576.jpg 768w\" sizes=\"auto, (max-width: 1024px) 100vw, 1024px\" \/><\/a><\/figure>\r\n<\/li>\r\n<li class=\"blocks-gallery-item\">\r\n<figure><a href=\"https:\/\/xn--judo-lbben-feb.de\/wp-content\/uploads\/2019\/03\/DSC08810--1024x768.jpg\"><img loading=\"lazy\" decoding=\"async\" width=\"1024\" height=\"768\" class=\"wp-image-13950\" src=\"https:\/\/xn--judo-lbben-feb.de\/wp-content\/uploads\/2019\/03\/DSC08810--1024x768.jpg\" alt=\"\" data-id=\"13950\" data-link=\"https:\/\/xn--judo-lbben-feb.de\/?attachment_id=13950\" srcset=\"https:\/\/xn--judo-lbben-feb.de\/wp-content\/uploads\/2019\/03\/DSC08810-.jpg 1024w, https:\/\/xn--judo-lbben-feb.de\/wp-content\/uploads\/2019\/03\/DSC08810--300x225.jpg 300w, https:\/\/xn--judo-lbben-feb.de\/wp-content\/uploads\/2019\/03\/DSC08810--768x576.jpg 768w\" sizes=\"auto, (max-width: 1024px) 100vw, 1024px\" \/><\/a><\/figure>\r\n<\/li>\r\n<li class=\"blocks-gallery-item\">\r\n<figure><a href=\"https:\/\/xn--judo-lbben-feb.de\/wp-content\/uploads\/2019\/03\/DSC08811--1024x768.jpg\"><img loading=\"lazy\" decoding=\"async\" width=\"1024\" height=\"768\" class=\"wp-image-13951\" src=\"https:\/\/xn--judo-lbben-feb.de\/wp-content\/uploads\/2019\/03\/DSC08811--1024x768.jpg\" alt=\"\" data-id=\"13951\" data-link=\"https:\/\/xn--judo-lbben-feb.de\/?attachment_id=13951\" srcset=\"https:\/\/xn--judo-lbben-feb.de\/wp-content\/uploads\/2019\/03\/DSC08811-.jpg 1024w, https:\/\/xn--judo-lbben-feb.de\/wp-content\/uploads\/2019\/03\/DSC08811--300x225.jpg 300w, https:\/\/xn--judo-lbben-feb.de\/wp-content\/uploads\/2019\/03\/DSC08811--768x576.jpg 768w\" sizes=\"auto, (max-width: 1024px) 100vw, 1024px\" \/><\/a><\/figure>\r\n<\/li>\r\n<li class=\"blocks-gallery-item\">\r\n<figure><a href=\"https:\/\/xn--judo-lbben-feb.de\/wp-content\/uploads\/2019\/03\/DSC08812--1024x768.jpg\"><img loading=\"lazy\" decoding=\"async\" width=\"1024\" height=\"768\" class=\"wp-image-13952\" src=\"https:\/\/xn--judo-lbben-feb.de\/wp-content\/uploads\/2019\/03\/DSC08812--1024x768.jpg\" alt=\"\" data-id=\"13952\" data-link=\"https:\/\/xn--judo-lbben-feb.de\/?attachment_id=13952\" srcset=\"https:\/\/xn--judo-lbben-feb.de\/wp-content\/uploads\/2019\/03\/DSC08812-.jpg 1024w, https:\/\/xn--judo-lbben-feb.de\/wp-content\/uploads\/2019\/03\/DSC08812--300x225.jpg 300w, https:\/\/xn--judo-lbben-feb.de\/wp-content\/uploads\/2019\/03\/DSC08812--768x576.jpg 768w\" sizes=\"auto, (max-width: 1024px) 100vw, 1024px\" \/><\/a><\/figure>\r\n<\/li>\r\n<li class=\"blocks-gallery-item\">\r\n<figure><a href=\"https:\/\/xn--judo-lbben-feb.de\/wp-content\/uploads\/2019\/03\/DSC08813--1024x768.jpg\"><img loading=\"lazy\" decoding=\"async\" width=\"1024\" height=\"768\" class=\"wp-image-13953\" src=\"https:\/\/xn--judo-lbben-feb.de\/wp-content\/uploads\/2019\/03\/DSC08813--1024x768.jpg\" alt=\"\" data-id=\"13953\" data-link=\"https:\/\/xn--judo-lbben-feb.de\/?attachment_id=13953\" srcset=\"https:\/\/xn--judo-lbben-feb.de\/wp-content\/uploads\/2019\/03\/DSC08813-.jpg 1024w, https:\/\/xn--judo-lbben-feb.de\/wp-content\/uploads\/2019\/03\/DSC08813--300x225.jpg 300w, https:\/\/xn--judo-lbben-feb.de\/wp-content\/uploads\/2019\/03\/DSC08813--768x576.jpg 768w\" sizes=\"auto, (max-width: 1024px) 100vw, 1024px\" \/><\/a><\/figure>\r\n<\/li>\r\n<li class=\"blocks-gallery-item\">\r\n<figure><a href=\"https:\/\/xn--judo-lbben-feb.de\/wp-content\/uploads\/2019\/03\/DSC08815--1024x768.jpg\"><img loading=\"lazy\" decoding=\"async\" width=\"1024\" height=\"768\" class=\"wp-image-13954\" src=\"https:\/\/xn--judo-lbben-feb.de\/wp-content\/uploads\/2019\/03\/DSC08815--1024x768.jpg\" alt=\"\" data-id=\"13954\" data-link=\"https:\/\/xn--judo-lbben-feb.de\/?attachment_id=13954\" srcset=\"https:\/\/xn--judo-lbben-feb.de\/wp-content\/uploads\/2019\/03\/DSC08815-.jpg 1024w, https:\/\/xn--judo-lbben-feb.de\/wp-content\/uploads\/2019\/03\/DSC08815--300x225.jpg 300w, https:\/\/xn--judo-lbben-feb.de\/wp-content\/uploads\/2019\/03\/DSC08815--768x576.jpg 768w\" sizes=\"auto, (max-width: 1024px) 100vw, 1024px\" \/><\/a><\/figure>\r\n<\/li>\r\n<li class=\"blocks-gallery-item\">\r\n<figure><a href=\"https:\/\/xn--judo-lbben-feb.de\/wp-content\/uploads\/2019\/03\/DSC08817--1024x768.jpg\"><img loading=\"lazy\" decoding=\"async\" width=\"1024\" height=\"768\" class=\"wp-image-13955\" src=\"https:\/\/xn--judo-lbben-feb.de\/wp-content\/uploads\/2019\/03\/DSC08817--1024x768.jpg\" alt=\"\" data-id=\"13955\" data-link=\"https:\/\/xn--judo-lbben-feb.de\/?attachment_id=13955\" srcset=\"https:\/\/xn--judo-lbben-feb.de\/wp-content\/uploads\/2019\/03\/DSC08817-.jpg 1024w, https:\/\/xn--judo-lbben-feb.de\/wp-content\/uploads\/2019\/03\/DSC08817--300x225.jpg 300w, https:\/\/xn--judo-lbben-feb.de\/wp-content\/uploads\/2019\/03\/DSC08817--768x576.jpg 768w\" sizes=\"auto, (max-width: 1024px) 100vw, 1024px\" \/><\/a><\/figure>\r\n<\/li>\r\n<li class=\"blocks-gallery-item\">\r\n<figure><a href=\"https:\/\/xn--judo-lbben-feb.de\/wp-content\/uploads\/2019\/03\/DSC08818--1024x768.jpg\"><img loading=\"lazy\" decoding=\"async\" width=\"1024\" height=\"768\" class=\"wp-image-13956\" src=\"https:\/\/xn--judo-lbben-feb.de\/wp-content\/uploads\/2019\/03\/DSC08818--1024x768.jpg\" alt=\"\" data-id=\"13956\" data-link=\"https:\/\/xn--judo-lbben-feb.de\/?attachment_id=13956\" srcset=\"https:\/\/xn--judo-lbben-feb.de\/wp-content\/uploads\/2019\/03\/DSC08818-.jpg 1024w, https:\/\/xn--judo-lbben-feb.de\/wp-content\/uploads\/2019\/03\/DSC08818--300x225.jpg 300w, https:\/\/xn--judo-lbben-feb.de\/wp-content\/uploads\/2019\/03\/DSC08818--768x576.jpg 768w\" sizes=\"auto, (max-width: 1024px) 100vw, 1024px\" \/><\/a><\/figure>\r\n<\/li>\r\n<li class=\"blocks-gallery-item\">\r\n<figure><a href=\"https:\/\/xn--judo-lbben-feb.de\/wp-content\/uploads\/2019\/03\/DSC08821--1024x768.jpg\"><img loading=\"lazy\" decoding=\"async\" width=\"1024\" height=\"768\" class=\"wp-image-13957\" src=\"https:\/\/xn--judo-lbben-feb.de\/wp-content\/uploads\/2019\/03\/DSC08821--1024x768.jpg\" alt=\"\" data-id=\"13957\" data-link=\"https:\/\/xn--judo-lbben-feb.de\/?attachment_id=13957\" srcset=\"https:\/\/xn--judo-lbben-feb.de\/wp-content\/uploads\/2019\/03\/DSC08821-.jpg 1024w, https:\/\/xn--judo-lbben-feb.de\/wp-content\/uploads\/2019\/03\/DSC08821--300x225.jpg 300w, https:\/\/xn--judo-lbben-feb.de\/wp-content\/uploads\/2019\/03\/DSC08821--768x576.jpg 768w\" sizes=\"auto, (max-width: 1024px) 100vw, 1024px\" \/><\/a><\/figure>\r\n<\/li>\r\n<li class=\"blocks-gallery-item\">\r\n<figure><a href=\"https:\/\/xn--judo-lbben-feb.de\/wp-content\/uploads\/2019\/03\/DSC08824--1024x768.jpg\"><img loading=\"lazy\" decoding=\"async\" width=\"1024\" height=\"768\" class=\"wp-image-13958\" src=\"https:\/\/xn--judo-lbben-feb.de\/wp-content\/uploads\/2019\/03\/DSC08824--1024x768.jpg\" alt=\"\" data-id=\"13958\" data-link=\"https:\/\/xn--judo-lbben-feb.de\/?attachment_id=13958\" srcset=\"https:\/\/xn--judo-lbben-feb.de\/wp-content\/uploads\/2019\/03\/DSC08824-.jpg 1024w, https:\/\/xn--judo-lbben-feb.de\/wp-content\/uploads\/2019\/03\/DSC08824--300x225.jpg 300w, https:\/\/xn--judo-lbben-feb.de\/wp-content\/uploads\/2019\/03\/DSC08824--768x576.jpg 768w\" sizes=\"auto, (max-width: 1024px) 100vw, 1024px\" \/><\/a><\/figure>\r\n<\/li>\r\n<li class=\"blocks-gallery-item\">\r\n<figure><a href=\"https:\/\/xn--judo-lbben-feb.de\/wp-content\/uploads\/2019\/03\/DSC08825--1024x768.jpg\"><img loading=\"lazy\" decoding=\"async\" width=\"1024\" height=\"768\" class=\"wp-image-13959\" src=\"https:\/\/xn--judo-lbben-feb.de\/wp-content\/uploads\/2019\/03\/DSC08825--1024x768.jpg\" alt=\"\" data-id=\"13959\" data-link=\"https:\/\/xn--judo-lbben-feb.de\/?attachment_id=13959\" srcset=\"https:\/\/xn--judo-lbben-feb.de\/wp-content\/uploads\/2019\/03\/DSC08825-.jpg 1024w, https:\/\/xn--judo-lbben-feb.de\/wp-content\/uploads\/2019\/03\/DSC08825--300x225.jpg 300w, https:\/\/xn--judo-lbben-feb.de\/wp-content\/uploads\/2019\/03\/DSC08825--768x576.jpg 768w\" sizes=\"auto, (max-width: 1024px) 100vw, 1024px\" \/><\/a><\/figure>\r\n<\/li>\r\n<li class=\"blocks-gallery-item\">\r\n<figure><a href=\"https:\/\/xn--judo-lbben-feb.de\/wp-content\/uploads\/2019\/03\/DSC08826--1024x768.jpg\"><img loading=\"lazy\" decoding=\"async\" width=\"1024\" height=\"768\" class=\"wp-image-13960\" src=\"https:\/\/xn--judo-lbben-feb.de\/wp-content\/uploads\/2019\/03\/DSC08826--1024x768.jpg\" alt=\"\" data-id=\"13960\" data-link=\"https:\/\/xn--judo-lbben-feb.de\/?attachment_id=13960\" srcset=\"https:\/\/xn--judo-lbben-feb.de\/wp-content\/uploads\/2019\/03\/DSC08826-.jpg 1024w, https:\/\/xn--judo-lbben-feb.de\/wp-content\/uploads\/2019\/03\/DSC08826--300x225.jpg 300w, https:\/\/xn--judo-lbben-feb.de\/wp-content\/uploads\/2019\/03\/DSC08826--768x576.jpg 768w\" sizes=\"auto, (max-width: 1024px) 100vw, 1024px\" \/><\/a><\/figure>\r\n<\/li>\r\n<li class=\"blocks-gallery-item\">\r\n<figure><a href=\"https:\/\/xn--judo-lbben-feb.de\/wp-content\/uploads\/2019\/03\/DSC08828--1024x768.jpg\"><img loading=\"lazy\" decoding=\"async\" width=\"1024\" height=\"768\" class=\"wp-image-13961\" src=\"https:\/\/xn--judo-lbben-feb.de\/wp-content\/uploads\/2019\/03\/DSC08828--1024x768.jpg\" alt=\"\" data-id=\"13961\" data-link=\"https:\/\/xn--judo-lbben-feb.de\/?attachment_id=13961\" srcset=\"https:\/\/xn--judo-lbben-feb.de\/wp-content\/uploads\/2019\/03\/DSC08828-.jpg 1024w, https:\/\/xn--judo-lbben-feb.de\/wp-content\/uploads\/2019\/03\/DSC08828--300x225.jpg 300w, https:\/\/xn--judo-lbben-feb.de\/wp-content\/uploads\/2019\/03\/DSC08828--768x576.jpg 768w\" sizes=\"auto, (max-width: 1024px) 100vw, 1024px\" \/><\/a><\/figure>\r\n<\/li>\r\n<li class=\"blocks-gallery-item\">\r\n<figure><a href=\"https:\/\/xn--judo-lbben-feb.de\/wp-content\/uploads\/2019\/03\/DSC08829--1024x768.jpg\"><img loading=\"lazy\" decoding=\"async\" width=\"1024\" height=\"768\" class=\"wp-image-13962\" src=\"https:\/\/xn--judo-lbben-feb.de\/wp-content\/uploads\/2019\/03\/DSC08829--1024x768.jpg\" alt=\"\" data-id=\"13962\" data-link=\"https:\/\/xn--judo-lbben-feb.de\/?attachment_id=13962\" srcset=\"https:\/\/xn--judo-lbben-feb.de\/wp-content\/uploads\/2019\/03\/DSC08829-.jpg 1024w, https:\/\/xn--judo-lbben-feb.de\/wp-content\/uploads\/2019\/03\/DSC08829--300x225.jpg 300w, https:\/\/xn--judo-lbben-feb.de\/wp-content\/uploads\/2019\/03\/DSC08829--768x576.jpg 768w\" sizes=\"auto, (max-width: 1024px) 100vw, 1024px\" \/><\/a><\/figure>\r\n<\/li>\r\n<li class=\"blocks-gallery-item\">\r\n<figure><a href=\"https:\/\/xn--judo-lbben-feb.de\/wp-content\/uploads\/2019\/03\/DSC08833--1024x768.jpg\"><img loading=\"lazy\" decoding=\"async\" width=\"1024\" height=\"768\" class=\"wp-image-13963\" src=\"https:\/\/xn--judo-lbben-feb.de\/wp-content\/uploads\/2019\/03\/DSC08833--1024x768.jpg\" alt=\"\" data-id=\"13963\" data-link=\"https:\/\/xn--judo-lbben-feb.de\/?attachment_id=13963\" srcset=\"https:\/\/xn--judo-lbben-feb.de\/wp-content\/uploads\/2019\/03\/DSC08833-.jpg 1024w, https:\/\/xn--judo-lbben-feb.de\/wp-content\/uploads\/2019\/03\/DSC08833--300x225.jpg 300w, https:\/\/xn--judo-lbben-feb.de\/wp-content\/uploads\/2019\/03\/DSC08833--768x576.jpg 768w\" sizes=\"auto, (max-width: 1024px) 100vw, 1024px\" \/><\/a><\/figure>\r\n<\/li>\r\n<\/ul>\r\n\r\n\r\n\r\n<p>&nbsp;<\/p>\r\n\r\n\r\n\r\n<p>17.03.2019<\/p>\r\n\r\n\r\n\r\n<p>Wir gehen in den 2. Tag, heute stehen die Wettk\u00e4mpfe der U11, U18 sowie der Frauen und M\u00e4nner an. Wie gestern ist in den beiden Wieger\u00e4umen m\u00e4chtig viel Betrieb, 32 Vereine haben sich angek\u00fcndigt. 35 Vereine mit 282 Sportlern waren dann am Sonntag anwesend unter ihnen waren knapp 50 Frauen und M\u00e4nner. Punkt 10 Uhr begannen die Wettk\u00e4mpfe der U11. Die Listen waren prall gef\u00fcllt, um so sch\u00f6ner war es, dass sich Julia, Linda und Loris jeweils \u00fcber eine Silbermedailie freuen durften.<\/p>\r\n\r\n\r\n\r\n<p>Gegen 13:30 Uhr stiegen die &#8222;Gro\u00dfen&#8220; in das Wettkampfgeschehen ein. Hier war Miriam \u00fcberzeugend, 4 K\u00e4mpfe und alle mit Ippon gewonnen &#8211; Gold, ganz stark. Sarah verlor ihren Finalkampf und holte sich Silber. Bei den Frauen komplettierte Angelina mit Bronze den Medailiensatz. Fabian und Lucian kamen nach ihren K\u00e4mpfen auf den f\u00fcnften Platz.<\/p>\r\n\r\n\r\n\r\n<p>Insgesamt war das Turnier wieder ein voller Erfolg mit erneutem Teilnehmerrekord, 579 Judoka aus 39 Vereinen fanden den Weg ins &#8222;Blaue Wunder&#8220;.<\/p>\r\n\r\n\r\n\r\n<p>Die Ergebnisse der L\u00fcbbener:<\/p>\r\n\r\n\r\n\r\n<p><strong>1. Pl\u00e4tze<\/strong><\/p>\r\n\r\n\r\n\r\n<p>Marc Kloy bis 28kg(U9), Elisa Rudnik bis 48kg(U15), Sophie Jeschke bis 52kg(U15), Matthew Wilke bis 60kg(U15), Miriam Stoye bis 52kg(U18)<\/p>\r\n\r\n\r\n\r\n<p><strong>2. Pl\u00e4tze<\/strong><\/p>\r\n\r\n\r\n\r\n<p>Julia Bleich bis 40kg(U11), Linda Kettlitz bis 44kg, Loris Gra\u00dfmann bis 43kg(U11), Erich B\u00f6ttcher bis 43kg(U13), Samantha Koschinski \u00fcb. 63kg(U15), Sarah Rudnik bis 57kg(U18)<\/p>\r\n\r\n\r\n\r\n<p><strong>3. Pl\u00e4tze<\/strong><\/p>\r\n\r\n\r\n\r\n<p>Erik Maa\u00df bis 21kg(U9), Jamie Wilke bis 25kg(U9), Piet Hampusch bis 28kg(U9), Philipp Ohlerich bis 46kg(U11), Cheryl Fomunyam \u00fcb. 57kg(U13), Julius Streicher bis 46kg(U13), Anna Maa\u00df bis 44kg(U15), Angelina Wilke bis 63kg(Frauen)<\/p>\r\n\r\n\r\n\r\n<p><strong>5. Pl\u00e4tze<\/strong><\/p>\r\n\r\n\r\n\r\n<p>Vincent Rechenberger bis 23kg(U9), Julia Richter bis 28kg(U11), Leonas Hornig bis 37kg(U11), Niels Mann bis 43kg(U11), Melissa Stoye bis 44kg(U15), Lucian Roscheck bis 81kg(M\u00e4nner), Fabian Kettlitz bis 81kg(M\u00e4nner)<\/p>\r\n\r\n\r\n\r\n<p><strong>Weitere L\u00fcbbener Teilnehmer:<\/strong><\/p>\r\n\r\n\r\n\r\n<p>Nikolas W\u00e4gner, Jonas Rick, Iwan Neugebauer, Philipp Lehmann, Lukas Melcher, Erik Rechenberger, Timur Schr\u00f6der, Pascal Kositz, Karl Kolwitz<\/p>\r\n\r\n\r\n\r\n<p class=\"has-text-color has-background has-very-light-gray-color has-vivid-red-background-color\" style=\"text-align: center;\"><strong>Vielen lieben Dank an all unsere flei\u00dfigen Helferinnen und Helfer, ohne Euch w\u00e4ren die 2 Tage nicht so reibungslos abgelaufen, DANKE!!!!<\/strong><\/p>\r\n\r\n\r\n\r\n<p><strong>Impressionen vom Sonntag:<\/strong><\/p>\r\n\r\n\r\n\r\n<ul class=\"wp-block-gallery columns-3 is-cropped wp-block-gallery-3 is-layout-flex wp-block-gallery-is-layout-flex\">\r\n<li class=\"blocks-gallery-item\">\r\n<figure><a href=\"https:\/\/xn--judo-lbben-feb.de\/wp-content\/uploads\/2019\/03\/DSC08834--1024x768.jpg\"><img loading=\"lazy\" decoding=\"async\" width=\"1024\" height=\"768\" class=\"wp-image-13972\" src=\"https:\/\/xn--judo-lbben-feb.de\/wp-content\/uploads\/2019\/03\/DSC08834--1024x768.jpg\" alt=\"\" data-id=\"13972\" data-link=\"https:\/\/xn--judo-lbben-feb.de\/?attachment_id=13972\" srcset=\"https:\/\/xn--judo-lbben-feb.de\/wp-content\/uploads\/2019\/03\/DSC08834-.jpg 1024w, https:\/\/xn--judo-lbben-feb.de\/wp-content\/uploads\/2019\/03\/DSC08834--300x225.jpg 300w, https:\/\/xn--judo-lbben-feb.de\/wp-content\/uploads\/2019\/03\/DSC08834--768x576.jpg 768w\" sizes=\"auto, (max-width: 1024px) 100vw, 1024px\" \/><\/a><\/figure>\r\n<\/li>\r\n<li class=\"blocks-gallery-item\">\r\n<figure><a href=\"https:\/\/xn--judo-lbben-feb.de\/wp-content\/uploads\/2019\/03\/DSC08835--1024x768.jpg\"><img loading=\"lazy\" decoding=\"async\" width=\"1024\" height=\"768\" class=\"wp-image-13973\" src=\"https:\/\/xn--judo-lbben-feb.de\/wp-content\/uploads\/2019\/03\/DSC08835--1024x768.jpg\" alt=\"\" data-id=\"13973\" data-link=\"https:\/\/xn--judo-lbben-feb.de\/?attachment_id=13973\" srcset=\"https:\/\/xn--judo-lbben-feb.de\/wp-content\/uploads\/2019\/03\/DSC08835-.jpg 1024w, https:\/\/xn--judo-lbben-feb.de\/wp-content\/uploads\/2019\/03\/DSC08835--300x225.jpg 300w, https:\/\/xn--judo-lbben-feb.de\/wp-content\/uploads\/2019\/03\/DSC08835--768x576.jpg 768w\" sizes=\"auto, (max-width: 1024px) 100vw, 1024px\" \/><\/a><\/figure>\r\n<\/li>\r\n<li class=\"blocks-gallery-item\">\r\n<figure><a href=\"https:\/\/xn--judo-lbben-feb.de\/wp-content\/uploads\/2019\/03\/DSC08836--1024x768.jpg\"><img loading=\"lazy\" decoding=\"async\" width=\"1024\" height=\"768\" class=\"wp-image-13974\" src=\"https:\/\/xn--judo-lbben-feb.de\/wp-content\/uploads\/2019\/03\/DSC08836--1024x768.jpg\" alt=\"\" data-id=\"13974\" data-link=\"https:\/\/xn--judo-lbben-feb.de\/?attachment_id=13974\" srcset=\"https:\/\/xn--judo-lbben-feb.de\/wp-content\/uploads\/2019\/03\/DSC08836-.jpg 1024w, https:\/\/xn--judo-lbben-feb.de\/wp-content\/uploads\/2019\/03\/DSC08836--300x225.jpg 300w, https:\/\/xn--judo-lbben-feb.de\/wp-content\/uploads\/2019\/03\/DSC08836--768x576.jpg 768w\" sizes=\"auto, (max-width: 1024px) 100vw, 1024px\" \/><\/a><\/figure>\r\n<\/li>\r\n<li class=\"blocks-gallery-item\">\r\n<figure><a href=\"https:\/\/xn--judo-lbben-feb.de\/wp-content\/uploads\/2019\/03\/DSC08837--1024x768.jpg\"><img loading=\"lazy\" decoding=\"async\" width=\"1024\" height=\"768\" class=\"wp-image-13975\" src=\"https:\/\/xn--judo-lbben-feb.de\/wp-content\/uploads\/2019\/03\/DSC08837--1024x768.jpg\" alt=\"\" data-id=\"13975\" data-link=\"https:\/\/xn--judo-lbben-feb.de\/?attachment_id=13975\" srcset=\"https:\/\/xn--judo-lbben-feb.de\/wp-content\/uploads\/2019\/03\/DSC08837-.jpg 1024w, https:\/\/xn--judo-lbben-feb.de\/wp-content\/uploads\/2019\/03\/DSC08837--300x225.jpg 300w, https:\/\/xn--judo-lbben-feb.de\/wp-content\/uploads\/2019\/03\/DSC08837--768x576.jpg 768w\" sizes=\"auto, (max-width: 1024px) 100vw, 1024px\" \/><\/a><\/figure>\r\n<\/li>\r\n<li class=\"blocks-gallery-item\">\r\n<figure><a href=\"https:\/\/xn--judo-lbben-feb.de\/wp-content\/uploads\/2019\/03\/DSC08838--1024x768.jpg\"><img loading=\"lazy\" decoding=\"async\" width=\"1024\" height=\"768\" class=\"wp-image-13976\" src=\"https:\/\/xn--judo-lbben-feb.de\/wp-content\/uploads\/2019\/03\/DSC08838--1024x768.jpg\" alt=\"\" data-id=\"13976\" data-link=\"https:\/\/xn--judo-lbben-feb.de\/?attachment_id=13976\" srcset=\"https:\/\/xn--judo-lbben-feb.de\/wp-content\/uploads\/2019\/03\/DSC08838-.jpg 1024w, https:\/\/xn--judo-lbben-feb.de\/wp-content\/uploads\/2019\/03\/DSC08838--300x225.jpg 300w, https:\/\/xn--judo-lbben-feb.de\/wp-content\/uploads\/2019\/03\/DSC08838--768x576.jpg 768w\" sizes=\"auto, (max-width: 1024px) 100vw, 1024px\" \/><\/a><\/figure>\r\n<\/li>\r\n<li class=\"blocks-gallery-item\">\r\n<figure><a href=\"https:\/\/xn--judo-lbben-feb.de\/wp-content\/uploads\/2019\/03\/DSC08840--1024x768.jpg\"><img loading=\"lazy\" decoding=\"async\" width=\"1024\" height=\"768\" class=\"wp-image-13977\" src=\"https:\/\/xn--judo-lbben-feb.de\/wp-content\/uploads\/2019\/03\/DSC08840--1024x768.jpg\" alt=\"\" data-id=\"13977\" data-link=\"https:\/\/xn--judo-lbben-feb.de\/?attachment_id=13977\" srcset=\"https:\/\/xn--judo-lbben-feb.de\/wp-content\/uploads\/2019\/03\/DSC08840-.jpg 1024w, https:\/\/xn--judo-lbben-feb.de\/wp-content\/uploads\/2019\/03\/DSC08840--300x225.jpg 300w, https:\/\/xn--judo-lbben-feb.de\/wp-content\/uploads\/2019\/03\/DSC08840--768x576.jpg 768w\" sizes=\"auto, (max-width: 1024px) 100vw, 1024px\" \/><\/a><\/figure>\r\n<\/li>\r\n<li class=\"blocks-gallery-item\">\r\n<figure><a href=\"https:\/\/xn--judo-lbben-feb.de\/wp-content\/uploads\/2019\/03\/DSC08842--1024x768.jpg\"><img loading=\"lazy\" decoding=\"async\" width=\"1024\" height=\"768\" class=\"wp-image-13978\" src=\"https:\/\/xn--judo-lbben-feb.de\/wp-content\/uploads\/2019\/03\/DSC08842--1024x768.jpg\" alt=\"\" data-id=\"13978\" data-link=\"https:\/\/xn--judo-lbben-feb.de\/?attachment_id=13978\" srcset=\"https:\/\/xn--judo-lbben-feb.de\/wp-content\/uploads\/2019\/03\/DSC08842-.jpg 1024w, https:\/\/xn--judo-lbben-feb.de\/wp-content\/uploads\/2019\/03\/DSC08842--300x225.jpg 300w, https:\/\/xn--judo-lbben-feb.de\/wp-content\/uploads\/2019\/03\/DSC08842--768x576.jpg 768w\" sizes=\"auto, (max-width: 1024px) 100vw, 1024px\" \/><\/a><\/figure>\r\n<\/li>\r\n<li class=\"blocks-gallery-item\">\r\n<figure><a href=\"https:\/\/xn--judo-lbben-feb.de\/wp-content\/uploads\/2019\/03\/DSC08843--1024x768.jpg\"><img loading=\"lazy\" decoding=\"async\" width=\"1024\" height=\"768\" class=\"wp-image-13979\" src=\"https:\/\/xn--judo-lbben-feb.de\/wp-content\/uploads\/2019\/03\/DSC08843--1024x768.jpg\" alt=\"\" data-id=\"13979\" data-link=\"https:\/\/xn--judo-lbben-feb.de\/?attachment_id=13979\" srcset=\"https:\/\/xn--judo-lbben-feb.de\/wp-content\/uploads\/2019\/03\/DSC08843-.jpg 1024w, https:\/\/xn--judo-lbben-feb.de\/wp-content\/uploads\/2019\/03\/DSC08843--300x225.jpg 300w, https:\/\/xn--judo-lbben-feb.de\/wp-content\/uploads\/2019\/03\/DSC08843--768x576.jpg 768w\" sizes=\"auto, (max-width: 1024px) 100vw, 1024px\" \/><\/a><\/figure>\r\n<\/li>\r\n<li class=\"blocks-gallery-item\">\r\n<figure><a href=\"https:\/\/xn--judo-lbben-feb.de\/wp-content\/uploads\/2019\/03\/DSC08844--1024x768.jpg\"><img loading=\"lazy\" decoding=\"async\" width=\"1024\" height=\"768\" class=\"wp-image-13980\" src=\"https:\/\/xn--judo-lbben-feb.de\/wp-content\/uploads\/2019\/03\/DSC08844--1024x768.jpg\" alt=\"\" data-id=\"13980\" data-link=\"https:\/\/xn--judo-lbben-feb.de\/?attachment_id=13980\" srcset=\"https:\/\/xn--judo-lbben-feb.de\/wp-content\/uploads\/2019\/03\/DSC08844-.jpg 1024w, https:\/\/xn--judo-lbben-feb.de\/wp-content\/uploads\/2019\/03\/DSC08844--300x225.jpg 300w, https:\/\/xn--judo-lbben-feb.de\/wp-content\/uploads\/2019\/03\/DSC08844--768x576.jpg 768w\" sizes=\"auto, (max-width: 1024px) 100vw, 1024px\" \/><\/a><\/figure>\r\n<\/li>\r\n<li class=\"blocks-gallery-item\">\r\n<figure><a href=\"https:\/\/xn--judo-lbben-feb.de\/wp-content\/uploads\/2019\/03\/DSC08846--1024x768.jpg\"><img loading=\"lazy\" decoding=\"async\" width=\"1024\" height=\"768\" class=\"wp-image-13981\" src=\"https:\/\/xn--judo-lbben-feb.de\/wp-content\/uploads\/2019\/03\/DSC08846--1024x768.jpg\" alt=\"\" data-id=\"13981\" data-link=\"https:\/\/xn--judo-lbben-feb.de\/?attachment_id=13981\" srcset=\"https:\/\/xn--judo-lbben-feb.de\/wp-content\/uploads\/2019\/03\/DSC08846-.jpg 1024w, https:\/\/xn--judo-lbben-feb.de\/wp-content\/uploads\/2019\/03\/DSC08846--300x225.jpg 300w, https:\/\/xn--judo-lbben-feb.de\/wp-content\/uploads\/2019\/03\/DSC08846--768x576.jpg 768w\" sizes=\"auto, (max-width: 1024px) 100vw, 1024px\" \/><\/a><\/figure>\r\n<\/li>\r\n<li class=\"blocks-gallery-item\">\r\n<figure><a href=\"https:\/\/xn--judo-lbben-feb.de\/wp-content\/uploads\/2019\/03\/DSC08847--1024x768.jpg\"><img loading=\"lazy\" decoding=\"async\" width=\"1024\" height=\"768\" class=\"wp-image-13982\" src=\"https:\/\/xn--judo-lbben-feb.de\/wp-content\/uploads\/2019\/03\/DSC08847--1024x768.jpg\" alt=\"\" data-id=\"13982\" data-link=\"https:\/\/xn--judo-lbben-feb.de\/?attachment_id=13982\" srcset=\"https:\/\/xn--judo-lbben-feb.de\/wp-content\/uploads\/2019\/03\/DSC08847-.jpg 1024w, https:\/\/xn--judo-lbben-feb.de\/wp-content\/uploads\/2019\/03\/DSC08847--300x225.jpg 300w, https:\/\/xn--judo-lbben-feb.de\/wp-content\/uploads\/2019\/03\/DSC08847--768x576.jpg 768w\" sizes=\"auto, (max-width: 1024px) 100vw, 1024px\" \/><\/a><\/figure>\r\n<\/li>\r\n<li class=\"blocks-gallery-item\">\r\n<figure><a href=\"https:\/\/xn--judo-lbben-feb.de\/wp-content\/uploads\/2019\/03\/DSC08848--1024x768.jpg\"><img loading=\"lazy\" decoding=\"async\" width=\"1024\" height=\"768\" class=\"wp-image-13983\" src=\"https:\/\/xn--judo-lbben-feb.de\/wp-content\/uploads\/2019\/03\/DSC08848--1024x768.jpg\" alt=\"\" data-id=\"13983\" data-link=\"https:\/\/xn--judo-lbben-feb.de\/?attachment_id=13983\" srcset=\"https:\/\/xn--judo-lbben-feb.de\/wp-content\/uploads\/2019\/03\/DSC08848-.jpg 1024w, https:\/\/xn--judo-lbben-feb.de\/wp-content\/uploads\/2019\/03\/DSC08848--300x225.jpg 300w, https:\/\/xn--judo-lbben-feb.de\/wp-content\/uploads\/2019\/03\/DSC08848--768x576.jpg 768w\" sizes=\"auto, (max-width: 1024px) 100vw, 1024px\" \/><\/a><\/figure>\r\n<\/li>\r\n<li class=\"blocks-gallery-item\">\r\n<figure><a href=\"https:\/\/xn--judo-lbben-feb.de\/wp-content\/uploads\/2019\/03\/DSC08849--1024x768.jpg\"><img loading=\"lazy\" decoding=\"async\" width=\"1024\" height=\"768\" class=\"wp-image-13984\" src=\"https:\/\/xn--judo-lbben-feb.de\/wp-content\/uploads\/2019\/03\/DSC08849--1024x768.jpg\" alt=\"\" data-id=\"13984\" data-link=\"https:\/\/xn--judo-lbben-feb.de\/?attachment_id=13984\" srcset=\"https:\/\/xn--judo-lbben-feb.de\/wp-content\/uploads\/2019\/03\/DSC08849-.jpg 1024w, https:\/\/xn--judo-lbben-feb.de\/wp-content\/uploads\/2019\/03\/DSC08849--300x225.jpg 300w, https:\/\/xn--judo-lbben-feb.de\/wp-content\/uploads\/2019\/03\/DSC08849--768x576.jpg 768w\" sizes=\"auto, (max-width: 1024px) 100vw, 1024px\" \/><\/a><\/figure>\r\n<\/li>\r\n<li class=\"blocks-gallery-item\">\r\n<figure><a href=\"https:\/\/xn--judo-lbben-feb.de\/wp-content\/uploads\/2019\/03\/DSC08850--1024x768.jpg\"><img loading=\"lazy\" decoding=\"async\" width=\"1024\" height=\"768\" class=\"wp-image-13985\" src=\"https:\/\/xn--judo-lbben-feb.de\/wp-content\/uploads\/2019\/03\/DSC08850--1024x768.jpg\" alt=\"\" data-id=\"13985\" data-link=\"https:\/\/xn--judo-lbben-feb.de\/?attachment_id=13985\" srcset=\"https:\/\/xn--judo-lbben-feb.de\/wp-content\/uploads\/2019\/03\/DSC08850-.jpg 1024w, https:\/\/xn--judo-lbben-feb.de\/wp-content\/uploads\/2019\/03\/DSC08850--300x225.jpg 300w, https:\/\/xn--judo-lbben-feb.de\/wp-content\/uploads\/2019\/03\/DSC08850--768x576.jpg 768w\" sizes=\"auto, (max-width: 1024px) 100vw, 1024px\" \/><\/a><\/figure>\r\n<\/li>\r\n<li class=\"blocks-gallery-item\">\r\n<figure><a href=\"https:\/\/xn--judo-lbben-feb.de\/wp-content\/uploads\/2019\/03\/DSC08851--1024x768.jpg\"><img loading=\"lazy\" decoding=\"async\" width=\"1024\" height=\"768\" class=\"wp-image-13986\" src=\"https:\/\/xn--judo-lbben-feb.de\/wp-content\/uploads\/2019\/03\/DSC08851--1024x768.jpg\" alt=\"\" data-id=\"13986\" data-link=\"https:\/\/xn--judo-lbben-feb.de\/?attachment_id=13986\" srcset=\"https:\/\/xn--judo-lbben-feb.de\/wp-content\/uploads\/2019\/03\/DSC08851-.jpg 1024w, https:\/\/xn--judo-lbben-feb.de\/wp-content\/uploads\/2019\/03\/DSC08851--300x225.jpg 300w, https:\/\/xn--judo-lbben-feb.de\/wp-content\/uploads\/2019\/03\/DSC08851--768x576.jpg 768w\" sizes=\"auto, (max-width: 1024px) 100vw, 1024px\" \/><\/a><\/figure>\r\n<\/li>\r\n<li class=\"blocks-gallery-item\">\r\n<figure><a href=\"https:\/\/xn--judo-lbben-feb.de\/wp-content\/uploads\/2019\/03\/DSC08852--1024x768.jpg\"><img loading=\"lazy\" decoding=\"async\" width=\"1024\" height=\"768\" class=\"wp-image-13987\" src=\"https:\/\/xn--judo-lbben-feb.de\/wp-content\/uploads\/2019\/03\/DSC08852--1024x768.jpg\" alt=\"\" data-id=\"13987\" data-link=\"https:\/\/xn--judo-lbben-feb.de\/?attachment_id=13987\" srcset=\"https:\/\/xn--judo-lbben-feb.de\/wp-content\/uploads\/2019\/03\/DSC08852-.jpg 1024w, https:\/\/xn--judo-lbben-feb.de\/wp-content\/uploads\/2019\/03\/DSC08852--300x225.jpg 300w, https:\/\/xn--judo-lbben-feb.de\/wp-content\/uploads\/2019\/03\/DSC08852--768x576.jpg 768w\" sizes=\"auto, (max-width: 1024px) 100vw, 1024px\" \/><\/a><\/figure>\r\n<\/li>\r\n<li class=\"blocks-gallery-item\">\r\n<figure><a href=\"https:\/\/xn--judo-lbben-feb.de\/wp-content\/uploads\/2019\/03\/DSC08853--1024x768.jpg\"><img loading=\"lazy\" decoding=\"async\" width=\"1024\" height=\"768\" class=\"wp-image-13988\" src=\"https:\/\/xn--judo-lbben-feb.de\/wp-content\/uploads\/2019\/03\/DSC08853--1024x768.jpg\" alt=\"\" data-id=\"13988\" data-link=\"https:\/\/xn--judo-lbben-feb.de\/?attachment_id=13988\" srcset=\"https:\/\/xn--judo-lbben-feb.de\/wp-content\/uploads\/2019\/03\/DSC08853-.jpg 1024w, https:\/\/xn--judo-lbben-feb.de\/wp-content\/uploads\/2019\/03\/DSC08853--300x225.jpg 300w, https:\/\/xn--judo-lbben-feb.de\/wp-content\/uploads\/2019\/03\/DSC08853--768x576.jpg 768w\" sizes=\"auto, (max-width: 1024px) 100vw, 1024px\" \/><\/a><\/figure>\r\n<\/li>\r\n<li class=\"blocks-gallery-item\">\r\n<figure><a href=\"https:\/\/xn--judo-lbben-feb.de\/wp-content\/uploads\/2019\/03\/DSC08854--1024x768.jpg\"><img loading=\"lazy\" decoding=\"async\" width=\"1024\" height=\"768\" class=\"wp-image-13989\" src=\"https:\/\/xn--judo-lbben-feb.de\/wp-content\/uploads\/2019\/03\/DSC08854--1024x768.jpg\" alt=\"\" data-id=\"13989\" data-link=\"https:\/\/xn--judo-lbben-feb.de\/?attachment_id=13989\" srcset=\"https:\/\/xn--judo-lbben-feb.de\/wp-content\/uploads\/2019\/03\/DSC08854-.jpg 1024w, https:\/\/xn--judo-lbben-feb.de\/wp-content\/uploads\/2019\/03\/DSC08854--300x225.jpg 300w, https:\/\/xn--judo-lbben-feb.de\/wp-content\/uploads\/2019\/03\/DSC08854--768x576.jpg 768w\" sizes=\"auto, (max-width: 1024px) 100vw, 1024px\" \/><\/a><\/figure>\r\n<\/li>\r\n<li class=\"blocks-gallery-item\">\r\n<figure><a href=\"https:\/\/xn--judo-lbben-feb.de\/wp-content\/uploads\/2019\/03\/DSC08855--1024x768.jpg\"><img loading=\"lazy\" decoding=\"async\" width=\"1024\" height=\"768\" class=\"wp-image-13990\" src=\"https:\/\/xn--judo-lbben-feb.de\/wp-content\/uploads\/2019\/03\/DSC08855--1024x768.jpg\" alt=\"\" data-id=\"13990\" data-link=\"https:\/\/xn--judo-lbben-feb.de\/?attachment_id=13990\" srcset=\"https:\/\/xn--judo-lbben-feb.de\/wp-content\/uploads\/2019\/03\/DSC08855-.jpg 1024w, https:\/\/xn--judo-lbben-feb.de\/wp-content\/uploads\/2019\/03\/DSC08855--300x225.jpg 300w, https:\/\/xn--judo-lbben-feb.de\/wp-content\/uploads\/2019\/03\/DSC08855--768x576.jpg 768w\" sizes=\"auto, (max-width: 1024px) 100vw, 1024px\" \/><\/a><\/figure>\r\n<\/li>\r\n<li class=\"blocks-gallery-item\">\r\n<figure><a href=\"https:\/\/xn--judo-lbben-feb.de\/wp-content\/uploads\/2019\/03\/DSC08856--1024x768.jpg\"><img loading=\"lazy\" decoding=\"async\" width=\"1024\" height=\"768\" class=\"wp-image-13991\" src=\"https:\/\/xn--judo-lbben-feb.de\/wp-content\/uploads\/2019\/03\/DSC08856--1024x768.jpg\" alt=\"\" data-id=\"13991\" data-link=\"https:\/\/xn--judo-lbben-feb.de\/?attachment_id=13991\" srcset=\"https:\/\/xn--judo-lbben-feb.de\/wp-content\/uploads\/2019\/03\/DSC08856-.jpg 1024w, https:\/\/xn--judo-lbben-feb.de\/wp-content\/uploads\/2019\/03\/DSC08856--300x225.jpg 300w, https:\/\/xn--judo-lbben-feb.de\/wp-content\/uploads\/2019\/03\/DSC08856--768x576.jpg 768w\" sizes=\"auto, (max-width: 1024px) 100vw, 1024px\" \/><\/a><\/figure>\r\n<\/li>\r\n<li class=\"blocks-gallery-item\">\r\n<figure><a href=\"https:\/\/xn--judo-lbben-feb.de\/wp-content\/uploads\/2019\/03\/DSC08857--1024x768.jpg\"><img loading=\"lazy\" decoding=\"async\" width=\"1024\" height=\"768\" class=\"wp-image-13992\" src=\"https:\/\/xn--judo-lbben-feb.de\/wp-content\/uploads\/2019\/03\/DSC08857--1024x768.jpg\" alt=\"\" data-id=\"13992\" data-link=\"https:\/\/xn--judo-lbben-feb.de\/?attachment_id=13992\" srcset=\"https:\/\/xn--judo-lbben-feb.de\/wp-content\/uploads\/2019\/03\/DSC08857-.jpg 1024w, https:\/\/xn--judo-lbben-feb.de\/wp-content\/uploads\/2019\/03\/DSC08857--300x225.jpg 300w, https:\/\/xn--judo-lbben-feb.de\/wp-content\/uploads\/2019\/03\/DSC08857--768x576.jpg 768w\" sizes=\"auto, (max-width: 1024px) 100vw, 1024px\" \/><\/a><\/figure>\r\n<\/li>\r\n<li class=\"blocks-gallery-item\">\r\n<figure><a href=\"https:\/\/xn--judo-lbben-feb.de\/wp-content\/uploads\/2019\/03\/DSC08858--1024x768.jpg\"><img loading=\"lazy\" decoding=\"async\" width=\"1024\" height=\"768\" class=\"wp-image-13993\" src=\"https:\/\/xn--judo-lbben-feb.de\/wp-content\/uploads\/2019\/03\/DSC08858--1024x768.jpg\" alt=\"\" data-id=\"13993\" data-link=\"https:\/\/xn--judo-lbben-feb.de\/?attachment_id=13993\" srcset=\"https:\/\/xn--judo-lbben-feb.de\/wp-content\/uploads\/2019\/03\/DSC08858-.jpg 1024w, https:\/\/xn--judo-lbben-feb.de\/wp-content\/uploads\/2019\/03\/DSC08858--300x225.jpg 300w, https:\/\/xn--judo-lbben-feb.de\/wp-content\/uploads\/2019\/03\/DSC08858--768x576.jpg 768w\" sizes=\"auto, (max-width: 1024px) 100vw, 1024px\" \/><\/a><\/figure>\r\n<\/li>\r\n<li class=\"blocks-gallery-item\">\r\n<figure><a href=\"https:\/\/xn--judo-lbben-feb.de\/wp-content\/uploads\/2019\/03\/DSC08859--1024x768.jpg\"><img loading=\"lazy\" decoding=\"async\" width=\"1024\" height=\"768\" class=\"wp-image-13994\" src=\"https:\/\/xn--judo-lbben-feb.de\/wp-content\/uploads\/2019\/03\/DSC08859--1024x768.jpg\" alt=\"\" data-id=\"13994\" data-link=\"https:\/\/xn--judo-lbben-feb.de\/?attachment_id=13994\" srcset=\"https:\/\/xn--judo-lbben-feb.de\/wp-content\/uploads\/2019\/03\/DSC08859-.jpg 1024w, https:\/\/xn--judo-lbben-feb.de\/wp-content\/uploads\/2019\/03\/DSC08859--300x225.jpg 300w, https:\/\/xn--judo-lbben-feb.de\/wp-content\/uploads\/2019\/03\/DSC08859--768x576.jpg 768w\" sizes=\"auto, (max-width: 1024px) 100vw, 1024px\" \/><\/a><\/figure>\r\n<\/li>\r\n<li class=\"blocks-gallery-item\">\r\n<figure><a href=\"https:\/\/xn--judo-lbben-feb.de\/wp-content\/uploads\/2019\/03\/DSC08861--1024x768.jpg\"><img loading=\"lazy\" decoding=\"async\" width=\"1024\" height=\"768\" class=\"wp-image-13995\" src=\"https:\/\/xn--judo-lbben-feb.de\/wp-content\/uploads\/2019\/03\/DSC08861--1024x768.jpg\" alt=\"\" data-id=\"13995\" data-link=\"https:\/\/xn--judo-lbben-feb.de\/?attachment_id=13995\" srcset=\"https:\/\/xn--judo-lbben-feb.de\/wp-content\/uploads\/2019\/03\/DSC08861-.jpg 1024w, https:\/\/xn--judo-lbben-feb.de\/wp-content\/uploads\/2019\/03\/DSC08861--300x225.jpg 300w, https:\/\/xn--judo-lbben-feb.de\/wp-content\/uploads\/2019\/03\/DSC08861--768x576.jpg 768w\" sizes=\"auto, (max-width: 1024px) 100vw, 1024px\" \/><\/a><\/figure>\r\n<\/li>\r\n<li class=\"blocks-gallery-item\">\r\n<figure><a href=\"https:\/\/xn--judo-lbben-feb.de\/wp-content\/uploads\/2019\/03\/DSC08862--1024x768.jpg\"><img loading=\"lazy\" decoding=\"async\" width=\"1024\" height=\"768\" class=\"wp-image-13996\" src=\"https:\/\/xn--judo-lbben-feb.de\/wp-content\/uploads\/2019\/03\/DSC08862--1024x768.jpg\" alt=\"\" data-id=\"13996\" data-link=\"https:\/\/xn--judo-lbben-feb.de\/?attachment_id=13996\" srcset=\"https:\/\/xn--judo-lbben-feb.de\/wp-content\/uploads\/2019\/03\/DSC08862-.jpg 1024w, https:\/\/xn--judo-lbben-feb.de\/wp-content\/uploads\/2019\/03\/DSC08862--300x225.jpg 300w, https:\/\/xn--judo-lbben-feb.de\/wp-content\/uploads\/2019\/03\/DSC08862--768x576.jpg 768w\" sizes=\"auto, (max-width: 1024px) 100vw, 1024px\" \/><\/a><\/figure>\r\n<\/li>\r\n<li class=\"blocks-gallery-item\">\r\n<figure><a href=\"https:\/\/xn--judo-lbben-feb.de\/wp-content\/uploads\/2019\/03\/DSC08863--1024x768.jpg\"><img loading=\"lazy\" decoding=\"async\" width=\"1024\" height=\"768\" class=\"wp-image-13997\" src=\"https:\/\/xn--judo-lbben-feb.de\/wp-content\/uploads\/2019\/03\/DSC08863--1024x768.jpg\" alt=\"\" data-id=\"13997\" data-link=\"https:\/\/xn--judo-lbben-feb.de\/?attachment_id=13997\" srcset=\"https:\/\/xn--judo-lbben-feb.de\/wp-content\/uploads\/2019\/03\/DSC08863-.jpg 1024w, https:\/\/xn--judo-lbben-feb.de\/wp-content\/uploads\/2019\/03\/DSC08863--300x225.jpg 300w, https:\/\/xn--judo-lbben-feb.de\/wp-content\/uploads\/2019\/03\/DSC08863--768x576.jpg 768w\" sizes=\"auto, (max-width: 1024px) 100vw, 1024px\" \/><\/a><\/figure>\r\n<\/li>\r\n<li class=\"blocks-gallery-item\">\r\n<figure><a href=\"https:\/\/xn--judo-lbben-feb.de\/wp-content\/uploads\/2019\/03\/DSC08864--1024x768.jpg\"><img loading=\"lazy\" decoding=\"async\" width=\"1024\" height=\"768\" class=\"wp-image-13998\" src=\"https:\/\/xn--judo-lbben-feb.de\/wp-content\/uploads\/2019\/03\/DSC08864--1024x768.jpg\" alt=\"\" data-id=\"13998\" data-link=\"https:\/\/xn--judo-lbben-feb.de\/?attachment_id=13998\" srcset=\"https:\/\/xn--judo-lbben-feb.de\/wp-content\/uploads\/2019\/03\/DSC08864-.jpg 1024w, https:\/\/xn--judo-lbben-feb.de\/wp-content\/uploads\/2019\/03\/DSC08864--300x225.jpg 300w, https:\/\/xn--judo-lbben-feb.de\/wp-content\/uploads\/2019\/03\/DSC08864--768x576.jpg 768w\" sizes=\"auto, (max-width: 1024px) 100vw, 1024px\" \/><\/a><\/figure>\r\n<\/li>\r\n<li class=\"blocks-gallery-item\">\r\n<figure><a href=\"https:\/\/xn--judo-lbben-feb.de\/wp-content\/uploads\/2019\/03\/DSC08865--1024x768.jpg\"><img loading=\"lazy\" decoding=\"async\" width=\"1024\" height=\"768\" class=\"wp-image-13999\" src=\"https:\/\/xn--judo-lbben-feb.de\/wp-content\/uploads\/2019\/03\/DSC08865--1024x768.jpg\" alt=\"\" data-id=\"13999\" data-link=\"https:\/\/xn--judo-lbben-feb.de\/?attachment_id=13999\" srcset=\"https:\/\/xn--judo-lbben-feb.de\/wp-content\/uploads\/2019\/03\/DSC08865-.jpg 1024w, https:\/\/xn--judo-lbben-feb.de\/wp-content\/uploads\/2019\/03\/DSC08865--300x225.jpg 300w, https:\/\/xn--judo-lbben-feb.de\/wp-content\/uploads\/2019\/03\/DSC08865--768x576.jpg 768w\" sizes=\"auto, (max-width: 1024px) 100vw, 1024px\" \/><\/a><\/figure>\r\n<\/li>\r\n<li class=\"blocks-gallery-item\">\r\n<figure><a href=\"https:\/\/xn--judo-lbben-feb.de\/wp-content\/uploads\/2019\/03\/DSC08866--1024x768.jpg\"><img loading=\"lazy\" decoding=\"async\" width=\"1024\" height=\"768\" class=\"wp-image-14000\" src=\"https:\/\/xn--judo-lbben-feb.de\/wp-content\/uploads\/2019\/03\/DSC08866--1024x768.jpg\" alt=\"\" data-id=\"14000\" data-link=\"https:\/\/xn--judo-lbben-feb.de\/?attachment_id=14000\" srcset=\"https:\/\/xn--judo-lbben-feb.de\/wp-content\/uploads\/2019\/03\/DSC08866-.jpg 1024w, https:\/\/xn--judo-lbben-feb.de\/wp-content\/uploads\/2019\/03\/DSC08866--300x225.jpg 300w, https:\/\/xn--judo-lbben-feb.de\/wp-content\/uploads\/2019\/03\/DSC08866--768x576.jpg 768w\" sizes=\"auto, (max-width: 1024px) 100vw, 1024px\" \/><\/a><\/figure>\r\n<\/li>\r\n<li class=\"blocks-gallery-item\">\r\n<figure><a href=\"https:\/\/xn--judo-lbben-feb.de\/wp-content\/uploads\/2019\/03\/DSC08869--1024x768.jpg\"><img loading=\"lazy\" decoding=\"async\" width=\"1024\" height=\"768\" class=\"wp-image-14001\" src=\"https:\/\/xn--judo-lbben-feb.de\/wp-content\/uploads\/2019\/03\/DSC08869--1024x768.jpg\" alt=\"\" data-id=\"14001\" data-link=\"https:\/\/xn--judo-lbben-feb.de\/?attachment_id=14001\" srcset=\"https:\/\/xn--judo-lbben-feb.de\/wp-content\/uploads\/2019\/03\/DSC08869-.jpg 1024w, https:\/\/xn--judo-lbben-feb.de\/wp-content\/uploads\/2019\/03\/DSC08869--300x225.jpg 300w, https:\/\/xn--judo-lbben-feb.de\/wp-content\/uploads\/2019\/03\/DSC08869--768x576.jpg 768w\" sizes=\"auto, (max-width: 1024px) 100vw, 1024px\" \/><\/a><\/figure>\r\n<\/li>\r\n<li class=\"blocks-gallery-item\">\r\n<figure><a href=\"https:\/\/xn--judo-lbben-feb.de\/wp-content\/uploads\/2019\/03\/DSC08870--1024x768.jpg\"><img loading=\"lazy\" decoding=\"async\" width=\"1024\" height=\"768\" class=\"wp-image-14002\" src=\"https:\/\/xn--judo-lbben-feb.de\/wp-content\/uploads\/2019\/03\/DSC08870--1024x768.jpg\" alt=\"\" data-id=\"14002\" data-link=\"https:\/\/xn--judo-lbben-feb.de\/?attachment_id=14002\" srcset=\"https:\/\/xn--judo-lbben-feb.de\/wp-content\/uploads\/2019\/03\/DSC08870-.jpg 1024w, https:\/\/xn--judo-lbben-feb.de\/wp-content\/uploads\/2019\/03\/DSC08870--300x225.jpg 300w, https:\/\/xn--judo-lbben-feb.de\/wp-content\/uploads\/2019\/03\/DSC08870--768x576.jpg 768w\" sizes=\"auto, (max-width: 1024px) 100vw, 1024px\" \/><\/a><\/figure>\r\n<\/li>\r\n<li class=\"blocks-gallery-item\">\r\n<figure><a href=\"https:\/\/xn--judo-lbben-feb.de\/wp-content\/uploads\/2019\/03\/DSC08871--1024x768.jpg\"><img loading=\"lazy\" decoding=\"async\" width=\"1024\" height=\"768\" class=\"wp-image-14003\" src=\"https:\/\/xn--judo-lbben-feb.de\/wp-content\/uploads\/2019\/03\/DSC08871--1024x768.jpg\" alt=\"\" data-id=\"14003\" data-link=\"https:\/\/xn--judo-lbben-feb.de\/?attachment_id=14003\" srcset=\"https:\/\/xn--judo-lbben-feb.de\/wp-content\/uploads\/2019\/03\/DSC08871-.jpg 1024w, https:\/\/xn--judo-lbben-feb.de\/wp-content\/uploads\/2019\/03\/DSC08871--300x225.jpg 300w, https:\/\/xn--judo-lbben-feb.de\/wp-content\/uploads\/2019\/03\/DSC08871--768x576.jpg 768w\" sizes=\"auto, (max-width: 1024px) 100vw, 1024px\" \/><\/a><\/figure>\r\n<\/li>\r\n<li class=\"blocks-gallery-item\">\r\n<figure><a href=\"https:\/\/xn--judo-lbben-feb.de\/wp-content\/uploads\/2019\/03\/DSC08873--1024x768.jpg\"><img loading=\"lazy\" decoding=\"async\" width=\"1024\" height=\"768\" class=\"wp-image-14004\" src=\"https:\/\/xn--judo-lbben-feb.de\/wp-content\/uploads\/2019\/03\/DSC08873--1024x768.jpg\" alt=\"\" data-id=\"14004\" data-link=\"https:\/\/xn--judo-lbben-feb.de\/?attachment_id=14004\" srcset=\"https:\/\/xn--judo-lbben-feb.de\/wp-content\/uploads\/2019\/03\/DSC08873-.jpg 1024w, https:\/\/xn--judo-lbben-feb.de\/wp-content\/uploads\/2019\/03\/DSC08873--300x225.jpg 300w, https:\/\/xn--judo-lbben-feb.de\/wp-content\/uploads\/2019\/03\/DSC08873--768x576.jpg 768w\" sizes=\"auto, (max-width: 1024px) 100vw, 1024px\" \/><\/a><\/figure>\r\n<\/li>\r\n<li class=\"blocks-gallery-item\">\r\n<figure><a href=\"https:\/\/xn--judo-lbben-feb.de\/wp-content\/uploads\/2019\/03\/DSC08874--1024x768.jpg\"><img loading=\"lazy\" decoding=\"async\" width=\"1024\" height=\"768\" class=\"wp-image-14005\" src=\"https:\/\/xn--judo-lbben-feb.de\/wp-content\/uploads\/2019\/03\/DSC08874--1024x768.jpg\" alt=\"\" data-id=\"14005\" data-link=\"https:\/\/xn--judo-lbben-feb.de\/?attachment_id=14005\" srcset=\"https:\/\/xn--judo-lbben-feb.de\/wp-content\/uploads\/2019\/03\/DSC08874-.jpg 1024w, https:\/\/xn--judo-lbben-feb.de\/wp-content\/uploads\/2019\/03\/DSC08874--300x225.jpg 300w, https:\/\/xn--judo-lbben-feb.de\/wp-content\/uploads\/2019\/03\/DSC08874--768x576.jpg 768w\" sizes=\"auto, (max-width: 1024px) 100vw, 1024px\" \/><\/a><\/figure>\r\n<\/li>\r\n<li class=\"blocks-gallery-item\">\r\n<figure><a href=\"https:\/\/xn--judo-lbben-feb.de\/wp-content\/uploads\/2019\/03\/DSC08876--1024x768.jpg\"><img loading=\"lazy\" decoding=\"async\" width=\"1024\" height=\"768\" class=\"wp-image-14006\" src=\"https:\/\/xn--judo-lbben-feb.de\/wp-content\/uploads\/2019\/03\/DSC08876--1024x768.jpg\" alt=\"\" data-id=\"14006\" data-link=\"https:\/\/xn--judo-lbben-feb.de\/?attachment_id=14006\" srcset=\"https:\/\/xn--judo-lbben-feb.de\/wp-content\/uploads\/2019\/03\/DSC08876-.jpg 1024w, https:\/\/xn--judo-lbben-feb.de\/wp-content\/uploads\/2019\/03\/DSC08876--300x225.jpg 300w, https:\/\/xn--judo-lbben-feb.de\/wp-content\/uploads\/2019\/03\/DSC08876--768x576.jpg 768w\" sizes=\"auto, (max-width: 1024px) 100vw, 1024px\" \/><\/a><\/figure>\r\n<\/li>\r\n<li class=\"blocks-gallery-item\">\r\n<figure><a href=\"https:\/\/xn--judo-lbben-feb.de\/wp-content\/uploads\/2019\/03\/DSC08879--1024x768.jpg\"><img loading=\"lazy\" decoding=\"async\" width=\"1024\" height=\"768\" class=\"wp-image-14007\" src=\"https:\/\/xn--judo-lbben-feb.de\/wp-content\/uploads\/2019\/03\/DSC08879--1024x768.jpg\" alt=\"\" data-id=\"14007\" data-link=\"https:\/\/xn--judo-lbben-feb.de\/?attachment_id=14007\" srcset=\"https:\/\/xn--judo-lbben-feb.de\/wp-content\/uploads\/2019\/03\/DSC08879-.jpg 1024w, https:\/\/xn--judo-lbben-feb.de\/wp-content\/uploads\/2019\/03\/DSC08879--300x225.jpg 300w, https:\/\/xn--judo-lbben-feb.de\/wp-content\/uploads\/2019\/03\/DSC08879--768x576.jpg 768w\" sizes=\"auto, (max-width: 1024px) 100vw, 1024px\" \/><\/a><\/figure>\r\n<\/li>\r\n<li class=\"blocks-gallery-item\">\r\n<figure><a href=\"https:\/\/xn--judo-lbben-feb.de\/wp-content\/uploads\/2019\/03\/DSC08880--1024x768.jpg\"><img loading=\"lazy\" decoding=\"async\" width=\"1024\" height=\"768\" class=\"wp-image-14008\" src=\"https:\/\/xn--judo-lbben-feb.de\/wp-content\/uploads\/2019\/03\/DSC08880--1024x768.jpg\" alt=\"\" data-id=\"14008\" data-link=\"https:\/\/xn--judo-lbben-feb.de\/?attachment_id=14008\" srcset=\"https:\/\/xn--judo-lbben-feb.de\/wp-content\/uploads\/2019\/03\/DSC08880-.jpg 1024w, https:\/\/xn--judo-lbben-feb.de\/wp-content\/uploads\/2019\/03\/DSC08880--300x225.jpg 300w, https:\/\/xn--judo-lbben-feb.de\/wp-content\/uploads\/2019\/03\/DSC08880--768x576.jpg 768w\" sizes=\"auto, (max-width: 1024px) 100vw, 1024px\" \/><\/a><\/figure>\r\n<\/li>\r\n<li class=\"blocks-gallery-item\">\r\n<figure><a href=\"https:\/\/xn--judo-lbben-feb.de\/wp-content\/uploads\/2019\/03\/DSC08881--1024x768.jpg\"><img loading=\"lazy\" decoding=\"async\" width=\"1024\" height=\"768\" class=\"wp-image-14009\" src=\"https:\/\/xn--judo-lbben-feb.de\/wp-content\/uploads\/2019\/03\/DSC08881--1024x768.jpg\" alt=\"\" data-id=\"14009\" data-link=\"https:\/\/xn--judo-lbben-feb.de\/?attachment_id=14009\" srcset=\"https:\/\/xn--judo-lbben-feb.de\/wp-content\/uploads\/2019\/03\/DSC08881-.jpg 1024w, https:\/\/xn--judo-lbben-feb.de\/wp-content\/uploads\/2019\/03\/DSC08881--300x225.jpg 300w, https:\/\/xn--judo-lbben-feb.de\/wp-content\/uploads\/2019\/03\/DSC08881--768x576.jpg 768w\" sizes=\"auto, (max-width: 1024px) 100vw, 1024px\" \/><\/a><\/figure>\r\n<\/li>\r\n<li class=\"blocks-gallery-item\">\r\n<figure><a href=\"https:\/\/xn--judo-lbben-feb.de\/wp-content\/uploads\/2019\/03\/IMG_4214--1024x768.jpg\"><img loading=\"lazy\" decoding=\"async\" width=\"1024\" height=\"768\" class=\"wp-image-14012\" src=\"https:\/\/xn--judo-lbben-feb.de\/wp-content\/uploads\/2019\/03\/IMG_4214--1024x768.jpg\" alt=\"\" data-id=\"14012\" data-link=\"https:\/\/xn--judo-lbben-feb.de\/?attachment_id=14012\" srcset=\"https:\/\/xn--judo-lbben-feb.de\/wp-content\/uploads\/2019\/03\/IMG_4214-.jpg 1024w, https:\/\/xn--judo-lbben-feb.de\/wp-content\/uploads\/2019\/03\/IMG_4214--300x225.jpg 300w, https:\/\/xn--judo-lbben-feb.de\/wp-content\/uploads\/2019\/03\/IMG_4214--768x576.jpg 768w\" sizes=\"auto, (max-width: 1024px) 100vw, 1024px\" \/><\/a><\/figure>\r\n<\/li>\r\n<li class=\"blocks-gallery-item\">\r\n<figure><a href=\"https:\/\/xn--judo-lbben-feb.de\/wp-content\/uploads\/2019\/03\/IMG_4217--1024x768.jpg\"><img loading=\"lazy\" decoding=\"async\" width=\"1024\" height=\"768\" class=\"wp-image-14013\" src=\"https:\/\/xn--judo-lbben-feb.de\/wp-content\/uploads\/2019\/03\/IMG_4217--1024x768.jpg\" alt=\"\" data-id=\"14013\" data-link=\"https:\/\/xn--judo-lbben-feb.de\/?attachment_id=14013\" srcset=\"https:\/\/xn--judo-lbben-feb.de\/wp-content\/uploads\/2019\/03\/IMG_4217-.jpg 1024w, https:\/\/xn--judo-lbben-feb.de\/wp-content\/uploads\/2019\/03\/IMG_4217--300x225.jpg 300w, https:\/\/xn--judo-lbben-feb.de\/wp-content\/uploads\/2019\/03\/IMG_4217--768x576.jpg 768w\" sizes=\"auto, (max-width: 1024px) 100vw, 1024px\" \/><\/a><\/figure>\r\n<\/li>\r\n<\/ul>\r\n\r\n\r\n\r\n<div class=\"wp-block-file\"><a href=\"https:\/\/xn--judo-lbben-feb.de\/wp-content\/uploads\/2019\/01\/Ausschreibung-Sa.-Spreewaldpokal-L\u00fcbben-2019.pdf\">Ausschreibung Sa. Spreewaldpokal L\u00fcbben 2019<\/a><a class=\"wp-block-file__button\" href=\"https:\/\/xn--judo-lbben-feb.de\/wp-content\/uploads\/2019\/01\/Ausschreibung-Sa.-Spreewaldpokal-L\u00fcbben-2019.pdf\" download=\"\">Herunterladen<\/a><\/div>\r\n\r\n\r\n\r\n<div class=\"wp-block-file\"><a href=\"https:\/\/xn--judo-lbben-feb.de\/wp-content\/uploads\/2019\/01\/Ausschreibung-So.-Spreewaldpokal-L\u00fcbben-2019.pdf\">Ausschreibung So. Spreewaldpokal L\u00fcbben 2019<\/a><a class=\"wp-block-file__button\" href=\"https:\/\/xn--judo-lbben-feb.de\/wp-content\/uploads\/2019\/01\/Ausschreibung-So.-Spreewaldpokal-L\u00fcbben-2019.pdf\" download=\"\">Herunterladen<\/a><\/div>\r\n","protected":false},"excerpt":{"rendered":"<p>Die Vorbereitungen laufen f\u00fcr unseren diesj\u00e4hrigen Spreewaldpokal. In K\u00fcrze gibt hier weitere Informationen. 15.03.2019: Die Vorbereitungen laufen, damit es wieder ein sch\u00f6nes Turnier wird. 16.03.2019: Der erste Turniertag steht an, bereits am fr\u00fchen Morgen sind die ersten Trainer und Helfer in der Halle. Ab 08:30 Uhr beginnt das Wiegen, hier ist schon zu merken, dass [&hellip;]<\/p>\n","protected":false},"author":1,"featured_media":0,"parent":0,"menu_order":6,"comment_status":"closed","ping_status":"closed","template":"","meta":{"_et_pb_use_builder":"","_et_pb_old_content":"","_et_gb_content_width":"","footnotes":""},"class_list":["post-13688","page","type-page","status-publish","hentry"],"_links":{"self":[{"href":"https:\/\/xn--judo-lbben-feb.de\/index.php?rest_route=\/wp\/v2\/pages\/13688","targetHints":{"allow":["GET"]}}],"collection":[{"href":"https:\/\/xn--judo-lbben-feb.de\/index.php?rest_route=\/wp\/v2\/pages"}],"about":[{"href":"https:\/\/xn--judo-lbben-feb.de\/index.php?rest_route=\/wp\/v2\/types\/page"}],"author":[{"embeddable":true,"href":"https:\/\/xn--judo-lbben-feb.de\/index.php?rest_route=\/wp\/v2\/users\/1"}],"replies":[{"embeddable":true,"href":"https:\/\/xn--judo-lbben-feb.de\/index.php?rest_route=%2Fwp%2Fv2%2Fcomments&post=13688"}],"version-history":[{"count":13,"href":"https:\/\/xn--judo-lbben-feb.de\/index.php?rest_route=\/wp\/v2\/pages\/13688\/revisions"}],"predecessor-version":[{"id":16778,"href":"https:\/\/xn--judo-lbben-feb.de\/index.php?rest_route=\/wp\/v2\/pages\/13688\/revisions\/16778"}],"wp:attachment":[{"href":"https:\/\/xn--judo-lbben-feb.de\/index.php?rest_route=%2Fwp%2Fv2%2Fmedia&parent=13688"}],"curies":[{"name":"wp","href":"https:\/\/api.w.org\/{rel}","templated":true}]}}